{"id":9967,"date":"2021-11-03T10:34:36","date_gmt":"2021-11-03T09:34:36","guid":{"rendered":"https:\/\/telemme.mmsh.fr\/?post_type=tribe_events&#038;p=9967"},"modified":"2021-11-03T16:09:55","modified_gmt":"2021-11-03T15:09:55","slug":"une-langue-berbere-realite-linguistique-fiction-sociolinguistique","status":"publish","type":"tribe_events","link":"https:\/\/telemme.mmsh.fr\/?tribe_events=une-langue-berbere-realite-linguistique-fiction-sociolinguistique","title":{"rendered":"Une langue berb\u00e8re : r\u00e9alit\u00e9 linguistique, fiction sociolinguistique ?"},"content":{"rendered":"<h3>Deuxi\u00e8me s\u00e9ance du s\u00e9minaire <em>Maghreb Amazigh<\/em><\/h3>\n<p><strong>S\u00e9minaire interlaboratoire SoMuM<\/strong><br class=\"manualbr\" \/><strong>Coordinatrices du projet\u00a0:<\/strong> <a href=\"https:\/\/telemme.mmsh.fr\/?membres=karima-direche\">Karima Dir\u00e8che<\/a> (TELEMMe), <a href=\"https:\/\/www.iremam.cnrs.fr\/fr\/assam-malika\">Malika Assam<\/a> (IREMAM), <a class=\"spip_out\" href=\"https:\/\/lames.cnrs.fr\/spip.php?article1763\" rel=\"external\">Aude Signoles<\/a> (Mesopolhis)<\/p>\n<p>Maghreb Amazigh aborde un espace maghr\u00e9bin en mutation et en mouvement au prisme du paradigme berb\u00e8re et par une r\u00e9flexion critique de l\u2019\u00e9tat des savoirs dans le champ des \u00e9tudes berb\u00e8res. Ce champ complexe conna\u00eet un profond renouvellement\u00a0; au-del\u00e0 de la linguistique et de l\u2019ethnologie, il s\u2019ouvre lentement \u00e0 d\u2019autres disciplines (histoire, anthropologie, \u00e9conomie, sciences politiques\u2026) et th\u00e9matiques (mobilisations collectives\u00a0; citoyennet\u00e9s locales\u00a0; gestion des ressources et environnement\u00a0; questions identitaires\u00a0; patrimoines mat\u00e9riels et immat\u00e9riels\u2026).<\/p>\n<p><a href=\"https:\/\/telemme.mmsh.fr\/?evenement=une-langue-berbere-realite-linguistique-fiction-sociolinguistique\"><strong>Plus d&rsquo;information<\/strong><\/a><\/p>\n<p>&nbsp;<\/p>\n","protected":false},"excerpt":{"rendered":"<p>Deuxi\u00e8me s\u00e9ance du s\u00e9minaire Maghreb Amazigh S\u00e9minaire interlaboratoire SoMuMCoordinatrices du projet\u00a0: Karima Dir\u00e8che (TELEMMe), Malika Assam (IREMAM), Aude Signoles (Mesopolhis) Maghreb Amazigh aborde un espace maghr\u00e9bin en mutation et en&hellip;&nbsp;<a href=\"https:\/\/telemme.mmsh.fr\/?tribe_events=une-langue-berbere-realite-linguistique-fiction-sociolinguistique\" rel=\"bookmark\">Lire la suite &raquo;<span class=\"screen-reader-text\">Une langue berb\u00e8re : r\u00e9alit\u00e9 linguistique, fiction sociolinguistique ?<\/span><\/a><\/p>\n","protected":false},"author":6,"featured_media":9990,"template":"","meta":{"neve_meta_sidebar":"","neve_meta_container":"","neve_meta_enable_content_width":"","neve_meta_content_width":0,"neve_meta_title_alignment":"","neve_meta_author_avatar":"","neve_post_elements_order":"","neve_meta_disable_header":"","neve_meta_disable_footer":"","neve_meta_disable_title":"","_tribe_events_status":"","_tribe_events_status_reason":"","footnotes":""},"tags":[],"tribe_events_cat":[2272],"class_list":["post-9967","tribe_events","type-tribe_events","status-publish","has-post-thumbnail","hentry","tribe_events_cat-seminaire-interlaboratoire-maghreb-amazigh","cat_seminaire-interlaboratoire-maghreb-amazigh"],"yoast_head":"<!-- This site is optimized with the Yoast SEO plugin v27.4 - https:\/\/yoast.com\/product\/yoast-seo-wordpress\/ -->\n<title>Une langue berb\u00e8re : r\u00e9alit\u00e9 linguistique, fiction sociolinguistique ? - TELEMMe - Temps, espaces, langages, Europe m\u00e9ridionale, M\u00e9diterran\u00e9e<\/title>\n<meta name=\"robots\" content=\"index, follow, max-snippet:-1, max-image-preview:large, max-video-preview:-1\" \/>\n<link rel=\"canonical\" href=\"https:\/\/telemme.mmsh.fr\/?tribe_events=une-langue-berbere-realite-linguistique-fiction-sociolinguistique\" \/>\n<meta property=\"og:locale\" content=\"fr_FR\" \/>\n<meta property=\"og:type\" content=\"article\" \/>\n<meta property=\"og:title\" content=\"Une langue berb\u00e8re : r\u00e9alit\u00e9 linguistique, fiction sociolinguistique ? - TELEMMe - Temps, espaces, langages, Europe m\u00e9ridionale, M\u00e9diterran\u00e9e\" \/>\n<meta property=\"og:description\" content=\"Deuxi\u00e8me s\u00e9ance du s\u00e9minaire Maghreb Amazigh S\u00e9minaire interlaboratoire SoMuMCoordinatrices du projet\u00a0: Karima Dir\u00e8che (TELEMMe), Malika Assam (IREMAM), Aude Signoles (Mesopolhis) Maghreb Amazigh aborde un espace maghr\u00e9bin en mutation et en&hellip;&nbsp;Lire la suite &raquo;Une langue berb\u00e8re : r\u00e9alit\u00e9 linguistique, fiction sociolinguistique ?\" \/>\n<meta property=\"og:url\" content=\"https:\/\/telemme.mmsh.fr\/?tribe_events=une-langue-berbere-realite-linguistique-fiction-sociolinguistique\" \/>\n<meta property=\"og:site_name\" content=\"TELEMMe - Temps, espaces, langages, Europe m\u00e9ridionale, M\u00e9diterran\u00e9e\" \/>\n<meta property=\"article:modified_time\" content=\"2021-11-03T15:09:55+00:00\" \/>\n<meta property=\"og:image\" content=\"https:\/\/telemme.mmsh.fr\/wp-content\/uploads\/2021\/11\/2021.11.10_maghreb_amazigh_2-1.png\" \/>\n\t<meta property=\"og:image:width\" content=\"244\" \/>\n\t<meta property=\"og:image:height\" content=\"500\" \/>\n\t<meta property=\"og:image:type\" content=\"image\/png\" \/>\n<meta name=\"twitter:card\" content=\"summary_large_image\" \/>\n<meta name=\"twitter:label1\" content=\"Dur\u00e9e de lecture estim\u00e9e\" \/>\n\t<meta name=\"twitter:data1\" content=\"1 minute\" \/>\n<script type=\"application\/ld+json\" class=\"yoast-schema-graph\">{\"@context\":\"https:\\\/\\\/schema.org\",\"@graph\":[{\"@type\":\"WebPage\",\"@id\":\"https:\\\/\\\/telemme.mmsh.fr\\\/?tribe_events=une-langue-berbere-realite-linguistique-fiction-sociolinguistique\",\"url\":\"https:\\\/\\\/telemme.mmsh.fr\\\/?tribe_events=une-langue-berbere-realite-linguistique-fiction-sociolinguistique\",\"name\":\"Une langue berb\u00e8re : r\u00e9alit\u00e9 linguistique, fiction sociolinguistique ? - TELEMMe - Temps, espaces, langages, Europe m\u00e9ridionale, M\u00e9diterran\u00e9e\",\"isPartOf\":{\"@id\":\"https:\\\/\\\/telemme.mmsh.fr\\\/#website\"},\"primaryImageOfPage\":{\"@id\":\"https:\\\/\\\/telemme.mmsh.fr\\\/?tribe_events=une-langue-berbere-realite-linguistique-fiction-sociolinguistique#primaryimage\"},\"image\":{\"@id\":\"https:\\\/\\\/telemme.mmsh.fr\\\/?tribe_events=une-langue-berbere-realite-linguistique-fiction-sociolinguistique#primaryimage\"},\"thumbnailUrl\":\"https:\\\/\\\/telemme.mmsh.fr\\\/wp-content\\\/uploads\\\/2021\\\/11\\\/2021.11.10_maghreb_amazigh_2-1.png\",\"datePublished\":\"2021-11-03T09:34:36+00:00\",\"dateModified\":\"2021-11-03T15:09:55+00:00\",\"breadcrumb\":{\"@id\":\"https:\\\/\\\/telemme.mmsh.fr\\\/?tribe_events=une-langue-berbere-realite-linguistique-fiction-sociolinguistique#breadcrumb\"},\"inLanguage\":\"fr-FR\",\"potentialAction\":[{\"@type\":\"ReadAction\",\"target\":[\"https:\\\/\\\/telemme.mmsh.fr\\\/?tribe_events=une-langue-berbere-realite-linguistique-fiction-sociolinguistique\"]}]},{\"@type\":\"ImageObject\",\"inLanguage\":\"fr-FR\",\"@id\":\"https:\\\/\\\/telemme.mmsh.fr\\\/?tribe_events=une-langue-berbere-realite-linguistique-fiction-sociolinguistique#primaryimage\",\"url\":\"https:\\\/\\\/telemme.mmsh.fr\\\/wp-content\\\/uploads\\\/2021\\\/11\\\/2021.11.10_maghreb_amazigh_2-1.png\",\"contentUrl\":\"https:\\\/\\\/telemme.mmsh.fr\\\/wp-content\\\/uploads\\\/2021\\\/11\\\/2021.11.10_maghreb_amazigh_2-1.png\",\"width\":244,\"height\":500,\"caption\":\"\u00ab Recup Art \u00bb (d\u00e9tournement de mati\u00e8re de recyclage) -Rmila Abdelkrim (source : Akli Kaced)\"},{\"@type\":\"BreadcrumbList\",\"@id\":\"https:\\\/\\\/telemme.mmsh.fr\\\/?tribe_events=une-langue-berbere-realite-linguistique-fiction-sociolinguistique#breadcrumb\",\"itemListElement\":[{\"@type\":\"ListItem\",\"position\":1,\"name\":\"Accueil\",\"item\":\"https:\\\/\\\/telemme.mmsh.fr\\\/\"},{\"@type\":\"ListItem\",\"position\":2,\"name\":\"\u00c9v\u00e8nements\",\"item\":\"https:\\\/\\\/telemme.mmsh.fr\\\/?post_type=tribe_events\"},{\"@type\":\"ListItem\",\"position\":3,\"name\":\"S\u00e9minaire interlaboratoire\",\"item\":\"https:\\\/\\\/telemme.mmsh.fr\\\/?tribe_events_cat=seminaire-interlaboratoire\"},{\"@type\":\"ListItem\",\"position\":4,\"name\":\"S\u00e9minaire interlaboratoire \\\"Maghreb amazigh\\\"\",\"item\":\"https:\\\/\\\/telemme.mmsh.fr\\\/?tribe_events_cat=seminaire-interlaboratoire-maghreb-amazigh\"},{\"@type\":\"ListItem\",\"position\":5,\"name\":\"Une langue berb\u00e8re : r\u00e9alit\u00e9 linguistique, fiction sociolinguistique ?\"}]},{\"@type\":\"WebSite\",\"@id\":\"https:\\\/\\\/telemme.mmsh.fr\\\/#website\",\"url\":\"https:\\\/\\\/telemme.mmsh.fr\\\/\",\"name\":\"TELEMMe - Temps, espaces, langages, Europe m\u00e9ridionale, M\u00e9diterran\u00e9e\",\"description\":\"\",\"publisher\":{\"@id\":\"https:\\\/\\\/telemme.mmsh.fr\\\/#organization\"},\"potentialAction\":[{\"@type\":\"SearchAction\",\"target\":{\"@type\":\"EntryPoint\",\"urlTemplate\":\"https:\\\/\\\/telemme.mmsh.fr\\\/?s={search_term_string}\"},\"query-input\":{\"@type\":\"PropertyValueSpecification\",\"valueRequired\":true,\"valueName\":\"search_term_string\"}}],\"inLanguage\":\"fr-FR\"},{\"@type\":\"Organization\",\"@id\":\"https:\\\/\\\/telemme.mmsh.fr\\\/#organization\",\"name\":\"TELEMMe\",\"url\":\"https:\\\/\\\/telemme.mmsh.fr\\\/\",\"logo\":{\"@type\":\"ImageObject\",\"inLanguage\":\"fr-FR\",\"@id\":\"https:\\\/\\\/telemme.mmsh.fr\\\/#\\\/schema\\\/logo\\\/image\\\/\",\"url\":\"https:\\\/\\\/telemme.mmsh.fr\\\/wp-content\\\/uploads\\\/2020\\\/03\\\/LogoTELEMMe-horizontal-fond-transparent.png\",\"contentUrl\":\"https:\\\/\\\/telemme.mmsh.fr\\\/wp-content\\\/uploads\\\/2020\\\/03\\\/LogoTELEMMe-horizontal-fond-transparent.png\",\"width\":1500,\"height\":437,\"caption\":\"TELEMMe\"},\"image\":{\"@id\":\"https:\\\/\\\/telemme.mmsh.fr\\\/#\\\/schema\\\/logo\\\/image\\\/\"}}]}<\/script>\n<!-- \/ Yoast SEO plugin. -->","yoast_head_json":{"title":"Une langue berb\u00e8re : r\u00e9alit\u00e9 linguistique, fiction sociolinguistique ? - TELEMMe - Temps, espaces, langages, Europe m\u00e9ridionale, M\u00e9diterran\u00e9e","robots":{"index":"index","follow":"follow","max-snippet":"max-snippet:-1","max-image-preview":"max-image-preview:large","max-video-preview":"max-video-preview:-1"},"canonical":"https:\/\/telemme.mmsh.fr\/?tribe_events=une-langue-berbere-realite-linguistique-fiction-sociolinguistique","og_locale":"fr_FR","og_type":"article","og_title":"Une langue berb\u00e8re : r\u00e9alit\u00e9 linguistique, fiction sociolinguistique ? - TELEMMe - Temps, espaces, langages, Europe m\u00e9ridionale, M\u00e9diterran\u00e9e","og_description":"Deuxi\u00e8me s\u00e9ance du s\u00e9minaire Maghreb Amazigh S\u00e9minaire interlaboratoire SoMuMCoordinatrices du projet\u00a0: Karima Dir\u00e8che (TELEMMe), Malika Assam (IREMAM), Aude Signoles (Mesopolhis) Maghreb Amazigh aborde un espace maghr\u00e9bin en mutation et en&hellip;&nbsp;Lire la suite &raquo;Une langue berb\u00e8re : r\u00e9alit\u00e9 linguistique, fiction sociolinguistique ?","og_url":"https:\/\/telemme.mmsh.fr\/?tribe_events=une-langue-berbere-realite-linguistique-fiction-sociolinguistique","og_site_name":"TELEMMe - Temps, espaces, langages, Europe m\u00e9ridionale, M\u00e9diterran\u00e9e","article_modified_time":"2021-11-03T15:09:55+00:00","og_image":[{"width":244,"height":500,"url":"https:\/\/telemme.mmsh.fr\/wp-content\/uploads\/2021\/11\/2021.11.10_maghreb_amazigh_2-1.png","type":"image\/png"}],"twitter_card":"summary_large_image","twitter_misc":{"Dur\u00e9e de lecture estim\u00e9e":"1 minute"},"schema":{"@context":"https:\/\/schema.org","@graph":[{"@type":"WebPage","@id":"https:\/\/telemme.mmsh.fr\/?tribe_events=une-langue-berbere-realite-linguistique-fiction-sociolinguistique","url":"https:\/\/telemme.mmsh.fr\/?tribe_events=une-langue-berbere-realite-linguistique-fiction-sociolinguistique","name":"Une langue berb\u00e8re : r\u00e9alit\u00e9 linguistique, fiction sociolinguistique ? - TELEMMe - Temps, espaces, langages, Europe m\u00e9ridionale, M\u00e9diterran\u00e9e","isPartOf":{"@id":"https:\/\/telemme.mmsh.fr\/#website"},"primaryImageOfPage":{"@id":"https:\/\/telemme.mmsh.fr\/?tribe_events=une-langue-berbere-realite-linguistique-fiction-sociolinguistique#primaryimage"},"image":{"@id":"https:\/\/telemme.mmsh.fr\/?tribe_events=une-langue-berbere-realite-linguistique-fiction-sociolinguistique#primaryimage"},"thumbnailUrl":"https:\/\/telemme.mmsh.fr\/wp-content\/uploads\/2021\/11\/2021.11.10_maghreb_amazigh_2-1.png","datePublished":"2021-11-03T09:34:36+00:00","dateModified":"2021-11-03T15:09:55+00:00","breadcrumb":{"@id":"https:\/\/telemme.mmsh.fr\/?tribe_events=une-langue-berbere-realite-linguistique-fiction-sociolinguistique#breadcrumb"},"inLanguage":"fr-FR","potentialAction":[{"@type":"ReadAction","target":["https:\/\/telemme.mmsh.fr\/?tribe_events=une-langue-berbere-realite-linguistique-fiction-sociolinguistique"]}]},{"@type":"ImageObject","inLanguage":"fr-FR","@id":"https:\/\/telemme.mmsh.fr\/?tribe_events=une-langue-berbere-realite-linguistique-fiction-sociolinguistique#primaryimage","url":"https:\/\/telemme.mmsh.fr\/wp-content\/uploads\/2021\/11\/2021.11.10_maghreb_amazigh_2-1.png","contentUrl":"https:\/\/telemme.mmsh.fr\/wp-content\/uploads\/2021\/11\/2021.11.10_maghreb_amazigh_2-1.png","width":244,"height":500,"caption":"\u00ab Recup Art \u00bb (d\u00e9tournement de mati\u00e8re de recyclage) -Rmila Abdelkrim (source : Akli Kaced)"},{"@type":"BreadcrumbList","@id":"https:\/\/telemme.mmsh.fr\/?tribe_events=une-langue-berbere-realite-linguistique-fiction-sociolinguistique#breadcrumb","itemListElement":[{"@type":"ListItem","position":1,"name":"Accueil","item":"https:\/\/telemme.mmsh.fr\/"},{"@type":"ListItem","position":2,"name":"\u00c9v\u00e8nements","item":"https:\/\/telemme.mmsh.fr\/?post_type=tribe_events"},{"@type":"ListItem","position":3,"name":"S\u00e9minaire interlaboratoire","item":"https:\/\/telemme.mmsh.fr\/?tribe_events_cat=seminaire-interlaboratoire"},{"@type":"ListItem","position":4,"name":"S\u00e9minaire interlaboratoire \"Maghreb amazigh\"","item":"https:\/\/telemme.mmsh.fr\/?tribe_events_cat=seminaire-interlaboratoire-maghreb-amazigh"},{"@type":"ListItem","position":5,"name":"Une langue berb\u00e8re : r\u00e9alit\u00e9 linguistique, fiction sociolinguistique ?"}]},{"@type":"WebSite","@id":"https:\/\/telemme.mmsh.fr\/#website","url":"https:\/\/telemme.mmsh.fr\/","name":"TELEMMe - Temps, espaces, langages, Europe m\u00e9ridionale, M\u00e9diterran\u00e9e","description":"","publisher":{"@id":"https:\/\/telemme.mmsh.fr\/#organization"},"potentialAction":[{"@type":"SearchAction","target":{"@type":"EntryPoint","urlTemplate":"https:\/\/telemme.mmsh.fr\/?s={search_term_string}"},"query-input":{"@type":"PropertyValueSpecification","valueRequired":true,"valueName":"search_term_string"}}],"inLanguage":"fr-FR"},{"@type":"Organization","@id":"https:\/\/telemme.mmsh.fr\/#organization","name":"TELEMMe","url":"https:\/\/telemme.mmsh.fr\/","logo":{"@type":"ImageObject","inLanguage":"fr-FR","@id":"https:\/\/telemme.mmsh.fr\/#\/schema\/logo\/image\/","url":"https:\/\/telemme.mmsh.fr\/wp-content\/uploads\/2020\/03\/LogoTELEMMe-horizontal-fond-transparent.png","contentUrl":"https:\/\/telemme.mmsh.fr\/wp-content\/uploads\/2020\/03\/LogoTELEMMe-horizontal-fond-transparent.png","width":1500,"height":437,"caption":"TELEMMe"},"image":{"@id":"https:\/\/telemme.mmsh.fr\/#\/schema\/logo\/image\/"}}]}},"_links":{"self":[{"href":"https:\/\/telemme.mmsh.fr\/index.php?rest_route=\/wp\/v2\/tribe_events\/9967","targetHints":{"allow":["GET"]}}],"collection":[{"href":"https:\/\/telemme.mmsh.fr\/index.php?rest_route=\/wp\/v2\/tribe_events"}],"about":[{"href":"https:\/\/telemme.mmsh.fr\/index.php?rest_route=\/wp\/v2\/types\/tribe_events"}],"author":[{"embeddable":true,"href":"https:\/\/telemme.mmsh.fr\/index.php?rest_route=\/wp\/v2\/users\/6"}],"version-history":[{"count":1,"href":"https:\/\/telemme.mmsh.fr\/index.php?rest_route=\/wp\/v2\/tribe_events\/9967\/revisions"}],"predecessor-version":[{"id":9968,"href":"https:\/\/telemme.mmsh.fr\/index.php?rest_route=\/wp\/v2\/tribe_events\/9967\/revisions\/9968"}],"wp:featuredmedia":[{"embeddable":true,"href":"https:\/\/telemme.mmsh.fr\/index.php?rest_route=\/wp\/v2\/media\/9990"}],"wp:attachment":[{"href":"https:\/\/telemme.mmsh.fr\/index.php?rest_route=%2Fwp%2Fv2%2Fmedia&parent=9967"}],"wp:term":[{"taxonomy":"post_tag","embeddable":true,"href":"https:\/\/telemme.mmsh.fr\/index.php?rest_route=%2Fwp%2Fv2%2Ftags&post=9967"},{"taxonomy":"tribe_events_cat","embeddable":true,"href":"https:\/\/telemme.mmsh.fr\/index.php?rest_route=%2Fwp%2Fv2%2Ftribe_events_cat&post=9967"}],"curies":[{"name":"wp","href":"https:\/\/api.w.org\/{rel}","templated":true}]}}