{"id":9944,"date":"2021-11-02T15:34:59","date_gmt":"2021-11-02T14:34:59","guid":{"rendered":"https:\/\/telemme.mmsh.fr\/?post_type=tribe_events&#038;p=9944"},"modified":"2021-11-02T15:34:59","modified_gmt":"2021-11-02T14:34:59","slug":"yvon-thebert-et-la-question-de-lesclavage-en-mediterranee-dans-lantiquite","status":"publish","type":"tribe_events","link":"https:\/\/telemme.mmsh.fr\/?tribe_events=yvon-thebert-et-la-question-de-lesclavage-en-mediterranee-dans-lantiquite","title":{"rendered":"Yvon Th\u00e9bert et la question de l\u2019esclavage en M\u00e9diterran\u00e9e dans l\u2019Antiquit\u00e9"},"content":{"rendered":"<p>Deuxi\u00e8me s\u00e9ance du s\u00e9minaire interlaboratoire \u00ab Les Esclavages en M\u00e9diterran\u00e9e \u00bb, mercredi 3 novembre 2021 de 14h00 \u00e0 17h00 en salle Duby \u00e0 la MMSH.<\/p>\n<h3><i>Les esclavages en M\u00e9diterran\u00e9e, de l\u2019Antiquit\u00e9 au XXe si\u00e8cle <\/i><\/h3>\n<div>S\u00e9minaire inter-laboratoires de la MMSH, organis\u00e9 par<\/div>\n<ul>\n<li>Hayri G. \u00d6zkoray (TELEMMe),<\/li>\n<li>Paulin Ismard (Centre Camille Julian) et<\/li>\n<li>Julien Loiseau (IREMAM)<\/li>\n<\/ul>\n<div><a href=\"https:\/\/www.anhima.fr\/spip.php?auteur337\" target=\"_blank\" rel=\"noopener noreferrer\">Jean-Pierre Guilhembet<\/a>\u00a0(Universit\u00e9 de Paris, ANHIMA)\u00a0et\u00a0<a href=\"https:\/\/ccj.cnrs.fr\/spip.php?article1538\" target=\"_blank\" rel=\"noopener noreferrer\">Cyril Courrier<\/a>\u00a0(AMU, Centre Camille Julian)\u00a0interviendront sur \u00ab<a href=\"https:\/\/www.persee.fr\/authority\/34364\" target=\"_blank\" rel=\"noopener noreferrer\">\u00a0Yvon Th\u00e9bert\u00a0<\/a>et la question de l\u2019esclavage en M\u00e9diterran\u00e9e dans l\u2019Antiquit\u00e9 \u00bb.<\/div>\n<div><\/div>\n<div><a href=\"https:\/\/telemme.mmsh.fr\/?evenement=yvon-thebert-et-la-question-de-lesclavage-en-mediterranee-dans-lantiquite\"><strong>Plus d&rsquo;informations<\/strong><\/a><\/div>\n","protected":false},"excerpt":{"rendered":"<p>Deuxi\u00e8me s\u00e9ance du s\u00e9minaire interlaboratoire \u00ab Les Esclavages en M\u00e9diterran\u00e9e \u00bb, mercredi 3 novembre 2021 de 14h00 \u00e0 17h00 en salle Duby \u00e0 la MMSH.<\/p>\n","protected":false},"author":6,"featured_media":9943,"template":"","meta":{"neve_meta_sidebar":"","neve_meta_container":"","neve_meta_enable_content_width":"","neve_meta_content_width":0,"neve_meta_title_alignment":"","neve_meta_author_avatar":"","neve_post_elements_order":"","neve_meta_disable_header":"","neve_meta_disable_footer":"","neve_meta_disable_title":"","_tribe_events_status":"","_tribe_events_status_reason":"","footnotes":""},"tags":[],"tribe_events_cat":[2270],"class_list":["post-9944","tribe_events","type-tribe_events","status-publish","has-post-thumbnail","hentry","tribe_events_cat-seminaire-interlaboratoire-les-esclavages-en-mediterranee","cat_seminaire-interlaboratoire-les-esclavages-en-mediterranee"],"yoast_head":"<!-- This site is optimized with the Yoast SEO plugin v27.4 - https:\/\/yoast.com\/product\/yoast-seo-wordpress\/ -->\n<title>Yvon Th\u00e9bert et la question de l\u2019esclavage en M\u00e9diterran\u00e9e dans l\u2019Antiquit\u00e9 - TELEMMe - Temps, espaces, langages, Europe m\u00e9ridionale, M\u00e9diterran\u00e9e<\/title>\n<meta name=\"robots\" content=\"index, follow, max-snippet:-1, max-image-preview:large, max-video-preview:-1\" \/>\n<link rel=\"canonical\" href=\"https:\/\/telemme.mmsh.fr\/?tribe_events=yvon-thebert-et-la-question-de-lesclavage-en-mediterranee-dans-lantiquite\" \/>\n<meta property=\"og:locale\" content=\"fr_FR\" \/>\n<meta property=\"og:type\" content=\"article\" \/>\n<meta property=\"og:title\" content=\"Yvon Th\u00e9bert et la question de l\u2019esclavage en M\u00e9diterran\u00e9e dans l\u2019Antiquit\u00e9 - TELEMMe - Temps, espaces, langages, Europe m\u00e9ridionale, M\u00e9diterran\u00e9e\" \/>\n<meta property=\"og:description\" content=\"Deuxi\u00e8me s\u00e9ance du s\u00e9minaire interlaboratoire \u00ab Les Esclavages en M\u00e9diterran\u00e9e \u00bb, mercredi 3 novembre 2021 de 14h00 \u00e0 17h00 en salle Duby \u00e0 la MMSH.\" \/>\n<meta property=\"og:url\" content=\"https:\/\/telemme.mmsh.fr\/?tribe_events=yvon-thebert-et-la-question-de-lesclavage-en-mediterranee-dans-lantiquite\" \/>\n<meta property=\"og:site_name\" content=\"TELEMMe - Temps, espaces, langages, Europe m\u00e9ridionale, M\u00e9diterran\u00e9e\" \/>\n<meta property=\"og:image\" content=\"https:\/\/telemme.mmsh.fr\/wp-content\/uploads\/2021\/11\/9782021388855-475x500-1.webp\" \/>\n\t<meta property=\"og:image:width\" content=\"354\" \/>\n\t<meta property=\"og:image:height\" content=\"500\" \/>\n\t<meta property=\"og:image:type\" content=\"image\/webp\" \/>\n<meta name=\"twitter:card\" content=\"summary_large_image\" \/>\n<script type=\"application\/ld+json\" class=\"yoast-schema-graph\">{\"@context\":\"https:\\\/\\\/schema.org\",\"@graph\":[{\"@type\":\"WebPage\",\"@id\":\"https:\\\/\\\/telemme.mmsh.fr\\\/?tribe_events=yvon-thebert-et-la-question-de-lesclavage-en-mediterranee-dans-lantiquite\",\"url\":\"https:\\\/\\\/telemme.mmsh.fr\\\/?tribe_events=yvon-thebert-et-la-question-de-lesclavage-en-mediterranee-dans-lantiquite\",\"name\":\"Yvon Th\u00e9bert et la question de l\u2019esclavage en M\u00e9diterran\u00e9e dans l\u2019Antiquit\u00e9 - TELEMMe - Temps, espaces, langages, Europe m\u00e9ridionale, M\u00e9diterran\u00e9e\",\"isPartOf\":{\"@id\":\"https:\\\/\\\/telemme.mmsh.fr\\\/#website\"},\"primaryImageOfPage\":{\"@id\":\"https:\\\/\\\/telemme.mmsh.fr\\\/?tribe_events=yvon-thebert-et-la-question-de-lesclavage-en-mediterranee-dans-lantiquite#primaryimage\"},\"image\":{\"@id\":\"https:\\\/\\\/telemme.mmsh.fr\\\/?tribe_events=yvon-thebert-et-la-question-de-lesclavage-en-mediterranee-dans-lantiquite#primaryimage\"},\"thumbnailUrl\":\"https:\\\/\\\/telemme.mmsh.fr\\\/wp-content\\\/uploads\\\/2021\\\/11\\\/9782021388855-475x500-1.webp\",\"datePublished\":\"2021-11-02T14:34:59+00:00\",\"breadcrumb\":{\"@id\":\"https:\\\/\\\/telemme.mmsh.fr\\\/?tribe_events=yvon-thebert-et-la-question-de-lesclavage-en-mediterranee-dans-lantiquite#breadcrumb\"},\"inLanguage\":\"fr-FR\",\"potentialAction\":[{\"@type\":\"ReadAction\",\"target\":[\"https:\\\/\\\/telemme.mmsh.fr\\\/?tribe_events=yvon-thebert-et-la-question-de-lesclavage-en-mediterranee-dans-lantiquite\"]}]},{\"@type\":\"ImageObject\",\"inLanguage\":\"fr-FR\",\"@id\":\"https:\\\/\\\/telemme.mmsh.fr\\\/?tribe_events=yvon-thebert-et-la-question-de-lesclavage-en-mediterranee-dans-lantiquite#primaryimage\",\"url\":\"https:\\\/\\\/telemme.mmsh.fr\\\/wp-content\\\/uploads\\\/2021\\\/11\\\/9782021388855-475x500-1.webp\",\"contentUrl\":\"https:\\\/\\\/telemme.mmsh.fr\\\/wp-content\\\/uploads\\\/2021\\\/11\\\/9782021388855-475x500-1.webp\",\"width\":354,\"height\":500,\"caption\":\"Couverture de Les mondes de l'esclavage. Une histoire compar\u00e9e, dir. Paulin Ismard, Le Seuil, 2021\"},{\"@type\":\"BreadcrumbList\",\"@id\":\"https:\\\/\\\/telemme.mmsh.fr\\\/?tribe_events=yvon-thebert-et-la-question-de-lesclavage-en-mediterranee-dans-lantiquite#breadcrumb\",\"itemListElement\":[{\"@type\":\"ListItem\",\"position\":1,\"name\":\"Accueil\",\"item\":\"https:\\\/\\\/telemme.mmsh.fr\\\/\"},{\"@type\":\"ListItem\",\"position\":2,\"name\":\"\u00c9v\u00e8nements\",\"item\":\"https:\\\/\\\/telemme.mmsh.fr\\\/?post_type=tribe_events\"},{\"@type\":\"ListItem\",\"position\":3,\"name\":\"S\u00e9minaire interlaboratoire\",\"item\":\"https:\\\/\\\/telemme.mmsh.fr\\\/?tribe_events_cat=seminaire-interlaboratoire\"},{\"@type\":\"ListItem\",\"position\":4,\"name\":\"S\u00e9minaire interlaboratoire \\\"Les esclavages en M\u00e9diterran\u00e9e\\\"\",\"item\":\"https:\\\/\\\/telemme.mmsh.fr\\\/?tribe_events_cat=seminaire-interlaboratoire-les-esclavages-en-mediterranee\"},{\"@type\":\"ListItem\",\"position\":5,\"name\":\"Yvon Th\u00e9bert et la question de l\u2019esclavage en M\u00e9diterran\u00e9e dans l\u2019Antiquit\u00e9\"}]},{\"@type\":\"WebSite\",\"@id\":\"https:\\\/\\\/telemme.mmsh.fr\\\/#website\",\"url\":\"https:\\\/\\\/telemme.mmsh.fr\\\/\",\"name\":\"TELEMMe - Temps, espaces, langages, Europe m\u00e9ridionale, M\u00e9diterran\u00e9e\",\"description\":\"\",\"publisher\":{\"@id\":\"https:\\\/\\\/telemme.mmsh.fr\\\/#organization\"},\"potentialAction\":[{\"@type\":\"SearchAction\",\"target\":{\"@type\":\"EntryPoint\",\"urlTemplate\":\"https:\\\/\\\/telemme.mmsh.fr\\\/?s={search_term_string}\"},\"query-input\":{\"@type\":\"PropertyValueSpecification\",\"valueRequired\":true,\"valueName\":\"search_term_string\"}}],\"inLanguage\":\"fr-FR\"},{\"@type\":\"Organization\",\"@id\":\"https:\\\/\\\/telemme.mmsh.fr\\\/#organization\",\"name\":\"TELEMMe\",\"url\":\"https:\\\/\\\/telemme.mmsh.fr\\\/\",\"logo\":{\"@type\":\"ImageObject\",\"inLanguage\":\"fr-FR\",\"@id\":\"https:\\\/\\\/telemme.mmsh.fr\\\/#\\\/schema\\\/logo\\\/image\\\/\",\"url\":\"https:\\\/\\\/telemme.mmsh.fr\\\/wp-content\\\/uploads\\\/2020\\\/03\\\/LogoTELEMMe-horizontal-fond-transparent.png\",\"contentUrl\":\"https:\\\/\\\/telemme.mmsh.fr\\\/wp-content\\\/uploads\\\/2020\\\/03\\\/LogoTELEMMe-horizontal-fond-transparent.png\",\"width\":1500,\"height\":437,\"caption\":\"TELEMMe\"},\"image\":{\"@id\":\"https:\\\/\\\/telemme.mmsh.fr\\\/#\\\/schema\\\/logo\\\/image\\\/\"}}]}<\/script>\n<!-- \/ Yoast SEO plugin. -->","yoast_head_json":{"title":"Yvon Th\u00e9bert et la question de l\u2019esclavage en M\u00e9diterran\u00e9e dans l\u2019Antiquit\u00e9 - TELEMMe - Temps, espaces, langages, Europe m\u00e9ridionale, M\u00e9diterran\u00e9e","robots":{"index":"index","follow":"follow","max-snippet":"max-snippet:-1","max-image-preview":"max-image-preview:large","max-video-preview":"max-video-preview:-1"},"canonical":"https:\/\/telemme.mmsh.fr\/?tribe_events=yvon-thebert-et-la-question-de-lesclavage-en-mediterranee-dans-lantiquite","og_locale":"fr_FR","og_type":"article","og_title":"Yvon Th\u00e9bert et la question de l\u2019esclavage en M\u00e9diterran\u00e9e dans l\u2019Antiquit\u00e9 - TELEMMe - Temps, espaces, langages, Europe m\u00e9ridionale, M\u00e9diterran\u00e9e","og_description":"Deuxi\u00e8me s\u00e9ance du s\u00e9minaire interlaboratoire \u00ab Les Esclavages en M\u00e9diterran\u00e9e \u00bb, mercredi 3 novembre 2021 de 14h00 \u00e0 17h00 en salle Duby \u00e0 la MMSH.","og_url":"https:\/\/telemme.mmsh.fr\/?tribe_events=yvon-thebert-et-la-question-de-lesclavage-en-mediterranee-dans-lantiquite","og_site_name":"TELEMMe - Temps, espaces, langages, Europe m\u00e9ridionale, M\u00e9diterran\u00e9e","og_image":[{"width":354,"height":500,"url":"https:\/\/telemme.mmsh.fr\/wp-content\/uploads\/2021\/11\/9782021388855-475x500-1.webp","type":"image\/webp"}],"twitter_card":"summary_large_image","schema":{"@context":"https:\/\/schema.org","@graph":[{"@type":"WebPage","@id":"https:\/\/telemme.mmsh.fr\/?tribe_events=yvon-thebert-et-la-question-de-lesclavage-en-mediterranee-dans-lantiquite","url":"https:\/\/telemme.mmsh.fr\/?tribe_events=yvon-thebert-et-la-question-de-lesclavage-en-mediterranee-dans-lantiquite","name":"Yvon Th\u00e9bert et la question de l\u2019esclavage en M\u00e9diterran\u00e9e dans l\u2019Antiquit\u00e9 - TELEMMe - Temps, espaces, langages, Europe m\u00e9ridionale, M\u00e9diterran\u00e9e","isPartOf":{"@id":"https:\/\/telemme.mmsh.fr\/#website"},"primaryImageOfPage":{"@id":"https:\/\/telemme.mmsh.fr\/?tribe_events=yvon-thebert-et-la-question-de-lesclavage-en-mediterranee-dans-lantiquite#primaryimage"},"image":{"@id":"https:\/\/telemme.mmsh.fr\/?tribe_events=yvon-thebert-et-la-question-de-lesclavage-en-mediterranee-dans-lantiquite#primaryimage"},"thumbnailUrl":"https:\/\/telemme.mmsh.fr\/wp-content\/uploads\/2021\/11\/9782021388855-475x500-1.webp","datePublished":"2021-11-02T14:34:59+00:00","breadcrumb":{"@id":"https:\/\/telemme.mmsh.fr\/?tribe_events=yvon-thebert-et-la-question-de-lesclavage-en-mediterranee-dans-lantiquite#breadcrumb"},"inLanguage":"fr-FR","potentialAction":[{"@type":"ReadAction","target":["https:\/\/telemme.mmsh.fr\/?tribe_events=yvon-thebert-et-la-question-de-lesclavage-en-mediterranee-dans-lantiquite"]}]},{"@type":"ImageObject","inLanguage":"fr-FR","@id":"https:\/\/telemme.mmsh.fr\/?tribe_events=yvon-thebert-et-la-question-de-lesclavage-en-mediterranee-dans-lantiquite#primaryimage","url":"https:\/\/telemme.mmsh.fr\/wp-content\/uploads\/2021\/11\/9782021388855-475x500-1.webp","contentUrl":"https:\/\/telemme.mmsh.fr\/wp-content\/uploads\/2021\/11\/9782021388855-475x500-1.webp","width":354,"height":500,"caption":"Couverture de Les mondes de l'esclavage. Une histoire compar\u00e9e, dir. Paulin Ismard, Le Seuil, 2021"},{"@type":"BreadcrumbList","@id":"https:\/\/telemme.mmsh.fr\/?tribe_events=yvon-thebert-et-la-question-de-lesclavage-en-mediterranee-dans-lantiquite#breadcrumb","itemListElement":[{"@type":"ListItem","position":1,"name":"Accueil","item":"https:\/\/telemme.mmsh.fr\/"},{"@type":"ListItem","position":2,"name":"\u00c9v\u00e8nements","item":"https:\/\/telemme.mmsh.fr\/?post_type=tribe_events"},{"@type":"ListItem","position":3,"name":"S\u00e9minaire interlaboratoire","item":"https:\/\/telemme.mmsh.fr\/?tribe_events_cat=seminaire-interlaboratoire"},{"@type":"ListItem","position":4,"name":"S\u00e9minaire interlaboratoire \"Les esclavages en M\u00e9diterran\u00e9e\"","item":"https:\/\/telemme.mmsh.fr\/?tribe_events_cat=seminaire-interlaboratoire-les-esclavages-en-mediterranee"},{"@type":"ListItem","position":5,"name":"Yvon Th\u00e9bert et la question de l\u2019esclavage en M\u00e9diterran\u00e9e dans l\u2019Antiquit\u00e9"}]},{"@type":"WebSite","@id":"https:\/\/telemme.mmsh.fr\/#website","url":"https:\/\/telemme.mmsh.fr\/","name":"TELEMMe - Temps, espaces, langages, Europe m\u00e9ridionale, M\u00e9diterran\u00e9e","description":"","publisher":{"@id":"https:\/\/telemme.mmsh.fr\/#organization"},"potentialAction":[{"@type":"SearchAction","target":{"@type":"EntryPoint","urlTemplate":"https:\/\/telemme.mmsh.fr\/?s={search_term_string}"},"query-input":{"@type":"PropertyValueSpecification","valueRequired":true,"valueName":"search_term_string"}}],"inLanguage":"fr-FR"},{"@type":"Organization","@id":"https:\/\/telemme.mmsh.fr\/#organization","name":"TELEMMe","url":"https:\/\/telemme.mmsh.fr\/","logo":{"@type":"ImageObject","inLanguage":"fr-FR","@id":"https:\/\/telemme.mmsh.fr\/#\/schema\/logo\/image\/","url":"https:\/\/telemme.mmsh.fr\/wp-content\/uploads\/2020\/03\/LogoTELEMMe-horizontal-fond-transparent.png","contentUrl":"https:\/\/telemme.mmsh.fr\/wp-content\/uploads\/2020\/03\/LogoTELEMMe-horizontal-fond-transparent.png","width":1500,"height":437,"caption":"TELEMMe"},"image":{"@id":"https:\/\/telemme.mmsh.fr\/#\/schema\/logo\/image\/"}}]}},"_links":{"self":[{"href":"https:\/\/telemme.mmsh.fr\/index.php?rest_route=\/wp\/v2\/tribe_events\/9944","targetHints":{"allow":["GET"]}}],"collection":[{"href":"https:\/\/telemme.mmsh.fr\/index.php?rest_route=\/wp\/v2\/tribe_events"}],"about":[{"href":"https:\/\/telemme.mmsh.fr\/index.php?rest_route=\/wp\/v2\/types\/tribe_events"}],"author":[{"embeddable":true,"href":"https:\/\/telemme.mmsh.fr\/index.php?rest_route=\/wp\/v2\/users\/6"}],"version-history":[{"count":2,"href":"https:\/\/telemme.mmsh.fr\/index.php?rest_route=\/wp\/v2\/tribe_events\/9944\/revisions"}],"predecessor-version":[{"id":9949,"href":"https:\/\/telemme.mmsh.fr\/index.php?rest_route=\/wp\/v2\/tribe_events\/9944\/revisions\/9949"}],"wp:featuredmedia":[{"embeddable":true,"href":"https:\/\/telemme.mmsh.fr\/index.php?rest_route=\/wp\/v2\/media\/9943"}],"wp:attachment":[{"href":"https:\/\/telemme.mmsh.fr\/index.php?rest_route=%2Fwp%2Fv2%2Fmedia&parent=9944"}],"wp:term":[{"taxonomy":"post_tag","embeddable":true,"href":"https:\/\/telemme.mmsh.fr\/index.php?rest_route=%2Fwp%2Fv2%2Ftags&post=9944"},{"taxonomy":"tribe_events_cat","embeddable":true,"href":"https:\/\/telemme.mmsh.fr\/index.php?rest_route=%2Fwp%2Fv2%2Ftribe_events_cat&post=9944"}],"curies":[{"name":"wp","href":"https:\/\/api.w.org\/{rel}","templated":true}]}}