{"id":9287,"date":"2021-08-27T16:00:24","date_gmt":"2021-08-27T14:00:24","guid":{"rendered":"https:\/\/telemme.mmsh.fr\/?post_type=tribe_events&#038;p=9287"},"modified":"2021-08-27T16:00:24","modified_gmt":"2021-08-27T14:00:24","slug":"figures-de-la-spiritualite-feminine-dans-les-espaces-catholiques-et-protestants","status":"publish","type":"tribe_events","link":"https:\/\/telemme.mmsh.fr\/?tribe_events=figures-de-la-spiritualite-feminine-dans-les-espaces-catholiques-et-protestants","title":{"rendered":"Figures de la spiritualit\u00e9 f\u00e9minine dans les espaces catholiques et protestants"},"content":{"rendered":"<div style=\"text-align: left;\" align=\"center\">Figures de la spiritualit\u00e9 f\u00e9minine dans les espaces catholiques et protestants (Europe occidentale, XVIe -XVIIIe si\u00e8cles) : les syst\u00e8mes religieux au prisme du genre<\/div>\n<div style=\"text-align: left;\" align=\"center\">Journ\u00e9e d\u2019\u00e9tude LERMA \u2013 TELEMME<\/div>\n<div>GIS Institut du Genre<\/div>\n<div><\/div>\n<div><a href=\"https:\/\/telemme.mmsh.fr\/?evenement=figures-de-la-spiritualite-feminine-dans-les-espaces-catholiques-et-protestants-europe-occidentale-xvie-xviiie-siecles\"><strong>Le programme complet<\/strong><\/a><\/div>\n<p>&nbsp;<\/p>\n","protected":false},"excerpt":{"rendered":"<p>Figures de la spiritualit\u00e9 f\u00e9minine dans les espaces catholiques et protestants (Europe occidentale, XVIe -XVIIIe si\u00e8cles) : les syst\u00e8mes religieux au prisme du genre Journ\u00e9e d\u2019\u00e9tude LERMA \u2013 TELEMME GIS&hellip;&nbsp;<a href=\"https:\/\/telemme.mmsh.fr\/?tribe_events=figures-de-la-spiritualite-feminine-dans-les-espaces-catholiques-et-protestants\" rel=\"bookmark\">Lire la suite &raquo;<span class=\"screen-reader-text\">Figures de la spiritualit\u00e9 f\u00e9minine dans les espaces catholiques et protestants<\/span><\/a><\/p>\n","protected":false},"author":6,"featured_media":9286,"template":"","meta":{"neve_meta_sidebar":"","neve_meta_container":"","neve_meta_enable_content_width":"","neve_meta_content_width":0,"neve_meta_title_alignment":"","neve_meta_author_avatar":"","neve_post_elements_order":"","neve_meta_disable_header":"","neve_meta_disable_footer":"","neve_meta_disable_title":"","_tribe_events_status":"","_tribe_events_status_reason":"","footnotes":""},"tags":[],"tribe_events_cat":[1823],"class_list":["post-9287","tribe_events","type-tribe_events","status-publish","has-post-thumbnail","hentry","tribe_events_cat-journee-detudes","cat_journee-detudes"],"yoast_head":"<!-- This site is optimized with the Yoast SEO plugin v27.4 - https:\/\/yoast.com\/product\/yoast-seo-wordpress\/ -->\n<title>Figures de la spiritualit\u00e9 f\u00e9minine dans les espaces catholiques et protestants - TELEMMe - Temps, espaces, langages, Europe m\u00e9ridionale, M\u00e9diterran\u00e9e<\/title>\n<meta name=\"robots\" content=\"index, follow, max-snippet:-1, max-image-preview:large, max-video-preview:-1\" \/>\n<link rel=\"canonical\" href=\"https:\/\/telemme.mmsh.fr\/?tribe_events=figures-de-la-spiritualite-feminine-dans-les-espaces-catholiques-et-protestants\" \/>\n<meta property=\"og:locale\" content=\"fr_FR\" \/>\n<meta property=\"og:type\" content=\"article\" \/>\n<meta property=\"og:title\" content=\"Figures de la spiritualit\u00e9 f\u00e9minine dans les espaces catholiques et protestants - TELEMMe - Temps, espaces, langages, Europe m\u00e9ridionale, M\u00e9diterran\u00e9e\" \/>\n<meta property=\"og:description\" content=\"Figures de la spiritualit\u00e9 f\u00e9minine dans les espaces catholiques et protestants (Europe occidentale, XVIe -XVIIIe si\u00e8cles) : les syst\u00e8mes religieux au prisme du genre Journ\u00e9e d\u2019\u00e9tude LERMA \u2013 TELEMME GIS&hellip;&nbsp;Lire la suite &raquo;Figures de la spiritualit\u00e9 f\u00e9minine dans les espaces catholiques et protestants\" \/>\n<meta property=\"og:url\" content=\"https:\/\/telemme.mmsh.fr\/?tribe_events=figures-de-la-spiritualite-feminine-dans-les-espaces-catholiques-et-protestants\" \/>\n<meta property=\"og:site_name\" content=\"TELEMMe - Temps, espaces, langages, Europe m\u00e9ridionale, M\u00e9diterran\u00e9e\" \/>\n<meta property=\"og:image\" content=\"https:\/\/telemme.mmsh.fr\/wp-content\/uploads\/2020\/01\/FiguresSpiritualiteFeminine.png\" \/>\n\t<meta property=\"og:image:width\" content=\"450\" \/>\n\t<meta property=\"og:image:height\" content=\"598\" \/>\n\t<meta property=\"og:image:type\" content=\"image\/png\" \/>\n<meta name=\"twitter:card\" content=\"summary_large_image\" \/>\n<script type=\"application\/ld+json\" class=\"yoast-schema-graph\">{\"@context\":\"https:\\\/\\\/schema.org\",\"@graph\":[{\"@type\":\"WebPage\",\"@id\":\"https:\\\/\\\/telemme.mmsh.fr\\\/?tribe_events=figures-de-la-spiritualite-feminine-dans-les-espaces-catholiques-et-protestants\",\"url\":\"https:\\\/\\\/telemme.mmsh.fr\\\/?tribe_events=figures-de-la-spiritualite-feminine-dans-les-espaces-catholiques-et-protestants\",\"name\":\"Figures de la spiritualit\u00e9 f\u00e9minine dans les espaces catholiques et protestants - TELEMMe - Temps, espaces, langages, Europe m\u00e9ridionale, M\u00e9diterran\u00e9e\",\"isPartOf\":{\"@id\":\"https:\\\/\\\/telemme.mmsh.fr\\\/#website\"},\"primaryImageOfPage\":{\"@id\":\"https:\\\/\\\/telemme.mmsh.fr\\\/?tribe_events=figures-de-la-spiritualite-feminine-dans-les-espaces-catholiques-et-protestants#primaryimage\"},\"image\":{\"@id\":\"https:\\\/\\\/telemme.mmsh.fr\\\/?tribe_events=figures-de-la-spiritualite-feminine-dans-les-espaces-catholiques-et-protestants#primaryimage\"},\"thumbnailUrl\":\"https:\\\/\\\/telemme.mmsh.fr\\\/wp-content\\\/uploads\\\/2020\\\/01\\\/FiguresSpiritualiteFeminine.png\",\"datePublished\":\"2021-08-27T14:00:24+00:00\",\"breadcrumb\":{\"@id\":\"https:\\\/\\\/telemme.mmsh.fr\\\/?tribe_events=figures-de-la-spiritualite-feminine-dans-les-espaces-catholiques-et-protestants#breadcrumb\"},\"inLanguage\":\"fr-FR\",\"potentialAction\":[{\"@type\":\"ReadAction\",\"target\":[\"https:\\\/\\\/telemme.mmsh.fr\\\/?tribe_events=figures-de-la-spiritualite-feminine-dans-les-espaces-catholiques-et-protestants\"]}]},{\"@type\":\"ImageObject\",\"inLanguage\":\"fr-FR\",\"@id\":\"https:\\\/\\\/telemme.mmsh.fr\\\/?tribe_events=figures-de-la-spiritualite-feminine-dans-les-espaces-catholiques-et-protestants#primaryimage\",\"url\":\"https:\\\/\\\/telemme.mmsh.fr\\\/wp-content\\\/uploads\\\/2020\\\/01\\\/FiguresSpiritualiteFeminine.png\",\"contentUrl\":\"https:\\\/\\\/telemme.mmsh.fr\\\/wp-content\\\/uploads\\\/2020\\\/01\\\/FiguresSpiritualiteFeminine.png\",\"width\":450,\"height\":598},{\"@type\":\"BreadcrumbList\",\"@id\":\"https:\\\/\\\/telemme.mmsh.fr\\\/?tribe_events=figures-de-la-spiritualite-feminine-dans-les-espaces-catholiques-et-protestants#breadcrumb\",\"itemListElement\":[{\"@type\":\"ListItem\",\"position\":1,\"name\":\"Accueil\",\"item\":\"https:\\\/\\\/telemme.mmsh.fr\\\/\"},{\"@type\":\"ListItem\",\"position\":2,\"name\":\"\u00c9v\u00e8nements\",\"item\":\"https:\\\/\\\/telemme.mmsh.fr\\\/?post_type=tribe_events\"},{\"@type\":\"ListItem\",\"position\":3,\"name\":\"Journ\u00e9e d'\u00e9tudes\",\"item\":\"https:\\\/\\\/telemme.mmsh.fr\\\/?tribe_events_cat=journee-detudes\"},{\"@type\":\"ListItem\",\"position\":4,\"name\":\"Figures de la spiritualit\u00e9 f\u00e9minine dans les espaces catholiques et protestants\"}]},{\"@type\":\"WebSite\",\"@id\":\"https:\\\/\\\/telemme.mmsh.fr\\\/#website\",\"url\":\"https:\\\/\\\/telemme.mmsh.fr\\\/\",\"name\":\"TELEMMe - Temps, espaces, langages, Europe m\u00e9ridionale, M\u00e9diterran\u00e9e\",\"description\":\"\",\"publisher\":{\"@id\":\"https:\\\/\\\/telemme.mmsh.fr\\\/#organization\"},\"potentialAction\":[{\"@type\":\"SearchAction\",\"target\":{\"@type\":\"EntryPoint\",\"urlTemplate\":\"https:\\\/\\\/telemme.mmsh.fr\\\/?s={search_term_string}\"},\"query-input\":{\"@type\":\"PropertyValueSpecification\",\"valueRequired\":true,\"valueName\":\"search_term_string\"}}],\"inLanguage\":\"fr-FR\"},{\"@type\":\"Organization\",\"@id\":\"https:\\\/\\\/telemme.mmsh.fr\\\/#organization\",\"name\":\"TELEMMe\",\"url\":\"https:\\\/\\\/telemme.mmsh.fr\\\/\",\"logo\":{\"@type\":\"ImageObject\",\"inLanguage\":\"fr-FR\",\"@id\":\"https:\\\/\\\/telemme.mmsh.fr\\\/#\\\/schema\\\/logo\\\/image\\\/\",\"url\":\"https:\\\/\\\/telemme.mmsh.fr\\\/wp-content\\\/uploads\\\/2020\\\/03\\\/LogoTELEMMe-horizontal-fond-transparent.png\",\"contentUrl\":\"https:\\\/\\\/telemme.mmsh.fr\\\/wp-content\\\/uploads\\\/2020\\\/03\\\/LogoTELEMMe-horizontal-fond-transparent.png\",\"width\":1500,\"height\":437,\"caption\":\"TELEMMe\"},\"image\":{\"@id\":\"https:\\\/\\\/telemme.mmsh.fr\\\/#\\\/schema\\\/logo\\\/image\\\/\"}}]}<\/script>\n<!-- \/ Yoast SEO plugin. -->","yoast_head_json":{"title":"Figures de la spiritualit\u00e9 f\u00e9minine dans les espaces catholiques et protestants - TELEMMe - Temps, espaces, langages, Europe m\u00e9ridionale, M\u00e9diterran\u00e9e","robots":{"index":"index","follow":"follow","max-snippet":"max-snippet:-1","max-image-preview":"max-image-preview:large","max-video-preview":"max-video-preview:-1"},"canonical":"https:\/\/telemme.mmsh.fr\/?tribe_events=figures-de-la-spiritualite-feminine-dans-les-espaces-catholiques-et-protestants","og_locale":"fr_FR","og_type":"article","og_title":"Figures de la spiritualit\u00e9 f\u00e9minine dans les espaces catholiques et protestants - TELEMMe - Temps, espaces, langages, Europe m\u00e9ridionale, M\u00e9diterran\u00e9e","og_description":"Figures de la spiritualit\u00e9 f\u00e9minine dans les espaces catholiques et protestants (Europe occidentale, XVIe -XVIIIe si\u00e8cles) : les syst\u00e8mes religieux au prisme du genre Journ\u00e9e d\u2019\u00e9tude LERMA \u2013 TELEMME GIS&hellip;&nbsp;Lire la suite &raquo;Figures de la spiritualit\u00e9 f\u00e9minine dans les espaces catholiques et protestants","og_url":"https:\/\/telemme.mmsh.fr\/?tribe_events=figures-de-la-spiritualite-feminine-dans-les-espaces-catholiques-et-protestants","og_site_name":"TELEMMe - Temps, espaces, langages, Europe m\u00e9ridionale, M\u00e9diterran\u00e9e","og_image":[{"width":450,"height":598,"url":"https:\/\/telemme.mmsh.fr\/wp-content\/uploads\/2020\/01\/FiguresSpiritualiteFeminine.png","type":"image\/png"}],"twitter_card":"summary_large_image","schema":{"@context":"https:\/\/schema.org","@graph":[{"@type":"WebPage","@id":"https:\/\/telemme.mmsh.fr\/?tribe_events=figures-de-la-spiritualite-feminine-dans-les-espaces-catholiques-et-protestants","url":"https:\/\/telemme.mmsh.fr\/?tribe_events=figures-de-la-spiritualite-feminine-dans-les-espaces-catholiques-et-protestants","name":"Figures de la spiritualit\u00e9 f\u00e9minine dans les espaces catholiques et protestants - TELEMMe - Temps, espaces, langages, Europe m\u00e9ridionale, M\u00e9diterran\u00e9e","isPartOf":{"@id":"https:\/\/telemme.mmsh.fr\/#website"},"primaryImageOfPage":{"@id":"https:\/\/telemme.mmsh.fr\/?tribe_events=figures-de-la-spiritualite-feminine-dans-les-espaces-catholiques-et-protestants#primaryimage"},"image":{"@id":"https:\/\/telemme.mmsh.fr\/?tribe_events=figures-de-la-spiritualite-feminine-dans-les-espaces-catholiques-et-protestants#primaryimage"},"thumbnailUrl":"https:\/\/telemme.mmsh.fr\/wp-content\/uploads\/2020\/01\/FiguresSpiritualiteFeminine.png","datePublished":"2021-08-27T14:00:24+00:00","breadcrumb":{"@id":"https:\/\/telemme.mmsh.fr\/?tribe_events=figures-de-la-spiritualite-feminine-dans-les-espaces-catholiques-et-protestants#breadcrumb"},"inLanguage":"fr-FR","potentialAction":[{"@type":"ReadAction","target":["https:\/\/telemme.mmsh.fr\/?tribe_events=figures-de-la-spiritualite-feminine-dans-les-espaces-catholiques-et-protestants"]}]},{"@type":"ImageObject","inLanguage":"fr-FR","@id":"https:\/\/telemme.mmsh.fr\/?tribe_events=figures-de-la-spiritualite-feminine-dans-les-espaces-catholiques-et-protestants#primaryimage","url":"https:\/\/telemme.mmsh.fr\/wp-content\/uploads\/2020\/01\/FiguresSpiritualiteFeminine.png","contentUrl":"https:\/\/telemme.mmsh.fr\/wp-content\/uploads\/2020\/01\/FiguresSpiritualiteFeminine.png","width":450,"height":598},{"@type":"BreadcrumbList","@id":"https:\/\/telemme.mmsh.fr\/?tribe_events=figures-de-la-spiritualite-feminine-dans-les-espaces-catholiques-et-protestants#breadcrumb","itemListElement":[{"@type":"ListItem","position":1,"name":"Accueil","item":"https:\/\/telemme.mmsh.fr\/"},{"@type":"ListItem","position":2,"name":"\u00c9v\u00e8nements","item":"https:\/\/telemme.mmsh.fr\/?post_type=tribe_events"},{"@type":"ListItem","position":3,"name":"Journ\u00e9e d'\u00e9tudes","item":"https:\/\/telemme.mmsh.fr\/?tribe_events_cat=journee-detudes"},{"@type":"ListItem","position":4,"name":"Figures de la spiritualit\u00e9 f\u00e9minine dans les espaces catholiques et protestants"}]},{"@type":"WebSite","@id":"https:\/\/telemme.mmsh.fr\/#website","url":"https:\/\/telemme.mmsh.fr\/","name":"TELEMMe - Temps, espaces, langages, Europe m\u00e9ridionale, M\u00e9diterran\u00e9e","description":"","publisher":{"@id":"https:\/\/telemme.mmsh.fr\/#organization"},"potentialAction":[{"@type":"SearchAction","target":{"@type":"EntryPoint","urlTemplate":"https:\/\/telemme.mmsh.fr\/?s={search_term_string}"},"query-input":{"@type":"PropertyValueSpecification","valueRequired":true,"valueName":"search_term_string"}}],"inLanguage":"fr-FR"},{"@type":"Organization","@id":"https:\/\/telemme.mmsh.fr\/#organization","name":"TELEMMe","url":"https:\/\/telemme.mmsh.fr\/","logo":{"@type":"ImageObject","inLanguage":"fr-FR","@id":"https:\/\/telemme.mmsh.fr\/#\/schema\/logo\/image\/","url":"https:\/\/telemme.mmsh.fr\/wp-content\/uploads\/2020\/03\/LogoTELEMMe-horizontal-fond-transparent.png","contentUrl":"https:\/\/telemme.mmsh.fr\/wp-content\/uploads\/2020\/03\/LogoTELEMMe-horizontal-fond-transparent.png","width":1500,"height":437,"caption":"TELEMMe"},"image":{"@id":"https:\/\/telemme.mmsh.fr\/#\/schema\/logo\/image\/"}}]}},"_links":{"self":[{"href":"https:\/\/telemme.mmsh.fr\/index.php?rest_route=\/wp\/v2\/tribe_events\/9287","targetHints":{"allow":["GET"]}}],"collection":[{"href":"https:\/\/telemme.mmsh.fr\/index.php?rest_route=\/wp\/v2\/tribe_events"}],"about":[{"href":"https:\/\/telemme.mmsh.fr\/index.php?rest_route=\/wp\/v2\/types\/tribe_events"}],"author":[{"embeddable":true,"href":"https:\/\/telemme.mmsh.fr\/index.php?rest_route=\/wp\/v2\/users\/6"}],"version-history":[{"count":2,"href":"https:\/\/telemme.mmsh.fr\/index.php?rest_route=\/wp\/v2\/tribe_events\/9287\/revisions"}],"predecessor-version":[{"id":9290,"href":"https:\/\/telemme.mmsh.fr\/index.php?rest_route=\/wp\/v2\/tribe_events\/9287\/revisions\/9290"}],"wp:featuredmedia":[{"embeddable":true,"href":"https:\/\/telemme.mmsh.fr\/index.php?rest_route=\/wp\/v2\/media\/9286"}],"wp:attachment":[{"href":"https:\/\/telemme.mmsh.fr\/index.php?rest_route=%2Fwp%2Fv2%2Fmedia&parent=9287"}],"wp:term":[{"taxonomy":"post_tag","embeddable":true,"href":"https:\/\/telemme.mmsh.fr\/index.php?rest_route=%2Fwp%2Fv2%2Ftags&post=9287"},{"taxonomy":"tribe_events_cat","embeddable":true,"href":"https:\/\/telemme.mmsh.fr\/index.php?rest_route=%2Fwp%2Fv2%2Ftribe_events_cat&post=9287"}],"curies":[{"name":"wp","href":"https:\/\/api.w.org\/{rel}","templated":true}]}}