{"id":9202,"date":"2021-08-25T10:53:24","date_gmt":"2021-08-25T08:53:24","guid":{"rendered":"https:\/\/telemme.mmsh.fr\/?post_type=tribe_events&#038;p=9202"},"modified":"2021-08-25T10:53:24","modified_gmt":"2021-08-25T08:53:24","slug":"chaines-et-maillons-du-commerce-xviie-xixe-siecle-seance-4","status":"publish","type":"tribe_events","link":"https:\/\/telemme.mmsh.fr\/?tribe_events=chaines-et-maillons-du-commerce-xviie-xixe-siecle-seance-4","title":{"rendered":"Cha\u00eenes et maillons du commerce, XVIIe-XIXe si\u00e8cle (s\u00e9ance 4)"},"content":{"rendered":"<p>Mercredi 15 septembre 2021 de 14h \u00e0 16h30 | S\u00e9ance de s\u00e9minaire organis\u00e9e par Gilbert Buti, Anne Montenach et Olivier Raveux, groupe \u00ab Les \u00e9conomies m\u00e9diterran\u00e9ennes et leurs environnements \u00bb &#8211; TELEMMe (AMU-CNRS)<\/p>\n<p><a href=\"https:\/\/telemme.mmsh.fr\/?evenement=chaines-et-maillons-du-commerce-xviie-xixe-siecle-seance-4\"><strong>Programme complet<\/strong><\/a><\/p>\n","protected":false},"excerpt":{"rendered":"<p>Mercredi 15 septembre 2021 de 14h \u00e0 16h30 | S\u00e9ance de s\u00e9minaire organis\u00e9e par Gilbert Buti, Anne Montenach et Olivier Raveux, groupe \u00ab Les \u00e9conomies m\u00e9diterran\u00e9ennes et leurs environnements \u00bb&hellip;&nbsp;<a href=\"https:\/\/telemme.mmsh.fr\/?tribe_events=chaines-et-maillons-du-commerce-xviie-xixe-siecle-seance-4\" rel=\"bookmark\">Lire la suite &raquo;<span class=\"screen-reader-text\">Cha\u00eenes et maillons du commerce, XVIIe-XIXe si\u00e8cle (s\u00e9ance 4)<\/span><\/a><\/p>\n","protected":false},"author":6,"featured_media":9201,"template":"","meta":{"neve_meta_sidebar":"","neve_meta_container":"","neve_meta_enable_content_width":"","neve_meta_content_width":0,"neve_meta_title_alignment":"","neve_meta_author_avatar":"","neve_post_elements_order":"","neve_meta_disable_header":"","neve_meta_disable_footer":"","neve_meta_disable_title":"","_tribe_events_status":"","_tribe_events_status_reason":"","footnotes":""},"tags":[2069],"tribe_events_cat":[1831],"class_list":["post-9202","tribe_events","type-tribe_events","status-publish","has-post-thumbnail","hentry","tag-3-1-les-economies-mediterraneennes-et-leurs-environnements","tribe_events_cat-seminaire","cat_seminaire"],"yoast_head":"<!-- This site is optimized with the Yoast SEO plugin v27.4 - https:\/\/yoast.com\/product\/yoast-seo-wordpress\/ -->\n<title>Cha\u00eenes et maillons du commerce, XVIIe-XIXe si\u00e8cle (s\u00e9ance 4) - TELEMMe - Temps, espaces, langages, Europe m\u00e9ridionale, M\u00e9diterran\u00e9e<\/title>\n<meta name=\"robots\" content=\"index, follow, max-snippet:-1, max-image-preview:large, max-video-preview:-1\" \/>\n<link rel=\"canonical\" href=\"https:\/\/telemme.mmsh.fr\/?tribe_events=chaines-et-maillons-du-commerce-xviie-xixe-siecle-seance-4\" \/>\n<meta property=\"og:locale\" content=\"fr_FR\" \/>\n<meta property=\"og:type\" content=\"article\" \/>\n<meta property=\"og:title\" content=\"Cha\u00eenes et maillons du commerce, XVIIe-XIXe si\u00e8cle (s\u00e9ance 4) - TELEMMe - Temps, espaces, langages, Europe m\u00e9ridionale, M\u00e9diterran\u00e9e\" \/>\n<meta property=\"og:description\" content=\"Mercredi 15 septembre 2021 de 14h \u00e0 16h30 | S\u00e9ance de s\u00e9minaire organis\u00e9e par Gilbert Buti, Anne Montenach et Olivier Raveux, groupe \u00ab Les \u00e9conomies m\u00e9diterran\u00e9ennes et leurs environnements \u00bb&hellip;&nbsp;Lire la suite &raquo;Cha\u00eenes et maillons du commerce, XVIIe-XIXe si\u00e8cle (s\u00e9ance 4)\" \/>\n<meta property=\"og:url\" content=\"https:\/\/telemme.mmsh.fr\/?tribe_events=chaines-et-maillons-du-commerce-xviie-xixe-siecle-seance-4\" \/>\n<meta property=\"og:site_name\" content=\"TELEMMe - Temps, espaces, langages, Europe m\u00e9ridionale, M\u00e9diterran\u00e9e\" \/>\n<meta property=\"og:image\" content=\"https:\/\/telemme.mmsh.fr\/wp-content\/uploads\/2021\/08\/Vue-de-Port-au-Prince.jpeg\" \/>\n\t<meta property=\"og:image:width\" content=\"1536\" \/>\n\t<meta property=\"og:image:height\" content=\"1006\" \/>\n\t<meta property=\"og:image:type\" content=\"image\/jpeg\" \/>\n<meta name=\"twitter:card\" content=\"summary_large_image\" \/>\n<meta name=\"twitter:label1\" content=\"Dur\u00e9e de lecture estim\u00e9e\" \/>\n\t<meta name=\"twitter:data1\" content=\"1 minute\" \/>\n<script type=\"application\/ld+json\" class=\"yoast-schema-graph\">{\"@context\":\"https:\\\/\\\/schema.org\",\"@graph\":[{\"@type\":\"WebPage\",\"@id\":\"https:\\\/\\\/telemme.mmsh.fr\\\/?tribe_events=chaines-et-maillons-du-commerce-xviie-xixe-siecle-seance-4\",\"url\":\"https:\\\/\\\/telemme.mmsh.fr\\\/?tribe_events=chaines-et-maillons-du-commerce-xviie-xixe-siecle-seance-4\",\"name\":\"Cha\u00eenes et maillons du commerce, XVIIe-XIXe si\u00e8cle (s\u00e9ance 4) - TELEMMe - Temps, espaces, langages, Europe m\u00e9ridionale, M\u00e9diterran\u00e9e\",\"isPartOf\":{\"@id\":\"https:\\\/\\\/telemme.mmsh.fr\\\/#website\"},\"primaryImageOfPage\":{\"@id\":\"https:\\\/\\\/telemme.mmsh.fr\\\/?tribe_events=chaines-et-maillons-du-commerce-xviie-xixe-siecle-seance-4#primaryimage\"},\"image\":{\"@id\":\"https:\\\/\\\/telemme.mmsh.fr\\\/?tribe_events=chaines-et-maillons-du-commerce-xviie-xixe-siecle-seance-4#primaryimage\"},\"thumbnailUrl\":\"https:\\\/\\\/telemme.mmsh.fr\\\/wp-content\\\/uploads\\\/2021\\\/08\\\/Vue-de-Port-au-Prince.jpeg\",\"datePublished\":\"2021-08-25T08:53:24+00:00\",\"breadcrumb\":{\"@id\":\"https:\\\/\\\/telemme.mmsh.fr\\\/?tribe_events=chaines-et-maillons-du-commerce-xviie-xixe-siecle-seance-4#breadcrumb\"},\"inLanguage\":\"fr-FR\",\"potentialAction\":[{\"@type\":\"ReadAction\",\"target\":[\"https:\\\/\\\/telemme.mmsh.fr\\\/?tribe_events=chaines-et-maillons-du-commerce-xviie-xixe-siecle-seance-4\"]}]},{\"@type\":\"ImageObject\",\"inLanguage\":\"fr-FR\",\"@id\":\"https:\\\/\\\/telemme.mmsh.fr\\\/?tribe_events=chaines-et-maillons-du-commerce-xviie-xixe-siecle-seance-4#primaryimage\",\"url\":\"https:\\\/\\\/telemme.mmsh.fr\\\/wp-content\\\/uploads\\\/2021\\\/08\\\/Vue-de-Port-au-Prince.jpeg\",\"contentUrl\":\"https:\\\/\\\/telemme.mmsh.fr\\\/wp-content\\\/uploads\\\/2021\\\/08\\\/Vue-de-Port-au-Prince.jpeg\",\"width\":1536,\"height\":1006,\"caption\":\"IBnF dans Nicolas Ponce, M\u00e9d\u00e9ric Louis \u00c9lie Moreau de Saint-M\u00e9ry, Illustrations de Recueil de vues des lieux principaux de la colonie fran\u00e7oise de Saint-Domingue, 1795, planche V\"},{\"@type\":\"BreadcrumbList\",\"@id\":\"https:\\\/\\\/telemme.mmsh.fr\\\/?tribe_events=chaines-et-maillons-du-commerce-xviie-xixe-siecle-seance-4#breadcrumb\",\"itemListElement\":[{\"@type\":\"ListItem\",\"position\":1,\"name\":\"Accueil\",\"item\":\"https:\\\/\\\/telemme.mmsh.fr\\\/\"},{\"@type\":\"ListItem\",\"position\":2,\"name\":\"\u00c9v\u00e8nements\",\"item\":\"https:\\\/\\\/telemme.mmsh.fr\\\/?post_type=tribe_events\"},{\"@type\":\"ListItem\",\"position\":3,\"name\":\"S\u00e9minaire\",\"item\":\"https:\\\/\\\/telemme.mmsh.fr\\\/?tribe_events_cat=seminaire\"},{\"@type\":\"ListItem\",\"position\":4,\"name\":\"Cha\u00eenes et maillons du commerce, XVIIe-XIXe si\u00e8cle (s\u00e9ance 4)\"}]},{\"@type\":\"WebSite\",\"@id\":\"https:\\\/\\\/telemme.mmsh.fr\\\/#website\",\"url\":\"https:\\\/\\\/telemme.mmsh.fr\\\/\",\"name\":\"TELEMMe - Temps, espaces, langages, Europe m\u00e9ridionale, M\u00e9diterran\u00e9e\",\"description\":\"\",\"publisher\":{\"@id\":\"https:\\\/\\\/telemme.mmsh.fr\\\/#organization\"},\"potentialAction\":[{\"@type\":\"SearchAction\",\"target\":{\"@type\":\"EntryPoint\",\"urlTemplate\":\"https:\\\/\\\/telemme.mmsh.fr\\\/?s={search_term_string}\"},\"query-input\":{\"@type\":\"PropertyValueSpecification\",\"valueRequired\":true,\"valueName\":\"search_term_string\"}}],\"inLanguage\":\"fr-FR\"},{\"@type\":\"Organization\",\"@id\":\"https:\\\/\\\/telemme.mmsh.fr\\\/#organization\",\"name\":\"TELEMMe\",\"url\":\"https:\\\/\\\/telemme.mmsh.fr\\\/\",\"logo\":{\"@type\":\"ImageObject\",\"inLanguage\":\"fr-FR\",\"@id\":\"https:\\\/\\\/telemme.mmsh.fr\\\/#\\\/schema\\\/logo\\\/image\\\/\",\"url\":\"https:\\\/\\\/telemme.mmsh.fr\\\/wp-content\\\/uploads\\\/2020\\\/03\\\/LogoTELEMMe-horizontal-fond-transparent.png\",\"contentUrl\":\"https:\\\/\\\/telemme.mmsh.fr\\\/wp-content\\\/uploads\\\/2020\\\/03\\\/LogoTELEMMe-horizontal-fond-transparent.png\",\"width\":1500,\"height\":437,\"caption\":\"TELEMMe\"},\"image\":{\"@id\":\"https:\\\/\\\/telemme.mmsh.fr\\\/#\\\/schema\\\/logo\\\/image\\\/\"}}]}<\/script>\n<!-- \/ Yoast SEO plugin. -->","yoast_head_json":{"title":"Cha\u00eenes et maillons du commerce, XVIIe-XIXe si\u00e8cle (s\u00e9ance 4) - TELEMMe - Temps, espaces, langages, Europe m\u00e9ridionale, M\u00e9diterran\u00e9e","robots":{"index":"index","follow":"follow","max-snippet":"max-snippet:-1","max-image-preview":"max-image-preview:large","max-video-preview":"max-video-preview:-1"},"canonical":"https:\/\/telemme.mmsh.fr\/?tribe_events=chaines-et-maillons-du-commerce-xviie-xixe-siecle-seance-4","og_locale":"fr_FR","og_type":"article","og_title":"Cha\u00eenes et maillons du commerce, XVIIe-XIXe si\u00e8cle (s\u00e9ance 4) - TELEMMe - Temps, espaces, langages, Europe m\u00e9ridionale, M\u00e9diterran\u00e9e","og_description":"Mercredi 15 septembre 2021 de 14h \u00e0 16h30 | S\u00e9ance de s\u00e9minaire organis\u00e9e par Gilbert Buti, Anne Montenach et Olivier Raveux, groupe \u00ab Les \u00e9conomies m\u00e9diterran\u00e9ennes et leurs environnements \u00bb&hellip;&nbsp;Lire la suite &raquo;Cha\u00eenes et maillons du commerce, XVIIe-XIXe si\u00e8cle (s\u00e9ance 4)","og_url":"https:\/\/telemme.mmsh.fr\/?tribe_events=chaines-et-maillons-du-commerce-xviie-xixe-siecle-seance-4","og_site_name":"TELEMMe - Temps, espaces, langages, Europe m\u00e9ridionale, M\u00e9diterran\u00e9e","og_image":[{"width":1536,"height":1006,"url":"https:\/\/telemme.mmsh.fr\/wp-content\/uploads\/2021\/08\/Vue-de-Port-au-Prince.jpeg","type":"image\/jpeg"}],"twitter_card":"summary_large_image","twitter_misc":{"Dur\u00e9e de lecture estim\u00e9e":"1 minute"},"schema":{"@context":"https:\/\/schema.org","@graph":[{"@type":"WebPage","@id":"https:\/\/telemme.mmsh.fr\/?tribe_events=chaines-et-maillons-du-commerce-xviie-xixe-siecle-seance-4","url":"https:\/\/telemme.mmsh.fr\/?tribe_events=chaines-et-maillons-du-commerce-xviie-xixe-siecle-seance-4","name":"Cha\u00eenes et maillons du commerce, XVIIe-XIXe si\u00e8cle (s\u00e9ance 4) - TELEMMe - Temps, espaces, langages, Europe m\u00e9ridionale, M\u00e9diterran\u00e9e","isPartOf":{"@id":"https:\/\/telemme.mmsh.fr\/#website"},"primaryImageOfPage":{"@id":"https:\/\/telemme.mmsh.fr\/?tribe_events=chaines-et-maillons-du-commerce-xviie-xixe-siecle-seance-4#primaryimage"},"image":{"@id":"https:\/\/telemme.mmsh.fr\/?tribe_events=chaines-et-maillons-du-commerce-xviie-xixe-siecle-seance-4#primaryimage"},"thumbnailUrl":"https:\/\/telemme.mmsh.fr\/wp-content\/uploads\/2021\/08\/Vue-de-Port-au-Prince.jpeg","datePublished":"2021-08-25T08:53:24+00:00","breadcrumb":{"@id":"https:\/\/telemme.mmsh.fr\/?tribe_events=chaines-et-maillons-du-commerce-xviie-xixe-siecle-seance-4#breadcrumb"},"inLanguage":"fr-FR","potentialAction":[{"@type":"ReadAction","target":["https:\/\/telemme.mmsh.fr\/?tribe_events=chaines-et-maillons-du-commerce-xviie-xixe-siecle-seance-4"]}]},{"@type":"ImageObject","inLanguage":"fr-FR","@id":"https:\/\/telemme.mmsh.fr\/?tribe_events=chaines-et-maillons-du-commerce-xviie-xixe-siecle-seance-4#primaryimage","url":"https:\/\/telemme.mmsh.fr\/wp-content\/uploads\/2021\/08\/Vue-de-Port-au-Prince.jpeg","contentUrl":"https:\/\/telemme.mmsh.fr\/wp-content\/uploads\/2021\/08\/Vue-de-Port-au-Prince.jpeg","width":1536,"height":1006,"caption":"IBnF dans Nicolas Ponce, M\u00e9d\u00e9ric Louis \u00c9lie Moreau de Saint-M\u00e9ry, Illustrations de Recueil de vues des lieux principaux de la colonie fran\u00e7oise de Saint-Domingue, 1795, planche V"},{"@type":"BreadcrumbList","@id":"https:\/\/telemme.mmsh.fr\/?tribe_events=chaines-et-maillons-du-commerce-xviie-xixe-siecle-seance-4#breadcrumb","itemListElement":[{"@type":"ListItem","position":1,"name":"Accueil","item":"https:\/\/telemme.mmsh.fr\/"},{"@type":"ListItem","position":2,"name":"\u00c9v\u00e8nements","item":"https:\/\/telemme.mmsh.fr\/?post_type=tribe_events"},{"@type":"ListItem","position":3,"name":"S\u00e9minaire","item":"https:\/\/telemme.mmsh.fr\/?tribe_events_cat=seminaire"},{"@type":"ListItem","position":4,"name":"Cha\u00eenes et maillons du commerce, XVIIe-XIXe si\u00e8cle (s\u00e9ance 4)"}]},{"@type":"WebSite","@id":"https:\/\/telemme.mmsh.fr\/#website","url":"https:\/\/telemme.mmsh.fr\/","name":"TELEMMe - Temps, espaces, langages, Europe m\u00e9ridionale, M\u00e9diterran\u00e9e","description":"","publisher":{"@id":"https:\/\/telemme.mmsh.fr\/#organization"},"potentialAction":[{"@type":"SearchAction","target":{"@type":"EntryPoint","urlTemplate":"https:\/\/telemme.mmsh.fr\/?s={search_term_string}"},"query-input":{"@type":"PropertyValueSpecification","valueRequired":true,"valueName":"search_term_string"}}],"inLanguage":"fr-FR"},{"@type":"Organization","@id":"https:\/\/telemme.mmsh.fr\/#organization","name":"TELEMMe","url":"https:\/\/telemme.mmsh.fr\/","logo":{"@type":"ImageObject","inLanguage":"fr-FR","@id":"https:\/\/telemme.mmsh.fr\/#\/schema\/logo\/image\/","url":"https:\/\/telemme.mmsh.fr\/wp-content\/uploads\/2020\/03\/LogoTELEMMe-horizontal-fond-transparent.png","contentUrl":"https:\/\/telemme.mmsh.fr\/wp-content\/uploads\/2020\/03\/LogoTELEMMe-horizontal-fond-transparent.png","width":1500,"height":437,"caption":"TELEMMe"},"image":{"@id":"https:\/\/telemme.mmsh.fr\/#\/schema\/logo\/image\/"}}]}},"_links":{"self":[{"href":"https:\/\/telemme.mmsh.fr\/index.php?rest_route=\/wp\/v2\/tribe_events\/9202","targetHints":{"allow":["GET"]}}],"collection":[{"href":"https:\/\/telemme.mmsh.fr\/index.php?rest_route=\/wp\/v2\/tribe_events"}],"about":[{"href":"https:\/\/telemme.mmsh.fr\/index.php?rest_route=\/wp\/v2\/types\/tribe_events"}],"author":[{"embeddable":true,"href":"https:\/\/telemme.mmsh.fr\/index.php?rest_route=\/wp\/v2\/users\/6"}],"version-history":[{"count":2,"href":"https:\/\/telemme.mmsh.fr\/index.php?rest_route=\/wp\/v2\/tribe_events\/9202\/revisions"}],"predecessor-version":[{"id":9208,"href":"https:\/\/telemme.mmsh.fr\/index.php?rest_route=\/wp\/v2\/tribe_events\/9202\/revisions\/9208"}],"wp:featuredmedia":[{"embeddable":true,"href":"https:\/\/telemme.mmsh.fr\/index.php?rest_route=\/wp\/v2\/media\/9201"}],"wp:attachment":[{"href":"https:\/\/telemme.mmsh.fr\/index.php?rest_route=%2Fwp%2Fv2%2Fmedia&parent=9202"}],"wp:term":[{"taxonomy":"post_tag","embeddable":true,"href":"https:\/\/telemme.mmsh.fr\/index.php?rest_route=%2Fwp%2Fv2%2Ftags&post=9202"},{"taxonomy":"tribe_events_cat","embeddable":true,"href":"https:\/\/telemme.mmsh.fr\/index.php?rest_route=%2Fwp%2Fv2%2Ftribe_events_cat&post=9202"}],"curies":[{"name":"wp","href":"https:\/\/api.w.org\/{rel}","templated":true}]}}