{"id":9177,"date":"2021-08-23T15:29:13","date_gmt":"2021-08-23T13:29:13","guid":{"rendered":"https:\/\/telemme.mmsh.fr\/?post_type=tribe_events&#038;p=9177"},"modified":"2021-09-27T11:11:41","modified_gmt":"2021-09-27T09:11:41","slug":"droits-des-choses-droits-des-personnes","status":"publish","type":"tribe_events","link":"https:\/\/telemme.mmsh.fr\/?tribe_events=droits-des-choses-droits-des-personnes","title":{"rendered":"Citoyennet\u00e9s au nord et au sud de la M\u00e9diterran\u00e9e. Droits des choses, droits des personnes (XVIe-XXIe s.)"},"content":{"rendered":"<p><em>Droits des choses, Droits des personnes. Citoyennet\u00e9s au nord et au sud de la M\u00e9diterran\u00e9e (XVIe-XXIe s.)<\/em>, colloque conclusif de l\u2019<a href=\"https:\/\/telemme.mmsh.fr\/?post_type=projets&amp;p=4557\">ANR PROCIT<\/a> coordonn\u00e9 par Simona Cerutti (EHESS), Thomas Glesener (AMU),\u00a0 Isabelle Grangaud (CNRS) et et Jean-Baptiste Xambo (LaSSA). Entr\u00e9e basse Fort Saint-Jean, 201 quai du Port.<\/p>\n<p>Depuis cinq ans, une \u00e9quipe de seize historiens et historiennes m\u00e8ne un travail comparatif sur la fa\u00e7on dont se fa\u00e7onnent les droits de l\u2019appartenance dans les soci\u00e9t\u00e9s du nord et du sud de la M\u00e9diterran\u00e9e, et en particulier sur le r\u00f4le des choses dans ces processus. De cette collaboration dense va na\u00eetre un ouvrage collectif dessinant une nouvelle carte de la citoyennet\u00e9, qui se d\u00e9partit des clivages spatiaux et temporels couramment admis r\u00e9servant la citoyennet\u00e9 \u00e0 la modernit\u00e9 occidentale.<\/p>\n<p>Outre le partage avec le public des principaux r\u00e9sultats de ces enqu\u00eates, ce colloque constitue la premi\u00e8re occasion de confronter ces textes \u00e0 la lecture de sp\u00e9cialistes des questions abord\u00e9es, r\u00e9unis autour des trois axes th\u00e9matiques qui structurent l\u2019ouvrage : la transmission, la charit\u00e9 et le march\u00e9.<\/p>\n<p><b class=\"\"><span class=\"\" style=\"color: #000000; font-family: Helvetica Neue;\">Entr\u00e9e libre (ou par visioconf\u00e9rence) sur inscription \u00e0 :\u00a0<a class=\"\" href=\"mailto:jxambo@gmail.com\" target=\"_blank\" rel=\"noopener noreferrer\">jxambo@gmail.com<\/a>\u00a0<\/span><\/b><\/p>\n<p><a href=\"https:\/\/telemme.mmsh.fr\/?evenement=droits-des-choses-droits-des-personnes-xvie-xxie-siecles\"><strong>Programme complet<\/strong><\/a><\/p>\n","protected":false},"excerpt":{"rendered":"<p>Droits des choses, Droits des personnes. Citoyennet\u00e9s au nord et au sud de la M\u00e9diterran\u00e9e (XVIe-XXIe s.), colloque conclusif de l\u2019ANR PROCIT coordonn\u00e9 par Simona Cerutti (EHESS), Thomas Glesener (AMU),\u00a0 Isabelle Grangaud (CNRS) et et Jean-Baptiste Xambo (LaSSA). Entr\u00e9e basse Fort Saint-Jean, 201 quai du Port.<\/p>\n","protected":false},"author":6,"featured_media":9178,"template":"","meta":{"neve_meta_sidebar":"","neve_meta_container":"","neve_meta_enable_content_width":"","neve_meta_content_width":0,"neve_meta_title_alignment":"","neve_meta_author_avatar":"","neve_post_elements_order":"","neve_meta_disable_header":"","neve_meta_disable_footer":"","neve_meta_disable_title":"","_tribe_events_status":"","_tribe_events_status_reason":"","footnotes":""},"tags":[2064],"tribe_events_cat":[2063],"class_list":["post-9177","tribe_events","type-tribe_events","status-publish","has-post-thumbnail","hentry","tag-procit","tribe_events_cat-colloque","cat_colloque"],"yoast_head":"<!-- This site is optimized with the Yoast SEO plugin v27.4 - https:\/\/yoast.com\/product\/yoast-seo-wordpress\/ -->\n<title>Citoyennet\u00e9s au nord et au sud de la M\u00e9diterran\u00e9e. Droits des choses, droits des personnes (XVIe-XXIe s.) - TELEMMe - Temps, espaces, langages, Europe m\u00e9ridionale, M\u00e9diterran\u00e9e<\/title>\n<meta name=\"description\" content=\"Droits des choses, Droits des personnes. Citoyennet\u00e9s au nord et au sud de la M\u00e9diterran\u00e9e (XVIe-XXIe s.), colloque conclusif de l\u2019ANR PROCIT coordonn\u00e9 par Simona Cerutti (EHESS), Thomas Glesener (AMU),\u00a0 Isabelle Grangaud (CNRS) et et Jean-Baptiste Xambo (LaSSA). Entr\u00e9e basse Fort Saint-Jean, 201 quai du Port.\" \/>\n<meta name=\"robots\" content=\"index, follow, max-snippet:-1, max-image-preview:large, max-video-preview:-1\" \/>\n<link rel=\"canonical\" href=\"https:\/\/telemme.mmsh.fr\/?tribe_events=droits-des-choses-droits-des-personnes\" \/>\n<meta property=\"og:locale\" content=\"fr_FR\" \/>\n<meta property=\"og:type\" content=\"article\" \/>\n<meta property=\"og:title\" content=\"Citoyennet\u00e9s au nord et au sud de la M\u00e9diterran\u00e9e. Droits des choses, droits des personnes (XVIe-XXIe s.) - TELEMMe - Temps, espaces, langages, Europe m\u00e9ridionale, M\u00e9diterran\u00e9e\" \/>\n<meta property=\"og:description\" content=\"Droits des choses, Droits des personnes. Citoyennet\u00e9s au nord et au sud de la M\u00e9diterran\u00e9e (XVIe-XXIe s.), colloque conclusif de l\u2019ANR PROCIT coordonn\u00e9 par Simona Cerutti (EHESS), Thomas Glesener (AMU),\u00a0 Isabelle Grangaud (CNRS) et et Jean-Baptiste Xambo (LaSSA). Entr\u00e9e basse Fort Saint-Jean, 201 quai du Port.\" \/>\n<meta property=\"og:url\" content=\"https:\/\/telemme.mmsh.fr\/?tribe_events=droits-des-choses-droits-des-personnes\" \/>\n<meta property=\"og:site_name\" content=\"TELEMMe - Temps, espaces, langages, Europe m\u00e9ridionale, M\u00e9diterran\u00e9e\" \/>\n<meta property=\"article:modified_time\" content=\"2021-09-27T09:11:41+00:00\" \/>\n<meta property=\"og:image\" content=\"https:\/\/telemme.mmsh.fr\/wp-content\/uploads\/2021\/08\/2021.09.29_PROCIT.jpeg\" \/>\n\t<meta property=\"og:image:width\" content=\"796\" \/>\n\t<meta property=\"og:image:height\" content=\"601\" \/>\n\t<meta property=\"og:image:type\" content=\"image\/jpeg\" \/>\n<meta name=\"twitter:card\" content=\"summary_large_image\" \/>\n<meta name=\"twitter:label1\" content=\"Dur\u00e9e de lecture estim\u00e9e\" \/>\n\t<meta name=\"twitter:data1\" content=\"1 minute\" \/>\n<script type=\"application\/ld+json\" class=\"yoast-schema-graph\">{\"@context\":\"https:\\\/\\\/schema.org\",\"@graph\":[{\"@type\":\"WebPage\",\"@id\":\"https:\\\/\\\/telemme.mmsh.fr\\\/?tribe_events=droits-des-choses-droits-des-personnes\",\"url\":\"https:\\\/\\\/telemme.mmsh.fr\\\/?tribe_events=droits-des-choses-droits-des-personnes\",\"name\":\"Citoyennet\u00e9s au nord et au sud de la M\u00e9diterran\u00e9e. Droits des choses, droits des personnes (XVIe-XXIe s.) - TELEMMe - Temps, espaces, langages, Europe m\u00e9ridionale, M\u00e9diterran\u00e9e\",\"isPartOf\":{\"@id\":\"https:\\\/\\\/telemme.mmsh.fr\\\/#website\"},\"primaryImageOfPage\":{\"@id\":\"https:\\\/\\\/telemme.mmsh.fr\\\/?tribe_events=droits-des-choses-droits-des-personnes#primaryimage\"},\"image\":{\"@id\":\"https:\\\/\\\/telemme.mmsh.fr\\\/?tribe_events=droits-des-choses-droits-des-personnes#primaryimage\"},\"thumbnailUrl\":\"https:\\\/\\\/telemme.mmsh.fr\\\/wp-content\\\/uploads\\\/2021\\\/08\\\/2021.09.29_PROCIT.jpeg\",\"datePublished\":\"2021-08-23T13:29:13+00:00\",\"dateModified\":\"2021-09-27T09:11:41+00:00\",\"description\":\"Droits des choses, Droits des personnes. Citoyennet\u00e9s au nord et au sud de la M\u00e9diterran\u00e9e (XVIe-XXIe s.), colloque conclusif de l\u2019ANR PROCIT coordonn\u00e9 par Simona Cerutti (EHESS), Thomas Glesener (AMU),\u00a0 Isabelle Grangaud (CNRS) et et Jean-Baptiste Xambo (LaSSA). Entr\u00e9e basse Fort Saint-Jean, 201 quai du Port.\",\"breadcrumb\":{\"@id\":\"https:\\\/\\\/telemme.mmsh.fr\\\/?tribe_events=droits-des-choses-droits-des-personnes#breadcrumb\"},\"inLanguage\":\"fr-FR\",\"potentialAction\":[{\"@type\":\"ReadAction\",\"target\":[\"https:\\\/\\\/telemme.mmsh.fr\\\/?tribe_events=droits-des-choses-droits-des-personnes\"]}]},{\"@type\":\"ImageObject\",\"inLanguage\":\"fr-FR\",\"@id\":\"https:\\\/\\\/telemme.mmsh.fr\\\/?tribe_events=droits-des-choses-droits-des-personnes#primaryimage\",\"url\":\"https:\\\/\\\/telemme.mmsh.fr\\\/wp-content\\\/uploads\\\/2021\\\/08\\\/2021.09.29_PROCIT.jpeg\",\"contentUrl\":\"https:\\\/\\\/telemme.mmsh.fr\\\/wp-content\\\/uploads\\\/2021\\\/08\\\/2021.09.29_PROCIT.jpeg\",\"width\":796,\"height\":601,\"caption\":\"\u00a9 Airair, Squat \u00e0 Paris - 59 rue de Rivoli, CC BY-SA 3.0\"},{\"@type\":\"BreadcrumbList\",\"@id\":\"https:\\\/\\\/telemme.mmsh.fr\\\/?tribe_events=droits-des-choses-droits-des-personnes#breadcrumb\",\"itemListElement\":[{\"@type\":\"ListItem\",\"position\":1,\"name\":\"Accueil\",\"item\":\"https:\\\/\\\/telemme.mmsh.fr\\\/\"},{\"@type\":\"ListItem\",\"position\":2,\"name\":\"\u00c9v\u00e8nements\",\"item\":\"https:\\\/\\\/telemme.mmsh.fr\\\/?post_type=tribe_events\"},{\"@type\":\"ListItem\",\"position\":3,\"name\":\"Colloque\",\"item\":\"https:\\\/\\\/telemme.mmsh.fr\\\/?tribe_events_cat=colloque\"},{\"@type\":\"ListItem\",\"position\":4,\"name\":\"Citoyennet\u00e9s au nord et au sud de la M\u00e9diterran\u00e9e. Droits des choses, droits des personnes (XVIe-XXIe s.)\"}]},{\"@type\":\"WebSite\",\"@id\":\"https:\\\/\\\/telemme.mmsh.fr\\\/#website\",\"url\":\"https:\\\/\\\/telemme.mmsh.fr\\\/\",\"name\":\"TELEMMe - Temps, espaces, langages, Europe m\u00e9ridionale, M\u00e9diterran\u00e9e\",\"description\":\"\",\"publisher\":{\"@id\":\"https:\\\/\\\/telemme.mmsh.fr\\\/#organization\"},\"potentialAction\":[{\"@type\":\"SearchAction\",\"target\":{\"@type\":\"EntryPoint\",\"urlTemplate\":\"https:\\\/\\\/telemme.mmsh.fr\\\/?s={search_term_string}\"},\"query-input\":{\"@type\":\"PropertyValueSpecification\",\"valueRequired\":true,\"valueName\":\"search_term_string\"}}],\"inLanguage\":\"fr-FR\"},{\"@type\":\"Organization\",\"@id\":\"https:\\\/\\\/telemme.mmsh.fr\\\/#organization\",\"name\":\"TELEMMe\",\"url\":\"https:\\\/\\\/telemme.mmsh.fr\\\/\",\"logo\":{\"@type\":\"ImageObject\",\"inLanguage\":\"fr-FR\",\"@id\":\"https:\\\/\\\/telemme.mmsh.fr\\\/#\\\/schema\\\/logo\\\/image\\\/\",\"url\":\"https:\\\/\\\/telemme.mmsh.fr\\\/wp-content\\\/uploads\\\/2020\\\/03\\\/LogoTELEMMe-horizontal-fond-transparent.png\",\"contentUrl\":\"https:\\\/\\\/telemme.mmsh.fr\\\/wp-content\\\/uploads\\\/2020\\\/03\\\/LogoTELEMMe-horizontal-fond-transparent.png\",\"width\":1500,\"height\":437,\"caption\":\"TELEMMe\"},\"image\":{\"@id\":\"https:\\\/\\\/telemme.mmsh.fr\\\/#\\\/schema\\\/logo\\\/image\\\/\"}}]}<\/script>\n<!-- \/ Yoast SEO plugin. -->","yoast_head_json":{"title":"Citoyennet\u00e9s au nord et au sud de la M\u00e9diterran\u00e9e. Droits des choses, droits des personnes (XVIe-XXIe s.) - TELEMMe - Temps, espaces, langages, Europe m\u00e9ridionale, M\u00e9diterran\u00e9e","description":"Droits des choses, Droits des personnes. Citoyennet\u00e9s au nord et au sud de la M\u00e9diterran\u00e9e (XVIe-XXIe s.), colloque conclusif de l\u2019ANR PROCIT coordonn\u00e9 par Simona Cerutti (EHESS), Thomas Glesener (AMU),\u00a0 Isabelle Grangaud (CNRS) et et Jean-Baptiste Xambo (LaSSA). Entr\u00e9e basse Fort Saint-Jean, 201 quai du Port.","robots":{"index":"index","follow":"follow","max-snippet":"max-snippet:-1","max-image-preview":"max-image-preview:large","max-video-preview":"max-video-preview:-1"},"canonical":"https:\/\/telemme.mmsh.fr\/?tribe_events=droits-des-choses-droits-des-personnes","og_locale":"fr_FR","og_type":"article","og_title":"Citoyennet\u00e9s au nord et au sud de la M\u00e9diterran\u00e9e. Droits des choses, droits des personnes (XVIe-XXIe s.) - TELEMMe - Temps, espaces, langages, Europe m\u00e9ridionale, M\u00e9diterran\u00e9e","og_description":"Droits des choses, Droits des personnes. Citoyennet\u00e9s au nord et au sud de la M\u00e9diterran\u00e9e (XVIe-XXIe s.), colloque conclusif de l\u2019ANR PROCIT coordonn\u00e9 par Simona Cerutti (EHESS), Thomas Glesener (AMU),\u00a0 Isabelle Grangaud (CNRS) et et Jean-Baptiste Xambo (LaSSA). Entr\u00e9e basse Fort Saint-Jean, 201 quai du Port.","og_url":"https:\/\/telemme.mmsh.fr\/?tribe_events=droits-des-choses-droits-des-personnes","og_site_name":"TELEMMe - Temps, espaces, langages, Europe m\u00e9ridionale, M\u00e9diterran\u00e9e","article_modified_time":"2021-09-27T09:11:41+00:00","og_image":[{"width":796,"height":601,"url":"https:\/\/telemme.mmsh.fr\/wp-content\/uploads\/2021\/08\/2021.09.29_PROCIT.jpeg","type":"image\/jpeg"}],"twitter_card":"summary_large_image","twitter_misc":{"Dur\u00e9e de lecture estim\u00e9e":"1 minute"},"schema":{"@context":"https:\/\/schema.org","@graph":[{"@type":"WebPage","@id":"https:\/\/telemme.mmsh.fr\/?tribe_events=droits-des-choses-droits-des-personnes","url":"https:\/\/telemme.mmsh.fr\/?tribe_events=droits-des-choses-droits-des-personnes","name":"Citoyennet\u00e9s au nord et au sud de la M\u00e9diterran\u00e9e. Droits des choses, droits des personnes (XVIe-XXIe s.) - TELEMMe - Temps, espaces, langages, Europe m\u00e9ridionale, M\u00e9diterran\u00e9e","isPartOf":{"@id":"https:\/\/telemme.mmsh.fr\/#website"},"primaryImageOfPage":{"@id":"https:\/\/telemme.mmsh.fr\/?tribe_events=droits-des-choses-droits-des-personnes#primaryimage"},"image":{"@id":"https:\/\/telemme.mmsh.fr\/?tribe_events=droits-des-choses-droits-des-personnes#primaryimage"},"thumbnailUrl":"https:\/\/telemme.mmsh.fr\/wp-content\/uploads\/2021\/08\/2021.09.29_PROCIT.jpeg","datePublished":"2021-08-23T13:29:13+00:00","dateModified":"2021-09-27T09:11:41+00:00","description":"Droits des choses, Droits des personnes. Citoyennet\u00e9s au nord et au sud de la M\u00e9diterran\u00e9e (XVIe-XXIe s.), colloque conclusif de l\u2019ANR PROCIT coordonn\u00e9 par Simona Cerutti (EHESS), Thomas Glesener (AMU),\u00a0 Isabelle Grangaud (CNRS) et et Jean-Baptiste Xambo (LaSSA). Entr\u00e9e basse Fort Saint-Jean, 201 quai du Port.","breadcrumb":{"@id":"https:\/\/telemme.mmsh.fr\/?tribe_events=droits-des-choses-droits-des-personnes#breadcrumb"},"inLanguage":"fr-FR","potentialAction":[{"@type":"ReadAction","target":["https:\/\/telemme.mmsh.fr\/?tribe_events=droits-des-choses-droits-des-personnes"]}]},{"@type":"ImageObject","inLanguage":"fr-FR","@id":"https:\/\/telemme.mmsh.fr\/?tribe_events=droits-des-choses-droits-des-personnes#primaryimage","url":"https:\/\/telemme.mmsh.fr\/wp-content\/uploads\/2021\/08\/2021.09.29_PROCIT.jpeg","contentUrl":"https:\/\/telemme.mmsh.fr\/wp-content\/uploads\/2021\/08\/2021.09.29_PROCIT.jpeg","width":796,"height":601,"caption":"\u00a9 Airair, Squat \u00e0 Paris - 59 rue de Rivoli, CC BY-SA 3.0"},{"@type":"BreadcrumbList","@id":"https:\/\/telemme.mmsh.fr\/?tribe_events=droits-des-choses-droits-des-personnes#breadcrumb","itemListElement":[{"@type":"ListItem","position":1,"name":"Accueil","item":"https:\/\/telemme.mmsh.fr\/"},{"@type":"ListItem","position":2,"name":"\u00c9v\u00e8nements","item":"https:\/\/telemme.mmsh.fr\/?post_type=tribe_events"},{"@type":"ListItem","position":3,"name":"Colloque","item":"https:\/\/telemme.mmsh.fr\/?tribe_events_cat=colloque"},{"@type":"ListItem","position":4,"name":"Citoyennet\u00e9s au nord et au sud de la M\u00e9diterran\u00e9e. Droits des choses, droits des personnes (XVIe-XXIe s.)"}]},{"@type":"WebSite","@id":"https:\/\/telemme.mmsh.fr\/#website","url":"https:\/\/telemme.mmsh.fr\/","name":"TELEMMe - Temps, espaces, langages, Europe m\u00e9ridionale, M\u00e9diterran\u00e9e","description":"","publisher":{"@id":"https:\/\/telemme.mmsh.fr\/#organization"},"potentialAction":[{"@type":"SearchAction","target":{"@type":"EntryPoint","urlTemplate":"https:\/\/telemme.mmsh.fr\/?s={search_term_string}"},"query-input":{"@type":"PropertyValueSpecification","valueRequired":true,"valueName":"search_term_string"}}],"inLanguage":"fr-FR"},{"@type":"Organization","@id":"https:\/\/telemme.mmsh.fr\/#organization","name":"TELEMMe","url":"https:\/\/telemme.mmsh.fr\/","logo":{"@type":"ImageObject","inLanguage":"fr-FR","@id":"https:\/\/telemme.mmsh.fr\/#\/schema\/logo\/image\/","url":"https:\/\/telemme.mmsh.fr\/wp-content\/uploads\/2020\/03\/LogoTELEMMe-horizontal-fond-transparent.png","contentUrl":"https:\/\/telemme.mmsh.fr\/wp-content\/uploads\/2020\/03\/LogoTELEMMe-horizontal-fond-transparent.png","width":1500,"height":437,"caption":"TELEMMe"},"image":{"@id":"https:\/\/telemme.mmsh.fr\/#\/schema\/logo\/image\/"}}]}},"_links":{"self":[{"href":"https:\/\/telemme.mmsh.fr\/index.php?rest_route=\/wp\/v2\/tribe_events\/9177","targetHints":{"allow":["GET"]}}],"collection":[{"href":"https:\/\/telemme.mmsh.fr\/index.php?rest_route=\/wp\/v2\/tribe_events"}],"about":[{"href":"https:\/\/telemme.mmsh.fr\/index.php?rest_route=\/wp\/v2\/types\/tribe_events"}],"author":[{"embeddable":true,"href":"https:\/\/telemme.mmsh.fr\/index.php?rest_route=\/wp\/v2\/users\/6"}],"version-history":[{"count":4,"href":"https:\/\/telemme.mmsh.fr\/index.php?rest_route=\/wp\/v2\/tribe_events\/9177\/revisions"}],"predecessor-version":[{"id":9714,"href":"https:\/\/telemme.mmsh.fr\/index.php?rest_route=\/wp\/v2\/tribe_events\/9177\/revisions\/9714"}],"wp:featuredmedia":[{"embeddable":true,"href":"https:\/\/telemme.mmsh.fr\/index.php?rest_route=\/wp\/v2\/media\/9178"}],"wp:attachment":[{"href":"https:\/\/telemme.mmsh.fr\/index.php?rest_route=%2Fwp%2Fv2%2Fmedia&parent=9177"}],"wp:term":[{"taxonomy":"post_tag","embeddable":true,"href":"https:\/\/telemme.mmsh.fr\/index.php?rest_route=%2Fwp%2Fv2%2Ftags&post=9177"},{"taxonomy":"tribe_events_cat","embeddable":true,"href":"https:\/\/telemme.mmsh.fr\/index.php?rest_route=%2Fwp%2Fv2%2Ftribe_events_cat&post=9177"}],"curies":[{"name":"wp","href":"https:\/\/api.w.org\/{rel}","templated":true}]}}