{"id":9063,"date":"2021-07-16T13:59:24","date_gmt":"2021-07-16T11:59:24","guid":{"rendered":"https:\/\/telemme.mmsh.fr\/?post_type=tribe_events&#038;p=9063"},"modified":"2022-02-24T09:25:41","modified_gmt":"2022-02-24T08:25:41","slug":"information-et-crises-sanitaires-france-espagne-1720-2020-ii","status":"publish","type":"tribe_events","link":"https:\/\/telemme.mmsh.fr\/?tribe_events=information-et-crises-sanitaires-france-espagne-1720-2020-ii","title":{"rendered":"L\u2019information \u00e0 l\u2019\u00e9preuve des crises sanitaires (France -Espagne, XVIIIe \u2013 XXIe s.) \u2013 II"},"content":{"rendered":"<p>Alors que notre actualit\u00e9 est encore marqu\u00e9e par la crise sanitaire qui impacte notre fa\u00e7on d\u2019\u00eatre et donne lieu \u00e0 une m\u00e9diatisation m\u00ealant souvent raison et \u00e9motion, la question de l\u2019information en temps de crise sera abord\u00e9e dans une perspective pluridisciplinaire et comparatiste \u00e0 partir de quatre pand\u00e9mies qui ont marqu\u00e9 le d\u00e9but des quatre derniers si\u00e8cles. Les travaux expos\u00e9s par des sp\u00e9cialistes des crises sanitaires et des m\u00e9dias seront suivis de la pr\u00e9sentation du projet d\u2019exposition num\u00e9rique <em>Quatre pand\u00e9mies \u00e0 la Une en 80 documents <\/em>qui s\u2019ins\u00e8re dans une d\u00e9marche d\u2019ouverture sur le grand public.<\/p>\n<hr \/>\n<h3><a href=\"https:\/\/www.madrid.es\/portales\/munimadrid\/es\/AyuntamientodeMadrid\/Hemeroteca-Municipal\/?vgnextfmt=default&amp;vgnextoid=b8c9ba1b6bd7d010VgnVCM1000000b205a0aRCRD&amp;vgnextchannel=2af809f68134b010VgnVCM1000000b205a0aRCRD&amp;idCapitulo=11610193\">Informaci\u00f3n y crisis sanitarias (Francia \u2013 Espa\u00f1a, 1720-2021)<\/a><\/h3>\n<p><em><strong>Cuatro pandemias en 80 documentos<\/strong>.<br \/>\nColaboraci\u00f3n de la Hemeroteca Municipal con la Universidad Aix- Marseille<\/em><\/p>\n<p><em>Desde hace dos a\u00f1os las noticias, marcadas por la crisis sanitaria, influyen en\u00a0\u00a0 nuestra forma de actuar y dan lugar a una cobertura medi\u00e1tica a menudo mezclando raz\u00f3n y emoci\u00f3n.<\/em><\/p>\n<p><em><strong>Cuatro pandemias en 80 documentos<\/strong>, es un proyecto digital donde se aborda desde una perspectiva multidisciplinar y comparativa las cuatro pandemias que han marcado el inicio de los \u00faltimos cuatro siglos. Este proyecto se presenta el 25 de febrero en el\u00a0Seminario Informaci\u00f3n en tiempo de las crisis sanitarias (Francia \u2013 Espa\u00f1a, SIGLO XVIII \u2013 XXI) \u2013 II, organizado por la Universidad Aix- Marseille donde distintos especialistas abordan \u00a0la cobertura medi\u00e1tica de las crisis sanitarias.<\/em><\/p>\n<hr \/>\n<h3><a href=\"https:\/\/telemme.mmsh.fr\/?evenement=linformation-a-lepreuve-des-crises-sanitaires-france-espagne-xviiie-xxie-s-ii\"><strong>Programme complet<\/strong><\/a><\/h3>\n","protected":false},"excerpt":{"rendered":"<p>Alors que notre actualit\u00e9 est encore marqu\u00e9e par la crise sanitaire qui impacte notre fa\u00e7on d\u2019\u00eatre et donne lieu \u00e0 une m\u00e9diatisation m\u00ealant souvent raison et \u00e9motion, la question de&hellip;&nbsp;<a href=\"https:\/\/telemme.mmsh.fr\/?tribe_events=information-et-crises-sanitaires-france-espagne-1720-2020-ii\" rel=\"bookmark\">Lire la suite &raquo;<span class=\"screen-reader-text\">L\u2019information \u00e0 l\u2019\u00e9preuve des crises sanitaires (France -Espagne, XVIIIe \u2013 XXIe s.) \u2013 II<\/span><\/a><\/p>\n","protected":false},"author":6,"featured_media":3422,"template":"","meta":{"neve_meta_sidebar":"","neve_meta_container":"","neve_meta_enable_content_width":"","neve_meta_content_width":0,"neve_meta_title_alignment":"","neve_meta_author_avatar":"","neve_post_elements_order":"","neve_meta_disable_header":"","neve_meta_disable_footer":"","neve_meta_disable_title":"","_tribe_events_status":"","_tribe_events_status_reason":"","footnotes":""},"tags":[1836,1824],"tribe_events_cat":[1823],"class_list":["post-9063","tribe_events","type-tribe_events","status-publish","has-post-thumbnail","hentry","tag-1-3-facons-detre","tag-2-2-sinformer-et-informer-en-temps-de-crise-en-europe-meridionale","tribe_events_cat-journee-detudes","cat_journee-detudes"],"yoast_head":"<!-- This site is optimized with the Yoast SEO plugin v27.4 - https:\/\/yoast.com\/product\/yoast-seo-wordpress\/ -->\n<title>L\u2019information \u00e0 l\u2019\u00e9preuve des crises sanitaires (France -Espagne, XVIIIe \u2013 XXIe s.) \u2013 II - TELEMMe - Temps, espaces, langages, Europe m\u00e9ridionale, M\u00e9diterran\u00e9e<\/title>\n<meta name=\"robots\" content=\"index, follow, max-snippet:-1, max-image-preview:large, max-video-preview:-1\" \/>\n<link rel=\"canonical\" href=\"https:\/\/telemme.mmsh.fr\/?tribe_events=information-et-crises-sanitaires-france-espagne-1720-2020-ii\" \/>\n<meta property=\"og:locale\" content=\"fr_FR\" \/>\n<meta property=\"og:type\" content=\"article\" \/>\n<meta property=\"og:title\" content=\"L\u2019information \u00e0 l\u2019\u00e9preuve des crises sanitaires (France -Espagne, XVIIIe \u2013 XXIe s.) \u2013 II - TELEMMe - Temps, espaces, langages, Europe m\u00e9ridionale, M\u00e9diterran\u00e9e\" \/>\n<meta property=\"og:description\" content=\"Alors que notre actualit\u00e9 est encore marqu\u00e9e par la crise sanitaire qui impacte notre fa\u00e7on d\u2019\u00eatre et donne lieu \u00e0 une m\u00e9diatisation m\u00ealant souvent raison et \u00e9motion, la question de&hellip;&nbsp;Lire la suite &raquo;L\u2019information \u00e0 l\u2019\u00e9preuve des crises sanitaires (France -Espagne, XVIIIe \u2013 XXIe s.) \u2013 II\" \/>\n<meta property=\"og:url\" content=\"https:\/\/telemme.mmsh.fr\/?tribe_events=information-et-crises-sanitaires-france-espagne-1720-2020-ii\" \/>\n<meta property=\"og:site_name\" content=\"TELEMMe - Temps, espaces, langages, Europe m\u00e9ridionale, M\u00e9diterran\u00e9e\" \/>\n<meta property=\"article:modified_time\" content=\"2022-02-24T08:25:41+00:00\" \/>\n<meta property=\"og:image\" content=\"https:\/\/telemme.mmsh.fr\/wp-content\/uploads\/2020\/11\/AGUIRRE_FIGARO-002.jpeg\" \/>\n\t<meta property=\"og:image:width\" content=\"500\" \/>\n\t<meta property=\"og:image:height\" content=\"410\" \/>\n\t<meta property=\"og:image:type\" content=\"image\/jpeg\" \/>\n<meta name=\"twitter:card\" content=\"summary_large_image\" \/>\n<meta name=\"twitter:label1\" content=\"Dur\u00e9e de lecture estim\u00e9e\" \/>\n\t<meta name=\"twitter:data1\" content=\"1 minute\" \/>\n<script type=\"application\/ld+json\" class=\"yoast-schema-graph\">{\"@context\":\"https:\\\/\\\/schema.org\",\"@graph\":[{\"@type\":\"WebPage\",\"@id\":\"https:\\\/\\\/telemme.mmsh.fr\\\/?tribe_events=information-et-crises-sanitaires-france-espagne-1720-2020-ii\",\"url\":\"https:\\\/\\\/telemme.mmsh.fr\\\/?tribe_events=information-et-crises-sanitaires-france-espagne-1720-2020-ii\",\"name\":\"L\u2019information \u00e0 l\u2019\u00e9preuve des crises sanitaires (France -Espagne, XVIIIe \u2013 XXIe s.) \u2013 II - TELEMMe - Temps, espaces, langages, Europe m\u00e9ridionale, M\u00e9diterran\u00e9e\",\"isPartOf\":{\"@id\":\"https:\\\/\\\/telemme.mmsh.fr\\\/#website\"},\"primaryImageOfPage\":{\"@id\":\"https:\\\/\\\/telemme.mmsh.fr\\\/?tribe_events=information-et-crises-sanitaires-france-espagne-1720-2020-ii#primaryimage\"},\"image\":{\"@id\":\"https:\\\/\\\/telemme.mmsh.fr\\\/?tribe_events=information-et-crises-sanitaires-france-espagne-1720-2020-ii#primaryimage\"},\"thumbnailUrl\":\"https:\\\/\\\/telemme.mmsh.fr\\\/wp-content\\\/uploads\\\/2020\\\/11\\\/AGUIRRE_FIGARO-002.jpeg\",\"datePublished\":\"2021-07-16T11:59:24+00:00\",\"dateModified\":\"2022-02-24T08:25:41+00:00\",\"breadcrumb\":{\"@id\":\"https:\\\/\\\/telemme.mmsh.fr\\\/?tribe_events=information-et-crises-sanitaires-france-espagne-1720-2020-ii#breadcrumb\"},\"inLanguage\":\"fr-FR\",\"potentialAction\":[{\"@type\":\"ReadAction\",\"target\":[\"https:\\\/\\\/telemme.mmsh.fr\\\/?tribe_events=information-et-crises-sanitaires-france-espagne-1720-2020-ii\"]}]},{\"@type\":\"ImageObject\",\"inLanguage\":\"fr-FR\",\"@id\":\"https:\\\/\\\/telemme.mmsh.fr\\\/?tribe_events=information-et-crises-sanitaires-france-espagne-1720-2020-ii#primaryimage\",\"url\":\"https:\\\/\\\/telemme.mmsh.fr\\\/wp-content\\\/uploads\\\/2020\\\/11\\\/AGUIRRE_FIGARO-002.jpeg\",\"contentUrl\":\"https:\\\/\\\/telemme.mmsh.fr\\\/wp-content\\\/uploads\\\/2020\\\/11\\\/AGUIRRE_FIGARO-002.jpeg\",\"width\":500,\"height\":410,\"caption\":\"Aguirre, \u00ab \u00daltima hora \u00bb. Dessin de presse paru dans El Figaro (Madrid), 25 septembre 1918, p. 5. BNE - Hemeroteca digital\"},{\"@type\":\"BreadcrumbList\",\"@id\":\"https:\\\/\\\/telemme.mmsh.fr\\\/?tribe_events=information-et-crises-sanitaires-france-espagne-1720-2020-ii#breadcrumb\",\"itemListElement\":[{\"@type\":\"ListItem\",\"position\":1,\"name\":\"Accueil\",\"item\":\"https:\\\/\\\/telemme.mmsh.fr\\\/\"},{\"@type\":\"ListItem\",\"position\":2,\"name\":\"\u00c9v\u00e8nements\",\"item\":\"https:\\\/\\\/telemme.mmsh.fr\\\/?post_type=tribe_events\"},{\"@type\":\"ListItem\",\"position\":3,\"name\":\"Journ\u00e9e d'\u00e9tudes\",\"item\":\"https:\\\/\\\/telemme.mmsh.fr\\\/?tribe_events_cat=journee-detudes\"},{\"@type\":\"ListItem\",\"position\":4,\"name\":\"L\u2019information \u00e0 l\u2019\u00e9preuve des crises sanitaires (France -Espagne, XVIIIe \u2013 XXIe s.) \u2013 II\"}]},{\"@type\":\"WebSite\",\"@id\":\"https:\\\/\\\/telemme.mmsh.fr\\\/#website\",\"url\":\"https:\\\/\\\/telemme.mmsh.fr\\\/\",\"name\":\"TELEMMe - Temps, espaces, langages, Europe m\u00e9ridionale, M\u00e9diterran\u00e9e\",\"description\":\"\",\"publisher\":{\"@id\":\"https:\\\/\\\/telemme.mmsh.fr\\\/#organization\"},\"potentialAction\":[{\"@type\":\"SearchAction\",\"target\":{\"@type\":\"EntryPoint\",\"urlTemplate\":\"https:\\\/\\\/telemme.mmsh.fr\\\/?s={search_term_string}\"},\"query-input\":{\"@type\":\"PropertyValueSpecification\",\"valueRequired\":true,\"valueName\":\"search_term_string\"}}],\"inLanguage\":\"fr-FR\"},{\"@type\":\"Organization\",\"@id\":\"https:\\\/\\\/telemme.mmsh.fr\\\/#organization\",\"name\":\"TELEMMe\",\"url\":\"https:\\\/\\\/telemme.mmsh.fr\\\/\",\"logo\":{\"@type\":\"ImageObject\",\"inLanguage\":\"fr-FR\",\"@id\":\"https:\\\/\\\/telemme.mmsh.fr\\\/#\\\/schema\\\/logo\\\/image\\\/\",\"url\":\"https:\\\/\\\/telemme.mmsh.fr\\\/wp-content\\\/uploads\\\/2020\\\/03\\\/LogoTELEMMe-horizontal-fond-transparent.png\",\"contentUrl\":\"https:\\\/\\\/telemme.mmsh.fr\\\/wp-content\\\/uploads\\\/2020\\\/03\\\/LogoTELEMMe-horizontal-fond-transparent.png\",\"width\":1500,\"height\":437,\"caption\":\"TELEMMe\"},\"image\":{\"@id\":\"https:\\\/\\\/telemme.mmsh.fr\\\/#\\\/schema\\\/logo\\\/image\\\/\"}}]}<\/script>\n<!-- \/ Yoast SEO plugin. -->","yoast_head_json":{"title":"L\u2019information \u00e0 l\u2019\u00e9preuve des crises sanitaires (France -Espagne, XVIIIe \u2013 XXIe s.) \u2013 II - TELEMMe - Temps, espaces, langages, Europe m\u00e9ridionale, M\u00e9diterran\u00e9e","robots":{"index":"index","follow":"follow","max-snippet":"max-snippet:-1","max-image-preview":"max-image-preview:large","max-video-preview":"max-video-preview:-1"},"canonical":"https:\/\/telemme.mmsh.fr\/?tribe_events=information-et-crises-sanitaires-france-espagne-1720-2020-ii","og_locale":"fr_FR","og_type":"article","og_title":"L\u2019information \u00e0 l\u2019\u00e9preuve des crises sanitaires (France -Espagne, XVIIIe \u2013 XXIe s.) \u2013 II - TELEMMe - Temps, espaces, langages, Europe m\u00e9ridionale, M\u00e9diterran\u00e9e","og_description":"Alors que notre actualit\u00e9 est encore marqu\u00e9e par la crise sanitaire qui impacte notre fa\u00e7on d\u2019\u00eatre et donne lieu \u00e0 une m\u00e9diatisation m\u00ealant souvent raison et \u00e9motion, la question de&hellip;&nbsp;Lire la suite &raquo;L\u2019information \u00e0 l\u2019\u00e9preuve des crises sanitaires (France -Espagne, XVIIIe \u2013 XXIe s.) \u2013 II","og_url":"https:\/\/telemme.mmsh.fr\/?tribe_events=information-et-crises-sanitaires-france-espagne-1720-2020-ii","og_site_name":"TELEMMe - Temps, espaces, langages, Europe m\u00e9ridionale, M\u00e9diterran\u00e9e","article_modified_time":"2022-02-24T08:25:41+00:00","og_image":[{"width":500,"height":410,"url":"https:\/\/telemme.mmsh.fr\/wp-content\/uploads\/2020\/11\/AGUIRRE_FIGARO-002.jpeg","type":"image\/jpeg"}],"twitter_card":"summary_large_image","twitter_misc":{"Dur\u00e9e de lecture estim\u00e9e":"1 minute"},"schema":{"@context":"https:\/\/schema.org","@graph":[{"@type":"WebPage","@id":"https:\/\/telemme.mmsh.fr\/?tribe_events=information-et-crises-sanitaires-france-espagne-1720-2020-ii","url":"https:\/\/telemme.mmsh.fr\/?tribe_events=information-et-crises-sanitaires-france-espagne-1720-2020-ii","name":"L\u2019information \u00e0 l\u2019\u00e9preuve des crises sanitaires (France -Espagne, XVIIIe \u2013 XXIe s.) \u2013 II - TELEMMe - Temps, espaces, langages, Europe m\u00e9ridionale, M\u00e9diterran\u00e9e","isPartOf":{"@id":"https:\/\/telemme.mmsh.fr\/#website"},"primaryImageOfPage":{"@id":"https:\/\/telemme.mmsh.fr\/?tribe_events=information-et-crises-sanitaires-france-espagne-1720-2020-ii#primaryimage"},"image":{"@id":"https:\/\/telemme.mmsh.fr\/?tribe_events=information-et-crises-sanitaires-france-espagne-1720-2020-ii#primaryimage"},"thumbnailUrl":"https:\/\/telemme.mmsh.fr\/wp-content\/uploads\/2020\/11\/AGUIRRE_FIGARO-002.jpeg","datePublished":"2021-07-16T11:59:24+00:00","dateModified":"2022-02-24T08:25:41+00:00","breadcrumb":{"@id":"https:\/\/telemme.mmsh.fr\/?tribe_events=information-et-crises-sanitaires-france-espagne-1720-2020-ii#breadcrumb"},"inLanguage":"fr-FR","potentialAction":[{"@type":"ReadAction","target":["https:\/\/telemme.mmsh.fr\/?tribe_events=information-et-crises-sanitaires-france-espagne-1720-2020-ii"]}]},{"@type":"ImageObject","inLanguage":"fr-FR","@id":"https:\/\/telemme.mmsh.fr\/?tribe_events=information-et-crises-sanitaires-france-espagne-1720-2020-ii#primaryimage","url":"https:\/\/telemme.mmsh.fr\/wp-content\/uploads\/2020\/11\/AGUIRRE_FIGARO-002.jpeg","contentUrl":"https:\/\/telemme.mmsh.fr\/wp-content\/uploads\/2020\/11\/AGUIRRE_FIGARO-002.jpeg","width":500,"height":410,"caption":"Aguirre, \u00ab \u00daltima hora \u00bb. Dessin de presse paru dans El Figaro (Madrid), 25 septembre 1918, p. 5. BNE - Hemeroteca digital"},{"@type":"BreadcrumbList","@id":"https:\/\/telemme.mmsh.fr\/?tribe_events=information-et-crises-sanitaires-france-espagne-1720-2020-ii#breadcrumb","itemListElement":[{"@type":"ListItem","position":1,"name":"Accueil","item":"https:\/\/telemme.mmsh.fr\/"},{"@type":"ListItem","position":2,"name":"\u00c9v\u00e8nements","item":"https:\/\/telemme.mmsh.fr\/?post_type=tribe_events"},{"@type":"ListItem","position":3,"name":"Journ\u00e9e d'\u00e9tudes","item":"https:\/\/telemme.mmsh.fr\/?tribe_events_cat=journee-detudes"},{"@type":"ListItem","position":4,"name":"L\u2019information \u00e0 l\u2019\u00e9preuve des crises sanitaires (France -Espagne, XVIIIe \u2013 XXIe s.) \u2013 II"}]},{"@type":"WebSite","@id":"https:\/\/telemme.mmsh.fr\/#website","url":"https:\/\/telemme.mmsh.fr\/","name":"TELEMMe - Temps, espaces, langages, Europe m\u00e9ridionale, M\u00e9diterran\u00e9e","description":"","publisher":{"@id":"https:\/\/telemme.mmsh.fr\/#organization"},"potentialAction":[{"@type":"SearchAction","target":{"@type":"EntryPoint","urlTemplate":"https:\/\/telemme.mmsh.fr\/?s={search_term_string}"},"query-input":{"@type":"PropertyValueSpecification","valueRequired":true,"valueName":"search_term_string"}}],"inLanguage":"fr-FR"},{"@type":"Organization","@id":"https:\/\/telemme.mmsh.fr\/#organization","name":"TELEMMe","url":"https:\/\/telemme.mmsh.fr\/","logo":{"@type":"ImageObject","inLanguage":"fr-FR","@id":"https:\/\/telemme.mmsh.fr\/#\/schema\/logo\/image\/","url":"https:\/\/telemme.mmsh.fr\/wp-content\/uploads\/2020\/03\/LogoTELEMMe-horizontal-fond-transparent.png","contentUrl":"https:\/\/telemme.mmsh.fr\/wp-content\/uploads\/2020\/03\/LogoTELEMMe-horizontal-fond-transparent.png","width":1500,"height":437,"caption":"TELEMMe"},"image":{"@id":"https:\/\/telemme.mmsh.fr\/#\/schema\/logo\/image\/"}}]}},"_links":{"self":[{"href":"https:\/\/telemme.mmsh.fr\/index.php?rest_route=\/wp\/v2\/tribe_events\/9063","targetHints":{"allow":["GET"]}}],"collection":[{"href":"https:\/\/telemme.mmsh.fr\/index.php?rest_route=\/wp\/v2\/tribe_events"}],"about":[{"href":"https:\/\/telemme.mmsh.fr\/index.php?rest_route=\/wp\/v2\/types\/tribe_events"}],"author":[{"embeddable":true,"href":"https:\/\/telemme.mmsh.fr\/index.php?rest_route=\/wp\/v2\/users\/6"}],"version-history":[{"count":8,"href":"https:\/\/telemme.mmsh.fr\/index.php?rest_route=\/wp\/v2\/tribe_events\/9063\/revisions"}],"predecessor-version":[{"id":10642,"href":"https:\/\/telemme.mmsh.fr\/index.php?rest_route=\/wp\/v2\/tribe_events\/9063\/revisions\/10642"}],"wp:featuredmedia":[{"embeddable":true,"href":"https:\/\/telemme.mmsh.fr\/index.php?rest_route=\/wp\/v2\/media\/3422"}],"wp:attachment":[{"href":"https:\/\/telemme.mmsh.fr\/index.php?rest_route=%2Fwp%2Fv2%2Fmedia&parent=9063"}],"wp:term":[{"taxonomy":"post_tag","embeddable":true,"href":"https:\/\/telemme.mmsh.fr\/index.php?rest_route=%2Fwp%2Fv2%2Ftags&post=9063"},{"taxonomy":"tribe_events_cat","embeddable":true,"href":"https:\/\/telemme.mmsh.fr\/index.php?rest_route=%2Fwp%2Fv2%2Ftribe_events_cat&post=9063"}],"curies":[{"name":"wp","href":"https:\/\/api.w.org\/{rel}","templated":true}]}}