{"id":9060,"date":"2021-07-16T12:50:08","date_gmt":"2021-07-16T10:50:08","guid":{"rendered":"https:\/\/telemme.mmsh.fr\/?post_type=tribe_events&#038;p=9060"},"modified":"2021-11-08T16:34:00","modified_gmt":"2021-11-08T15:34:00","slug":"supports-de-linformation-et-pratiques-decriture-en-temps-de-crise-ii","status":"publish","type":"tribe_events","link":"https:\/\/telemme.mmsh.fr\/?tribe_events=supports-de-linformation-et-pratiques-decriture-en-temps-de-crise-ii","title":{"rendered":"Supports de l\u2019information et strat\u00e9gies de communication en temps de crise en Europe m\u00e9ridionale et en M\u00e9diterran\u00e9e (XVIIe &#8211; XXIe s.) &#8211; II"},"content":{"rendered":"<p>La pand\u00e9mie qui nous a frapp\u00e9, creuset d\u2019une crise plurielle (sanitaire, \u00e9conomique, sociale, politique) a montr\u00e9, une fois de plus, combien ces moments alt\u00e8rent nos rep\u00e8res et d\u00e9terminent les r\u00e9actions individuelles ou collectives. La fureur m\u00e9diatique qui l\u2019a accompagn\u00e9e, le besoin irr\u00e9pressible d\u2019informer ou de s\u2019informer, de mobiliser, ou tout simplement de dire, de t\u00e9moigner, de communiquer, de maintenir le lien, en faisant feu de tout bois, nous invite \u00e0 nous interroger avec une acuit\u00e9 accrue sur notre lien \u00e0 l\u2019information en contexte de crise, quelle que soit sa nature.<\/p>\n<p>Nous nous int\u00e9resserons, dans le cadre d\u2019une r\u00e9flexion qui portera sur un temps long (du XVIIe au XXIe s.) et sur divers pays de l\u2019espace m\u00e9diterran\u00e9en (Espagne, France, Italie, Gr\u00e8ce, Alg\u00e9rie) \u00e0 la diversification et \u00e0 l\u2019alt\u00e9ration des supports de l\u2019information (classiques ou atypiques), ainsi qu\u2019aux strat\u00e9gies de communication mises en \u0153uvre dans le cadre d\u2019initiatives individuelles ou collectives, publiques ou priv\u00e9es.<\/p>\n<p><a href=\"https:\/\/telemme.mmsh.fr\/?evenement=supports-de-linformation-et-strategies-de-communication-en-temps-de-crise-en-europe-meridionale-et-en-mediterranee-xviie-xxie-s-ii\"><strong>Plus d&rsquo;information<\/strong><\/a><\/p>\n","protected":false},"excerpt":{"rendered":"<p>La pand\u00e9mie qui nous a frapp\u00e9, creuset d\u2019une crise plurielle (sanitaire, \u00e9conomique, sociale, politique) a montr\u00e9, une fois de plus, combien ces moments alt\u00e8rent nos rep\u00e8res et d\u00e9terminent les r\u00e9actions&hellip;&nbsp;<a href=\"https:\/\/telemme.mmsh.fr\/?tribe_events=supports-de-linformation-et-pratiques-decriture-en-temps-de-crise-ii\" rel=\"bookmark\">Lire la suite &raquo;<span class=\"screen-reader-text\">Supports de l\u2019information et strat\u00e9gies de communication en temps de crise en Europe m\u00e9ridionale et en M\u00e9diterran\u00e9e (XVIIe &#8211; XXIe s.) &#8211; II<\/span><\/a><\/p>\n","protected":false},"author":6,"featured_media":3423,"template":"","meta":{"neve_meta_sidebar":"","neve_meta_container":"","neve_meta_enable_content_width":"","neve_meta_content_width":0,"neve_meta_title_alignment":"","neve_meta_author_avatar":"","neve_post_elements_order":"","neve_meta_disable_header":"","neve_meta_disable_footer":"","neve_meta_disable_title":"","_tribe_events_status":"","_tribe_events_status_reason":"","footnotes":""},"tags":[1824],"tribe_events_cat":[1823],"class_list":["post-9060","tribe_events","type-tribe_events","status-publish","has-post-thumbnail","hentry","tag-2-2-sinformer-et-informer-en-temps-de-crise-en-europe-meridionale","tribe_events_cat-journee-detudes","cat_journee-detudes"],"yoast_head":"<!-- This site is optimized with the Yoast SEO plugin v27.4 - https:\/\/yoast.com\/product\/yoast-seo-wordpress\/ -->\n<title>Supports de l\u2019information et strat\u00e9gies de communication en temps de crise en Europe m\u00e9ridionale et en M\u00e9diterran\u00e9e (XVIIe - XXIe s.) - II - TELEMMe - Temps, espaces, langages, Europe m\u00e9ridionale, M\u00e9diterran\u00e9e<\/title>\n<meta name=\"description\" content=\"La pand\u00e9mie qui nous a frapp\u00e9, creuset d\u2019une crise plurielle (sanitaire, \u00e9conomique, sociale, politique) a montr\u00e9, une fois de plus, combien ces moments alt\u00e8rent nos rep\u00e8res et d\u00e9terminent les r\u00e9actions individuelles ou collectives. La fureur m\u00e9diatique qui l\u2019a accompagn\u00e9e, le besoin irr\u00e9pressible d\u2019informer ou de s\u2019informer, de mobiliser, ou tout simplement de dire, de t\u00e9moigner, de communiquer, de maintenir le lien, en faisant feu de tout bois, nous invite \u00e0 nous interroger avec une acuit\u00e9 accrue sur notre lien \u00e0 l\u2019information en contexte de crise, quelle que soit sa nature.\" \/>\n<meta name=\"robots\" content=\"index, follow, max-snippet:-1, max-image-preview:large, max-video-preview:-1\" \/>\n<link rel=\"canonical\" href=\"https:\/\/telemme.mmsh.fr\/?tribe_events=supports-de-linformation-et-pratiques-decriture-en-temps-de-crise-ii\" \/>\n<meta property=\"og:locale\" content=\"fr_FR\" \/>\n<meta property=\"og:type\" content=\"article\" \/>\n<meta property=\"og:title\" content=\"Supports de l\u2019information et strat\u00e9gies de communication en temps de crise en Europe m\u00e9ridionale et en M\u00e9diterran\u00e9e (XVIIe - XXIe s.) - II - TELEMMe - Temps, espaces, langages, Europe m\u00e9ridionale, M\u00e9diterran\u00e9e\" \/>\n<meta property=\"og:description\" content=\"La pand\u00e9mie qui nous a frapp\u00e9, creuset d\u2019une crise plurielle (sanitaire, \u00e9conomique, sociale, politique) a montr\u00e9, une fois de plus, combien ces moments alt\u00e8rent nos rep\u00e8res et d\u00e9terminent les r\u00e9actions individuelles ou collectives. La fureur m\u00e9diatique qui l\u2019a accompagn\u00e9e, le besoin irr\u00e9pressible d\u2019informer ou de s\u2019informer, de mobiliser, ou tout simplement de dire, de t\u00e9moigner, de communiquer, de maintenir le lien, en faisant feu de tout bois, nous invite \u00e0 nous interroger avec une acuit\u00e9 accrue sur notre lien \u00e0 l\u2019information en contexte de crise, quelle que soit sa nature.\" \/>\n<meta property=\"og:url\" content=\"https:\/\/telemme.mmsh.fr\/?tribe_events=supports-de-linformation-et-pratiques-decriture-en-temps-de-crise-ii\" \/>\n<meta property=\"og:site_name\" content=\"TELEMMe - Temps, espaces, langages, Europe m\u00e9ridionale, M\u00e9diterran\u00e9e\" \/>\n<meta property=\"article:modified_time\" content=\"2021-11-08T15:34:00+00:00\" \/>\n<meta property=\"og:image\" content=\"https:\/\/telemme.mmsh.fr\/wp-content\/uploads\/2019\/04\/Louvel_det.jpeg\" \/>\n\t<meta property=\"og:image:width\" content=\"944\" \/>\n\t<meta property=\"og:image:height\" content=\"994\" \/>\n\t<meta property=\"og:image:type\" content=\"image\/jpeg\" \/>\n<meta name=\"twitter:card\" content=\"summary_large_image\" \/>\n<meta name=\"twitter:label1\" content=\"Dur\u00e9e de lecture estim\u00e9e\" \/>\n\t<meta name=\"twitter:data1\" content=\"1 minute\" \/>\n<script type=\"application\/ld+json\" class=\"yoast-schema-graph\">{\"@context\":\"https:\\\/\\\/schema.org\",\"@graph\":[{\"@type\":\"WebPage\",\"@id\":\"https:\\\/\\\/telemme.mmsh.fr\\\/?tribe_events=supports-de-linformation-et-pratiques-decriture-en-temps-de-crise-ii\",\"url\":\"https:\\\/\\\/telemme.mmsh.fr\\\/?tribe_events=supports-de-linformation-et-pratiques-decriture-en-temps-de-crise-ii\",\"name\":\"Supports de l\u2019information et strat\u00e9gies de communication en temps de crise en Europe m\u00e9ridionale et en M\u00e9diterran\u00e9e (XVIIe - XXIe s.) - II - TELEMMe - Temps, espaces, langages, Europe m\u00e9ridionale, M\u00e9diterran\u00e9e\",\"isPartOf\":{\"@id\":\"https:\\\/\\\/telemme.mmsh.fr\\\/#website\"},\"primaryImageOfPage\":{\"@id\":\"https:\\\/\\\/telemme.mmsh.fr\\\/?tribe_events=supports-de-linformation-et-pratiques-decriture-en-temps-de-crise-ii#primaryimage\"},\"image\":{\"@id\":\"https:\\\/\\\/telemme.mmsh.fr\\\/?tribe_events=supports-de-linformation-et-pratiques-decriture-en-temps-de-crise-ii#primaryimage\"},\"thumbnailUrl\":\"https:\\\/\\\/telemme.mmsh.fr\\\/wp-content\\\/uploads\\\/2019\\\/04\\\/Louvel_det.jpeg\",\"datePublished\":\"2021-07-16T10:50:08+00:00\",\"dateModified\":\"2021-11-08T15:34:00+00:00\",\"description\":\"La pand\u00e9mie qui nous a frapp\u00e9, creuset d\u2019une crise plurielle (sanitaire, \u00e9conomique, sociale, politique) a montr\u00e9, une fois de plus, combien ces moments alt\u00e8rent nos rep\u00e8res et d\u00e9terminent les r\u00e9actions individuelles ou collectives. La fureur m\u00e9diatique qui l\u2019a accompagn\u00e9e, le besoin irr\u00e9pressible d\u2019informer ou de s\u2019informer, de mobiliser, ou tout simplement de dire, de t\u00e9moigner, de communiquer, de maintenir le lien, en faisant feu de tout bois, nous invite \u00e0 nous interroger avec une acuit\u00e9 accrue sur notre lien \u00e0 l\u2019information en contexte de crise, quelle que soit sa nature.\",\"breadcrumb\":{\"@id\":\"https:\\\/\\\/telemme.mmsh.fr\\\/?tribe_events=supports-de-linformation-et-pratiques-decriture-en-temps-de-crise-ii#breadcrumb\"},\"inLanguage\":\"fr-FR\",\"potentialAction\":[{\"@type\":\"ReadAction\",\"target\":[\"https:\\\/\\\/telemme.mmsh.fr\\\/?tribe_events=supports-de-linformation-et-pratiques-decriture-en-temps-de-crise-ii\"]}]},{\"@type\":\"ImageObject\",\"inLanguage\":\"fr-FR\",\"@id\":\"https:\\\/\\\/telemme.mmsh.fr\\\/?tribe_events=supports-de-linformation-et-pratiques-decriture-en-temps-de-crise-ii#primaryimage\",\"url\":\"https:\\\/\\\/telemme.mmsh.fr\\\/wp-content\\\/uploads\\\/2019\\\/04\\\/Louvel_det.jpeg\",\"contentUrl\":\"https:\\\/\\\/telemme.mmsh.fr\\\/wp-content\\\/uploads\\\/2019\\\/04\\\/Louvel_det.jpeg\",\"width\":944,\"height\":994,\"caption\":\"Louvel, dans sa chambre, assis derri\u00e8re une table charg\u00e9e de journaux lib\u00e9raux, a saisi un poignard et m\u00e9dite son projet criminel, Estampe, 1820, 24,6 x 23,9 cm, BNF : R\u00e9serve QB-370 (77)-FT4. Gallica\"},{\"@type\":\"BreadcrumbList\",\"@id\":\"https:\\\/\\\/telemme.mmsh.fr\\\/?tribe_events=supports-de-linformation-et-pratiques-decriture-en-temps-de-crise-ii#breadcrumb\",\"itemListElement\":[{\"@type\":\"ListItem\",\"position\":1,\"name\":\"Accueil\",\"item\":\"https:\\\/\\\/telemme.mmsh.fr\\\/\"},{\"@type\":\"ListItem\",\"position\":2,\"name\":\"\u00c9v\u00e8nements\",\"item\":\"https:\\\/\\\/telemme.mmsh.fr\\\/?post_type=tribe_events\"},{\"@type\":\"ListItem\",\"position\":3,\"name\":\"Journ\u00e9e d'\u00e9tudes\",\"item\":\"https:\\\/\\\/telemme.mmsh.fr\\\/?tribe_events_cat=journee-detudes\"},{\"@type\":\"ListItem\",\"position\":4,\"name\":\"Supports de l\u2019information et strat\u00e9gies de communication en temps de crise en Europe m\u00e9ridionale et en M\u00e9diterran\u00e9e (XVIIe &#8211; XXIe s.) &#8211; II\"}]},{\"@type\":\"WebSite\",\"@id\":\"https:\\\/\\\/telemme.mmsh.fr\\\/#website\",\"url\":\"https:\\\/\\\/telemme.mmsh.fr\\\/\",\"name\":\"TELEMMe - Temps, espaces, langages, Europe m\u00e9ridionale, M\u00e9diterran\u00e9e\",\"description\":\"\",\"publisher\":{\"@id\":\"https:\\\/\\\/telemme.mmsh.fr\\\/#organization\"},\"potentialAction\":[{\"@type\":\"SearchAction\",\"target\":{\"@type\":\"EntryPoint\",\"urlTemplate\":\"https:\\\/\\\/telemme.mmsh.fr\\\/?s={search_term_string}\"},\"query-input\":{\"@type\":\"PropertyValueSpecification\",\"valueRequired\":true,\"valueName\":\"search_term_string\"}}],\"inLanguage\":\"fr-FR\"},{\"@type\":\"Organization\",\"@id\":\"https:\\\/\\\/telemme.mmsh.fr\\\/#organization\",\"name\":\"TELEMMe\",\"url\":\"https:\\\/\\\/telemme.mmsh.fr\\\/\",\"logo\":{\"@type\":\"ImageObject\",\"inLanguage\":\"fr-FR\",\"@id\":\"https:\\\/\\\/telemme.mmsh.fr\\\/#\\\/schema\\\/logo\\\/image\\\/\",\"url\":\"https:\\\/\\\/telemme.mmsh.fr\\\/wp-content\\\/uploads\\\/2020\\\/03\\\/LogoTELEMMe-horizontal-fond-transparent.png\",\"contentUrl\":\"https:\\\/\\\/telemme.mmsh.fr\\\/wp-content\\\/uploads\\\/2020\\\/03\\\/LogoTELEMMe-horizontal-fond-transparent.png\",\"width\":1500,\"height\":437,\"caption\":\"TELEMMe\"},\"image\":{\"@id\":\"https:\\\/\\\/telemme.mmsh.fr\\\/#\\\/schema\\\/logo\\\/image\\\/\"}}]}<\/script>\n<!-- \/ Yoast SEO plugin. -->","yoast_head_json":{"title":"Supports de l\u2019information et strat\u00e9gies de communication en temps de crise en Europe m\u00e9ridionale et en M\u00e9diterran\u00e9e (XVIIe - XXIe s.) - II - TELEMMe - Temps, espaces, langages, Europe m\u00e9ridionale, M\u00e9diterran\u00e9e","description":"La pand\u00e9mie qui nous a frapp\u00e9, creuset d\u2019une crise plurielle (sanitaire, \u00e9conomique, sociale, politique) a montr\u00e9, une fois de plus, combien ces moments alt\u00e8rent nos rep\u00e8res et d\u00e9terminent les r\u00e9actions individuelles ou collectives. La fureur m\u00e9diatique qui l\u2019a accompagn\u00e9e, le besoin irr\u00e9pressible d\u2019informer ou de s\u2019informer, de mobiliser, ou tout simplement de dire, de t\u00e9moigner, de communiquer, de maintenir le lien, en faisant feu de tout bois, nous invite \u00e0 nous interroger avec une acuit\u00e9 accrue sur notre lien \u00e0 l\u2019information en contexte de crise, quelle que soit sa nature.","robots":{"index":"index","follow":"follow","max-snippet":"max-snippet:-1","max-image-preview":"max-image-preview:large","max-video-preview":"max-video-preview:-1"},"canonical":"https:\/\/telemme.mmsh.fr\/?tribe_events=supports-de-linformation-et-pratiques-decriture-en-temps-de-crise-ii","og_locale":"fr_FR","og_type":"article","og_title":"Supports de l\u2019information et strat\u00e9gies de communication en temps de crise en Europe m\u00e9ridionale et en M\u00e9diterran\u00e9e (XVIIe - XXIe s.) - II - TELEMMe - Temps, espaces, langages, Europe m\u00e9ridionale, M\u00e9diterran\u00e9e","og_description":"La pand\u00e9mie qui nous a frapp\u00e9, creuset d\u2019une crise plurielle (sanitaire, \u00e9conomique, sociale, politique) a montr\u00e9, une fois de plus, combien ces moments alt\u00e8rent nos rep\u00e8res et d\u00e9terminent les r\u00e9actions individuelles ou collectives. La fureur m\u00e9diatique qui l\u2019a accompagn\u00e9e, le besoin irr\u00e9pressible d\u2019informer ou de s\u2019informer, de mobiliser, ou tout simplement de dire, de t\u00e9moigner, de communiquer, de maintenir le lien, en faisant feu de tout bois, nous invite \u00e0 nous interroger avec une acuit\u00e9 accrue sur notre lien \u00e0 l\u2019information en contexte de crise, quelle que soit sa nature.","og_url":"https:\/\/telemme.mmsh.fr\/?tribe_events=supports-de-linformation-et-pratiques-decriture-en-temps-de-crise-ii","og_site_name":"TELEMMe - Temps, espaces, langages, Europe m\u00e9ridionale, M\u00e9diterran\u00e9e","article_modified_time":"2021-11-08T15:34:00+00:00","og_image":[{"width":944,"height":994,"url":"https:\/\/telemme.mmsh.fr\/wp-content\/uploads\/2019\/04\/Louvel_det.jpeg","type":"image\/jpeg"}],"twitter_card":"summary_large_image","twitter_misc":{"Dur\u00e9e de lecture estim\u00e9e":"1 minute"},"schema":{"@context":"https:\/\/schema.org","@graph":[{"@type":"WebPage","@id":"https:\/\/telemme.mmsh.fr\/?tribe_events=supports-de-linformation-et-pratiques-decriture-en-temps-de-crise-ii","url":"https:\/\/telemme.mmsh.fr\/?tribe_events=supports-de-linformation-et-pratiques-decriture-en-temps-de-crise-ii","name":"Supports de l\u2019information et strat\u00e9gies de communication en temps de crise en Europe m\u00e9ridionale et en M\u00e9diterran\u00e9e (XVIIe - XXIe s.) - II - TELEMMe - Temps, espaces, langages, Europe m\u00e9ridionale, M\u00e9diterran\u00e9e","isPartOf":{"@id":"https:\/\/telemme.mmsh.fr\/#website"},"primaryImageOfPage":{"@id":"https:\/\/telemme.mmsh.fr\/?tribe_events=supports-de-linformation-et-pratiques-decriture-en-temps-de-crise-ii#primaryimage"},"image":{"@id":"https:\/\/telemme.mmsh.fr\/?tribe_events=supports-de-linformation-et-pratiques-decriture-en-temps-de-crise-ii#primaryimage"},"thumbnailUrl":"https:\/\/telemme.mmsh.fr\/wp-content\/uploads\/2019\/04\/Louvel_det.jpeg","datePublished":"2021-07-16T10:50:08+00:00","dateModified":"2021-11-08T15:34:00+00:00","description":"La pand\u00e9mie qui nous a frapp\u00e9, creuset d\u2019une crise plurielle (sanitaire, \u00e9conomique, sociale, politique) a montr\u00e9, une fois de plus, combien ces moments alt\u00e8rent nos rep\u00e8res et d\u00e9terminent les r\u00e9actions individuelles ou collectives. La fureur m\u00e9diatique qui l\u2019a accompagn\u00e9e, le besoin irr\u00e9pressible d\u2019informer ou de s\u2019informer, de mobiliser, ou tout simplement de dire, de t\u00e9moigner, de communiquer, de maintenir le lien, en faisant feu de tout bois, nous invite \u00e0 nous interroger avec une acuit\u00e9 accrue sur notre lien \u00e0 l\u2019information en contexte de crise, quelle que soit sa nature.","breadcrumb":{"@id":"https:\/\/telemme.mmsh.fr\/?tribe_events=supports-de-linformation-et-pratiques-decriture-en-temps-de-crise-ii#breadcrumb"},"inLanguage":"fr-FR","potentialAction":[{"@type":"ReadAction","target":["https:\/\/telemme.mmsh.fr\/?tribe_events=supports-de-linformation-et-pratiques-decriture-en-temps-de-crise-ii"]}]},{"@type":"ImageObject","inLanguage":"fr-FR","@id":"https:\/\/telemme.mmsh.fr\/?tribe_events=supports-de-linformation-et-pratiques-decriture-en-temps-de-crise-ii#primaryimage","url":"https:\/\/telemme.mmsh.fr\/wp-content\/uploads\/2019\/04\/Louvel_det.jpeg","contentUrl":"https:\/\/telemme.mmsh.fr\/wp-content\/uploads\/2019\/04\/Louvel_det.jpeg","width":944,"height":994,"caption":"Louvel, dans sa chambre, assis derri\u00e8re une table charg\u00e9e de journaux lib\u00e9raux, a saisi un poignard et m\u00e9dite son projet criminel, Estampe, 1820, 24,6 x 23,9 cm, BNF : R\u00e9serve QB-370 (77)-FT4. Gallica"},{"@type":"BreadcrumbList","@id":"https:\/\/telemme.mmsh.fr\/?tribe_events=supports-de-linformation-et-pratiques-decriture-en-temps-de-crise-ii#breadcrumb","itemListElement":[{"@type":"ListItem","position":1,"name":"Accueil","item":"https:\/\/telemme.mmsh.fr\/"},{"@type":"ListItem","position":2,"name":"\u00c9v\u00e8nements","item":"https:\/\/telemme.mmsh.fr\/?post_type=tribe_events"},{"@type":"ListItem","position":3,"name":"Journ\u00e9e d'\u00e9tudes","item":"https:\/\/telemme.mmsh.fr\/?tribe_events_cat=journee-detudes"},{"@type":"ListItem","position":4,"name":"Supports de l\u2019information et strat\u00e9gies de communication en temps de crise en Europe m\u00e9ridionale et en M\u00e9diterran\u00e9e (XVIIe &#8211; XXIe s.) &#8211; II"}]},{"@type":"WebSite","@id":"https:\/\/telemme.mmsh.fr\/#website","url":"https:\/\/telemme.mmsh.fr\/","name":"TELEMMe - Temps, espaces, langages, Europe m\u00e9ridionale, M\u00e9diterran\u00e9e","description":"","publisher":{"@id":"https:\/\/telemme.mmsh.fr\/#organization"},"potentialAction":[{"@type":"SearchAction","target":{"@type":"EntryPoint","urlTemplate":"https:\/\/telemme.mmsh.fr\/?s={search_term_string}"},"query-input":{"@type":"PropertyValueSpecification","valueRequired":true,"valueName":"search_term_string"}}],"inLanguage":"fr-FR"},{"@type":"Organization","@id":"https:\/\/telemme.mmsh.fr\/#organization","name":"TELEMMe","url":"https:\/\/telemme.mmsh.fr\/","logo":{"@type":"ImageObject","inLanguage":"fr-FR","@id":"https:\/\/telemme.mmsh.fr\/#\/schema\/logo\/image\/","url":"https:\/\/telemme.mmsh.fr\/wp-content\/uploads\/2020\/03\/LogoTELEMMe-horizontal-fond-transparent.png","contentUrl":"https:\/\/telemme.mmsh.fr\/wp-content\/uploads\/2020\/03\/LogoTELEMMe-horizontal-fond-transparent.png","width":1500,"height":437,"caption":"TELEMMe"},"image":{"@id":"https:\/\/telemme.mmsh.fr\/#\/schema\/logo\/image\/"}}]}},"_links":{"self":[{"href":"https:\/\/telemme.mmsh.fr\/index.php?rest_route=\/wp\/v2\/tribe_events\/9060","targetHints":{"allow":["GET"]}}],"collection":[{"href":"https:\/\/telemme.mmsh.fr\/index.php?rest_route=\/wp\/v2\/tribe_events"}],"about":[{"href":"https:\/\/telemme.mmsh.fr\/index.php?rest_route=\/wp\/v2\/types\/tribe_events"}],"author":[{"embeddable":true,"href":"https:\/\/telemme.mmsh.fr\/index.php?rest_route=\/wp\/v2\/users\/6"}],"version-history":[{"count":5,"href":"https:\/\/telemme.mmsh.fr\/index.php?rest_route=\/wp\/v2\/tribe_events\/9060\/revisions"}],"predecessor-version":[{"id":10025,"href":"https:\/\/telemme.mmsh.fr\/index.php?rest_route=\/wp\/v2\/tribe_events\/9060\/revisions\/10025"}],"wp:featuredmedia":[{"embeddable":true,"href":"https:\/\/telemme.mmsh.fr\/index.php?rest_route=\/wp\/v2\/media\/3423"}],"wp:attachment":[{"href":"https:\/\/telemme.mmsh.fr\/index.php?rest_route=%2Fwp%2Fv2%2Fmedia&parent=9060"}],"wp:term":[{"taxonomy":"post_tag","embeddable":true,"href":"https:\/\/telemme.mmsh.fr\/index.php?rest_route=%2Fwp%2Fv2%2Ftags&post=9060"},{"taxonomy":"tribe_events_cat","embeddable":true,"href":"https:\/\/telemme.mmsh.fr\/index.php?rest_route=%2Fwp%2Fv2%2Ftribe_events_cat&post=9060"}],"curies":[{"name":"wp","href":"https:\/\/api.w.org\/{rel}","templated":true}]}}