{"id":9001,"date":"2021-07-15T16:43:07","date_gmt":"2021-07-15T14:43:07","guid":{"rendered":"https:\/\/telemme.mmsh.fr\/?post_type=tribe_events&#038;p=9001"},"modified":"2021-10-06T11:06:25","modified_gmt":"2021-10-06T09:06:25","slug":"seminaire-du-groupe-facons-detre","status":"publish","type":"tribe_events","link":"https:\/\/telemme.mmsh.fr\/?tribe_events=seminaire-du-groupe-facons-detre","title":{"rendered":"S\u00e9minaire de rentr\u00e9e du groupe Fa\u00e7ons d&rsquo;\u00eatre"},"content":{"rendered":"\r\n<p>&nbsp;<\/p>\r\n\r\n<p>Le s\u00e9minaire sera consacr\u00e9 \u00e0 la pr\u00e9sentation d\u2019un projet de recherche port\u00e9 par Bruno Bertherat et Isabelle Renaudet sur les morts de la Retirada. Envisag\u00e9 dans le cadre d\u2019une histoire de la mort, attentive au traitement mat\u00e9riel et symbolique du cadavre, la communication montrera l\u2019int\u00e9r\u00eat d\u2019aborder ce sujet dans la longue dur\u00e9e, seule en mesure de rendre compte de la vie posthume des morts et de l\u2019entrecroisement des temporalit\u00e9s.<\/p>\r\n<p>Les participant.e.s devront se munir de leur passe sanitaire afin de respecter les consignes sanitaires en vigueur au sein de la MMSH.<\/p>\r\n<p><a href=\"https:\/\/telemme.mmsh.fr\/?evenement=seminaire-de-rentree-du-groupe-facons-detre\"><strong>Programme complet<\/strong><\/a><\/p>\r\n\r\n\r\n\r\n\r\n","protected":false},"excerpt":{"rendered":"<p>&nbsp; Le s\u00e9minaire sera consacr\u00e9 \u00e0 la pr\u00e9sentation d\u2019un projet de recherche port\u00e9 par Bruno Bertherat et Isabelle Renaudet sur les morts de la Retirada. Envisag\u00e9 dans le cadre d\u2019une&hellip;&nbsp;<a href=\"https:\/\/telemme.mmsh.fr\/?tribe_events=seminaire-du-groupe-facons-detre\" rel=\"bookmark\">Lire la suite &raquo;<span class=\"screen-reader-text\">S\u00e9minaire de rentr\u00e9e du groupe Fa\u00e7ons d&rsquo;\u00eatre<\/span><\/a><\/p>\n","protected":false},"author":6,"featured_media":3657,"template":"","meta":{"neve_meta_sidebar":"","neve_meta_container":"","neve_meta_enable_content_width":"","neve_meta_content_width":0,"neve_meta_title_alignment":"","neve_meta_author_avatar":"","neve_post_elements_order":"","neve_meta_disable_header":"","neve_meta_disable_footer":"","neve_meta_disable_title":"","_tribe_events_status":"","_tribe_events_status_reason":"","footnotes":""},"tags":[1836],"tribe_events_cat":[1831],"class_list":["post-9001","tribe_events","type-tribe_events","status-publish","has-post-thumbnail","hentry","tag-1-3-facons-detre","tribe_events_cat-seminaire","cat_seminaire"],"yoast_head":"<!-- This site is optimized with the Yoast SEO plugin v27.4 - https:\/\/yoast.com\/product\/yoast-seo-wordpress\/ -->\n<title>S\u00e9minaire de rentr\u00e9e du groupe Fa\u00e7ons d&#039;\u00eatre - TELEMMe - Temps, espaces, langages, Europe m\u00e9ridionale, M\u00e9diterran\u00e9e<\/title>\n<meta name=\"robots\" content=\"index, follow, max-snippet:-1, max-image-preview:large, max-video-preview:-1\" \/>\n<link rel=\"canonical\" href=\"https:\/\/telemme.mmsh.fr\/?tribe_events=seminaire-du-groupe-facons-detre\" \/>\n<meta property=\"og:locale\" content=\"fr_FR\" \/>\n<meta property=\"og:type\" content=\"article\" \/>\n<meta property=\"og:title\" content=\"S\u00e9minaire de rentr\u00e9e du groupe Fa\u00e7ons d&#039;\u00eatre - TELEMMe - Temps, espaces, langages, Europe m\u00e9ridionale, M\u00e9diterran\u00e9e\" \/>\n<meta property=\"og:description\" content=\"&nbsp; Le s\u00e9minaire sera consacr\u00e9 \u00e0 la pr\u00e9sentation d\u2019un projet de recherche port\u00e9 par Bruno Bertherat et Isabelle Renaudet sur les morts de la Retirada. Envisag\u00e9 dans le cadre d\u2019une&hellip;&nbsp;Lire la suite &raquo;S\u00e9minaire de rentr\u00e9e du groupe Fa\u00e7ons d&rsquo;\u00eatre\" \/>\n<meta property=\"og:url\" content=\"https:\/\/telemme.mmsh.fr\/?tribe_events=seminaire-du-groupe-facons-detre\" \/>\n<meta property=\"og:site_name\" content=\"TELEMMe - Temps, espaces, langages, Europe m\u00e9ridionale, M\u00e9diterran\u00e9e\" \/>\n<meta property=\"article:modified_time\" content=\"2021-10-06T09:06:25+00:00\" \/>\n<meta property=\"og:image\" content=\"https:\/\/telemme.mmsh.fr\/wp-content\/uploads\/2021\/01\/Courbet-autoportait_light2.jpg\" \/>\n\t<meta property=\"og:image:width\" content=\"300\" \/>\n\t<meta property=\"og:image:height\" content=\"359\" \/>\n\t<meta property=\"og:image:type\" content=\"image\/jpeg\" \/>\n<meta name=\"twitter:card\" content=\"summary_large_image\" \/>\n<meta name=\"twitter:label1\" content=\"Dur\u00e9e de lecture estim\u00e9e\" \/>\n\t<meta name=\"twitter:data1\" content=\"1 minute\" \/>\n<script type=\"application\/ld+json\" class=\"yoast-schema-graph\">{\"@context\":\"https:\\\/\\\/schema.org\",\"@graph\":[{\"@type\":\"WebPage\",\"@id\":\"https:\\\/\\\/telemme.mmsh.fr\\\/?tribe_events=seminaire-du-groupe-facons-detre\",\"url\":\"https:\\\/\\\/telemme.mmsh.fr\\\/?tribe_events=seminaire-du-groupe-facons-detre\",\"name\":\"S\u00e9minaire de rentr\u00e9e du groupe Fa\u00e7ons d'\u00eatre - TELEMMe - Temps, espaces, langages, Europe m\u00e9ridionale, M\u00e9diterran\u00e9e\",\"isPartOf\":{\"@id\":\"https:\\\/\\\/telemme.mmsh.fr\\\/#website\"},\"primaryImageOfPage\":{\"@id\":\"https:\\\/\\\/telemme.mmsh.fr\\\/?tribe_events=seminaire-du-groupe-facons-detre#primaryimage\"},\"image\":{\"@id\":\"https:\\\/\\\/telemme.mmsh.fr\\\/?tribe_events=seminaire-du-groupe-facons-detre#primaryimage\"},\"thumbnailUrl\":\"https:\\\/\\\/telemme.mmsh.fr\\\/wp-content\\\/uploads\\\/2021\\\/01\\\/Courbet-autoportait_light2.jpg\",\"datePublished\":\"2021-07-15T14:43:07+00:00\",\"dateModified\":\"2021-10-06T09:06:25+00:00\",\"breadcrumb\":{\"@id\":\"https:\\\/\\\/telemme.mmsh.fr\\\/?tribe_events=seminaire-du-groupe-facons-detre#breadcrumb\"},\"inLanguage\":\"fr-FR\",\"potentialAction\":[{\"@type\":\"ReadAction\",\"target\":[\"https:\\\/\\\/telemme.mmsh.fr\\\/?tribe_events=seminaire-du-groupe-facons-detre\"]}]},{\"@type\":\"ImageObject\",\"inLanguage\":\"fr-FR\",\"@id\":\"https:\\\/\\\/telemme.mmsh.fr\\\/?tribe_events=seminaire-du-groupe-facons-detre#primaryimage\",\"url\":\"https:\\\/\\\/telemme.mmsh.fr\\\/wp-content\\\/uploads\\\/2021\\\/01\\\/Courbet-autoportait_light2.jpg\",\"contentUrl\":\"https:\\\/\\\/telemme.mmsh.fr\\\/wp-content\\\/uploads\\\/2021\\\/01\\\/Courbet-autoportait_light2.jpg\",\"width\":300,\"height\":359,\"caption\":\"Gustave Courbet, Autoportrait, vers 1840, The Metropolitan Museum, Domaine public\"},{\"@type\":\"BreadcrumbList\",\"@id\":\"https:\\\/\\\/telemme.mmsh.fr\\\/?tribe_events=seminaire-du-groupe-facons-detre#breadcrumb\",\"itemListElement\":[{\"@type\":\"ListItem\",\"position\":1,\"name\":\"Accueil\",\"item\":\"https:\\\/\\\/telemme.mmsh.fr\\\/\"},{\"@type\":\"ListItem\",\"position\":2,\"name\":\"\u00c9v\u00e8nements\",\"item\":\"https:\\\/\\\/telemme.mmsh.fr\\\/?post_type=tribe_events\"},{\"@type\":\"ListItem\",\"position\":3,\"name\":\"S\u00e9minaire\",\"item\":\"https:\\\/\\\/telemme.mmsh.fr\\\/?tribe_events_cat=seminaire\"},{\"@type\":\"ListItem\",\"position\":4,\"name\":\"S\u00e9minaire de rentr\u00e9e du groupe Fa\u00e7ons d&rsquo;\u00eatre\"}]},{\"@type\":\"WebSite\",\"@id\":\"https:\\\/\\\/telemme.mmsh.fr\\\/#website\",\"url\":\"https:\\\/\\\/telemme.mmsh.fr\\\/\",\"name\":\"TELEMMe - Temps, espaces, langages, Europe m\u00e9ridionale, M\u00e9diterran\u00e9e\",\"description\":\"\",\"publisher\":{\"@id\":\"https:\\\/\\\/telemme.mmsh.fr\\\/#organization\"},\"potentialAction\":[{\"@type\":\"SearchAction\",\"target\":{\"@type\":\"EntryPoint\",\"urlTemplate\":\"https:\\\/\\\/telemme.mmsh.fr\\\/?s={search_term_string}\"},\"query-input\":{\"@type\":\"PropertyValueSpecification\",\"valueRequired\":true,\"valueName\":\"search_term_string\"}}],\"inLanguage\":\"fr-FR\"},{\"@type\":\"Organization\",\"@id\":\"https:\\\/\\\/telemme.mmsh.fr\\\/#organization\",\"name\":\"TELEMMe\",\"url\":\"https:\\\/\\\/telemme.mmsh.fr\\\/\",\"logo\":{\"@type\":\"ImageObject\",\"inLanguage\":\"fr-FR\",\"@id\":\"https:\\\/\\\/telemme.mmsh.fr\\\/#\\\/schema\\\/logo\\\/image\\\/\",\"url\":\"https:\\\/\\\/telemme.mmsh.fr\\\/wp-content\\\/uploads\\\/2020\\\/03\\\/LogoTELEMMe-horizontal-fond-transparent.png\",\"contentUrl\":\"https:\\\/\\\/telemme.mmsh.fr\\\/wp-content\\\/uploads\\\/2020\\\/03\\\/LogoTELEMMe-horizontal-fond-transparent.png\",\"width\":1500,\"height\":437,\"caption\":\"TELEMMe\"},\"image\":{\"@id\":\"https:\\\/\\\/telemme.mmsh.fr\\\/#\\\/schema\\\/logo\\\/image\\\/\"}}]}<\/script>\n<!-- \/ Yoast SEO plugin. -->","yoast_head_json":{"title":"S\u00e9minaire de rentr\u00e9e du groupe Fa\u00e7ons d'\u00eatre - TELEMMe - Temps, espaces, langages, Europe m\u00e9ridionale, M\u00e9diterran\u00e9e","robots":{"index":"index","follow":"follow","max-snippet":"max-snippet:-1","max-image-preview":"max-image-preview:large","max-video-preview":"max-video-preview:-1"},"canonical":"https:\/\/telemme.mmsh.fr\/?tribe_events=seminaire-du-groupe-facons-detre","og_locale":"fr_FR","og_type":"article","og_title":"S\u00e9minaire de rentr\u00e9e du groupe Fa\u00e7ons d'\u00eatre - TELEMMe - Temps, espaces, langages, Europe m\u00e9ridionale, M\u00e9diterran\u00e9e","og_description":"&nbsp; Le s\u00e9minaire sera consacr\u00e9 \u00e0 la pr\u00e9sentation d\u2019un projet de recherche port\u00e9 par Bruno Bertherat et Isabelle Renaudet sur les morts de la Retirada. Envisag\u00e9 dans le cadre d\u2019une&hellip;&nbsp;Lire la suite &raquo;S\u00e9minaire de rentr\u00e9e du groupe Fa\u00e7ons d&rsquo;\u00eatre","og_url":"https:\/\/telemme.mmsh.fr\/?tribe_events=seminaire-du-groupe-facons-detre","og_site_name":"TELEMMe - Temps, espaces, langages, Europe m\u00e9ridionale, M\u00e9diterran\u00e9e","article_modified_time":"2021-10-06T09:06:25+00:00","og_image":[{"width":300,"height":359,"url":"https:\/\/telemme.mmsh.fr\/wp-content\/uploads\/2021\/01\/Courbet-autoportait_light2.jpg","type":"image\/jpeg"}],"twitter_card":"summary_large_image","twitter_misc":{"Dur\u00e9e de lecture estim\u00e9e":"1 minute"},"schema":{"@context":"https:\/\/schema.org","@graph":[{"@type":"WebPage","@id":"https:\/\/telemme.mmsh.fr\/?tribe_events=seminaire-du-groupe-facons-detre","url":"https:\/\/telemme.mmsh.fr\/?tribe_events=seminaire-du-groupe-facons-detre","name":"S\u00e9minaire de rentr\u00e9e du groupe Fa\u00e7ons d'\u00eatre - TELEMMe - Temps, espaces, langages, Europe m\u00e9ridionale, M\u00e9diterran\u00e9e","isPartOf":{"@id":"https:\/\/telemme.mmsh.fr\/#website"},"primaryImageOfPage":{"@id":"https:\/\/telemme.mmsh.fr\/?tribe_events=seminaire-du-groupe-facons-detre#primaryimage"},"image":{"@id":"https:\/\/telemme.mmsh.fr\/?tribe_events=seminaire-du-groupe-facons-detre#primaryimage"},"thumbnailUrl":"https:\/\/telemme.mmsh.fr\/wp-content\/uploads\/2021\/01\/Courbet-autoportait_light2.jpg","datePublished":"2021-07-15T14:43:07+00:00","dateModified":"2021-10-06T09:06:25+00:00","breadcrumb":{"@id":"https:\/\/telemme.mmsh.fr\/?tribe_events=seminaire-du-groupe-facons-detre#breadcrumb"},"inLanguage":"fr-FR","potentialAction":[{"@type":"ReadAction","target":["https:\/\/telemme.mmsh.fr\/?tribe_events=seminaire-du-groupe-facons-detre"]}]},{"@type":"ImageObject","inLanguage":"fr-FR","@id":"https:\/\/telemme.mmsh.fr\/?tribe_events=seminaire-du-groupe-facons-detre#primaryimage","url":"https:\/\/telemme.mmsh.fr\/wp-content\/uploads\/2021\/01\/Courbet-autoportait_light2.jpg","contentUrl":"https:\/\/telemme.mmsh.fr\/wp-content\/uploads\/2021\/01\/Courbet-autoportait_light2.jpg","width":300,"height":359,"caption":"Gustave Courbet, Autoportrait, vers 1840, The Metropolitan Museum, Domaine public"},{"@type":"BreadcrumbList","@id":"https:\/\/telemme.mmsh.fr\/?tribe_events=seminaire-du-groupe-facons-detre#breadcrumb","itemListElement":[{"@type":"ListItem","position":1,"name":"Accueil","item":"https:\/\/telemme.mmsh.fr\/"},{"@type":"ListItem","position":2,"name":"\u00c9v\u00e8nements","item":"https:\/\/telemme.mmsh.fr\/?post_type=tribe_events"},{"@type":"ListItem","position":3,"name":"S\u00e9minaire","item":"https:\/\/telemme.mmsh.fr\/?tribe_events_cat=seminaire"},{"@type":"ListItem","position":4,"name":"S\u00e9minaire de rentr\u00e9e du groupe Fa\u00e7ons d&rsquo;\u00eatre"}]},{"@type":"WebSite","@id":"https:\/\/telemme.mmsh.fr\/#website","url":"https:\/\/telemme.mmsh.fr\/","name":"TELEMMe - Temps, espaces, langages, Europe m\u00e9ridionale, M\u00e9diterran\u00e9e","description":"","publisher":{"@id":"https:\/\/telemme.mmsh.fr\/#organization"},"potentialAction":[{"@type":"SearchAction","target":{"@type":"EntryPoint","urlTemplate":"https:\/\/telemme.mmsh.fr\/?s={search_term_string}"},"query-input":{"@type":"PropertyValueSpecification","valueRequired":true,"valueName":"search_term_string"}}],"inLanguage":"fr-FR"},{"@type":"Organization","@id":"https:\/\/telemme.mmsh.fr\/#organization","name":"TELEMMe","url":"https:\/\/telemme.mmsh.fr\/","logo":{"@type":"ImageObject","inLanguage":"fr-FR","@id":"https:\/\/telemme.mmsh.fr\/#\/schema\/logo\/image\/","url":"https:\/\/telemme.mmsh.fr\/wp-content\/uploads\/2020\/03\/LogoTELEMMe-horizontal-fond-transparent.png","contentUrl":"https:\/\/telemme.mmsh.fr\/wp-content\/uploads\/2020\/03\/LogoTELEMMe-horizontal-fond-transparent.png","width":1500,"height":437,"caption":"TELEMMe"},"image":{"@id":"https:\/\/telemme.mmsh.fr\/#\/schema\/logo\/image\/"}}]}},"_links":{"self":[{"href":"https:\/\/telemme.mmsh.fr\/index.php?rest_route=\/wp\/v2\/tribe_events\/9001","targetHints":{"allow":["GET"]}}],"collection":[{"href":"https:\/\/telemme.mmsh.fr\/index.php?rest_route=\/wp\/v2\/tribe_events"}],"about":[{"href":"https:\/\/telemme.mmsh.fr\/index.php?rest_route=\/wp\/v2\/types\/tribe_events"}],"author":[{"embeddable":true,"href":"https:\/\/telemme.mmsh.fr\/index.php?rest_route=\/wp\/v2\/users\/6"}],"version-history":[{"count":9,"href":"https:\/\/telemme.mmsh.fr\/index.php?rest_route=\/wp\/v2\/tribe_events\/9001\/revisions"}],"predecessor-version":[{"id":9776,"href":"https:\/\/telemme.mmsh.fr\/index.php?rest_route=\/wp\/v2\/tribe_events\/9001\/revisions\/9776"}],"wp:featuredmedia":[{"embeddable":true,"href":"https:\/\/telemme.mmsh.fr\/index.php?rest_route=\/wp\/v2\/media\/3657"}],"wp:attachment":[{"href":"https:\/\/telemme.mmsh.fr\/index.php?rest_route=%2Fwp%2Fv2%2Fmedia&parent=9001"}],"wp:term":[{"taxonomy":"post_tag","embeddable":true,"href":"https:\/\/telemme.mmsh.fr\/index.php?rest_route=%2Fwp%2Fv2%2Ftags&post=9001"},{"taxonomy":"tribe_events_cat","embeddable":true,"href":"https:\/\/telemme.mmsh.fr\/index.php?rest_route=%2Fwp%2Fv2%2Ftribe_events_cat&post=9001"}],"curies":[{"name":"wp","href":"https:\/\/api.w.org\/{rel}","templated":true}]}}