{"id":7292,"date":"2021-04-19T12:11:25","date_gmt":"2021-04-19T10:11:25","guid":{"rendered":"http:\/\/telemme.mmsh.fr\/?post_type=tribe_events&#038;p=7292"},"modified":"2021-04-22T09:48:45","modified_gmt":"2021-04-22T07:48:45","slug":"les-conflits-en-sciences-humaines-et-sociales","status":"publish","type":"tribe_events","link":"https:\/\/telemme.mmsh.fr\/?tribe_events=les-conflits-en-sciences-humaines-et-sociales","title":{"rendered":"Le(s) conflit(s) en sciences humaines et sociales"},"content":{"rendered":"<p><span id=\"ctl00_contenu_annonce_lbl\">Des guerres de Religion aux contentieux administratifs, des zones \u00e0 d\u00e9fendre aux d\u00e9bats scolastiques, des manifestations altermondialistes aux disputes conjugales, la pluralit\u00e9 des formes du conflit rend difficile la compr\u00e9hension de ses limites et de ses objets. D\u00e9fini comme une \u00ab\u00a0situation relationnelle structur\u00e9e autour d\u2019un antagonisme\u00a0\u00bb, le conflit r\u00e9v\u00e8le les oppositions, les solidarit\u00e9s et les dynamiques de pouvoir au sein d\u2019un syst\u00e8me social. Il peut \u00eatre envisag\u00e9 comme un point de rupture, un bouleversement et participe \u00e0 la transformation des soci\u00e9t\u00e9s par la remise en question des normes, pratiques, territoires et repr\u00e9sentations, sans cesse ren\u00e9goci\u00e9s. Au-del\u00e0 de la seule dimension militaire du terme, le parti pris de cette journ\u00e9e d\u2019\u00e9tude interdisciplinaire sera de consid\u00e9rer le conflit dans toute sa complexit\u00e9 (acteurs, intensit\u00e9s, lieux, temporalit\u00e9s). <\/span><\/p>\n<p>&nbsp;<\/p>\n<p><a href=\"http:\/\/telemme.mmsh.univ-aix.fr\/evenement\/les-conflits-en-sciences-humaines-et-sociales\/\"><strong>Le programme complet<\/strong><\/a><\/p>\n","protected":false},"excerpt":{"rendered":"<p>Des guerres de Religion aux contentieux administratifs, des zones \u00e0 d\u00e9fendre aux d\u00e9bats scolastiques, des manifestations altermondialistes aux disputes conjugales, la pluralit\u00e9 des formes du conflit rend difficile la compr\u00e9hension de ses limites et de ses objets.<\/p>\n","protected":false},"author":7,"featured_media":7288,"template":"","meta":{"neve_meta_sidebar":"","neve_meta_container":"","neve_meta_enable_content_width":"","neve_meta_content_width":0,"neve_meta_title_alignment":"","neve_meta_author_avatar":"","neve_post_elements_order":"","neve_meta_disable_header":"","neve_meta_disable_footer":"","neve_meta_disable_title":"","_tribe_events_status":"","_tribe_events_status_reason":"","footnotes":""},"tags":[],"tribe_events_cat":[1956],"class_list":["post-7292","tribe_events","type-tribe_events","status-publish","has-post-thumbnail","hentry","tribe_events_cat-journee-jeunes-chercheureuses-telemme","cat_journee-jeunes-chercheureuses-telemme"],"yoast_head":"<!-- This site is optimized with the Yoast SEO plugin v27.4 - https:\/\/yoast.com\/product\/yoast-seo-wordpress\/ -->\n<title>Le(s) conflit(s) en sciences humaines et sociales - TELEMMe - Temps, espaces, langages, Europe m\u00e9ridionale, M\u00e9diterran\u00e9e<\/title>\n<meta name=\"robots\" content=\"index, follow, max-snippet:-1, max-image-preview:large, max-video-preview:-1\" \/>\n<link rel=\"canonical\" href=\"https:\/\/telemme.mmsh.fr\/?tribe_events=les-conflits-en-sciences-humaines-et-sociales\" \/>\n<meta property=\"og:locale\" content=\"fr_FR\" \/>\n<meta property=\"og:type\" content=\"article\" \/>\n<meta property=\"og:title\" content=\"Le(s) conflit(s) en sciences humaines et sociales - TELEMMe - Temps, espaces, langages, Europe m\u00e9ridionale, M\u00e9diterran\u00e9e\" \/>\n<meta property=\"og:description\" content=\"Des guerres de Religion aux contentieux administratifs, des zones \u00e0 d\u00e9fendre aux d\u00e9bats scolastiques, des manifestations altermondialistes aux disputes conjugales, la pluralit\u00e9 des formes du conflit rend difficile la compr\u00e9hension de ses limites et de ses objets.\" \/>\n<meta property=\"og:url\" content=\"https:\/\/telemme.mmsh.fr\/?tribe_events=les-conflits-en-sciences-humaines-et-sociales\" \/>\n<meta property=\"og:site_name\" content=\"TELEMMe - Temps, espaces, langages, Europe m\u00e9ridionale, M\u00e9diterran\u00e9e\" \/>\n<meta property=\"article:modified_time\" content=\"2021-04-22T07:48:45+00:00\" \/>\n<meta property=\"og:image\" content=\"https:\/\/telemme.mmsh.fr\/wp-content\/uploads\/2021\/04\/vignette_La_grande_querelle_du_menage_...Malbran_Charles_btv1b69384773_1.jpeg\" \/>\n\t<meta property=\"og:image:width\" content=\"500\" \/>\n\t<meta property=\"og:image:height\" content=\"393\" \/>\n\t<meta property=\"og:image:type\" content=\"image\/jpeg\" \/>\n<meta name=\"twitter:card\" content=\"summary_large_image\" \/>\n<meta name=\"twitter:label1\" content=\"Dur\u00e9e de lecture estim\u00e9e\" \/>\n\t<meta name=\"twitter:data1\" content=\"1 minute\" \/>\n<script type=\"application\/ld+json\" class=\"yoast-schema-graph\">{\"@context\":\"https:\\\/\\\/schema.org\",\"@graph\":[{\"@type\":\"WebPage\",\"@id\":\"https:\\\/\\\/telemme.mmsh.fr\\\/?tribe_events=les-conflits-en-sciences-humaines-et-sociales\",\"url\":\"https:\\\/\\\/telemme.mmsh.fr\\\/?tribe_events=les-conflits-en-sciences-humaines-et-sociales\",\"name\":\"Le(s) conflit(s) en sciences humaines et sociales - TELEMMe - Temps, espaces, langages, Europe m\u00e9ridionale, M\u00e9diterran\u00e9e\",\"isPartOf\":{\"@id\":\"https:\\\/\\\/telemme.mmsh.fr\\\/#website\"},\"primaryImageOfPage\":{\"@id\":\"https:\\\/\\\/telemme.mmsh.fr\\\/?tribe_events=les-conflits-en-sciences-humaines-et-sociales#primaryimage\"},\"image\":{\"@id\":\"https:\\\/\\\/telemme.mmsh.fr\\\/?tribe_events=les-conflits-en-sciences-humaines-et-sociales#primaryimage\"},\"thumbnailUrl\":\"https:\\\/\\\/telemme.mmsh.fr\\\/wp-content\\\/uploads\\\/2021\\\/04\\\/vignette_La_grande_querelle_du_menage_...Malbran_Charles_btv1b69384773_1.jpeg\",\"datePublished\":\"2021-04-19T10:11:25+00:00\",\"dateModified\":\"2021-04-22T07:48:45+00:00\",\"breadcrumb\":{\"@id\":\"https:\\\/\\\/telemme.mmsh.fr\\\/?tribe_events=les-conflits-en-sciences-humaines-et-sociales#breadcrumb\"},\"inLanguage\":\"fr-FR\",\"potentialAction\":[{\"@type\":\"ReadAction\",\"target\":[\"https:\\\/\\\/telemme.mmsh.fr\\\/?tribe_events=les-conflits-en-sciences-humaines-et-sociales\"]}]},{\"@type\":\"ImageObject\",\"inLanguage\":\"fr-FR\",\"@id\":\"https:\\\/\\\/telemme.mmsh.fr\\\/?tribe_events=les-conflits-en-sciences-humaines-et-sociales#primaryimage\",\"url\":\"https:\\\/\\\/telemme.mmsh.fr\\\/wp-content\\\/uploads\\\/2021\\\/04\\\/vignette_La_grande_querelle_du_menage_...Malbran_Charles_btv1b69384773_1.jpeg\",\"contentUrl\":\"https:\\\/\\\/telemme.mmsh.fr\\\/wp-content\\\/uploads\\\/2021\\\/04\\\/vignette_La_grande_querelle_du_menage_...Malbran_Charles_btv1b69384773_1.jpeg\",\"width\":500,\"height\":393,\"caption\":\"vignette_La_grande_querelle_du_m\u00e9nage_\"},{\"@type\":\"BreadcrumbList\",\"@id\":\"https:\\\/\\\/telemme.mmsh.fr\\\/?tribe_events=les-conflits-en-sciences-humaines-et-sociales#breadcrumb\",\"itemListElement\":[{\"@type\":\"ListItem\",\"position\":1,\"name\":\"Accueil\",\"item\":\"https:\\\/\\\/telemme.mmsh.fr\\\/\"},{\"@type\":\"ListItem\",\"position\":2,\"name\":\"\u00c9v\u00e8nements\",\"item\":\"https:\\\/\\\/telemme.mmsh.fr\\\/?post_type=tribe_events\"},{\"@type\":\"ListItem\",\"position\":3,\"name\":\"Journ\u00e9e Jeunes chercheur\u00b7euses TELEMMe\",\"item\":\"https:\\\/\\\/telemme.mmsh.fr\\\/?tribe_events_cat=journee-jeunes-chercheur%c2%b7euses-telemme\"},{\"@type\":\"ListItem\",\"position\":4,\"name\":\"Le(s) conflit(s) en sciences humaines et sociales\"}]},{\"@type\":\"WebSite\",\"@id\":\"https:\\\/\\\/telemme.mmsh.fr\\\/#website\",\"url\":\"https:\\\/\\\/telemme.mmsh.fr\\\/\",\"name\":\"TELEMMe - Temps, espaces, langages, Europe m\u00e9ridionale, M\u00e9diterran\u00e9e\",\"description\":\"\",\"publisher\":{\"@id\":\"https:\\\/\\\/telemme.mmsh.fr\\\/#organization\"},\"potentialAction\":[{\"@type\":\"SearchAction\",\"target\":{\"@type\":\"EntryPoint\",\"urlTemplate\":\"https:\\\/\\\/telemme.mmsh.fr\\\/?s={search_term_string}\"},\"query-input\":{\"@type\":\"PropertyValueSpecification\",\"valueRequired\":true,\"valueName\":\"search_term_string\"}}],\"inLanguage\":\"fr-FR\"},{\"@type\":\"Organization\",\"@id\":\"https:\\\/\\\/telemme.mmsh.fr\\\/#organization\",\"name\":\"TELEMMe\",\"url\":\"https:\\\/\\\/telemme.mmsh.fr\\\/\",\"logo\":{\"@type\":\"ImageObject\",\"inLanguage\":\"fr-FR\",\"@id\":\"https:\\\/\\\/telemme.mmsh.fr\\\/#\\\/schema\\\/logo\\\/image\\\/\",\"url\":\"https:\\\/\\\/telemme.mmsh.fr\\\/wp-content\\\/uploads\\\/2020\\\/03\\\/LogoTELEMMe-horizontal-fond-transparent.png\",\"contentUrl\":\"https:\\\/\\\/telemme.mmsh.fr\\\/wp-content\\\/uploads\\\/2020\\\/03\\\/LogoTELEMMe-horizontal-fond-transparent.png\",\"width\":1500,\"height\":437,\"caption\":\"TELEMMe\"},\"image\":{\"@id\":\"https:\\\/\\\/telemme.mmsh.fr\\\/#\\\/schema\\\/logo\\\/image\\\/\"}}]}<\/script>\n<!-- \/ Yoast SEO plugin. -->","yoast_head_json":{"title":"Le(s) conflit(s) en sciences humaines et sociales - TELEMMe - Temps, espaces, langages, Europe m\u00e9ridionale, M\u00e9diterran\u00e9e","robots":{"index":"index","follow":"follow","max-snippet":"max-snippet:-1","max-image-preview":"max-image-preview:large","max-video-preview":"max-video-preview:-1"},"canonical":"https:\/\/telemme.mmsh.fr\/?tribe_events=les-conflits-en-sciences-humaines-et-sociales","og_locale":"fr_FR","og_type":"article","og_title":"Le(s) conflit(s) en sciences humaines et sociales - TELEMMe - Temps, espaces, langages, Europe m\u00e9ridionale, M\u00e9diterran\u00e9e","og_description":"Des guerres de Religion aux contentieux administratifs, des zones \u00e0 d\u00e9fendre aux d\u00e9bats scolastiques, des manifestations altermondialistes aux disputes conjugales, la pluralit\u00e9 des formes du conflit rend difficile la compr\u00e9hension de ses limites et de ses objets.","og_url":"https:\/\/telemme.mmsh.fr\/?tribe_events=les-conflits-en-sciences-humaines-et-sociales","og_site_name":"TELEMMe - Temps, espaces, langages, Europe m\u00e9ridionale, M\u00e9diterran\u00e9e","article_modified_time":"2021-04-22T07:48:45+00:00","og_image":[{"width":500,"height":393,"url":"https:\/\/telemme.mmsh.fr\/wp-content\/uploads\/2021\/04\/vignette_La_grande_querelle_du_menage_...Malbran_Charles_btv1b69384773_1.jpeg","type":"image\/jpeg"}],"twitter_card":"summary_large_image","twitter_misc":{"Dur\u00e9e de lecture estim\u00e9e":"1 minute"},"schema":{"@context":"https:\/\/schema.org","@graph":[{"@type":"WebPage","@id":"https:\/\/telemme.mmsh.fr\/?tribe_events=les-conflits-en-sciences-humaines-et-sociales","url":"https:\/\/telemme.mmsh.fr\/?tribe_events=les-conflits-en-sciences-humaines-et-sociales","name":"Le(s) conflit(s) en sciences humaines et sociales - TELEMMe - Temps, espaces, langages, Europe m\u00e9ridionale, M\u00e9diterran\u00e9e","isPartOf":{"@id":"https:\/\/telemme.mmsh.fr\/#website"},"primaryImageOfPage":{"@id":"https:\/\/telemme.mmsh.fr\/?tribe_events=les-conflits-en-sciences-humaines-et-sociales#primaryimage"},"image":{"@id":"https:\/\/telemme.mmsh.fr\/?tribe_events=les-conflits-en-sciences-humaines-et-sociales#primaryimage"},"thumbnailUrl":"https:\/\/telemme.mmsh.fr\/wp-content\/uploads\/2021\/04\/vignette_La_grande_querelle_du_menage_...Malbran_Charles_btv1b69384773_1.jpeg","datePublished":"2021-04-19T10:11:25+00:00","dateModified":"2021-04-22T07:48:45+00:00","breadcrumb":{"@id":"https:\/\/telemme.mmsh.fr\/?tribe_events=les-conflits-en-sciences-humaines-et-sociales#breadcrumb"},"inLanguage":"fr-FR","potentialAction":[{"@type":"ReadAction","target":["https:\/\/telemme.mmsh.fr\/?tribe_events=les-conflits-en-sciences-humaines-et-sociales"]}]},{"@type":"ImageObject","inLanguage":"fr-FR","@id":"https:\/\/telemme.mmsh.fr\/?tribe_events=les-conflits-en-sciences-humaines-et-sociales#primaryimage","url":"https:\/\/telemme.mmsh.fr\/wp-content\/uploads\/2021\/04\/vignette_La_grande_querelle_du_menage_...Malbran_Charles_btv1b69384773_1.jpeg","contentUrl":"https:\/\/telemme.mmsh.fr\/wp-content\/uploads\/2021\/04\/vignette_La_grande_querelle_du_menage_...Malbran_Charles_btv1b69384773_1.jpeg","width":500,"height":393,"caption":"vignette_La_grande_querelle_du_m\u00e9nage_"},{"@type":"BreadcrumbList","@id":"https:\/\/telemme.mmsh.fr\/?tribe_events=les-conflits-en-sciences-humaines-et-sociales#breadcrumb","itemListElement":[{"@type":"ListItem","position":1,"name":"Accueil","item":"https:\/\/telemme.mmsh.fr\/"},{"@type":"ListItem","position":2,"name":"\u00c9v\u00e8nements","item":"https:\/\/telemme.mmsh.fr\/?post_type=tribe_events"},{"@type":"ListItem","position":3,"name":"Journ\u00e9e Jeunes chercheur\u00b7euses TELEMMe","item":"https:\/\/telemme.mmsh.fr\/?tribe_events_cat=journee-jeunes-chercheur%c2%b7euses-telemme"},{"@type":"ListItem","position":4,"name":"Le(s) conflit(s) en sciences humaines et sociales"}]},{"@type":"WebSite","@id":"https:\/\/telemme.mmsh.fr\/#website","url":"https:\/\/telemme.mmsh.fr\/","name":"TELEMMe - Temps, espaces, langages, Europe m\u00e9ridionale, M\u00e9diterran\u00e9e","description":"","publisher":{"@id":"https:\/\/telemme.mmsh.fr\/#organization"},"potentialAction":[{"@type":"SearchAction","target":{"@type":"EntryPoint","urlTemplate":"https:\/\/telemme.mmsh.fr\/?s={search_term_string}"},"query-input":{"@type":"PropertyValueSpecification","valueRequired":true,"valueName":"search_term_string"}}],"inLanguage":"fr-FR"},{"@type":"Organization","@id":"https:\/\/telemme.mmsh.fr\/#organization","name":"TELEMMe","url":"https:\/\/telemme.mmsh.fr\/","logo":{"@type":"ImageObject","inLanguage":"fr-FR","@id":"https:\/\/telemme.mmsh.fr\/#\/schema\/logo\/image\/","url":"https:\/\/telemme.mmsh.fr\/wp-content\/uploads\/2020\/03\/LogoTELEMMe-horizontal-fond-transparent.png","contentUrl":"https:\/\/telemme.mmsh.fr\/wp-content\/uploads\/2020\/03\/LogoTELEMMe-horizontal-fond-transparent.png","width":1500,"height":437,"caption":"TELEMMe"},"image":{"@id":"https:\/\/telemme.mmsh.fr\/#\/schema\/logo\/image\/"}}]}},"_links":{"self":[{"href":"https:\/\/telemme.mmsh.fr\/index.php?rest_route=\/wp\/v2\/tribe_events\/7292","targetHints":{"allow":["GET"]}}],"collection":[{"href":"https:\/\/telemme.mmsh.fr\/index.php?rest_route=\/wp\/v2\/tribe_events"}],"about":[{"href":"https:\/\/telemme.mmsh.fr\/index.php?rest_route=\/wp\/v2\/types\/tribe_events"}],"author":[{"embeddable":true,"href":"https:\/\/telemme.mmsh.fr\/index.php?rest_route=\/wp\/v2\/users\/7"}],"version-history":[{"count":2,"href":"https:\/\/telemme.mmsh.fr\/index.php?rest_route=\/wp\/v2\/tribe_events\/7292\/revisions"}],"predecessor-version":[{"id":7758,"href":"https:\/\/telemme.mmsh.fr\/index.php?rest_route=\/wp\/v2\/tribe_events\/7292\/revisions\/7758"}],"wp:featuredmedia":[{"embeddable":true,"href":"https:\/\/telemme.mmsh.fr\/index.php?rest_route=\/wp\/v2\/media\/7288"}],"wp:attachment":[{"href":"https:\/\/telemme.mmsh.fr\/index.php?rest_route=%2Fwp%2Fv2%2Fmedia&parent=7292"}],"wp:term":[{"taxonomy":"post_tag","embeddable":true,"href":"https:\/\/telemme.mmsh.fr\/index.php?rest_route=%2Fwp%2Fv2%2Ftags&post=7292"},{"taxonomy":"tribe_events_cat","embeddable":true,"href":"https:\/\/telemme.mmsh.fr\/index.php?rest_route=%2Fwp%2Fv2%2Ftribe_events_cat&post=7292"}],"curies":[{"name":"wp","href":"https:\/\/api.w.org\/{rel}","templated":true}]}}