{"id":7223,"date":"2021-04-16T17:25:02","date_gmt":"2021-04-16T15:25:02","guid":{"rendered":"http:\/\/telemme.mmsh.fr\/?post_type=tribe_events&#038;p=7223"},"modified":"2021-04-16T17:25:02","modified_gmt":"2021-04-16T15:25:02","slug":"acteurs-et-actrices-en-sciences-humaines-et-sociales","status":"publish","type":"tribe_events","link":"https:\/\/telemme.mmsh.fr\/?tribe_events=acteurs-et-actrices-en-sciences-humaines-et-sociales","title":{"rendered":"Acteur(s) et actrice(s) en sciences humaines et sociales"},"content":{"rendered":"<p><span id=\"ctl00_contenu_annonce_lbl\">Collectifs, animaux, objets, intelligences artificielles sont autant de cat\u00e9gories qui aujourd\u2019hui questionnent les contours du concept d\u2019acteur en sciences humaines et sociales. L\u2019acteur\u00b7rice se caract\u00e9rise comme celui ou celle qui agit, qui m\u00e8ne une action, ou encore qui interpr\u00e8te. Au-del\u00e0 de cette d\u00e9finition, de nombreuses d\u00e9clinaisons \u2014 actant, agent \u2014 ainsi que des termes connexes \u2014 sujet, individu, personne \u2014 r\u00e9v\u00e8lent des approches m\u00e9thodologiques sp\u00e9cifiques parfois en opposition : individuel\/collectif, micro\/macro, subjectivisme\/objectivisme, quantitatif\/qualitatif, point de d\u00e9part\/d\u2019arriv\u00e9e de la r\u00e9flexion, agissant\/non agissant. Interdisciplinaire, le concept d\u2019acteur semble \u00eatre omnipr\u00e9sent et constamment mobilis\u00e9 dans les recherches men\u00e9es en sciences humaines et sociales au point de faire consensus. Au cours de quatre s\u00e9minaires (\u00ab Pratiques et strat\u00e9gies \u00bb, \u00ab Normes et transgressions \u00bb, \u00ab Mobilit\u00e9 et spatialit\u00e9 \u00bb, \u00ab Genre et agentivit\u00e9 \u00bb), les Jeunes chercheurs\u00b7seuses de TELEMMe l\u2019ont explor\u00e9 et analys\u00e9 gr\u00e2ce \u00e0 leurs recherches doctorales. La journ\u00e9e d\u2019\u00e9tudes <em>Acteur(s) et actrice(s) en sciences humaines et sociales <\/em>\u00a0entend prolonger et \u00e9largir la r\u00e9flexion. <\/span><\/p>\n<p><a href=\"http:\/\/telemme.mmsh.univ-aix.fr\/evenement\/acteurs-et-actrices-en-sciences-humaines-et-sociales\/\"><strong>Le programme complet<\/strong><\/a><\/p>\n","protected":false},"excerpt":{"rendered":"<p>Collectifs, animaux, objets, intelligences artificielles sont autant de cat\u00e9gories qui aujourd\u2019hui questionnent les contours du concept d\u2019acteur en sciences humaines et sociales. L\u2019acteur\u00b7rice se caract\u00e9rise comme celui ou celle qui agit, qui m\u00e8ne une action, ou encore qui interpr\u00e8te. Au-del\u00e0 de cette d\u00e9finition, de nombreuses d\u00e9clinaisons (&#8230;)<\/p>\n","protected":false},"author":7,"featured_media":3420,"template":"","meta":{"neve_meta_sidebar":"","neve_meta_container":"","neve_meta_enable_content_width":"","neve_meta_content_width":0,"neve_meta_title_alignment":"","neve_meta_author_avatar":"","neve_post_elements_order":"","neve_meta_disable_header":"","neve_meta_disable_footer":"","neve_meta_disable_title":"","_tribe_events_status":"","_tribe_events_status_reason":"","footnotes":""},"tags":[],"tribe_events_cat":[1956],"class_list":["post-7223","tribe_events","type-tribe_events","status-publish","has-post-thumbnail","hentry","tribe_events_cat-journee-jeunes-chercheureuses-telemme","cat_journee-jeunes-chercheureuses-telemme","tribe-ext-events-control-list-event--live"],"yoast_head":"<!-- This site is optimized with the Yoast SEO plugin v27.4 - https:\/\/yoast.com\/product\/yoast-seo-wordpress\/ -->\n<title>Acteur(s) et actrice(s) en sciences humaines et sociales - TELEMMe - Temps, espaces, langages, Europe m\u00e9ridionale, M\u00e9diterran\u00e9e<\/title>\n<meta name=\"robots\" content=\"index, follow, max-snippet:-1, max-image-preview:large, max-video-preview:-1\" \/>\n<link rel=\"canonical\" href=\"https:\/\/telemme.mmsh.fr\/?tribe_events=acteurs-et-actrices-en-sciences-humaines-et-sociales\" \/>\n<meta property=\"og:locale\" content=\"fr_FR\" \/>\n<meta property=\"og:type\" content=\"article\" \/>\n<meta property=\"og:title\" content=\"Acteur(s) et actrice(s) en sciences humaines et sociales - TELEMMe - Temps, espaces, langages, Europe m\u00e9ridionale, M\u00e9diterran\u00e9e\" \/>\n<meta property=\"og:description\" content=\"Collectifs, animaux, objets, intelligences artificielles sont autant de cat\u00e9gories qui aujourd\u2019hui questionnent les contours du concept d\u2019acteur en sciences humaines et sociales. L\u2019acteur\u00b7rice se caract\u00e9rise comme celui ou celle qui agit, qui m\u00e8ne une action, ou encore qui interpr\u00e8te. Au-del\u00e0 de cette d\u00e9finition, de nombreuses d\u00e9clinaisons (...)\" \/>\n<meta property=\"og:url\" content=\"https:\/\/telemme.mmsh.fr\/?tribe_events=acteurs-et-actrices-en-sciences-humaines-et-sociales\" \/>\n<meta property=\"og:site_name\" content=\"TELEMMe - Temps, espaces, langages, Europe m\u00e9ridionale, M\u00e9diterran\u00e9e\" \/>\n<meta property=\"og:image\" content=\"https:\/\/telemme.mmsh.fr\/wp-content\/uploads\/2020\/11\/14_juillet___apre\u0300s_le_...Agence_de_btv1b9032406m_1.jpg\" \/>\n\t<meta property=\"og:image:width\" content=\"1024\" \/>\n\t<meta property=\"og:image:height\" content=\"1447\" \/>\n\t<meta property=\"og:image:type\" content=\"image\/jpeg\" \/>\n<meta name=\"twitter:card\" content=\"summary_large_image\" \/>\n<meta name=\"twitter:label1\" content=\"Dur\u00e9e de lecture estim\u00e9e\" \/>\n\t<meta name=\"twitter:data1\" content=\"1 minute\" \/>\n<script type=\"application\/ld+json\" class=\"yoast-schema-graph\">{\"@context\":\"https:\\\/\\\/schema.org\",\"@graph\":[{\"@type\":\"WebPage\",\"@id\":\"https:\\\/\\\/telemme.mmsh.fr\\\/?tribe_events=acteurs-et-actrices-en-sciences-humaines-et-sociales\",\"url\":\"https:\\\/\\\/telemme.mmsh.fr\\\/?tribe_events=acteurs-et-actrices-en-sciences-humaines-et-sociales\",\"name\":\"Acteur(s) et actrice(s) en sciences humaines et sociales - TELEMMe - Temps, espaces, langages, Europe m\u00e9ridionale, M\u00e9diterran\u00e9e\",\"isPartOf\":{\"@id\":\"https:\\\/\\\/telemme.mmsh.fr\\\/#website\"},\"primaryImageOfPage\":{\"@id\":\"https:\\\/\\\/telemme.mmsh.fr\\\/?tribe_events=acteurs-et-actrices-en-sciences-humaines-et-sociales#primaryimage\"},\"image\":{\"@id\":\"https:\\\/\\\/telemme.mmsh.fr\\\/?tribe_events=acteurs-et-actrices-en-sciences-humaines-et-sociales#primaryimage\"},\"thumbnailUrl\":\"https:\\\/\\\/telemme.mmsh.fr\\\/wp-content\\\/uploads\\\/2020\\\/11\\\/14_juillet___apre\u0300s_le_...Agence_de_btv1b9032406m_1.jpg\",\"datePublished\":\"2021-04-16T15:25:02+00:00\",\"breadcrumb\":{\"@id\":\"https:\\\/\\\/telemme.mmsh.fr\\\/?tribe_events=acteurs-et-actrices-en-sciences-humaines-et-sociales#breadcrumb\"},\"inLanguage\":\"fr-FR\",\"potentialAction\":[{\"@type\":\"ReadAction\",\"target\":[\"https:\\\/\\\/telemme.mmsh.fr\\\/?tribe_events=acteurs-et-actrices-en-sciences-humaines-et-sociales\"]}]},{\"@type\":\"ImageObject\",\"inLanguage\":\"fr-FR\",\"@id\":\"https:\\\/\\\/telemme.mmsh.fr\\\/?tribe_events=acteurs-et-actrices-en-sciences-humaines-et-sociales#primaryimage\",\"url\":\"https:\\\/\\\/telemme.mmsh.fr\\\/wp-content\\\/uploads\\\/2020\\\/11\\\/14_juillet___apre\u0300s_le_...Agence_de_btv1b9032406m_1.jpg\",\"contentUrl\":\"https:\\\/\\\/telemme.mmsh.fr\\\/wp-content\\\/uploads\\\/2020\\\/11\\\/14_juillet___apre\u0300s_le_...Agence_de_btv1b9032406m_1.jpg\",\"width\":1024,\"height\":1447,\"caption\":\"\u00ab 14 juillet : apr\u00e8s le d\u00e9fil\u00e9, la foule se disperse \u00bb (1919), Agence Meurisse, BNF\"},{\"@type\":\"BreadcrumbList\",\"@id\":\"https:\\\/\\\/telemme.mmsh.fr\\\/?tribe_events=acteurs-et-actrices-en-sciences-humaines-et-sociales#breadcrumb\",\"itemListElement\":[{\"@type\":\"ListItem\",\"position\":1,\"name\":\"Accueil\",\"item\":\"https:\\\/\\\/telemme.mmsh.fr\\\/\"},{\"@type\":\"ListItem\",\"position\":2,\"name\":\"\u00c9v\u00e8nements\",\"item\":\"https:\\\/\\\/telemme.mmsh.fr\\\/?post_type=tribe_events\"},{\"@type\":\"ListItem\",\"position\":3,\"name\":\"Journ\u00e9e Jeunes chercheur\u00b7euses TELEMMe\",\"item\":\"https:\\\/\\\/telemme.mmsh.fr\\\/?tribe_events_cat=journee-jeunes-chercheur%c2%b7euses-telemme\"},{\"@type\":\"ListItem\",\"position\":4,\"name\":\"Acteur(s) et actrice(s) en sciences humaines et sociales\"}]},{\"@type\":\"WebSite\",\"@id\":\"https:\\\/\\\/telemme.mmsh.fr\\\/#website\",\"url\":\"https:\\\/\\\/telemme.mmsh.fr\\\/\",\"name\":\"TELEMMe - Temps, espaces, langages, Europe m\u00e9ridionale, M\u00e9diterran\u00e9e\",\"description\":\"\",\"publisher\":{\"@id\":\"https:\\\/\\\/telemme.mmsh.fr\\\/#organization\"},\"potentialAction\":[{\"@type\":\"SearchAction\",\"target\":{\"@type\":\"EntryPoint\",\"urlTemplate\":\"https:\\\/\\\/telemme.mmsh.fr\\\/?s={search_term_string}\"},\"query-input\":{\"@type\":\"PropertyValueSpecification\",\"valueRequired\":true,\"valueName\":\"search_term_string\"}}],\"inLanguage\":\"fr-FR\"},{\"@type\":\"Organization\",\"@id\":\"https:\\\/\\\/telemme.mmsh.fr\\\/#organization\",\"name\":\"TELEMMe\",\"url\":\"https:\\\/\\\/telemme.mmsh.fr\\\/\",\"logo\":{\"@type\":\"ImageObject\",\"inLanguage\":\"fr-FR\",\"@id\":\"https:\\\/\\\/telemme.mmsh.fr\\\/#\\\/schema\\\/logo\\\/image\\\/\",\"url\":\"https:\\\/\\\/telemme.mmsh.fr\\\/wp-content\\\/uploads\\\/2020\\\/03\\\/LogoTELEMMe-horizontal-fond-transparent.png\",\"contentUrl\":\"https:\\\/\\\/telemme.mmsh.fr\\\/wp-content\\\/uploads\\\/2020\\\/03\\\/LogoTELEMMe-horizontal-fond-transparent.png\",\"width\":1500,\"height\":437,\"caption\":\"TELEMMe\"},\"image\":{\"@id\":\"https:\\\/\\\/telemme.mmsh.fr\\\/#\\\/schema\\\/logo\\\/image\\\/\"}}]}<\/script>\n<!-- \/ Yoast SEO plugin. -->","yoast_head_json":{"title":"Acteur(s) et actrice(s) en sciences humaines et sociales - TELEMMe - Temps, espaces, langages, Europe m\u00e9ridionale, M\u00e9diterran\u00e9e","robots":{"index":"index","follow":"follow","max-snippet":"max-snippet:-1","max-image-preview":"max-image-preview:large","max-video-preview":"max-video-preview:-1"},"canonical":"https:\/\/telemme.mmsh.fr\/?tribe_events=acteurs-et-actrices-en-sciences-humaines-et-sociales","og_locale":"fr_FR","og_type":"article","og_title":"Acteur(s) et actrice(s) en sciences humaines et sociales - TELEMMe - Temps, espaces, langages, Europe m\u00e9ridionale, M\u00e9diterran\u00e9e","og_description":"Collectifs, animaux, objets, intelligences artificielles sont autant de cat\u00e9gories qui aujourd\u2019hui questionnent les contours du concept d\u2019acteur en sciences humaines et sociales. L\u2019acteur\u00b7rice se caract\u00e9rise comme celui ou celle qui agit, qui m\u00e8ne une action, ou encore qui interpr\u00e8te. Au-del\u00e0 de cette d\u00e9finition, de nombreuses d\u00e9clinaisons (...)","og_url":"https:\/\/telemme.mmsh.fr\/?tribe_events=acteurs-et-actrices-en-sciences-humaines-et-sociales","og_site_name":"TELEMMe - Temps, espaces, langages, Europe m\u00e9ridionale, M\u00e9diterran\u00e9e","og_image":[{"width":1024,"height":1447,"url":"https:\/\/telemme.mmsh.fr\/wp-content\/uploads\/2020\/11\/14_juillet___apre\u0300s_le_...Agence_de_btv1b9032406m_1.jpg","type":"image\/jpeg"}],"twitter_card":"summary_large_image","twitter_misc":{"Dur\u00e9e de lecture estim\u00e9e":"1 minute"},"schema":{"@context":"https:\/\/schema.org","@graph":[{"@type":"WebPage","@id":"https:\/\/telemme.mmsh.fr\/?tribe_events=acteurs-et-actrices-en-sciences-humaines-et-sociales","url":"https:\/\/telemme.mmsh.fr\/?tribe_events=acteurs-et-actrices-en-sciences-humaines-et-sociales","name":"Acteur(s) et actrice(s) en sciences humaines et sociales - TELEMMe - Temps, espaces, langages, Europe m\u00e9ridionale, M\u00e9diterran\u00e9e","isPartOf":{"@id":"https:\/\/telemme.mmsh.fr\/#website"},"primaryImageOfPage":{"@id":"https:\/\/telemme.mmsh.fr\/?tribe_events=acteurs-et-actrices-en-sciences-humaines-et-sociales#primaryimage"},"image":{"@id":"https:\/\/telemme.mmsh.fr\/?tribe_events=acteurs-et-actrices-en-sciences-humaines-et-sociales#primaryimage"},"thumbnailUrl":"https:\/\/telemme.mmsh.fr\/wp-content\/uploads\/2020\/11\/14_juillet___apre\u0300s_le_...Agence_de_btv1b9032406m_1.jpg","datePublished":"2021-04-16T15:25:02+00:00","breadcrumb":{"@id":"https:\/\/telemme.mmsh.fr\/?tribe_events=acteurs-et-actrices-en-sciences-humaines-et-sociales#breadcrumb"},"inLanguage":"fr-FR","potentialAction":[{"@type":"ReadAction","target":["https:\/\/telemme.mmsh.fr\/?tribe_events=acteurs-et-actrices-en-sciences-humaines-et-sociales"]}]},{"@type":"ImageObject","inLanguage":"fr-FR","@id":"https:\/\/telemme.mmsh.fr\/?tribe_events=acteurs-et-actrices-en-sciences-humaines-et-sociales#primaryimage","url":"https:\/\/telemme.mmsh.fr\/wp-content\/uploads\/2020\/11\/14_juillet___apre\u0300s_le_...Agence_de_btv1b9032406m_1.jpg","contentUrl":"https:\/\/telemme.mmsh.fr\/wp-content\/uploads\/2020\/11\/14_juillet___apre\u0300s_le_...Agence_de_btv1b9032406m_1.jpg","width":1024,"height":1447,"caption":"\u00ab 14 juillet : apr\u00e8s le d\u00e9fil\u00e9, la foule se disperse \u00bb (1919), Agence Meurisse, BNF"},{"@type":"BreadcrumbList","@id":"https:\/\/telemme.mmsh.fr\/?tribe_events=acteurs-et-actrices-en-sciences-humaines-et-sociales#breadcrumb","itemListElement":[{"@type":"ListItem","position":1,"name":"Accueil","item":"https:\/\/telemme.mmsh.fr\/"},{"@type":"ListItem","position":2,"name":"\u00c9v\u00e8nements","item":"https:\/\/telemme.mmsh.fr\/?post_type=tribe_events"},{"@type":"ListItem","position":3,"name":"Journ\u00e9e Jeunes chercheur\u00b7euses TELEMMe","item":"https:\/\/telemme.mmsh.fr\/?tribe_events_cat=journee-jeunes-chercheur%c2%b7euses-telemme"},{"@type":"ListItem","position":4,"name":"Acteur(s) et actrice(s) en sciences humaines et sociales"}]},{"@type":"WebSite","@id":"https:\/\/telemme.mmsh.fr\/#website","url":"https:\/\/telemme.mmsh.fr\/","name":"TELEMMe - Temps, espaces, langages, Europe m\u00e9ridionale, M\u00e9diterran\u00e9e","description":"","publisher":{"@id":"https:\/\/telemme.mmsh.fr\/#organization"},"potentialAction":[{"@type":"SearchAction","target":{"@type":"EntryPoint","urlTemplate":"https:\/\/telemme.mmsh.fr\/?s={search_term_string}"},"query-input":{"@type":"PropertyValueSpecification","valueRequired":true,"valueName":"search_term_string"}}],"inLanguage":"fr-FR"},{"@type":"Organization","@id":"https:\/\/telemme.mmsh.fr\/#organization","name":"TELEMMe","url":"https:\/\/telemme.mmsh.fr\/","logo":{"@type":"ImageObject","inLanguage":"fr-FR","@id":"https:\/\/telemme.mmsh.fr\/#\/schema\/logo\/image\/","url":"https:\/\/telemme.mmsh.fr\/wp-content\/uploads\/2020\/03\/LogoTELEMMe-horizontal-fond-transparent.png","contentUrl":"https:\/\/telemme.mmsh.fr\/wp-content\/uploads\/2020\/03\/LogoTELEMMe-horizontal-fond-transparent.png","width":1500,"height":437,"caption":"TELEMMe"},"image":{"@id":"https:\/\/telemme.mmsh.fr\/#\/schema\/logo\/image\/"}}]}},"_links":{"self":[{"href":"https:\/\/telemme.mmsh.fr\/index.php?rest_route=\/wp\/v2\/tribe_events\/7223","targetHints":{"allow":["GET"]}}],"collection":[{"href":"https:\/\/telemme.mmsh.fr\/index.php?rest_route=\/wp\/v2\/tribe_events"}],"about":[{"href":"https:\/\/telemme.mmsh.fr\/index.php?rest_route=\/wp\/v2\/types\/tribe_events"}],"author":[{"embeddable":true,"href":"https:\/\/telemme.mmsh.fr\/index.php?rest_route=\/wp\/v2\/users\/7"}],"version-history":[{"count":2,"href":"https:\/\/telemme.mmsh.fr\/index.php?rest_route=\/wp\/v2\/tribe_events\/7223\/revisions"}],"predecessor-version":[{"id":7239,"href":"https:\/\/telemme.mmsh.fr\/index.php?rest_route=\/wp\/v2\/tribe_events\/7223\/revisions\/7239"}],"wp:featuredmedia":[{"embeddable":true,"href":"https:\/\/telemme.mmsh.fr\/index.php?rest_route=\/wp\/v2\/media\/3420"}],"wp:attachment":[{"href":"https:\/\/telemme.mmsh.fr\/index.php?rest_route=%2Fwp%2Fv2%2Fmedia&parent=7223"}],"wp:term":[{"taxonomy":"post_tag","embeddable":true,"href":"https:\/\/telemme.mmsh.fr\/index.php?rest_route=%2Fwp%2Fv2%2Ftags&post=7223"},{"taxonomy":"tribe_events_cat","embeddable":true,"href":"https:\/\/telemme.mmsh.fr\/index.php?rest_route=%2Fwp%2Fv2%2Ftribe_events_cat&post=7223"}],"curies":[{"name":"wp","href":"https:\/\/api.w.org\/{rel}","templated":true}]}}