{"id":7213,"date":"2020-02-02T10:59:27","date_gmt":"2020-02-02T09:59:27","guid":{"rendered":"http:\/\/telemme.mmsh.fr\/?post_type=tribe_events&#038;p=7213"},"modified":"2022-09-09T11:02:45","modified_gmt":"2022-09-09T09:02:45","slug":"une-histoire-des-polices-aux-archives-enjeux-et-objectifs-dune-exposition-2","status":"publish","type":"tribe_events","link":"https:\/\/telemme.mmsh.fr\/?tribe_events=une-histoire-des-polices-aux-archives-enjeux-et-objectifs-dune-exposition-2","title":{"rendered":"Une histoire des polices aux archives : enjeux et objectifs d\u2019une exposition"},"content":{"rendered":"<p><span id=\"ctl00_contenu_annonce_lbl\">Cette journ\u00e9e La recherche et la cit\u00e9 est organis\u00e9e \u00e0 l\u2019occasion de la pr\u00e9sentation, aux archives municipales de Marseille, de l\u2019exposition Police! Les Marseillais et les forces de l\u2019ordre dans l\u2019histoire, dont le conseil scientifique et le commissariat ont \u00e9t\u00e9 assur\u00e9s par plusieurs membres de l\u2019UMR TELEMMe. La matin\u00e9e reviendra sur les enjeux d\u2019une exposition d\u2019archives dans un contexte de renouvellement de l\u2019histoire des polices de l\u2019Ancien R\u00e9gime \u00e0 nos jours. Une visite guid\u00e9e de l\u2019exposition sera propos\u00e9e l\u2019apr\u00e8s-midi. Ouverte aux \u00e9tudiants, aux chercheurs, enseignants du second degr\u00e9 et du sup\u00e9rieur, ainsi qu\u2019au public, cette journ\u00e9e se veut un temps de dialogue et de d\u00e9bats sur les questions et enjeux des expositions historiques et de leur contribution au savoir dans la sph\u00e8re publique.<\/span><\/p>\n<p><a href=\"https:\/\/telemme.mmsh.fr\/?evenement=une-histoire-des-polices-aux-archives-enjeux-et-objectifs-dune-exposition\"><strong>Le programme complet<\/strong><\/a><\/p>\n","protected":false},"excerpt":{"rendered":"<p>Cette journ\u00e9e La recherche et la cit\u00e9 est organis\u00e9e \u00e0 l\u2019occasion de la pr\u00e9sentation, aux archives municipales de Marseille, de l\u2019exposition Police! Les Marseillais et les forces de l\u2019ordre dans&hellip;&nbsp;<a href=\"https:\/\/telemme.mmsh.fr\/?tribe_events=une-histoire-des-polices-aux-archives-enjeux-et-objectifs-dune-exposition-2\" rel=\"bookmark\">Lire la suite &raquo;<span class=\"screen-reader-text\">Une histoire des polices aux archives : enjeux et objectifs d\u2019une exposition<\/span><\/a><\/p>\n","protected":false},"author":7,"featured_media":3711,"template":"","meta":{"neve_meta_sidebar":"","neve_meta_container":"","neve_meta_enable_content_width":"","neve_meta_content_width":0,"neve_meta_title_alignment":"","neve_meta_author_avatar":"","neve_post_elements_order":"","neve_meta_disable_header":"","neve_meta_disable_footer":"","neve_meta_disable_title":"","_tribe_events_status":"","_tribe_events_status_reason":"","footnotes":""},"tags":[],"tribe_events_cat":[1950],"class_list":["post-7213","tribe_events","type-tribe_events","status-publish","has-post-thumbnail","hentry","tribe_events_cat-la-recherche-la-cite","cat_la-recherche-la-cite"],"yoast_head":"<!-- This site is optimized with the Yoast SEO plugin v27.4 - https:\/\/yoast.com\/product\/yoast-seo-wordpress\/ -->\n<title>Une histoire des polices aux archives : enjeux et objectifs d\u2019une exposition - TELEMMe - Temps, espaces, langages, Europe m\u00e9ridionale, M\u00e9diterran\u00e9e<\/title>\n<meta name=\"robots\" content=\"index, follow, max-snippet:-1, max-image-preview:large, max-video-preview:-1\" \/>\n<link rel=\"canonical\" href=\"https:\/\/telemme.mmsh.fr\/?tribe_events=une-histoire-des-polices-aux-archives-enjeux-et-objectifs-dune-exposition-2\" \/>\n<meta property=\"og:locale\" content=\"fr_FR\" \/>\n<meta property=\"og:type\" content=\"article\" \/>\n<meta property=\"og:title\" content=\"Une histoire des polices aux archives : enjeux et objectifs d\u2019une exposition - TELEMMe - Temps, espaces, langages, Europe m\u00e9ridionale, M\u00e9diterran\u00e9e\" \/>\n<meta property=\"og:description\" content=\"Cette journ\u00e9e La recherche et la cit\u00e9 est organis\u00e9e \u00e0 l\u2019occasion de la pr\u00e9sentation, aux archives municipales de Marseille, de l\u2019exposition Police! Les Marseillais et les forces de l\u2019ordre dans&hellip;&nbsp;Lire la suite &raquo;Une histoire des polices aux archives : enjeux et objectifs d\u2019une exposition\" \/>\n<meta property=\"og:url\" content=\"https:\/\/telemme.mmsh.fr\/?tribe_events=une-histoire-des-polices-aux-archives-enjeux-et-objectifs-dune-exposition-2\" \/>\n<meta property=\"og:site_name\" content=\"TELEMMe - Temps, espaces, langages, Europe m\u00e9ridionale, M\u00e9diterran\u00e9e\" \/>\n<meta property=\"article:modified_time\" content=\"2022-09-09T09:02:45+00:00\" \/>\n<meta property=\"og:image\" content=\"https:\/\/telemme.mmsh.fr\/wp-content\/uploads\/2020\/02\/AC1305510_88Fi579_C-light.jpg\" \/>\n\t<meta property=\"og:image:width\" content=\"500\" \/>\n\t<meta property=\"og:image:height\" content=\"336\" \/>\n\t<meta property=\"og:image:type\" content=\"image\/jpeg\" \/>\n<meta name=\"twitter:card\" content=\"summary_large_image\" \/>\n<meta name=\"twitter:label1\" content=\"Dur\u00e9e de lecture estim\u00e9e\" \/>\n\t<meta name=\"twitter:data1\" content=\"1 minute\" \/>\n<script type=\"application\/ld+json\" class=\"yoast-schema-graph\">{\"@context\":\"https:\\\/\\\/schema.org\",\"@graph\":[{\"@type\":\"WebPage\",\"@id\":\"https:\\\/\\\/telemme.mmsh.fr\\\/?tribe_events=une-histoire-des-polices-aux-archives-enjeux-et-objectifs-dune-exposition-2\",\"url\":\"https:\\\/\\\/telemme.mmsh.fr\\\/?tribe_events=une-histoire-des-polices-aux-archives-enjeux-et-objectifs-dune-exposition-2\",\"name\":\"Une histoire des polices aux archives : enjeux et objectifs d\u2019une exposition - TELEMMe - Temps, espaces, langages, Europe m\u00e9ridionale, M\u00e9diterran\u00e9e\",\"isPartOf\":{\"@id\":\"https:\\\/\\\/telemme.mmsh.fr\\\/#website\"},\"primaryImageOfPage\":{\"@id\":\"https:\\\/\\\/telemme.mmsh.fr\\\/?tribe_events=une-histoire-des-polices-aux-archives-enjeux-et-objectifs-dune-exposition-2#primaryimage\"},\"image\":{\"@id\":\"https:\\\/\\\/telemme.mmsh.fr\\\/?tribe_events=une-histoire-des-polices-aux-archives-enjeux-et-objectifs-dune-exposition-2#primaryimage\"},\"thumbnailUrl\":\"https:\\\/\\\/telemme.mmsh.fr\\\/wp-content\\\/uploads\\\/2020\\\/02\\\/AC1305510_88Fi579_C-light.jpg\",\"datePublished\":\"2020-02-02T09:59:27+00:00\",\"dateModified\":\"2022-09-09T09:02:45+00:00\",\"breadcrumb\":{\"@id\":\"https:\\\/\\\/telemme.mmsh.fr\\\/?tribe_events=une-histoire-des-polices-aux-archives-enjeux-et-objectifs-dune-exposition-2#breadcrumb\"},\"inLanguage\":\"fr-FR\",\"potentialAction\":[{\"@type\":\"ReadAction\",\"target\":[\"https:\\\/\\\/telemme.mmsh.fr\\\/?tribe_events=une-histoire-des-polices-aux-archives-enjeux-et-objectifs-dune-exposition-2\"]}]},{\"@type\":\"ImageObject\",\"inLanguage\":\"fr-FR\",\"@id\":\"https:\\\/\\\/telemme.mmsh.fr\\\/?tribe_events=une-histoire-des-polices-aux-archives-enjeux-et-objectifs-dune-exposition-2#primaryimage\",\"url\":\"https:\\\/\\\/telemme.mmsh.fr\\\/wp-content\\\/uploads\\\/2020\\\/02\\\/AC1305510_88Fi579_C-light.jpg\",\"contentUrl\":\"https:\\\/\\\/telemme.mmsh.fr\\\/wp-content\\\/uploads\\\/2020\\\/02\\\/AC1305510_88Fi579_C-light.jpg\",\"width\":500,\"height\":336,\"caption\":\"Une brigade d\u2019agents cyclistes (Marseille, Archives municipales de Marseille : 88 Fi 579)\"},{\"@type\":\"BreadcrumbList\",\"@id\":\"https:\\\/\\\/telemme.mmsh.fr\\\/?tribe_events=une-histoire-des-polices-aux-archives-enjeux-et-objectifs-dune-exposition-2#breadcrumb\",\"itemListElement\":[{\"@type\":\"ListItem\",\"position\":1,\"name\":\"Accueil\",\"item\":\"https:\\\/\\\/telemme.mmsh.fr\\\/\"},{\"@type\":\"ListItem\",\"position\":2,\"name\":\"\u00c9v\u00e8nements\",\"item\":\"https:\\\/\\\/telemme.mmsh.fr\\\/?post_type=tribe_events\"},{\"@type\":\"ListItem\",\"position\":3,\"name\":\"La Recherche &amp; la Cit\u00e9\",\"item\":\"https:\\\/\\\/telemme.mmsh.fr\\\/?tribe_events_cat=la-recherche-la-cite\"},{\"@type\":\"ListItem\",\"position\":4,\"name\":\"Une histoire des polices aux archives : enjeux et objectifs d\u2019une exposition\"}]},{\"@type\":\"WebSite\",\"@id\":\"https:\\\/\\\/telemme.mmsh.fr\\\/#website\",\"url\":\"https:\\\/\\\/telemme.mmsh.fr\\\/\",\"name\":\"TELEMMe - Temps, espaces, langages, Europe m\u00e9ridionale, M\u00e9diterran\u00e9e\",\"description\":\"\",\"publisher\":{\"@id\":\"https:\\\/\\\/telemme.mmsh.fr\\\/#organization\"},\"potentialAction\":[{\"@type\":\"SearchAction\",\"target\":{\"@type\":\"EntryPoint\",\"urlTemplate\":\"https:\\\/\\\/telemme.mmsh.fr\\\/?s={search_term_string}\"},\"query-input\":{\"@type\":\"PropertyValueSpecification\",\"valueRequired\":true,\"valueName\":\"search_term_string\"}}],\"inLanguage\":\"fr-FR\"},{\"@type\":\"Organization\",\"@id\":\"https:\\\/\\\/telemme.mmsh.fr\\\/#organization\",\"name\":\"TELEMMe\",\"url\":\"https:\\\/\\\/telemme.mmsh.fr\\\/\",\"logo\":{\"@type\":\"ImageObject\",\"inLanguage\":\"fr-FR\",\"@id\":\"https:\\\/\\\/telemme.mmsh.fr\\\/#\\\/schema\\\/logo\\\/image\\\/\",\"url\":\"https:\\\/\\\/telemme.mmsh.fr\\\/wp-content\\\/uploads\\\/2020\\\/03\\\/LogoTELEMMe-horizontal-fond-transparent.png\",\"contentUrl\":\"https:\\\/\\\/telemme.mmsh.fr\\\/wp-content\\\/uploads\\\/2020\\\/03\\\/LogoTELEMMe-horizontal-fond-transparent.png\",\"width\":1500,\"height\":437,\"caption\":\"TELEMMe\"},\"image\":{\"@id\":\"https:\\\/\\\/telemme.mmsh.fr\\\/#\\\/schema\\\/logo\\\/image\\\/\"}}]}<\/script>\n<!-- \/ Yoast SEO plugin. -->","yoast_head_json":{"title":"Une histoire des polices aux archives : enjeux et objectifs d\u2019une exposition - TELEMMe - Temps, espaces, langages, Europe m\u00e9ridionale, M\u00e9diterran\u00e9e","robots":{"index":"index","follow":"follow","max-snippet":"max-snippet:-1","max-image-preview":"max-image-preview:large","max-video-preview":"max-video-preview:-1"},"canonical":"https:\/\/telemme.mmsh.fr\/?tribe_events=une-histoire-des-polices-aux-archives-enjeux-et-objectifs-dune-exposition-2","og_locale":"fr_FR","og_type":"article","og_title":"Une histoire des polices aux archives : enjeux et objectifs d\u2019une exposition - TELEMMe - Temps, espaces, langages, Europe m\u00e9ridionale, M\u00e9diterran\u00e9e","og_description":"Cette journ\u00e9e La recherche et la cit\u00e9 est organis\u00e9e \u00e0 l\u2019occasion de la pr\u00e9sentation, aux archives municipales de Marseille, de l\u2019exposition Police! Les Marseillais et les forces de l\u2019ordre dans&hellip;&nbsp;Lire la suite &raquo;Une histoire des polices aux archives : enjeux et objectifs d\u2019une exposition","og_url":"https:\/\/telemme.mmsh.fr\/?tribe_events=une-histoire-des-polices-aux-archives-enjeux-et-objectifs-dune-exposition-2","og_site_name":"TELEMMe - Temps, espaces, langages, Europe m\u00e9ridionale, M\u00e9diterran\u00e9e","article_modified_time":"2022-09-09T09:02:45+00:00","og_image":[{"width":500,"height":336,"url":"https:\/\/telemme.mmsh.fr\/wp-content\/uploads\/2020\/02\/AC1305510_88Fi579_C-light.jpg","type":"image\/jpeg"}],"twitter_card":"summary_large_image","twitter_misc":{"Dur\u00e9e de lecture estim\u00e9e":"1 minute"},"schema":{"@context":"https:\/\/schema.org","@graph":[{"@type":"WebPage","@id":"https:\/\/telemme.mmsh.fr\/?tribe_events=une-histoire-des-polices-aux-archives-enjeux-et-objectifs-dune-exposition-2","url":"https:\/\/telemme.mmsh.fr\/?tribe_events=une-histoire-des-polices-aux-archives-enjeux-et-objectifs-dune-exposition-2","name":"Une histoire des polices aux archives : enjeux et objectifs d\u2019une exposition - TELEMMe - Temps, espaces, langages, Europe m\u00e9ridionale, M\u00e9diterran\u00e9e","isPartOf":{"@id":"https:\/\/telemme.mmsh.fr\/#website"},"primaryImageOfPage":{"@id":"https:\/\/telemme.mmsh.fr\/?tribe_events=une-histoire-des-polices-aux-archives-enjeux-et-objectifs-dune-exposition-2#primaryimage"},"image":{"@id":"https:\/\/telemme.mmsh.fr\/?tribe_events=une-histoire-des-polices-aux-archives-enjeux-et-objectifs-dune-exposition-2#primaryimage"},"thumbnailUrl":"https:\/\/telemme.mmsh.fr\/wp-content\/uploads\/2020\/02\/AC1305510_88Fi579_C-light.jpg","datePublished":"2020-02-02T09:59:27+00:00","dateModified":"2022-09-09T09:02:45+00:00","breadcrumb":{"@id":"https:\/\/telemme.mmsh.fr\/?tribe_events=une-histoire-des-polices-aux-archives-enjeux-et-objectifs-dune-exposition-2#breadcrumb"},"inLanguage":"fr-FR","potentialAction":[{"@type":"ReadAction","target":["https:\/\/telemme.mmsh.fr\/?tribe_events=une-histoire-des-polices-aux-archives-enjeux-et-objectifs-dune-exposition-2"]}]},{"@type":"ImageObject","inLanguage":"fr-FR","@id":"https:\/\/telemme.mmsh.fr\/?tribe_events=une-histoire-des-polices-aux-archives-enjeux-et-objectifs-dune-exposition-2#primaryimage","url":"https:\/\/telemme.mmsh.fr\/wp-content\/uploads\/2020\/02\/AC1305510_88Fi579_C-light.jpg","contentUrl":"https:\/\/telemme.mmsh.fr\/wp-content\/uploads\/2020\/02\/AC1305510_88Fi579_C-light.jpg","width":500,"height":336,"caption":"Une brigade d\u2019agents cyclistes (Marseille, Archives municipales de Marseille : 88 Fi 579)"},{"@type":"BreadcrumbList","@id":"https:\/\/telemme.mmsh.fr\/?tribe_events=une-histoire-des-polices-aux-archives-enjeux-et-objectifs-dune-exposition-2#breadcrumb","itemListElement":[{"@type":"ListItem","position":1,"name":"Accueil","item":"https:\/\/telemme.mmsh.fr\/"},{"@type":"ListItem","position":2,"name":"\u00c9v\u00e8nements","item":"https:\/\/telemme.mmsh.fr\/?post_type=tribe_events"},{"@type":"ListItem","position":3,"name":"La Recherche &amp; la Cit\u00e9","item":"https:\/\/telemme.mmsh.fr\/?tribe_events_cat=la-recherche-la-cite"},{"@type":"ListItem","position":4,"name":"Une histoire des polices aux archives : enjeux et objectifs d\u2019une exposition"}]},{"@type":"WebSite","@id":"https:\/\/telemme.mmsh.fr\/#website","url":"https:\/\/telemme.mmsh.fr\/","name":"TELEMMe - Temps, espaces, langages, Europe m\u00e9ridionale, M\u00e9diterran\u00e9e","description":"","publisher":{"@id":"https:\/\/telemme.mmsh.fr\/#organization"},"potentialAction":[{"@type":"SearchAction","target":{"@type":"EntryPoint","urlTemplate":"https:\/\/telemme.mmsh.fr\/?s={search_term_string}"},"query-input":{"@type":"PropertyValueSpecification","valueRequired":true,"valueName":"search_term_string"}}],"inLanguage":"fr-FR"},{"@type":"Organization","@id":"https:\/\/telemme.mmsh.fr\/#organization","name":"TELEMMe","url":"https:\/\/telemme.mmsh.fr\/","logo":{"@type":"ImageObject","inLanguage":"fr-FR","@id":"https:\/\/telemme.mmsh.fr\/#\/schema\/logo\/image\/","url":"https:\/\/telemme.mmsh.fr\/wp-content\/uploads\/2020\/03\/LogoTELEMMe-horizontal-fond-transparent.png","contentUrl":"https:\/\/telemme.mmsh.fr\/wp-content\/uploads\/2020\/03\/LogoTELEMMe-horizontal-fond-transparent.png","width":1500,"height":437,"caption":"TELEMMe"},"image":{"@id":"https:\/\/telemme.mmsh.fr\/#\/schema\/logo\/image\/"}}]}},"_links":{"self":[{"href":"https:\/\/telemme.mmsh.fr\/index.php?rest_route=\/wp\/v2\/tribe_events\/7213","targetHints":{"allow":["GET"]}}],"collection":[{"href":"https:\/\/telemme.mmsh.fr\/index.php?rest_route=\/wp\/v2\/tribe_events"}],"about":[{"href":"https:\/\/telemme.mmsh.fr\/index.php?rest_route=\/wp\/v2\/types\/tribe_events"}],"author":[{"embeddable":true,"href":"https:\/\/telemme.mmsh.fr\/index.php?rest_route=\/wp\/v2\/users\/7"}],"version-history":[{"count":2,"href":"https:\/\/telemme.mmsh.fr\/index.php?rest_route=\/wp\/v2\/tribe_events\/7213\/revisions"}],"predecessor-version":[{"id":11497,"href":"https:\/\/telemme.mmsh.fr\/index.php?rest_route=\/wp\/v2\/tribe_events\/7213\/revisions\/11497"}],"wp:featuredmedia":[{"embeddable":true,"href":"https:\/\/telemme.mmsh.fr\/index.php?rest_route=\/wp\/v2\/media\/3711"}],"wp:attachment":[{"href":"https:\/\/telemme.mmsh.fr\/index.php?rest_route=%2Fwp%2Fv2%2Fmedia&parent=7213"}],"wp:term":[{"taxonomy":"post_tag","embeddable":true,"href":"https:\/\/telemme.mmsh.fr\/index.php?rest_route=%2Fwp%2Fv2%2Ftags&post=7213"},{"taxonomy":"tribe_events_cat","embeddable":true,"href":"https:\/\/telemme.mmsh.fr\/index.php?rest_route=%2Fwp%2Fv2%2Ftribe_events_cat&post=7213"}],"curies":[{"name":"wp","href":"https:\/\/api.w.org\/{rel}","templated":true}]}}