{"id":7199,"date":"2021-04-16T16:06:53","date_gmt":"2021-04-16T14:06:53","guid":{"rendered":"http:\/\/telemme.mmsh.fr\/?post_type=tribe_events&#038;p=7199"},"modified":"2021-04-16T16:06:53","modified_gmt":"2021-04-16T14:06:53","slug":"le-feminisme-a-lepreuve-de-la-guerre","status":"publish","type":"tribe_events","link":"https:\/\/telemme.mmsh.fr\/?tribe_events=le-feminisme-a-lepreuve-de-la-guerre","title":{"rendered":"Le f\u00e9minisme \u00e0 l&rsquo;\u00e9preuve de la guerre"},"content":{"rendered":"<p><span id=\"ctl00_contenu_annonce_lbl\">Le mouvement suffragiste britannique fut profond\u00e9ment divis\u00e9 par le d\u00e9clenchement de la guerre de 1914-1918. D&rsquo;un c\u00f4t\u00e9, les \u00ab\u00a0patriotes\u00a0\u00bb partisanes de la guerre \u00e0 outrance appelaient \u00e0 l&rsquo;\u00e9crasement de l&rsquo;Allemagne, \u00ab\u00a0the over-sexed nation\u00a0\u00bb. De l&rsquo;autre, les \u00ab\u00a0pacifistes\u00a0\u00bb tentaient de mobiliser les \u00ab\u00a0mothers of the race\u00a0\u00bb du monde entier pour plaider la cause d&rsquo;une paix n\u00e9goci\u00e9e. De ces deux positions, laquelle fut \u00ab\u00a0f\u00e9ministe\u00a0\u00bb ? Cette question anima l&rsquo;historiographie anglophone au tournant des ann\u00e9es 1980-1990. On verra que ses protagonistes firent du pass\u00e9 un champ de bataille de substitution pour leurs querelles contemporaines, desservant au passage, malgr\u00e9 la qualit\u00e9 de leurs travaux, le projet partag\u00e9 d&rsquo;une histoire des id\u00e9es f\u00e9ministes au Royaume-Uni. L&rsquo;ambition de cette communication est de proposer un cadre interpr\u00e9tatif viable, dont chacun.e pourrait s&#8217;emparer, et d&rsquo;en montrer une application \u00e0 travers la lecture de la presse suffragiste. O\u00f9 il appara\u00eet que le suffragisme britannique d\u00e9veloppa de nombreuses et fort riches r\u00e9ponses \u00ab\u00a0f\u00e9ministes\u00a0\u00bb \u00e0 la Grande Guerre, r\u00e9ponses qui ouvrent, pour nous, un vaste horizon de possibles.<\/span><\/p>\n<p><a href=\"http:\/\/telemme.mmsh.univ-aix.fr\/evenement\/le-feminisme-a-lepreuve-de-la-guerre\/\"><strong>Le programme complet<\/strong><\/a><\/p>\n","protected":false},"excerpt":{"rendered":"<p>Le mouvement suffragiste britannique fut profond\u00e9ment divis\u00e9 par le d\u00e9clenchement de la guerre de 1914-1918. D&rsquo;un c\u00f4t\u00e9, les \u00ab\u00a0patriotes\u00a0\u00bb partisanes de la guerre \u00e0 outrance appelaient \u00e0 l&rsquo;\u00e9crasement de l&rsquo;Allemagne, \u00ab\u00a0the over-sexed nation\u00a0\u00bb. De l&rsquo;autre, les \u00ab\u00a0pacifistes\u00a0\u00bb tentaient de mobiliser les \u00ab\u00a0mothers of the race\u00a0\u00bb du monde entier pour plaider la cause d&rsquo;une paix n\u00e9goci\u00e9e.<\/p>\n","protected":false},"author":7,"featured_media":3533,"template":"","meta":{"neve_meta_sidebar":"","neve_meta_container":"","neve_meta_enable_content_width":"","neve_meta_content_width":0,"neve_meta_title_alignment":"","neve_meta_author_avatar":"","neve_post_elements_order":"","neve_meta_disable_header":"","neve_meta_disable_footer":"","neve_meta_disable_title":"","_tribe_events_status":"","_tribe_events_status_reason":"","footnotes":""},"tags":[1834],"tribe_events_cat":[1831],"class_list":["post-7199","tribe_events","type-tribe_events","status-publish","has-post-thumbnail","hentry","tag-2-3-gecris-gefem","tribe_events_cat-seminaire","cat_seminaire"],"yoast_head":"<!-- This site is optimized with the Yoast SEO plugin v27.4 - https:\/\/yoast.com\/product\/yoast-seo-wordpress\/ -->\n<title>Le f\u00e9minisme \u00e0 l&#039;\u00e9preuve de la guerre - TELEMMe - Temps, espaces, langages, Europe m\u00e9ridionale, M\u00e9diterran\u00e9e<\/title>\n<meta name=\"robots\" content=\"index, follow, max-snippet:-1, max-image-preview:large, max-video-preview:-1\" \/>\n<link rel=\"canonical\" href=\"https:\/\/telemme.mmsh.fr\/?tribe_events=le-feminisme-a-lepreuve-de-la-guerre\" \/>\n<meta property=\"og:locale\" content=\"fr_FR\" \/>\n<meta property=\"og:type\" content=\"article\" \/>\n<meta property=\"og:title\" content=\"Le f\u00e9minisme \u00e0 l&#039;\u00e9preuve de la guerre - TELEMMe - Temps, espaces, langages, Europe m\u00e9ridionale, M\u00e9diterran\u00e9e\" \/>\n<meta property=\"og:description\" content=\"Le mouvement suffragiste britannique fut profond\u00e9ment divis\u00e9 par le d\u00e9clenchement de la guerre de 1914-1918. D&#039;un c\u00f4t\u00e9, les &quot;patriotes&quot; partisanes de la guerre \u00e0 outrance appelaient \u00e0 l&#039;\u00e9crasement de l&#039;Allemagne, &quot;the over-sexed nation&quot;. De l&#039;autre, les &quot;pacifistes&quot; tentaient de mobiliser les &quot;mothers of the race&quot; du monde entier pour plaider la cause d&#039;une paix n\u00e9goci\u00e9e.\" \/>\n<meta property=\"og:url\" content=\"https:\/\/telemme.mmsh.fr\/?tribe_events=le-feminisme-a-lepreuve-de-la-guerre\" \/>\n<meta property=\"og:site_name\" content=\"TELEMMe - Temps, espaces, langages, Europe m\u00e9ridionale, M\u00e9diterran\u00e9e\" \/>\n<meta property=\"og:image\" content=\"https:\/\/telemme.mmsh.fr\/wp-content\/uploads\/2021\/01\/GRAVURE-FOND-VIOLET-light.jpg\" \/>\n\t<meta property=\"og:image:width\" content=\"300\" \/>\n\t<meta property=\"og:image:height\" content=\"400\" \/>\n\t<meta property=\"og:image:type\" content=\"image\/jpeg\" \/>\n<meta name=\"twitter:card\" content=\"summary_large_image\" \/>\n<meta name=\"twitter:label1\" content=\"Dur\u00e9e de lecture estim\u00e9e\" \/>\n\t<meta name=\"twitter:data1\" content=\"1 minute\" \/>\n<script type=\"application\/ld+json\" class=\"yoast-schema-graph\">{\"@context\":\"https:\\\/\\\/schema.org\",\"@graph\":[{\"@type\":\"WebPage\",\"@id\":\"https:\\\/\\\/telemme.mmsh.fr\\\/?tribe_events=le-feminisme-a-lepreuve-de-la-guerre\",\"url\":\"https:\\\/\\\/telemme.mmsh.fr\\\/?tribe_events=le-feminisme-a-lepreuve-de-la-guerre\",\"name\":\"Le f\u00e9minisme \u00e0 l'\u00e9preuve de la guerre - TELEMMe - Temps, espaces, langages, Europe m\u00e9ridionale, M\u00e9diterran\u00e9e\",\"isPartOf\":{\"@id\":\"https:\\\/\\\/telemme.mmsh.fr\\\/#website\"},\"primaryImageOfPage\":{\"@id\":\"https:\\\/\\\/telemme.mmsh.fr\\\/?tribe_events=le-feminisme-a-lepreuve-de-la-guerre#primaryimage\"},\"image\":{\"@id\":\"https:\\\/\\\/telemme.mmsh.fr\\\/?tribe_events=le-feminisme-a-lepreuve-de-la-guerre#primaryimage\"},\"thumbnailUrl\":\"https:\\\/\\\/telemme.mmsh.fr\\\/wp-content\\\/uploads\\\/2021\\\/01\\\/GRAVURE-FOND-VIOLET-light.jpg\",\"datePublished\":\"2021-04-16T14:06:53+00:00\",\"breadcrumb\":{\"@id\":\"https:\\\/\\\/telemme.mmsh.fr\\\/?tribe_events=le-feminisme-a-lepreuve-de-la-guerre#breadcrumb\"},\"inLanguage\":\"fr-FR\",\"potentialAction\":[{\"@type\":\"ReadAction\",\"target\":[\"https:\\\/\\\/telemme.mmsh.fr\\\/?tribe_events=le-feminisme-a-lepreuve-de-la-guerre\"]}]},{\"@type\":\"ImageObject\",\"inLanguage\":\"fr-FR\",\"@id\":\"https:\\\/\\\/telemme.mmsh.fr\\\/?tribe_events=le-feminisme-a-lepreuve-de-la-guerre#primaryimage\",\"url\":\"https:\\\/\\\/telemme.mmsh.fr\\\/wp-content\\\/uploads\\\/2021\\\/01\\\/GRAVURE-FOND-VIOLET-light.jpg\",\"contentUrl\":\"https:\\\/\\\/telemme.mmsh.fr\\\/wp-content\\\/uploads\\\/2021\\\/01\\\/GRAVURE-FOND-VIOLET-light.jpg\",\"width\":300,\"height\":400,\"caption\":\"Duel de femmes, SaSa, d\u2019apr\u00e8s Bayard, 2017. Avec l\u2019aimable autorisation de l\u2019artiste\"},{\"@type\":\"BreadcrumbList\",\"@id\":\"https:\\\/\\\/telemme.mmsh.fr\\\/?tribe_events=le-feminisme-a-lepreuve-de-la-guerre#breadcrumb\",\"itemListElement\":[{\"@type\":\"ListItem\",\"position\":1,\"name\":\"Accueil\",\"item\":\"https:\\\/\\\/telemme.mmsh.fr\\\/\"},{\"@type\":\"ListItem\",\"position\":2,\"name\":\"\u00c9v\u00e8nements\",\"item\":\"https:\\\/\\\/telemme.mmsh.fr\\\/?post_type=tribe_events\"},{\"@type\":\"ListItem\",\"position\":3,\"name\":\"S\u00e9minaire\",\"item\":\"https:\\\/\\\/telemme.mmsh.fr\\\/?tribe_events_cat=seminaire\"},{\"@type\":\"ListItem\",\"position\":4,\"name\":\"Le f\u00e9minisme \u00e0 l&rsquo;\u00e9preuve de la guerre\"}]},{\"@type\":\"WebSite\",\"@id\":\"https:\\\/\\\/telemme.mmsh.fr\\\/#website\",\"url\":\"https:\\\/\\\/telemme.mmsh.fr\\\/\",\"name\":\"TELEMMe - Temps, espaces, langages, Europe m\u00e9ridionale, M\u00e9diterran\u00e9e\",\"description\":\"\",\"publisher\":{\"@id\":\"https:\\\/\\\/telemme.mmsh.fr\\\/#organization\"},\"potentialAction\":[{\"@type\":\"SearchAction\",\"target\":{\"@type\":\"EntryPoint\",\"urlTemplate\":\"https:\\\/\\\/telemme.mmsh.fr\\\/?s={search_term_string}\"},\"query-input\":{\"@type\":\"PropertyValueSpecification\",\"valueRequired\":true,\"valueName\":\"search_term_string\"}}],\"inLanguage\":\"fr-FR\"},{\"@type\":\"Organization\",\"@id\":\"https:\\\/\\\/telemme.mmsh.fr\\\/#organization\",\"name\":\"TELEMMe\",\"url\":\"https:\\\/\\\/telemme.mmsh.fr\\\/\",\"logo\":{\"@type\":\"ImageObject\",\"inLanguage\":\"fr-FR\",\"@id\":\"https:\\\/\\\/telemme.mmsh.fr\\\/#\\\/schema\\\/logo\\\/image\\\/\",\"url\":\"https:\\\/\\\/telemme.mmsh.fr\\\/wp-content\\\/uploads\\\/2020\\\/03\\\/LogoTELEMMe-horizontal-fond-transparent.png\",\"contentUrl\":\"https:\\\/\\\/telemme.mmsh.fr\\\/wp-content\\\/uploads\\\/2020\\\/03\\\/LogoTELEMMe-horizontal-fond-transparent.png\",\"width\":1500,\"height\":437,\"caption\":\"TELEMMe\"},\"image\":{\"@id\":\"https:\\\/\\\/telemme.mmsh.fr\\\/#\\\/schema\\\/logo\\\/image\\\/\"}}]}<\/script>\n<!-- \/ Yoast SEO plugin. -->","yoast_head_json":{"title":"Le f\u00e9minisme \u00e0 l'\u00e9preuve de la guerre - TELEMMe - Temps, espaces, langages, Europe m\u00e9ridionale, M\u00e9diterran\u00e9e","robots":{"index":"index","follow":"follow","max-snippet":"max-snippet:-1","max-image-preview":"max-image-preview:large","max-video-preview":"max-video-preview:-1"},"canonical":"https:\/\/telemme.mmsh.fr\/?tribe_events=le-feminisme-a-lepreuve-de-la-guerre","og_locale":"fr_FR","og_type":"article","og_title":"Le f\u00e9minisme \u00e0 l'\u00e9preuve de la guerre - TELEMMe - Temps, espaces, langages, Europe m\u00e9ridionale, M\u00e9diterran\u00e9e","og_description":"Le mouvement suffragiste britannique fut profond\u00e9ment divis\u00e9 par le d\u00e9clenchement de la guerre de 1914-1918. D'un c\u00f4t\u00e9, les \"patriotes\" partisanes de la guerre \u00e0 outrance appelaient \u00e0 l'\u00e9crasement de l'Allemagne, \"the over-sexed nation\". De l'autre, les \"pacifistes\" tentaient de mobiliser les \"mothers of the race\" du monde entier pour plaider la cause d'une paix n\u00e9goci\u00e9e.","og_url":"https:\/\/telemme.mmsh.fr\/?tribe_events=le-feminisme-a-lepreuve-de-la-guerre","og_site_name":"TELEMMe - Temps, espaces, langages, Europe m\u00e9ridionale, M\u00e9diterran\u00e9e","og_image":[{"width":300,"height":400,"url":"https:\/\/telemme.mmsh.fr\/wp-content\/uploads\/2021\/01\/GRAVURE-FOND-VIOLET-light.jpg","type":"image\/jpeg"}],"twitter_card":"summary_large_image","twitter_misc":{"Dur\u00e9e de lecture estim\u00e9e":"1 minute"},"schema":{"@context":"https:\/\/schema.org","@graph":[{"@type":"WebPage","@id":"https:\/\/telemme.mmsh.fr\/?tribe_events=le-feminisme-a-lepreuve-de-la-guerre","url":"https:\/\/telemme.mmsh.fr\/?tribe_events=le-feminisme-a-lepreuve-de-la-guerre","name":"Le f\u00e9minisme \u00e0 l'\u00e9preuve de la guerre - TELEMMe - Temps, espaces, langages, Europe m\u00e9ridionale, M\u00e9diterran\u00e9e","isPartOf":{"@id":"https:\/\/telemme.mmsh.fr\/#website"},"primaryImageOfPage":{"@id":"https:\/\/telemme.mmsh.fr\/?tribe_events=le-feminisme-a-lepreuve-de-la-guerre#primaryimage"},"image":{"@id":"https:\/\/telemme.mmsh.fr\/?tribe_events=le-feminisme-a-lepreuve-de-la-guerre#primaryimage"},"thumbnailUrl":"https:\/\/telemme.mmsh.fr\/wp-content\/uploads\/2021\/01\/GRAVURE-FOND-VIOLET-light.jpg","datePublished":"2021-04-16T14:06:53+00:00","breadcrumb":{"@id":"https:\/\/telemme.mmsh.fr\/?tribe_events=le-feminisme-a-lepreuve-de-la-guerre#breadcrumb"},"inLanguage":"fr-FR","potentialAction":[{"@type":"ReadAction","target":["https:\/\/telemme.mmsh.fr\/?tribe_events=le-feminisme-a-lepreuve-de-la-guerre"]}]},{"@type":"ImageObject","inLanguage":"fr-FR","@id":"https:\/\/telemme.mmsh.fr\/?tribe_events=le-feminisme-a-lepreuve-de-la-guerre#primaryimage","url":"https:\/\/telemme.mmsh.fr\/wp-content\/uploads\/2021\/01\/GRAVURE-FOND-VIOLET-light.jpg","contentUrl":"https:\/\/telemme.mmsh.fr\/wp-content\/uploads\/2021\/01\/GRAVURE-FOND-VIOLET-light.jpg","width":300,"height":400,"caption":"Duel de femmes, SaSa, d\u2019apr\u00e8s Bayard, 2017. Avec l\u2019aimable autorisation de l\u2019artiste"},{"@type":"BreadcrumbList","@id":"https:\/\/telemme.mmsh.fr\/?tribe_events=le-feminisme-a-lepreuve-de-la-guerre#breadcrumb","itemListElement":[{"@type":"ListItem","position":1,"name":"Accueil","item":"https:\/\/telemme.mmsh.fr\/"},{"@type":"ListItem","position":2,"name":"\u00c9v\u00e8nements","item":"https:\/\/telemme.mmsh.fr\/?post_type=tribe_events"},{"@type":"ListItem","position":3,"name":"S\u00e9minaire","item":"https:\/\/telemme.mmsh.fr\/?tribe_events_cat=seminaire"},{"@type":"ListItem","position":4,"name":"Le f\u00e9minisme \u00e0 l&rsquo;\u00e9preuve de la guerre"}]},{"@type":"WebSite","@id":"https:\/\/telemme.mmsh.fr\/#website","url":"https:\/\/telemme.mmsh.fr\/","name":"TELEMMe - Temps, espaces, langages, Europe m\u00e9ridionale, M\u00e9diterran\u00e9e","description":"","publisher":{"@id":"https:\/\/telemme.mmsh.fr\/#organization"},"potentialAction":[{"@type":"SearchAction","target":{"@type":"EntryPoint","urlTemplate":"https:\/\/telemme.mmsh.fr\/?s={search_term_string}"},"query-input":{"@type":"PropertyValueSpecification","valueRequired":true,"valueName":"search_term_string"}}],"inLanguage":"fr-FR"},{"@type":"Organization","@id":"https:\/\/telemme.mmsh.fr\/#organization","name":"TELEMMe","url":"https:\/\/telemme.mmsh.fr\/","logo":{"@type":"ImageObject","inLanguage":"fr-FR","@id":"https:\/\/telemme.mmsh.fr\/#\/schema\/logo\/image\/","url":"https:\/\/telemme.mmsh.fr\/wp-content\/uploads\/2020\/03\/LogoTELEMMe-horizontal-fond-transparent.png","contentUrl":"https:\/\/telemme.mmsh.fr\/wp-content\/uploads\/2020\/03\/LogoTELEMMe-horizontal-fond-transparent.png","width":1500,"height":437,"caption":"TELEMMe"},"image":{"@id":"https:\/\/telemme.mmsh.fr\/#\/schema\/logo\/image\/"}}]}},"_links":{"self":[{"href":"https:\/\/telemme.mmsh.fr\/index.php?rest_route=\/wp\/v2\/tribe_events\/7199","targetHints":{"allow":["GET"]}}],"collection":[{"href":"https:\/\/telemme.mmsh.fr\/index.php?rest_route=\/wp\/v2\/tribe_events"}],"about":[{"href":"https:\/\/telemme.mmsh.fr\/index.php?rest_route=\/wp\/v2\/types\/tribe_events"}],"author":[{"embeddable":true,"href":"https:\/\/telemme.mmsh.fr\/index.php?rest_route=\/wp\/v2\/users\/7"}],"version-history":[{"count":1,"href":"https:\/\/telemme.mmsh.fr\/index.php?rest_route=\/wp\/v2\/tribe_events\/7199\/revisions"}],"predecessor-version":[{"id":7200,"href":"https:\/\/telemme.mmsh.fr\/index.php?rest_route=\/wp\/v2\/tribe_events\/7199\/revisions\/7200"}],"wp:featuredmedia":[{"embeddable":true,"href":"https:\/\/telemme.mmsh.fr\/index.php?rest_route=\/wp\/v2\/media\/3533"}],"wp:attachment":[{"href":"https:\/\/telemme.mmsh.fr\/index.php?rest_route=%2Fwp%2Fv2%2Fmedia&parent=7199"}],"wp:term":[{"taxonomy":"post_tag","embeddable":true,"href":"https:\/\/telemme.mmsh.fr\/index.php?rest_route=%2Fwp%2Fv2%2Ftags&post=7199"},{"taxonomy":"tribe_events_cat","embeddable":true,"href":"https:\/\/telemme.mmsh.fr\/index.php?rest_route=%2Fwp%2Fv2%2Ftribe_events_cat&post=7199"}],"curies":[{"name":"wp","href":"https:\/\/api.w.org\/{rel}","templated":true}]}}