{"id":7164,"date":"2021-04-16T14:51:07","date_gmt":"2021-04-16T12:51:07","guid":{"rendered":"http:\/\/telemme.mmsh.fr\/?post_type=tribe_events&#038;p=7164"},"modified":"2021-04-16T14:51:07","modified_gmt":"2021-04-16T12:51:07","slug":"projection-du-film-la-fenetre-du-vent-en-avant-premiere","status":"publish","type":"tribe_events","link":"https:\/\/telemme.mmsh.fr\/?tribe_events=projection-du-film-la-fenetre-du-vent-en-avant-premiere","title":{"rendered":"Projection du film \u00a0\u00bb La fen\u00eatre du vent\u00a0\u00bb en avant-premi\u00e8re"},"content":{"rendered":"<div id=\"annonce\" class=\"annonce\">\n<div><strong>LA FEN\u00caTRE DU VENT <\/strong><\/div>\n<div>Un film de Ons KAMOUN<\/div>\n<div><\/div>\n<div><strong>Synopsis <\/strong><\/div>\n<div>Je sortais d\u2019un film sur la d\u00e9marche des cin\u00e9astes et la cr\u00e9ation comme un incontournable r\u00e9cit de soi, un moyen d\u2019engagement et de revendication. Ces films, r\u00e9alis\u00e9s dans un contexte tunisien de lutte et de crise, portaient un regard sensible et pourtant spontan\u00e9 sur le genre. Leur r\u00e9ception par la soci\u00e9t\u00e9 des chercheurs en sciences humaines m\u2019a alors ouvert les yeux sur l\u2019importance de chaque production artistique ou scientifique autour de la question. Chaque t\u00e9moignage, chaque image-son, chaque texte, est une promesse\u2026 une parole que je m\u2019aventure, \u00e0 mon tour, \u00e0 recueillir\u2026 \u00e0 retenir. Le colloque ALTERGEMED- Alt\u00e9rit\u00e9s et r\u00e9sistances \u00e0 l\u2019\u00e9preuve du genre en M\u00e9diterran\u00e9e qui s\u2019est d\u00e9roul\u00e9 \u00e0 Aix-en-Provence et Marseille en 2019 a \u00e9t\u00e9 pour moi l\u2019occasion d\u2019une pr\u00e9cieuse rencontre avec deux producteurs de la pens\u00e9e : les artistes et les scientifiques. Au cours de l\u2019un des moments intenses de recueillement, un chercheur me raconte l\u2019histoire de \u00ab la fen\u00eatre du vent \u00bb : une ouverture dans un reste de mur \u00e0 travers laquelle des femmes kabyles pouvaient, dans le pass\u00e9, communiquer symboliquement avec l\u2019ailleurs, l\u00e0 o\u00f9 leurs absents sont contraints \u00e0 l\u2019exil. Le vent, commun\u00e9ment langue de la mort, d\u00e9livre d\u00e9sormais du trauma en murmurant des signes. Cette fen\u00eatre-parloir qui d\u00e9liait les langues aidait \u00e0 r\u00e9sister. Je fais instantan\u00e9ment le parall\u00e8le et la symbolique m\u2019est r\u00e9v\u00e9l\u00e9e. Je me saisis du filmage comme d\u2019un dispositif semblable et invite ces chercheurs de v\u00e9rit\u00e9s \u00e0 venir parler. Le r\u00e9sultat atteste curieusement de la recherche comme \u00ab un incontournable r\u00e9cit de soi, un moyen d\u2019engagement et de revendication \u00bb.<\/div>\n<\/div>\n<p><a href=\"http:\/\/http:\/\/telemme.mmsh.univ-aix.fr\/evenement\/seminaire-projection-du-film-la-fenetre-du-vent-en-avant-premiere\/\"><strong>Le programme complet<\/strong><\/a><\/p>\n","protected":false},"excerpt":{"rendered":"<p>Je sortais d\u2019un film sur la d\u00e9marche des cin\u00e9astes et la cr\u00e9ation comme un incontournable r\u00e9cit de soi, un moyen d\u2019engagement et de revendication. Ces films, r\u00e9alis\u00e9s dans un contexte tunisien de lutte et de crise, portaient un regard sensible et pourtant spontan\u00e9 sur le genre.<\/p>\n","protected":false},"author":7,"featured_media":3533,"template":"","meta":{"neve_meta_sidebar":"","neve_meta_container":"","neve_meta_enable_content_width":"","neve_meta_content_width":0,"neve_meta_title_alignment":"","neve_meta_author_avatar":"","neve_post_elements_order":"","neve_meta_disable_header":"","neve_meta_disable_footer":"","neve_meta_disable_title":"","_tribe_events_status":"","_tribe_events_status_reason":"","footnotes":""},"tags":[1834,1953],"tribe_events_cat":[1831],"class_list":["post-7164","tribe_events","type-tribe_events","status-publish","has-post-thumbnail","hentry","tag-2-3-gecris-gefem","tag-gecr","tribe_events_cat-seminaire","cat_seminaire","tribe-ext-events-control-list-event--live"],"yoast_head":"<!-- This site is optimized with the Yoast SEO plugin v27.4 - https:\/\/yoast.com\/product\/yoast-seo-wordpress\/ -->\n<title>Projection du film &quot; La fen\u00eatre du vent&quot; en avant-premi\u00e8re - TELEMMe - Temps, espaces, langages, Europe m\u00e9ridionale, M\u00e9diterran\u00e9e<\/title>\n<meta name=\"robots\" content=\"index, follow, max-snippet:-1, max-image-preview:large, max-video-preview:-1\" \/>\n<link rel=\"canonical\" href=\"https:\/\/telemme.mmsh.fr\/?tribe_events=projection-du-film-la-fenetre-du-vent-en-avant-premiere\" \/>\n<meta property=\"og:locale\" content=\"fr_FR\" \/>\n<meta property=\"og:type\" content=\"article\" \/>\n<meta property=\"og:title\" content=\"Projection du film &quot; La fen\u00eatre du vent&quot; en avant-premi\u00e8re - TELEMMe - Temps, espaces, langages, Europe m\u00e9ridionale, M\u00e9diterran\u00e9e\" \/>\n<meta property=\"og:description\" content=\"Je sortais d\u2019un film sur la d\u00e9marche des cin\u00e9astes et la cr\u00e9ation comme un incontournable r\u00e9cit de soi, un moyen d\u2019engagement et de revendication. Ces films, r\u00e9alis\u00e9s dans un contexte tunisien de lutte et de crise, portaient un regard sensible et pourtant spontan\u00e9 sur le genre.\" \/>\n<meta property=\"og:url\" content=\"https:\/\/telemme.mmsh.fr\/?tribe_events=projection-du-film-la-fenetre-du-vent-en-avant-premiere\" \/>\n<meta property=\"og:site_name\" content=\"TELEMMe - Temps, espaces, langages, Europe m\u00e9ridionale, M\u00e9diterran\u00e9e\" \/>\n<meta property=\"og:image\" content=\"https:\/\/telemme.mmsh.fr\/wp-content\/uploads\/2021\/01\/GRAVURE-FOND-VIOLET-light.jpg\" \/>\n\t<meta property=\"og:image:width\" content=\"300\" \/>\n\t<meta property=\"og:image:height\" content=\"400\" \/>\n\t<meta property=\"og:image:type\" content=\"image\/jpeg\" \/>\n<meta name=\"twitter:card\" content=\"summary_large_image\" \/>\n<meta name=\"twitter:label1\" content=\"Dur\u00e9e de lecture estim\u00e9e\" \/>\n\t<meta name=\"twitter:data1\" content=\"2 minutes\" \/>\n<script type=\"application\/ld+json\" class=\"yoast-schema-graph\">{\"@context\":\"https:\\\/\\\/schema.org\",\"@graph\":[{\"@type\":\"WebPage\",\"@id\":\"https:\\\/\\\/telemme.mmsh.fr\\\/?tribe_events=projection-du-film-la-fenetre-du-vent-en-avant-premiere\",\"url\":\"https:\\\/\\\/telemme.mmsh.fr\\\/?tribe_events=projection-du-film-la-fenetre-du-vent-en-avant-premiere\",\"name\":\"Projection du film \\\" La fen\u00eatre du vent\\\" en avant-premi\u00e8re - TELEMMe - Temps, espaces, langages, Europe m\u00e9ridionale, M\u00e9diterran\u00e9e\",\"isPartOf\":{\"@id\":\"https:\\\/\\\/telemme.mmsh.fr\\\/#website\"},\"primaryImageOfPage\":{\"@id\":\"https:\\\/\\\/telemme.mmsh.fr\\\/?tribe_events=projection-du-film-la-fenetre-du-vent-en-avant-premiere#primaryimage\"},\"image\":{\"@id\":\"https:\\\/\\\/telemme.mmsh.fr\\\/?tribe_events=projection-du-film-la-fenetre-du-vent-en-avant-premiere#primaryimage\"},\"thumbnailUrl\":\"https:\\\/\\\/telemme.mmsh.fr\\\/wp-content\\\/uploads\\\/2021\\\/01\\\/GRAVURE-FOND-VIOLET-light.jpg\",\"datePublished\":\"2021-04-16T12:51:07+00:00\",\"breadcrumb\":{\"@id\":\"https:\\\/\\\/telemme.mmsh.fr\\\/?tribe_events=projection-du-film-la-fenetre-du-vent-en-avant-premiere#breadcrumb\"},\"inLanguage\":\"fr-FR\",\"potentialAction\":[{\"@type\":\"ReadAction\",\"target\":[\"https:\\\/\\\/telemme.mmsh.fr\\\/?tribe_events=projection-du-film-la-fenetre-du-vent-en-avant-premiere\"]}]},{\"@type\":\"ImageObject\",\"inLanguage\":\"fr-FR\",\"@id\":\"https:\\\/\\\/telemme.mmsh.fr\\\/?tribe_events=projection-du-film-la-fenetre-du-vent-en-avant-premiere#primaryimage\",\"url\":\"https:\\\/\\\/telemme.mmsh.fr\\\/wp-content\\\/uploads\\\/2021\\\/01\\\/GRAVURE-FOND-VIOLET-light.jpg\",\"contentUrl\":\"https:\\\/\\\/telemme.mmsh.fr\\\/wp-content\\\/uploads\\\/2021\\\/01\\\/GRAVURE-FOND-VIOLET-light.jpg\",\"width\":300,\"height\":400,\"caption\":\"Duel de femmes, SaSa, d\u2019apr\u00e8s Bayard, 2017. Avec l\u2019aimable autorisation de l\u2019artiste\"},{\"@type\":\"BreadcrumbList\",\"@id\":\"https:\\\/\\\/telemme.mmsh.fr\\\/?tribe_events=projection-du-film-la-fenetre-du-vent-en-avant-premiere#breadcrumb\",\"itemListElement\":[{\"@type\":\"ListItem\",\"position\":1,\"name\":\"Accueil\",\"item\":\"https:\\\/\\\/telemme.mmsh.fr\\\/\"},{\"@type\":\"ListItem\",\"position\":2,\"name\":\"\u00c9v\u00e8nements\",\"item\":\"https:\\\/\\\/telemme.mmsh.fr\\\/?post_type=tribe_events\"},{\"@type\":\"ListItem\",\"position\":3,\"name\":\"S\u00e9minaire\",\"item\":\"https:\\\/\\\/telemme.mmsh.fr\\\/?tribe_events_cat=seminaire\"},{\"@type\":\"ListItem\",\"position\":4,\"name\":\"Projection du film \u00a0\u00bb La fen\u00eatre du vent\u00a0\u00bb en avant-premi\u00e8re\"}]},{\"@type\":\"WebSite\",\"@id\":\"https:\\\/\\\/telemme.mmsh.fr\\\/#website\",\"url\":\"https:\\\/\\\/telemme.mmsh.fr\\\/\",\"name\":\"TELEMMe - Temps, espaces, langages, Europe m\u00e9ridionale, M\u00e9diterran\u00e9e\",\"description\":\"\",\"publisher\":{\"@id\":\"https:\\\/\\\/telemme.mmsh.fr\\\/#organization\"},\"potentialAction\":[{\"@type\":\"SearchAction\",\"target\":{\"@type\":\"EntryPoint\",\"urlTemplate\":\"https:\\\/\\\/telemme.mmsh.fr\\\/?s={search_term_string}\"},\"query-input\":{\"@type\":\"PropertyValueSpecification\",\"valueRequired\":true,\"valueName\":\"search_term_string\"}}],\"inLanguage\":\"fr-FR\"},{\"@type\":\"Organization\",\"@id\":\"https:\\\/\\\/telemme.mmsh.fr\\\/#organization\",\"name\":\"TELEMMe\",\"url\":\"https:\\\/\\\/telemme.mmsh.fr\\\/\",\"logo\":{\"@type\":\"ImageObject\",\"inLanguage\":\"fr-FR\",\"@id\":\"https:\\\/\\\/telemme.mmsh.fr\\\/#\\\/schema\\\/logo\\\/image\\\/\",\"url\":\"https:\\\/\\\/telemme.mmsh.fr\\\/wp-content\\\/uploads\\\/2020\\\/03\\\/LogoTELEMMe-horizontal-fond-transparent.png\",\"contentUrl\":\"https:\\\/\\\/telemme.mmsh.fr\\\/wp-content\\\/uploads\\\/2020\\\/03\\\/LogoTELEMMe-horizontal-fond-transparent.png\",\"width\":1500,\"height\":437,\"caption\":\"TELEMMe\"},\"image\":{\"@id\":\"https:\\\/\\\/telemme.mmsh.fr\\\/#\\\/schema\\\/logo\\\/image\\\/\"}}]}<\/script>\n<!-- \/ Yoast SEO plugin. -->","yoast_head_json":{"title":"Projection du film \" La fen\u00eatre du vent\" en avant-premi\u00e8re - TELEMMe - Temps, espaces, langages, Europe m\u00e9ridionale, M\u00e9diterran\u00e9e","robots":{"index":"index","follow":"follow","max-snippet":"max-snippet:-1","max-image-preview":"max-image-preview:large","max-video-preview":"max-video-preview:-1"},"canonical":"https:\/\/telemme.mmsh.fr\/?tribe_events=projection-du-film-la-fenetre-du-vent-en-avant-premiere","og_locale":"fr_FR","og_type":"article","og_title":"Projection du film \" La fen\u00eatre du vent\" en avant-premi\u00e8re - TELEMMe - Temps, espaces, langages, Europe m\u00e9ridionale, M\u00e9diterran\u00e9e","og_description":"Je sortais d\u2019un film sur la d\u00e9marche des cin\u00e9astes et la cr\u00e9ation comme un incontournable r\u00e9cit de soi, un moyen d\u2019engagement et de revendication. Ces films, r\u00e9alis\u00e9s dans un contexte tunisien de lutte et de crise, portaient un regard sensible et pourtant spontan\u00e9 sur le genre.","og_url":"https:\/\/telemme.mmsh.fr\/?tribe_events=projection-du-film-la-fenetre-du-vent-en-avant-premiere","og_site_name":"TELEMMe - Temps, espaces, langages, Europe m\u00e9ridionale, M\u00e9diterran\u00e9e","og_image":[{"width":300,"height":400,"url":"https:\/\/telemme.mmsh.fr\/wp-content\/uploads\/2021\/01\/GRAVURE-FOND-VIOLET-light.jpg","type":"image\/jpeg"}],"twitter_card":"summary_large_image","twitter_misc":{"Dur\u00e9e de lecture estim\u00e9e":"2 minutes"},"schema":{"@context":"https:\/\/schema.org","@graph":[{"@type":"WebPage","@id":"https:\/\/telemme.mmsh.fr\/?tribe_events=projection-du-film-la-fenetre-du-vent-en-avant-premiere","url":"https:\/\/telemme.mmsh.fr\/?tribe_events=projection-du-film-la-fenetre-du-vent-en-avant-premiere","name":"Projection du film \" La fen\u00eatre du vent\" en avant-premi\u00e8re - TELEMMe - Temps, espaces, langages, Europe m\u00e9ridionale, M\u00e9diterran\u00e9e","isPartOf":{"@id":"https:\/\/telemme.mmsh.fr\/#website"},"primaryImageOfPage":{"@id":"https:\/\/telemme.mmsh.fr\/?tribe_events=projection-du-film-la-fenetre-du-vent-en-avant-premiere#primaryimage"},"image":{"@id":"https:\/\/telemme.mmsh.fr\/?tribe_events=projection-du-film-la-fenetre-du-vent-en-avant-premiere#primaryimage"},"thumbnailUrl":"https:\/\/telemme.mmsh.fr\/wp-content\/uploads\/2021\/01\/GRAVURE-FOND-VIOLET-light.jpg","datePublished":"2021-04-16T12:51:07+00:00","breadcrumb":{"@id":"https:\/\/telemme.mmsh.fr\/?tribe_events=projection-du-film-la-fenetre-du-vent-en-avant-premiere#breadcrumb"},"inLanguage":"fr-FR","potentialAction":[{"@type":"ReadAction","target":["https:\/\/telemme.mmsh.fr\/?tribe_events=projection-du-film-la-fenetre-du-vent-en-avant-premiere"]}]},{"@type":"ImageObject","inLanguage":"fr-FR","@id":"https:\/\/telemme.mmsh.fr\/?tribe_events=projection-du-film-la-fenetre-du-vent-en-avant-premiere#primaryimage","url":"https:\/\/telemme.mmsh.fr\/wp-content\/uploads\/2021\/01\/GRAVURE-FOND-VIOLET-light.jpg","contentUrl":"https:\/\/telemme.mmsh.fr\/wp-content\/uploads\/2021\/01\/GRAVURE-FOND-VIOLET-light.jpg","width":300,"height":400,"caption":"Duel de femmes, SaSa, d\u2019apr\u00e8s Bayard, 2017. Avec l\u2019aimable autorisation de l\u2019artiste"},{"@type":"BreadcrumbList","@id":"https:\/\/telemme.mmsh.fr\/?tribe_events=projection-du-film-la-fenetre-du-vent-en-avant-premiere#breadcrumb","itemListElement":[{"@type":"ListItem","position":1,"name":"Accueil","item":"https:\/\/telemme.mmsh.fr\/"},{"@type":"ListItem","position":2,"name":"\u00c9v\u00e8nements","item":"https:\/\/telemme.mmsh.fr\/?post_type=tribe_events"},{"@type":"ListItem","position":3,"name":"S\u00e9minaire","item":"https:\/\/telemme.mmsh.fr\/?tribe_events_cat=seminaire"},{"@type":"ListItem","position":4,"name":"Projection du film \u00a0\u00bb La fen\u00eatre du vent\u00a0\u00bb en avant-premi\u00e8re"}]},{"@type":"WebSite","@id":"https:\/\/telemme.mmsh.fr\/#website","url":"https:\/\/telemme.mmsh.fr\/","name":"TELEMMe - Temps, espaces, langages, Europe m\u00e9ridionale, M\u00e9diterran\u00e9e","description":"","publisher":{"@id":"https:\/\/telemme.mmsh.fr\/#organization"},"potentialAction":[{"@type":"SearchAction","target":{"@type":"EntryPoint","urlTemplate":"https:\/\/telemme.mmsh.fr\/?s={search_term_string}"},"query-input":{"@type":"PropertyValueSpecification","valueRequired":true,"valueName":"search_term_string"}}],"inLanguage":"fr-FR"},{"@type":"Organization","@id":"https:\/\/telemme.mmsh.fr\/#organization","name":"TELEMMe","url":"https:\/\/telemme.mmsh.fr\/","logo":{"@type":"ImageObject","inLanguage":"fr-FR","@id":"https:\/\/telemme.mmsh.fr\/#\/schema\/logo\/image\/","url":"https:\/\/telemme.mmsh.fr\/wp-content\/uploads\/2020\/03\/LogoTELEMMe-horizontal-fond-transparent.png","contentUrl":"https:\/\/telemme.mmsh.fr\/wp-content\/uploads\/2020\/03\/LogoTELEMMe-horizontal-fond-transparent.png","width":1500,"height":437,"caption":"TELEMMe"},"image":{"@id":"https:\/\/telemme.mmsh.fr\/#\/schema\/logo\/image\/"}}]}},"_links":{"self":[{"href":"https:\/\/telemme.mmsh.fr\/index.php?rest_route=\/wp\/v2\/tribe_events\/7164","targetHints":{"allow":["GET"]}}],"collection":[{"href":"https:\/\/telemme.mmsh.fr\/index.php?rest_route=\/wp\/v2\/tribe_events"}],"about":[{"href":"https:\/\/telemme.mmsh.fr\/index.php?rest_route=\/wp\/v2\/types\/tribe_events"}],"author":[{"embeddable":true,"href":"https:\/\/telemme.mmsh.fr\/index.php?rest_route=\/wp\/v2\/users\/7"}],"version-history":[{"count":2,"href":"https:\/\/telemme.mmsh.fr\/index.php?rest_route=\/wp\/v2\/tribe_events\/7164\/revisions"}],"predecessor-version":[{"id":7166,"href":"https:\/\/telemme.mmsh.fr\/index.php?rest_route=\/wp\/v2\/tribe_events\/7164\/revisions\/7166"}],"wp:featuredmedia":[{"embeddable":true,"href":"https:\/\/telemme.mmsh.fr\/index.php?rest_route=\/wp\/v2\/media\/3533"}],"wp:attachment":[{"href":"https:\/\/telemme.mmsh.fr\/index.php?rest_route=%2Fwp%2Fv2%2Fmedia&parent=7164"}],"wp:term":[{"taxonomy":"post_tag","embeddable":true,"href":"https:\/\/telemme.mmsh.fr\/index.php?rest_route=%2Fwp%2Fv2%2Ftags&post=7164"},{"taxonomy":"tribe_events_cat","embeddable":true,"href":"https:\/\/telemme.mmsh.fr\/index.php?rest_route=%2Fwp%2Fv2%2Ftribe_events_cat&post=7164"}],"curies":[{"name":"wp","href":"https:\/\/api.w.org\/{rel}","templated":true}]}}