{"id":7138,"date":"2021-04-16T12:24:29","date_gmt":"2021-04-16T10:24:29","guid":{"rendered":"http:\/\/telemme.mmsh.fr\/?post_type=tribe_events&#038;p=7138"},"modified":"2021-08-27T15:50:51","modified_gmt":"2021-08-27T13:50:51","slug":"ecole-de-recherche-cormed","status":"publish","type":"tribe_events","link":"https:\/\/telemme.mmsh.fr\/?tribe_events=ecole-de-recherche-cormed","title":{"rendered":"\u00c9cole de recherche CORMED"},"content":{"rendered":"<p dir=\"ltr\">Cette premi\u00e8re \u00e9dition est compos\u00e9e de 3 journ\u00e9es de rencontres-formation multisitu\u00e9es organis\u00e9es dans trois pays partenaires : France, Tunisie, Turquie. Chaque journ\u00e9e de rencontre-formation comptera des sessions communes num\u00e9riques organis\u00e9es alternativement par un des pays (France, Tunisie, Turquie) et des ateliers de 2 heures organis\u00e9s dans les diff\u00e9rents sites des partenaires. Ces ateliers seront anim\u00e9s par un-e chercheur confirm\u00e9.e sur la probl\u00e9matique.<\/p>\n<p dir=\"ltr\">Des liens avec les fonds du <a href=\"https:\/\/www.mucem.org\/\">MUCEM <\/a>(archives visuelles des collections, journ\u00e9e Gefem-Gecris et GenderMed du 12\/12\/20) pourront \u00eatre envisag\u00e9s au cours de chaque atelier afin d\u2019initier ensemble une r\u00e9flexion sur l\u2019archive et la culture mat\u00e9rielle dans ce champ. Chaque atelier sera suivi d\u2019un d\u00e9bat avec des artistes, responsables d\u2019associations et\/ou militants et activistes sous forme d\u2019\u00e9change avec le public.<\/p>\n<p><a href=\"http:\/\/telemme.mmsh.univ-aix.fr\/evenement\/ecole-de-recherche-cormed\/\"><strong>Le programme complet<\/strong><\/a><\/p>\n","protected":false},"excerpt":{"rendered":"<p>Cette premi\u00e8re \u00e9dition est compos\u00e9e de 3 journ\u00e9es de rencontres-formation multisitu\u00e9es organis\u00e9es dans trois pays partenaires : France, Tunisie, Turquie. Chaque journ\u00e9e de rencontre-formation comptera des sessions communes num\u00e9riques organis\u00e9es&hellip;&nbsp;<a href=\"https:\/\/telemme.mmsh.fr\/?tribe_events=ecole-de-recherche-cormed\" rel=\"bookmark\">Lire la suite &raquo;<span class=\"screen-reader-text\">\u00c9cole de recherche CORMED<\/span><\/a><\/p>\n","protected":false},"author":7,"featured_media":9284,"template":"","meta":{"neve_meta_sidebar":"","neve_meta_container":"","neve_meta_enable_content_width":"","neve_meta_content_width":0,"neve_meta_title_alignment":"","neve_meta_author_avatar":"","neve_post_elements_order":"","neve_meta_disable_header":"","neve_meta_disable_footer":"","neve_meta_disable_title":"","_tribe_events_status":"","_tribe_events_status_reason":"","footnotes":""},"tags":[1834],"tribe_events_cat":[1949],"class_list":["post-7138","tribe_events","type-tribe_events","status-publish","has-post-thumbnail","hentry","tag-2-3-gecris-gefem","tribe_events_cat-atelier","cat_atelier"],"yoast_head":"<!-- This site is optimized with the Yoast SEO plugin v27.4 - https:\/\/yoast.com\/product\/yoast-seo-wordpress\/ -->\n<title>\u00c9cole de recherche CORMED - TELEMMe - Temps, espaces, langages, Europe m\u00e9ridionale, M\u00e9diterran\u00e9e<\/title>\n<meta name=\"robots\" content=\"index, follow, max-snippet:-1, max-image-preview:large, max-video-preview:-1\" \/>\n<link rel=\"canonical\" href=\"https:\/\/telemme.mmsh.fr\/?tribe_events=ecole-de-recherche-cormed\" \/>\n<meta property=\"og:locale\" content=\"fr_FR\" \/>\n<meta property=\"og:type\" content=\"article\" \/>\n<meta property=\"og:title\" content=\"\u00c9cole de recherche CORMED - TELEMMe - Temps, espaces, langages, Europe m\u00e9ridionale, M\u00e9diterran\u00e9e\" \/>\n<meta property=\"og:description\" content=\"Cette premi\u00e8re \u00e9dition est compos\u00e9e de 3 journ\u00e9es de rencontres-formation multisitu\u00e9es organis\u00e9es dans trois pays partenaires : France, Tunisie, Turquie. Chaque journ\u00e9e de rencontre-formation comptera des sessions communes num\u00e9riques organis\u00e9es&hellip;&nbsp;Lire la suite &raquo;\u00c9cole de recherche CORMED\" \/>\n<meta property=\"og:url\" content=\"https:\/\/telemme.mmsh.fr\/?tribe_events=ecole-de-recherche-cormed\" \/>\n<meta property=\"og:site_name\" content=\"TELEMMe - Temps, espaces, langages, Europe m\u00e9ridionale, M\u00e9diterran\u00e9e\" \/>\n<meta property=\"article:modified_time\" content=\"2021-08-27T13:50:51+00:00\" \/>\n<meta property=\"og:image\" content=\"https:\/\/telemme.mmsh.fr\/wp-content\/uploads\/2021\/04\/2020-Cormed.png\" \/>\n\t<meta property=\"og:image:width\" content=\"485\" \/>\n\t<meta property=\"og:image:height\" content=\"647\" \/>\n\t<meta property=\"og:image:type\" content=\"image\/png\" \/>\n<meta name=\"twitter:card\" content=\"summary_large_image\" \/>\n<meta name=\"twitter:label1\" content=\"Dur\u00e9e de lecture estim\u00e9e\" \/>\n\t<meta name=\"twitter:data1\" content=\"1 minute\" \/>\n<script type=\"application\/ld+json\" class=\"yoast-schema-graph\">{\"@context\":\"https:\\\/\\\/schema.org\",\"@graph\":[{\"@type\":\"WebPage\",\"@id\":\"https:\\\/\\\/telemme.mmsh.fr\\\/?tribe_events=ecole-de-recherche-cormed\",\"url\":\"https:\\\/\\\/telemme.mmsh.fr\\\/?tribe_events=ecole-de-recherche-cormed\",\"name\":\"\u00c9cole de recherche CORMED - TELEMMe - Temps, espaces, langages, Europe m\u00e9ridionale, M\u00e9diterran\u00e9e\",\"isPartOf\":{\"@id\":\"https:\\\/\\\/telemme.mmsh.fr\\\/#website\"},\"primaryImageOfPage\":{\"@id\":\"https:\\\/\\\/telemme.mmsh.fr\\\/?tribe_events=ecole-de-recherche-cormed#primaryimage\"},\"image\":{\"@id\":\"https:\\\/\\\/telemme.mmsh.fr\\\/?tribe_events=ecole-de-recherche-cormed#primaryimage\"},\"thumbnailUrl\":\"https:\\\/\\\/telemme.mmsh.fr\\\/wp-content\\\/uploads\\\/2021\\\/04\\\/2020-Cormed.png\",\"datePublished\":\"2021-04-16T10:24:29+00:00\",\"dateModified\":\"2021-08-27T13:50:51+00:00\",\"breadcrumb\":{\"@id\":\"https:\\\/\\\/telemme.mmsh.fr\\\/?tribe_events=ecole-de-recherche-cormed#breadcrumb\"},\"inLanguage\":\"fr-FR\",\"potentialAction\":[{\"@type\":\"ReadAction\",\"target\":[\"https:\\\/\\\/telemme.mmsh.fr\\\/?tribe_events=ecole-de-recherche-cormed\"]}]},{\"@type\":\"ImageObject\",\"inLanguage\":\"fr-FR\",\"@id\":\"https:\\\/\\\/telemme.mmsh.fr\\\/?tribe_events=ecole-de-recherche-cormed#primaryimage\",\"url\":\"https:\\\/\\\/telemme.mmsh.fr\\\/wp-content\\\/uploads\\\/2021\\\/04\\\/2020-Cormed.png\",\"contentUrl\":\"https:\\\/\\\/telemme.mmsh.fr\\\/wp-content\\\/uploads\\\/2021\\\/04\\\/2020-Cormed.png\",\"width\":485,\"height\":647,\"caption\":\"Affiche Cormed\"},{\"@type\":\"BreadcrumbList\",\"@id\":\"https:\\\/\\\/telemme.mmsh.fr\\\/?tribe_events=ecole-de-recherche-cormed#breadcrumb\",\"itemListElement\":[{\"@type\":\"ListItem\",\"position\":1,\"name\":\"Accueil\",\"item\":\"https:\\\/\\\/telemme.mmsh.fr\\\/\"},{\"@type\":\"ListItem\",\"position\":2,\"name\":\"\u00c9v\u00e8nements\",\"item\":\"https:\\\/\\\/telemme.mmsh.fr\\\/?post_type=tribe_events\"},{\"@type\":\"ListItem\",\"position\":3,\"name\":\"Atelier\",\"item\":\"https:\\\/\\\/telemme.mmsh.fr\\\/?tribe_events_cat=atelier\"},{\"@type\":\"ListItem\",\"position\":4,\"name\":\"\u00c9cole de recherche CORMED\"}]},{\"@type\":\"WebSite\",\"@id\":\"https:\\\/\\\/telemme.mmsh.fr\\\/#website\",\"url\":\"https:\\\/\\\/telemme.mmsh.fr\\\/\",\"name\":\"TELEMMe - Temps, espaces, langages, Europe m\u00e9ridionale, M\u00e9diterran\u00e9e\",\"description\":\"\",\"publisher\":{\"@id\":\"https:\\\/\\\/telemme.mmsh.fr\\\/#organization\"},\"potentialAction\":[{\"@type\":\"SearchAction\",\"target\":{\"@type\":\"EntryPoint\",\"urlTemplate\":\"https:\\\/\\\/telemme.mmsh.fr\\\/?s={search_term_string}\"},\"query-input\":{\"@type\":\"PropertyValueSpecification\",\"valueRequired\":true,\"valueName\":\"search_term_string\"}}],\"inLanguage\":\"fr-FR\"},{\"@type\":\"Organization\",\"@id\":\"https:\\\/\\\/telemme.mmsh.fr\\\/#organization\",\"name\":\"TELEMMe\",\"url\":\"https:\\\/\\\/telemme.mmsh.fr\\\/\",\"logo\":{\"@type\":\"ImageObject\",\"inLanguage\":\"fr-FR\",\"@id\":\"https:\\\/\\\/telemme.mmsh.fr\\\/#\\\/schema\\\/logo\\\/image\\\/\",\"url\":\"https:\\\/\\\/telemme.mmsh.fr\\\/wp-content\\\/uploads\\\/2020\\\/03\\\/LogoTELEMMe-horizontal-fond-transparent.png\",\"contentUrl\":\"https:\\\/\\\/telemme.mmsh.fr\\\/wp-content\\\/uploads\\\/2020\\\/03\\\/LogoTELEMMe-horizontal-fond-transparent.png\",\"width\":1500,\"height\":437,\"caption\":\"TELEMMe\"},\"image\":{\"@id\":\"https:\\\/\\\/telemme.mmsh.fr\\\/#\\\/schema\\\/logo\\\/image\\\/\"}}]}<\/script>\n<!-- \/ Yoast SEO plugin. -->","yoast_head_json":{"title":"\u00c9cole de recherche CORMED - TELEMMe - Temps, espaces, langages, Europe m\u00e9ridionale, M\u00e9diterran\u00e9e","robots":{"index":"index","follow":"follow","max-snippet":"max-snippet:-1","max-image-preview":"max-image-preview:large","max-video-preview":"max-video-preview:-1"},"canonical":"https:\/\/telemme.mmsh.fr\/?tribe_events=ecole-de-recherche-cormed","og_locale":"fr_FR","og_type":"article","og_title":"\u00c9cole de recherche CORMED - TELEMMe - Temps, espaces, langages, Europe m\u00e9ridionale, M\u00e9diterran\u00e9e","og_description":"Cette premi\u00e8re \u00e9dition est compos\u00e9e de 3 journ\u00e9es de rencontres-formation multisitu\u00e9es organis\u00e9es dans trois pays partenaires : France, Tunisie, Turquie. Chaque journ\u00e9e de rencontre-formation comptera des sessions communes num\u00e9riques organis\u00e9es&hellip;&nbsp;Lire la suite &raquo;\u00c9cole de recherche CORMED","og_url":"https:\/\/telemme.mmsh.fr\/?tribe_events=ecole-de-recherche-cormed","og_site_name":"TELEMMe - Temps, espaces, langages, Europe m\u00e9ridionale, M\u00e9diterran\u00e9e","article_modified_time":"2021-08-27T13:50:51+00:00","og_image":[{"width":485,"height":647,"url":"https:\/\/telemme.mmsh.fr\/wp-content\/uploads\/2021\/04\/2020-Cormed.png","type":"image\/png"}],"twitter_card":"summary_large_image","twitter_misc":{"Dur\u00e9e de lecture estim\u00e9e":"1 minute"},"schema":{"@context":"https:\/\/schema.org","@graph":[{"@type":"WebPage","@id":"https:\/\/telemme.mmsh.fr\/?tribe_events=ecole-de-recherche-cormed","url":"https:\/\/telemme.mmsh.fr\/?tribe_events=ecole-de-recherche-cormed","name":"\u00c9cole de recherche CORMED - TELEMMe - Temps, espaces, langages, Europe m\u00e9ridionale, M\u00e9diterran\u00e9e","isPartOf":{"@id":"https:\/\/telemme.mmsh.fr\/#website"},"primaryImageOfPage":{"@id":"https:\/\/telemme.mmsh.fr\/?tribe_events=ecole-de-recherche-cormed#primaryimage"},"image":{"@id":"https:\/\/telemme.mmsh.fr\/?tribe_events=ecole-de-recherche-cormed#primaryimage"},"thumbnailUrl":"https:\/\/telemme.mmsh.fr\/wp-content\/uploads\/2021\/04\/2020-Cormed.png","datePublished":"2021-04-16T10:24:29+00:00","dateModified":"2021-08-27T13:50:51+00:00","breadcrumb":{"@id":"https:\/\/telemme.mmsh.fr\/?tribe_events=ecole-de-recherche-cormed#breadcrumb"},"inLanguage":"fr-FR","potentialAction":[{"@type":"ReadAction","target":["https:\/\/telemme.mmsh.fr\/?tribe_events=ecole-de-recherche-cormed"]}]},{"@type":"ImageObject","inLanguage":"fr-FR","@id":"https:\/\/telemme.mmsh.fr\/?tribe_events=ecole-de-recherche-cormed#primaryimage","url":"https:\/\/telemme.mmsh.fr\/wp-content\/uploads\/2021\/04\/2020-Cormed.png","contentUrl":"https:\/\/telemme.mmsh.fr\/wp-content\/uploads\/2021\/04\/2020-Cormed.png","width":485,"height":647,"caption":"Affiche Cormed"},{"@type":"BreadcrumbList","@id":"https:\/\/telemme.mmsh.fr\/?tribe_events=ecole-de-recherche-cormed#breadcrumb","itemListElement":[{"@type":"ListItem","position":1,"name":"Accueil","item":"https:\/\/telemme.mmsh.fr\/"},{"@type":"ListItem","position":2,"name":"\u00c9v\u00e8nements","item":"https:\/\/telemme.mmsh.fr\/?post_type=tribe_events"},{"@type":"ListItem","position":3,"name":"Atelier","item":"https:\/\/telemme.mmsh.fr\/?tribe_events_cat=atelier"},{"@type":"ListItem","position":4,"name":"\u00c9cole de recherche CORMED"}]},{"@type":"WebSite","@id":"https:\/\/telemme.mmsh.fr\/#website","url":"https:\/\/telemme.mmsh.fr\/","name":"TELEMMe - Temps, espaces, langages, Europe m\u00e9ridionale, M\u00e9diterran\u00e9e","description":"","publisher":{"@id":"https:\/\/telemme.mmsh.fr\/#organization"},"potentialAction":[{"@type":"SearchAction","target":{"@type":"EntryPoint","urlTemplate":"https:\/\/telemme.mmsh.fr\/?s={search_term_string}"},"query-input":{"@type":"PropertyValueSpecification","valueRequired":true,"valueName":"search_term_string"}}],"inLanguage":"fr-FR"},{"@type":"Organization","@id":"https:\/\/telemme.mmsh.fr\/#organization","name":"TELEMMe","url":"https:\/\/telemme.mmsh.fr\/","logo":{"@type":"ImageObject","inLanguage":"fr-FR","@id":"https:\/\/telemme.mmsh.fr\/#\/schema\/logo\/image\/","url":"https:\/\/telemme.mmsh.fr\/wp-content\/uploads\/2020\/03\/LogoTELEMMe-horizontal-fond-transparent.png","contentUrl":"https:\/\/telemme.mmsh.fr\/wp-content\/uploads\/2020\/03\/LogoTELEMMe-horizontal-fond-transparent.png","width":1500,"height":437,"caption":"TELEMMe"},"image":{"@id":"https:\/\/telemme.mmsh.fr\/#\/schema\/logo\/image\/"}}]}},"_links":{"self":[{"href":"https:\/\/telemme.mmsh.fr\/index.php?rest_route=\/wp\/v2\/tribe_events\/7138","targetHints":{"allow":["GET"]}}],"collection":[{"href":"https:\/\/telemme.mmsh.fr\/index.php?rest_route=\/wp\/v2\/tribe_events"}],"about":[{"href":"https:\/\/telemme.mmsh.fr\/index.php?rest_route=\/wp\/v2\/types\/tribe_events"}],"author":[{"embeddable":true,"href":"https:\/\/telemme.mmsh.fr\/index.php?rest_route=\/wp\/v2\/users\/7"}],"version-history":[{"count":3,"href":"https:\/\/telemme.mmsh.fr\/index.php?rest_route=\/wp\/v2\/tribe_events\/7138\/revisions"}],"predecessor-version":[{"id":9285,"href":"https:\/\/telemme.mmsh.fr\/index.php?rest_route=\/wp\/v2\/tribe_events\/7138\/revisions\/9285"}],"wp:featuredmedia":[{"embeddable":true,"href":"https:\/\/telemme.mmsh.fr\/index.php?rest_route=\/wp\/v2\/media\/9284"}],"wp:attachment":[{"href":"https:\/\/telemme.mmsh.fr\/index.php?rest_route=%2Fwp%2Fv2%2Fmedia&parent=7138"}],"wp:term":[{"taxonomy":"post_tag","embeddable":true,"href":"https:\/\/telemme.mmsh.fr\/index.php?rest_route=%2Fwp%2Fv2%2Ftags&post=7138"},{"taxonomy":"tribe_events_cat","embeddable":true,"href":"https:\/\/telemme.mmsh.fr\/index.php?rest_route=%2Fwp%2Fv2%2Ftribe_events_cat&post=7138"}],"curies":[{"name":"wp","href":"https:\/\/api.w.org\/{rel}","templated":true}]}}