{"id":7096,"date":"2021-04-16T10:51:57","date_gmt":"2021-04-16T08:51:57","guid":{"rendered":"http:\/\/telemme.mmsh.fr\/?post_type=tribe_events&#038;p=7096"},"modified":"2021-08-27T10:24:01","modified_gmt":"2021-08-27T08:24:01","slug":"pourquoi-les-historiens-modernistes-doivent-sinteresser-a-lhistoriographie-coloniale","status":"publish","type":"tribe_events","link":"https:\/\/telemme.mmsh.fr\/?tribe_events=pourquoi-les-historiens-modernistes-doivent-sinteresser-a-lhistoriographie-coloniale","title":{"rendered":"Pourquoi les historiens modernistes doivent s\u2019int\u00e9resser \u00e0 l\u2019historiographie coloniale ?"},"content":{"rendered":"<div id=\"annonce\" class=\"annonce\">\n<div>Alors qu\u2019une documentation abondante conserv\u00e9e dans les archives espagnoles r\u00e9v\u00e8le l\u2019amplitude des interactions qui reli\u00e8rent les habitants du massif du Djurdjura, situ\u00e9 \u00e0 une centaine de kilom\u00e8tres d\u2019Alger, aux terres du roi d\u2019Espagne entre 1530 et 1620, les publications fran\u00e7aises du XIXe si\u00e8cle rapportent une histoire \u00e9triqu\u00e9e qui impose l\u2019id\u00e9e d\u2019un \u00e9cart culturel incommensurable entre le monde rural maghr\u00e9bin et l\u2019Europe.<\/div>\n<div>Au contraire, l\u2019historiographie coloniale espagnole valorisa l\u2019histoire au long court qui unissait la p\u00e9ninsule ib\u00e9rique et le monde islamique. Pr\u00eater attention \u00e0 d\u2019autres historiographies dont l\u2019\u00e9cho est moins puissant constitue un pr\u00e9alable n\u00e9cessaire au travail sur l\u2019archive, ainsi que la garanti de ne pas laisser les fausses \u00e9vidences prendre le pas sur le travail d\u2019histoire.<\/div>\n<\/div>\n<p><a href=\"https:\/\/telemme.mmsh.fr\/?evenement=pourquoi-les-historiens-modernistes-doivent-sinteresser-a-lhistoriographie-coloniale\"><strong>Le programme complet<\/strong><\/a><\/p>\n","protected":false},"excerpt":{"rendered":"<p>Alors qu\u2019une documentation abondante conserv\u00e9e dans les archives espagnoles r\u00e9v\u00e8le l\u2019amplitude des interactions qui reli\u00e8rent les habitants du massif du Djurdjura, situ\u00e9 \u00e0 une centaine de kilom\u00e8tres d\u2019Alger, aux terres du roi d\u2019Espagne entre 1530 et 1620, les publications fran\u00e7aises du XIXe si\u00e8cle rapportent une histoire \u00e9triqu\u00e9e qui impose l\u2019id\u00e9e d\u2019un \u00e9cart culturel incommensurable entre le monde rural maghr\u00e9bin et l\u2019Europe. Au contraire, l\u2019historiographie coloniale espagnole valorisa l\u2019histoire au long court qui unissait la p\u00e9ninsule ib\u00e9rique et le monde islamique.<\/p>\n","protected":false},"author":7,"featured_media":9259,"template":"","meta":{"neve_meta_sidebar":"","neve_meta_container":"","neve_meta_enable_content_width":"","neve_meta_content_width":0,"neve_meta_title_alignment":"","neve_meta_author_avatar":"","neve_post_elements_order":"","neve_meta_disable_header":"","neve_meta_disable_footer":"","neve_meta_disable_title":"","_tribe_events_status":"","_tribe_events_status_reason":"","footnotes":""},"tags":[1838],"tribe_events_cat":[1831],"class_list":["post-7096","tribe_events","type-tribe_events","status-publish","has-post-thumbnail","hentry","tag-2-1-desancrages","tribe_events_cat-seminaire","cat_seminaire","tribe-ext-events-control-list-event--live"],"yoast_head":"<!-- This site is optimized with the Yoast SEO plugin v27.4 - https:\/\/yoast.com\/product\/yoast-seo-wordpress\/ -->\n<title>Pourquoi les historiens modernistes doivent s\u2019int\u00e9resser \u00e0 l\u2019historiographie coloniale ? - TELEMMe - Temps, espaces, langages, Europe m\u00e9ridionale, M\u00e9diterran\u00e9e<\/title>\n<meta name=\"robots\" content=\"index, follow, max-snippet:-1, max-image-preview:large, max-video-preview:-1\" \/>\n<link rel=\"canonical\" href=\"https:\/\/telemme.mmsh.fr\/?tribe_events=pourquoi-les-historiens-modernistes-doivent-sinteresser-a-lhistoriographie-coloniale\" \/>\n<meta property=\"og:locale\" content=\"fr_FR\" \/>\n<meta property=\"og:type\" content=\"article\" \/>\n<meta property=\"og:title\" content=\"Pourquoi les historiens modernistes doivent s\u2019int\u00e9resser \u00e0 l\u2019historiographie coloniale ? - TELEMMe - Temps, espaces, langages, Europe m\u00e9ridionale, M\u00e9diterran\u00e9e\" \/>\n<meta property=\"og:description\" content=\"Alors qu\u2019une documentation abondante conserv\u00e9e dans les archives espagnoles r\u00e9v\u00e8le l\u2019amplitude des interactions qui reli\u00e8rent les habitants du massif du Djurdjura, situ\u00e9 \u00e0 une centaine de kilom\u00e8tres d\u2019Alger, aux terres du roi d\u2019Espagne entre 1530 et 1620, les publications fran\u00e7aises du XIXe si\u00e8cle rapportent une histoire \u00e9triqu\u00e9e qui impose l\u2019id\u00e9e d\u2019un \u00e9cart culturel incommensurable entre le monde rural maghr\u00e9bin et l\u2019Europe. Au contraire, l\u2019historiographie coloniale espagnole valorisa l\u2019histoire au long court qui unissait la p\u00e9ninsule ib\u00e9rique et le monde islamique.\" \/>\n<meta property=\"og:url\" content=\"https:\/\/telemme.mmsh.fr\/?tribe_events=pourquoi-les-historiens-modernistes-doivent-sinteresser-a-lhistoriographie-coloniale\" \/>\n<meta property=\"og:site_name\" content=\"TELEMMe - Temps, espaces, langages, Europe m\u00e9ridionale, M\u00e9diterran\u00e9e\" \/>\n<meta property=\"article:modified_time\" content=\"2021-08-27T08:24:01+00:00\" \/>\n<meta property=\"og:image\" content=\"https:\/\/telemme.mmsh.fr\/wp-content\/uploads\/2021\/04\/NatividadPlanas.jpg\" \/>\n\t<meta property=\"og:image:width\" content=\"500\" \/>\n\t<meta property=\"og:image:height\" content=\"375\" \/>\n\t<meta property=\"og:image:type\" content=\"image\/jpeg\" \/>\n<meta name=\"twitter:card\" content=\"summary_large_image\" \/>\n<meta name=\"twitter:label1\" content=\"Dur\u00e9e de lecture estim\u00e9e\" \/>\n\t<meta name=\"twitter:data1\" content=\"1 minute\" \/>\n<script type=\"application\/ld+json\" class=\"yoast-schema-graph\">{\"@context\":\"https:\\\/\\\/schema.org\",\"@graph\":[{\"@type\":\"WebPage\",\"@id\":\"https:\\\/\\\/telemme.mmsh.fr\\\/?tribe_events=pourquoi-les-historiens-modernistes-doivent-sinteresser-a-lhistoriographie-coloniale\",\"url\":\"https:\\\/\\\/telemme.mmsh.fr\\\/?tribe_events=pourquoi-les-historiens-modernistes-doivent-sinteresser-a-lhistoriographie-coloniale\",\"name\":\"Pourquoi les historiens modernistes doivent s\u2019int\u00e9resser \u00e0 l\u2019historiographie coloniale ? - TELEMMe - Temps, espaces, langages, Europe m\u00e9ridionale, M\u00e9diterran\u00e9e\",\"isPartOf\":{\"@id\":\"https:\\\/\\\/telemme.mmsh.fr\\\/#website\"},\"primaryImageOfPage\":{\"@id\":\"https:\\\/\\\/telemme.mmsh.fr\\\/?tribe_events=pourquoi-les-historiens-modernistes-doivent-sinteresser-a-lhistoriographie-coloniale#primaryimage\"},\"image\":{\"@id\":\"https:\\\/\\\/telemme.mmsh.fr\\\/?tribe_events=pourquoi-les-historiens-modernistes-doivent-sinteresser-a-lhistoriographie-coloniale#primaryimage\"},\"thumbnailUrl\":\"https:\\\/\\\/telemme.mmsh.fr\\\/wp-content\\\/uploads\\\/2021\\\/04\\\/NatividadPlanas.jpg\",\"datePublished\":\"2021-04-16T08:51:57+00:00\",\"dateModified\":\"2021-08-27T08:24:01+00:00\",\"breadcrumb\":{\"@id\":\"https:\\\/\\\/telemme.mmsh.fr\\\/?tribe_events=pourquoi-les-historiens-modernistes-doivent-sinteresser-a-lhistoriographie-coloniale#breadcrumb\"},\"inLanguage\":\"fr-FR\",\"potentialAction\":[{\"@type\":\"ReadAction\",\"target\":[\"https:\\\/\\\/telemme.mmsh.fr\\\/?tribe_events=pourquoi-les-historiens-modernistes-doivent-sinteresser-a-lhistoriographie-coloniale\"]}]},{\"@type\":\"ImageObject\",\"inLanguage\":\"fr-FR\",\"@id\":\"https:\\\/\\\/telemme.mmsh.fr\\\/?tribe_events=pourquoi-les-historiens-modernistes-doivent-sinteresser-a-lhistoriographie-coloniale#primaryimage\",\"url\":\"https:\\\/\\\/telemme.mmsh.fr\\\/wp-content\\\/uploads\\\/2021\\\/04\\\/NatividadPlanas.jpg\",\"contentUrl\":\"https:\\\/\\\/telemme.mmsh.fr\\\/wp-content\\\/uploads\\\/2021\\\/04\\\/NatividadPlanas.jpg\",\"width\":500,\"height\":375},{\"@type\":\"BreadcrumbList\",\"@id\":\"https:\\\/\\\/telemme.mmsh.fr\\\/?tribe_events=pourquoi-les-historiens-modernistes-doivent-sinteresser-a-lhistoriographie-coloniale#breadcrumb\",\"itemListElement\":[{\"@type\":\"ListItem\",\"position\":1,\"name\":\"Accueil\",\"item\":\"https:\\\/\\\/telemme.mmsh.fr\\\/\"},{\"@type\":\"ListItem\",\"position\":2,\"name\":\"\u00c9v\u00e8nements\",\"item\":\"https:\\\/\\\/telemme.mmsh.fr\\\/?post_type=tribe_events\"},{\"@type\":\"ListItem\",\"position\":3,\"name\":\"S\u00e9minaire\",\"item\":\"https:\\\/\\\/telemme.mmsh.fr\\\/?tribe_events_cat=seminaire\"},{\"@type\":\"ListItem\",\"position\":4,\"name\":\"Pourquoi les historiens modernistes doivent s\u2019int\u00e9resser \u00e0 l\u2019historiographie coloniale ?\"}]},{\"@type\":\"WebSite\",\"@id\":\"https:\\\/\\\/telemme.mmsh.fr\\\/#website\",\"url\":\"https:\\\/\\\/telemme.mmsh.fr\\\/\",\"name\":\"TELEMMe - Temps, espaces, langages, Europe m\u00e9ridionale, M\u00e9diterran\u00e9e\",\"description\":\"\",\"publisher\":{\"@id\":\"https:\\\/\\\/telemme.mmsh.fr\\\/#organization\"},\"potentialAction\":[{\"@type\":\"SearchAction\",\"target\":{\"@type\":\"EntryPoint\",\"urlTemplate\":\"https:\\\/\\\/telemme.mmsh.fr\\\/?s={search_term_string}\"},\"query-input\":{\"@type\":\"PropertyValueSpecification\",\"valueRequired\":true,\"valueName\":\"search_term_string\"}}],\"inLanguage\":\"fr-FR\"},{\"@type\":\"Organization\",\"@id\":\"https:\\\/\\\/telemme.mmsh.fr\\\/#organization\",\"name\":\"TELEMMe\",\"url\":\"https:\\\/\\\/telemme.mmsh.fr\\\/\",\"logo\":{\"@type\":\"ImageObject\",\"inLanguage\":\"fr-FR\",\"@id\":\"https:\\\/\\\/telemme.mmsh.fr\\\/#\\\/schema\\\/logo\\\/image\\\/\",\"url\":\"https:\\\/\\\/telemme.mmsh.fr\\\/wp-content\\\/uploads\\\/2020\\\/03\\\/LogoTELEMMe-horizontal-fond-transparent.png\",\"contentUrl\":\"https:\\\/\\\/telemme.mmsh.fr\\\/wp-content\\\/uploads\\\/2020\\\/03\\\/LogoTELEMMe-horizontal-fond-transparent.png\",\"width\":1500,\"height\":437,\"caption\":\"TELEMMe\"},\"image\":{\"@id\":\"https:\\\/\\\/telemme.mmsh.fr\\\/#\\\/schema\\\/logo\\\/image\\\/\"}}]}<\/script>\n<!-- \/ Yoast SEO plugin. -->","yoast_head_json":{"title":"Pourquoi les historiens modernistes doivent s\u2019int\u00e9resser \u00e0 l\u2019historiographie coloniale ? - TELEMMe - Temps, espaces, langages, Europe m\u00e9ridionale, M\u00e9diterran\u00e9e","robots":{"index":"index","follow":"follow","max-snippet":"max-snippet:-1","max-image-preview":"max-image-preview:large","max-video-preview":"max-video-preview:-1"},"canonical":"https:\/\/telemme.mmsh.fr\/?tribe_events=pourquoi-les-historiens-modernistes-doivent-sinteresser-a-lhistoriographie-coloniale","og_locale":"fr_FR","og_type":"article","og_title":"Pourquoi les historiens modernistes doivent s\u2019int\u00e9resser \u00e0 l\u2019historiographie coloniale ? - TELEMMe - Temps, espaces, langages, Europe m\u00e9ridionale, M\u00e9diterran\u00e9e","og_description":"Alors qu\u2019une documentation abondante conserv\u00e9e dans les archives espagnoles r\u00e9v\u00e8le l\u2019amplitude des interactions qui reli\u00e8rent les habitants du massif du Djurdjura, situ\u00e9 \u00e0 une centaine de kilom\u00e8tres d\u2019Alger, aux terres du roi d\u2019Espagne entre 1530 et 1620, les publications fran\u00e7aises du XIXe si\u00e8cle rapportent une histoire \u00e9triqu\u00e9e qui impose l\u2019id\u00e9e d\u2019un \u00e9cart culturel incommensurable entre le monde rural maghr\u00e9bin et l\u2019Europe. Au contraire, l\u2019historiographie coloniale espagnole valorisa l\u2019histoire au long court qui unissait la p\u00e9ninsule ib\u00e9rique et le monde islamique.","og_url":"https:\/\/telemme.mmsh.fr\/?tribe_events=pourquoi-les-historiens-modernistes-doivent-sinteresser-a-lhistoriographie-coloniale","og_site_name":"TELEMMe - Temps, espaces, langages, Europe m\u00e9ridionale, M\u00e9diterran\u00e9e","article_modified_time":"2021-08-27T08:24:01+00:00","og_image":[{"width":500,"height":375,"url":"https:\/\/telemme.mmsh.fr\/wp-content\/uploads\/2021\/04\/NatividadPlanas.jpg","type":"image\/jpeg"}],"twitter_card":"summary_large_image","twitter_misc":{"Dur\u00e9e de lecture estim\u00e9e":"1 minute"},"schema":{"@context":"https:\/\/schema.org","@graph":[{"@type":"WebPage","@id":"https:\/\/telemme.mmsh.fr\/?tribe_events=pourquoi-les-historiens-modernistes-doivent-sinteresser-a-lhistoriographie-coloniale","url":"https:\/\/telemme.mmsh.fr\/?tribe_events=pourquoi-les-historiens-modernistes-doivent-sinteresser-a-lhistoriographie-coloniale","name":"Pourquoi les historiens modernistes doivent s\u2019int\u00e9resser \u00e0 l\u2019historiographie coloniale ? - TELEMMe - Temps, espaces, langages, Europe m\u00e9ridionale, M\u00e9diterran\u00e9e","isPartOf":{"@id":"https:\/\/telemme.mmsh.fr\/#website"},"primaryImageOfPage":{"@id":"https:\/\/telemme.mmsh.fr\/?tribe_events=pourquoi-les-historiens-modernistes-doivent-sinteresser-a-lhistoriographie-coloniale#primaryimage"},"image":{"@id":"https:\/\/telemme.mmsh.fr\/?tribe_events=pourquoi-les-historiens-modernistes-doivent-sinteresser-a-lhistoriographie-coloniale#primaryimage"},"thumbnailUrl":"https:\/\/telemme.mmsh.fr\/wp-content\/uploads\/2021\/04\/NatividadPlanas.jpg","datePublished":"2021-04-16T08:51:57+00:00","dateModified":"2021-08-27T08:24:01+00:00","breadcrumb":{"@id":"https:\/\/telemme.mmsh.fr\/?tribe_events=pourquoi-les-historiens-modernistes-doivent-sinteresser-a-lhistoriographie-coloniale#breadcrumb"},"inLanguage":"fr-FR","potentialAction":[{"@type":"ReadAction","target":["https:\/\/telemme.mmsh.fr\/?tribe_events=pourquoi-les-historiens-modernistes-doivent-sinteresser-a-lhistoriographie-coloniale"]}]},{"@type":"ImageObject","inLanguage":"fr-FR","@id":"https:\/\/telemme.mmsh.fr\/?tribe_events=pourquoi-les-historiens-modernistes-doivent-sinteresser-a-lhistoriographie-coloniale#primaryimage","url":"https:\/\/telemme.mmsh.fr\/wp-content\/uploads\/2021\/04\/NatividadPlanas.jpg","contentUrl":"https:\/\/telemme.mmsh.fr\/wp-content\/uploads\/2021\/04\/NatividadPlanas.jpg","width":500,"height":375},{"@type":"BreadcrumbList","@id":"https:\/\/telemme.mmsh.fr\/?tribe_events=pourquoi-les-historiens-modernistes-doivent-sinteresser-a-lhistoriographie-coloniale#breadcrumb","itemListElement":[{"@type":"ListItem","position":1,"name":"Accueil","item":"https:\/\/telemme.mmsh.fr\/"},{"@type":"ListItem","position":2,"name":"\u00c9v\u00e8nements","item":"https:\/\/telemme.mmsh.fr\/?post_type=tribe_events"},{"@type":"ListItem","position":3,"name":"S\u00e9minaire","item":"https:\/\/telemme.mmsh.fr\/?tribe_events_cat=seminaire"},{"@type":"ListItem","position":4,"name":"Pourquoi les historiens modernistes doivent s\u2019int\u00e9resser \u00e0 l\u2019historiographie coloniale ?"}]},{"@type":"WebSite","@id":"https:\/\/telemme.mmsh.fr\/#website","url":"https:\/\/telemme.mmsh.fr\/","name":"TELEMMe - Temps, espaces, langages, Europe m\u00e9ridionale, M\u00e9diterran\u00e9e","description":"","publisher":{"@id":"https:\/\/telemme.mmsh.fr\/#organization"},"potentialAction":[{"@type":"SearchAction","target":{"@type":"EntryPoint","urlTemplate":"https:\/\/telemme.mmsh.fr\/?s={search_term_string}"},"query-input":{"@type":"PropertyValueSpecification","valueRequired":true,"valueName":"search_term_string"}}],"inLanguage":"fr-FR"},{"@type":"Organization","@id":"https:\/\/telemme.mmsh.fr\/#organization","name":"TELEMMe","url":"https:\/\/telemme.mmsh.fr\/","logo":{"@type":"ImageObject","inLanguage":"fr-FR","@id":"https:\/\/telemme.mmsh.fr\/#\/schema\/logo\/image\/","url":"https:\/\/telemme.mmsh.fr\/wp-content\/uploads\/2020\/03\/LogoTELEMMe-horizontal-fond-transparent.png","contentUrl":"https:\/\/telemme.mmsh.fr\/wp-content\/uploads\/2020\/03\/LogoTELEMMe-horizontal-fond-transparent.png","width":1500,"height":437,"caption":"TELEMMe"},"image":{"@id":"https:\/\/telemme.mmsh.fr\/#\/schema\/logo\/image\/"}}]}},"_links":{"self":[{"href":"https:\/\/telemme.mmsh.fr\/index.php?rest_route=\/wp\/v2\/tribe_events\/7096","targetHints":{"allow":["GET"]}}],"collection":[{"href":"https:\/\/telemme.mmsh.fr\/index.php?rest_route=\/wp\/v2\/tribe_events"}],"about":[{"href":"https:\/\/telemme.mmsh.fr\/index.php?rest_route=\/wp\/v2\/types\/tribe_events"}],"author":[{"embeddable":true,"href":"https:\/\/telemme.mmsh.fr\/index.php?rest_route=\/wp\/v2\/users\/7"}],"version-history":[{"count":2,"href":"https:\/\/telemme.mmsh.fr\/index.php?rest_route=\/wp\/v2\/tribe_events\/7096\/revisions"}],"predecessor-version":[{"id":9258,"href":"https:\/\/telemme.mmsh.fr\/index.php?rest_route=\/wp\/v2\/tribe_events\/7096\/revisions\/9258"}],"wp:featuredmedia":[{"embeddable":true,"href":"https:\/\/telemme.mmsh.fr\/index.php?rest_route=\/wp\/v2\/media\/9259"}],"wp:attachment":[{"href":"https:\/\/telemme.mmsh.fr\/index.php?rest_route=%2Fwp%2Fv2%2Fmedia&parent=7096"}],"wp:term":[{"taxonomy":"post_tag","embeddable":true,"href":"https:\/\/telemme.mmsh.fr\/index.php?rest_route=%2Fwp%2Fv2%2Ftags&post=7096"},{"taxonomy":"tribe_events_cat","embeddable":true,"href":"https:\/\/telemme.mmsh.fr\/index.php?rest_route=%2Fwp%2Fv2%2Ftribe_events_cat&post=7096"}],"curies":[{"name":"wp","href":"https:\/\/api.w.org\/{rel}","templated":true}]}}