{"id":3484,"date":"2021-01-21T16:31:18","date_gmt":"2021-01-21T15:31:18","guid":{"rendered":"http:\/\/telemme.mmsh.fr\/?post_type=tribe_events&#038;p=3484"},"modified":"2021-01-21T17:55:51","modified_gmt":"2021-01-21T16:55:51","slug":"linformation-a-lepreuve-des-crises-sanitaires-france-espagne-xviiie-xxie-s","status":"publish","type":"tribe_events","link":"https:\/\/telemme.mmsh.fr\/?tribe_events=linformation-a-lepreuve-des-crises-sanitaires-france-espagne-xviiie-xxie-s","title":{"rendered":"L\u2019information \u00e0 l\u2019\u00e9preuve des crises sanitaires (France -Espagne, XVIIIe \u2013 XXIe s.)"},"content":{"rendered":"<p>Triste hasard des \u00e9ph\u00e9m\u00e9rides, alors que vient de s\u2019ouvrir la comm\u00e9moration du tricentenaire de la peste de Marseille, la pand\u00e9mie qui nous frappe aujourd\u2019hui nous plonge dans une crise aux multiples facettes (sanitaire, sociale, \u00e9conomique\u2026) relay\u00e9e par une fr\u00e9n\u00e9sie m\u00e9diatique qui ne fait gu\u00e8re bon m\u00e9nage avec le temps de la r\u00e9flexion. Aujourd\u2019hui comme hier, l\u2019information est cens\u00e9e tout exposer, tout expliquer, tout justifier. Son r\u00f4le en temps de crise sanitaire sera ici abord\u00e9 dans le cadre d\u2019une approche pluridisciplinaire et comparatiste des pand\u00e9mies, qui, autour des ann\u00e9es 20 de chacun d\u2019entre eux, ont marqu\u00e9 les quatre derniers si\u00e8cles.<\/p>\n<p><a href=\"http:\/\/telemme.mmsh.univ-aix.fr\/evenement\/linformation-a-lepreuve-des-crises-sanitaires\/\"><strong>Le programme complet<\/strong><\/a><\/p>\n","protected":false},"excerpt":{"rendered":"<p>Triste hasard des \u00e9ph\u00e9m\u00e9rides, alors que vient de s\u2019ouvrir la comm\u00e9moration du tricentenaire de la peste de Marseille, la pand\u00e9mie qui nous frappe aujourd\u2019hui nous plonge dans une crise aux multiples facettes (sanitaire, sociale, \u00e9conomique\u2026) relay\u00e9e par une fr\u00e9n\u00e9sie m\u00e9diatique qui ne fait gu\u00e8re bon m\u00e9nage avec le temps de la r\u00e9flexion.<\/p>\n","protected":false},"author":6,"featured_media":3422,"template":"","meta":{"neve_meta_sidebar":"","neve_meta_container":"","neve_meta_enable_content_width":"","neve_meta_content_width":0,"neve_meta_title_alignment":"","neve_meta_author_avatar":"","neve_post_elements_order":"","neve_meta_disable_header":"","neve_meta_disable_footer":"","neve_meta_disable_title":"","_tribe_events_status":"","_tribe_events_status_reason":"","footnotes":""},"tags":[1824],"tribe_events_cat":[1823],"class_list":["post-3484","tribe_events","type-tribe_events","status-publish","has-post-thumbnail","hentry","tag-2-2-sinformer-et-informer-en-temps-de-crise-en-europe-meridionale","tribe_events_cat-journee-detudes","cat_journee-detudes","tribe-ext-events-control-list-event--live"],"yoast_head":"<!-- This site is optimized with the Yoast SEO plugin v27.4 - https:\/\/yoast.com\/product\/yoast-seo-wordpress\/ -->\n<title>L\u2019information \u00e0 l\u2019\u00e9preuve des crises sanitaires (France -Espagne, XVIIIe \u2013 XXIe s.) - TELEMMe - Temps, espaces, langages, Europe m\u00e9ridionale, M\u00e9diterran\u00e9e<\/title>\n<meta name=\"robots\" content=\"index, follow, max-snippet:-1, max-image-preview:large, max-video-preview:-1\" \/>\n<link rel=\"canonical\" href=\"https:\/\/telemme.mmsh.fr\/?tribe_events=linformation-a-lepreuve-des-crises-sanitaires-france-espagne-xviiie-xxie-s\" \/>\n<meta property=\"og:locale\" content=\"fr_FR\" \/>\n<meta property=\"og:type\" content=\"article\" \/>\n<meta property=\"og:title\" content=\"L\u2019information \u00e0 l\u2019\u00e9preuve des crises sanitaires (France -Espagne, XVIIIe \u2013 XXIe s.) - TELEMMe - Temps, espaces, langages, Europe m\u00e9ridionale, M\u00e9diterran\u00e9e\" \/>\n<meta property=\"og:description\" content=\"Triste hasard des \u00e9ph\u00e9m\u00e9rides, alors que vient de s\u2019ouvrir la comm\u00e9moration du tricentenaire de la peste de Marseille, la pand\u00e9mie qui nous frappe aujourd\u2019hui nous plonge dans une crise aux multiples facettes (sanitaire, sociale, \u00e9conomique\u2026) relay\u00e9e par une fr\u00e9n\u00e9sie m\u00e9diatique qui ne fait gu\u00e8re bon m\u00e9nage avec le temps de la r\u00e9flexion.\" \/>\n<meta property=\"og:url\" content=\"https:\/\/telemme.mmsh.fr\/?tribe_events=linformation-a-lepreuve-des-crises-sanitaires-france-espagne-xviiie-xxie-s\" \/>\n<meta property=\"og:site_name\" content=\"TELEMMe - Temps, espaces, langages, Europe m\u00e9ridionale, M\u00e9diterran\u00e9e\" \/>\n<meta property=\"article:modified_time\" content=\"2021-01-21T16:55:51+00:00\" \/>\n<meta property=\"og:image\" content=\"https:\/\/telemme.mmsh.fr\/wp-content\/uploads\/2020\/11\/AGUIRRE_FIGARO-002.jpeg\" \/>\n\t<meta property=\"og:image:width\" content=\"500\" \/>\n\t<meta property=\"og:image:height\" content=\"410\" \/>\n\t<meta property=\"og:image:type\" content=\"image\/jpeg\" \/>\n<meta name=\"twitter:card\" content=\"summary_large_image\" \/>\n<meta name=\"twitter:label1\" content=\"Dur\u00e9e de lecture estim\u00e9e\" \/>\n\t<meta name=\"twitter:data1\" content=\"1 minute\" \/>\n<script type=\"application\/ld+json\" class=\"yoast-schema-graph\">{\"@context\":\"https:\\\/\\\/schema.org\",\"@graph\":[{\"@type\":\"WebPage\",\"@id\":\"https:\\\/\\\/telemme.mmsh.fr\\\/?tribe_events=linformation-a-lepreuve-des-crises-sanitaires-france-espagne-xviiie-xxie-s\",\"url\":\"https:\\\/\\\/telemme.mmsh.fr\\\/?tribe_events=linformation-a-lepreuve-des-crises-sanitaires-france-espagne-xviiie-xxie-s\",\"name\":\"L\u2019information \u00e0 l\u2019\u00e9preuve des crises sanitaires (France -Espagne, XVIIIe \u2013 XXIe s.) - TELEMMe - Temps, espaces, langages, Europe m\u00e9ridionale, M\u00e9diterran\u00e9e\",\"isPartOf\":{\"@id\":\"https:\\\/\\\/telemme.mmsh.fr\\\/#website\"},\"primaryImageOfPage\":{\"@id\":\"https:\\\/\\\/telemme.mmsh.fr\\\/?tribe_events=linformation-a-lepreuve-des-crises-sanitaires-france-espagne-xviiie-xxie-s#primaryimage\"},\"image\":{\"@id\":\"https:\\\/\\\/telemme.mmsh.fr\\\/?tribe_events=linformation-a-lepreuve-des-crises-sanitaires-france-espagne-xviiie-xxie-s#primaryimage\"},\"thumbnailUrl\":\"https:\\\/\\\/telemme.mmsh.fr\\\/wp-content\\\/uploads\\\/2020\\\/11\\\/AGUIRRE_FIGARO-002.jpeg\",\"datePublished\":\"2021-01-21T15:31:18+00:00\",\"dateModified\":\"2021-01-21T16:55:51+00:00\",\"breadcrumb\":{\"@id\":\"https:\\\/\\\/telemme.mmsh.fr\\\/?tribe_events=linformation-a-lepreuve-des-crises-sanitaires-france-espagne-xviiie-xxie-s#breadcrumb\"},\"inLanguage\":\"fr-FR\",\"potentialAction\":[{\"@type\":\"ReadAction\",\"target\":[\"https:\\\/\\\/telemme.mmsh.fr\\\/?tribe_events=linformation-a-lepreuve-des-crises-sanitaires-france-espagne-xviiie-xxie-s\"]}]},{\"@type\":\"ImageObject\",\"inLanguage\":\"fr-FR\",\"@id\":\"https:\\\/\\\/telemme.mmsh.fr\\\/?tribe_events=linformation-a-lepreuve-des-crises-sanitaires-france-espagne-xviiie-xxie-s#primaryimage\",\"url\":\"https:\\\/\\\/telemme.mmsh.fr\\\/wp-content\\\/uploads\\\/2020\\\/11\\\/AGUIRRE_FIGARO-002.jpeg\",\"contentUrl\":\"https:\\\/\\\/telemme.mmsh.fr\\\/wp-content\\\/uploads\\\/2020\\\/11\\\/AGUIRRE_FIGARO-002.jpeg\",\"width\":500,\"height\":410,\"caption\":\"Aguirre, \u00ab \u00daltima hora \u00bb. Dessin de presse paru dans El Figaro (Madrid), 25 septembre 1918, p. 5. BNE - Hemeroteca digital\"},{\"@type\":\"BreadcrumbList\",\"@id\":\"https:\\\/\\\/telemme.mmsh.fr\\\/?tribe_events=linformation-a-lepreuve-des-crises-sanitaires-france-espagne-xviiie-xxie-s#breadcrumb\",\"itemListElement\":[{\"@type\":\"ListItem\",\"position\":1,\"name\":\"Accueil\",\"item\":\"https:\\\/\\\/telemme.mmsh.fr\\\/\"},{\"@type\":\"ListItem\",\"position\":2,\"name\":\"\u00c9v\u00e8nements\",\"item\":\"https:\\\/\\\/telemme.mmsh.fr\\\/?post_type=tribe_events\"},{\"@type\":\"ListItem\",\"position\":3,\"name\":\"Journ\u00e9e d'\u00e9tudes\",\"item\":\"https:\\\/\\\/telemme.mmsh.fr\\\/?tribe_events_cat=journee-detudes\"},{\"@type\":\"ListItem\",\"position\":4,\"name\":\"L\u2019information \u00e0 l\u2019\u00e9preuve des crises sanitaires (France -Espagne, XVIIIe \u2013 XXIe s.)\"}]},{\"@type\":\"WebSite\",\"@id\":\"https:\\\/\\\/telemme.mmsh.fr\\\/#website\",\"url\":\"https:\\\/\\\/telemme.mmsh.fr\\\/\",\"name\":\"TELEMMe - Temps, espaces, langages, Europe m\u00e9ridionale, M\u00e9diterran\u00e9e\",\"description\":\"\",\"publisher\":{\"@id\":\"https:\\\/\\\/telemme.mmsh.fr\\\/#organization\"},\"potentialAction\":[{\"@type\":\"SearchAction\",\"target\":{\"@type\":\"EntryPoint\",\"urlTemplate\":\"https:\\\/\\\/telemme.mmsh.fr\\\/?s={search_term_string}\"},\"query-input\":{\"@type\":\"PropertyValueSpecification\",\"valueRequired\":true,\"valueName\":\"search_term_string\"}}],\"inLanguage\":\"fr-FR\"},{\"@type\":\"Organization\",\"@id\":\"https:\\\/\\\/telemme.mmsh.fr\\\/#organization\",\"name\":\"TELEMMe\",\"url\":\"https:\\\/\\\/telemme.mmsh.fr\\\/\",\"logo\":{\"@type\":\"ImageObject\",\"inLanguage\":\"fr-FR\",\"@id\":\"https:\\\/\\\/telemme.mmsh.fr\\\/#\\\/schema\\\/logo\\\/image\\\/\",\"url\":\"https:\\\/\\\/telemme.mmsh.fr\\\/wp-content\\\/uploads\\\/2020\\\/03\\\/LogoTELEMMe-horizontal-fond-transparent.png\",\"contentUrl\":\"https:\\\/\\\/telemme.mmsh.fr\\\/wp-content\\\/uploads\\\/2020\\\/03\\\/LogoTELEMMe-horizontal-fond-transparent.png\",\"width\":1500,\"height\":437,\"caption\":\"TELEMMe\"},\"image\":{\"@id\":\"https:\\\/\\\/telemme.mmsh.fr\\\/#\\\/schema\\\/logo\\\/image\\\/\"}}]}<\/script>\n<!-- \/ Yoast SEO plugin. -->","yoast_head_json":{"title":"L\u2019information \u00e0 l\u2019\u00e9preuve des crises sanitaires (France -Espagne, XVIIIe \u2013 XXIe s.) - TELEMMe - Temps, espaces, langages, Europe m\u00e9ridionale, M\u00e9diterran\u00e9e","robots":{"index":"index","follow":"follow","max-snippet":"max-snippet:-1","max-image-preview":"max-image-preview:large","max-video-preview":"max-video-preview:-1"},"canonical":"https:\/\/telemme.mmsh.fr\/?tribe_events=linformation-a-lepreuve-des-crises-sanitaires-france-espagne-xviiie-xxie-s","og_locale":"fr_FR","og_type":"article","og_title":"L\u2019information \u00e0 l\u2019\u00e9preuve des crises sanitaires (France -Espagne, XVIIIe \u2013 XXIe s.) - TELEMMe - Temps, espaces, langages, Europe m\u00e9ridionale, M\u00e9diterran\u00e9e","og_description":"Triste hasard des \u00e9ph\u00e9m\u00e9rides, alors que vient de s\u2019ouvrir la comm\u00e9moration du tricentenaire de la peste de Marseille, la pand\u00e9mie qui nous frappe aujourd\u2019hui nous plonge dans une crise aux multiples facettes (sanitaire, sociale, \u00e9conomique\u2026) relay\u00e9e par une fr\u00e9n\u00e9sie m\u00e9diatique qui ne fait gu\u00e8re bon m\u00e9nage avec le temps de la r\u00e9flexion.","og_url":"https:\/\/telemme.mmsh.fr\/?tribe_events=linformation-a-lepreuve-des-crises-sanitaires-france-espagne-xviiie-xxie-s","og_site_name":"TELEMMe - Temps, espaces, langages, Europe m\u00e9ridionale, M\u00e9diterran\u00e9e","article_modified_time":"2021-01-21T16:55:51+00:00","og_image":[{"width":500,"height":410,"url":"https:\/\/telemme.mmsh.fr\/wp-content\/uploads\/2020\/11\/AGUIRRE_FIGARO-002.jpeg","type":"image\/jpeg"}],"twitter_card":"summary_large_image","twitter_misc":{"Dur\u00e9e de lecture estim\u00e9e":"1 minute"},"schema":{"@context":"https:\/\/schema.org","@graph":[{"@type":"WebPage","@id":"https:\/\/telemme.mmsh.fr\/?tribe_events=linformation-a-lepreuve-des-crises-sanitaires-france-espagne-xviiie-xxie-s","url":"https:\/\/telemme.mmsh.fr\/?tribe_events=linformation-a-lepreuve-des-crises-sanitaires-france-espagne-xviiie-xxie-s","name":"L\u2019information \u00e0 l\u2019\u00e9preuve des crises sanitaires (France -Espagne, XVIIIe \u2013 XXIe s.) - TELEMMe - Temps, espaces, langages, Europe m\u00e9ridionale, M\u00e9diterran\u00e9e","isPartOf":{"@id":"https:\/\/telemme.mmsh.fr\/#website"},"primaryImageOfPage":{"@id":"https:\/\/telemme.mmsh.fr\/?tribe_events=linformation-a-lepreuve-des-crises-sanitaires-france-espagne-xviiie-xxie-s#primaryimage"},"image":{"@id":"https:\/\/telemme.mmsh.fr\/?tribe_events=linformation-a-lepreuve-des-crises-sanitaires-france-espagne-xviiie-xxie-s#primaryimage"},"thumbnailUrl":"https:\/\/telemme.mmsh.fr\/wp-content\/uploads\/2020\/11\/AGUIRRE_FIGARO-002.jpeg","datePublished":"2021-01-21T15:31:18+00:00","dateModified":"2021-01-21T16:55:51+00:00","breadcrumb":{"@id":"https:\/\/telemme.mmsh.fr\/?tribe_events=linformation-a-lepreuve-des-crises-sanitaires-france-espagne-xviiie-xxie-s#breadcrumb"},"inLanguage":"fr-FR","potentialAction":[{"@type":"ReadAction","target":["https:\/\/telemme.mmsh.fr\/?tribe_events=linformation-a-lepreuve-des-crises-sanitaires-france-espagne-xviiie-xxie-s"]}]},{"@type":"ImageObject","inLanguage":"fr-FR","@id":"https:\/\/telemme.mmsh.fr\/?tribe_events=linformation-a-lepreuve-des-crises-sanitaires-france-espagne-xviiie-xxie-s#primaryimage","url":"https:\/\/telemme.mmsh.fr\/wp-content\/uploads\/2020\/11\/AGUIRRE_FIGARO-002.jpeg","contentUrl":"https:\/\/telemme.mmsh.fr\/wp-content\/uploads\/2020\/11\/AGUIRRE_FIGARO-002.jpeg","width":500,"height":410,"caption":"Aguirre, \u00ab \u00daltima hora \u00bb. Dessin de presse paru dans El Figaro (Madrid), 25 septembre 1918, p. 5. BNE - Hemeroteca digital"},{"@type":"BreadcrumbList","@id":"https:\/\/telemme.mmsh.fr\/?tribe_events=linformation-a-lepreuve-des-crises-sanitaires-france-espagne-xviiie-xxie-s#breadcrumb","itemListElement":[{"@type":"ListItem","position":1,"name":"Accueil","item":"https:\/\/telemme.mmsh.fr\/"},{"@type":"ListItem","position":2,"name":"\u00c9v\u00e8nements","item":"https:\/\/telemme.mmsh.fr\/?post_type=tribe_events"},{"@type":"ListItem","position":3,"name":"Journ\u00e9e d'\u00e9tudes","item":"https:\/\/telemme.mmsh.fr\/?tribe_events_cat=journee-detudes"},{"@type":"ListItem","position":4,"name":"L\u2019information \u00e0 l\u2019\u00e9preuve des crises sanitaires (France -Espagne, XVIIIe \u2013 XXIe s.)"}]},{"@type":"WebSite","@id":"https:\/\/telemme.mmsh.fr\/#website","url":"https:\/\/telemme.mmsh.fr\/","name":"TELEMMe - Temps, espaces, langages, Europe m\u00e9ridionale, M\u00e9diterran\u00e9e","description":"","publisher":{"@id":"https:\/\/telemme.mmsh.fr\/#organization"},"potentialAction":[{"@type":"SearchAction","target":{"@type":"EntryPoint","urlTemplate":"https:\/\/telemme.mmsh.fr\/?s={search_term_string}"},"query-input":{"@type":"PropertyValueSpecification","valueRequired":true,"valueName":"search_term_string"}}],"inLanguage":"fr-FR"},{"@type":"Organization","@id":"https:\/\/telemme.mmsh.fr\/#organization","name":"TELEMMe","url":"https:\/\/telemme.mmsh.fr\/","logo":{"@type":"ImageObject","inLanguage":"fr-FR","@id":"https:\/\/telemme.mmsh.fr\/#\/schema\/logo\/image\/","url":"https:\/\/telemme.mmsh.fr\/wp-content\/uploads\/2020\/03\/LogoTELEMMe-horizontal-fond-transparent.png","contentUrl":"https:\/\/telemme.mmsh.fr\/wp-content\/uploads\/2020\/03\/LogoTELEMMe-horizontal-fond-transparent.png","width":1500,"height":437,"caption":"TELEMMe"},"image":{"@id":"https:\/\/telemme.mmsh.fr\/#\/schema\/logo\/image\/"}}]}},"_links":{"self":[{"href":"https:\/\/telemme.mmsh.fr\/index.php?rest_route=\/wp\/v2\/tribe_events\/3484","targetHints":{"allow":["GET"]}}],"collection":[{"href":"https:\/\/telemme.mmsh.fr\/index.php?rest_route=\/wp\/v2\/tribe_events"}],"about":[{"href":"https:\/\/telemme.mmsh.fr\/index.php?rest_route=\/wp\/v2\/types\/tribe_events"}],"author":[{"embeddable":true,"href":"https:\/\/telemme.mmsh.fr\/index.php?rest_route=\/wp\/v2\/users\/6"}],"version-history":[{"count":3,"href":"https:\/\/telemme.mmsh.fr\/index.php?rest_route=\/wp\/v2\/tribe_events\/3484\/revisions"}],"predecessor-version":[{"id":3494,"href":"https:\/\/telemme.mmsh.fr\/index.php?rest_route=\/wp\/v2\/tribe_events\/3484\/revisions\/3494"}],"wp:featuredmedia":[{"embeddable":true,"href":"https:\/\/telemme.mmsh.fr\/index.php?rest_route=\/wp\/v2\/media\/3422"}],"wp:attachment":[{"href":"https:\/\/telemme.mmsh.fr\/index.php?rest_route=%2Fwp%2Fv2%2Fmedia&parent=3484"}],"wp:term":[{"taxonomy":"post_tag","embeddable":true,"href":"https:\/\/telemme.mmsh.fr\/index.php?rest_route=%2Fwp%2Fv2%2Ftags&post=3484"},{"taxonomy":"tribe_events_cat","embeddable":true,"href":"https:\/\/telemme.mmsh.fr\/index.php?rest_route=%2Fwp%2Fv2%2Ftribe_events_cat&post=3484"}],"curies":[{"name":"wp","href":"https:\/\/api.w.org\/{rel}","templated":true}]}}