{"id":16593,"date":"2026-02-19T14:47:46","date_gmt":"2026-02-19T13:47:46","guid":{"rendered":"https:\/\/telemme.mmsh.fr\/?post_type=tribe_events&#038;p=16593"},"modified":"2026-02-19T14:59:39","modified_gmt":"2026-02-19T13:59:39","slug":"el-catolicismo-en-la-espana-contemporanea-miradas-transnacionales-y-nuevos-enfoques-historiograficos","status":"publish","type":"tribe_events","link":"https:\/\/telemme.mmsh.fr\/?tribe_events=el-catolicismo-en-la-espana-contemporanea-miradas-transnacionales-y-nuevos-enfoques-historiograficos","title":{"rendered":"El catolicismo en la Espa\u00f1a contempor\u00e1nea: miradas transnacionales y nuevos enfoques historiogr\u00e1ficos"},"content":{"rendered":"<p>Organisation\u00a0:<br \/>\n<strong>Elisabel Larriba<\/strong> (TELEMMe), <strong>Concepci\u00f3n Marcos del Olmo<\/strong> et <strong>\u00c1ngel Luis L\u00f3pez Villaverde<\/strong> (Proyecto de Investigaci\u00f3n: El factor cat\u00f3lico y la libertad de pensamiento en las guerras culturales de la Europa Occidental contempor\u00e1nea (PID2022-136299NB-I00))<\/p>\n<p><a href=\"https:\/\/telemme.mmsh.fr\/?evenement=el-catolicismo-en-la-espana-contemporanea-miradas-transnacionales-y-nuevos-enfoques-historiograficos\"><strong>Programme complet en ligne<\/strong><\/a><\/p>\n<p>Cr\u00e9dits image : SATIRA &#8211; REVISTA LA FLACA &#8211; 1 DE MAYO DE 1870. Location: BIBLIOTECA NACIONAL-COLECCION, MADRID, SPAIN.<\/p>\n","protected":false},"excerpt":{"rendered":"<p>Organisation\u00a0: Elisabel Larriba (TELEMMe), Concepci\u00f3n Marcos del Olmo et \u00c1ngel Luis L\u00f3pez Villaverde (Proyecto de Investigaci\u00f3n: El factor cat\u00f3lico y la libertad de pensamiento en las guerras culturales de la&hellip;&nbsp;<a href=\"https:\/\/telemme.mmsh.fr\/?tribe_events=el-catolicismo-en-la-espana-contemporanea-miradas-transnacionales-y-nuevos-enfoques-historiograficos\" rel=\"bookmark\">Lire la suite &raquo;<span class=\"screen-reader-text\">El catolicismo en la Espa\u00f1a contempor\u00e1nea: miradas transnacionales y nuevos enfoques historiogr\u00e1ficos<\/span><\/a><\/p>\n","protected":false},"author":6,"featured_media":16594,"template":"","meta":{"neve_meta_sidebar":"","neve_meta_container":"","neve_meta_enable_content_width":"","neve_meta_content_width":0,"neve_meta_title_alignment":"","neve_meta_author_avatar":"","neve_post_elements_order":"","neve_meta_disable_header":"","neve_meta_disable_footer":"","neve_meta_disable_title":"","_tribe_events_status":"","_tribe_events_status_reason":"","footnotes":""},"tags":[],"tribe_events_cat":[1947],"class_list":["post-16593","tribe_events","type-tribe_events","status-publish","has-post-thumbnail","hentry","tribe_events_cat-seminaire-dhistoire-contemporaine-de-lespagne","cat_seminaire-dhistoire-contemporaine-de-lespagne"],"yoast_head":"<!-- This site is optimized with the Yoast SEO plugin v27.4 - https:\/\/yoast.com\/product\/yoast-seo-wordpress\/ -->\n<title>El catolicismo en la Espa\u00f1a contempor\u00e1nea: miradas transnacionales y nuevos enfoques historiogr\u00e1ficos - TELEMMe - Temps, espaces, langages, Europe m\u00e9ridionale, M\u00e9diterran\u00e9e<\/title>\n<meta name=\"robots\" content=\"index, follow, max-snippet:-1, max-image-preview:large, max-video-preview:-1\" \/>\n<link rel=\"canonical\" href=\"https:\/\/telemme.mmsh.fr\/?tribe_events=el-catolicismo-en-la-espana-contemporanea-miradas-transnacionales-y-nuevos-enfoques-historiograficos\" \/>\n<meta property=\"og:locale\" content=\"fr_FR\" \/>\n<meta property=\"og:type\" content=\"article\" \/>\n<meta property=\"og:title\" content=\"El catolicismo en la Espa\u00f1a contempor\u00e1nea: miradas transnacionales y nuevos enfoques historiogr\u00e1ficos - TELEMMe - Temps, espaces, langages, Europe m\u00e9ridionale, M\u00e9diterran\u00e9e\" \/>\n<meta property=\"og:description\" content=\"Organisation\u00a0: Elisabel Larriba (TELEMMe), Concepci\u00f3n Marcos del Olmo et \u00c1ngel Luis L\u00f3pez Villaverde (Proyecto de Investigaci\u00f3n: El factor cat\u00f3lico y la libertad de pensamiento en las guerras culturales de la&hellip;&nbsp;Lire la suite &raquo;El catolicismo en la Espa\u00f1a contempor\u00e1nea: miradas transnacionales y nuevos enfoques historiogr\u00e1ficos\" \/>\n<meta property=\"og:url\" content=\"https:\/\/telemme.mmsh.fr\/?tribe_events=el-catolicismo-en-la-espana-contemporanea-miradas-transnacionales-y-nuevos-enfoques-historiograficos\" \/>\n<meta property=\"og:site_name\" content=\"TELEMMe - Temps, espaces, langages, Europe m\u00e9ridionale, M\u00e9diterran\u00e9e\" \/>\n<meta property=\"article:modified_time\" content=\"2026-02-19T13:59:39+00:00\" \/>\n<meta property=\"og:image\" content=\"https:\/\/telemme.mmsh.fr\/wp-content\/uploads\/2026\/02\/SemHistcContEsp.png\" \/>\n\t<meta property=\"og:image:width\" content=\"800\" \/>\n\t<meta property=\"og:image:height\" content=\"514\" \/>\n\t<meta property=\"og:image:type\" content=\"image\/png\" \/>\n<meta name=\"twitter:card\" content=\"summary_large_image\" \/>\n<script type=\"application\/ld+json\" class=\"yoast-schema-graph\">{\"@context\":\"https:\\\/\\\/schema.org\",\"@graph\":[{\"@type\":\"WebPage\",\"@id\":\"https:\\\/\\\/telemme.mmsh.fr\\\/?tribe_events=el-catolicismo-en-la-espana-contemporanea-miradas-transnacionales-y-nuevos-enfoques-historiograficos\",\"url\":\"https:\\\/\\\/telemme.mmsh.fr\\\/?tribe_events=el-catolicismo-en-la-espana-contemporanea-miradas-transnacionales-y-nuevos-enfoques-historiograficos\",\"name\":\"El catolicismo en la Espa\u00f1a contempor\u00e1nea: miradas transnacionales y nuevos enfoques historiogr\u00e1ficos - TELEMMe - Temps, espaces, langages, Europe m\u00e9ridionale, M\u00e9diterran\u00e9e\",\"isPartOf\":{\"@id\":\"https:\\\/\\\/telemme.mmsh.fr\\\/#website\"},\"primaryImageOfPage\":{\"@id\":\"https:\\\/\\\/telemme.mmsh.fr\\\/?tribe_events=el-catolicismo-en-la-espana-contemporanea-miradas-transnacionales-y-nuevos-enfoques-historiograficos#primaryimage\"},\"image\":{\"@id\":\"https:\\\/\\\/telemme.mmsh.fr\\\/?tribe_events=el-catolicismo-en-la-espana-contemporanea-miradas-transnacionales-y-nuevos-enfoques-historiograficos#primaryimage\"},\"thumbnailUrl\":\"https:\\\/\\\/telemme.mmsh.fr\\\/wp-content\\\/uploads\\\/2026\\\/02\\\/SemHistcContEsp.png\",\"datePublished\":\"2026-02-19T13:47:46+00:00\",\"dateModified\":\"2026-02-19T13:59:39+00:00\",\"breadcrumb\":{\"@id\":\"https:\\\/\\\/telemme.mmsh.fr\\\/?tribe_events=el-catolicismo-en-la-espana-contemporanea-miradas-transnacionales-y-nuevos-enfoques-historiograficos#breadcrumb\"},\"inLanguage\":\"fr-FR\",\"potentialAction\":[{\"@type\":\"ReadAction\",\"target\":[\"https:\\\/\\\/telemme.mmsh.fr\\\/?tribe_events=el-catolicismo-en-la-espana-contemporanea-miradas-transnacionales-y-nuevos-enfoques-historiograficos\"]}]},{\"@type\":\"ImageObject\",\"inLanguage\":\"fr-FR\",\"@id\":\"https:\\\/\\\/telemme.mmsh.fr\\\/?tribe_events=el-catolicismo-en-la-espana-contemporanea-miradas-transnacionales-y-nuevos-enfoques-historiograficos#primaryimage\",\"url\":\"https:\\\/\\\/telemme.mmsh.fr\\\/wp-content\\\/uploads\\\/2026\\\/02\\\/SemHistcContEsp.png\",\"contentUrl\":\"https:\\\/\\\/telemme.mmsh.fr\\\/wp-content\\\/uploads\\\/2026\\\/02\\\/SemHistcContEsp.png\",\"width\":800,\"height\":514,\"caption\":\"SATIRA - REVISTA LA FLACA - 1 DE MAYO DE 1870. Location: BIBLIOTECA NACIONAL-COLECCION, MADRID, SPAIN.\"},{\"@type\":\"BreadcrumbList\",\"@id\":\"https:\\\/\\\/telemme.mmsh.fr\\\/?tribe_events=el-catolicismo-en-la-espana-contemporanea-miradas-transnacionales-y-nuevos-enfoques-historiograficos#breadcrumb\",\"itemListElement\":[{\"@type\":\"ListItem\",\"position\":1,\"name\":\"Accueil\",\"item\":\"https:\\\/\\\/telemme.mmsh.fr\\\/\"},{\"@type\":\"ListItem\",\"position\":2,\"name\":\"\u00c9v\u00e8nements\",\"item\":\"https:\\\/\\\/telemme.mmsh.fr\\\/?post_type=tribe_events\"},{\"@type\":\"ListItem\",\"position\":3,\"name\":\"S\u00e9minaire d'histoire contemporaine de l'Espagne\",\"item\":\"https:\\\/\\\/telemme.mmsh.fr\\\/?tribe_events_cat=seminaire-dhistoire-contemporaine-de-lespagne\"},{\"@type\":\"ListItem\",\"position\":4,\"name\":\"El catolicismo en la Espa\u00f1a contempor\u00e1nea: miradas transnacionales y nuevos enfoques historiogr\u00e1ficos\"}]},{\"@type\":\"WebSite\",\"@id\":\"https:\\\/\\\/telemme.mmsh.fr\\\/#website\",\"url\":\"https:\\\/\\\/telemme.mmsh.fr\\\/\",\"name\":\"TELEMMe - Temps, espaces, langages, Europe m\u00e9ridionale, M\u00e9diterran\u00e9e\",\"description\":\"\",\"publisher\":{\"@id\":\"https:\\\/\\\/telemme.mmsh.fr\\\/#organization\"},\"potentialAction\":[{\"@type\":\"SearchAction\",\"target\":{\"@type\":\"EntryPoint\",\"urlTemplate\":\"https:\\\/\\\/telemme.mmsh.fr\\\/?s={search_term_string}\"},\"query-input\":{\"@type\":\"PropertyValueSpecification\",\"valueRequired\":true,\"valueName\":\"search_term_string\"}}],\"inLanguage\":\"fr-FR\"},{\"@type\":\"Organization\",\"@id\":\"https:\\\/\\\/telemme.mmsh.fr\\\/#organization\",\"name\":\"TELEMMe\",\"url\":\"https:\\\/\\\/telemme.mmsh.fr\\\/\",\"logo\":{\"@type\":\"ImageObject\",\"inLanguage\":\"fr-FR\",\"@id\":\"https:\\\/\\\/telemme.mmsh.fr\\\/#\\\/schema\\\/logo\\\/image\\\/\",\"url\":\"https:\\\/\\\/telemme.mmsh.fr\\\/wp-content\\\/uploads\\\/2020\\\/03\\\/LogoTELEMMe-horizontal-fond-transparent.png\",\"contentUrl\":\"https:\\\/\\\/telemme.mmsh.fr\\\/wp-content\\\/uploads\\\/2020\\\/03\\\/LogoTELEMMe-horizontal-fond-transparent.png\",\"width\":1500,\"height\":437,\"caption\":\"TELEMMe\"},\"image\":{\"@id\":\"https:\\\/\\\/telemme.mmsh.fr\\\/#\\\/schema\\\/logo\\\/image\\\/\"}}]}<\/script>\n<!-- \/ Yoast SEO plugin. -->","yoast_head_json":{"title":"El catolicismo en la Espa\u00f1a contempor\u00e1nea: miradas transnacionales y nuevos enfoques historiogr\u00e1ficos - TELEMMe - Temps, espaces, langages, Europe m\u00e9ridionale, M\u00e9diterran\u00e9e","robots":{"index":"index","follow":"follow","max-snippet":"max-snippet:-1","max-image-preview":"max-image-preview:large","max-video-preview":"max-video-preview:-1"},"canonical":"https:\/\/telemme.mmsh.fr\/?tribe_events=el-catolicismo-en-la-espana-contemporanea-miradas-transnacionales-y-nuevos-enfoques-historiograficos","og_locale":"fr_FR","og_type":"article","og_title":"El catolicismo en la Espa\u00f1a contempor\u00e1nea: miradas transnacionales y nuevos enfoques historiogr\u00e1ficos - TELEMMe - Temps, espaces, langages, Europe m\u00e9ridionale, M\u00e9diterran\u00e9e","og_description":"Organisation\u00a0: Elisabel Larriba (TELEMMe), Concepci\u00f3n Marcos del Olmo et \u00c1ngel Luis L\u00f3pez Villaverde (Proyecto de Investigaci\u00f3n: El factor cat\u00f3lico y la libertad de pensamiento en las guerras culturales de la&hellip;&nbsp;Lire la suite &raquo;El catolicismo en la Espa\u00f1a contempor\u00e1nea: miradas transnacionales y nuevos enfoques historiogr\u00e1ficos","og_url":"https:\/\/telemme.mmsh.fr\/?tribe_events=el-catolicismo-en-la-espana-contemporanea-miradas-transnacionales-y-nuevos-enfoques-historiograficos","og_site_name":"TELEMMe - Temps, espaces, langages, Europe m\u00e9ridionale, M\u00e9diterran\u00e9e","article_modified_time":"2026-02-19T13:59:39+00:00","og_image":[{"width":800,"height":514,"url":"https:\/\/telemme.mmsh.fr\/wp-content\/uploads\/2026\/02\/SemHistcContEsp.png","type":"image\/png"}],"twitter_card":"summary_large_image","schema":{"@context":"https:\/\/schema.org","@graph":[{"@type":"WebPage","@id":"https:\/\/telemme.mmsh.fr\/?tribe_events=el-catolicismo-en-la-espana-contemporanea-miradas-transnacionales-y-nuevos-enfoques-historiograficos","url":"https:\/\/telemme.mmsh.fr\/?tribe_events=el-catolicismo-en-la-espana-contemporanea-miradas-transnacionales-y-nuevos-enfoques-historiograficos","name":"El catolicismo en la Espa\u00f1a contempor\u00e1nea: miradas transnacionales y nuevos enfoques historiogr\u00e1ficos - TELEMMe - Temps, espaces, langages, Europe m\u00e9ridionale, M\u00e9diterran\u00e9e","isPartOf":{"@id":"https:\/\/telemme.mmsh.fr\/#website"},"primaryImageOfPage":{"@id":"https:\/\/telemme.mmsh.fr\/?tribe_events=el-catolicismo-en-la-espana-contemporanea-miradas-transnacionales-y-nuevos-enfoques-historiograficos#primaryimage"},"image":{"@id":"https:\/\/telemme.mmsh.fr\/?tribe_events=el-catolicismo-en-la-espana-contemporanea-miradas-transnacionales-y-nuevos-enfoques-historiograficos#primaryimage"},"thumbnailUrl":"https:\/\/telemme.mmsh.fr\/wp-content\/uploads\/2026\/02\/SemHistcContEsp.png","datePublished":"2026-02-19T13:47:46+00:00","dateModified":"2026-02-19T13:59:39+00:00","breadcrumb":{"@id":"https:\/\/telemme.mmsh.fr\/?tribe_events=el-catolicismo-en-la-espana-contemporanea-miradas-transnacionales-y-nuevos-enfoques-historiograficos#breadcrumb"},"inLanguage":"fr-FR","potentialAction":[{"@type":"ReadAction","target":["https:\/\/telemme.mmsh.fr\/?tribe_events=el-catolicismo-en-la-espana-contemporanea-miradas-transnacionales-y-nuevos-enfoques-historiograficos"]}]},{"@type":"ImageObject","inLanguage":"fr-FR","@id":"https:\/\/telemme.mmsh.fr\/?tribe_events=el-catolicismo-en-la-espana-contemporanea-miradas-transnacionales-y-nuevos-enfoques-historiograficos#primaryimage","url":"https:\/\/telemme.mmsh.fr\/wp-content\/uploads\/2026\/02\/SemHistcContEsp.png","contentUrl":"https:\/\/telemme.mmsh.fr\/wp-content\/uploads\/2026\/02\/SemHistcContEsp.png","width":800,"height":514,"caption":"SATIRA - REVISTA LA FLACA - 1 DE MAYO DE 1870. Location: BIBLIOTECA NACIONAL-COLECCION, MADRID, SPAIN."},{"@type":"BreadcrumbList","@id":"https:\/\/telemme.mmsh.fr\/?tribe_events=el-catolicismo-en-la-espana-contemporanea-miradas-transnacionales-y-nuevos-enfoques-historiograficos#breadcrumb","itemListElement":[{"@type":"ListItem","position":1,"name":"Accueil","item":"https:\/\/telemme.mmsh.fr\/"},{"@type":"ListItem","position":2,"name":"\u00c9v\u00e8nements","item":"https:\/\/telemme.mmsh.fr\/?post_type=tribe_events"},{"@type":"ListItem","position":3,"name":"S\u00e9minaire d'histoire contemporaine de l'Espagne","item":"https:\/\/telemme.mmsh.fr\/?tribe_events_cat=seminaire-dhistoire-contemporaine-de-lespagne"},{"@type":"ListItem","position":4,"name":"El catolicismo en la Espa\u00f1a contempor\u00e1nea: miradas transnacionales y nuevos enfoques historiogr\u00e1ficos"}]},{"@type":"WebSite","@id":"https:\/\/telemme.mmsh.fr\/#website","url":"https:\/\/telemme.mmsh.fr\/","name":"TELEMMe - Temps, espaces, langages, Europe m\u00e9ridionale, M\u00e9diterran\u00e9e","description":"","publisher":{"@id":"https:\/\/telemme.mmsh.fr\/#organization"},"potentialAction":[{"@type":"SearchAction","target":{"@type":"EntryPoint","urlTemplate":"https:\/\/telemme.mmsh.fr\/?s={search_term_string}"},"query-input":{"@type":"PropertyValueSpecification","valueRequired":true,"valueName":"search_term_string"}}],"inLanguage":"fr-FR"},{"@type":"Organization","@id":"https:\/\/telemme.mmsh.fr\/#organization","name":"TELEMMe","url":"https:\/\/telemme.mmsh.fr\/","logo":{"@type":"ImageObject","inLanguage":"fr-FR","@id":"https:\/\/telemme.mmsh.fr\/#\/schema\/logo\/image\/","url":"https:\/\/telemme.mmsh.fr\/wp-content\/uploads\/2020\/03\/LogoTELEMMe-horizontal-fond-transparent.png","contentUrl":"https:\/\/telemme.mmsh.fr\/wp-content\/uploads\/2020\/03\/LogoTELEMMe-horizontal-fond-transparent.png","width":1500,"height":437,"caption":"TELEMMe"},"image":{"@id":"https:\/\/telemme.mmsh.fr\/#\/schema\/logo\/image\/"}}]}},"_links":{"self":[{"href":"https:\/\/telemme.mmsh.fr\/index.php?rest_route=\/wp\/v2\/tribe_events\/16593","targetHints":{"allow":["GET"]}}],"collection":[{"href":"https:\/\/telemme.mmsh.fr\/index.php?rest_route=\/wp\/v2\/tribe_events"}],"about":[{"href":"https:\/\/telemme.mmsh.fr\/index.php?rest_route=\/wp\/v2\/types\/tribe_events"}],"author":[{"embeddable":true,"href":"https:\/\/telemme.mmsh.fr\/index.php?rest_route=\/wp\/v2\/users\/6"}],"version-history":[{"count":3,"href":"https:\/\/telemme.mmsh.fr\/index.php?rest_route=\/wp\/v2\/tribe_events\/16593\/revisions"}],"predecessor-version":[{"id":16598,"href":"https:\/\/telemme.mmsh.fr\/index.php?rest_route=\/wp\/v2\/tribe_events\/16593\/revisions\/16598"}],"wp:featuredmedia":[{"embeddable":true,"href":"https:\/\/telemme.mmsh.fr\/index.php?rest_route=\/wp\/v2\/media\/16594"}],"wp:attachment":[{"href":"https:\/\/telemme.mmsh.fr\/index.php?rest_route=%2Fwp%2Fv2%2Fmedia&parent=16593"}],"wp:term":[{"taxonomy":"post_tag","embeddable":true,"href":"https:\/\/telemme.mmsh.fr\/index.php?rest_route=%2Fwp%2Fv2%2Ftags&post=16593"},{"taxonomy":"tribe_events_cat","embeddable":true,"href":"https:\/\/telemme.mmsh.fr\/index.php?rest_route=%2Fwp%2Fv2%2Ftribe_events_cat&post=16593"}],"curies":[{"name":"wp","href":"https:\/\/api.w.org\/{rel}","templated":true}]}}