{"id":16506,"date":"2026-02-04T16:33:10","date_gmt":"2026-02-04T15:33:10","guid":{"rendered":"https:\/\/telemme.mmsh.fr\/?post_type=tribe_events&#038;p=16506"},"modified":"2026-02-04T16:39:02","modified_gmt":"2026-02-04T15:39:02","slug":"consolation-et-soin","status":"publish","type":"tribe_events","link":"https:\/\/telemme.mmsh.fr\/?tribe_events=consolation-et-soin","title":{"rendered":"Consolation et soin"},"content":{"rendered":"<p>Premi\u00e8re s\u00e9ance du s\u00e9minaire transversal \u00ab\u00a0Consolatio\u00a0\u00bb, soutenu par la Maison m\u00e9diterran\u00e9enne des sciences humaines et sociales, pour l&rsquo;ann\u00e9e 2026.<\/p>\n<p><a href=\"https:\/\/telemme.mmsh.fr\/?evenement=consolation-et-soin\"><strong>Programme de la s\u00e9ance<\/strong><\/a><\/p>\n<p><strong>PR\u00c9SENTATION DU S\u00c9MINAIRE \u00ab\u00a0CONSOLATIO\u00a0\u00bb<\/strong><\/p>\n<p>Aujourd\u2019hui, la mission de consoler les personnes en souffrance est majoritairement d\u00e9volue \u00e0 des professionnels du soin, des associations, quelquefois \u00e0 la religion, le plus souvent aux exercices de d\u00e9veloppement personnel, dont certains se pr\u00e9tendent fond\u00e9s sur l\u2019enseignement des philosophes antiques. De fait, Grecs et Romains faisaient volontiers appel aux m\u00e9thodes des orateurs et aux arguments des philosophes pour mod\u00e9rer le chagrin suscit\u00e9 par les \u00e9v\u00e9nements malheureux (d\u00e9c\u00e8s, maladie, vieillesse, exil, injustice, etc.). Cet arsenal discursif, aujourd\u2019hui discr\u00e9dit\u00e9 par ses aspirations normatives et ses pr\u00e9tentions rationnelles, relevait d\u2019une forme de sociabilit\u00e9 \u00e9litaire dont nous avons perdu les codes. Cependant, l\u2019acte de consoler demeure un imp\u00e9ratif social, m\u00eame s\u2019il emprunte de nouvelles voies, dont t\u00e9moignent notamment la psychanalyse, l\u2019art-th\u00e9rapie ou les \u00e9thiques du\u00a0<i>care<\/i>.<\/p>\n<p>L\u2019objectif du s\u00e9minaire est de croiser, dans une perspective interdisciplinaire, approches scientifiques et exp\u00e9riences de terrain pour mieux saisir les enjeux (culturels, sociaux, religieux, politiques) d\u2019une pratique qui est l\u2019aboutissement d\u2019une longue histoire. Il contribuera \u00e0 la formation des jeunes chercheurs, qui seront invit\u00e9s \u00e0 y pr\u00e9senter leurs travaux. Le r\u00f4le th\u00e9rapeutique de l\u2019art sera explor\u00e9 gr\u00e2ce aux interventions de plusieurs praticiens (m\u00e9decins, psychologues, artistes) qui viendront partager leurs exp\u00e9riences de la consolation en milieu hospitalier. Le lien avec la soci\u00e9t\u00e9 sera d\u00e9velopp\u00e9 via l\u2019organisation d\u2019ateliers participatifs \u00e0 l\u2019Institut Paoli-Calmettes et \u00e0 l\u2019h\u00f4pital Valvert (en collaboration avec le Collectif Ose l\u2019Art), d\u2019une part, et au sein des associations \u00ab\u00a0<a class=\"spip_out\" href=\"https:\/\/solidaritefemmes13.org\/\" rel=\"external\">Solidarit\u00e9 Femmes 13<\/a>\u00a0\u00bb et \u00ab\u00a0<a class=\"spip_out\" href=\"https:\/\/www.empreintes-asso.com\/\" rel=\"external\">Empreintes\u00a0\u00bb<\/a>, d\u2019autre part. Le s\u00e9minaire permettra de consolider le r\u00e9seau existant et de confronter questionnements th\u00e9oriques sur la consolation et approches pratiques du soin.<\/p>\n<p><strong>RESPONSABLES SCIENTIFIQUES<\/strong><\/p>\n<ul>\n<li><a class=\"spip_in\" href=\"https:\/\/tdmam.cnrs.fr\/spip.php?article236\">Sabine LUCIANI<\/a>, Aix Marseille Univ, CNRS, TDMAM<br class=\"autobr\" \/><i>Professeure de langue et litt\u00e9rature latines, Sabine Luciani est sp\u00e9cialiste de philosophie hell\u00e9nistique et romaine et travaille sur les relations entre litt\u00e9rature et philosophie \u00e0 Rome.<\/i><\/li>\n<li><a class=\"spip_out\" href=\"https:\/\/lerma.univ-amu.fr\/membre\/boileau-nicolas-pierre\/\" rel=\"external\">Nicolas BOILEAU<\/a>, Aix Marseille Univ, Laboratoire d\u2019\u00c9tudes et de Recherche sur le Monde Anglophone, LERMA<br class=\"autobr\" \/>Professeur des Universit\u00e9s, directeur adjoint du LERMA, Nicolas Boileau est sp\u00e9cialiste de la litt\u00e9rature anglaise des XXe et XXIe si\u00e8cles. Membre de la commission \u00e9thique et psychiatrie de l\u2019APHM, il travaille sur la folie et la maladie mentale dans la litt\u00e9rature.<\/li>\n<li><a class=\"spip_out\" href=\"https:\/\/lpcpp.fr\/isabel-fernandez\/\" rel=\"external\">Isabel FERNANDEZ<\/a>, Aix Marseille Univ, LPCPP<br class=\"autobr\" \/><i>Psychologue clinicienne, Isabel Fernandez est ma\u00eetresse de conf\u00e9rences en psychologie. Ses recherches portent sur l\u2019articulation entre la psychanalyse, l\u2019institution psychiatrique et le soin.<\/i><\/li>\n<li><a class=\"spip_out\" href=\"https:\/\/cielam.univ-amu.fr\/membres\/francesca-manzari\" rel=\"external\">Francesca MANZARI<\/a>, Aix Marseille Univ, CIELAM<br class=\"autobr\" \/><i>Professeure de litt\u00e9rature g\u00e9n\u00e9rale et compar\u00e9e, Francesca Manzari est sp\u00e9cialiste de po\u00e9sie m\u00e9di\u00e9vale et contemporaine, notamment dans les domaines italien, fran\u00e7ais et am\u00e9ricain.<\/i><\/li>\n<li><a class=\"spip_out\" href=\"https:\/\/telemme.mmsh.fr\/?membres=isabelle-renaudet\" rel=\"external\">Isabelle RENAUDET<\/a>, Aix Marseille Univ, TELEMMe<br class=\"autobr\" \/>Directrice de l\u2019UMR TELEMMe (Temps, Espaces, Langages, Europe m\u00e9ridionale, M\u00e9diterran\u00e9e, UMR 7303), professeure des Universit\u00e9, Isabelle Renaudet est sp\u00e9cialiste de l\u2019Espagne contemporaine (XIXe-XXe si\u00e8cles). Elle travaille sur l\u2019histoire de la m\u00e9decine, notamment les acteurs et pratiques de sant\u00e9, les transferts de savoirs m\u00e9dicaux entre France et Espagne et la question du corps dans une perspective anthropologique.<\/li>\n<\/ul>\n","protected":false},"excerpt":{"rendered":"<p>Premi\u00e8re s\u00e9ance du s\u00e9minaire transversal \u00ab\u00a0Consolatio\u00a0\u00bb, soutenu par la Maison m\u00e9diterran\u00e9enne des sciences humaines et sociales, pour l&rsquo;ann\u00e9e 2026. Programme de la s\u00e9ance PR\u00c9SENTATION DU S\u00c9MINAIRE \u00ab\u00a0CONSOLATIO\u00a0\u00bb Aujourd\u2019hui, la mission&hellip;&nbsp;<a href=\"https:\/\/telemme.mmsh.fr\/?tribe_events=consolation-et-soin\" rel=\"bookmark\">Lire la suite &raquo;<span class=\"screen-reader-text\">Consolation et soin<\/span><\/a><\/p>\n","protected":false},"author":6,"featured_media":16508,"template":"","meta":{"neve_meta_sidebar":"","neve_meta_container":"","neve_meta_enable_content_width":"","neve_meta_content_width":0,"neve_meta_title_alignment":"","neve_meta_author_avatar":"","neve_post_elements_order":"","neve_meta_disable_header":"","neve_meta_disable_footer":"","neve_meta_disable_title":"","_tribe_events_status":"","_tribe_events_status_reason":"","footnotes":""},"tags":[3074],"tribe_events_cat":[3073],"class_list":["post-16506","tribe_events","type-tribe_events","status-publish","has-post-thumbnail","hentry","tag-consolatio","tribe_events_cat-seminaire-interlaboratoire-consolatio","cat_seminaire-interlaboratoire-consolatio"],"yoast_head":"<!-- This site is optimized with the Yoast SEO plugin v27.4 - https:\/\/yoast.com\/product\/yoast-seo-wordpress\/ -->\n<title>Consolation et soin - TELEMMe - Temps, espaces, langages, Europe m\u00e9ridionale, M\u00e9diterran\u00e9e<\/title>\n<meta name=\"robots\" content=\"index, follow, max-snippet:-1, max-image-preview:large, max-video-preview:-1\" \/>\n<link rel=\"canonical\" href=\"https:\/\/telemme.mmsh.fr\/?tribe_events=consolation-et-soin\" \/>\n<meta property=\"og:locale\" content=\"fr_FR\" \/>\n<meta property=\"og:type\" content=\"article\" \/>\n<meta property=\"og:title\" content=\"Consolation et soin - TELEMMe - Temps, espaces, langages, Europe m\u00e9ridionale, M\u00e9diterran\u00e9e\" \/>\n<meta property=\"og:description\" content=\"Premi\u00e8re s\u00e9ance du s\u00e9minaire transversal \u00ab\u00a0Consolatio\u00a0\u00bb, soutenu par la Maison m\u00e9diterran\u00e9enne des sciences humaines et sociales, pour l&rsquo;ann\u00e9e 2026. Programme de la s\u00e9ance PR\u00c9SENTATION DU S\u00c9MINAIRE \u00ab\u00a0CONSOLATIO\u00a0\u00bb Aujourd\u2019hui, la mission&hellip;&nbsp;Lire la suite &raquo;Consolation et soin\" \/>\n<meta property=\"og:url\" content=\"https:\/\/telemme.mmsh.fr\/?tribe_events=consolation-et-soin\" \/>\n<meta property=\"og:site_name\" content=\"TELEMMe - Temps, espaces, langages, Europe m\u00e9ridionale, M\u00e9diterran\u00e9e\" \/>\n<meta property=\"article:modified_time\" content=\"2026-02-04T15:39:02+00:00\" \/>\n<meta property=\"og:image\" content=\"https:\/\/telemme.mmsh.fr\/wp-content\/uploads\/2026\/02\/Edvard_Munch_-_Consolation_-_MM.M.00045_-_Munch_Museum.jpg\" \/>\n\t<meta property=\"og:image:width\" content=\"750\" \/>\n\t<meta property=\"og:image:height\" content=\"617\" \/>\n\t<meta property=\"og:image:type\" content=\"image\/jpeg\" \/>\n<meta name=\"twitter:card\" content=\"summary_large_image\" \/>\n<meta name=\"twitter:label1\" content=\"Dur\u00e9e de lecture estim\u00e9e\" \/>\n\t<meta name=\"twitter:data1\" content=\"3 minutes\" \/>\n<script type=\"application\/ld+json\" class=\"yoast-schema-graph\">{\"@context\":\"https:\\\/\\\/schema.org\",\"@graph\":[{\"@type\":\"WebPage\",\"@id\":\"https:\\\/\\\/telemme.mmsh.fr\\\/?tribe_events=consolation-et-soin\",\"url\":\"https:\\\/\\\/telemme.mmsh.fr\\\/?tribe_events=consolation-et-soin\",\"name\":\"Consolation et soin - TELEMMe - Temps, espaces, langages, Europe m\u00e9ridionale, M\u00e9diterran\u00e9e\",\"isPartOf\":{\"@id\":\"https:\\\/\\\/telemme.mmsh.fr\\\/#website\"},\"primaryImageOfPage\":{\"@id\":\"https:\\\/\\\/telemme.mmsh.fr\\\/?tribe_events=consolation-et-soin#primaryimage\"},\"image\":{\"@id\":\"https:\\\/\\\/telemme.mmsh.fr\\\/?tribe_events=consolation-et-soin#primaryimage\"},\"thumbnailUrl\":\"https:\\\/\\\/telemme.mmsh.fr\\\/wp-content\\\/uploads\\\/2026\\\/02\\\/Edvard_Munch_-_Consolation_-_MM.M.00045_-_Munch_Museum.jpg\",\"datePublished\":\"2026-02-04T15:33:10+00:00\",\"dateModified\":\"2026-02-04T15:39:02+00:00\",\"breadcrumb\":{\"@id\":\"https:\\\/\\\/telemme.mmsh.fr\\\/?tribe_events=consolation-et-soin#breadcrumb\"},\"inLanguage\":\"fr-FR\",\"potentialAction\":[{\"@type\":\"ReadAction\",\"target\":[\"https:\\\/\\\/telemme.mmsh.fr\\\/?tribe_events=consolation-et-soin\"]}]},{\"@type\":\"ImageObject\",\"inLanguage\":\"fr-FR\",\"@id\":\"https:\\\/\\\/telemme.mmsh.fr\\\/?tribe_events=consolation-et-soin#primaryimage\",\"url\":\"https:\\\/\\\/telemme.mmsh.fr\\\/wp-content\\\/uploads\\\/2026\\\/02\\\/Edvard_Munch_-_Consolation_-_MM.M.00045_-_Munch_Museum.jpg\",\"contentUrl\":\"https:\\\/\\\/telemme.mmsh.fr\\\/wp-content\\\/uploads\\\/2026\\\/02\\\/Edvard_Munch_-_Consolation_-_MM.M.00045_-_Munch_Museum.jpg\",\"width\":750,\"height\":617,\"caption\":\"Edvard Munch, \\\"Consolation\\\", 1907, Munch Museum, Oslo. Wikimedia Commons : https:\\\/\\\/commons.wikimedia.org\\\/wiki\\\/File:Edvard_Munch_-_Consolation_-_MM.M.00045_-_Munch_Museum.jpg\"},{\"@type\":\"BreadcrumbList\",\"@id\":\"https:\\\/\\\/telemme.mmsh.fr\\\/?tribe_events=consolation-et-soin#breadcrumb\",\"itemListElement\":[{\"@type\":\"ListItem\",\"position\":1,\"name\":\"Accueil\",\"item\":\"https:\\\/\\\/telemme.mmsh.fr\\\/\"},{\"@type\":\"ListItem\",\"position\":2,\"name\":\"\u00c9v\u00e8nements\",\"item\":\"https:\\\/\\\/telemme.mmsh.fr\\\/?post_type=tribe_events\"},{\"@type\":\"ListItem\",\"position\":3,\"name\":\"S\u00e9minaire interlaboratoire\",\"item\":\"https:\\\/\\\/telemme.mmsh.fr\\\/?tribe_events_cat=seminaire-interlaboratoire\"},{\"@type\":\"ListItem\",\"position\":4,\"name\":\"S\u00e9minaire interlaboratoire \\\"Consolatio\\\"\",\"item\":\"https:\\\/\\\/telemme.mmsh.fr\\\/?tribe_events_cat=seminaire-interlaboratoire-consolatio\"},{\"@type\":\"ListItem\",\"position\":5,\"name\":\"Consolation et soin\"}]},{\"@type\":\"WebSite\",\"@id\":\"https:\\\/\\\/telemme.mmsh.fr\\\/#website\",\"url\":\"https:\\\/\\\/telemme.mmsh.fr\\\/\",\"name\":\"TELEMMe - Temps, espaces, langages, Europe m\u00e9ridionale, M\u00e9diterran\u00e9e\",\"description\":\"\",\"publisher\":{\"@id\":\"https:\\\/\\\/telemme.mmsh.fr\\\/#organization\"},\"potentialAction\":[{\"@type\":\"SearchAction\",\"target\":{\"@type\":\"EntryPoint\",\"urlTemplate\":\"https:\\\/\\\/telemme.mmsh.fr\\\/?s={search_term_string}\"},\"query-input\":{\"@type\":\"PropertyValueSpecification\",\"valueRequired\":true,\"valueName\":\"search_term_string\"}}],\"inLanguage\":\"fr-FR\"},{\"@type\":\"Organization\",\"@id\":\"https:\\\/\\\/telemme.mmsh.fr\\\/#organization\",\"name\":\"TELEMMe\",\"url\":\"https:\\\/\\\/telemme.mmsh.fr\\\/\",\"logo\":{\"@type\":\"ImageObject\",\"inLanguage\":\"fr-FR\",\"@id\":\"https:\\\/\\\/telemme.mmsh.fr\\\/#\\\/schema\\\/logo\\\/image\\\/\",\"url\":\"https:\\\/\\\/telemme.mmsh.fr\\\/wp-content\\\/uploads\\\/2020\\\/03\\\/LogoTELEMMe-horizontal-fond-transparent.png\",\"contentUrl\":\"https:\\\/\\\/telemme.mmsh.fr\\\/wp-content\\\/uploads\\\/2020\\\/03\\\/LogoTELEMMe-horizontal-fond-transparent.png\",\"width\":1500,\"height\":437,\"caption\":\"TELEMMe\"},\"image\":{\"@id\":\"https:\\\/\\\/telemme.mmsh.fr\\\/#\\\/schema\\\/logo\\\/image\\\/\"}}]}<\/script>\n<!-- \/ Yoast SEO plugin. -->","yoast_head_json":{"title":"Consolation et soin - TELEMMe - Temps, espaces, langages, Europe m\u00e9ridionale, M\u00e9diterran\u00e9e","robots":{"index":"index","follow":"follow","max-snippet":"max-snippet:-1","max-image-preview":"max-image-preview:large","max-video-preview":"max-video-preview:-1"},"canonical":"https:\/\/telemme.mmsh.fr\/?tribe_events=consolation-et-soin","og_locale":"fr_FR","og_type":"article","og_title":"Consolation et soin - TELEMMe - Temps, espaces, langages, Europe m\u00e9ridionale, M\u00e9diterran\u00e9e","og_description":"Premi\u00e8re s\u00e9ance du s\u00e9minaire transversal \u00ab\u00a0Consolatio\u00a0\u00bb, soutenu par la Maison m\u00e9diterran\u00e9enne des sciences humaines et sociales, pour l&rsquo;ann\u00e9e 2026. Programme de la s\u00e9ance PR\u00c9SENTATION DU S\u00c9MINAIRE \u00ab\u00a0CONSOLATIO\u00a0\u00bb Aujourd\u2019hui, la mission&hellip;&nbsp;Lire la suite &raquo;Consolation et soin","og_url":"https:\/\/telemme.mmsh.fr\/?tribe_events=consolation-et-soin","og_site_name":"TELEMMe - Temps, espaces, langages, Europe m\u00e9ridionale, M\u00e9diterran\u00e9e","article_modified_time":"2026-02-04T15:39:02+00:00","og_image":[{"width":750,"height":617,"url":"https:\/\/telemme.mmsh.fr\/wp-content\/uploads\/2026\/02\/Edvard_Munch_-_Consolation_-_MM.M.00045_-_Munch_Museum.jpg","type":"image\/jpeg"}],"twitter_card":"summary_large_image","twitter_misc":{"Dur\u00e9e de lecture estim\u00e9e":"3 minutes"},"schema":{"@context":"https:\/\/schema.org","@graph":[{"@type":"WebPage","@id":"https:\/\/telemme.mmsh.fr\/?tribe_events=consolation-et-soin","url":"https:\/\/telemme.mmsh.fr\/?tribe_events=consolation-et-soin","name":"Consolation et soin - TELEMMe - Temps, espaces, langages, Europe m\u00e9ridionale, M\u00e9diterran\u00e9e","isPartOf":{"@id":"https:\/\/telemme.mmsh.fr\/#website"},"primaryImageOfPage":{"@id":"https:\/\/telemme.mmsh.fr\/?tribe_events=consolation-et-soin#primaryimage"},"image":{"@id":"https:\/\/telemme.mmsh.fr\/?tribe_events=consolation-et-soin#primaryimage"},"thumbnailUrl":"https:\/\/telemme.mmsh.fr\/wp-content\/uploads\/2026\/02\/Edvard_Munch_-_Consolation_-_MM.M.00045_-_Munch_Museum.jpg","datePublished":"2026-02-04T15:33:10+00:00","dateModified":"2026-02-04T15:39:02+00:00","breadcrumb":{"@id":"https:\/\/telemme.mmsh.fr\/?tribe_events=consolation-et-soin#breadcrumb"},"inLanguage":"fr-FR","potentialAction":[{"@type":"ReadAction","target":["https:\/\/telemme.mmsh.fr\/?tribe_events=consolation-et-soin"]}]},{"@type":"ImageObject","inLanguage":"fr-FR","@id":"https:\/\/telemme.mmsh.fr\/?tribe_events=consolation-et-soin#primaryimage","url":"https:\/\/telemme.mmsh.fr\/wp-content\/uploads\/2026\/02\/Edvard_Munch_-_Consolation_-_MM.M.00045_-_Munch_Museum.jpg","contentUrl":"https:\/\/telemme.mmsh.fr\/wp-content\/uploads\/2026\/02\/Edvard_Munch_-_Consolation_-_MM.M.00045_-_Munch_Museum.jpg","width":750,"height":617,"caption":"Edvard Munch, \"Consolation\", 1907, Munch Museum, Oslo. Wikimedia Commons : https:\/\/commons.wikimedia.org\/wiki\/File:Edvard_Munch_-_Consolation_-_MM.M.00045_-_Munch_Museum.jpg"},{"@type":"BreadcrumbList","@id":"https:\/\/telemme.mmsh.fr\/?tribe_events=consolation-et-soin#breadcrumb","itemListElement":[{"@type":"ListItem","position":1,"name":"Accueil","item":"https:\/\/telemme.mmsh.fr\/"},{"@type":"ListItem","position":2,"name":"\u00c9v\u00e8nements","item":"https:\/\/telemme.mmsh.fr\/?post_type=tribe_events"},{"@type":"ListItem","position":3,"name":"S\u00e9minaire interlaboratoire","item":"https:\/\/telemme.mmsh.fr\/?tribe_events_cat=seminaire-interlaboratoire"},{"@type":"ListItem","position":4,"name":"S\u00e9minaire interlaboratoire \"Consolatio\"","item":"https:\/\/telemme.mmsh.fr\/?tribe_events_cat=seminaire-interlaboratoire-consolatio"},{"@type":"ListItem","position":5,"name":"Consolation et soin"}]},{"@type":"WebSite","@id":"https:\/\/telemme.mmsh.fr\/#website","url":"https:\/\/telemme.mmsh.fr\/","name":"TELEMMe - Temps, espaces, langages, Europe m\u00e9ridionale, M\u00e9diterran\u00e9e","description":"","publisher":{"@id":"https:\/\/telemme.mmsh.fr\/#organization"},"potentialAction":[{"@type":"SearchAction","target":{"@type":"EntryPoint","urlTemplate":"https:\/\/telemme.mmsh.fr\/?s={search_term_string}"},"query-input":{"@type":"PropertyValueSpecification","valueRequired":true,"valueName":"search_term_string"}}],"inLanguage":"fr-FR"},{"@type":"Organization","@id":"https:\/\/telemme.mmsh.fr\/#organization","name":"TELEMMe","url":"https:\/\/telemme.mmsh.fr\/","logo":{"@type":"ImageObject","inLanguage":"fr-FR","@id":"https:\/\/telemme.mmsh.fr\/#\/schema\/logo\/image\/","url":"https:\/\/telemme.mmsh.fr\/wp-content\/uploads\/2020\/03\/LogoTELEMMe-horizontal-fond-transparent.png","contentUrl":"https:\/\/telemme.mmsh.fr\/wp-content\/uploads\/2020\/03\/LogoTELEMMe-horizontal-fond-transparent.png","width":1500,"height":437,"caption":"TELEMMe"},"image":{"@id":"https:\/\/telemme.mmsh.fr\/#\/schema\/logo\/image\/"}}]}},"_links":{"self":[{"href":"https:\/\/telemme.mmsh.fr\/index.php?rest_route=\/wp\/v2\/tribe_events\/16506","targetHints":{"allow":["GET"]}}],"collection":[{"href":"https:\/\/telemme.mmsh.fr\/index.php?rest_route=\/wp\/v2\/tribe_events"}],"about":[{"href":"https:\/\/telemme.mmsh.fr\/index.php?rest_route=\/wp\/v2\/types\/tribe_events"}],"author":[{"embeddable":true,"href":"https:\/\/telemme.mmsh.fr\/index.php?rest_route=\/wp\/v2\/users\/6"}],"version-history":[{"count":4,"href":"https:\/\/telemme.mmsh.fr\/index.php?rest_route=\/wp\/v2\/tribe_events\/16506\/revisions"}],"predecessor-version":[{"id":16512,"href":"https:\/\/telemme.mmsh.fr\/index.php?rest_route=\/wp\/v2\/tribe_events\/16506\/revisions\/16512"}],"wp:featuredmedia":[{"embeddable":true,"href":"https:\/\/telemme.mmsh.fr\/index.php?rest_route=\/wp\/v2\/media\/16508"}],"wp:attachment":[{"href":"https:\/\/telemme.mmsh.fr\/index.php?rest_route=%2Fwp%2Fv2%2Fmedia&parent=16506"}],"wp:term":[{"taxonomy":"post_tag","embeddable":true,"href":"https:\/\/telemme.mmsh.fr\/index.php?rest_route=%2Fwp%2Fv2%2Ftags&post=16506"},{"taxonomy":"tribe_events_cat","embeddable":true,"href":"https:\/\/telemme.mmsh.fr\/index.php?rest_route=%2Fwp%2Fv2%2Ftribe_events_cat&post=16506"}],"curies":[{"name":"wp","href":"https:\/\/api.w.org\/{rel}","templated":true}]}}