{"id":16450,"date":"2026-01-16T10:55:33","date_gmt":"2026-01-16T09:55:33","guid":{"rendered":"https:\/\/telemme.mmsh.fr\/?post_type=tribe_events&#038;p=16450"},"modified":"2026-04-09T11:57:31","modified_gmt":"2026-04-09T09:57:31","slug":"la-vie-de-la-bibliotheque-publique","status":"publish","type":"tribe_events","link":"https:\/\/telemme.mmsh.fr\/?tribe_events=la-vie-de-la-bibliotheque-publique","title":{"rendered":"La vie des biblioth\u00e8ques publiques"},"content":{"rendered":"<p>L\u2019\u00e9quipe du\u00a0projet ANR\u00a0<i>Biblioth\u00e8ques publiques dans la France des Lumi\u00e8res<\/i>\u00a0organisera sa deuxi\u00e8me journ\u00e9e d\u2019\u00e9tudes\u00a0\u00e0 Aix-en-Provence (biblioth\u00e8que et archives municipales Michel-Vovelle) les 6 et 7 mai prochains,\u00a0\u00e0 la fois en pr\u00e9sentiel et en distanciel<\/p>\n<p>Ces deux jours seront consacr\u00e9s \u00e0\u00a0<i>La vie des biblioth\u00e8ques publiques<\/i>.\u00a0Nous nous int\u00e9resserons au fonctionnement d\u2019un \u00ab\u00a0service public\u00a0\u00bb \u00e0 l\u2019\u00e9poque des Lumi\u00e8res\u00a0en explorant six th\u00e9matiques. Le programme est disponible ci-dessous et<i>\u00a0via <\/i>le lien suivant :\u00a0<a class=\"x_OWAAutoLink\" href=\"https:\/\/bipulum.hypotheses.org\/journees-detudes\/la-vie-des-bibliotheques-publiques-2026\/programme\" target=\"_blank\" rel=\"noopener noreferrer\">https:\/\/bipulum.hypotheses.org\/journees-detudes\/la-vie-des-bibliotheques-publiques-2026\/programme<\/a><\/p>\n<p>Ces ateliers seront l\u2019occasion de mettre en lumi\u00e8re les r\u00e9sultats des recherches qui sont men\u00e9es depuis pr\u00e8s de deux ans par l\u2019\u00e9quipe et qui sont \u00e9galement\u00a0consultables sur le site internet du projet (<a class=\"x_OWAAutoLink\" href=\"https:\/\/bipulum.huma-num.fr\/s\/bipulum\/page\/home\" target=\"_blank\" rel=\"noopener noreferrer\">https:\/\/bipulum.huma-num.fr\/s\/bipulum\/page\/home<\/a>).<\/p>\n<ul>\n<li><strong><em>Responsables scientifiques<\/em>\u00a0<\/strong>: Emmanuelle Chapron, Christine B\u00e9n\u00e9vent, Fabienne Henryot, Gennaro Toscano.<\/li>\n<li><strong><em>Comit\u00e9 d\u2019organisation<\/em><\/strong>\u00a0: Emmanuelle Chapron, Christine B\u00e9n\u00e9vent, Fabienne Henryot, <span id=\"0.1709288070514381\" class=\"highlight\">William<\/span> Trouv\u00e9, avec l\u2019appui de Lucas Laude et Selma Duval-Youchenko, \u00e9tudiants en master d\u2019Aix Marseille Universit\u00e9.<\/li>\n<li><strong><em>Contacts<\/em><\/strong>\u00a0: Emmanuelle Chapron (<a href=\"mailto:emmanuelle.chapron@univ-amu.fr\" target=\"_blank\" rel=\"noopener noreferrer\">emmanuelle.chapron@univ-amu.fr<\/a>) et <span id=\"0.5714891370031449\" class=\"highlight\">William<\/span> Trouv\u00e9 (<a href=\"mailto:william.trouve@unib-lyon2.fr\" target=\"_blank\" rel=\"noopener noreferrer\"><span id=\"0.652912025531494\" class=\"highlight\">william<\/span>.trouve@unib-lyon2.fr<\/a>).<\/li>\n<\/ul>\n<p><a href=\"https:\/\/telemme.mmsh.fr\/?evenement=la-vie-des-bibliotheques-publiques\"><strong>Programme complet en ligne<\/strong><\/a><\/p>\n","protected":false},"excerpt":{"rendered":"<p>L\u2019\u00e9quipe du\u00a0projet ANR\u00a0Biblioth\u00e8ques publiques dans la France des Lumi\u00e8res\u00a0organisera sa deuxi\u00e8me journ\u00e9e d\u2019\u00e9tudes\u00a0\u00e0 Aix-en-Provence (biblioth\u00e8que et archives municipales Michel-Vovelle) les 6 et 7 mai prochains,\u00a0\u00e0 la fois en pr\u00e9sentiel et&hellip;&nbsp;<a href=\"https:\/\/telemme.mmsh.fr\/?tribe_events=la-vie-de-la-bibliotheque-publique\" rel=\"bookmark\">Lire la suite &raquo;<span class=\"screen-reader-text\">La vie des biblioth\u00e8ques publiques<\/span><\/a><\/p>\n","protected":false},"author":6,"featured_media":14406,"template":"","meta":{"neve_meta_sidebar":"","neve_meta_container":"","neve_meta_enable_content_width":"","neve_meta_content_width":0,"neve_meta_title_alignment":"","neve_meta_author_avatar":"","neve_post_elements_order":"","neve_meta_disable_header":"","neve_meta_disable_footer":"","neve_meta_disable_title":"","_tribe_events_status":"","_tribe_events_status_reason":"","footnotes":""},"tags":[2948],"tribe_events_cat":[1823],"class_list":["post-16450","tribe_events","type-tribe_events","status-publish","has-post-thumbnail","hentry","tag-bipulum","tribe_events_cat-journee-detudes","cat_journee-detudes"],"yoast_head":"<!-- This site is optimized with the Yoast SEO plugin v27.4 - https:\/\/yoast.com\/product\/yoast-seo-wordpress\/ -->\n<title>La vie des biblioth\u00e8ques publiques - TELEMMe - Temps, espaces, langages, Europe m\u00e9ridionale, M\u00e9diterran\u00e9e<\/title>\n<meta name=\"robots\" content=\"index, follow, max-snippet:-1, max-image-preview:large, max-video-preview:-1\" \/>\n<link rel=\"canonical\" href=\"https:\/\/telemme.mmsh.fr\/?tribe_events=la-vie-de-la-bibliotheque-publique\" \/>\n<meta property=\"og:locale\" content=\"fr_FR\" \/>\n<meta property=\"og:type\" content=\"article\" \/>\n<meta property=\"og:title\" content=\"La vie des biblioth\u00e8ques publiques - TELEMMe - Temps, espaces, langages, Europe m\u00e9ridionale, M\u00e9diterran\u00e9e\" \/>\n<meta property=\"og:description\" content=\"L\u2019\u00e9quipe du\u00a0projet ANR\u00a0Biblioth\u00e8ques publiques dans la France des Lumi\u00e8res\u00a0organisera sa deuxi\u00e8me journ\u00e9e d\u2019\u00e9tudes\u00a0\u00e0 Aix-en-Provence (biblioth\u00e8que et archives municipales Michel-Vovelle) les 6 et 7 mai prochains,\u00a0\u00e0 la fois en pr\u00e9sentiel et&hellip;&nbsp;Lire la suite &raquo;La vie des biblioth\u00e8ques publiques\" \/>\n<meta property=\"og:url\" content=\"https:\/\/telemme.mmsh.fr\/?tribe_events=la-vie-de-la-bibliotheque-publique\" \/>\n<meta property=\"og:site_name\" content=\"TELEMMe - Temps, espaces, langages, Europe m\u00e9ridionale, M\u00e9diterran\u00e9e\" \/>\n<meta property=\"article:modified_time\" content=\"2026-04-09T09:57:31+00:00\" \/>\n<meta property=\"og:image\" content=\"https:\/\/telemme.mmsh.fr\/wp-content\/uploads\/2024\/07\/bookshop2.jpg\" \/>\n\t<meta property=\"og:image:width\" content=\"988\" \/>\n\t<meta property=\"og:image:height\" content=\"718\" \/>\n\t<meta property=\"og:image:type\" content=\"image\/jpeg\" \/>\n<meta name=\"twitter:card\" content=\"summary_large_image\" \/>\n<meta name=\"twitter:label1\" content=\"Dur\u00e9e de lecture estim\u00e9e\" \/>\n\t<meta name=\"twitter:data1\" content=\"1 minute\" \/>\n<script type=\"application\/ld+json\" class=\"yoast-schema-graph\">{\"@context\":\"https:\\\/\\\/schema.org\",\"@graph\":[{\"@type\":\"WebPage\",\"@id\":\"https:\\\/\\\/telemme.mmsh.fr\\\/?tribe_events=la-vie-de-la-bibliotheque-publique\",\"url\":\"https:\\\/\\\/telemme.mmsh.fr\\\/?tribe_events=la-vie-de-la-bibliotheque-publique\",\"name\":\"La vie des biblioth\u00e8ques publiques - TELEMMe - Temps, espaces, langages, Europe m\u00e9ridionale, M\u00e9diterran\u00e9e\",\"isPartOf\":{\"@id\":\"https:\\\/\\\/telemme.mmsh.fr\\\/#website\"},\"primaryImageOfPage\":{\"@id\":\"https:\\\/\\\/telemme.mmsh.fr\\\/?tribe_events=la-vie-de-la-bibliotheque-publique#primaryimage\"},\"image\":{\"@id\":\"https:\\\/\\\/telemme.mmsh.fr\\\/?tribe_events=la-vie-de-la-bibliotheque-publique#primaryimage\"},\"thumbnailUrl\":\"https:\\\/\\\/telemme.mmsh.fr\\\/wp-content\\\/uploads\\\/2024\\\/07\\\/bookshop2.jpg\",\"datePublished\":\"2026-01-16T09:55:33+00:00\",\"dateModified\":\"2026-04-09T09:57:31+00:00\",\"breadcrumb\":{\"@id\":\"https:\\\/\\\/telemme.mmsh.fr\\\/?tribe_events=la-vie-de-la-bibliotheque-publique#breadcrumb\"},\"inLanguage\":\"fr-FR\",\"potentialAction\":[{\"@type\":\"ReadAction\",\"target\":[\"https:\\\/\\\/telemme.mmsh.fr\\\/?tribe_events=la-vie-de-la-bibliotheque-publique\"]}]},{\"@type\":\"ImageObject\",\"inLanguage\":\"fr-FR\",\"@id\":\"https:\\\/\\\/telemme.mmsh.fr\\\/?tribe_events=la-vie-de-la-bibliotheque-publique#primaryimage\",\"url\":\"https:\\\/\\\/telemme.mmsh.fr\\\/wp-content\\\/uploads\\\/2024\\\/07\\\/bookshop2.jpg\",\"contentUrl\":\"https:\\\/\\\/telemme.mmsh.fr\\\/wp-content\\\/uploads\\\/2024\\\/07\\\/bookshop2.jpg\",\"width\":988,\"height\":718,\"caption\":\"Georg Daniel Heumann (1691-1759), Bibliotheca B\u00fcloviana Academiae, Georgiae Augustae donata G\u00f6ttingae\"},{\"@type\":\"BreadcrumbList\",\"@id\":\"https:\\\/\\\/telemme.mmsh.fr\\\/?tribe_events=la-vie-de-la-bibliotheque-publique#breadcrumb\",\"itemListElement\":[{\"@type\":\"ListItem\",\"position\":1,\"name\":\"Accueil\",\"item\":\"https:\\\/\\\/telemme.mmsh.fr\\\/\"},{\"@type\":\"ListItem\",\"position\":2,\"name\":\"\u00c9v\u00e8nements\",\"item\":\"https:\\\/\\\/telemme.mmsh.fr\\\/?post_type=tribe_events\"},{\"@type\":\"ListItem\",\"position\":3,\"name\":\"Journ\u00e9e d'\u00e9tudes\",\"item\":\"https:\\\/\\\/telemme.mmsh.fr\\\/?tribe_events_cat=journee-detudes\"},{\"@type\":\"ListItem\",\"position\":4,\"name\":\"La vie des biblioth\u00e8ques publiques\"}]},{\"@type\":\"WebSite\",\"@id\":\"https:\\\/\\\/telemme.mmsh.fr\\\/#website\",\"url\":\"https:\\\/\\\/telemme.mmsh.fr\\\/\",\"name\":\"TELEMMe - Temps, espaces, langages, Europe m\u00e9ridionale, M\u00e9diterran\u00e9e\",\"description\":\"\",\"publisher\":{\"@id\":\"https:\\\/\\\/telemme.mmsh.fr\\\/#organization\"},\"potentialAction\":[{\"@type\":\"SearchAction\",\"target\":{\"@type\":\"EntryPoint\",\"urlTemplate\":\"https:\\\/\\\/telemme.mmsh.fr\\\/?s={search_term_string}\"},\"query-input\":{\"@type\":\"PropertyValueSpecification\",\"valueRequired\":true,\"valueName\":\"search_term_string\"}}],\"inLanguage\":\"fr-FR\"},{\"@type\":\"Organization\",\"@id\":\"https:\\\/\\\/telemme.mmsh.fr\\\/#organization\",\"name\":\"TELEMMe\",\"url\":\"https:\\\/\\\/telemme.mmsh.fr\\\/\",\"logo\":{\"@type\":\"ImageObject\",\"inLanguage\":\"fr-FR\",\"@id\":\"https:\\\/\\\/telemme.mmsh.fr\\\/#\\\/schema\\\/logo\\\/image\\\/\",\"url\":\"https:\\\/\\\/telemme.mmsh.fr\\\/wp-content\\\/uploads\\\/2020\\\/03\\\/LogoTELEMMe-horizontal-fond-transparent.png\",\"contentUrl\":\"https:\\\/\\\/telemme.mmsh.fr\\\/wp-content\\\/uploads\\\/2020\\\/03\\\/LogoTELEMMe-horizontal-fond-transparent.png\",\"width\":1500,\"height\":437,\"caption\":\"TELEMMe\"},\"image\":{\"@id\":\"https:\\\/\\\/telemme.mmsh.fr\\\/#\\\/schema\\\/logo\\\/image\\\/\"}}]}<\/script>\n<!-- \/ Yoast SEO plugin. -->","yoast_head_json":{"title":"La vie des biblioth\u00e8ques publiques - TELEMMe - Temps, espaces, langages, Europe m\u00e9ridionale, M\u00e9diterran\u00e9e","robots":{"index":"index","follow":"follow","max-snippet":"max-snippet:-1","max-image-preview":"max-image-preview:large","max-video-preview":"max-video-preview:-1"},"canonical":"https:\/\/telemme.mmsh.fr\/?tribe_events=la-vie-de-la-bibliotheque-publique","og_locale":"fr_FR","og_type":"article","og_title":"La vie des biblioth\u00e8ques publiques - TELEMMe - Temps, espaces, langages, Europe m\u00e9ridionale, M\u00e9diterran\u00e9e","og_description":"L\u2019\u00e9quipe du\u00a0projet ANR\u00a0Biblioth\u00e8ques publiques dans la France des Lumi\u00e8res\u00a0organisera sa deuxi\u00e8me journ\u00e9e d\u2019\u00e9tudes\u00a0\u00e0 Aix-en-Provence (biblioth\u00e8que et archives municipales Michel-Vovelle) les 6 et 7 mai prochains,\u00a0\u00e0 la fois en pr\u00e9sentiel et&hellip;&nbsp;Lire la suite &raquo;La vie des biblioth\u00e8ques publiques","og_url":"https:\/\/telemme.mmsh.fr\/?tribe_events=la-vie-de-la-bibliotheque-publique","og_site_name":"TELEMMe - Temps, espaces, langages, Europe m\u00e9ridionale, M\u00e9diterran\u00e9e","article_modified_time":"2026-04-09T09:57:31+00:00","og_image":[{"width":988,"height":718,"url":"https:\/\/telemme.mmsh.fr\/wp-content\/uploads\/2024\/07\/bookshop2.jpg","type":"image\/jpeg"}],"twitter_card":"summary_large_image","twitter_misc":{"Dur\u00e9e de lecture estim\u00e9e":"1 minute"},"schema":{"@context":"https:\/\/schema.org","@graph":[{"@type":"WebPage","@id":"https:\/\/telemme.mmsh.fr\/?tribe_events=la-vie-de-la-bibliotheque-publique","url":"https:\/\/telemme.mmsh.fr\/?tribe_events=la-vie-de-la-bibliotheque-publique","name":"La vie des biblioth\u00e8ques publiques - TELEMMe - Temps, espaces, langages, Europe m\u00e9ridionale, M\u00e9diterran\u00e9e","isPartOf":{"@id":"https:\/\/telemme.mmsh.fr\/#website"},"primaryImageOfPage":{"@id":"https:\/\/telemme.mmsh.fr\/?tribe_events=la-vie-de-la-bibliotheque-publique#primaryimage"},"image":{"@id":"https:\/\/telemme.mmsh.fr\/?tribe_events=la-vie-de-la-bibliotheque-publique#primaryimage"},"thumbnailUrl":"https:\/\/telemme.mmsh.fr\/wp-content\/uploads\/2024\/07\/bookshop2.jpg","datePublished":"2026-01-16T09:55:33+00:00","dateModified":"2026-04-09T09:57:31+00:00","breadcrumb":{"@id":"https:\/\/telemme.mmsh.fr\/?tribe_events=la-vie-de-la-bibliotheque-publique#breadcrumb"},"inLanguage":"fr-FR","potentialAction":[{"@type":"ReadAction","target":["https:\/\/telemme.mmsh.fr\/?tribe_events=la-vie-de-la-bibliotheque-publique"]}]},{"@type":"ImageObject","inLanguage":"fr-FR","@id":"https:\/\/telemme.mmsh.fr\/?tribe_events=la-vie-de-la-bibliotheque-publique#primaryimage","url":"https:\/\/telemme.mmsh.fr\/wp-content\/uploads\/2024\/07\/bookshop2.jpg","contentUrl":"https:\/\/telemme.mmsh.fr\/wp-content\/uploads\/2024\/07\/bookshop2.jpg","width":988,"height":718,"caption":"Georg Daniel Heumann (1691-1759), Bibliotheca B\u00fcloviana Academiae, Georgiae Augustae donata G\u00f6ttingae"},{"@type":"BreadcrumbList","@id":"https:\/\/telemme.mmsh.fr\/?tribe_events=la-vie-de-la-bibliotheque-publique#breadcrumb","itemListElement":[{"@type":"ListItem","position":1,"name":"Accueil","item":"https:\/\/telemme.mmsh.fr\/"},{"@type":"ListItem","position":2,"name":"\u00c9v\u00e8nements","item":"https:\/\/telemme.mmsh.fr\/?post_type=tribe_events"},{"@type":"ListItem","position":3,"name":"Journ\u00e9e d'\u00e9tudes","item":"https:\/\/telemme.mmsh.fr\/?tribe_events_cat=journee-detudes"},{"@type":"ListItem","position":4,"name":"La vie des biblioth\u00e8ques publiques"}]},{"@type":"WebSite","@id":"https:\/\/telemme.mmsh.fr\/#website","url":"https:\/\/telemme.mmsh.fr\/","name":"TELEMMe - Temps, espaces, langages, Europe m\u00e9ridionale, M\u00e9diterran\u00e9e","description":"","publisher":{"@id":"https:\/\/telemme.mmsh.fr\/#organization"},"potentialAction":[{"@type":"SearchAction","target":{"@type":"EntryPoint","urlTemplate":"https:\/\/telemme.mmsh.fr\/?s={search_term_string}"},"query-input":{"@type":"PropertyValueSpecification","valueRequired":true,"valueName":"search_term_string"}}],"inLanguage":"fr-FR"},{"@type":"Organization","@id":"https:\/\/telemme.mmsh.fr\/#organization","name":"TELEMMe","url":"https:\/\/telemme.mmsh.fr\/","logo":{"@type":"ImageObject","inLanguage":"fr-FR","@id":"https:\/\/telemme.mmsh.fr\/#\/schema\/logo\/image\/","url":"https:\/\/telemme.mmsh.fr\/wp-content\/uploads\/2020\/03\/LogoTELEMMe-horizontal-fond-transparent.png","contentUrl":"https:\/\/telemme.mmsh.fr\/wp-content\/uploads\/2020\/03\/LogoTELEMMe-horizontal-fond-transparent.png","width":1500,"height":437,"caption":"TELEMMe"},"image":{"@id":"https:\/\/telemme.mmsh.fr\/#\/schema\/logo\/image\/"}}]}},"_links":{"self":[{"href":"https:\/\/telemme.mmsh.fr\/index.php?rest_route=\/wp\/v2\/tribe_events\/16450","targetHints":{"allow":["GET"]}}],"collection":[{"href":"https:\/\/telemme.mmsh.fr\/index.php?rest_route=\/wp\/v2\/tribe_events"}],"about":[{"href":"https:\/\/telemme.mmsh.fr\/index.php?rest_route=\/wp\/v2\/types\/tribe_events"}],"author":[{"embeddable":true,"href":"https:\/\/telemme.mmsh.fr\/index.php?rest_route=\/wp\/v2\/users\/6"}],"version-history":[{"count":3,"href":"https:\/\/telemme.mmsh.fr\/index.php?rest_route=\/wp\/v2\/tribe_events\/16450\/revisions"}],"predecessor-version":[{"id":16831,"href":"https:\/\/telemme.mmsh.fr\/index.php?rest_route=\/wp\/v2\/tribe_events\/16450\/revisions\/16831"}],"wp:featuredmedia":[{"embeddable":true,"href":"https:\/\/telemme.mmsh.fr\/index.php?rest_route=\/wp\/v2\/media\/14406"}],"wp:attachment":[{"href":"https:\/\/telemme.mmsh.fr\/index.php?rest_route=%2Fwp%2Fv2%2Fmedia&parent=16450"}],"wp:term":[{"taxonomy":"post_tag","embeddable":true,"href":"https:\/\/telemme.mmsh.fr\/index.php?rest_route=%2Fwp%2Fv2%2Ftags&post=16450"},{"taxonomy":"tribe_events_cat","embeddable":true,"href":"https:\/\/telemme.mmsh.fr\/index.php?rest_route=%2Fwp%2Fv2%2Ftribe_events_cat&post=16450"}],"curies":[{"name":"wp","href":"https:\/\/api.w.org\/{rel}","templated":true}]}}