{"id":16429,"date":"2026-01-13T09:41:02","date_gmt":"2026-01-13T08:41:02","guid":{"rendered":"https:\/\/telemme.mmsh.fr\/?post_type=tribe_events&#038;p=16429"},"modified":"2026-01-13T09:41:53","modified_gmt":"2026-01-13T08:41:53","slug":"alter-mediterranee","status":"publish","type":"tribe_events","link":"https:\/\/telemme.mmsh.fr\/?tribe_events=alter-mediterranee","title":{"rendered":"ALTER M\u00e9diterran\u00e9e"},"content":{"rendered":"<p><strong>ALTER-MEDITERRANEE &#8211; Science &amp; Arts en Dialogue<\/strong><br \/>\nDans le cadre de la Saison M\u00e9diterran\u00e9e 2026 \u2013 Institut de France<\/p>\n<ul>\n<li>18 mai 2026 \u2013 MucemLab (Marseille)<\/li>\n<li>20 mai 2026 \u2013 Campus du Pharo (Marseille)<\/li>\n<\/ul>\n<p>Coordonn\u00e9 par Maryline Crivello et Louis Dieuzayde<br \/>\nAvec le soutien de la Mission Interdisciplinarit\u00e9(s) et de la Direction Culture et Soci\u00e9t\u00e9 d\u2019Aix-Marseille Universit\u00e9 &#8211; Contact : maryline.crivello@univ-amu.fr;+ 33 \u2013 07 63 64 32 88<\/p>\n<p>Ce rendez-vous coop\u00e9ratif, culturel et scientifique de deux jours, con\u00e7u comme une travers\u00e9e collective des fronti\u00e8res disciplinaires, culturelles et identitaires, rassemble des \u00e9tudiants venus d\u2019institutions universitaires du pourtour m\u00e9diterran\u00e9en (France, Liban, \u00c9gypte, Maroc,Alg\u00e9rie, Tunisie) et d\u2019Aix-Marseille Universit\u00e9. Il r\u00e9unit \u00e9galement chercheurs en sciences humaines et sociales et en sciences exp\u00e9rimentales, artistes, acteurs associatifs et habitants.<br \/>\nAu c\u0153ur du dispositif : des formes de co-cr\u00e9ation \u2014 ateliers collaboratifs, installations participatives, performances artistiques, tables rondes, fablabs cr\u00e9atifs et cartographies interactives, dans une pluralit\u00e9 de langues m\u00e9diterran\u00e9ennes et la m\u00e9diation interculturelle. ALTER-MEDITERRANEE produit des laboratoires concerts (fab-labs, cartes sensibles, performances, COP \u00e9tudiante, recherches universitaires) o\u00f9 s\u2019exp\u00e9rimentent, \u00e0 l\u2019\u00e9chelle m\u00e9diterran\u00e9enne, d\u2019autres fa\u00e7ons de faire monde.<\/p>\n<p>Programme complet \u00e0 venir<\/p>\n","protected":false},"excerpt":{"rendered":"<p>Ce rendez-vous coop\u00e9ratif, culturel et scientifique de deux jours, con\u00e7u comme une travers\u00e9e collective des fronti\u00e8res disciplinaires, culturelles et identitaires, rassemble des \u00e9tudiants venus d\u2019institutions universitaires du pourtour m\u00e9diterran\u00e9en (France, Liban, \u00c9gypte, Maroc,Alg\u00e9rie, Tunisie) et d\u2019Aix-Marseille Universit\u00e9.<\/p>\n","protected":false},"author":6,"featured_media":0,"template":"","meta":{"neve_meta_sidebar":"","neve_meta_container":"","neve_meta_enable_content_width":"","neve_meta_content_width":0,"neve_meta_title_alignment":"","neve_meta_author_avatar":"","neve_post_elements_order":"","neve_meta_disable_header":"","neve_meta_disable_footer":"","neve_meta_disable_title":"","_tribe_events_status":"","_tribe_events_status_reason":"","footnotes":""},"tags":[2742],"tribe_events_cat":[1949,2402],"class_list":["post-16429","tribe_events","type-tribe_events","status-publish","hentry","tag-3-2-altermetropolisation","tribe_events_cat-atelier","tribe_events_cat-table-ronde","cat_atelier","cat_table-ronde"],"yoast_head":"<!-- This site is optimized with the Yoast SEO plugin v27.4 - https:\/\/yoast.com\/product\/yoast-seo-wordpress\/ -->\n<title>ALTER M\u00e9diterran\u00e9e - TELEMMe - Temps, espaces, langages, Europe m\u00e9ridionale, M\u00e9diterran\u00e9e<\/title>\n<meta name=\"robots\" content=\"index, follow, max-snippet:-1, max-image-preview:large, max-video-preview:-1\" \/>\n<link rel=\"canonical\" href=\"https:\/\/telemme.mmsh.fr\/?tribe_events=alter-mediterranee\" \/>\n<meta property=\"og:locale\" content=\"fr_FR\" \/>\n<meta property=\"og:type\" content=\"article\" \/>\n<meta property=\"og:title\" content=\"ALTER M\u00e9diterran\u00e9e - TELEMMe - Temps, espaces, langages, Europe m\u00e9ridionale, M\u00e9diterran\u00e9e\" \/>\n<meta property=\"og:description\" content=\"Ce rendez-vous coop\u00e9ratif, culturel et scientifique de deux jours, con\u00e7u comme une travers\u00e9e collective des fronti\u00e8res disciplinaires, culturelles et identitaires, rassemble des \u00e9tudiants venus d\u2019institutions universitaires du pourtour m\u00e9diterran\u00e9en (France, Liban, \u00c9gypte, Maroc,Alg\u00e9rie, Tunisie) et d\u2019Aix-Marseille Universit\u00e9.\" \/>\n<meta property=\"og:url\" content=\"https:\/\/telemme.mmsh.fr\/?tribe_events=alter-mediterranee\" \/>\n<meta property=\"og:site_name\" content=\"TELEMMe - Temps, espaces, langages, Europe m\u00e9ridionale, M\u00e9diterran\u00e9e\" \/>\n<meta property=\"article:modified_time\" content=\"2026-01-13T08:41:53+00:00\" \/>\n<meta name=\"twitter:card\" content=\"summary_large_image\" \/>\n<meta name=\"twitter:label1\" content=\"Dur\u00e9e de lecture estim\u00e9e\" \/>\n\t<meta name=\"twitter:data1\" content=\"1 minute\" \/>\n<script type=\"application\/ld+json\" class=\"yoast-schema-graph\">{\"@context\":\"https:\\\/\\\/schema.org\",\"@graph\":[{\"@type\":\"WebPage\",\"@id\":\"https:\\\/\\\/telemme.mmsh.fr\\\/?tribe_events=alter-mediterranee\",\"url\":\"https:\\\/\\\/telemme.mmsh.fr\\\/?tribe_events=alter-mediterranee\",\"name\":\"ALTER M\u00e9diterran\u00e9e - TELEMMe - Temps, espaces, langages, Europe m\u00e9ridionale, M\u00e9diterran\u00e9e\",\"isPartOf\":{\"@id\":\"https:\\\/\\\/telemme.mmsh.fr\\\/#website\"},\"datePublished\":\"2026-01-13T08:41:02+00:00\",\"dateModified\":\"2026-01-13T08:41:53+00:00\",\"breadcrumb\":{\"@id\":\"https:\\\/\\\/telemme.mmsh.fr\\\/?tribe_events=alter-mediterranee#breadcrumb\"},\"inLanguage\":\"fr-FR\",\"potentialAction\":[{\"@type\":\"ReadAction\",\"target\":[\"https:\\\/\\\/telemme.mmsh.fr\\\/?tribe_events=alter-mediterranee\"]}]},{\"@type\":\"BreadcrumbList\",\"@id\":\"https:\\\/\\\/telemme.mmsh.fr\\\/?tribe_events=alter-mediterranee#breadcrumb\",\"itemListElement\":[{\"@type\":\"ListItem\",\"position\":1,\"name\":\"Accueil\",\"item\":\"https:\\\/\\\/telemme.mmsh.fr\\\/\"},{\"@type\":\"ListItem\",\"position\":2,\"name\":\"\u00c9v\u00e8nements\",\"item\":\"https:\\\/\\\/telemme.mmsh.fr\\\/?post_type=tribe_events\"},{\"@type\":\"ListItem\",\"position\":3,\"name\":\"Atelier\",\"item\":\"https:\\\/\\\/telemme.mmsh.fr\\\/?tribe_events_cat=atelier\"},{\"@type\":\"ListItem\",\"position\":4,\"name\":\"ALTER M\u00e9diterran\u00e9e\"}]},{\"@type\":\"WebSite\",\"@id\":\"https:\\\/\\\/telemme.mmsh.fr\\\/#website\",\"url\":\"https:\\\/\\\/telemme.mmsh.fr\\\/\",\"name\":\"TELEMMe - Temps, espaces, langages, Europe m\u00e9ridionale, M\u00e9diterran\u00e9e\",\"description\":\"\",\"publisher\":{\"@id\":\"https:\\\/\\\/telemme.mmsh.fr\\\/#organization\"},\"potentialAction\":[{\"@type\":\"SearchAction\",\"target\":{\"@type\":\"EntryPoint\",\"urlTemplate\":\"https:\\\/\\\/telemme.mmsh.fr\\\/?s={search_term_string}\"},\"query-input\":{\"@type\":\"PropertyValueSpecification\",\"valueRequired\":true,\"valueName\":\"search_term_string\"}}],\"inLanguage\":\"fr-FR\"},{\"@type\":\"Organization\",\"@id\":\"https:\\\/\\\/telemme.mmsh.fr\\\/#organization\",\"name\":\"TELEMMe\",\"url\":\"https:\\\/\\\/telemme.mmsh.fr\\\/\",\"logo\":{\"@type\":\"ImageObject\",\"inLanguage\":\"fr-FR\",\"@id\":\"https:\\\/\\\/telemme.mmsh.fr\\\/#\\\/schema\\\/logo\\\/image\\\/\",\"url\":\"https:\\\/\\\/telemme.mmsh.fr\\\/wp-content\\\/uploads\\\/2020\\\/03\\\/LogoTELEMMe-horizontal-fond-transparent.png\",\"contentUrl\":\"https:\\\/\\\/telemme.mmsh.fr\\\/wp-content\\\/uploads\\\/2020\\\/03\\\/LogoTELEMMe-horizontal-fond-transparent.png\",\"width\":1500,\"height\":437,\"caption\":\"TELEMMe\"},\"image\":{\"@id\":\"https:\\\/\\\/telemme.mmsh.fr\\\/#\\\/schema\\\/logo\\\/image\\\/\"}}]}<\/script>\n<!-- \/ Yoast SEO plugin. -->","yoast_head_json":{"title":"ALTER M\u00e9diterran\u00e9e - TELEMMe - Temps, espaces, langages, Europe m\u00e9ridionale, M\u00e9diterran\u00e9e","robots":{"index":"index","follow":"follow","max-snippet":"max-snippet:-1","max-image-preview":"max-image-preview:large","max-video-preview":"max-video-preview:-1"},"canonical":"https:\/\/telemme.mmsh.fr\/?tribe_events=alter-mediterranee","og_locale":"fr_FR","og_type":"article","og_title":"ALTER M\u00e9diterran\u00e9e - TELEMMe - Temps, espaces, langages, Europe m\u00e9ridionale, M\u00e9diterran\u00e9e","og_description":"Ce rendez-vous coop\u00e9ratif, culturel et scientifique de deux jours, con\u00e7u comme une travers\u00e9e collective des fronti\u00e8res disciplinaires, culturelles et identitaires, rassemble des \u00e9tudiants venus d\u2019institutions universitaires du pourtour m\u00e9diterran\u00e9en (France, Liban, \u00c9gypte, Maroc,Alg\u00e9rie, Tunisie) et d\u2019Aix-Marseille Universit\u00e9.","og_url":"https:\/\/telemme.mmsh.fr\/?tribe_events=alter-mediterranee","og_site_name":"TELEMMe - Temps, espaces, langages, Europe m\u00e9ridionale, M\u00e9diterran\u00e9e","article_modified_time":"2026-01-13T08:41:53+00:00","twitter_card":"summary_large_image","twitter_misc":{"Dur\u00e9e de lecture estim\u00e9e":"1 minute"},"schema":{"@context":"https:\/\/schema.org","@graph":[{"@type":"WebPage","@id":"https:\/\/telemme.mmsh.fr\/?tribe_events=alter-mediterranee","url":"https:\/\/telemme.mmsh.fr\/?tribe_events=alter-mediterranee","name":"ALTER M\u00e9diterran\u00e9e - TELEMMe - Temps, espaces, langages, Europe m\u00e9ridionale, M\u00e9diterran\u00e9e","isPartOf":{"@id":"https:\/\/telemme.mmsh.fr\/#website"},"datePublished":"2026-01-13T08:41:02+00:00","dateModified":"2026-01-13T08:41:53+00:00","breadcrumb":{"@id":"https:\/\/telemme.mmsh.fr\/?tribe_events=alter-mediterranee#breadcrumb"},"inLanguage":"fr-FR","potentialAction":[{"@type":"ReadAction","target":["https:\/\/telemme.mmsh.fr\/?tribe_events=alter-mediterranee"]}]},{"@type":"BreadcrumbList","@id":"https:\/\/telemme.mmsh.fr\/?tribe_events=alter-mediterranee#breadcrumb","itemListElement":[{"@type":"ListItem","position":1,"name":"Accueil","item":"https:\/\/telemme.mmsh.fr\/"},{"@type":"ListItem","position":2,"name":"\u00c9v\u00e8nements","item":"https:\/\/telemme.mmsh.fr\/?post_type=tribe_events"},{"@type":"ListItem","position":3,"name":"Atelier","item":"https:\/\/telemme.mmsh.fr\/?tribe_events_cat=atelier"},{"@type":"ListItem","position":4,"name":"ALTER M\u00e9diterran\u00e9e"}]},{"@type":"WebSite","@id":"https:\/\/telemme.mmsh.fr\/#website","url":"https:\/\/telemme.mmsh.fr\/","name":"TELEMMe - Temps, espaces, langages, Europe m\u00e9ridionale, M\u00e9diterran\u00e9e","description":"","publisher":{"@id":"https:\/\/telemme.mmsh.fr\/#organization"},"potentialAction":[{"@type":"SearchAction","target":{"@type":"EntryPoint","urlTemplate":"https:\/\/telemme.mmsh.fr\/?s={search_term_string}"},"query-input":{"@type":"PropertyValueSpecification","valueRequired":true,"valueName":"search_term_string"}}],"inLanguage":"fr-FR"},{"@type":"Organization","@id":"https:\/\/telemme.mmsh.fr\/#organization","name":"TELEMMe","url":"https:\/\/telemme.mmsh.fr\/","logo":{"@type":"ImageObject","inLanguage":"fr-FR","@id":"https:\/\/telemme.mmsh.fr\/#\/schema\/logo\/image\/","url":"https:\/\/telemme.mmsh.fr\/wp-content\/uploads\/2020\/03\/LogoTELEMMe-horizontal-fond-transparent.png","contentUrl":"https:\/\/telemme.mmsh.fr\/wp-content\/uploads\/2020\/03\/LogoTELEMMe-horizontal-fond-transparent.png","width":1500,"height":437,"caption":"TELEMMe"},"image":{"@id":"https:\/\/telemme.mmsh.fr\/#\/schema\/logo\/image\/"}}]}},"_links":{"self":[{"href":"https:\/\/telemme.mmsh.fr\/index.php?rest_route=\/wp\/v2\/tribe_events\/16429","targetHints":{"allow":["GET"]}}],"collection":[{"href":"https:\/\/telemme.mmsh.fr\/index.php?rest_route=\/wp\/v2\/tribe_events"}],"about":[{"href":"https:\/\/telemme.mmsh.fr\/index.php?rest_route=\/wp\/v2\/types\/tribe_events"}],"author":[{"embeddable":true,"href":"https:\/\/telemme.mmsh.fr\/index.php?rest_route=\/wp\/v2\/users\/6"}],"version-history":[{"count":2,"href":"https:\/\/telemme.mmsh.fr\/index.php?rest_route=\/wp\/v2\/tribe_events\/16429\/revisions"}],"predecessor-version":[{"id":16432,"href":"https:\/\/telemme.mmsh.fr\/index.php?rest_route=\/wp\/v2\/tribe_events\/16429\/revisions\/16432"}],"wp:attachment":[{"href":"https:\/\/telemme.mmsh.fr\/index.php?rest_route=%2Fwp%2Fv2%2Fmedia&parent=16429"}],"wp:term":[{"taxonomy":"post_tag","embeddable":true,"href":"https:\/\/telemme.mmsh.fr\/index.php?rest_route=%2Fwp%2Fv2%2Ftags&post=16429"},{"taxonomy":"tribe_events_cat","embeddable":true,"href":"https:\/\/telemme.mmsh.fr\/index.php?rest_route=%2Fwp%2Fv2%2Ftribe_events_cat&post=16429"}],"curies":[{"name":"wp","href":"https:\/\/api.w.org\/{rel}","templated":true}]}}