{"id":16133,"date":"2025-11-17T18:06:17","date_gmt":"2025-11-17T17:06:17","guid":{"rendered":"https:\/\/telemme.mmsh.fr\/?post_type=tribe_events&#038;p=16133"},"modified":"2025-11-21T11:01:03","modified_gmt":"2025-11-21T10:01:03","slug":"archivage-du-web-et-science-ouverte","status":"publish","type":"tribe_events","link":"https:\/\/telemme.mmsh.fr\/?tribe_events=archivage-du-web-et-science-ouverte","title":{"rendered":"Archivage du web et science ouverte"},"content":{"rendered":"<p>Une s\u00e9ance du s\u00e9minaire science ouverte \u00e0 TELEMMe co-organis\u00e9e avec le weblab de l&rsquo;atelier Visual studies et humanit\u00e9s num\u00e9riques<\/p>\n<p>Pour cette s\u00e9ance, nous accueillons A\u00efda Chebbi, ma\u00eetre-assistante en sciences de l&rsquo;information \u00e0 l&rsquo;Institut sup\u00e9rieur de documentation de l&rsquo;universit\u00e9 La Manouba, Tunis. Sophie Gebeil et A\u00efda Chebbi discuteront autour des enjeux de l&rsquo;archivage du web dans le cadre de l&rsquo;ouverture de la science et de l&rsquo;\u00e9conomie mondiale des connaissances.<\/p>\n<p><a href=\"https:\/\/telemme.mmsh.fr\/?evenement=archivage-du-web-et-science-ouverte\"><strong>Programme complet<\/strong><\/a><\/p>\n<p>&nbsp;<\/p>\n","protected":false},"excerpt":{"rendered":"<p>Une s\u00e9ance du s\u00e9minaire science ouverte \u00e0 TELEMMe co-organis\u00e9e avec le weblab de l&rsquo;atelier Visual studies et humanit\u00e9s num\u00e9riques Pour cette s\u00e9ance, nous accueillons A\u00efda Chebbi, ma\u00eetre-assistante en sciences de&hellip;&nbsp;<a href=\"https:\/\/telemme.mmsh.fr\/?tribe_events=archivage-du-web-et-science-ouverte\" rel=\"bookmark\">Lire la suite &raquo;<span class=\"screen-reader-text\">Archivage du web et science ouverte<\/span><\/a><\/p>\n","protected":false},"author":6,"featured_media":16140,"template":"","meta":{"neve_meta_sidebar":"","neve_meta_container":"","neve_meta_enable_content_width":"","neve_meta_content_width":0,"neve_meta_title_alignment":"","neve_meta_author_avatar":"","neve_post_elements_order":"","neve_meta_disable_header":"","neve_meta_disable_footer":"","neve_meta_disable_title":"","_tribe_events_status":"","_tribe_events_status_reason":"","footnotes":""},"tags":[2969,2854,3001],"tribe_events_cat":[1831],"class_list":["post-16133","tribe_events","type-tribe_events","status-publish","has-post-thumbnail","hentry","tag-atelier-science-ouverte-a-telemme","tag-visual-studies-et-humanites-numeriques","tag-weblab","tribe_events_cat-seminaire","cat_seminaire"],"yoast_head":"<!-- This site is optimized with the Yoast SEO plugin v27.4 - https:\/\/yoast.com\/product\/yoast-seo-wordpress\/ -->\n<title>Archivage du web et science ouverte - TELEMMe - Temps, espaces, langages, Europe m\u00e9ridionale, M\u00e9diterran\u00e9e<\/title>\n<meta name=\"robots\" content=\"index, follow, max-snippet:-1, max-image-preview:large, max-video-preview:-1\" \/>\n<link rel=\"canonical\" href=\"https:\/\/telemme.mmsh.fr\/?tribe_events=archivage-du-web-et-science-ouverte\" \/>\n<meta property=\"og:locale\" content=\"fr_FR\" \/>\n<meta property=\"og:type\" content=\"article\" \/>\n<meta property=\"og:title\" content=\"Archivage du web et science ouverte - TELEMMe - Temps, espaces, langages, Europe m\u00e9ridionale, M\u00e9diterran\u00e9e\" \/>\n<meta property=\"og:description\" content=\"Une s\u00e9ance du s\u00e9minaire science ouverte \u00e0 TELEMMe co-organis\u00e9e avec le weblab de l&rsquo;atelier Visual studies et humanit\u00e9s num\u00e9riques Pour cette s\u00e9ance, nous accueillons A\u00efda Chebbi, ma\u00eetre-assistante en sciences de&hellip;&nbsp;Lire la suite &raquo;Archivage du web et science ouverte\" \/>\n<meta property=\"og:url\" content=\"https:\/\/telemme.mmsh.fr\/?tribe_events=archivage-du-web-et-science-ouverte\" \/>\n<meta property=\"og:site_name\" content=\"TELEMMe - Temps, espaces, langages, Europe m\u00e9ridionale, M\u00e9diterran\u00e9e\" \/>\n<meta property=\"article:modified_time\" content=\"2025-11-21T10:01:03+00:00\" \/>\n<meta property=\"og:image\" content=\"https:\/\/telemme.mmsh.fr\/wp-content\/uploads\/2025\/11\/2013.06.24_InternetArchive_Wikipedia_SO.png\" \/>\n\t<meta property=\"og:image:width\" content=\"800\" \/>\n\t<meta property=\"og:image:height\" content=\"399\" \/>\n\t<meta property=\"og:image:type\" content=\"image\/png\" \/>\n<meta name=\"twitter:card\" content=\"summary_large_image\" \/>\n<script type=\"application\/ld+json\" class=\"yoast-schema-graph\">{\"@context\":\"https:\\\/\\\/schema.org\",\"@graph\":[{\"@type\":\"WebPage\",\"@id\":\"https:\\\/\\\/telemme.mmsh.fr\\\/?tribe_events=archivage-du-web-et-science-ouverte\",\"url\":\"https:\\\/\\\/telemme.mmsh.fr\\\/?tribe_events=archivage-du-web-et-science-ouverte\",\"name\":\"Archivage du web et science ouverte - TELEMMe - Temps, espaces, langages, Europe m\u00e9ridionale, M\u00e9diterran\u00e9e\",\"isPartOf\":{\"@id\":\"https:\\\/\\\/telemme.mmsh.fr\\\/#website\"},\"primaryImageOfPage\":{\"@id\":\"https:\\\/\\\/telemme.mmsh.fr\\\/?tribe_events=archivage-du-web-et-science-ouverte#primaryimage\"},\"image\":{\"@id\":\"https:\\\/\\\/telemme.mmsh.fr\\\/?tribe_events=archivage-du-web-et-science-ouverte#primaryimage\"},\"thumbnailUrl\":\"https:\\\/\\\/telemme.mmsh.fr\\\/wp-content\\\/uploads\\\/2025\\\/11\\\/2013.06.24_InternetArchive_Wikipedia_SO.png\",\"datePublished\":\"2025-11-17T17:06:17+00:00\",\"dateModified\":\"2025-11-21T10:01:03+00:00\",\"breadcrumb\":{\"@id\":\"https:\\\/\\\/telemme.mmsh.fr\\\/?tribe_events=archivage-du-web-et-science-ouverte#breadcrumb\"},\"inLanguage\":\"fr-FR\",\"potentialAction\":[{\"@type\":\"ReadAction\",\"target\":[\"https:\\\/\\\/telemme.mmsh.fr\\\/?tribe_events=archivage-du-web-et-science-ouverte\"]}]},{\"@type\":\"ImageObject\",\"inLanguage\":\"fr-FR\",\"@id\":\"https:\\\/\\\/telemme.mmsh.fr\\\/?tribe_events=archivage-du-web-et-science-ouverte#primaryimage\",\"url\":\"https:\\\/\\\/telemme.mmsh.fr\\\/wp-content\\\/uploads\\\/2025\\\/11\\\/2013.06.24_InternetArchive_Wikipedia_SO.png\",\"contentUrl\":\"https:\\\/\\\/telemme.mmsh.fr\\\/wp-content\\\/uploads\\\/2025\\\/11\\\/2013.06.24_InternetArchive_Wikipedia_SO.png\",\"width\":800,\"height\":399,\"caption\":\"24 juin 2013 : premi\u00e8re occurrence de la page \\\"Science ouverte\\\" dans Wikipedia francophone sur Internet archive. https:\\\/\\\/web.archive.org\\\/web\\\/20130624230651\\\/https:\\\/\\\/fr.wikipedia.org\\\/wiki\\\/Science_ouverte\"},{\"@type\":\"BreadcrumbList\",\"@id\":\"https:\\\/\\\/telemme.mmsh.fr\\\/?tribe_events=archivage-du-web-et-science-ouverte#breadcrumb\",\"itemListElement\":[{\"@type\":\"ListItem\",\"position\":1,\"name\":\"Accueil\",\"item\":\"https:\\\/\\\/telemme.mmsh.fr\\\/\"},{\"@type\":\"ListItem\",\"position\":2,\"name\":\"\u00c9v\u00e8nements\",\"item\":\"https:\\\/\\\/telemme.mmsh.fr\\\/?post_type=tribe_events\"},{\"@type\":\"ListItem\",\"position\":3,\"name\":\"S\u00e9minaire\",\"item\":\"https:\\\/\\\/telemme.mmsh.fr\\\/?tribe_events_cat=seminaire\"},{\"@type\":\"ListItem\",\"position\":4,\"name\":\"Archivage du web et science ouverte\"}]},{\"@type\":\"WebSite\",\"@id\":\"https:\\\/\\\/telemme.mmsh.fr\\\/#website\",\"url\":\"https:\\\/\\\/telemme.mmsh.fr\\\/\",\"name\":\"TELEMMe - Temps, espaces, langages, Europe m\u00e9ridionale, M\u00e9diterran\u00e9e\",\"description\":\"\",\"publisher\":{\"@id\":\"https:\\\/\\\/telemme.mmsh.fr\\\/#organization\"},\"potentialAction\":[{\"@type\":\"SearchAction\",\"target\":{\"@type\":\"EntryPoint\",\"urlTemplate\":\"https:\\\/\\\/telemme.mmsh.fr\\\/?s={search_term_string}\"},\"query-input\":{\"@type\":\"PropertyValueSpecification\",\"valueRequired\":true,\"valueName\":\"search_term_string\"}}],\"inLanguage\":\"fr-FR\"},{\"@type\":\"Organization\",\"@id\":\"https:\\\/\\\/telemme.mmsh.fr\\\/#organization\",\"name\":\"TELEMMe\",\"url\":\"https:\\\/\\\/telemme.mmsh.fr\\\/\",\"logo\":{\"@type\":\"ImageObject\",\"inLanguage\":\"fr-FR\",\"@id\":\"https:\\\/\\\/telemme.mmsh.fr\\\/#\\\/schema\\\/logo\\\/image\\\/\",\"url\":\"https:\\\/\\\/telemme.mmsh.fr\\\/wp-content\\\/uploads\\\/2020\\\/03\\\/LogoTELEMMe-horizontal-fond-transparent.png\",\"contentUrl\":\"https:\\\/\\\/telemme.mmsh.fr\\\/wp-content\\\/uploads\\\/2020\\\/03\\\/LogoTELEMMe-horizontal-fond-transparent.png\",\"width\":1500,\"height\":437,\"caption\":\"TELEMMe\"},\"image\":{\"@id\":\"https:\\\/\\\/telemme.mmsh.fr\\\/#\\\/schema\\\/logo\\\/image\\\/\"}}]}<\/script>\n<!-- \/ Yoast SEO plugin. -->","yoast_head_json":{"title":"Archivage du web et science ouverte - TELEMMe - Temps, espaces, langages, Europe m\u00e9ridionale, M\u00e9diterran\u00e9e","robots":{"index":"index","follow":"follow","max-snippet":"max-snippet:-1","max-image-preview":"max-image-preview:large","max-video-preview":"max-video-preview:-1"},"canonical":"https:\/\/telemme.mmsh.fr\/?tribe_events=archivage-du-web-et-science-ouverte","og_locale":"fr_FR","og_type":"article","og_title":"Archivage du web et science ouverte - TELEMMe - Temps, espaces, langages, Europe m\u00e9ridionale, M\u00e9diterran\u00e9e","og_description":"Une s\u00e9ance du s\u00e9minaire science ouverte \u00e0 TELEMMe co-organis\u00e9e avec le weblab de l&rsquo;atelier Visual studies et humanit\u00e9s num\u00e9riques Pour cette s\u00e9ance, nous accueillons A\u00efda Chebbi, ma\u00eetre-assistante en sciences de&hellip;&nbsp;Lire la suite &raquo;Archivage du web et science ouverte","og_url":"https:\/\/telemme.mmsh.fr\/?tribe_events=archivage-du-web-et-science-ouverte","og_site_name":"TELEMMe - Temps, espaces, langages, Europe m\u00e9ridionale, M\u00e9diterran\u00e9e","article_modified_time":"2025-11-21T10:01:03+00:00","og_image":[{"width":800,"height":399,"url":"https:\/\/telemme.mmsh.fr\/wp-content\/uploads\/2025\/11\/2013.06.24_InternetArchive_Wikipedia_SO.png","type":"image\/png"}],"twitter_card":"summary_large_image","schema":{"@context":"https:\/\/schema.org","@graph":[{"@type":"WebPage","@id":"https:\/\/telemme.mmsh.fr\/?tribe_events=archivage-du-web-et-science-ouverte","url":"https:\/\/telemme.mmsh.fr\/?tribe_events=archivage-du-web-et-science-ouverte","name":"Archivage du web et science ouverte - TELEMMe - Temps, espaces, langages, Europe m\u00e9ridionale, M\u00e9diterran\u00e9e","isPartOf":{"@id":"https:\/\/telemme.mmsh.fr\/#website"},"primaryImageOfPage":{"@id":"https:\/\/telemme.mmsh.fr\/?tribe_events=archivage-du-web-et-science-ouverte#primaryimage"},"image":{"@id":"https:\/\/telemme.mmsh.fr\/?tribe_events=archivage-du-web-et-science-ouverte#primaryimage"},"thumbnailUrl":"https:\/\/telemme.mmsh.fr\/wp-content\/uploads\/2025\/11\/2013.06.24_InternetArchive_Wikipedia_SO.png","datePublished":"2025-11-17T17:06:17+00:00","dateModified":"2025-11-21T10:01:03+00:00","breadcrumb":{"@id":"https:\/\/telemme.mmsh.fr\/?tribe_events=archivage-du-web-et-science-ouverte#breadcrumb"},"inLanguage":"fr-FR","potentialAction":[{"@type":"ReadAction","target":["https:\/\/telemme.mmsh.fr\/?tribe_events=archivage-du-web-et-science-ouverte"]}]},{"@type":"ImageObject","inLanguage":"fr-FR","@id":"https:\/\/telemme.mmsh.fr\/?tribe_events=archivage-du-web-et-science-ouverte#primaryimage","url":"https:\/\/telemme.mmsh.fr\/wp-content\/uploads\/2025\/11\/2013.06.24_InternetArchive_Wikipedia_SO.png","contentUrl":"https:\/\/telemme.mmsh.fr\/wp-content\/uploads\/2025\/11\/2013.06.24_InternetArchive_Wikipedia_SO.png","width":800,"height":399,"caption":"24 juin 2013 : premi\u00e8re occurrence de la page \"Science ouverte\" dans Wikipedia francophone sur Internet archive. https:\/\/web.archive.org\/web\/20130624230651\/https:\/\/fr.wikipedia.org\/wiki\/Science_ouverte"},{"@type":"BreadcrumbList","@id":"https:\/\/telemme.mmsh.fr\/?tribe_events=archivage-du-web-et-science-ouverte#breadcrumb","itemListElement":[{"@type":"ListItem","position":1,"name":"Accueil","item":"https:\/\/telemme.mmsh.fr\/"},{"@type":"ListItem","position":2,"name":"\u00c9v\u00e8nements","item":"https:\/\/telemme.mmsh.fr\/?post_type=tribe_events"},{"@type":"ListItem","position":3,"name":"S\u00e9minaire","item":"https:\/\/telemme.mmsh.fr\/?tribe_events_cat=seminaire"},{"@type":"ListItem","position":4,"name":"Archivage du web et science ouverte"}]},{"@type":"WebSite","@id":"https:\/\/telemme.mmsh.fr\/#website","url":"https:\/\/telemme.mmsh.fr\/","name":"TELEMMe - Temps, espaces, langages, Europe m\u00e9ridionale, M\u00e9diterran\u00e9e","description":"","publisher":{"@id":"https:\/\/telemme.mmsh.fr\/#organization"},"potentialAction":[{"@type":"SearchAction","target":{"@type":"EntryPoint","urlTemplate":"https:\/\/telemme.mmsh.fr\/?s={search_term_string}"},"query-input":{"@type":"PropertyValueSpecification","valueRequired":true,"valueName":"search_term_string"}}],"inLanguage":"fr-FR"},{"@type":"Organization","@id":"https:\/\/telemme.mmsh.fr\/#organization","name":"TELEMMe","url":"https:\/\/telemme.mmsh.fr\/","logo":{"@type":"ImageObject","inLanguage":"fr-FR","@id":"https:\/\/telemme.mmsh.fr\/#\/schema\/logo\/image\/","url":"https:\/\/telemme.mmsh.fr\/wp-content\/uploads\/2020\/03\/LogoTELEMMe-horizontal-fond-transparent.png","contentUrl":"https:\/\/telemme.mmsh.fr\/wp-content\/uploads\/2020\/03\/LogoTELEMMe-horizontal-fond-transparent.png","width":1500,"height":437,"caption":"TELEMMe"},"image":{"@id":"https:\/\/telemme.mmsh.fr\/#\/schema\/logo\/image\/"}}]}},"_links":{"self":[{"href":"https:\/\/telemme.mmsh.fr\/index.php?rest_route=\/wp\/v2\/tribe_events\/16133","targetHints":{"allow":["GET"]}}],"collection":[{"href":"https:\/\/telemme.mmsh.fr\/index.php?rest_route=\/wp\/v2\/tribe_events"}],"about":[{"href":"https:\/\/telemme.mmsh.fr\/index.php?rest_route=\/wp\/v2\/types\/tribe_events"}],"author":[{"embeddable":true,"href":"https:\/\/telemme.mmsh.fr\/index.php?rest_route=\/wp\/v2\/users\/6"}],"version-history":[{"count":6,"href":"https:\/\/telemme.mmsh.fr\/index.php?rest_route=\/wp\/v2\/tribe_events\/16133\/revisions"}],"predecessor-version":[{"id":16148,"href":"https:\/\/telemme.mmsh.fr\/index.php?rest_route=\/wp\/v2\/tribe_events\/16133\/revisions\/16148"}],"wp:featuredmedia":[{"embeddable":true,"href":"https:\/\/telemme.mmsh.fr\/index.php?rest_route=\/wp\/v2\/media\/16140"}],"wp:attachment":[{"href":"https:\/\/telemme.mmsh.fr\/index.php?rest_route=%2Fwp%2Fv2%2Fmedia&parent=16133"}],"wp:term":[{"taxonomy":"post_tag","embeddable":true,"href":"https:\/\/telemme.mmsh.fr\/index.php?rest_route=%2Fwp%2Fv2%2Ftags&post=16133"},{"taxonomy":"tribe_events_cat","embeddable":true,"href":"https:\/\/telemme.mmsh.fr\/index.php?rest_route=%2Fwp%2Fv2%2Ftribe_events_cat&post=16133"}],"curies":[{"name":"wp","href":"https:\/\/api.w.org\/{rel}","templated":true}]}}