{"id":16130,"date":"2025-11-17T16:42:21","date_gmt":"2025-11-17T15:42:21","guid":{"rendered":"https:\/\/telemme.mmsh.fr\/?post_type=tribe_events&#038;p=16130"},"modified":"2025-11-17T16:43:42","modified_gmt":"2025-11-17T15:43:42","slug":"les-donnees-issues-du-web-ressources-et-utilisations","status":"publish","type":"tribe_events","link":"https:\/\/telemme.mmsh.fr\/?tribe_events=les-donnees-issues-du-web-ressources-et-utilisations","title":{"rendered":"Les donn\u00e9es issues du web : ressources et utilisations"},"content":{"rendered":"<p><strong>Organisation<\/strong> : S. Gebeil (Atelier Visual studies et humanit\u00e9s num\u00e9riques en M\u00e9diterran\u00e9e \u2013 WebLab) et\u00a0\u00a0C. De Belsunce (PUD AMU)<\/p>\n<p>Demi-journ\u00e9e co-organis\u00e9e par le WebLab, coord. \u00a0J.-C. Peyssard (M\u00e9diath\u00e8que MMSH UAR 3125 AMU-CNRS) et S. Gebeil \u00a0(UMR7303 TELEMMe AMU-CNRS, Institut Universitaire de France IUF) dans le cadre de la Semaine DATA SHS PUD AMU org. C. De Belsunce.<\/p>\n<p>Lien :\u00a0<a href=\"https:\/\/progedo.hypotheses.org\/10312\">https:\/\/progedo.hypotheses.org\/10312\u00a0<\/a><\/p>\n<p><a href=\"https:\/\/telemme.mmsh.fr\/?evenement=les-donnees-issues-du-web-ressources-et-utilisations\"><strong>Programme complet<\/strong><\/a><\/p>\n","protected":false},"excerpt":{"rendered":"<p>Organisation : S. Gebeil (Atelier Visual studies et humanit\u00e9s num\u00e9riques en M\u00e9diterran\u00e9e \u2013 WebLab) et\u00a0\u00a0C. De Belsunce (PUD AMU) Demi-journ\u00e9e co-organis\u00e9e par le WebLab, coord. \u00a0J.-C. Peyssard (M\u00e9diath\u00e8que MMSH UAR&hellip;&nbsp;<a href=\"https:\/\/telemme.mmsh.fr\/?tribe_events=les-donnees-issues-du-web-ressources-et-utilisations\" rel=\"bookmark\">Lire la suite &raquo;<span class=\"screen-reader-text\">Les donn\u00e9es issues du web : ressources et utilisations<\/span><\/a><\/p>\n","protected":false},"author":6,"featured_media":15456,"template":"","meta":{"neve_meta_sidebar":"","neve_meta_container":"","neve_meta_enable_content_width":"","neve_meta_content_width":0,"neve_meta_title_alignment":"","neve_meta_author_avatar":"","neve_post_elements_order":"","neve_meta_disable_header":"","neve_meta_disable_footer":"","neve_meta_disable_title":"","_tribe_events_status":"","_tribe_events_status_reason":"","footnotes":""},"tags":[2854,3001],"tribe_events_cat":[1823],"class_list":["post-16130","tribe_events","type-tribe_events","status-publish","has-post-thumbnail","hentry","tag-visual-studies-et-humanites-numeriques","tag-weblab","tribe_events_cat-journee-detudes","cat_journee-detudes"],"yoast_head":"<!-- This site is optimized with the Yoast SEO plugin v27.4 - https:\/\/yoast.com\/product\/yoast-seo-wordpress\/ -->\n<title>Les donn\u00e9es issues du web : ressources et utilisations - TELEMMe - Temps, espaces, langages, Europe m\u00e9ridionale, M\u00e9diterran\u00e9e<\/title>\n<meta name=\"robots\" content=\"index, follow, max-snippet:-1, max-image-preview:large, max-video-preview:-1\" \/>\n<link rel=\"canonical\" href=\"https:\/\/telemme.mmsh.fr\/?tribe_events=les-donnees-issues-du-web-ressources-et-utilisations\" \/>\n<meta property=\"og:locale\" content=\"fr_FR\" \/>\n<meta property=\"og:type\" content=\"article\" \/>\n<meta property=\"og:title\" content=\"Les donn\u00e9es issues du web : ressources et utilisations - TELEMMe - Temps, espaces, langages, Europe m\u00e9ridionale, M\u00e9diterran\u00e9e\" \/>\n<meta property=\"og:description\" content=\"Organisation : S. Gebeil (Atelier Visual studies et humanit\u00e9s num\u00e9riques en M\u00e9diterran\u00e9e \u2013 WebLab) et\u00a0\u00a0C. De Belsunce (PUD AMU) Demi-journ\u00e9e co-organis\u00e9e par le WebLab, coord. \u00a0J.-C. Peyssard (M\u00e9diath\u00e8que MMSH UAR&hellip;&nbsp;Lire la suite &raquo;Les donn\u00e9es issues du web : ressources et utilisations\" \/>\n<meta property=\"og:url\" content=\"https:\/\/telemme.mmsh.fr\/?tribe_events=les-donnees-issues-du-web-ressources-et-utilisations\" \/>\n<meta property=\"og:site_name\" content=\"TELEMMe - Temps, espaces, langages, Europe m\u00e9ridionale, M\u00e9diterran\u00e9e\" \/>\n<meta property=\"article:modified_time\" content=\"2025-11-17T15:43:42+00:00\" \/>\n<meta property=\"og:image\" content=\"https:\/\/telemme.mmsh.fr\/wp-content\/uploads\/2025\/04\/Picture.png\" \/>\n\t<meta property=\"og:image:width\" content=\"462\" \/>\n\t<meta property=\"og:image:height\" content=\"347\" \/>\n\t<meta property=\"og:image:type\" content=\"image\/png\" \/>\n<meta name=\"twitter:card\" content=\"summary_large_image\" \/>\n<script type=\"application\/ld+json\" class=\"yoast-schema-graph\">{\"@context\":\"https:\\\/\\\/schema.org\",\"@graph\":[{\"@type\":\"WebPage\",\"@id\":\"https:\\\/\\\/telemme.mmsh.fr\\\/?tribe_events=les-donnees-issues-du-web-ressources-et-utilisations\",\"url\":\"https:\\\/\\\/telemme.mmsh.fr\\\/?tribe_events=les-donnees-issues-du-web-ressources-et-utilisations\",\"name\":\"Les donn\u00e9es issues du web : ressources et utilisations - TELEMMe - Temps, espaces, langages, Europe m\u00e9ridionale, M\u00e9diterran\u00e9e\",\"isPartOf\":{\"@id\":\"https:\\\/\\\/telemme.mmsh.fr\\\/#website\"},\"primaryImageOfPage\":{\"@id\":\"https:\\\/\\\/telemme.mmsh.fr\\\/?tribe_events=les-donnees-issues-du-web-ressources-et-utilisations#primaryimage\"},\"image\":{\"@id\":\"https:\\\/\\\/telemme.mmsh.fr\\\/?tribe_events=les-donnees-issues-du-web-ressources-et-utilisations#primaryimage\"},\"thumbnailUrl\":\"https:\\\/\\\/telemme.mmsh.fr\\\/wp-content\\\/uploads\\\/2025\\\/04\\\/Picture.png\",\"datePublished\":\"2025-11-17T15:42:21+00:00\",\"dateModified\":\"2025-11-17T15:43:42+00:00\",\"breadcrumb\":{\"@id\":\"https:\\\/\\\/telemme.mmsh.fr\\\/?tribe_events=les-donnees-issues-du-web-ressources-et-utilisations#breadcrumb\"},\"inLanguage\":\"fr-FR\",\"potentialAction\":[{\"@type\":\"ReadAction\",\"target\":[\"https:\\\/\\\/telemme.mmsh.fr\\\/?tribe_events=les-donnees-issues-du-web-ressources-et-utilisations\"]}]},{\"@type\":\"ImageObject\",\"inLanguage\":\"fr-FR\",\"@id\":\"https:\\\/\\\/telemme.mmsh.fr\\\/?tribe_events=les-donnees-issues-du-web-ressources-et-utilisations#primaryimage\",\"url\":\"https:\\\/\\\/telemme.mmsh.fr\\\/wp-content\\\/uploads\\\/2025\\\/04\\\/Picture.png\",\"contentUrl\":\"https:\\\/\\\/telemme.mmsh.fr\\\/wp-content\\\/uploads\\\/2025\\\/04\\\/Picture.png\",\"width\":462,\"height\":347,\"caption\":\"Weblab\"},{\"@type\":\"BreadcrumbList\",\"@id\":\"https:\\\/\\\/telemme.mmsh.fr\\\/?tribe_events=les-donnees-issues-du-web-ressources-et-utilisations#breadcrumb\",\"itemListElement\":[{\"@type\":\"ListItem\",\"position\":1,\"name\":\"Accueil\",\"item\":\"https:\\\/\\\/telemme.mmsh.fr\\\/\"},{\"@type\":\"ListItem\",\"position\":2,\"name\":\"\u00c9v\u00e8nements\",\"item\":\"https:\\\/\\\/telemme.mmsh.fr\\\/?post_type=tribe_events\"},{\"@type\":\"ListItem\",\"position\":3,\"name\":\"Journ\u00e9e d'\u00e9tudes\",\"item\":\"https:\\\/\\\/telemme.mmsh.fr\\\/?tribe_events_cat=journee-detudes\"},{\"@type\":\"ListItem\",\"position\":4,\"name\":\"Les donn\u00e9es issues du web : ressources et utilisations\"}]},{\"@type\":\"WebSite\",\"@id\":\"https:\\\/\\\/telemme.mmsh.fr\\\/#website\",\"url\":\"https:\\\/\\\/telemme.mmsh.fr\\\/\",\"name\":\"TELEMMe - Temps, espaces, langages, Europe m\u00e9ridionale, M\u00e9diterran\u00e9e\",\"description\":\"\",\"publisher\":{\"@id\":\"https:\\\/\\\/telemme.mmsh.fr\\\/#organization\"},\"potentialAction\":[{\"@type\":\"SearchAction\",\"target\":{\"@type\":\"EntryPoint\",\"urlTemplate\":\"https:\\\/\\\/telemme.mmsh.fr\\\/?s={search_term_string}\"},\"query-input\":{\"@type\":\"PropertyValueSpecification\",\"valueRequired\":true,\"valueName\":\"search_term_string\"}}],\"inLanguage\":\"fr-FR\"},{\"@type\":\"Organization\",\"@id\":\"https:\\\/\\\/telemme.mmsh.fr\\\/#organization\",\"name\":\"TELEMMe\",\"url\":\"https:\\\/\\\/telemme.mmsh.fr\\\/\",\"logo\":{\"@type\":\"ImageObject\",\"inLanguage\":\"fr-FR\",\"@id\":\"https:\\\/\\\/telemme.mmsh.fr\\\/#\\\/schema\\\/logo\\\/image\\\/\",\"url\":\"https:\\\/\\\/telemme.mmsh.fr\\\/wp-content\\\/uploads\\\/2020\\\/03\\\/LogoTELEMMe-horizontal-fond-transparent.png\",\"contentUrl\":\"https:\\\/\\\/telemme.mmsh.fr\\\/wp-content\\\/uploads\\\/2020\\\/03\\\/LogoTELEMMe-horizontal-fond-transparent.png\",\"width\":1500,\"height\":437,\"caption\":\"TELEMMe\"},\"image\":{\"@id\":\"https:\\\/\\\/telemme.mmsh.fr\\\/#\\\/schema\\\/logo\\\/image\\\/\"}}]}<\/script>\n<!-- \/ Yoast SEO plugin. -->","yoast_head_json":{"title":"Les donn\u00e9es issues du web : ressources et utilisations - TELEMMe - Temps, espaces, langages, Europe m\u00e9ridionale, M\u00e9diterran\u00e9e","robots":{"index":"index","follow":"follow","max-snippet":"max-snippet:-1","max-image-preview":"max-image-preview:large","max-video-preview":"max-video-preview:-1"},"canonical":"https:\/\/telemme.mmsh.fr\/?tribe_events=les-donnees-issues-du-web-ressources-et-utilisations","og_locale":"fr_FR","og_type":"article","og_title":"Les donn\u00e9es issues du web : ressources et utilisations - TELEMMe - Temps, espaces, langages, Europe m\u00e9ridionale, M\u00e9diterran\u00e9e","og_description":"Organisation : S. Gebeil (Atelier Visual studies et humanit\u00e9s num\u00e9riques en M\u00e9diterran\u00e9e \u2013 WebLab) et\u00a0\u00a0C. De Belsunce (PUD AMU) Demi-journ\u00e9e co-organis\u00e9e par le WebLab, coord. \u00a0J.-C. Peyssard (M\u00e9diath\u00e8que MMSH UAR&hellip;&nbsp;Lire la suite &raquo;Les donn\u00e9es issues du web : ressources et utilisations","og_url":"https:\/\/telemme.mmsh.fr\/?tribe_events=les-donnees-issues-du-web-ressources-et-utilisations","og_site_name":"TELEMMe - Temps, espaces, langages, Europe m\u00e9ridionale, M\u00e9diterran\u00e9e","article_modified_time":"2025-11-17T15:43:42+00:00","og_image":[{"width":462,"height":347,"url":"https:\/\/telemme.mmsh.fr\/wp-content\/uploads\/2025\/04\/Picture.png","type":"image\/png"}],"twitter_card":"summary_large_image","schema":{"@context":"https:\/\/schema.org","@graph":[{"@type":"WebPage","@id":"https:\/\/telemme.mmsh.fr\/?tribe_events=les-donnees-issues-du-web-ressources-et-utilisations","url":"https:\/\/telemme.mmsh.fr\/?tribe_events=les-donnees-issues-du-web-ressources-et-utilisations","name":"Les donn\u00e9es issues du web : ressources et utilisations - TELEMMe - Temps, espaces, langages, Europe m\u00e9ridionale, M\u00e9diterran\u00e9e","isPartOf":{"@id":"https:\/\/telemme.mmsh.fr\/#website"},"primaryImageOfPage":{"@id":"https:\/\/telemme.mmsh.fr\/?tribe_events=les-donnees-issues-du-web-ressources-et-utilisations#primaryimage"},"image":{"@id":"https:\/\/telemme.mmsh.fr\/?tribe_events=les-donnees-issues-du-web-ressources-et-utilisations#primaryimage"},"thumbnailUrl":"https:\/\/telemme.mmsh.fr\/wp-content\/uploads\/2025\/04\/Picture.png","datePublished":"2025-11-17T15:42:21+00:00","dateModified":"2025-11-17T15:43:42+00:00","breadcrumb":{"@id":"https:\/\/telemme.mmsh.fr\/?tribe_events=les-donnees-issues-du-web-ressources-et-utilisations#breadcrumb"},"inLanguage":"fr-FR","potentialAction":[{"@type":"ReadAction","target":["https:\/\/telemme.mmsh.fr\/?tribe_events=les-donnees-issues-du-web-ressources-et-utilisations"]}]},{"@type":"ImageObject","inLanguage":"fr-FR","@id":"https:\/\/telemme.mmsh.fr\/?tribe_events=les-donnees-issues-du-web-ressources-et-utilisations#primaryimage","url":"https:\/\/telemme.mmsh.fr\/wp-content\/uploads\/2025\/04\/Picture.png","contentUrl":"https:\/\/telemme.mmsh.fr\/wp-content\/uploads\/2025\/04\/Picture.png","width":462,"height":347,"caption":"Weblab"},{"@type":"BreadcrumbList","@id":"https:\/\/telemme.mmsh.fr\/?tribe_events=les-donnees-issues-du-web-ressources-et-utilisations#breadcrumb","itemListElement":[{"@type":"ListItem","position":1,"name":"Accueil","item":"https:\/\/telemme.mmsh.fr\/"},{"@type":"ListItem","position":2,"name":"\u00c9v\u00e8nements","item":"https:\/\/telemme.mmsh.fr\/?post_type=tribe_events"},{"@type":"ListItem","position":3,"name":"Journ\u00e9e d'\u00e9tudes","item":"https:\/\/telemme.mmsh.fr\/?tribe_events_cat=journee-detudes"},{"@type":"ListItem","position":4,"name":"Les donn\u00e9es issues du web : ressources et utilisations"}]},{"@type":"WebSite","@id":"https:\/\/telemme.mmsh.fr\/#website","url":"https:\/\/telemme.mmsh.fr\/","name":"TELEMMe - Temps, espaces, langages, Europe m\u00e9ridionale, M\u00e9diterran\u00e9e","description":"","publisher":{"@id":"https:\/\/telemme.mmsh.fr\/#organization"},"potentialAction":[{"@type":"SearchAction","target":{"@type":"EntryPoint","urlTemplate":"https:\/\/telemme.mmsh.fr\/?s={search_term_string}"},"query-input":{"@type":"PropertyValueSpecification","valueRequired":true,"valueName":"search_term_string"}}],"inLanguage":"fr-FR"},{"@type":"Organization","@id":"https:\/\/telemme.mmsh.fr\/#organization","name":"TELEMMe","url":"https:\/\/telemme.mmsh.fr\/","logo":{"@type":"ImageObject","inLanguage":"fr-FR","@id":"https:\/\/telemme.mmsh.fr\/#\/schema\/logo\/image\/","url":"https:\/\/telemme.mmsh.fr\/wp-content\/uploads\/2020\/03\/LogoTELEMMe-horizontal-fond-transparent.png","contentUrl":"https:\/\/telemme.mmsh.fr\/wp-content\/uploads\/2020\/03\/LogoTELEMMe-horizontal-fond-transparent.png","width":1500,"height":437,"caption":"TELEMMe"},"image":{"@id":"https:\/\/telemme.mmsh.fr\/#\/schema\/logo\/image\/"}}]}},"_links":{"self":[{"href":"https:\/\/telemme.mmsh.fr\/index.php?rest_route=\/wp\/v2\/tribe_events\/16130","targetHints":{"allow":["GET"]}}],"collection":[{"href":"https:\/\/telemme.mmsh.fr\/index.php?rest_route=\/wp\/v2\/tribe_events"}],"about":[{"href":"https:\/\/telemme.mmsh.fr\/index.php?rest_route=\/wp\/v2\/types\/tribe_events"}],"author":[{"embeddable":true,"href":"https:\/\/telemme.mmsh.fr\/index.php?rest_route=\/wp\/v2\/users\/6"}],"version-history":[{"count":2,"href":"https:\/\/telemme.mmsh.fr\/index.php?rest_route=\/wp\/v2\/tribe_events\/16130\/revisions"}],"predecessor-version":[{"id":16132,"href":"https:\/\/telemme.mmsh.fr\/index.php?rest_route=\/wp\/v2\/tribe_events\/16130\/revisions\/16132"}],"wp:featuredmedia":[{"embeddable":true,"href":"https:\/\/telemme.mmsh.fr\/index.php?rest_route=\/wp\/v2\/media\/15456"}],"wp:attachment":[{"href":"https:\/\/telemme.mmsh.fr\/index.php?rest_route=%2Fwp%2Fv2%2Fmedia&parent=16130"}],"wp:term":[{"taxonomy":"post_tag","embeddable":true,"href":"https:\/\/telemme.mmsh.fr\/index.php?rest_route=%2Fwp%2Fv2%2Ftags&post=16130"},{"taxonomy":"tribe_events_cat","embeddable":true,"href":"https:\/\/telemme.mmsh.fr\/index.php?rest_route=%2Fwp%2Fv2%2Ftribe_events_cat&post=16130"}],"curies":[{"name":"wp","href":"https:\/\/api.w.org\/{rel}","templated":true}]}}