{"id":16004,"date":"2025-10-09T12:02:56","date_gmt":"2025-10-09T10:02:56","guid":{"rendered":"https:\/\/telemme.mmsh.fr\/?post_type=tribe_events&#038;p=16004"},"modified":"2025-10-21T08:59:29","modified_gmt":"2025-10-21T06:59:29","slug":"les-demarches-agro-environnementales-dans-les-vignobles-mediterraneens-lexemple-de-la-provence","status":"publish","type":"tribe_events","link":"https:\/\/telemme.mmsh.fr\/?tribe_events=les-demarches-agro-environnementales-dans-les-vignobles-mediterraneens-lexemple-de-la-provence","title":{"rendered":"Les d\u00e9marches agro-environnementales dans les vignobles m\u00e9diterran\u00e9ens : l\u2019exemple de la Provence"},"content":{"rendered":"<p>Troisi\u00e8me journ\u00e9e organis\u00e9e autour du th\u00e8me \u00ab Viticulture m\u00e9diterran\u00e9enne et environnement \u00bb, apr\u00e8s les journ\u00e9es organis\u00e9es en 2019 et 2021 \u00e0 la Maison de la Sainte Victoire, cette \u00e9dition se focalise sur les d\u00e9marches agro-environnementales dans le vignoble entre protection, transition environnementale et agro\u00e9cologique dans les pratiques viticoles. La journ\u00e9e est organis\u00e9e sous un triple format avec deux communications, une table ronde et enfin une masterclass avec les \u00e9tudiants du master 2 TSA, Territoire, soci\u00e9t\u00e9, am\u00e9nagement.<\/p>\n<p><a href=\"https:\/\/telemme.mmsh.fr\/?evenement=les-demarches-agro-environnementales-dans-les-vignobles-mediterraneens-lexemple-de-la-provence\"><strong>Programme complet<\/strong><\/a><\/p>\n","protected":false},"excerpt":{"rendered":"<p>Troisi\u00e8me journ\u00e9e organis\u00e9e autour du th\u00e8me \u00ab Viticulture m\u00e9diterran\u00e9enne et environnement \u00bb, apr\u00e8s les journ\u00e9es organis\u00e9es en 2019 et 2021 \u00e0 la Maison de la Sainte Victoire, cette \u00e9dition se&hellip;&nbsp;<a href=\"https:\/\/telemme.mmsh.fr\/?tribe_events=les-demarches-agro-environnementales-dans-les-vignobles-mediterraneens-lexemple-de-la-provence\" rel=\"bookmark\">Lire la suite &raquo;<span class=\"screen-reader-text\">Les d\u00e9marches agro-environnementales dans les vignobles m\u00e9diterran\u00e9ens : l\u2019exemple de la Provence<\/span><\/a><\/p>\n","protected":false},"author":6,"featured_media":3712,"template":"","meta":{"neve_meta_sidebar":"","neve_meta_container":"","neve_meta_enable_content_width":"","neve_meta_content_width":0,"neve_meta_title_alignment":"","neve_meta_author_avatar":"","neve_post_elements_order":"","neve_meta_disable_header":"","neve_meta_disable_footer":"","neve_meta_disable_title":"","_tribe_events_status":"","_tribe_events_status_reason":"","footnotes":""},"tags":[2742,2942],"tribe_events_cat":[1823],"class_list":["post-16004","tribe_events","type-tribe_events","status-publish","has-post-thumbnail","hentry","tag-3-2-altermetropolisation","tag-observatoire-du-developpement-local","tribe_events_cat-journee-detudes","cat_journee-detudes"],"yoast_head":"<!-- This site is optimized with the Yoast SEO plugin v27.4 - https:\/\/yoast.com\/product\/yoast-seo-wordpress\/ -->\n<title>Les d\u00e9marches agro-environnementales dans les vignobles m\u00e9diterran\u00e9ens : l\u2019exemple de la Provence - TELEMMe - Temps, espaces, langages, Europe m\u00e9ridionale, M\u00e9diterran\u00e9e<\/title>\n<meta name=\"robots\" content=\"index, follow, max-snippet:-1, max-image-preview:large, max-video-preview:-1\" \/>\n<link rel=\"canonical\" href=\"https:\/\/telemme.mmsh.fr\/?tribe_events=les-demarches-agro-environnementales-dans-les-vignobles-mediterraneens-lexemple-de-la-provence\" \/>\n<meta property=\"og:locale\" content=\"fr_FR\" \/>\n<meta property=\"og:type\" content=\"article\" \/>\n<meta property=\"og:title\" content=\"Les d\u00e9marches agro-environnementales dans les vignobles m\u00e9diterran\u00e9ens : l\u2019exemple de la Provence - TELEMMe - Temps, espaces, langages, Europe m\u00e9ridionale, M\u00e9diterran\u00e9e\" \/>\n<meta property=\"og:description\" content=\"Troisi\u00e8me journ\u00e9e organis\u00e9e autour du th\u00e8me \u00ab Viticulture m\u00e9diterran\u00e9enne et environnement \u00bb, apr\u00e8s les journ\u00e9es organis\u00e9es en 2019 et 2021 \u00e0 la Maison de la Sainte Victoire, cette \u00e9dition se&hellip;&nbsp;Lire la suite &raquo;Les d\u00e9marches agro-environnementales dans les vignobles m\u00e9diterran\u00e9ens : l\u2019exemple de la Provence\" \/>\n<meta property=\"og:url\" content=\"https:\/\/telemme.mmsh.fr\/?tribe_events=les-demarches-agro-environnementales-dans-les-vignobles-mediterraneens-lexemple-de-la-provence\" \/>\n<meta property=\"og:site_name\" content=\"TELEMMe - Temps, espaces, langages, Europe m\u00e9ridionale, M\u00e9diterran\u00e9e\" \/>\n<meta property=\"article:modified_time\" content=\"2025-10-21T06:59:29+00:00\" \/>\n<meta property=\"og:image\" content=\"https:\/\/telemme.mmsh.fr\/wp-content\/uploads\/2019\/12\/vins-sainte-victoire080-light2.jpg\" \/>\n\t<meta property=\"og:image:width\" content=\"500\" \/>\n\t<meta property=\"og:image:height\" content=\"333\" \/>\n\t<meta property=\"og:image:type\" content=\"image\/jpeg\" \/>\n<meta name=\"twitter:card\" content=\"summary_large_image\" \/>\n<script type=\"application\/ld+json\" class=\"yoast-schema-graph\">{\"@context\":\"https:\\\/\\\/schema.org\",\"@graph\":[{\"@type\":\"WebPage\",\"@id\":\"https:\\\/\\\/telemme.mmsh.fr\\\/?tribe_events=les-demarches-agro-environnementales-dans-les-vignobles-mediterraneens-lexemple-de-la-provence\",\"url\":\"https:\\\/\\\/telemme.mmsh.fr\\\/?tribe_events=les-demarches-agro-environnementales-dans-les-vignobles-mediterraneens-lexemple-de-la-provence\",\"name\":\"Les d\u00e9marches agro-environnementales dans les vignobles m\u00e9diterran\u00e9ens : l\u2019exemple de la Provence - TELEMMe - Temps, espaces, langages, Europe m\u00e9ridionale, M\u00e9diterran\u00e9e\",\"isPartOf\":{\"@id\":\"https:\\\/\\\/telemme.mmsh.fr\\\/#website\"},\"primaryImageOfPage\":{\"@id\":\"https:\\\/\\\/telemme.mmsh.fr\\\/?tribe_events=les-demarches-agro-environnementales-dans-les-vignobles-mediterraneens-lexemple-de-la-provence#primaryimage\"},\"image\":{\"@id\":\"https:\\\/\\\/telemme.mmsh.fr\\\/?tribe_events=les-demarches-agro-environnementales-dans-les-vignobles-mediterraneens-lexemple-de-la-provence#primaryimage\"},\"thumbnailUrl\":\"https:\\\/\\\/telemme.mmsh.fr\\\/wp-content\\\/uploads\\\/2019\\\/12\\\/vins-sainte-victoire080-light2.jpg\",\"datePublished\":\"2025-10-09T10:02:56+00:00\",\"dateModified\":\"2025-10-21T06:59:29+00:00\",\"breadcrumb\":{\"@id\":\"https:\\\/\\\/telemme.mmsh.fr\\\/?tribe_events=les-demarches-agro-environnementales-dans-les-vignobles-mediterraneens-lexemple-de-la-provence#breadcrumb\"},\"inLanguage\":\"fr-FR\",\"potentialAction\":[{\"@type\":\"ReadAction\",\"target\":[\"https:\\\/\\\/telemme.mmsh.fr\\\/?tribe_events=les-demarches-agro-environnementales-dans-les-vignobles-mediterraneens-lexemple-de-la-provence\"]}]},{\"@type\":\"ImageObject\",\"inLanguage\":\"fr-FR\",\"@id\":\"https:\\\/\\\/telemme.mmsh.fr\\\/?tribe_events=les-demarches-agro-environnementales-dans-les-vignobles-mediterraneens-lexemple-de-la-provence#primaryimage\",\"url\":\"https:\\\/\\\/telemme.mmsh.fr\\\/wp-content\\\/uploads\\\/2019\\\/12\\\/vins-sainte-victoire080-light2.jpg\",\"contentUrl\":\"https:\\\/\\\/telemme.mmsh.fr\\\/wp-content\\\/uploads\\\/2019\\\/12\\\/vins-sainte-victoire080-light2.jpg\",\"width\":500,\"height\":333,\"caption\":\"Cr\u00e9dits image : Association des Vignerons de la Sainte-Victoire\"},{\"@type\":\"BreadcrumbList\",\"@id\":\"https:\\\/\\\/telemme.mmsh.fr\\\/?tribe_events=les-demarches-agro-environnementales-dans-les-vignobles-mediterraneens-lexemple-de-la-provence#breadcrumb\",\"itemListElement\":[{\"@type\":\"ListItem\",\"position\":1,\"name\":\"Accueil\",\"item\":\"https:\\\/\\\/telemme.mmsh.fr\\\/\"},{\"@type\":\"ListItem\",\"position\":2,\"name\":\"\u00c9v\u00e8nements\",\"item\":\"https:\\\/\\\/telemme.mmsh.fr\\\/?post_type=tribe_events\"},{\"@type\":\"ListItem\",\"position\":3,\"name\":\"Journ\u00e9e d'\u00e9tudes\",\"item\":\"https:\\\/\\\/telemme.mmsh.fr\\\/?tribe_events_cat=journee-detudes\"},{\"@type\":\"ListItem\",\"position\":4,\"name\":\"Les d\u00e9marches agro-environnementales dans les vignobles m\u00e9diterran\u00e9ens : l\u2019exemple de la Provence\"}]},{\"@type\":\"WebSite\",\"@id\":\"https:\\\/\\\/telemme.mmsh.fr\\\/#website\",\"url\":\"https:\\\/\\\/telemme.mmsh.fr\\\/\",\"name\":\"TELEMMe - Temps, espaces, langages, Europe m\u00e9ridionale, M\u00e9diterran\u00e9e\",\"description\":\"\",\"publisher\":{\"@id\":\"https:\\\/\\\/telemme.mmsh.fr\\\/#organization\"},\"potentialAction\":[{\"@type\":\"SearchAction\",\"target\":{\"@type\":\"EntryPoint\",\"urlTemplate\":\"https:\\\/\\\/telemme.mmsh.fr\\\/?s={search_term_string}\"},\"query-input\":{\"@type\":\"PropertyValueSpecification\",\"valueRequired\":true,\"valueName\":\"search_term_string\"}}],\"inLanguage\":\"fr-FR\"},{\"@type\":\"Organization\",\"@id\":\"https:\\\/\\\/telemme.mmsh.fr\\\/#organization\",\"name\":\"TELEMMe\",\"url\":\"https:\\\/\\\/telemme.mmsh.fr\\\/\",\"logo\":{\"@type\":\"ImageObject\",\"inLanguage\":\"fr-FR\",\"@id\":\"https:\\\/\\\/telemme.mmsh.fr\\\/#\\\/schema\\\/logo\\\/image\\\/\",\"url\":\"https:\\\/\\\/telemme.mmsh.fr\\\/wp-content\\\/uploads\\\/2020\\\/03\\\/LogoTELEMMe-horizontal-fond-transparent.png\",\"contentUrl\":\"https:\\\/\\\/telemme.mmsh.fr\\\/wp-content\\\/uploads\\\/2020\\\/03\\\/LogoTELEMMe-horizontal-fond-transparent.png\",\"width\":1500,\"height\":437,\"caption\":\"TELEMMe\"},\"image\":{\"@id\":\"https:\\\/\\\/telemme.mmsh.fr\\\/#\\\/schema\\\/logo\\\/image\\\/\"}}]}<\/script>\n<!-- \/ Yoast SEO plugin. -->","yoast_head_json":{"title":"Les d\u00e9marches agro-environnementales dans les vignobles m\u00e9diterran\u00e9ens : l\u2019exemple de la Provence - TELEMMe - Temps, espaces, langages, Europe m\u00e9ridionale, M\u00e9diterran\u00e9e","robots":{"index":"index","follow":"follow","max-snippet":"max-snippet:-1","max-image-preview":"max-image-preview:large","max-video-preview":"max-video-preview:-1"},"canonical":"https:\/\/telemme.mmsh.fr\/?tribe_events=les-demarches-agro-environnementales-dans-les-vignobles-mediterraneens-lexemple-de-la-provence","og_locale":"fr_FR","og_type":"article","og_title":"Les d\u00e9marches agro-environnementales dans les vignobles m\u00e9diterran\u00e9ens : l\u2019exemple de la Provence - TELEMMe - Temps, espaces, langages, Europe m\u00e9ridionale, M\u00e9diterran\u00e9e","og_description":"Troisi\u00e8me journ\u00e9e organis\u00e9e autour du th\u00e8me \u00ab Viticulture m\u00e9diterran\u00e9enne et environnement \u00bb, apr\u00e8s les journ\u00e9es organis\u00e9es en 2019 et 2021 \u00e0 la Maison de la Sainte Victoire, cette \u00e9dition se&hellip;&nbsp;Lire la suite &raquo;Les d\u00e9marches agro-environnementales dans les vignobles m\u00e9diterran\u00e9ens : l\u2019exemple de la Provence","og_url":"https:\/\/telemme.mmsh.fr\/?tribe_events=les-demarches-agro-environnementales-dans-les-vignobles-mediterraneens-lexemple-de-la-provence","og_site_name":"TELEMMe - Temps, espaces, langages, Europe m\u00e9ridionale, M\u00e9diterran\u00e9e","article_modified_time":"2025-10-21T06:59:29+00:00","og_image":[{"width":500,"height":333,"url":"https:\/\/telemme.mmsh.fr\/wp-content\/uploads\/2019\/12\/vins-sainte-victoire080-light2.jpg","type":"image\/jpeg"}],"twitter_card":"summary_large_image","schema":{"@context":"https:\/\/schema.org","@graph":[{"@type":"WebPage","@id":"https:\/\/telemme.mmsh.fr\/?tribe_events=les-demarches-agro-environnementales-dans-les-vignobles-mediterraneens-lexemple-de-la-provence","url":"https:\/\/telemme.mmsh.fr\/?tribe_events=les-demarches-agro-environnementales-dans-les-vignobles-mediterraneens-lexemple-de-la-provence","name":"Les d\u00e9marches agro-environnementales dans les vignobles m\u00e9diterran\u00e9ens : l\u2019exemple de la Provence - TELEMMe - Temps, espaces, langages, Europe m\u00e9ridionale, M\u00e9diterran\u00e9e","isPartOf":{"@id":"https:\/\/telemme.mmsh.fr\/#website"},"primaryImageOfPage":{"@id":"https:\/\/telemme.mmsh.fr\/?tribe_events=les-demarches-agro-environnementales-dans-les-vignobles-mediterraneens-lexemple-de-la-provence#primaryimage"},"image":{"@id":"https:\/\/telemme.mmsh.fr\/?tribe_events=les-demarches-agro-environnementales-dans-les-vignobles-mediterraneens-lexemple-de-la-provence#primaryimage"},"thumbnailUrl":"https:\/\/telemme.mmsh.fr\/wp-content\/uploads\/2019\/12\/vins-sainte-victoire080-light2.jpg","datePublished":"2025-10-09T10:02:56+00:00","dateModified":"2025-10-21T06:59:29+00:00","breadcrumb":{"@id":"https:\/\/telemme.mmsh.fr\/?tribe_events=les-demarches-agro-environnementales-dans-les-vignobles-mediterraneens-lexemple-de-la-provence#breadcrumb"},"inLanguage":"fr-FR","potentialAction":[{"@type":"ReadAction","target":["https:\/\/telemme.mmsh.fr\/?tribe_events=les-demarches-agro-environnementales-dans-les-vignobles-mediterraneens-lexemple-de-la-provence"]}]},{"@type":"ImageObject","inLanguage":"fr-FR","@id":"https:\/\/telemme.mmsh.fr\/?tribe_events=les-demarches-agro-environnementales-dans-les-vignobles-mediterraneens-lexemple-de-la-provence#primaryimage","url":"https:\/\/telemme.mmsh.fr\/wp-content\/uploads\/2019\/12\/vins-sainte-victoire080-light2.jpg","contentUrl":"https:\/\/telemme.mmsh.fr\/wp-content\/uploads\/2019\/12\/vins-sainte-victoire080-light2.jpg","width":500,"height":333,"caption":"Cr\u00e9dits image : Association des Vignerons de la Sainte-Victoire"},{"@type":"BreadcrumbList","@id":"https:\/\/telemme.mmsh.fr\/?tribe_events=les-demarches-agro-environnementales-dans-les-vignobles-mediterraneens-lexemple-de-la-provence#breadcrumb","itemListElement":[{"@type":"ListItem","position":1,"name":"Accueil","item":"https:\/\/telemme.mmsh.fr\/"},{"@type":"ListItem","position":2,"name":"\u00c9v\u00e8nements","item":"https:\/\/telemme.mmsh.fr\/?post_type=tribe_events"},{"@type":"ListItem","position":3,"name":"Journ\u00e9e d'\u00e9tudes","item":"https:\/\/telemme.mmsh.fr\/?tribe_events_cat=journee-detudes"},{"@type":"ListItem","position":4,"name":"Les d\u00e9marches agro-environnementales dans les vignobles m\u00e9diterran\u00e9ens : l\u2019exemple de la Provence"}]},{"@type":"WebSite","@id":"https:\/\/telemme.mmsh.fr\/#website","url":"https:\/\/telemme.mmsh.fr\/","name":"TELEMMe - Temps, espaces, langages, Europe m\u00e9ridionale, M\u00e9diterran\u00e9e","description":"","publisher":{"@id":"https:\/\/telemme.mmsh.fr\/#organization"},"potentialAction":[{"@type":"SearchAction","target":{"@type":"EntryPoint","urlTemplate":"https:\/\/telemme.mmsh.fr\/?s={search_term_string}"},"query-input":{"@type":"PropertyValueSpecification","valueRequired":true,"valueName":"search_term_string"}}],"inLanguage":"fr-FR"},{"@type":"Organization","@id":"https:\/\/telemme.mmsh.fr\/#organization","name":"TELEMMe","url":"https:\/\/telemme.mmsh.fr\/","logo":{"@type":"ImageObject","inLanguage":"fr-FR","@id":"https:\/\/telemme.mmsh.fr\/#\/schema\/logo\/image\/","url":"https:\/\/telemme.mmsh.fr\/wp-content\/uploads\/2020\/03\/LogoTELEMMe-horizontal-fond-transparent.png","contentUrl":"https:\/\/telemme.mmsh.fr\/wp-content\/uploads\/2020\/03\/LogoTELEMMe-horizontal-fond-transparent.png","width":1500,"height":437,"caption":"TELEMMe"},"image":{"@id":"https:\/\/telemme.mmsh.fr\/#\/schema\/logo\/image\/"}}]}},"_links":{"self":[{"href":"https:\/\/telemme.mmsh.fr\/index.php?rest_route=\/wp\/v2\/tribe_events\/16004","targetHints":{"allow":["GET"]}}],"collection":[{"href":"https:\/\/telemme.mmsh.fr\/index.php?rest_route=\/wp\/v2\/tribe_events"}],"about":[{"href":"https:\/\/telemme.mmsh.fr\/index.php?rest_route=\/wp\/v2\/types\/tribe_events"}],"author":[{"embeddable":true,"href":"https:\/\/telemme.mmsh.fr\/index.php?rest_route=\/wp\/v2\/users\/6"}],"version-history":[{"count":1,"href":"https:\/\/telemme.mmsh.fr\/index.php?rest_route=\/wp\/v2\/tribe_events\/16004\/revisions"}],"predecessor-version":[{"id":16005,"href":"https:\/\/telemme.mmsh.fr\/index.php?rest_route=\/wp\/v2\/tribe_events\/16004\/revisions\/16005"}],"wp:featuredmedia":[{"embeddable":true,"href":"https:\/\/telemme.mmsh.fr\/index.php?rest_route=\/wp\/v2\/media\/3712"}],"wp:attachment":[{"href":"https:\/\/telemme.mmsh.fr\/index.php?rest_route=%2Fwp%2Fv2%2Fmedia&parent=16004"}],"wp:term":[{"taxonomy":"post_tag","embeddable":true,"href":"https:\/\/telemme.mmsh.fr\/index.php?rest_route=%2Fwp%2Fv2%2Ftags&post=16004"},{"taxonomy":"tribe_events_cat","embeddable":true,"href":"https:\/\/telemme.mmsh.fr\/index.php?rest_route=%2Fwp%2Fv2%2Ftribe_events_cat&post=16004"}],"curies":[{"name":"wp","href":"https:\/\/api.w.org\/{rel}","templated":true}]}}