{"id":15979,"date":"2025-10-03T16:14:04","date_gmt":"2025-10-03T14:14:04","guid":{"rendered":"https:\/\/telemme.mmsh.fr\/?post_type=tribe_events&#038;p=15979"},"modified":"2025-10-03T16:14:04","modified_gmt":"2025-10-03T14:14:04","slug":"assister-les-populations-dans-lespagne-des-xixe-et-xxe-s","status":"publish","type":"tribe_events","link":"https:\/\/telemme.mmsh.fr\/?tribe_events=assister-les-populations-dans-lespagne-des-xixe-et-xxe-s","title":{"rendered":"Assister les populations dans l&rsquo;Espagne des XIXe et XXe s."},"content":{"rendered":"<p>La s\u00e9ance sera consacr\u00e9e \u00e0 l\u2019\u00e9tude de la prise en charge sanitaire des populations par les pouvoirs publics en Espagne \u00e0 l\u2019\u00e9poque contemporaine. Comment les enjeux de sant\u00e9 publique sont-ils g\u00e9r\u00e9s par les municipalit\u00e9s au XIXe si\u00e8cle ? Que font les r\u00e9alit\u00e9s de terrain aux principes d\u2019assistance qui pr\u00e9sident \u00e0 l\u2019action publique ? Dans un autre registre, \u00e0 quelle gestion donne lieu le sort des enfants trouv\u00e9s \u00e0 Madrid ? Ce dernier sera analys\u00e9 \u00e0 partir des politiques mises en \u0153uvre par une des plus anciennes institutions de la capitale, l\u2019Inclusa.<\/p>\n<p><a href=\"https:\/\/telemme.mmsh.fr\/?evenement=assister-les-populations-dans-lespagne-des-xixe-et-xxe-s\"><strong>Programme complet<\/strong><\/a><\/p>\n","protected":false},"excerpt":{"rendered":"<p>La s\u00e9ance sera consacr\u00e9e \u00e0 l\u2019\u00e9tude de la prise en charge sanitaire des populations par les pouvoirs publics en Espagne \u00e0 l\u2019\u00e9poque contemporaine. Comment les enjeux de sant\u00e9 publique sont-ils&hellip;&nbsp;<a href=\"https:\/\/telemme.mmsh.fr\/?tribe_events=assister-les-populations-dans-lespagne-des-xixe-et-xxe-s\" rel=\"bookmark\">Lire la suite &raquo;<span class=\"screen-reader-text\">Assister les populations dans l&rsquo;Espagne des XIXe et XXe s.<\/span><\/a><\/p>\n","protected":false},"author":6,"featured_media":15981,"template":"","meta":{"neve_meta_sidebar":"","neve_meta_container":"","neve_meta_enable_content_width":"","neve_meta_content_width":0,"neve_meta_title_alignment":"","neve_meta_author_avatar":"","neve_post_elements_order":"","neve_meta_disable_header":"","neve_meta_disable_footer":"","neve_meta_disable_title":"","_tribe_events_status":"","_tribe_events_status_reason":"","footnotes":""},"tags":[2844],"tribe_events_cat":[1831],"class_list":["post-15979","tribe_events","type-tribe_events","status-publish","has-post-thumbnail","hentry","tag-3-3-histoire-de-la-sante","tribe_events_cat-seminaire","cat_seminaire"],"yoast_head":"<!-- This site is optimized with the Yoast SEO plugin v27.4 - https:\/\/yoast.com\/product\/yoast-seo-wordpress\/ -->\n<title>Assister les populations dans l&#039;Espagne des XIXe et XXe s. - TELEMMe - Temps, espaces, langages, Europe m\u00e9ridionale, M\u00e9diterran\u00e9e<\/title>\n<meta name=\"robots\" content=\"index, follow, max-snippet:-1, max-image-preview:large, max-video-preview:-1\" \/>\n<link rel=\"canonical\" href=\"https:\/\/telemme.mmsh.fr\/?tribe_events=assister-les-populations-dans-lespagne-des-xixe-et-xxe-s\" \/>\n<meta property=\"og:locale\" content=\"fr_FR\" \/>\n<meta property=\"og:type\" content=\"article\" \/>\n<meta property=\"og:title\" content=\"Assister les populations dans l&#039;Espagne des XIXe et XXe s. - TELEMMe - Temps, espaces, langages, Europe m\u00e9ridionale, M\u00e9diterran\u00e9e\" \/>\n<meta property=\"og:description\" content=\"La s\u00e9ance sera consacr\u00e9e \u00e0 l\u2019\u00e9tude de la prise en charge sanitaire des populations par les pouvoirs publics en Espagne \u00e0 l\u2019\u00e9poque contemporaine. Comment les enjeux de sant\u00e9 publique sont-ils&hellip;&nbsp;Lire la suite &raquo;Assister les populations dans l&rsquo;Espagne des XIXe et XXe s.\" \/>\n<meta property=\"og:url\" content=\"https:\/\/telemme.mmsh.fr\/?tribe_events=assister-les-populations-dans-lespagne-des-xixe-et-xxe-s\" \/>\n<meta property=\"og:site_name\" content=\"TELEMMe - Temps, espaces, langages, Europe m\u00e9ridionale, M\u00e9diterran\u00e9e\" \/>\n<meta property=\"og:image\" content=\"https:\/\/telemme.mmsh.fr\/wp-content\/uploads\/2025\/10\/2025.10.15_HistSante_Seminaire_Espagne_illus.png\" \/>\n\t<meta property=\"og:image:width\" content=\"2472\" \/>\n\t<meta property=\"og:image:height\" content=\"924\" \/>\n\t<meta property=\"og:image:type\" content=\"image\/png\" \/>\n<meta name=\"twitter:card\" content=\"summary_large_image\" \/>\n<script type=\"application\/ld+json\" class=\"yoast-schema-graph\">{\"@context\":\"https:\\\/\\\/schema.org\",\"@graph\":[{\"@type\":\"WebPage\",\"@id\":\"https:\\\/\\\/telemme.mmsh.fr\\\/?tribe_events=assister-les-populations-dans-lespagne-des-xixe-et-xxe-s\",\"url\":\"https:\\\/\\\/telemme.mmsh.fr\\\/?tribe_events=assister-les-populations-dans-lespagne-des-xixe-et-xxe-s\",\"name\":\"Assister les populations dans l'Espagne des XIXe et XXe s. - TELEMMe - Temps, espaces, langages, Europe m\u00e9ridionale, M\u00e9diterran\u00e9e\",\"isPartOf\":{\"@id\":\"https:\\\/\\\/telemme.mmsh.fr\\\/#website\"},\"primaryImageOfPage\":{\"@id\":\"https:\\\/\\\/telemme.mmsh.fr\\\/?tribe_events=assister-les-populations-dans-lespagne-des-xixe-et-xxe-s#primaryimage\"},\"image\":{\"@id\":\"https:\\\/\\\/telemme.mmsh.fr\\\/?tribe_events=assister-les-populations-dans-lespagne-des-xixe-et-xxe-s#primaryimage\"},\"thumbnailUrl\":\"https:\\\/\\\/telemme.mmsh.fr\\\/wp-content\\\/uploads\\\/2025\\\/10\\\/2025.10.15_HistSante_Seminaire_Espagne_illus.png\",\"datePublished\":\"2025-10-03T14:14:04+00:00\",\"breadcrumb\":{\"@id\":\"https:\\\/\\\/telemme.mmsh.fr\\\/?tribe_events=assister-les-populations-dans-lespagne-des-xixe-et-xxe-s#breadcrumb\"},\"inLanguage\":\"fr-FR\",\"potentialAction\":[{\"@type\":\"ReadAction\",\"target\":[\"https:\\\/\\\/telemme.mmsh.fr\\\/?tribe_events=assister-les-populations-dans-lespagne-des-xixe-et-xxe-s\"]}]},{\"@type\":\"ImageObject\",\"inLanguage\":\"fr-FR\",\"@id\":\"https:\\\/\\\/telemme.mmsh.fr\\\/?tribe_events=assister-les-populations-dans-lespagne-des-xixe-et-xxe-s#primaryimage\",\"url\":\"https:\\\/\\\/telemme.mmsh.fr\\\/wp-content\\\/uploads\\\/2025\\\/10\\\/2025.10.15_HistSante_Seminaire_Espagne_illus.png\",\"contentUrl\":\"https:\\\/\\\/telemme.mmsh.fr\\\/wp-content\\\/uploads\\\/2025\\\/10\\\/2025.10.15_HistSante_Seminaire_Espagne_illus.png\",\"width\":2472,\"height\":924,\"caption\":\"Citation de Ram\u00f3n de Mesonero Romanos, El antiguo Madrid. Paseos hist\u00f3ricos anecd\u00f3ticos por las calles y casas de esta villa, 1861, \u00ab La Inclusa \u00bb, p. 157-158.\"},{\"@type\":\"BreadcrumbList\",\"@id\":\"https:\\\/\\\/telemme.mmsh.fr\\\/?tribe_events=assister-les-populations-dans-lespagne-des-xixe-et-xxe-s#breadcrumb\",\"itemListElement\":[{\"@type\":\"ListItem\",\"position\":1,\"name\":\"Accueil\",\"item\":\"https:\\\/\\\/telemme.mmsh.fr\\\/\"},{\"@type\":\"ListItem\",\"position\":2,\"name\":\"\u00c9v\u00e8nements\",\"item\":\"https:\\\/\\\/telemme.mmsh.fr\\\/?post_type=tribe_events\"},{\"@type\":\"ListItem\",\"position\":3,\"name\":\"S\u00e9minaire\",\"item\":\"https:\\\/\\\/telemme.mmsh.fr\\\/?tribe_events_cat=seminaire\"},{\"@type\":\"ListItem\",\"position\":4,\"name\":\"Assister les populations dans l&rsquo;Espagne des XIXe et XXe s.\"}]},{\"@type\":\"WebSite\",\"@id\":\"https:\\\/\\\/telemme.mmsh.fr\\\/#website\",\"url\":\"https:\\\/\\\/telemme.mmsh.fr\\\/\",\"name\":\"TELEMMe - Temps, espaces, langages, Europe m\u00e9ridionale, M\u00e9diterran\u00e9e\",\"description\":\"\",\"publisher\":{\"@id\":\"https:\\\/\\\/telemme.mmsh.fr\\\/#organization\"},\"potentialAction\":[{\"@type\":\"SearchAction\",\"target\":{\"@type\":\"EntryPoint\",\"urlTemplate\":\"https:\\\/\\\/telemme.mmsh.fr\\\/?s={search_term_string}\"},\"query-input\":{\"@type\":\"PropertyValueSpecification\",\"valueRequired\":true,\"valueName\":\"search_term_string\"}}],\"inLanguage\":\"fr-FR\"},{\"@type\":\"Organization\",\"@id\":\"https:\\\/\\\/telemme.mmsh.fr\\\/#organization\",\"name\":\"TELEMMe\",\"url\":\"https:\\\/\\\/telemme.mmsh.fr\\\/\",\"logo\":{\"@type\":\"ImageObject\",\"inLanguage\":\"fr-FR\",\"@id\":\"https:\\\/\\\/telemme.mmsh.fr\\\/#\\\/schema\\\/logo\\\/image\\\/\",\"url\":\"https:\\\/\\\/telemme.mmsh.fr\\\/wp-content\\\/uploads\\\/2020\\\/03\\\/LogoTELEMMe-horizontal-fond-transparent.png\",\"contentUrl\":\"https:\\\/\\\/telemme.mmsh.fr\\\/wp-content\\\/uploads\\\/2020\\\/03\\\/LogoTELEMMe-horizontal-fond-transparent.png\",\"width\":1500,\"height\":437,\"caption\":\"TELEMMe\"},\"image\":{\"@id\":\"https:\\\/\\\/telemme.mmsh.fr\\\/#\\\/schema\\\/logo\\\/image\\\/\"}}]}<\/script>\n<!-- \/ Yoast SEO plugin. -->","yoast_head_json":{"title":"Assister les populations dans l'Espagne des XIXe et XXe s. - TELEMMe - Temps, espaces, langages, Europe m\u00e9ridionale, M\u00e9diterran\u00e9e","robots":{"index":"index","follow":"follow","max-snippet":"max-snippet:-1","max-image-preview":"max-image-preview:large","max-video-preview":"max-video-preview:-1"},"canonical":"https:\/\/telemme.mmsh.fr\/?tribe_events=assister-les-populations-dans-lespagne-des-xixe-et-xxe-s","og_locale":"fr_FR","og_type":"article","og_title":"Assister les populations dans l'Espagne des XIXe et XXe s. - TELEMMe - Temps, espaces, langages, Europe m\u00e9ridionale, M\u00e9diterran\u00e9e","og_description":"La s\u00e9ance sera consacr\u00e9e \u00e0 l\u2019\u00e9tude de la prise en charge sanitaire des populations par les pouvoirs publics en Espagne \u00e0 l\u2019\u00e9poque contemporaine. Comment les enjeux de sant\u00e9 publique sont-ils&hellip;&nbsp;Lire la suite &raquo;Assister les populations dans l&rsquo;Espagne des XIXe et XXe s.","og_url":"https:\/\/telemme.mmsh.fr\/?tribe_events=assister-les-populations-dans-lespagne-des-xixe-et-xxe-s","og_site_name":"TELEMMe - Temps, espaces, langages, Europe m\u00e9ridionale, M\u00e9diterran\u00e9e","og_image":[{"width":2472,"height":924,"url":"https:\/\/telemme.mmsh.fr\/wp-content\/uploads\/2025\/10\/2025.10.15_HistSante_Seminaire_Espagne_illus.png","type":"image\/png"}],"twitter_card":"summary_large_image","schema":{"@context":"https:\/\/schema.org","@graph":[{"@type":"WebPage","@id":"https:\/\/telemme.mmsh.fr\/?tribe_events=assister-les-populations-dans-lespagne-des-xixe-et-xxe-s","url":"https:\/\/telemme.mmsh.fr\/?tribe_events=assister-les-populations-dans-lespagne-des-xixe-et-xxe-s","name":"Assister les populations dans l'Espagne des XIXe et XXe s. - TELEMMe - Temps, espaces, langages, Europe m\u00e9ridionale, M\u00e9diterran\u00e9e","isPartOf":{"@id":"https:\/\/telemme.mmsh.fr\/#website"},"primaryImageOfPage":{"@id":"https:\/\/telemme.mmsh.fr\/?tribe_events=assister-les-populations-dans-lespagne-des-xixe-et-xxe-s#primaryimage"},"image":{"@id":"https:\/\/telemme.mmsh.fr\/?tribe_events=assister-les-populations-dans-lespagne-des-xixe-et-xxe-s#primaryimage"},"thumbnailUrl":"https:\/\/telemme.mmsh.fr\/wp-content\/uploads\/2025\/10\/2025.10.15_HistSante_Seminaire_Espagne_illus.png","datePublished":"2025-10-03T14:14:04+00:00","breadcrumb":{"@id":"https:\/\/telemme.mmsh.fr\/?tribe_events=assister-les-populations-dans-lespagne-des-xixe-et-xxe-s#breadcrumb"},"inLanguage":"fr-FR","potentialAction":[{"@type":"ReadAction","target":["https:\/\/telemme.mmsh.fr\/?tribe_events=assister-les-populations-dans-lespagne-des-xixe-et-xxe-s"]}]},{"@type":"ImageObject","inLanguage":"fr-FR","@id":"https:\/\/telemme.mmsh.fr\/?tribe_events=assister-les-populations-dans-lespagne-des-xixe-et-xxe-s#primaryimage","url":"https:\/\/telemme.mmsh.fr\/wp-content\/uploads\/2025\/10\/2025.10.15_HistSante_Seminaire_Espagne_illus.png","contentUrl":"https:\/\/telemme.mmsh.fr\/wp-content\/uploads\/2025\/10\/2025.10.15_HistSante_Seminaire_Espagne_illus.png","width":2472,"height":924,"caption":"Citation de Ram\u00f3n de Mesonero Romanos, El antiguo Madrid. Paseos hist\u00f3ricos anecd\u00f3ticos por las calles y casas de esta villa, 1861, \u00ab La Inclusa \u00bb, p. 157-158."},{"@type":"BreadcrumbList","@id":"https:\/\/telemme.mmsh.fr\/?tribe_events=assister-les-populations-dans-lespagne-des-xixe-et-xxe-s#breadcrumb","itemListElement":[{"@type":"ListItem","position":1,"name":"Accueil","item":"https:\/\/telemme.mmsh.fr\/"},{"@type":"ListItem","position":2,"name":"\u00c9v\u00e8nements","item":"https:\/\/telemme.mmsh.fr\/?post_type=tribe_events"},{"@type":"ListItem","position":3,"name":"S\u00e9minaire","item":"https:\/\/telemme.mmsh.fr\/?tribe_events_cat=seminaire"},{"@type":"ListItem","position":4,"name":"Assister les populations dans l&rsquo;Espagne des XIXe et XXe s."}]},{"@type":"WebSite","@id":"https:\/\/telemme.mmsh.fr\/#website","url":"https:\/\/telemme.mmsh.fr\/","name":"TELEMMe - Temps, espaces, langages, Europe m\u00e9ridionale, M\u00e9diterran\u00e9e","description":"","publisher":{"@id":"https:\/\/telemme.mmsh.fr\/#organization"},"potentialAction":[{"@type":"SearchAction","target":{"@type":"EntryPoint","urlTemplate":"https:\/\/telemme.mmsh.fr\/?s={search_term_string}"},"query-input":{"@type":"PropertyValueSpecification","valueRequired":true,"valueName":"search_term_string"}}],"inLanguage":"fr-FR"},{"@type":"Organization","@id":"https:\/\/telemme.mmsh.fr\/#organization","name":"TELEMMe","url":"https:\/\/telemme.mmsh.fr\/","logo":{"@type":"ImageObject","inLanguage":"fr-FR","@id":"https:\/\/telemme.mmsh.fr\/#\/schema\/logo\/image\/","url":"https:\/\/telemme.mmsh.fr\/wp-content\/uploads\/2020\/03\/LogoTELEMMe-horizontal-fond-transparent.png","contentUrl":"https:\/\/telemme.mmsh.fr\/wp-content\/uploads\/2020\/03\/LogoTELEMMe-horizontal-fond-transparent.png","width":1500,"height":437,"caption":"TELEMMe"},"image":{"@id":"https:\/\/telemme.mmsh.fr\/#\/schema\/logo\/image\/"}}]}},"_links":{"self":[{"href":"https:\/\/telemme.mmsh.fr\/index.php?rest_route=\/wp\/v2\/tribe_events\/15979","targetHints":{"allow":["GET"]}}],"collection":[{"href":"https:\/\/telemme.mmsh.fr\/index.php?rest_route=\/wp\/v2\/tribe_events"}],"about":[{"href":"https:\/\/telemme.mmsh.fr\/index.php?rest_route=\/wp\/v2\/types\/tribe_events"}],"author":[{"embeddable":true,"href":"https:\/\/telemme.mmsh.fr\/index.php?rest_route=\/wp\/v2\/users\/6"}],"version-history":[{"count":3,"href":"https:\/\/telemme.mmsh.fr\/index.php?rest_route=\/wp\/v2\/tribe_events\/15979\/revisions"}],"predecessor-version":[{"id":15985,"href":"https:\/\/telemme.mmsh.fr\/index.php?rest_route=\/wp\/v2\/tribe_events\/15979\/revisions\/15985"}],"wp:featuredmedia":[{"embeddable":true,"href":"https:\/\/telemme.mmsh.fr\/index.php?rest_route=\/wp\/v2\/media\/15981"}],"wp:attachment":[{"href":"https:\/\/telemme.mmsh.fr\/index.php?rest_route=%2Fwp%2Fv2%2Fmedia&parent=15979"}],"wp:term":[{"taxonomy":"post_tag","embeddable":true,"href":"https:\/\/telemme.mmsh.fr\/index.php?rest_route=%2Fwp%2Fv2%2Ftags&post=15979"},{"taxonomy":"tribe_events_cat","embeddable":true,"href":"https:\/\/telemme.mmsh.fr\/index.php?rest_route=%2Fwp%2Fv2%2Ftribe_events_cat&post=15979"}],"curies":[{"name":"wp","href":"https:\/\/api.w.org\/{rel}","templated":true}]}}