{"id":15913,"date":"2025-09-15T11:39:14","date_gmt":"2025-09-15T09:39:14","guid":{"rendered":"https:\/\/telemme.mmsh.fr\/?post_type=tribe_events&#038;p=15913"},"modified":"2025-09-15T11:39:56","modified_gmt":"2025-09-15T09:39:56","slug":"enjeux-des-patrimoines-materiels-et-immateriels-pour-la-protection-de-lenvironnement","status":"publish","type":"tribe_events","link":"https:\/\/telemme.mmsh.fr\/?tribe_events=enjeux-des-patrimoines-materiels-et-immateriels-pour-la-protection-de-lenvironnement","title":{"rendered":"Enjeux des patrimoines mat\u00e9riels et immat\u00e9riels pour la protection de l&rsquo;environnement"},"content":{"rendered":"<p><span style=\"font-family: 'Calibri',sans-serif; color: black;\">Le prochain s\u00e9minaire du groupe\u00a0G\u00e9ohistoire,\u00a0coanim\u00e9e par Orianne Crouteix,\u00a0Fran\u00e7ois L\u00e9rin\u00a0et\u00a0Sylvain Guyot,\u00a0se tiendra le vendredi 26 septembre de 15h45 \u00e0 17h45 au MUCEM \u00e0 Marseille,\u00a0en salle Khamsin.\u00a0<\/span><\/p>\n<p><span style=\"font-family: 'Calibri',sans-serif; color: black;\">Cette s\u00e9ance intiitul\u00e9e \u00ab\u00a0Enjeux des patrimoines mat\u00e9riels et immat\u00e9riels pour la protection de l&rsquo;environnement\u00a0\u00bb\u00a0s&rsquo;inscrit dans le cadre du\u00a0colloque <i>Balkan Matters. <\/i>Cultures mat\u00e9rielles\u00a0dans les Balkans, 25 au 27 septembre 2025 :\u00a0<a href=\"https:\/\/mucem.org\/evenement\/balkan-matters-cultures-materielles-dans-les-balkans\/\" target=\"_blank\" rel=\"noopener\">https:\/\/mucem.org\/evenement\/balkan-matters-cultures-materielles-dans-les-balkans\/<\/a>\u00a0<\/span><\/p>\n<p><a href=\"https:\/\/telemme.mmsh.fr\/?evenement=enjeux-des-patrimoines-materiels-et-immateriels-pour-la-protection-de-lenvironnement\"><strong>Programme complet<\/strong><\/a><\/p>\n","protected":false},"excerpt":{"rendered":"<p>Le prochain s\u00e9minaire du groupe\u00a0G\u00e9ohistoire,\u00a0coanim\u00e9e par Orianne Crouteix,\u00a0Fran\u00e7ois L\u00e9rin\u00a0et\u00a0Sylvain Guyot,\u00a0se tiendra le vendredi 26 septembre de 15h45 \u00e0 17h45 au MUCEM \u00e0 Marseille,\u00a0en salle Khamsin.\u00a0 Cette s\u00e9ance intiitul\u00e9e \u00ab\u00a0Enjeux des&hellip;&nbsp;<a href=\"https:\/\/telemme.mmsh.fr\/?tribe_events=enjeux-des-patrimoines-materiels-et-immateriels-pour-la-protection-de-lenvironnement\" rel=\"bookmark\">Lire la suite &raquo;<span class=\"screen-reader-text\">Enjeux des patrimoines mat\u00e9riels et immat\u00e9riels pour la protection de l&rsquo;environnement<\/span><\/a><\/p>\n","protected":false},"author":6,"featured_media":15916,"template":"","meta":{"neve_meta_sidebar":"","neve_meta_container":"","neve_meta_enable_content_width":"","neve_meta_content_width":0,"neve_meta_title_alignment":"","neve_meta_author_avatar":"","neve_post_elements_order":"","neve_meta_disable_header":"","neve_meta_disable_footer":"","neve_meta_disable_title":"","_tribe_events_status":"","_tribe_events_status_reason":"","footnotes":""},"tags":[2849,2996,2997],"tribe_events_cat":[1949],"class_list":["post-15913","tribe_events","type-tribe_events","status-publish","has-post-thumbnail","hentry","tag-3-1-geo-histoire-de-lenvironnement-en-mediterranee","tag-afebalk","tag-balkan-matters-cultures-materielles-dans-les-balkans","tribe_events_cat-atelier","cat_atelier"],"yoast_head":"<!-- This site is optimized with the Yoast SEO plugin v27.4 - https:\/\/yoast.com\/product\/yoast-seo-wordpress\/ -->\n<title>Enjeux des patrimoines mat\u00e9riels et immat\u00e9riels pour la protection de l&#039;environnement - TELEMMe - Temps, espaces, langages, Europe m\u00e9ridionale, M\u00e9diterran\u00e9e<\/title>\n<meta name=\"robots\" content=\"index, follow, max-snippet:-1, max-image-preview:large, max-video-preview:-1\" \/>\n<link rel=\"canonical\" href=\"https:\/\/telemme.mmsh.fr\/?tribe_events=enjeux-des-patrimoines-materiels-et-immateriels-pour-la-protection-de-lenvironnement\" \/>\n<meta property=\"og:locale\" content=\"fr_FR\" \/>\n<meta property=\"og:type\" content=\"article\" \/>\n<meta property=\"og:title\" content=\"Enjeux des patrimoines mat\u00e9riels et immat\u00e9riels pour la protection de l&#039;environnement - TELEMMe - Temps, espaces, langages, Europe m\u00e9ridionale, M\u00e9diterran\u00e9e\" \/>\n<meta property=\"og:description\" content=\"Le prochain s\u00e9minaire du groupe\u00a0G\u00e9ohistoire,\u00a0coanim\u00e9e par Orianne Crouteix,\u00a0Fran\u00e7ois L\u00e9rin\u00a0et\u00a0Sylvain Guyot,\u00a0se tiendra le vendredi 26 septembre de 15h45 \u00e0 17h45 au MUCEM \u00e0 Marseille,\u00a0en salle Khamsin.\u00a0 Cette s\u00e9ance intiitul\u00e9e \u00ab\u00a0Enjeux des&hellip;&nbsp;Lire la suite &raquo;Enjeux des patrimoines mat\u00e9riels et immat\u00e9riels pour la protection de l&rsquo;environnement\" \/>\n<meta property=\"og:url\" content=\"https:\/\/telemme.mmsh.fr\/?tribe_events=enjeux-des-patrimoines-materiels-et-immateriels-pour-la-protection-de-lenvironnement\" \/>\n<meta property=\"og:site_name\" content=\"TELEMMe - Temps, espaces, langages, Europe m\u00e9ridionale, M\u00e9diterran\u00e9e\" \/>\n<meta property=\"article:modified_time\" content=\"2025-09-15T09:39:56+00:00\" \/>\n<meta property=\"og:image\" content=\"https:\/\/telemme.mmsh.fr\/wp-content\/uploads\/2025\/09\/Balkans4.webp\" \/>\n\t<meta property=\"og:image:width\" content=\"1280\" \/>\n\t<meta property=\"og:image:height\" content=\"800\" \/>\n\t<meta property=\"og:image:type\" content=\"image\/webp\" \/>\n<meta name=\"twitter:card\" content=\"summary_large_image\" \/>\n<script type=\"application\/ld+json\" class=\"yoast-schema-graph\">{\"@context\":\"https:\\\/\\\/schema.org\",\"@graph\":[{\"@type\":\"WebPage\",\"@id\":\"https:\\\/\\\/telemme.mmsh.fr\\\/?tribe_events=enjeux-des-patrimoines-materiels-et-immateriels-pour-la-protection-de-lenvironnement\",\"url\":\"https:\\\/\\\/telemme.mmsh.fr\\\/?tribe_events=enjeux-des-patrimoines-materiels-et-immateriels-pour-la-protection-de-lenvironnement\",\"name\":\"Enjeux des patrimoines mat\u00e9riels et immat\u00e9riels pour la protection de l'environnement - TELEMMe - Temps, espaces, langages, Europe m\u00e9ridionale, M\u00e9diterran\u00e9e\",\"isPartOf\":{\"@id\":\"https:\\\/\\\/telemme.mmsh.fr\\\/#website\"},\"primaryImageOfPage\":{\"@id\":\"https:\\\/\\\/telemme.mmsh.fr\\\/?tribe_events=enjeux-des-patrimoines-materiels-et-immateriels-pour-la-protection-de-lenvironnement#primaryimage\"},\"image\":{\"@id\":\"https:\\\/\\\/telemme.mmsh.fr\\\/?tribe_events=enjeux-des-patrimoines-materiels-et-immateriels-pour-la-protection-de-lenvironnement#primaryimage\"},\"thumbnailUrl\":\"https:\\\/\\\/telemme.mmsh.fr\\\/wp-content\\\/uploads\\\/2025\\\/09\\\/Balkans4.webp\",\"datePublished\":\"2025-09-15T09:39:14+00:00\",\"dateModified\":\"2025-09-15T09:39:56+00:00\",\"breadcrumb\":{\"@id\":\"https:\\\/\\\/telemme.mmsh.fr\\\/?tribe_events=enjeux-des-patrimoines-materiels-et-immateriels-pour-la-protection-de-lenvironnement#breadcrumb\"},\"inLanguage\":\"fr-FR\",\"potentialAction\":[{\"@type\":\"ReadAction\",\"target\":[\"https:\\\/\\\/telemme.mmsh.fr\\\/?tribe_events=enjeux-des-patrimoines-materiels-et-immateriels-pour-la-protection-de-lenvironnement\"]}]},{\"@type\":\"ImageObject\",\"inLanguage\":\"fr-FR\",\"@id\":\"https:\\\/\\\/telemme.mmsh.fr\\\/?tribe_events=enjeux-des-patrimoines-materiels-et-immateriels-pour-la-protection-de-lenvironnement#primaryimage\",\"url\":\"https:\\\/\\\/telemme.mmsh.fr\\\/wp-content\\\/uploads\\\/2025\\\/09\\\/Balkans4.webp\",\"contentUrl\":\"https:\\\/\\\/telemme.mmsh.fr\\\/wp-content\\\/uploads\\\/2025\\\/09\\\/Balkans4.webp\",\"width\":1280,\"height\":800,\"caption\":\"Textile, Balkans\"},{\"@type\":\"BreadcrumbList\",\"@id\":\"https:\\\/\\\/telemme.mmsh.fr\\\/?tribe_events=enjeux-des-patrimoines-materiels-et-immateriels-pour-la-protection-de-lenvironnement#breadcrumb\",\"itemListElement\":[{\"@type\":\"ListItem\",\"position\":1,\"name\":\"Accueil\",\"item\":\"https:\\\/\\\/telemme.mmsh.fr\\\/\"},{\"@type\":\"ListItem\",\"position\":2,\"name\":\"\u00c9v\u00e8nements\",\"item\":\"https:\\\/\\\/telemme.mmsh.fr\\\/?post_type=tribe_events\"},{\"@type\":\"ListItem\",\"position\":3,\"name\":\"Atelier\",\"item\":\"https:\\\/\\\/telemme.mmsh.fr\\\/?tribe_events_cat=atelier\"},{\"@type\":\"ListItem\",\"position\":4,\"name\":\"Enjeux des patrimoines mat\u00e9riels et immat\u00e9riels pour la protection de l&rsquo;environnement\"}]},{\"@type\":\"WebSite\",\"@id\":\"https:\\\/\\\/telemme.mmsh.fr\\\/#website\",\"url\":\"https:\\\/\\\/telemme.mmsh.fr\\\/\",\"name\":\"TELEMMe - Temps, espaces, langages, Europe m\u00e9ridionale, M\u00e9diterran\u00e9e\",\"description\":\"\",\"publisher\":{\"@id\":\"https:\\\/\\\/telemme.mmsh.fr\\\/#organization\"},\"potentialAction\":[{\"@type\":\"SearchAction\",\"target\":{\"@type\":\"EntryPoint\",\"urlTemplate\":\"https:\\\/\\\/telemme.mmsh.fr\\\/?s={search_term_string}\"},\"query-input\":{\"@type\":\"PropertyValueSpecification\",\"valueRequired\":true,\"valueName\":\"search_term_string\"}}],\"inLanguage\":\"fr-FR\"},{\"@type\":\"Organization\",\"@id\":\"https:\\\/\\\/telemme.mmsh.fr\\\/#organization\",\"name\":\"TELEMMe\",\"url\":\"https:\\\/\\\/telemme.mmsh.fr\\\/\",\"logo\":{\"@type\":\"ImageObject\",\"inLanguage\":\"fr-FR\",\"@id\":\"https:\\\/\\\/telemme.mmsh.fr\\\/#\\\/schema\\\/logo\\\/image\\\/\",\"url\":\"https:\\\/\\\/telemme.mmsh.fr\\\/wp-content\\\/uploads\\\/2020\\\/03\\\/LogoTELEMMe-horizontal-fond-transparent.png\",\"contentUrl\":\"https:\\\/\\\/telemme.mmsh.fr\\\/wp-content\\\/uploads\\\/2020\\\/03\\\/LogoTELEMMe-horizontal-fond-transparent.png\",\"width\":1500,\"height\":437,\"caption\":\"TELEMMe\"},\"image\":{\"@id\":\"https:\\\/\\\/telemme.mmsh.fr\\\/#\\\/schema\\\/logo\\\/image\\\/\"}}]}<\/script>\n<!-- \/ Yoast SEO plugin. -->","yoast_head_json":{"title":"Enjeux des patrimoines mat\u00e9riels et immat\u00e9riels pour la protection de l'environnement - TELEMMe - Temps, espaces, langages, Europe m\u00e9ridionale, M\u00e9diterran\u00e9e","robots":{"index":"index","follow":"follow","max-snippet":"max-snippet:-1","max-image-preview":"max-image-preview:large","max-video-preview":"max-video-preview:-1"},"canonical":"https:\/\/telemme.mmsh.fr\/?tribe_events=enjeux-des-patrimoines-materiels-et-immateriels-pour-la-protection-de-lenvironnement","og_locale":"fr_FR","og_type":"article","og_title":"Enjeux des patrimoines mat\u00e9riels et immat\u00e9riels pour la protection de l'environnement - TELEMMe - Temps, espaces, langages, Europe m\u00e9ridionale, M\u00e9diterran\u00e9e","og_description":"Le prochain s\u00e9minaire du groupe\u00a0G\u00e9ohistoire,\u00a0coanim\u00e9e par Orianne Crouteix,\u00a0Fran\u00e7ois L\u00e9rin\u00a0et\u00a0Sylvain Guyot,\u00a0se tiendra le vendredi 26 septembre de 15h45 \u00e0 17h45 au MUCEM \u00e0 Marseille,\u00a0en salle Khamsin.\u00a0 Cette s\u00e9ance intiitul\u00e9e \u00ab\u00a0Enjeux des&hellip;&nbsp;Lire la suite &raquo;Enjeux des patrimoines mat\u00e9riels et immat\u00e9riels pour la protection de l&rsquo;environnement","og_url":"https:\/\/telemme.mmsh.fr\/?tribe_events=enjeux-des-patrimoines-materiels-et-immateriels-pour-la-protection-de-lenvironnement","og_site_name":"TELEMMe - Temps, espaces, langages, Europe m\u00e9ridionale, M\u00e9diterran\u00e9e","article_modified_time":"2025-09-15T09:39:56+00:00","og_image":[{"width":1280,"height":800,"url":"https:\/\/telemme.mmsh.fr\/wp-content\/uploads\/2025\/09\/Balkans4.webp","type":"image\/webp"}],"twitter_card":"summary_large_image","schema":{"@context":"https:\/\/schema.org","@graph":[{"@type":"WebPage","@id":"https:\/\/telemme.mmsh.fr\/?tribe_events=enjeux-des-patrimoines-materiels-et-immateriels-pour-la-protection-de-lenvironnement","url":"https:\/\/telemme.mmsh.fr\/?tribe_events=enjeux-des-patrimoines-materiels-et-immateriels-pour-la-protection-de-lenvironnement","name":"Enjeux des patrimoines mat\u00e9riels et immat\u00e9riels pour la protection de l'environnement - TELEMMe - Temps, espaces, langages, Europe m\u00e9ridionale, M\u00e9diterran\u00e9e","isPartOf":{"@id":"https:\/\/telemme.mmsh.fr\/#website"},"primaryImageOfPage":{"@id":"https:\/\/telemme.mmsh.fr\/?tribe_events=enjeux-des-patrimoines-materiels-et-immateriels-pour-la-protection-de-lenvironnement#primaryimage"},"image":{"@id":"https:\/\/telemme.mmsh.fr\/?tribe_events=enjeux-des-patrimoines-materiels-et-immateriels-pour-la-protection-de-lenvironnement#primaryimage"},"thumbnailUrl":"https:\/\/telemme.mmsh.fr\/wp-content\/uploads\/2025\/09\/Balkans4.webp","datePublished":"2025-09-15T09:39:14+00:00","dateModified":"2025-09-15T09:39:56+00:00","breadcrumb":{"@id":"https:\/\/telemme.mmsh.fr\/?tribe_events=enjeux-des-patrimoines-materiels-et-immateriels-pour-la-protection-de-lenvironnement#breadcrumb"},"inLanguage":"fr-FR","potentialAction":[{"@type":"ReadAction","target":["https:\/\/telemme.mmsh.fr\/?tribe_events=enjeux-des-patrimoines-materiels-et-immateriels-pour-la-protection-de-lenvironnement"]}]},{"@type":"ImageObject","inLanguage":"fr-FR","@id":"https:\/\/telemme.mmsh.fr\/?tribe_events=enjeux-des-patrimoines-materiels-et-immateriels-pour-la-protection-de-lenvironnement#primaryimage","url":"https:\/\/telemme.mmsh.fr\/wp-content\/uploads\/2025\/09\/Balkans4.webp","contentUrl":"https:\/\/telemme.mmsh.fr\/wp-content\/uploads\/2025\/09\/Balkans4.webp","width":1280,"height":800,"caption":"Textile, Balkans"},{"@type":"BreadcrumbList","@id":"https:\/\/telemme.mmsh.fr\/?tribe_events=enjeux-des-patrimoines-materiels-et-immateriels-pour-la-protection-de-lenvironnement#breadcrumb","itemListElement":[{"@type":"ListItem","position":1,"name":"Accueil","item":"https:\/\/telemme.mmsh.fr\/"},{"@type":"ListItem","position":2,"name":"\u00c9v\u00e8nements","item":"https:\/\/telemme.mmsh.fr\/?post_type=tribe_events"},{"@type":"ListItem","position":3,"name":"Atelier","item":"https:\/\/telemme.mmsh.fr\/?tribe_events_cat=atelier"},{"@type":"ListItem","position":4,"name":"Enjeux des patrimoines mat\u00e9riels et immat\u00e9riels pour la protection de l&rsquo;environnement"}]},{"@type":"WebSite","@id":"https:\/\/telemme.mmsh.fr\/#website","url":"https:\/\/telemme.mmsh.fr\/","name":"TELEMMe - Temps, espaces, langages, Europe m\u00e9ridionale, M\u00e9diterran\u00e9e","description":"","publisher":{"@id":"https:\/\/telemme.mmsh.fr\/#organization"},"potentialAction":[{"@type":"SearchAction","target":{"@type":"EntryPoint","urlTemplate":"https:\/\/telemme.mmsh.fr\/?s={search_term_string}"},"query-input":{"@type":"PropertyValueSpecification","valueRequired":true,"valueName":"search_term_string"}}],"inLanguage":"fr-FR"},{"@type":"Organization","@id":"https:\/\/telemme.mmsh.fr\/#organization","name":"TELEMMe","url":"https:\/\/telemme.mmsh.fr\/","logo":{"@type":"ImageObject","inLanguage":"fr-FR","@id":"https:\/\/telemme.mmsh.fr\/#\/schema\/logo\/image\/","url":"https:\/\/telemme.mmsh.fr\/wp-content\/uploads\/2020\/03\/LogoTELEMMe-horizontal-fond-transparent.png","contentUrl":"https:\/\/telemme.mmsh.fr\/wp-content\/uploads\/2020\/03\/LogoTELEMMe-horizontal-fond-transparent.png","width":1500,"height":437,"caption":"TELEMMe"},"image":{"@id":"https:\/\/telemme.mmsh.fr\/#\/schema\/logo\/image\/"}}]}},"_links":{"self":[{"href":"https:\/\/telemme.mmsh.fr\/index.php?rest_route=\/wp\/v2\/tribe_events\/15913","targetHints":{"allow":["GET"]}}],"collection":[{"href":"https:\/\/telemme.mmsh.fr\/index.php?rest_route=\/wp\/v2\/tribe_events"}],"about":[{"href":"https:\/\/telemme.mmsh.fr\/index.php?rest_route=\/wp\/v2\/types\/tribe_events"}],"author":[{"embeddable":true,"href":"https:\/\/telemme.mmsh.fr\/index.php?rest_route=\/wp\/v2\/users\/6"}],"version-history":[{"count":2,"href":"https:\/\/telemme.mmsh.fr\/index.php?rest_route=\/wp\/v2\/tribe_events\/15913\/revisions"}],"predecessor-version":[{"id":15917,"href":"https:\/\/telemme.mmsh.fr\/index.php?rest_route=\/wp\/v2\/tribe_events\/15913\/revisions\/15917"}],"wp:featuredmedia":[{"embeddable":true,"href":"https:\/\/telemme.mmsh.fr\/index.php?rest_route=\/wp\/v2\/media\/15916"}],"wp:attachment":[{"href":"https:\/\/telemme.mmsh.fr\/index.php?rest_route=%2Fwp%2Fv2%2Fmedia&parent=15913"}],"wp:term":[{"taxonomy":"post_tag","embeddable":true,"href":"https:\/\/telemme.mmsh.fr\/index.php?rest_route=%2Fwp%2Fv2%2Ftags&post=15913"},{"taxonomy":"tribe_events_cat","embeddable":true,"href":"https:\/\/telemme.mmsh.fr\/index.php?rest_route=%2Fwp%2Fv2%2Ftribe_events_cat&post=15913"}],"curies":[{"name":"wp","href":"https:\/\/api.w.org\/{rel}","templated":true}]}}