{"id":15907,"date":"2025-09-15T10:56:07","date_gmt":"2025-09-15T08:56:07","guid":{"rendered":"https:\/\/telemme.mmsh.fr\/?post_type=tribe_events&#038;p=15907"},"modified":"2025-09-15T10:56:07","modified_gmt":"2025-09-15T08:56:07","slug":"le-travail-dans-les-economies-et-les-societes-mediterraneennes-4","status":"publish","type":"tribe_events","link":"https:\/\/telemme.mmsh.fr\/?tribe_events=le-travail-dans-les-economies-et-les-societes-mediterraneennes-4","title":{"rendered":"Le travail dans les \u00e9conomies et les soci\u00e9t\u00e9s m\u00e9diterran\u00e9ennes"},"content":{"rendered":"<p><em>Des marges au centre : le travail des femmes africaines et afro-descendantes dans l\u2019empire fran\u00e7ais au XVIIIe si\u00e8cle<\/em>,\u00a0Lou Laval Matip, UMR TELEMMe (AMU-CNRS)<\/p>\n<p><em>Femmes et travail \u00e0 l\u2019abattoir : perspectives de recherche (XIXe-premi\u00e8re moiti\u00e9 du XXe si\u00e8cle)<\/em>,\u00a0Maxime Bernard, UMR TELEMMe (AMU-CNRS)<\/p>\n<p><a href=\"https:\/\/telemme.mmsh.fr\/?evenement=le-travail-dans-les-economies-et-les-societes-mediterraneennes-3\"><strong>Programme complet<\/strong><\/a><\/p>\n","protected":false},"excerpt":{"rendered":"<p>Des marges au centre : le travail des femmes africaines et afro-descendantes dans l\u2019empire fran\u00e7ais au XVIIIe si\u00e8cle,\u00a0Lou Laval Matip, UMR TELEMMe (AMU-CNRS) Femmes et travail \u00e0 l\u2019abattoir : perspectives&hellip;&nbsp;<a href=\"https:\/\/telemme.mmsh.fr\/?tribe_events=le-travail-dans-les-economies-et-les-societes-mediterraneennes-4\" rel=\"bookmark\">Lire la suite &raquo;<span class=\"screen-reader-text\">Le travail dans les \u00e9conomies et les soci\u00e9t\u00e9s m\u00e9diterran\u00e9ennes<\/span><\/a><\/p>\n","protected":false},"author":6,"featured_media":15908,"template":"","meta":{"neve_meta_sidebar":"","neve_meta_container":"","neve_meta_enable_content_width":"","neve_meta_content_width":0,"neve_meta_title_alignment":"","neve_meta_author_avatar":"","neve_post_elements_order":"","neve_meta_disable_header":"","neve_meta_disable_footer":"","neve_meta_disable_title":"","_tribe_events_status":"","_tribe_events_status_reason":"","footnotes":""},"tags":[2885],"tribe_events_cat":[1831],"class_list":["post-15907","tribe_events","type-tribe_events","status-publish","has-post-thumbnail","hentry","tag-2-2-le-travail-dans-les-economies-et-les-societes-mediterraneennes","tribe_events_cat-seminaire","cat_seminaire"],"yoast_head":"<!-- This site is optimized with the Yoast SEO plugin v27.4 - https:\/\/yoast.com\/product\/yoast-seo-wordpress\/ -->\n<title>Le travail dans les \u00e9conomies et les soci\u00e9t\u00e9s m\u00e9diterran\u00e9ennes - TELEMMe - Temps, espaces, langages, Europe m\u00e9ridionale, M\u00e9diterran\u00e9e<\/title>\n<meta name=\"robots\" content=\"index, follow, max-snippet:-1, max-image-preview:large, max-video-preview:-1\" \/>\n<link rel=\"canonical\" href=\"https:\/\/telemme.mmsh.fr\/?tribe_events=le-travail-dans-les-economies-et-les-societes-mediterraneennes-4\" \/>\n<meta property=\"og:locale\" content=\"fr_FR\" \/>\n<meta property=\"og:type\" content=\"article\" \/>\n<meta property=\"og:title\" content=\"Le travail dans les \u00e9conomies et les soci\u00e9t\u00e9s m\u00e9diterran\u00e9ennes - TELEMMe - Temps, espaces, langages, Europe m\u00e9ridionale, M\u00e9diterran\u00e9e\" \/>\n<meta property=\"og:description\" content=\"Des marges au centre : le travail des femmes africaines et afro-descendantes dans l\u2019empire fran\u00e7ais au XVIIIe si\u00e8cle,\u00a0Lou Laval Matip, UMR TELEMMe (AMU-CNRS) Femmes et travail \u00e0 l\u2019abattoir : perspectives&hellip;&nbsp;Lire la suite &raquo;Le travail dans les \u00e9conomies et les soci\u00e9t\u00e9s m\u00e9diterran\u00e9ennes\" \/>\n<meta property=\"og:url\" content=\"https:\/\/telemme.mmsh.fr\/?tribe_events=le-travail-dans-les-economies-et-les-societes-mediterraneennes-4\" \/>\n<meta property=\"og:site_name\" content=\"TELEMMe - Temps, espaces, langages, Europe m\u00e9ridionale, M\u00e9diterran\u00e9e\" \/>\n<meta property=\"og:image\" content=\"https:\/\/telemme.mmsh.fr\/wp-content\/uploads\/2025\/09\/abattoirsVillette_BnF_EI-132570.jpg\" \/>\n\t<meta property=\"og:image:width\" content=\"1024\" \/>\n\t<meta property=\"og:image:height\" content=\"767\" \/>\n\t<meta property=\"og:image:type\" content=\"image\/jpeg\" \/>\n<meta name=\"twitter:card\" content=\"summary_large_image\" \/>\n<script type=\"application\/ld+json\" class=\"yoast-schema-graph\">{\"@context\":\"https:\\\/\\\/schema.org\",\"@graph\":[{\"@type\":\"WebPage\",\"@id\":\"https:\\\/\\\/telemme.mmsh.fr\\\/?tribe_events=le-travail-dans-les-economies-et-les-societes-mediterraneennes-4\",\"url\":\"https:\\\/\\\/telemme.mmsh.fr\\\/?tribe_events=le-travail-dans-les-economies-et-les-societes-mediterraneennes-4\",\"name\":\"Le travail dans les \u00e9conomies et les soci\u00e9t\u00e9s m\u00e9diterran\u00e9ennes - TELEMMe - Temps, espaces, langages, Europe m\u00e9ridionale, M\u00e9diterran\u00e9e\",\"isPartOf\":{\"@id\":\"https:\\\/\\\/telemme.mmsh.fr\\\/#website\"},\"primaryImageOfPage\":{\"@id\":\"https:\\\/\\\/telemme.mmsh.fr\\\/?tribe_events=le-travail-dans-les-economies-et-les-societes-mediterraneennes-4#primaryimage\"},\"image\":{\"@id\":\"https:\\\/\\\/telemme.mmsh.fr\\\/?tribe_events=le-travail-dans-les-economies-et-les-societes-mediterraneennes-4#primaryimage\"},\"thumbnailUrl\":\"https:\\\/\\\/telemme.mmsh.fr\\\/wp-content\\\/uploads\\\/2025\\\/09\\\/abattoirsVillette_BnF_EI-132570.jpg\",\"datePublished\":\"2025-09-15T08:56:07+00:00\",\"breadcrumb\":{\"@id\":\"https:\\\/\\\/telemme.mmsh.fr\\\/?tribe_events=le-travail-dans-les-economies-et-les-societes-mediterraneennes-4#breadcrumb\"},\"inLanguage\":\"fr-FR\",\"potentialAction\":[{\"@type\":\"ReadAction\",\"target\":[\"https:\\\/\\\/telemme.mmsh.fr\\\/?tribe_events=le-travail-dans-les-economies-et-les-societes-mediterraneennes-4\"]}]},{\"@type\":\"ImageObject\",\"inLanguage\":\"fr-FR\",\"@id\":\"https:\\\/\\\/telemme.mmsh.fr\\\/?tribe_events=le-travail-dans-les-economies-et-les-societes-mediterraneennes-4#primaryimage\",\"url\":\"https:\\\/\\\/telemme.mmsh.fr\\\/wp-content\\\/uploads\\\/2025\\\/09\\\/abattoirsVillette_BnF_EI-132570.jpg\",\"contentUrl\":\"https:\\\/\\\/telemme.mmsh.fr\\\/wp-content\\\/uploads\\\/2025\\\/09\\\/abattoirsVillette_BnF_EI-132570.jpg\",\"width\":1024,\"height\":767,\"caption\":\"Agence de presse Meurisse, Aux abattoirs de la Villette : femmes travaillant, 1917, Biblioth\u00e8que nationale de France, d\u00e9partement Estampes et photographie, EI-13 (2570)\"},{\"@type\":\"BreadcrumbList\",\"@id\":\"https:\\\/\\\/telemme.mmsh.fr\\\/?tribe_events=le-travail-dans-les-economies-et-les-societes-mediterraneennes-4#breadcrumb\",\"itemListElement\":[{\"@type\":\"ListItem\",\"position\":1,\"name\":\"Accueil\",\"item\":\"https:\\\/\\\/telemme.mmsh.fr\\\/\"},{\"@type\":\"ListItem\",\"position\":2,\"name\":\"\u00c9v\u00e8nements\",\"item\":\"https:\\\/\\\/telemme.mmsh.fr\\\/?post_type=tribe_events\"},{\"@type\":\"ListItem\",\"position\":3,\"name\":\"S\u00e9minaire\",\"item\":\"https:\\\/\\\/telemme.mmsh.fr\\\/?tribe_events_cat=seminaire\"},{\"@type\":\"ListItem\",\"position\":4,\"name\":\"Le travail dans les \u00e9conomies et les soci\u00e9t\u00e9s m\u00e9diterran\u00e9ennes\"}]},{\"@type\":\"WebSite\",\"@id\":\"https:\\\/\\\/telemme.mmsh.fr\\\/#website\",\"url\":\"https:\\\/\\\/telemme.mmsh.fr\\\/\",\"name\":\"TELEMMe - Temps, espaces, langages, Europe m\u00e9ridionale, M\u00e9diterran\u00e9e\",\"description\":\"\",\"publisher\":{\"@id\":\"https:\\\/\\\/telemme.mmsh.fr\\\/#organization\"},\"potentialAction\":[{\"@type\":\"SearchAction\",\"target\":{\"@type\":\"EntryPoint\",\"urlTemplate\":\"https:\\\/\\\/telemme.mmsh.fr\\\/?s={search_term_string}\"},\"query-input\":{\"@type\":\"PropertyValueSpecification\",\"valueRequired\":true,\"valueName\":\"search_term_string\"}}],\"inLanguage\":\"fr-FR\"},{\"@type\":\"Organization\",\"@id\":\"https:\\\/\\\/telemme.mmsh.fr\\\/#organization\",\"name\":\"TELEMMe\",\"url\":\"https:\\\/\\\/telemme.mmsh.fr\\\/\",\"logo\":{\"@type\":\"ImageObject\",\"inLanguage\":\"fr-FR\",\"@id\":\"https:\\\/\\\/telemme.mmsh.fr\\\/#\\\/schema\\\/logo\\\/image\\\/\",\"url\":\"https:\\\/\\\/telemme.mmsh.fr\\\/wp-content\\\/uploads\\\/2020\\\/03\\\/LogoTELEMMe-horizontal-fond-transparent.png\",\"contentUrl\":\"https:\\\/\\\/telemme.mmsh.fr\\\/wp-content\\\/uploads\\\/2020\\\/03\\\/LogoTELEMMe-horizontal-fond-transparent.png\",\"width\":1500,\"height\":437,\"caption\":\"TELEMMe\"},\"image\":{\"@id\":\"https:\\\/\\\/telemme.mmsh.fr\\\/#\\\/schema\\\/logo\\\/image\\\/\"}}]}<\/script>\n<!-- \/ Yoast SEO plugin. -->","yoast_head_json":{"title":"Le travail dans les \u00e9conomies et les soci\u00e9t\u00e9s m\u00e9diterran\u00e9ennes - TELEMMe - Temps, espaces, langages, Europe m\u00e9ridionale, M\u00e9diterran\u00e9e","robots":{"index":"index","follow":"follow","max-snippet":"max-snippet:-1","max-image-preview":"max-image-preview:large","max-video-preview":"max-video-preview:-1"},"canonical":"https:\/\/telemme.mmsh.fr\/?tribe_events=le-travail-dans-les-economies-et-les-societes-mediterraneennes-4","og_locale":"fr_FR","og_type":"article","og_title":"Le travail dans les \u00e9conomies et les soci\u00e9t\u00e9s m\u00e9diterran\u00e9ennes - TELEMMe - Temps, espaces, langages, Europe m\u00e9ridionale, M\u00e9diterran\u00e9e","og_description":"Des marges au centre : le travail des femmes africaines et afro-descendantes dans l\u2019empire fran\u00e7ais au XVIIIe si\u00e8cle,\u00a0Lou Laval Matip, UMR TELEMMe (AMU-CNRS) Femmes et travail \u00e0 l\u2019abattoir : perspectives&hellip;&nbsp;Lire la suite &raquo;Le travail dans les \u00e9conomies et les soci\u00e9t\u00e9s m\u00e9diterran\u00e9ennes","og_url":"https:\/\/telemme.mmsh.fr\/?tribe_events=le-travail-dans-les-economies-et-les-societes-mediterraneennes-4","og_site_name":"TELEMMe - Temps, espaces, langages, Europe m\u00e9ridionale, M\u00e9diterran\u00e9e","og_image":[{"width":1024,"height":767,"url":"https:\/\/telemme.mmsh.fr\/wp-content\/uploads\/2025\/09\/abattoirsVillette_BnF_EI-132570.jpg","type":"image\/jpeg"}],"twitter_card":"summary_large_image","schema":{"@context":"https:\/\/schema.org","@graph":[{"@type":"WebPage","@id":"https:\/\/telemme.mmsh.fr\/?tribe_events=le-travail-dans-les-economies-et-les-societes-mediterraneennes-4","url":"https:\/\/telemme.mmsh.fr\/?tribe_events=le-travail-dans-les-economies-et-les-societes-mediterraneennes-4","name":"Le travail dans les \u00e9conomies et les soci\u00e9t\u00e9s m\u00e9diterran\u00e9ennes - TELEMMe - Temps, espaces, langages, Europe m\u00e9ridionale, M\u00e9diterran\u00e9e","isPartOf":{"@id":"https:\/\/telemme.mmsh.fr\/#website"},"primaryImageOfPage":{"@id":"https:\/\/telemme.mmsh.fr\/?tribe_events=le-travail-dans-les-economies-et-les-societes-mediterraneennes-4#primaryimage"},"image":{"@id":"https:\/\/telemme.mmsh.fr\/?tribe_events=le-travail-dans-les-economies-et-les-societes-mediterraneennes-4#primaryimage"},"thumbnailUrl":"https:\/\/telemme.mmsh.fr\/wp-content\/uploads\/2025\/09\/abattoirsVillette_BnF_EI-132570.jpg","datePublished":"2025-09-15T08:56:07+00:00","breadcrumb":{"@id":"https:\/\/telemme.mmsh.fr\/?tribe_events=le-travail-dans-les-economies-et-les-societes-mediterraneennes-4#breadcrumb"},"inLanguage":"fr-FR","potentialAction":[{"@type":"ReadAction","target":["https:\/\/telemme.mmsh.fr\/?tribe_events=le-travail-dans-les-economies-et-les-societes-mediterraneennes-4"]}]},{"@type":"ImageObject","inLanguage":"fr-FR","@id":"https:\/\/telemme.mmsh.fr\/?tribe_events=le-travail-dans-les-economies-et-les-societes-mediterraneennes-4#primaryimage","url":"https:\/\/telemme.mmsh.fr\/wp-content\/uploads\/2025\/09\/abattoirsVillette_BnF_EI-132570.jpg","contentUrl":"https:\/\/telemme.mmsh.fr\/wp-content\/uploads\/2025\/09\/abattoirsVillette_BnF_EI-132570.jpg","width":1024,"height":767,"caption":"Agence de presse Meurisse, Aux abattoirs de la Villette : femmes travaillant, 1917, Biblioth\u00e8que nationale de France, d\u00e9partement Estampes et photographie, EI-13 (2570)"},{"@type":"BreadcrumbList","@id":"https:\/\/telemme.mmsh.fr\/?tribe_events=le-travail-dans-les-economies-et-les-societes-mediterraneennes-4#breadcrumb","itemListElement":[{"@type":"ListItem","position":1,"name":"Accueil","item":"https:\/\/telemme.mmsh.fr\/"},{"@type":"ListItem","position":2,"name":"\u00c9v\u00e8nements","item":"https:\/\/telemme.mmsh.fr\/?post_type=tribe_events"},{"@type":"ListItem","position":3,"name":"S\u00e9minaire","item":"https:\/\/telemme.mmsh.fr\/?tribe_events_cat=seminaire"},{"@type":"ListItem","position":4,"name":"Le travail dans les \u00e9conomies et les soci\u00e9t\u00e9s m\u00e9diterran\u00e9ennes"}]},{"@type":"WebSite","@id":"https:\/\/telemme.mmsh.fr\/#website","url":"https:\/\/telemme.mmsh.fr\/","name":"TELEMMe - Temps, espaces, langages, Europe m\u00e9ridionale, M\u00e9diterran\u00e9e","description":"","publisher":{"@id":"https:\/\/telemme.mmsh.fr\/#organization"},"potentialAction":[{"@type":"SearchAction","target":{"@type":"EntryPoint","urlTemplate":"https:\/\/telemme.mmsh.fr\/?s={search_term_string}"},"query-input":{"@type":"PropertyValueSpecification","valueRequired":true,"valueName":"search_term_string"}}],"inLanguage":"fr-FR"},{"@type":"Organization","@id":"https:\/\/telemme.mmsh.fr\/#organization","name":"TELEMMe","url":"https:\/\/telemme.mmsh.fr\/","logo":{"@type":"ImageObject","inLanguage":"fr-FR","@id":"https:\/\/telemme.mmsh.fr\/#\/schema\/logo\/image\/","url":"https:\/\/telemme.mmsh.fr\/wp-content\/uploads\/2020\/03\/LogoTELEMMe-horizontal-fond-transparent.png","contentUrl":"https:\/\/telemme.mmsh.fr\/wp-content\/uploads\/2020\/03\/LogoTELEMMe-horizontal-fond-transparent.png","width":1500,"height":437,"caption":"TELEMMe"},"image":{"@id":"https:\/\/telemme.mmsh.fr\/#\/schema\/logo\/image\/"}}]}},"_links":{"self":[{"href":"https:\/\/telemme.mmsh.fr\/index.php?rest_route=\/wp\/v2\/tribe_events\/15907","targetHints":{"allow":["GET"]}}],"collection":[{"href":"https:\/\/telemme.mmsh.fr\/index.php?rest_route=\/wp\/v2\/tribe_events"}],"about":[{"href":"https:\/\/telemme.mmsh.fr\/index.php?rest_route=\/wp\/v2\/types\/tribe_events"}],"author":[{"embeddable":true,"href":"https:\/\/telemme.mmsh.fr\/index.php?rest_route=\/wp\/v2\/users\/6"}],"version-history":[{"count":2,"href":"https:\/\/telemme.mmsh.fr\/index.php?rest_route=\/wp\/v2\/tribe_events\/15907\/revisions"}],"predecessor-version":[{"id":15911,"href":"https:\/\/telemme.mmsh.fr\/index.php?rest_route=\/wp\/v2\/tribe_events\/15907\/revisions\/15911"}],"wp:featuredmedia":[{"embeddable":true,"href":"https:\/\/telemme.mmsh.fr\/index.php?rest_route=\/wp\/v2\/media\/15908"}],"wp:attachment":[{"href":"https:\/\/telemme.mmsh.fr\/index.php?rest_route=%2Fwp%2Fv2%2Fmedia&parent=15907"}],"wp:term":[{"taxonomy":"post_tag","embeddable":true,"href":"https:\/\/telemme.mmsh.fr\/index.php?rest_route=%2Fwp%2Fv2%2Ftags&post=15907"},{"taxonomy":"tribe_events_cat","embeddable":true,"href":"https:\/\/telemme.mmsh.fr\/index.php?rest_route=%2Fwp%2Fv2%2Ftribe_events_cat&post=15907"}],"curies":[{"name":"wp","href":"https:\/\/api.w.org\/{rel}","templated":true}]}}