{"id":15792,"date":"2025-07-23T11:01:31","date_gmt":"2025-07-23T09:01:31","guid":{"rendered":"https:\/\/telemme.mmsh.fr\/?post_type=tribe_events&#038;p=15792"},"modified":"2025-07-23T11:01:31","modified_gmt":"2025-07-23T09:01:31","slug":"les-inegalites-educatives-en-mediterranee-depuis-les-sciences-sociales","status":"publish","type":"tribe_events","link":"https:\/\/telemme.mmsh.fr\/?tribe_events=les-inegalites-educatives-en-mediterranee-depuis-les-sciences-sociales","title":{"rendered":"Les in\u00e9galit\u00e9s \u00e9ducatives en M\u00e9diterran\u00e9e depuis les sciences sociales"},"content":{"rendered":"<p><strong>Journ\u00e9e d&rsquo;\u00e9tudes organis\u00e9e par l\u2019Observatoire des in\u00e9galit\u00e9s \u00e9ducatives en M\u00e9diterran\u00e9e (INEMED) de la MMSH<\/strong><\/p>\n<p>Associant l\u2019IREMAM, TELEMMe, MESOPOLHIS et d\u2019autres partenaires, le projet refl\u00e8te la volont\u00e9 de d\u00e9velopper la recherche en \u00c9ducation au sein de la MMSH-amU \u00e0 propos des in\u00e9galit\u00e9s \u00e9ducatives, au c\u0153ur des travaux des membres du groupe : l\u2019enjeu est de proposer des ressources \u00e0 la fois m\u00e9thodologiques et th\u00e9matiques du point de vue des diverses disciplines engag\u00e9es.<br \/>\nAu prisme de cette pluridisciplinarit\u00e9, il s\u2019agira de d\u00e9terminer les apports des SHS sur cet objet et de mettre en lumi\u00e8re leurs sp\u00e9cificit\u00e9s, qu&rsquo;elles rel\u00e8vent du rapport au terrain, des m\u00e9thodes d\u2019enqu\u00eate, de l\u2019\u00e9thique mais aussi de th\u00e9matiques faisant d\u00e9bats avec d\u2019autres champs disciplinaires comme la question de l\u2019administration de la preuve ou de la mesure. L\u2019observatoire pourra ainsi constituer un lieu de visibilisation des approches propres aux sciences humaines et sociales sur la question des in\u00e9galit\u00e9s \u00e9ducatives.<\/p>\n","protected":false},"excerpt":{"rendered":"<p>Journ\u00e9e d&rsquo;\u00e9tudes organis\u00e9e par l\u2019Observatoire des in\u00e9galit\u00e9s \u00e9ducatives en M\u00e9diterran\u00e9e (INEMED) de la MMSH Associant l\u2019IREMAM, TELEMMe, MESOPOLHIS et d\u2019autres partenaires, le projet refl\u00e8te la volont\u00e9 de d\u00e9velopper la recherche&hellip;&nbsp;<a href=\"https:\/\/telemme.mmsh.fr\/?tribe_events=les-inegalites-educatives-en-mediterranee-depuis-les-sciences-sociales\" rel=\"bookmark\">Lire la suite &raquo;<span class=\"screen-reader-text\">Les in\u00e9galit\u00e9s \u00e9ducatives en M\u00e9diterran\u00e9e depuis les sciences sociales<\/span><\/a><\/p>\n","protected":false},"author":6,"featured_media":0,"template":"","meta":{"neve_meta_sidebar":"","neve_meta_container":"","neve_meta_enable_content_width":"","neve_meta_content_width":0,"neve_meta_title_alignment":"","neve_meta_author_avatar":"","neve_post_elements_order":"","neve_meta_disable_header":"","neve_meta_disable_footer":"","neve_meta_disable_title":"","_tribe_events_status":"","_tribe_events_status_reason":"","footnotes":""},"tags":[2786],"tribe_events_cat":[1823],"class_list":["post-15792","tribe_events","type-tribe_events","status-publish","hentry","tag-2-3-educations-jeunesses-et-territoires","tribe_events_cat-journee-detudes","cat_journee-detudes"],"yoast_head":"<!-- This site is optimized with the Yoast SEO plugin v27.4 - https:\/\/yoast.com\/product\/yoast-seo-wordpress\/ -->\n<title>Les in\u00e9galit\u00e9s \u00e9ducatives en M\u00e9diterran\u00e9e depuis les sciences sociales - TELEMMe - Temps, espaces, langages, Europe m\u00e9ridionale, M\u00e9diterran\u00e9e<\/title>\n<meta name=\"robots\" content=\"index, follow, max-snippet:-1, max-image-preview:large, max-video-preview:-1\" \/>\n<link rel=\"canonical\" href=\"https:\/\/telemme.mmsh.fr\/?tribe_events=les-inegalites-educatives-en-mediterranee-depuis-les-sciences-sociales\" \/>\n<meta property=\"og:locale\" content=\"fr_FR\" \/>\n<meta property=\"og:type\" content=\"article\" \/>\n<meta property=\"og:title\" content=\"Les in\u00e9galit\u00e9s \u00e9ducatives en M\u00e9diterran\u00e9e depuis les sciences sociales - TELEMMe - Temps, espaces, langages, Europe m\u00e9ridionale, M\u00e9diterran\u00e9e\" \/>\n<meta property=\"og:description\" content=\"Journ\u00e9e d&rsquo;\u00e9tudes organis\u00e9e par l\u2019Observatoire des in\u00e9galit\u00e9s \u00e9ducatives en M\u00e9diterran\u00e9e (INEMED) de la MMSH Associant l\u2019IREMAM, TELEMMe, MESOPOLHIS et d\u2019autres partenaires, le projet refl\u00e8te la volont\u00e9 de d\u00e9velopper la recherche&hellip;&nbsp;Lire la suite &raquo;Les in\u00e9galit\u00e9s \u00e9ducatives en M\u00e9diterran\u00e9e depuis les sciences sociales\" \/>\n<meta property=\"og:url\" content=\"https:\/\/telemme.mmsh.fr\/?tribe_events=les-inegalites-educatives-en-mediterranee-depuis-les-sciences-sociales\" \/>\n<meta property=\"og:site_name\" content=\"TELEMMe - Temps, espaces, langages, Europe m\u00e9ridionale, M\u00e9diterran\u00e9e\" \/>\n<meta name=\"twitter:card\" content=\"summary_large_image\" \/>\n<meta name=\"twitter:label1\" content=\"Dur\u00e9e de lecture estim\u00e9e\" \/>\n\t<meta name=\"twitter:data1\" content=\"1 minute\" \/>\n<script type=\"application\/ld+json\" class=\"yoast-schema-graph\">{\"@context\":\"https:\\\/\\\/schema.org\",\"@graph\":[{\"@type\":\"WebPage\",\"@id\":\"https:\\\/\\\/telemme.mmsh.fr\\\/?tribe_events=les-inegalites-educatives-en-mediterranee-depuis-les-sciences-sociales\",\"url\":\"https:\\\/\\\/telemme.mmsh.fr\\\/?tribe_events=les-inegalites-educatives-en-mediterranee-depuis-les-sciences-sociales\",\"name\":\"Les in\u00e9galit\u00e9s \u00e9ducatives en M\u00e9diterran\u00e9e depuis les sciences sociales - TELEMMe - Temps, espaces, langages, Europe m\u00e9ridionale, M\u00e9diterran\u00e9e\",\"isPartOf\":{\"@id\":\"https:\\\/\\\/telemme.mmsh.fr\\\/#website\"},\"datePublished\":\"2025-07-23T09:01:31+00:00\",\"breadcrumb\":{\"@id\":\"https:\\\/\\\/telemme.mmsh.fr\\\/?tribe_events=les-inegalites-educatives-en-mediterranee-depuis-les-sciences-sociales#breadcrumb\"},\"inLanguage\":\"fr-FR\",\"potentialAction\":[{\"@type\":\"ReadAction\",\"target\":[\"https:\\\/\\\/telemme.mmsh.fr\\\/?tribe_events=les-inegalites-educatives-en-mediterranee-depuis-les-sciences-sociales\"]}]},{\"@type\":\"BreadcrumbList\",\"@id\":\"https:\\\/\\\/telemme.mmsh.fr\\\/?tribe_events=les-inegalites-educatives-en-mediterranee-depuis-les-sciences-sociales#breadcrumb\",\"itemListElement\":[{\"@type\":\"ListItem\",\"position\":1,\"name\":\"Accueil\",\"item\":\"https:\\\/\\\/telemme.mmsh.fr\\\/\"},{\"@type\":\"ListItem\",\"position\":2,\"name\":\"\u00c9v\u00e8nements\",\"item\":\"https:\\\/\\\/telemme.mmsh.fr\\\/?post_type=tribe_events\"},{\"@type\":\"ListItem\",\"position\":3,\"name\":\"Journ\u00e9e d'\u00e9tudes\",\"item\":\"https:\\\/\\\/telemme.mmsh.fr\\\/?tribe_events_cat=journee-detudes\"},{\"@type\":\"ListItem\",\"position\":4,\"name\":\"Les in\u00e9galit\u00e9s \u00e9ducatives en M\u00e9diterran\u00e9e depuis les sciences sociales\"}]},{\"@type\":\"WebSite\",\"@id\":\"https:\\\/\\\/telemme.mmsh.fr\\\/#website\",\"url\":\"https:\\\/\\\/telemme.mmsh.fr\\\/\",\"name\":\"TELEMMe - Temps, espaces, langages, Europe m\u00e9ridionale, M\u00e9diterran\u00e9e\",\"description\":\"\",\"publisher\":{\"@id\":\"https:\\\/\\\/telemme.mmsh.fr\\\/#organization\"},\"potentialAction\":[{\"@type\":\"SearchAction\",\"target\":{\"@type\":\"EntryPoint\",\"urlTemplate\":\"https:\\\/\\\/telemme.mmsh.fr\\\/?s={search_term_string}\"},\"query-input\":{\"@type\":\"PropertyValueSpecification\",\"valueRequired\":true,\"valueName\":\"search_term_string\"}}],\"inLanguage\":\"fr-FR\"},{\"@type\":\"Organization\",\"@id\":\"https:\\\/\\\/telemme.mmsh.fr\\\/#organization\",\"name\":\"TELEMMe\",\"url\":\"https:\\\/\\\/telemme.mmsh.fr\\\/\",\"logo\":{\"@type\":\"ImageObject\",\"inLanguage\":\"fr-FR\",\"@id\":\"https:\\\/\\\/telemme.mmsh.fr\\\/#\\\/schema\\\/logo\\\/image\\\/\",\"url\":\"https:\\\/\\\/telemme.mmsh.fr\\\/wp-content\\\/uploads\\\/2020\\\/03\\\/LogoTELEMMe-horizontal-fond-transparent.png\",\"contentUrl\":\"https:\\\/\\\/telemme.mmsh.fr\\\/wp-content\\\/uploads\\\/2020\\\/03\\\/LogoTELEMMe-horizontal-fond-transparent.png\",\"width\":1500,\"height\":437,\"caption\":\"TELEMMe\"},\"image\":{\"@id\":\"https:\\\/\\\/telemme.mmsh.fr\\\/#\\\/schema\\\/logo\\\/image\\\/\"}}]}<\/script>\n<!-- \/ Yoast SEO plugin. -->","yoast_head_json":{"title":"Les in\u00e9galit\u00e9s \u00e9ducatives en M\u00e9diterran\u00e9e depuis les sciences sociales - TELEMMe - Temps, espaces, langages, Europe m\u00e9ridionale, M\u00e9diterran\u00e9e","robots":{"index":"index","follow":"follow","max-snippet":"max-snippet:-1","max-image-preview":"max-image-preview:large","max-video-preview":"max-video-preview:-1"},"canonical":"https:\/\/telemme.mmsh.fr\/?tribe_events=les-inegalites-educatives-en-mediterranee-depuis-les-sciences-sociales","og_locale":"fr_FR","og_type":"article","og_title":"Les in\u00e9galit\u00e9s \u00e9ducatives en M\u00e9diterran\u00e9e depuis les sciences sociales - TELEMMe - Temps, espaces, langages, Europe m\u00e9ridionale, M\u00e9diterran\u00e9e","og_description":"Journ\u00e9e d&rsquo;\u00e9tudes organis\u00e9e par l\u2019Observatoire des in\u00e9galit\u00e9s \u00e9ducatives en M\u00e9diterran\u00e9e (INEMED) de la MMSH Associant l\u2019IREMAM, TELEMMe, MESOPOLHIS et d\u2019autres partenaires, le projet refl\u00e8te la volont\u00e9 de d\u00e9velopper la recherche&hellip;&nbsp;Lire la suite &raquo;Les in\u00e9galit\u00e9s \u00e9ducatives en M\u00e9diterran\u00e9e depuis les sciences sociales","og_url":"https:\/\/telemme.mmsh.fr\/?tribe_events=les-inegalites-educatives-en-mediterranee-depuis-les-sciences-sociales","og_site_name":"TELEMMe - Temps, espaces, langages, Europe m\u00e9ridionale, M\u00e9diterran\u00e9e","twitter_card":"summary_large_image","twitter_misc":{"Dur\u00e9e de lecture estim\u00e9e":"1 minute"},"schema":{"@context":"https:\/\/schema.org","@graph":[{"@type":"WebPage","@id":"https:\/\/telemme.mmsh.fr\/?tribe_events=les-inegalites-educatives-en-mediterranee-depuis-les-sciences-sociales","url":"https:\/\/telemme.mmsh.fr\/?tribe_events=les-inegalites-educatives-en-mediterranee-depuis-les-sciences-sociales","name":"Les in\u00e9galit\u00e9s \u00e9ducatives en M\u00e9diterran\u00e9e depuis les sciences sociales - TELEMMe - Temps, espaces, langages, Europe m\u00e9ridionale, M\u00e9diterran\u00e9e","isPartOf":{"@id":"https:\/\/telemme.mmsh.fr\/#website"},"datePublished":"2025-07-23T09:01:31+00:00","breadcrumb":{"@id":"https:\/\/telemme.mmsh.fr\/?tribe_events=les-inegalites-educatives-en-mediterranee-depuis-les-sciences-sociales#breadcrumb"},"inLanguage":"fr-FR","potentialAction":[{"@type":"ReadAction","target":["https:\/\/telemme.mmsh.fr\/?tribe_events=les-inegalites-educatives-en-mediterranee-depuis-les-sciences-sociales"]}]},{"@type":"BreadcrumbList","@id":"https:\/\/telemme.mmsh.fr\/?tribe_events=les-inegalites-educatives-en-mediterranee-depuis-les-sciences-sociales#breadcrumb","itemListElement":[{"@type":"ListItem","position":1,"name":"Accueil","item":"https:\/\/telemme.mmsh.fr\/"},{"@type":"ListItem","position":2,"name":"\u00c9v\u00e8nements","item":"https:\/\/telemme.mmsh.fr\/?post_type=tribe_events"},{"@type":"ListItem","position":3,"name":"Journ\u00e9e d'\u00e9tudes","item":"https:\/\/telemme.mmsh.fr\/?tribe_events_cat=journee-detudes"},{"@type":"ListItem","position":4,"name":"Les in\u00e9galit\u00e9s \u00e9ducatives en M\u00e9diterran\u00e9e depuis les sciences sociales"}]},{"@type":"WebSite","@id":"https:\/\/telemme.mmsh.fr\/#website","url":"https:\/\/telemme.mmsh.fr\/","name":"TELEMMe - Temps, espaces, langages, Europe m\u00e9ridionale, M\u00e9diterran\u00e9e","description":"","publisher":{"@id":"https:\/\/telemme.mmsh.fr\/#organization"},"potentialAction":[{"@type":"SearchAction","target":{"@type":"EntryPoint","urlTemplate":"https:\/\/telemme.mmsh.fr\/?s={search_term_string}"},"query-input":{"@type":"PropertyValueSpecification","valueRequired":true,"valueName":"search_term_string"}}],"inLanguage":"fr-FR"},{"@type":"Organization","@id":"https:\/\/telemme.mmsh.fr\/#organization","name":"TELEMMe","url":"https:\/\/telemme.mmsh.fr\/","logo":{"@type":"ImageObject","inLanguage":"fr-FR","@id":"https:\/\/telemme.mmsh.fr\/#\/schema\/logo\/image\/","url":"https:\/\/telemme.mmsh.fr\/wp-content\/uploads\/2020\/03\/LogoTELEMMe-horizontal-fond-transparent.png","contentUrl":"https:\/\/telemme.mmsh.fr\/wp-content\/uploads\/2020\/03\/LogoTELEMMe-horizontal-fond-transparent.png","width":1500,"height":437,"caption":"TELEMMe"},"image":{"@id":"https:\/\/telemme.mmsh.fr\/#\/schema\/logo\/image\/"}}]}},"_links":{"self":[{"href":"https:\/\/telemme.mmsh.fr\/index.php?rest_route=\/wp\/v2\/tribe_events\/15792","targetHints":{"allow":["GET"]}}],"collection":[{"href":"https:\/\/telemme.mmsh.fr\/index.php?rest_route=\/wp\/v2\/tribe_events"}],"about":[{"href":"https:\/\/telemme.mmsh.fr\/index.php?rest_route=\/wp\/v2\/types\/tribe_events"}],"author":[{"embeddable":true,"href":"https:\/\/telemme.mmsh.fr\/index.php?rest_route=\/wp\/v2\/users\/6"}],"version-history":[{"count":1,"href":"https:\/\/telemme.mmsh.fr\/index.php?rest_route=\/wp\/v2\/tribe_events\/15792\/revisions"}],"predecessor-version":[{"id":15793,"href":"https:\/\/telemme.mmsh.fr\/index.php?rest_route=\/wp\/v2\/tribe_events\/15792\/revisions\/15793"}],"wp:attachment":[{"href":"https:\/\/telemme.mmsh.fr\/index.php?rest_route=%2Fwp%2Fv2%2Fmedia&parent=15792"}],"wp:term":[{"taxonomy":"post_tag","embeddable":true,"href":"https:\/\/telemme.mmsh.fr\/index.php?rest_route=%2Fwp%2Fv2%2Ftags&post=15792"},{"taxonomy":"tribe_events_cat","embeddable":true,"href":"https:\/\/telemme.mmsh.fr\/index.php?rest_route=%2Fwp%2Fv2%2Ftribe_events_cat&post=15792"}],"curies":[{"name":"wp","href":"https:\/\/api.w.org\/{rel}","templated":true}]}}