{"id":15768,"date":"2025-07-17T20:56:25","date_gmt":"2025-07-17T18:56:25","guid":{"rendered":"https:\/\/telemme.mmsh.fr\/?post_type=tribe_events&#038;p=15768"},"modified":"2025-07-23T11:18:09","modified_gmt":"2025-07-23T09:18:09","slug":"journee-detudes-discrimination-et-education-regards-croises-etats-unis-france","status":"publish","type":"tribe_events","link":"https:\/\/telemme.mmsh.fr\/?tribe_events=journee-detudes-discrimination-et-education-regards-croises-etats-unis-france","title":{"rendered":"Discrimination et \u00e9ducation, regards crois\u00e9s \u00c9tats-Unis \/ France"},"content":{"rendered":"<div>\n<div>\n<div><span style=\"font-size: medium;\">La journ\u00e9e d&rsquo;\u00e9tudes <\/span><span style=\"font-size: medium;\"><b>\u00a0\u00ab Discrimination et \u00e9ducation. Regards crois\u00e9s\u00a0<\/b><\/span><span style=\"font-size: medium;\"><b>\u00c9<\/b><\/span><span style=\"font-size: medium;\"><b>tats-Unis\/France \u00bb<\/b><\/span><span style=\"font-size: medium;\">, organis\u00e9e par les laboratoires CHSCS (Universit\u00e9 de Versailles Saint-Quentin-en-Yvelines) et TELEMMe (Aix-Marseille Universit\u00e9), avec le soutien de la Graduate School Education Formation Enseignement de l&rsquo;Universit\u00e9 Paris-Saclay,<\/span><span style=\"font-size: medium;\">se tiendra\u00a0<\/span><span style=\"font-size: medium;\">le\u00a0<\/span><span style=\"font-size: medium;\"><b>vendredi 10 octobre <\/b><\/span><span style=\"color: #005a95; font-size: medium;\"><span id=\"x_x_OBJ_PREFIX_DWT1356_com_zimbra_date\"><b><span id=\"x_x_OBJ_PREFIX_DWT151_com_zimbra_date\"><span id=\"x_x_OBJ_PREFIX_DWT156_com_zimbra_date\"><span style=\"color: black;\">2025 <\/span><\/span><\/span><\/b><\/span><\/span><span style=\"font-size: medium;\">\u00e0 l&rsquo;<\/span><span style=\"font-size: medium;\"><b>Universit\u00e9 de Versailles Saint-Quentin-en-Yvelines\u00a0<\/b><\/span><span style=\"font-size: medium;\">(47 boulevard Vauban \u00e0 Guyancourt B\u00e2timent A, 5\u00e8me \u00e9tage, salle 524).<\/span><\/div>\n<\/div>\n<div><\/div>\n<div>Elle a pour ambition d\u2019analyser comment les discriminations scolaires \u00e0 plusieurs \u00e9chelles (syst\u00e9miques, institutionnelles mais aussi interpersonnelles) influencent l\u2019acc\u00e8s \u00e0 l\u2019\u00e9ducation et \u00e0 la r\u00e9ussite scolaire aux \u00c9tats-Unis ou en France. Les <b>perspectives historiques<\/b>\u00a0permettent de comprendre comment l\u2019\u00e9ducation a \u00e9t\u00e9 fa\u00e7onn\u00e9e par les discriminations et les combats contre celles-ci de part et d\u2019autre de l\u2019Atlantique.\u00a0Nous proposons de\u00a0<b>croiser les regards sur les exp\u00e9riences de discrimination<\/b>\u00a0et sur les\u00a0<b>r\u00e9ponses institutionnelles et sociales<\/b>\u00a0dans les syst\u00e8mes \u00e9ducatifs fran\u00e7ais et \u00e9tatsuniens.<\/div>\n<div><span style=\"color: #19263c;\">\u00a0<\/span><\/div>\n<\/div>\n<div><a href=\"https:\/\/telemme.mmsh.fr\/?evenement=discrimination-et-education-regards-croises-etats-unis-france\"><strong>Programme d\u00e9taill\u00e9<\/strong><\/a><\/div>\n","protected":false},"excerpt":{"rendered":"<p>La journ\u00e9e d&rsquo;\u00e9tudes \u00a0\u00ab Discrimination et \u00e9ducation. Regards crois\u00e9s\u00a0\u00c9tats-Unis\/France \u00bb, organis\u00e9e par les laboratoires CHSCS (Universit\u00e9 de Versailles Saint-Quentin-en-Yvelines) et TELEMMe (Aix-Marseille Universit\u00e9), avec le soutien de la Graduate School&hellip;&nbsp;<a href=\"https:\/\/telemme.mmsh.fr\/?tribe_events=journee-detudes-discrimination-et-education-regards-croises-etats-unis-france\" rel=\"bookmark\">Lire la suite &raquo;<span class=\"screen-reader-text\">Discrimination et \u00e9ducation, regards crois\u00e9s \u00c9tats-Unis \/ France<\/span><\/a><\/p>\n","protected":false},"author":202,"featured_media":15769,"template":"","meta":{"neve_meta_sidebar":"","neve_meta_container":"","neve_meta_enable_content_width":"","neve_meta_content_width":0,"neve_meta_title_alignment":"","neve_meta_author_avatar":"","neve_post_elements_order":"","neve_meta_disable_header":"","neve_meta_disable_footer":"","neve_meta_disable_title":"","_tribe_events_status":"","_tribe_events_status_reason":"","footnotes":""},"tags":[2786],"tribe_events_cat":[1823],"class_list":["post-15768","tribe_events","type-tribe_events","status-publish","has-post-thumbnail","hentry","tag-2-3-educations-jeunesses-et-territoires","tribe_events_cat-journee-detudes","cat_journee-detudes"],"yoast_head":"<!-- This site is optimized with the Yoast SEO plugin v27.4 - https:\/\/yoast.com\/product\/yoast-seo-wordpress\/ -->\n<title>Discrimination et \u00e9ducation, regards crois\u00e9s \u00c9tats-Unis \/ France - TELEMMe - Temps, espaces, langages, Europe m\u00e9ridionale, M\u00e9diterran\u00e9e<\/title>\n<meta name=\"robots\" content=\"index, follow, max-snippet:-1, max-image-preview:large, max-video-preview:-1\" \/>\n<link rel=\"canonical\" href=\"https:\/\/telemme.mmsh.fr\/?tribe_events=journee-detudes-discrimination-et-education-regards-croises-etats-unis-france\" \/>\n<meta property=\"og:locale\" content=\"fr_FR\" \/>\n<meta property=\"og:type\" content=\"article\" \/>\n<meta property=\"og:title\" content=\"Discrimination et \u00e9ducation, regards crois\u00e9s \u00c9tats-Unis \/ France - TELEMMe - Temps, espaces, langages, Europe m\u00e9ridionale, M\u00e9diterran\u00e9e\" \/>\n<meta property=\"og:description\" content=\"La journ\u00e9e d&rsquo;\u00e9tudes \u00a0\u00ab Discrimination et \u00e9ducation. Regards crois\u00e9s\u00a0\u00c9tats-Unis\/France \u00bb, organis\u00e9e par les laboratoires CHSCS (Universit\u00e9 de Versailles Saint-Quentin-en-Yvelines) et TELEMMe (Aix-Marseille Universit\u00e9), avec le soutien de la Graduate School&hellip;&nbsp;Lire la suite &raquo;Discrimination et \u00e9ducation, regards crois\u00e9s \u00c9tats-Unis \/ France\" \/>\n<meta property=\"og:url\" content=\"https:\/\/telemme.mmsh.fr\/?tribe_events=journee-detudes-discrimination-et-education-regards-croises-etats-unis-france\" \/>\n<meta property=\"og:site_name\" content=\"TELEMMe - Temps, espaces, langages, Europe m\u00e9ridionale, M\u00e9diterran\u00e9e\" \/>\n<meta property=\"article:modified_time\" content=\"2025-07-23T09:18:09+00:00\" \/>\n<meta property=\"og:image\" content=\"https:\/\/telemme.mmsh.fr\/wp-content\/uploads\/2025\/07\/education-discrimination-abstrait-couleurs.jpg\" \/>\n\t<meta property=\"og:image:width\" content=\"2048\" \/>\n\t<meta property=\"og:image:height\" content=\"2048\" \/>\n\t<meta property=\"og:image:type\" content=\"image\/jpeg\" \/>\n<meta name=\"twitter:card\" content=\"summary_large_image\" \/>\n<meta name=\"twitter:label1\" content=\"Dur\u00e9e de lecture estim\u00e9e\" \/>\n\t<meta name=\"twitter:data1\" content=\"1 minute\" \/>\n<script type=\"application\/ld+json\" class=\"yoast-schema-graph\">{\"@context\":\"https:\\\/\\\/schema.org\",\"@graph\":[{\"@type\":\"WebPage\",\"@id\":\"https:\\\/\\\/telemme.mmsh.fr\\\/?tribe_events=journee-detudes-discrimination-et-education-regards-croises-etats-unis-france\",\"url\":\"https:\\\/\\\/telemme.mmsh.fr\\\/?tribe_events=journee-detudes-discrimination-et-education-regards-croises-etats-unis-france\",\"name\":\"Discrimination et \u00e9ducation, regards crois\u00e9s \u00c9tats-Unis \\\/ France - TELEMMe - Temps, espaces, langages, Europe m\u00e9ridionale, M\u00e9diterran\u00e9e\",\"isPartOf\":{\"@id\":\"https:\\\/\\\/telemme.mmsh.fr\\\/#website\"},\"primaryImageOfPage\":{\"@id\":\"https:\\\/\\\/telemme.mmsh.fr\\\/?tribe_events=journee-detudes-discrimination-et-education-regards-croises-etats-unis-france#primaryimage\"},\"image\":{\"@id\":\"https:\\\/\\\/telemme.mmsh.fr\\\/?tribe_events=journee-detudes-discrimination-et-education-regards-croises-etats-unis-france#primaryimage\"},\"thumbnailUrl\":\"https:\\\/\\\/telemme.mmsh.fr\\\/wp-content\\\/uploads\\\/2025\\\/07\\\/education-discrimination-abstrait-couleurs.jpg\",\"datePublished\":\"2025-07-17T18:56:25+00:00\",\"dateModified\":\"2025-07-23T09:18:09+00:00\",\"breadcrumb\":{\"@id\":\"https:\\\/\\\/telemme.mmsh.fr\\\/?tribe_events=journee-detudes-discrimination-et-education-regards-croises-etats-unis-france#breadcrumb\"},\"inLanguage\":\"fr-FR\",\"potentialAction\":[{\"@type\":\"ReadAction\",\"target\":[\"https:\\\/\\\/telemme.mmsh.fr\\\/?tribe_events=journee-detudes-discrimination-et-education-regards-croises-etats-unis-france\"]}]},{\"@type\":\"ImageObject\",\"inLanguage\":\"fr-FR\",\"@id\":\"https:\\\/\\\/telemme.mmsh.fr\\\/?tribe_events=journee-detudes-discrimination-et-education-regards-croises-etats-unis-france#primaryimage\",\"url\":\"https:\\\/\\\/telemme.mmsh.fr\\\/wp-content\\\/uploads\\\/2025\\\/07\\\/education-discrimination-abstrait-couleurs.jpg\",\"contentUrl\":\"https:\\\/\\\/telemme.mmsh.fr\\\/wp-content\\\/uploads\\\/2025\\\/07\\\/education-discrimination-abstrait-couleurs.jpg\",\"width\":2048,\"height\":2048,\"caption\":\"e\u0301ducation discrimination abstrait couleurs\"},{\"@type\":\"BreadcrumbList\",\"@id\":\"https:\\\/\\\/telemme.mmsh.fr\\\/?tribe_events=journee-detudes-discrimination-et-education-regards-croises-etats-unis-france#breadcrumb\",\"itemListElement\":[{\"@type\":\"ListItem\",\"position\":1,\"name\":\"Accueil\",\"item\":\"https:\\\/\\\/telemme.mmsh.fr\\\/\"},{\"@type\":\"ListItem\",\"position\":2,\"name\":\"\u00c9v\u00e8nements\",\"item\":\"https:\\\/\\\/telemme.mmsh.fr\\\/?post_type=tribe_events\"},{\"@type\":\"ListItem\",\"position\":3,\"name\":\"Journ\u00e9e d'\u00e9tudes\",\"item\":\"https:\\\/\\\/telemme.mmsh.fr\\\/?tribe_events_cat=journee-detudes\"},{\"@type\":\"ListItem\",\"position\":4,\"name\":\"Discrimination et \u00e9ducation, regards crois\u00e9s \u00c9tats-Unis \\\/ France\"}]},{\"@type\":\"WebSite\",\"@id\":\"https:\\\/\\\/telemme.mmsh.fr\\\/#website\",\"url\":\"https:\\\/\\\/telemme.mmsh.fr\\\/\",\"name\":\"TELEMMe - Temps, espaces, langages, Europe m\u00e9ridionale, M\u00e9diterran\u00e9e\",\"description\":\"\",\"publisher\":{\"@id\":\"https:\\\/\\\/telemme.mmsh.fr\\\/#organization\"},\"potentialAction\":[{\"@type\":\"SearchAction\",\"target\":{\"@type\":\"EntryPoint\",\"urlTemplate\":\"https:\\\/\\\/telemme.mmsh.fr\\\/?s={search_term_string}\"},\"query-input\":{\"@type\":\"PropertyValueSpecification\",\"valueRequired\":true,\"valueName\":\"search_term_string\"}}],\"inLanguage\":\"fr-FR\"},{\"@type\":\"Organization\",\"@id\":\"https:\\\/\\\/telemme.mmsh.fr\\\/#organization\",\"name\":\"TELEMMe\",\"url\":\"https:\\\/\\\/telemme.mmsh.fr\\\/\",\"logo\":{\"@type\":\"ImageObject\",\"inLanguage\":\"fr-FR\",\"@id\":\"https:\\\/\\\/telemme.mmsh.fr\\\/#\\\/schema\\\/logo\\\/image\\\/\",\"url\":\"https:\\\/\\\/telemme.mmsh.fr\\\/wp-content\\\/uploads\\\/2020\\\/03\\\/LogoTELEMMe-horizontal-fond-transparent.png\",\"contentUrl\":\"https:\\\/\\\/telemme.mmsh.fr\\\/wp-content\\\/uploads\\\/2020\\\/03\\\/LogoTELEMMe-horizontal-fond-transparent.png\",\"width\":1500,\"height\":437,\"caption\":\"TELEMMe\"},\"image\":{\"@id\":\"https:\\\/\\\/telemme.mmsh.fr\\\/#\\\/schema\\\/logo\\\/image\\\/\"}}]}<\/script>\n<!-- \/ Yoast SEO plugin. -->","yoast_head_json":{"title":"Discrimination et \u00e9ducation, regards crois\u00e9s \u00c9tats-Unis \/ France - TELEMMe - Temps, espaces, langages, Europe m\u00e9ridionale, M\u00e9diterran\u00e9e","robots":{"index":"index","follow":"follow","max-snippet":"max-snippet:-1","max-image-preview":"max-image-preview:large","max-video-preview":"max-video-preview:-1"},"canonical":"https:\/\/telemme.mmsh.fr\/?tribe_events=journee-detudes-discrimination-et-education-regards-croises-etats-unis-france","og_locale":"fr_FR","og_type":"article","og_title":"Discrimination et \u00e9ducation, regards crois\u00e9s \u00c9tats-Unis \/ France - TELEMMe - Temps, espaces, langages, Europe m\u00e9ridionale, M\u00e9diterran\u00e9e","og_description":"La journ\u00e9e d&rsquo;\u00e9tudes \u00a0\u00ab Discrimination et \u00e9ducation. Regards crois\u00e9s\u00a0\u00c9tats-Unis\/France \u00bb, organis\u00e9e par les laboratoires CHSCS (Universit\u00e9 de Versailles Saint-Quentin-en-Yvelines) et TELEMMe (Aix-Marseille Universit\u00e9), avec le soutien de la Graduate School&hellip;&nbsp;Lire la suite &raquo;Discrimination et \u00e9ducation, regards crois\u00e9s \u00c9tats-Unis \/ France","og_url":"https:\/\/telemme.mmsh.fr\/?tribe_events=journee-detudes-discrimination-et-education-regards-croises-etats-unis-france","og_site_name":"TELEMMe - Temps, espaces, langages, Europe m\u00e9ridionale, M\u00e9diterran\u00e9e","article_modified_time":"2025-07-23T09:18:09+00:00","og_image":[{"width":2048,"height":2048,"url":"https:\/\/telemme.mmsh.fr\/wp-content\/uploads\/2025\/07\/education-discrimination-abstrait-couleurs.jpg","type":"image\/jpeg"}],"twitter_card":"summary_large_image","twitter_misc":{"Dur\u00e9e de lecture estim\u00e9e":"1 minute"},"schema":{"@context":"https:\/\/schema.org","@graph":[{"@type":"WebPage","@id":"https:\/\/telemme.mmsh.fr\/?tribe_events=journee-detudes-discrimination-et-education-regards-croises-etats-unis-france","url":"https:\/\/telemme.mmsh.fr\/?tribe_events=journee-detudes-discrimination-et-education-regards-croises-etats-unis-france","name":"Discrimination et \u00e9ducation, regards crois\u00e9s \u00c9tats-Unis \/ France - TELEMMe - Temps, espaces, langages, Europe m\u00e9ridionale, M\u00e9diterran\u00e9e","isPartOf":{"@id":"https:\/\/telemme.mmsh.fr\/#website"},"primaryImageOfPage":{"@id":"https:\/\/telemme.mmsh.fr\/?tribe_events=journee-detudes-discrimination-et-education-regards-croises-etats-unis-france#primaryimage"},"image":{"@id":"https:\/\/telemme.mmsh.fr\/?tribe_events=journee-detudes-discrimination-et-education-regards-croises-etats-unis-france#primaryimage"},"thumbnailUrl":"https:\/\/telemme.mmsh.fr\/wp-content\/uploads\/2025\/07\/education-discrimination-abstrait-couleurs.jpg","datePublished":"2025-07-17T18:56:25+00:00","dateModified":"2025-07-23T09:18:09+00:00","breadcrumb":{"@id":"https:\/\/telemme.mmsh.fr\/?tribe_events=journee-detudes-discrimination-et-education-regards-croises-etats-unis-france#breadcrumb"},"inLanguage":"fr-FR","potentialAction":[{"@type":"ReadAction","target":["https:\/\/telemme.mmsh.fr\/?tribe_events=journee-detudes-discrimination-et-education-regards-croises-etats-unis-france"]}]},{"@type":"ImageObject","inLanguage":"fr-FR","@id":"https:\/\/telemme.mmsh.fr\/?tribe_events=journee-detudes-discrimination-et-education-regards-croises-etats-unis-france#primaryimage","url":"https:\/\/telemme.mmsh.fr\/wp-content\/uploads\/2025\/07\/education-discrimination-abstrait-couleurs.jpg","contentUrl":"https:\/\/telemme.mmsh.fr\/wp-content\/uploads\/2025\/07\/education-discrimination-abstrait-couleurs.jpg","width":2048,"height":2048,"caption":"e\u0301ducation discrimination abstrait couleurs"},{"@type":"BreadcrumbList","@id":"https:\/\/telemme.mmsh.fr\/?tribe_events=journee-detudes-discrimination-et-education-regards-croises-etats-unis-france#breadcrumb","itemListElement":[{"@type":"ListItem","position":1,"name":"Accueil","item":"https:\/\/telemme.mmsh.fr\/"},{"@type":"ListItem","position":2,"name":"\u00c9v\u00e8nements","item":"https:\/\/telemme.mmsh.fr\/?post_type=tribe_events"},{"@type":"ListItem","position":3,"name":"Journ\u00e9e d'\u00e9tudes","item":"https:\/\/telemme.mmsh.fr\/?tribe_events_cat=journee-detudes"},{"@type":"ListItem","position":4,"name":"Discrimination et \u00e9ducation, regards crois\u00e9s \u00c9tats-Unis \/ France"}]},{"@type":"WebSite","@id":"https:\/\/telemme.mmsh.fr\/#website","url":"https:\/\/telemme.mmsh.fr\/","name":"TELEMMe - Temps, espaces, langages, Europe m\u00e9ridionale, M\u00e9diterran\u00e9e","description":"","publisher":{"@id":"https:\/\/telemme.mmsh.fr\/#organization"},"potentialAction":[{"@type":"SearchAction","target":{"@type":"EntryPoint","urlTemplate":"https:\/\/telemme.mmsh.fr\/?s={search_term_string}"},"query-input":{"@type":"PropertyValueSpecification","valueRequired":true,"valueName":"search_term_string"}}],"inLanguage":"fr-FR"},{"@type":"Organization","@id":"https:\/\/telemme.mmsh.fr\/#organization","name":"TELEMMe","url":"https:\/\/telemme.mmsh.fr\/","logo":{"@type":"ImageObject","inLanguage":"fr-FR","@id":"https:\/\/telemme.mmsh.fr\/#\/schema\/logo\/image\/","url":"https:\/\/telemme.mmsh.fr\/wp-content\/uploads\/2020\/03\/LogoTELEMMe-horizontal-fond-transparent.png","contentUrl":"https:\/\/telemme.mmsh.fr\/wp-content\/uploads\/2020\/03\/LogoTELEMMe-horizontal-fond-transparent.png","width":1500,"height":437,"caption":"TELEMMe"},"image":{"@id":"https:\/\/telemme.mmsh.fr\/#\/schema\/logo\/image\/"}}]}},"_links":{"self":[{"href":"https:\/\/telemme.mmsh.fr\/index.php?rest_route=\/wp\/v2\/tribe_events\/15768","targetHints":{"allow":["GET"]}}],"collection":[{"href":"https:\/\/telemme.mmsh.fr\/index.php?rest_route=\/wp\/v2\/tribe_events"}],"about":[{"href":"https:\/\/telemme.mmsh.fr\/index.php?rest_route=\/wp\/v2\/types\/tribe_events"}],"author":[{"embeddable":true,"href":"https:\/\/telemme.mmsh.fr\/index.php?rest_route=\/wp\/v2\/users\/202"}],"version-history":[{"count":9,"href":"https:\/\/telemme.mmsh.fr\/index.php?rest_route=\/wp\/v2\/tribe_events\/15768\/revisions"}],"predecessor-version":[{"id":15797,"href":"https:\/\/telemme.mmsh.fr\/index.php?rest_route=\/wp\/v2\/tribe_events\/15768\/revisions\/15797"}],"wp:featuredmedia":[{"embeddable":true,"href":"https:\/\/telemme.mmsh.fr\/index.php?rest_route=\/wp\/v2\/media\/15769"}],"wp:attachment":[{"href":"https:\/\/telemme.mmsh.fr\/index.php?rest_route=%2Fwp%2Fv2%2Fmedia&parent=15768"}],"wp:term":[{"taxonomy":"post_tag","embeddable":true,"href":"https:\/\/telemme.mmsh.fr\/index.php?rest_route=%2Fwp%2Fv2%2Ftags&post=15768"},{"taxonomy":"tribe_events_cat","embeddable":true,"href":"https:\/\/telemme.mmsh.fr\/index.php?rest_route=%2Fwp%2Fv2%2Ftribe_events_cat&post=15768"}],"curies":[{"name":"wp","href":"https:\/\/api.w.org\/{rel}","templated":true}]}}