{"id":15733,"date":"2025-07-03T19:38:35","date_gmt":"2025-07-03T17:38:35","guid":{"rendered":"https:\/\/telemme.mmsh.fr\/?post_type=tribe_events&#038;p=15733"},"modified":"2026-02-19T10:49:26","modified_gmt":"2026-02-19T09:49:26","slug":"seminaire-du-weblab-6","status":"publish","type":"tribe_events","link":"https:\/\/telemme.mmsh.fr\/?tribe_events=seminaire-du-weblab-6","title":{"rendered":"How the Web Learned to Remember: Averting the Digital Dark Age, 1996\u20132001"},"content":{"rendered":"<p>Le 27 avril, nous aurons le plaisir d&rsquo;accueillir Ian Milligan, historien, pionnier dans l&rsquo;utilisation de l&rsquo;archivage du web en SHS et dans les humanit\u00e9s num\u00e9riques en Am\u00e9rique du Nord, pour une conf\u00e9rence hybride depuis la MMSH dans le cadre du WebLab.<\/p>\n<p><a href=\"https:\/\/telemme.mmsh.fr\/?evenement=how-the-web-learned-to-remember\"><strong>Programme d\u00e9taill\u00e9<\/strong><\/a><\/p>\n<p>La conf\u00e9rence se tiendra en pr\u00e9sentiel et en visio-conf\u00e9rence.<\/p>\n<p>Inscription obligatoire via Evento :\u00a0<a href=\"https:\/\/evento.renater.fr\/survey\/inscription-conference-d-ian-milligan-27-04-de-14h30-a-16h30-mmsh-registration-to-ian-milligan-s-conference-apr-27-from-2-30-to-4-30-ect-ftmjsfxr\">https:\/\/evento.renater.fr\/survey\/inscription-conference-d-ian-milligan-27-04-de-14h30-a-16h30-mmsh-registration-to-ian-milligan-s-conference-apr-27-from-2-30-to-4-30-ect-ftmjsfxr<\/a><\/p>\n","protected":false},"excerpt":{"rendered":"<p>Le 27 avril, nous aurons le plaisir d&rsquo;accueillir Ian Milligan, historien, pionnier dans l&rsquo;utilisation de l&rsquo;archivage du web en SHS et dans les humanit\u00e9s num\u00e9riques en Am\u00e9rique du Nord, pour une conf\u00e9rence hybride depuis la MMSH dans le cadre du WebLab.<\/p>\n","protected":false},"author":6,"featured_media":16592,"template":"","meta":{"neve_meta_sidebar":"","neve_meta_container":"","neve_meta_enable_content_width":"","neve_meta_content_width":0,"neve_meta_title_alignment":"","neve_meta_author_avatar":"","neve_post_elements_order":"","neve_meta_disable_header":"","neve_meta_disable_footer":"","neve_meta_disable_title":"","_tribe_events_status":"","_tribe_events_status_reason":"","footnotes":""},"tags":[2854,3001],"tribe_events_cat":[1831],"class_list":["post-15733","tribe_events","type-tribe_events","status-publish","has-post-thumbnail","hentry","tag-visual-studies-et-humanites-numeriques","tag-weblab","tribe_events_cat-seminaire","cat_seminaire","tribe-ext-events-control-list-event--live"],"yoast_head":"<!-- This site is optimized with the Yoast SEO plugin v27.4 - https:\/\/yoast.com\/product\/yoast-seo-wordpress\/ -->\n<title>How the Web Learned to Remember: Averting the Digital Dark Age, 1996\u20132001 - TELEMMe - Temps, espaces, langages, Europe m\u00e9ridionale, M\u00e9diterran\u00e9e<\/title>\n<meta name=\"description\" content=\"Le 27 avril, nous aurons le plaisir d&#039;accueillir Ian Milligan, historien, pionnier dans l&#039;utilisation de l&#039;archivage du web en SHS et dans les humanit\u00e9s num\u00e9riques en Am\u00e9rique du Nord, pour une conf\u00e9rence hybride depuis la MMSH dans le cadre du WebLab.\" \/>\n<meta name=\"robots\" content=\"index, follow, max-snippet:-1, max-image-preview:large, max-video-preview:-1\" \/>\n<link rel=\"canonical\" href=\"https:\/\/telemme.mmsh.fr\/?tribe_events=seminaire-du-weblab-6\" \/>\n<meta property=\"og:locale\" content=\"fr_FR\" \/>\n<meta property=\"og:type\" content=\"article\" \/>\n<meta property=\"og:title\" content=\"How the Web Learned to Remember: Averting the Digital Dark Age, 1996\u20132001 - TELEMMe - Temps, espaces, langages, Europe m\u00e9ridionale, M\u00e9diterran\u00e9e\" \/>\n<meta property=\"og:description\" content=\"Le 27 avril, nous aurons le plaisir d&#039;accueillir Ian Milligan, historien, pionnier dans l&#039;utilisation de l&#039;archivage du web en SHS et dans les humanit\u00e9s num\u00e9riques en Am\u00e9rique du Nord, pour une conf\u00e9rence hybride depuis la MMSH dans le cadre du WebLab.\" \/>\n<meta property=\"og:url\" content=\"https:\/\/telemme.mmsh.fr\/?tribe_events=seminaire-du-weblab-6\" \/>\n<meta property=\"og:site_name\" content=\"TELEMMe - Temps, espaces, langages, Europe m\u00e9ridionale, M\u00e9diterran\u00e9e\" \/>\n<meta property=\"article:modified_time\" content=\"2026-02-19T09:49:26+00:00\" \/>\n<meta property=\"og:image\" content=\"https:\/\/telemme.mmsh.fr\/wp-content\/uploads\/2025\/07\/81vDXkMQQL._AC_UF10001000_QL80_.jpg\" \/>\n\t<meta property=\"og:image:width\" content=\"667\" \/>\n\t<meta property=\"og:image:height\" content=\"1000\" \/>\n\t<meta property=\"og:image:type\" content=\"image\/jpeg\" \/>\n<meta name=\"twitter:card\" content=\"summary_large_image\" \/>\n<script type=\"application\/ld+json\" class=\"yoast-schema-graph\">{\"@context\":\"https:\\\/\\\/schema.org\",\"@graph\":[{\"@type\":\"WebPage\",\"@id\":\"https:\\\/\\\/telemme.mmsh.fr\\\/?tribe_events=seminaire-du-weblab-6\",\"url\":\"https:\\\/\\\/telemme.mmsh.fr\\\/?tribe_events=seminaire-du-weblab-6\",\"name\":\"How the Web Learned to Remember: Averting the Digital Dark Age, 1996\u20132001 - TELEMMe - Temps, espaces, langages, Europe m\u00e9ridionale, M\u00e9diterran\u00e9e\",\"isPartOf\":{\"@id\":\"https:\\\/\\\/telemme.mmsh.fr\\\/#website\"},\"primaryImageOfPage\":{\"@id\":\"https:\\\/\\\/telemme.mmsh.fr\\\/?tribe_events=seminaire-du-weblab-6#primaryimage\"},\"image\":{\"@id\":\"https:\\\/\\\/telemme.mmsh.fr\\\/?tribe_events=seminaire-du-weblab-6#primaryimage\"},\"thumbnailUrl\":\"https:\\\/\\\/telemme.mmsh.fr\\\/wp-content\\\/uploads\\\/2025\\\/07\\\/81vDXkMQQL._AC_UF10001000_QL80_.jpg\",\"datePublished\":\"2025-07-03T17:38:35+00:00\",\"dateModified\":\"2026-02-19T09:49:26+00:00\",\"description\":\"Le 27 avril, nous aurons le plaisir d'accueillir Ian Milligan, historien, pionnier dans l'utilisation de l'archivage du web en SHS et dans les humanit\u00e9s num\u00e9riques en Am\u00e9rique du Nord, pour une conf\u00e9rence hybride depuis la MMSH dans le cadre du WebLab.\",\"breadcrumb\":{\"@id\":\"https:\\\/\\\/telemme.mmsh.fr\\\/?tribe_events=seminaire-du-weblab-6#breadcrumb\"},\"inLanguage\":\"fr-FR\",\"potentialAction\":[{\"@type\":\"ReadAction\",\"target\":[\"https:\\\/\\\/telemme.mmsh.fr\\\/?tribe_events=seminaire-du-weblab-6\"]}]},{\"@type\":\"ImageObject\",\"inLanguage\":\"fr-FR\",\"@id\":\"https:\\\/\\\/telemme.mmsh.fr\\\/?tribe_events=seminaire-du-weblab-6#primaryimage\",\"url\":\"https:\\\/\\\/telemme.mmsh.fr\\\/wp-content\\\/uploads\\\/2025\\\/07\\\/81vDXkMQQL._AC_UF10001000_QL80_.jpg\",\"contentUrl\":\"https:\\\/\\\/telemme.mmsh.fr\\\/wp-content\\\/uploads\\\/2025\\\/07\\\/81vDXkMQQL._AC_UF10001000_QL80_.jpg\",\"width\":667,\"height\":1000,\"caption\":\"Couverture de Averting the Digital Dark Age: How Archivists, Librarians, and Technologists Built the Web a Memory by Ian Milligan, 2024\"},{\"@type\":\"BreadcrumbList\",\"@id\":\"https:\\\/\\\/telemme.mmsh.fr\\\/?tribe_events=seminaire-du-weblab-6#breadcrumb\",\"itemListElement\":[{\"@type\":\"ListItem\",\"position\":1,\"name\":\"Accueil\",\"item\":\"https:\\\/\\\/telemme.mmsh.fr\\\/\"},{\"@type\":\"ListItem\",\"position\":2,\"name\":\"\u00c9v\u00e8nements\",\"item\":\"https:\\\/\\\/telemme.mmsh.fr\\\/?post_type=tribe_events\"},{\"@type\":\"ListItem\",\"position\":3,\"name\":\"S\u00e9minaire\",\"item\":\"https:\\\/\\\/telemme.mmsh.fr\\\/?tribe_events_cat=seminaire\"},{\"@type\":\"ListItem\",\"position\":4,\"name\":\"How the Web Learned to Remember: Averting the Digital Dark Age, 1996\u20132001\"}]},{\"@type\":\"WebSite\",\"@id\":\"https:\\\/\\\/telemme.mmsh.fr\\\/#website\",\"url\":\"https:\\\/\\\/telemme.mmsh.fr\\\/\",\"name\":\"TELEMMe - Temps, espaces, langages, Europe m\u00e9ridionale, M\u00e9diterran\u00e9e\",\"description\":\"\",\"publisher\":{\"@id\":\"https:\\\/\\\/telemme.mmsh.fr\\\/#organization\"},\"potentialAction\":[{\"@type\":\"SearchAction\",\"target\":{\"@type\":\"EntryPoint\",\"urlTemplate\":\"https:\\\/\\\/telemme.mmsh.fr\\\/?s={search_term_string}\"},\"query-input\":{\"@type\":\"PropertyValueSpecification\",\"valueRequired\":true,\"valueName\":\"search_term_string\"}}],\"inLanguage\":\"fr-FR\"},{\"@type\":\"Organization\",\"@id\":\"https:\\\/\\\/telemme.mmsh.fr\\\/#organization\",\"name\":\"TELEMMe\",\"url\":\"https:\\\/\\\/telemme.mmsh.fr\\\/\",\"logo\":{\"@type\":\"ImageObject\",\"inLanguage\":\"fr-FR\",\"@id\":\"https:\\\/\\\/telemme.mmsh.fr\\\/#\\\/schema\\\/logo\\\/image\\\/\",\"url\":\"https:\\\/\\\/telemme.mmsh.fr\\\/wp-content\\\/uploads\\\/2020\\\/03\\\/LogoTELEMMe-horizontal-fond-transparent.png\",\"contentUrl\":\"https:\\\/\\\/telemme.mmsh.fr\\\/wp-content\\\/uploads\\\/2020\\\/03\\\/LogoTELEMMe-horizontal-fond-transparent.png\",\"width\":1500,\"height\":437,\"caption\":\"TELEMMe\"},\"image\":{\"@id\":\"https:\\\/\\\/telemme.mmsh.fr\\\/#\\\/schema\\\/logo\\\/image\\\/\"}}]}<\/script>\n<!-- \/ Yoast SEO plugin. -->","yoast_head_json":{"title":"How the Web Learned to Remember: Averting the Digital Dark Age, 1996\u20132001 - TELEMMe - Temps, espaces, langages, Europe m\u00e9ridionale, M\u00e9diterran\u00e9e","description":"Le 27 avril, nous aurons le plaisir d'accueillir Ian Milligan, historien, pionnier dans l'utilisation de l'archivage du web en SHS et dans les humanit\u00e9s num\u00e9riques en Am\u00e9rique du Nord, pour une conf\u00e9rence hybride depuis la MMSH dans le cadre du WebLab.","robots":{"index":"index","follow":"follow","max-snippet":"max-snippet:-1","max-image-preview":"max-image-preview:large","max-video-preview":"max-video-preview:-1"},"canonical":"https:\/\/telemme.mmsh.fr\/?tribe_events=seminaire-du-weblab-6","og_locale":"fr_FR","og_type":"article","og_title":"How the Web Learned to Remember: Averting the Digital Dark Age, 1996\u20132001 - TELEMMe - Temps, espaces, langages, Europe m\u00e9ridionale, M\u00e9diterran\u00e9e","og_description":"Le 27 avril, nous aurons le plaisir d'accueillir Ian Milligan, historien, pionnier dans l'utilisation de l'archivage du web en SHS et dans les humanit\u00e9s num\u00e9riques en Am\u00e9rique du Nord, pour une conf\u00e9rence hybride depuis la MMSH dans le cadre du WebLab.","og_url":"https:\/\/telemme.mmsh.fr\/?tribe_events=seminaire-du-weblab-6","og_site_name":"TELEMMe - Temps, espaces, langages, Europe m\u00e9ridionale, M\u00e9diterran\u00e9e","article_modified_time":"2026-02-19T09:49:26+00:00","og_image":[{"width":667,"height":1000,"url":"https:\/\/telemme.mmsh.fr\/wp-content\/uploads\/2025\/07\/81vDXkMQQL._AC_UF10001000_QL80_.jpg","type":"image\/jpeg"}],"twitter_card":"summary_large_image","schema":{"@context":"https:\/\/schema.org","@graph":[{"@type":"WebPage","@id":"https:\/\/telemme.mmsh.fr\/?tribe_events=seminaire-du-weblab-6","url":"https:\/\/telemme.mmsh.fr\/?tribe_events=seminaire-du-weblab-6","name":"How the Web Learned to Remember: Averting the Digital Dark Age, 1996\u20132001 - TELEMMe - Temps, espaces, langages, Europe m\u00e9ridionale, M\u00e9diterran\u00e9e","isPartOf":{"@id":"https:\/\/telemme.mmsh.fr\/#website"},"primaryImageOfPage":{"@id":"https:\/\/telemme.mmsh.fr\/?tribe_events=seminaire-du-weblab-6#primaryimage"},"image":{"@id":"https:\/\/telemme.mmsh.fr\/?tribe_events=seminaire-du-weblab-6#primaryimage"},"thumbnailUrl":"https:\/\/telemme.mmsh.fr\/wp-content\/uploads\/2025\/07\/81vDXkMQQL._AC_UF10001000_QL80_.jpg","datePublished":"2025-07-03T17:38:35+00:00","dateModified":"2026-02-19T09:49:26+00:00","description":"Le 27 avril, nous aurons le plaisir d'accueillir Ian Milligan, historien, pionnier dans l'utilisation de l'archivage du web en SHS et dans les humanit\u00e9s num\u00e9riques en Am\u00e9rique du Nord, pour une conf\u00e9rence hybride depuis la MMSH dans le cadre du WebLab.","breadcrumb":{"@id":"https:\/\/telemme.mmsh.fr\/?tribe_events=seminaire-du-weblab-6#breadcrumb"},"inLanguage":"fr-FR","potentialAction":[{"@type":"ReadAction","target":["https:\/\/telemme.mmsh.fr\/?tribe_events=seminaire-du-weblab-6"]}]},{"@type":"ImageObject","inLanguage":"fr-FR","@id":"https:\/\/telemme.mmsh.fr\/?tribe_events=seminaire-du-weblab-6#primaryimage","url":"https:\/\/telemme.mmsh.fr\/wp-content\/uploads\/2025\/07\/81vDXkMQQL._AC_UF10001000_QL80_.jpg","contentUrl":"https:\/\/telemme.mmsh.fr\/wp-content\/uploads\/2025\/07\/81vDXkMQQL._AC_UF10001000_QL80_.jpg","width":667,"height":1000,"caption":"Couverture de Averting the Digital Dark Age: How Archivists, Librarians, and Technologists Built the Web a Memory by Ian Milligan, 2024"},{"@type":"BreadcrumbList","@id":"https:\/\/telemme.mmsh.fr\/?tribe_events=seminaire-du-weblab-6#breadcrumb","itemListElement":[{"@type":"ListItem","position":1,"name":"Accueil","item":"https:\/\/telemme.mmsh.fr\/"},{"@type":"ListItem","position":2,"name":"\u00c9v\u00e8nements","item":"https:\/\/telemme.mmsh.fr\/?post_type=tribe_events"},{"@type":"ListItem","position":3,"name":"S\u00e9minaire","item":"https:\/\/telemme.mmsh.fr\/?tribe_events_cat=seminaire"},{"@type":"ListItem","position":4,"name":"How the Web Learned to Remember: Averting the Digital Dark Age, 1996\u20132001"}]},{"@type":"WebSite","@id":"https:\/\/telemme.mmsh.fr\/#website","url":"https:\/\/telemme.mmsh.fr\/","name":"TELEMMe - Temps, espaces, langages, Europe m\u00e9ridionale, M\u00e9diterran\u00e9e","description":"","publisher":{"@id":"https:\/\/telemme.mmsh.fr\/#organization"},"potentialAction":[{"@type":"SearchAction","target":{"@type":"EntryPoint","urlTemplate":"https:\/\/telemme.mmsh.fr\/?s={search_term_string}"},"query-input":{"@type":"PropertyValueSpecification","valueRequired":true,"valueName":"search_term_string"}}],"inLanguage":"fr-FR"},{"@type":"Organization","@id":"https:\/\/telemme.mmsh.fr\/#organization","name":"TELEMMe","url":"https:\/\/telemme.mmsh.fr\/","logo":{"@type":"ImageObject","inLanguage":"fr-FR","@id":"https:\/\/telemme.mmsh.fr\/#\/schema\/logo\/image\/","url":"https:\/\/telemme.mmsh.fr\/wp-content\/uploads\/2020\/03\/LogoTELEMMe-horizontal-fond-transparent.png","contentUrl":"https:\/\/telemme.mmsh.fr\/wp-content\/uploads\/2020\/03\/LogoTELEMMe-horizontal-fond-transparent.png","width":1500,"height":437,"caption":"TELEMMe"},"image":{"@id":"https:\/\/telemme.mmsh.fr\/#\/schema\/logo\/image\/"}}]}},"_links":{"self":[{"href":"https:\/\/telemme.mmsh.fr\/index.php?rest_route=\/wp\/v2\/tribe_events\/15733","targetHints":{"allow":["GET"]}}],"collection":[{"href":"https:\/\/telemme.mmsh.fr\/index.php?rest_route=\/wp\/v2\/tribe_events"}],"about":[{"href":"https:\/\/telemme.mmsh.fr\/index.php?rest_route=\/wp\/v2\/types\/tribe_events"}],"author":[{"embeddable":true,"href":"https:\/\/telemme.mmsh.fr\/index.php?rest_route=\/wp\/v2\/users\/6"}],"version-history":[{"count":5,"href":"https:\/\/telemme.mmsh.fr\/index.php?rest_route=\/wp\/v2\/tribe_events\/15733\/revisions"}],"predecessor-version":[{"id":16525,"href":"https:\/\/telemme.mmsh.fr\/index.php?rest_route=\/wp\/v2\/tribe_events\/15733\/revisions\/16525"}],"wp:featuredmedia":[{"embeddable":true,"href":"https:\/\/telemme.mmsh.fr\/index.php?rest_route=\/wp\/v2\/media\/16592"}],"wp:attachment":[{"href":"https:\/\/telemme.mmsh.fr\/index.php?rest_route=%2Fwp%2Fv2%2Fmedia&parent=15733"}],"wp:term":[{"taxonomy":"post_tag","embeddable":true,"href":"https:\/\/telemme.mmsh.fr\/index.php?rest_route=%2Fwp%2Fv2%2Ftags&post=15733"},{"taxonomy":"tribe_events_cat","embeddable":true,"href":"https:\/\/telemme.mmsh.fr\/index.php?rest_route=%2Fwp%2Fv2%2Ftribe_events_cat&post=15733"}],"curies":[{"name":"wp","href":"https:\/\/api.w.org\/{rel}","templated":true}]}}