{"id":15700,"date":"2025-07-03T10:01:36","date_gmt":"2025-07-03T08:01:36","guid":{"rendered":"https:\/\/telemme.mmsh.fr\/?post_type=tribe_events&#038;p=15700"},"modified":"2026-01-16T11:46:15","modified_gmt":"2026-01-16T10:46:15","slug":"conserver-la-mer-et-ses-ressources","status":"publish","type":"tribe_events","link":"https:\/\/telemme.mmsh.fr\/?tribe_events=conserver-la-mer-et-ses-ressources","title":{"rendered":"Conserver la mer et ses ressources"},"content":{"rendered":"<p>Le r\u00e9seau <a href=\"https:\/\/telemme.mmsh.fr\/?projets=ecohisma\">EcoHisMa<\/a> (FMSH) \u00ab Eco-histoire de la conservation marine au Maghreb : discours, pratiques et savoirs \u00bb (XIX<sup>e<\/sup>\u2013 XXI<sup>e<\/sup> si\u00e8cles) \u00bb organise du 20 au 23 janvier 2026 un atelier Jeunes chercheurs en partenariat avec l\u2019Institut de recherche sur le Maghreb contemporain, l\u2019Institut national agronomique de Tunisie et l\u2019UMR 7303 TELEMMe. Intitul\u00e9 \u00ab Conserver la mer et ses ressources. M\u00e9diterran\u00e9e, XIXe-XXIe si\u00e8cles \u00bb, il rassemble des jeunes chercheurs qui \u00e9tudient les modes de gestion, de conservation et de pr\u00e9servation des environnements marins et des \u00e9cosyst\u00e8mes c\u00f4tiers dans toute leur diversit\u00e9 (fonds marins, zones humides, lagunes, plages, etc\u2026), et qui souhaitent pratiquer l\u2019interdisciplinarit\u00e9.<\/p>\n<p>L\u2019objectif de cet atelier est double : 1) Donner \u00e0 lire et mettre en discussion la recherche en train de se faire, \u00e0 travers une focale sur les pratiques d\u2019enqu\u00eate et les outils de recherche sur le pass\u00e9, le pr\u00e9sent et le futur de la conservation marine ; 2) Interroger les ressources et les limites des diff\u00e9rents dialogues disciplinaires qui peuvent se nouer autour de la conservation des \u00e9cosyst\u00e8mes marins comme objet de recherche.<\/p>\n<h4><strong>Les journ\u00e9es sont r\u00e9serv\u00e9-es aux doctorants et doctorantes s\u00e9lectionn\u00e9es.<\/strong><\/h4>\n<p><a href=\"https:\/\/telemme.mmsh.fr\/?evenement=conserver-la-mer-et-ses-ressources-mediterranee-xixe-xxie-siecle\"><strong>Programme complet en ligne<\/strong><\/a><\/p>\n","protected":false},"excerpt":{"rendered":"<p>Le r\u00e9seau EcoHisMa (FMSH) \u00ab Eco-histoire de la conservation marine au Maghreb : discours, pratiques et savoirs \u00bb (XIXe\u2013 XXIe si\u00e8cles) \u00bb organise du 20 au 23 janvier 2026 un&hellip;&nbsp;<a href=\"https:\/\/telemme.mmsh.fr\/?tribe_events=conserver-la-mer-et-ses-ressources\" rel=\"bookmark\">Lire la suite &raquo;<span class=\"screen-reader-text\">Conserver la mer et ses ressources<\/span><\/a><\/p>\n","protected":false},"author":6,"featured_media":15440,"template":"","meta":{"neve_meta_sidebar":"","neve_meta_container":"","neve_meta_enable_content_width":"","neve_meta_content_width":0,"neve_meta_title_alignment":"","neve_meta_author_avatar":"","neve_post_elements_order":"","neve_meta_disable_header":"","neve_meta_disable_footer":"","neve_meta_disable_title":"","_tribe_events_status":"","_tribe_events_status_reason":"","footnotes":""},"tags":[2935],"tribe_events_cat":[1975],"class_list":["post-15700","tribe_events","type-tribe_events","status-publish","has-post-thumbnail","hentry","tag-ecohisma","tribe_events_cat-ecole-de-recherche","cat_ecole-de-recherche"],"yoast_head":"<!-- This site is optimized with the Yoast SEO plugin v27.4 - https:\/\/yoast.com\/product\/yoast-seo-wordpress\/ -->\n<title>Conserver la mer et ses ressources - TELEMMe - Temps, espaces, langages, Europe m\u00e9ridionale, M\u00e9diterran\u00e9e<\/title>\n<meta name=\"robots\" content=\"index, follow, max-snippet:-1, max-image-preview:large, max-video-preview:-1\" \/>\n<link rel=\"canonical\" href=\"https:\/\/telemme.mmsh.fr\/?tribe_events=conserver-la-mer-et-ses-ressources\" \/>\n<meta property=\"og:locale\" content=\"fr_FR\" \/>\n<meta property=\"og:type\" content=\"article\" \/>\n<meta property=\"og:title\" content=\"Conserver la mer et ses ressources - TELEMMe - Temps, espaces, langages, Europe m\u00e9ridionale, M\u00e9diterran\u00e9e\" \/>\n<meta property=\"og:description\" content=\"Le r\u00e9seau EcoHisMa (FMSH) \u00ab Eco-histoire de la conservation marine au Maghreb : discours, pratiques et savoirs \u00bb (XIXe\u2013 XXIe si\u00e8cles) \u00bb organise du 20 au 23 janvier 2026 un&hellip;&nbsp;Lire la suite &raquo;Conserver la mer et ses ressources\" \/>\n<meta property=\"og:url\" content=\"https:\/\/telemme.mmsh.fr\/?tribe_events=conserver-la-mer-et-ses-ressources\" \/>\n<meta property=\"og:site_name\" content=\"TELEMMe - Temps, espaces, langages, Europe m\u00e9ridionale, M\u00e9diterran\u00e9e\" \/>\n<meta property=\"article:modified_time\" content=\"2026-01-16T10:46:15+00:00\" \/>\n<meta property=\"og:image\" content=\"https:\/\/telemme.mmsh.fr\/wp-content\/uploads\/2025\/04\/pecheurs-tunisie.png\" \/>\n\t<meta property=\"og:image:width\" content=\"750\" \/>\n\t<meta property=\"og:image:height\" content=\"563\" \/>\n\t<meta property=\"og:image:type\" content=\"image\/png\" \/>\n<meta name=\"twitter:card\" content=\"summary_large_image\" \/>\n<meta name=\"twitter:label1\" content=\"Dur\u00e9e de lecture estim\u00e9e\" \/>\n\t<meta name=\"twitter:data1\" content=\"1 minute\" \/>\n<script type=\"application\/ld+json\" class=\"yoast-schema-graph\">{\"@context\":\"https:\\\/\\\/schema.org\",\"@graph\":[{\"@type\":\"WebPage\",\"@id\":\"https:\\\/\\\/telemme.mmsh.fr\\\/?tribe_events=conserver-la-mer-et-ses-ressources\",\"url\":\"https:\\\/\\\/telemme.mmsh.fr\\\/?tribe_events=conserver-la-mer-et-ses-ressources\",\"name\":\"Conserver la mer et ses ressources - TELEMMe - Temps, espaces, langages, Europe m\u00e9ridionale, M\u00e9diterran\u00e9e\",\"isPartOf\":{\"@id\":\"https:\\\/\\\/telemme.mmsh.fr\\\/#website\"},\"primaryImageOfPage\":{\"@id\":\"https:\\\/\\\/telemme.mmsh.fr\\\/?tribe_events=conserver-la-mer-et-ses-ressources#primaryimage\"},\"image\":{\"@id\":\"https:\\\/\\\/telemme.mmsh.fr\\\/?tribe_events=conserver-la-mer-et-ses-ressources#primaryimage\"},\"thumbnailUrl\":\"https:\\\/\\\/telemme.mmsh.fr\\\/wp-content\\\/uploads\\\/2025\\\/04\\\/pecheurs-tunisie.png\",\"datePublished\":\"2025-07-03T08:01:36+00:00\",\"dateModified\":\"2026-01-16T10:46:15+00:00\",\"breadcrumb\":{\"@id\":\"https:\\\/\\\/telemme.mmsh.fr\\\/?tribe_events=conserver-la-mer-et-ses-ressources#breadcrumb\"},\"inLanguage\":\"fr-FR\",\"potentialAction\":[{\"@type\":\"ReadAction\",\"target\":[\"https:\\\/\\\/telemme.mmsh.fr\\\/?tribe_events=conserver-la-mer-et-ses-ressources\"]}]},{\"@type\":\"ImageObject\",\"inLanguage\":\"fr-FR\",\"@id\":\"https:\\\/\\\/telemme.mmsh.fr\\\/?tribe_events=conserver-la-mer-et-ses-ressources#primaryimage\",\"url\":\"https:\\\/\\\/telemme.mmsh.fr\\\/wp-content\\\/uploads\\\/2025\\\/04\\\/pecheurs-tunisie.png\",\"contentUrl\":\"https:\\\/\\\/telemme.mmsh.fr\\\/wp-content\\\/uploads\\\/2025\\\/04\\\/pecheurs-tunisie.png\",\"width\":750,\"height\":563,\"caption\":\"P\u00eacheurs, Lagune de Bahiret El Bibane, juin 2012 \u00a9Daniel Faget\"},{\"@type\":\"BreadcrumbList\",\"@id\":\"https:\\\/\\\/telemme.mmsh.fr\\\/?tribe_events=conserver-la-mer-et-ses-ressources#breadcrumb\",\"itemListElement\":[{\"@type\":\"ListItem\",\"position\":1,\"name\":\"Accueil\",\"item\":\"https:\\\/\\\/telemme.mmsh.fr\\\/\"},{\"@type\":\"ListItem\",\"position\":2,\"name\":\"\u00c9v\u00e8nements\",\"item\":\"https:\\\/\\\/telemme.mmsh.fr\\\/?post_type=tribe_events\"},{\"@type\":\"ListItem\",\"position\":3,\"name\":\"\u00c9cole de recherche\",\"item\":\"https:\\\/\\\/telemme.mmsh.fr\\\/?tribe_events_cat=ecole-de-recherche\"},{\"@type\":\"ListItem\",\"position\":4,\"name\":\"Conserver la mer et ses ressources\"}]},{\"@type\":\"WebSite\",\"@id\":\"https:\\\/\\\/telemme.mmsh.fr\\\/#website\",\"url\":\"https:\\\/\\\/telemme.mmsh.fr\\\/\",\"name\":\"TELEMMe - Temps, espaces, langages, Europe m\u00e9ridionale, M\u00e9diterran\u00e9e\",\"description\":\"\",\"publisher\":{\"@id\":\"https:\\\/\\\/telemme.mmsh.fr\\\/#organization\"},\"potentialAction\":[{\"@type\":\"SearchAction\",\"target\":{\"@type\":\"EntryPoint\",\"urlTemplate\":\"https:\\\/\\\/telemme.mmsh.fr\\\/?s={search_term_string}\"},\"query-input\":{\"@type\":\"PropertyValueSpecification\",\"valueRequired\":true,\"valueName\":\"search_term_string\"}}],\"inLanguage\":\"fr-FR\"},{\"@type\":\"Organization\",\"@id\":\"https:\\\/\\\/telemme.mmsh.fr\\\/#organization\",\"name\":\"TELEMMe\",\"url\":\"https:\\\/\\\/telemme.mmsh.fr\\\/\",\"logo\":{\"@type\":\"ImageObject\",\"inLanguage\":\"fr-FR\",\"@id\":\"https:\\\/\\\/telemme.mmsh.fr\\\/#\\\/schema\\\/logo\\\/image\\\/\",\"url\":\"https:\\\/\\\/telemme.mmsh.fr\\\/wp-content\\\/uploads\\\/2020\\\/03\\\/LogoTELEMMe-horizontal-fond-transparent.png\",\"contentUrl\":\"https:\\\/\\\/telemme.mmsh.fr\\\/wp-content\\\/uploads\\\/2020\\\/03\\\/LogoTELEMMe-horizontal-fond-transparent.png\",\"width\":1500,\"height\":437,\"caption\":\"TELEMMe\"},\"image\":{\"@id\":\"https:\\\/\\\/telemme.mmsh.fr\\\/#\\\/schema\\\/logo\\\/image\\\/\"}}]}<\/script>\n<!-- \/ Yoast SEO plugin. -->","yoast_head_json":{"title":"Conserver la mer et ses ressources - TELEMMe - Temps, espaces, langages, Europe m\u00e9ridionale, M\u00e9diterran\u00e9e","robots":{"index":"index","follow":"follow","max-snippet":"max-snippet:-1","max-image-preview":"max-image-preview:large","max-video-preview":"max-video-preview:-1"},"canonical":"https:\/\/telemme.mmsh.fr\/?tribe_events=conserver-la-mer-et-ses-ressources","og_locale":"fr_FR","og_type":"article","og_title":"Conserver la mer et ses ressources - TELEMMe - Temps, espaces, langages, Europe m\u00e9ridionale, M\u00e9diterran\u00e9e","og_description":"Le r\u00e9seau EcoHisMa (FMSH) \u00ab Eco-histoire de la conservation marine au Maghreb : discours, pratiques et savoirs \u00bb (XIXe\u2013 XXIe si\u00e8cles) \u00bb organise du 20 au 23 janvier 2026 un&hellip;&nbsp;Lire la suite &raquo;Conserver la mer et ses ressources","og_url":"https:\/\/telemme.mmsh.fr\/?tribe_events=conserver-la-mer-et-ses-ressources","og_site_name":"TELEMMe - Temps, espaces, langages, Europe m\u00e9ridionale, M\u00e9diterran\u00e9e","article_modified_time":"2026-01-16T10:46:15+00:00","og_image":[{"width":750,"height":563,"url":"https:\/\/telemme.mmsh.fr\/wp-content\/uploads\/2025\/04\/pecheurs-tunisie.png","type":"image\/png"}],"twitter_card":"summary_large_image","twitter_misc":{"Dur\u00e9e de lecture estim\u00e9e":"1 minute"},"schema":{"@context":"https:\/\/schema.org","@graph":[{"@type":"WebPage","@id":"https:\/\/telemme.mmsh.fr\/?tribe_events=conserver-la-mer-et-ses-ressources","url":"https:\/\/telemme.mmsh.fr\/?tribe_events=conserver-la-mer-et-ses-ressources","name":"Conserver la mer et ses ressources - TELEMMe - Temps, espaces, langages, Europe m\u00e9ridionale, M\u00e9diterran\u00e9e","isPartOf":{"@id":"https:\/\/telemme.mmsh.fr\/#website"},"primaryImageOfPage":{"@id":"https:\/\/telemme.mmsh.fr\/?tribe_events=conserver-la-mer-et-ses-ressources#primaryimage"},"image":{"@id":"https:\/\/telemme.mmsh.fr\/?tribe_events=conserver-la-mer-et-ses-ressources#primaryimage"},"thumbnailUrl":"https:\/\/telemme.mmsh.fr\/wp-content\/uploads\/2025\/04\/pecheurs-tunisie.png","datePublished":"2025-07-03T08:01:36+00:00","dateModified":"2026-01-16T10:46:15+00:00","breadcrumb":{"@id":"https:\/\/telemme.mmsh.fr\/?tribe_events=conserver-la-mer-et-ses-ressources#breadcrumb"},"inLanguage":"fr-FR","potentialAction":[{"@type":"ReadAction","target":["https:\/\/telemme.mmsh.fr\/?tribe_events=conserver-la-mer-et-ses-ressources"]}]},{"@type":"ImageObject","inLanguage":"fr-FR","@id":"https:\/\/telemme.mmsh.fr\/?tribe_events=conserver-la-mer-et-ses-ressources#primaryimage","url":"https:\/\/telemme.mmsh.fr\/wp-content\/uploads\/2025\/04\/pecheurs-tunisie.png","contentUrl":"https:\/\/telemme.mmsh.fr\/wp-content\/uploads\/2025\/04\/pecheurs-tunisie.png","width":750,"height":563,"caption":"P\u00eacheurs, Lagune de Bahiret El Bibane, juin 2012 \u00a9Daniel Faget"},{"@type":"BreadcrumbList","@id":"https:\/\/telemme.mmsh.fr\/?tribe_events=conserver-la-mer-et-ses-ressources#breadcrumb","itemListElement":[{"@type":"ListItem","position":1,"name":"Accueil","item":"https:\/\/telemme.mmsh.fr\/"},{"@type":"ListItem","position":2,"name":"\u00c9v\u00e8nements","item":"https:\/\/telemme.mmsh.fr\/?post_type=tribe_events"},{"@type":"ListItem","position":3,"name":"\u00c9cole de recherche","item":"https:\/\/telemme.mmsh.fr\/?tribe_events_cat=ecole-de-recherche"},{"@type":"ListItem","position":4,"name":"Conserver la mer et ses ressources"}]},{"@type":"WebSite","@id":"https:\/\/telemme.mmsh.fr\/#website","url":"https:\/\/telemme.mmsh.fr\/","name":"TELEMMe - Temps, espaces, langages, Europe m\u00e9ridionale, M\u00e9diterran\u00e9e","description":"","publisher":{"@id":"https:\/\/telemme.mmsh.fr\/#organization"},"potentialAction":[{"@type":"SearchAction","target":{"@type":"EntryPoint","urlTemplate":"https:\/\/telemme.mmsh.fr\/?s={search_term_string}"},"query-input":{"@type":"PropertyValueSpecification","valueRequired":true,"valueName":"search_term_string"}}],"inLanguage":"fr-FR"},{"@type":"Organization","@id":"https:\/\/telemme.mmsh.fr\/#organization","name":"TELEMMe","url":"https:\/\/telemme.mmsh.fr\/","logo":{"@type":"ImageObject","inLanguage":"fr-FR","@id":"https:\/\/telemme.mmsh.fr\/#\/schema\/logo\/image\/","url":"https:\/\/telemme.mmsh.fr\/wp-content\/uploads\/2020\/03\/LogoTELEMMe-horizontal-fond-transparent.png","contentUrl":"https:\/\/telemme.mmsh.fr\/wp-content\/uploads\/2020\/03\/LogoTELEMMe-horizontal-fond-transparent.png","width":1500,"height":437,"caption":"TELEMMe"},"image":{"@id":"https:\/\/telemme.mmsh.fr\/#\/schema\/logo\/image\/"}}]}},"_links":{"self":[{"href":"https:\/\/telemme.mmsh.fr\/index.php?rest_route=\/wp\/v2\/tribe_events\/15700","targetHints":{"allow":["GET"]}}],"collection":[{"href":"https:\/\/telemme.mmsh.fr\/index.php?rest_route=\/wp\/v2\/tribe_events"}],"about":[{"href":"https:\/\/telemme.mmsh.fr\/index.php?rest_route=\/wp\/v2\/types\/tribe_events"}],"author":[{"embeddable":true,"href":"https:\/\/telemme.mmsh.fr\/index.php?rest_route=\/wp\/v2\/users\/6"}],"version-history":[{"count":2,"href":"https:\/\/telemme.mmsh.fr\/index.php?rest_route=\/wp\/v2\/tribe_events\/15700\/revisions"}],"predecessor-version":[{"id":16454,"href":"https:\/\/telemme.mmsh.fr\/index.php?rest_route=\/wp\/v2\/tribe_events\/15700\/revisions\/16454"}],"wp:featuredmedia":[{"embeddable":true,"href":"https:\/\/telemme.mmsh.fr\/index.php?rest_route=\/wp\/v2\/media\/15440"}],"wp:attachment":[{"href":"https:\/\/telemme.mmsh.fr\/index.php?rest_route=%2Fwp%2Fv2%2Fmedia&parent=15700"}],"wp:term":[{"taxonomy":"post_tag","embeddable":true,"href":"https:\/\/telemme.mmsh.fr\/index.php?rest_route=%2Fwp%2Fv2%2Ftags&post=15700"},{"taxonomy":"tribe_events_cat","embeddable":true,"href":"https:\/\/telemme.mmsh.fr\/index.php?rest_route=%2Fwp%2Fv2%2Ftribe_events_cat&post=15700"}],"curies":[{"name":"wp","href":"https:\/\/api.w.org\/{rel}","templated":true}]}}