{"id":15690,"date":"2025-07-03T09:44:53","date_gmt":"2025-07-03T07:44:53","guid":{"rendered":"https:\/\/telemme.mmsh.fr\/?post_type=tribe_events&#038;p=15690"},"modified":"2025-12-09T09:10:39","modified_gmt":"2025-12-09T08:10:39","slug":"villes-en-transition-innovation-sociale-et-developpement-local","status":"publish","type":"tribe_events","link":"https:\/\/telemme.mmsh.fr\/?tribe_events=villes-en-transition-innovation-sociale-et-developpement-local","title":{"rendered":"Ville \u00ab\u00a0ub\u00e9ris\u00e9e\u00a0\u00bb, ville \u00ab\u00a0\u00e0 domicile\u00a0\u00bb. Quels enjeux pour les territoires ?"},"content":{"rendered":"<p>L\u2019ub\u00e9risation, qui se traduit par une mise en r\u00e9seau instantan\u00e9e de l\u2019offre et de la demande via des plateformes num\u00e9riques, transforme en profondeur les modes de vie urbains. Elle modifie la mani\u00e8re dont les habitants se d\u00e9placent, consomment, travaillent ou se logent, tout en red\u00e9finissant les \u00e9quilibres \u00e9conomiques et sociaux de la ville. Si ces services apportent souplesse et accessibilit\u00e9, ils soul\u00e8vent aussi des questions de r\u00e9gulation, de justice spatiale et de d\u00e9pendance accrue aux plateformes priv\u00e9es. Pour l\u2019Agence d\u2019urbanisme de Toulouse, ces mutations font \u00e9cho \u00e0 la notion de \u00ab ville \u00e0 domicile \u00bb, o\u00f9 les activit\u00e9s du quotidien \u2014 travail, achats, loisirs, soins \u2014 tendent \u00e0 se rapprocher ou \u00e0 s\u2019effectuer depuis le logement. L\u2019ub\u00e9risation amplifie cette dynamique en brouillant les fronti\u00e8res entre espace public et priv\u00e9, mobilit\u00e9 et immobilit\u00e9, proximit\u00e9 et distance. Elle invite ainsi \u00e0 repenser la ville non seulement comme un espace \u00e0 parcourir, mais aussi comme un \u00e9cosyst\u00e8me de services accessibles \u00e0 port\u00e9e de main ou d\u2019\u00e9cran.<\/p>\n<ul>\n<li>Inscription gratuite mais obligatoire : https:\/\/framaforms.org\/seminaire-uberisation-12-decembre-aix-en-provence-9h-15h-1763029932<\/li>\n<li><a href=\"https:\/\/telemme.mmsh.fr\/?evenement=ville-uberisee-ville-a-domicile-quels-enjeux-pour-les-territoires\"><strong>Programme d\u00e9taill\u00e9 en ligne<\/strong><\/a><\/li>\n<\/ul>\n","protected":false},"excerpt":{"rendered":"<p>L\u2019ub\u00e9risation, qui se traduit par une mise en r\u00e9seau instantan\u00e9e de l\u2019offre et de la demande via des plateformes num\u00e9riques, transforme en profondeur les modes de vie urbains. Elle modifie&hellip;&nbsp;<a href=\"https:\/\/telemme.mmsh.fr\/?tribe_events=villes-en-transition-innovation-sociale-et-developpement-local\" rel=\"bookmark\">Lire la suite &raquo;<span class=\"screen-reader-text\">Ville \u00ab\u00a0ub\u00e9ris\u00e9e\u00a0\u00bb, ville \u00ab\u00a0\u00e0 domicile\u00a0\u00bb. Quels enjeux pour les territoires ?<\/span><\/a><\/p>\n","protected":false},"author":6,"featured_media":16297,"template":"","meta":{"neve_meta_sidebar":"","neve_meta_container":"","neve_meta_enable_content_width":"","neve_meta_content_width":0,"neve_meta_title_alignment":"","neve_meta_author_avatar":"","neve_post_elements_order":"","neve_meta_disable_header":"","neve_meta_disable_footer":"","neve_meta_disable_title":"","_tribe_events_status":"","_tribe_events_status_reason":"","footnotes":""},"tags":[2742],"tribe_events_cat":[1823],"class_list":["post-15690","tribe_events","type-tribe_events","status-publish","has-post-thumbnail","hentry","tag-3-2-altermetropolisation","tribe_events_cat-journee-detudes","cat_journee-detudes"],"yoast_head":"<!-- This site is optimized with the Yoast SEO plugin v27.4 - https:\/\/yoast.com\/product\/yoast-seo-wordpress\/ -->\n<title>Ville &quot;ub\u00e9ris\u00e9e&quot;, ville &quot;\u00e0 domicile&quot;. Quels enjeux pour les territoires ? - TELEMMe - Temps, espaces, langages, Europe m\u00e9ridionale, M\u00e9diterran\u00e9e<\/title>\n<meta name=\"robots\" content=\"index, follow, max-snippet:-1, max-image-preview:large, max-video-preview:-1\" \/>\n<link rel=\"canonical\" href=\"https:\/\/telemme.mmsh.fr\/?tribe_events=villes-en-transition-innovation-sociale-et-developpement-local\" \/>\n<meta property=\"og:locale\" content=\"fr_FR\" \/>\n<meta property=\"og:type\" content=\"article\" \/>\n<meta property=\"og:title\" content=\"Ville &quot;ub\u00e9ris\u00e9e&quot;, ville &quot;\u00e0 domicile&quot;. Quels enjeux pour les territoires ? - TELEMMe - Temps, espaces, langages, Europe m\u00e9ridionale, M\u00e9diterran\u00e9e\" \/>\n<meta property=\"og:description\" content=\"L\u2019ub\u00e9risation, qui se traduit par une mise en r\u00e9seau instantan\u00e9e de l\u2019offre et de la demande via des plateformes num\u00e9riques, transforme en profondeur les modes de vie urbains. Elle modifie&hellip;&nbsp;Lire la suite &raquo;Ville \u00ab\u00a0ub\u00e9ris\u00e9e\u00a0\u00bb, ville \u00ab\u00a0\u00e0 domicile\u00a0\u00bb. Quels enjeux pour les territoires ?\" \/>\n<meta property=\"og:url\" content=\"https:\/\/telemme.mmsh.fr\/?tribe_events=villes-en-transition-innovation-sociale-et-developpement-local\" \/>\n<meta property=\"og:site_name\" content=\"TELEMMe - Temps, espaces, langages, Europe m\u00e9ridionale, M\u00e9diterran\u00e9e\" \/>\n<meta property=\"article:modified_time\" content=\"2025-12-09T08:10:39+00:00\" \/>\n<meta property=\"og:image\" content=\"https:\/\/telemme.mmsh.fr\/wp-content\/uploads\/2025\/12\/Seminaire-Uberisation-12dec25_Page_1.jpg\" \/>\n\t<meta property=\"og:image:width\" content=\"800\" \/>\n\t<meta property=\"og:image:height\" content=\"1067\" \/>\n\t<meta property=\"og:image:type\" content=\"image\/jpeg\" \/>\n<meta name=\"twitter:card\" content=\"summary_large_image\" \/>\n<meta name=\"twitter:label1\" content=\"Dur\u00e9e de lecture estim\u00e9e\" \/>\n\t<meta name=\"twitter:data1\" content=\"1 minute\" \/>\n<script type=\"application\/ld+json\" class=\"yoast-schema-graph\">{\"@context\":\"https:\\\/\\\/schema.org\",\"@graph\":[{\"@type\":\"WebPage\",\"@id\":\"https:\\\/\\\/telemme.mmsh.fr\\\/?tribe_events=villes-en-transition-innovation-sociale-et-developpement-local\",\"url\":\"https:\\\/\\\/telemme.mmsh.fr\\\/?tribe_events=villes-en-transition-innovation-sociale-et-developpement-local\",\"name\":\"Ville \\\"ub\u00e9ris\u00e9e\\\", ville \\\"\u00e0 domicile\\\". Quels enjeux pour les territoires ? - TELEMMe - Temps, espaces, langages, Europe m\u00e9ridionale, M\u00e9diterran\u00e9e\",\"isPartOf\":{\"@id\":\"https:\\\/\\\/telemme.mmsh.fr\\\/#website\"},\"primaryImageOfPage\":{\"@id\":\"https:\\\/\\\/telemme.mmsh.fr\\\/?tribe_events=villes-en-transition-innovation-sociale-et-developpement-local#primaryimage\"},\"image\":{\"@id\":\"https:\\\/\\\/telemme.mmsh.fr\\\/?tribe_events=villes-en-transition-innovation-sociale-et-developpement-local#primaryimage\"},\"thumbnailUrl\":\"https:\\\/\\\/telemme.mmsh.fr\\\/wp-content\\\/uploads\\\/2025\\\/12\\\/Seminaire-Uberisation-12dec25_Page_1.jpg\",\"datePublished\":\"2025-07-03T07:44:53+00:00\",\"dateModified\":\"2025-12-09T08:10:39+00:00\",\"breadcrumb\":{\"@id\":\"https:\\\/\\\/telemme.mmsh.fr\\\/?tribe_events=villes-en-transition-innovation-sociale-et-developpement-local#breadcrumb\"},\"inLanguage\":\"fr-FR\",\"potentialAction\":[{\"@type\":\"ReadAction\",\"target\":[\"https:\\\/\\\/telemme.mmsh.fr\\\/?tribe_events=villes-en-transition-innovation-sociale-et-developpement-local\"]}]},{\"@type\":\"ImageObject\",\"inLanguage\":\"fr-FR\",\"@id\":\"https:\\\/\\\/telemme.mmsh.fr\\\/?tribe_events=villes-en-transition-innovation-sociale-et-developpement-local#primaryimage\",\"url\":\"https:\\\/\\\/telemme.mmsh.fr\\\/wp-content\\\/uploads\\\/2025\\\/12\\\/Seminaire-Uberisation-12dec25_Page_1.jpg\",\"contentUrl\":\"https:\\\/\\\/telemme.mmsh.fr\\\/wp-content\\\/uploads\\\/2025\\\/12\\\/Seminaire-Uberisation-12dec25_Page_1.jpg\",\"width\":800,\"height\":1067,\"caption\":\"affiche Se\u0301minaire Ube\u0301risation\"},{\"@type\":\"BreadcrumbList\",\"@id\":\"https:\\\/\\\/telemme.mmsh.fr\\\/?tribe_events=villes-en-transition-innovation-sociale-et-developpement-local#breadcrumb\",\"itemListElement\":[{\"@type\":\"ListItem\",\"position\":1,\"name\":\"Accueil\",\"item\":\"https:\\\/\\\/telemme.mmsh.fr\\\/\"},{\"@type\":\"ListItem\",\"position\":2,\"name\":\"\u00c9v\u00e8nements\",\"item\":\"https:\\\/\\\/telemme.mmsh.fr\\\/?post_type=tribe_events\"},{\"@type\":\"ListItem\",\"position\":3,\"name\":\"Journ\u00e9e d'\u00e9tudes\",\"item\":\"https:\\\/\\\/telemme.mmsh.fr\\\/?tribe_events_cat=journee-detudes\"},{\"@type\":\"ListItem\",\"position\":4,\"name\":\"Ville \u00ab\u00a0ub\u00e9ris\u00e9e\u00a0\u00bb, ville \u00ab\u00a0\u00e0 domicile\u00a0\u00bb. Quels enjeux pour les territoires ?\"}]},{\"@type\":\"WebSite\",\"@id\":\"https:\\\/\\\/telemme.mmsh.fr\\\/#website\",\"url\":\"https:\\\/\\\/telemme.mmsh.fr\\\/\",\"name\":\"TELEMMe - Temps, espaces, langages, Europe m\u00e9ridionale, M\u00e9diterran\u00e9e\",\"description\":\"\",\"publisher\":{\"@id\":\"https:\\\/\\\/telemme.mmsh.fr\\\/#organization\"},\"potentialAction\":[{\"@type\":\"SearchAction\",\"target\":{\"@type\":\"EntryPoint\",\"urlTemplate\":\"https:\\\/\\\/telemme.mmsh.fr\\\/?s={search_term_string}\"},\"query-input\":{\"@type\":\"PropertyValueSpecification\",\"valueRequired\":true,\"valueName\":\"search_term_string\"}}],\"inLanguage\":\"fr-FR\"},{\"@type\":\"Organization\",\"@id\":\"https:\\\/\\\/telemme.mmsh.fr\\\/#organization\",\"name\":\"TELEMMe\",\"url\":\"https:\\\/\\\/telemme.mmsh.fr\\\/\",\"logo\":{\"@type\":\"ImageObject\",\"inLanguage\":\"fr-FR\",\"@id\":\"https:\\\/\\\/telemme.mmsh.fr\\\/#\\\/schema\\\/logo\\\/image\\\/\",\"url\":\"https:\\\/\\\/telemme.mmsh.fr\\\/wp-content\\\/uploads\\\/2020\\\/03\\\/LogoTELEMMe-horizontal-fond-transparent.png\",\"contentUrl\":\"https:\\\/\\\/telemme.mmsh.fr\\\/wp-content\\\/uploads\\\/2020\\\/03\\\/LogoTELEMMe-horizontal-fond-transparent.png\",\"width\":1500,\"height\":437,\"caption\":\"TELEMMe\"},\"image\":{\"@id\":\"https:\\\/\\\/telemme.mmsh.fr\\\/#\\\/schema\\\/logo\\\/image\\\/\"}}]}<\/script>\n<!-- \/ Yoast SEO plugin. -->","yoast_head_json":{"title":"Ville \"ub\u00e9ris\u00e9e\", ville \"\u00e0 domicile\". Quels enjeux pour les territoires ? - TELEMMe - Temps, espaces, langages, Europe m\u00e9ridionale, M\u00e9diterran\u00e9e","robots":{"index":"index","follow":"follow","max-snippet":"max-snippet:-1","max-image-preview":"max-image-preview:large","max-video-preview":"max-video-preview:-1"},"canonical":"https:\/\/telemme.mmsh.fr\/?tribe_events=villes-en-transition-innovation-sociale-et-developpement-local","og_locale":"fr_FR","og_type":"article","og_title":"Ville \"ub\u00e9ris\u00e9e\", ville \"\u00e0 domicile\". Quels enjeux pour les territoires ? - TELEMMe - Temps, espaces, langages, Europe m\u00e9ridionale, M\u00e9diterran\u00e9e","og_description":"L\u2019ub\u00e9risation, qui se traduit par une mise en r\u00e9seau instantan\u00e9e de l\u2019offre et de la demande via des plateformes num\u00e9riques, transforme en profondeur les modes de vie urbains. Elle modifie&hellip;&nbsp;Lire la suite &raquo;Ville \u00ab\u00a0ub\u00e9ris\u00e9e\u00a0\u00bb, ville \u00ab\u00a0\u00e0 domicile\u00a0\u00bb. Quels enjeux pour les territoires ?","og_url":"https:\/\/telemme.mmsh.fr\/?tribe_events=villes-en-transition-innovation-sociale-et-developpement-local","og_site_name":"TELEMMe - Temps, espaces, langages, Europe m\u00e9ridionale, M\u00e9diterran\u00e9e","article_modified_time":"2025-12-09T08:10:39+00:00","og_image":[{"width":800,"height":1067,"url":"https:\/\/telemme.mmsh.fr\/wp-content\/uploads\/2025\/12\/Seminaire-Uberisation-12dec25_Page_1.jpg","type":"image\/jpeg"}],"twitter_card":"summary_large_image","twitter_misc":{"Dur\u00e9e de lecture estim\u00e9e":"1 minute"},"schema":{"@context":"https:\/\/schema.org","@graph":[{"@type":"WebPage","@id":"https:\/\/telemme.mmsh.fr\/?tribe_events=villes-en-transition-innovation-sociale-et-developpement-local","url":"https:\/\/telemme.mmsh.fr\/?tribe_events=villes-en-transition-innovation-sociale-et-developpement-local","name":"Ville \"ub\u00e9ris\u00e9e\", ville \"\u00e0 domicile\". Quels enjeux pour les territoires ? - TELEMMe - Temps, espaces, langages, Europe m\u00e9ridionale, M\u00e9diterran\u00e9e","isPartOf":{"@id":"https:\/\/telemme.mmsh.fr\/#website"},"primaryImageOfPage":{"@id":"https:\/\/telemme.mmsh.fr\/?tribe_events=villes-en-transition-innovation-sociale-et-developpement-local#primaryimage"},"image":{"@id":"https:\/\/telemme.mmsh.fr\/?tribe_events=villes-en-transition-innovation-sociale-et-developpement-local#primaryimage"},"thumbnailUrl":"https:\/\/telemme.mmsh.fr\/wp-content\/uploads\/2025\/12\/Seminaire-Uberisation-12dec25_Page_1.jpg","datePublished":"2025-07-03T07:44:53+00:00","dateModified":"2025-12-09T08:10:39+00:00","breadcrumb":{"@id":"https:\/\/telemme.mmsh.fr\/?tribe_events=villes-en-transition-innovation-sociale-et-developpement-local#breadcrumb"},"inLanguage":"fr-FR","potentialAction":[{"@type":"ReadAction","target":["https:\/\/telemme.mmsh.fr\/?tribe_events=villes-en-transition-innovation-sociale-et-developpement-local"]}]},{"@type":"ImageObject","inLanguage":"fr-FR","@id":"https:\/\/telemme.mmsh.fr\/?tribe_events=villes-en-transition-innovation-sociale-et-developpement-local#primaryimage","url":"https:\/\/telemme.mmsh.fr\/wp-content\/uploads\/2025\/12\/Seminaire-Uberisation-12dec25_Page_1.jpg","contentUrl":"https:\/\/telemme.mmsh.fr\/wp-content\/uploads\/2025\/12\/Seminaire-Uberisation-12dec25_Page_1.jpg","width":800,"height":1067,"caption":"affiche Se\u0301minaire Ube\u0301risation"},{"@type":"BreadcrumbList","@id":"https:\/\/telemme.mmsh.fr\/?tribe_events=villes-en-transition-innovation-sociale-et-developpement-local#breadcrumb","itemListElement":[{"@type":"ListItem","position":1,"name":"Accueil","item":"https:\/\/telemme.mmsh.fr\/"},{"@type":"ListItem","position":2,"name":"\u00c9v\u00e8nements","item":"https:\/\/telemme.mmsh.fr\/?post_type=tribe_events"},{"@type":"ListItem","position":3,"name":"Journ\u00e9e d'\u00e9tudes","item":"https:\/\/telemme.mmsh.fr\/?tribe_events_cat=journee-detudes"},{"@type":"ListItem","position":4,"name":"Ville \u00ab\u00a0ub\u00e9ris\u00e9e\u00a0\u00bb, ville \u00ab\u00a0\u00e0 domicile\u00a0\u00bb. Quels enjeux pour les territoires ?"}]},{"@type":"WebSite","@id":"https:\/\/telemme.mmsh.fr\/#website","url":"https:\/\/telemme.mmsh.fr\/","name":"TELEMMe - Temps, espaces, langages, Europe m\u00e9ridionale, M\u00e9diterran\u00e9e","description":"","publisher":{"@id":"https:\/\/telemme.mmsh.fr\/#organization"},"potentialAction":[{"@type":"SearchAction","target":{"@type":"EntryPoint","urlTemplate":"https:\/\/telemme.mmsh.fr\/?s={search_term_string}"},"query-input":{"@type":"PropertyValueSpecification","valueRequired":true,"valueName":"search_term_string"}}],"inLanguage":"fr-FR"},{"@type":"Organization","@id":"https:\/\/telemme.mmsh.fr\/#organization","name":"TELEMMe","url":"https:\/\/telemme.mmsh.fr\/","logo":{"@type":"ImageObject","inLanguage":"fr-FR","@id":"https:\/\/telemme.mmsh.fr\/#\/schema\/logo\/image\/","url":"https:\/\/telemme.mmsh.fr\/wp-content\/uploads\/2020\/03\/LogoTELEMMe-horizontal-fond-transparent.png","contentUrl":"https:\/\/telemme.mmsh.fr\/wp-content\/uploads\/2020\/03\/LogoTELEMMe-horizontal-fond-transparent.png","width":1500,"height":437,"caption":"TELEMMe"},"image":{"@id":"https:\/\/telemme.mmsh.fr\/#\/schema\/logo\/image\/"}}]}},"_links":{"self":[{"href":"https:\/\/telemme.mmsh.fr\/index.php?rest_route=\/wp\/v2\/tribe_events\/15690","targetHints":{"allow":["GET"]}}],"collection":[{"href":"https:\/\/telemme.mmsh.fr\/index.php?rest_route=\/wp\/v2\/tribe_events"}],"about":[{"href":"https:\/\/telemme.mmsh.fr\/index.php?rest_route=\/wp\/v2\/types\/tribe_events"}],"author":[{"embeddable":true,"href":"https:\/\/telemme.mmsh.fr\/index.php?rest_route=\/wp\/v2\/users\/6"}],"version-history":[{"count":5,"href":"https:\/\/telemme.mmsh.fr\/index.php?rest_route=\/wp\/v2\/tribe_events\/15690\/revisions"}],"predecessor-version":[{"id":16298,"href":"https:\/\/telemme.mmsh.fr\/index.php?rest_route=\/wp\/v2\/tribe_events\/15690\/revisions\/16298"}],"wp:featuredmedia":[{"embeddable":true,"href":"https:\/\/telemme.mmsh.fr\/index.php?rest_route=\/wp\/v2\/media\/16297"}],"wp:attachment":[{"href":"https:\/\/telemme.mmsh.fr\/index.php?rest_route=%2Fwp%2Fv2%2Fmedia&parent=15690"}],"wp:term":[{"taxonomy":"post_tag","embeddable":true,"href":"https:\/\/telemme.mmsh.fr\/index.php?rest_route=%2Fwp%2Fv2%2Ftags&post=15690"},{"taxonomy":"tribe_events_cat","embeddable":true,"href":"https:\/\/telemme.mmsh.fr\/index.php?rest_route=%2Fwp%2Fv2%2Ftribe_events_cat&post=15690"}],"curies":[{"name":"wp","href":"https:\/\/api.w.org\/{rel}","templated":true}]}}