{"id":15688,"date":"2025-07-03T09:42:51","date_gmt":"2025-07-03T07:42:51","guid":{"rendered":"https:\/\/telemme.mmsh.fr\/?post_type=tribe_events&#038;p=15688"},"modified":"2025-12-01T15:26:04","modified_gmt":"2025-12-01T14:26:04","slug":"hommage-a-fanon","status":"publish","type":"tribe_events","link":"https:\/\/telemme.mmsh.fr\/?tribe_events=hommage-a-fanon","title":{"rendered":"Frantz Fanon et son h\u00e9ritage : psychiatrie, colonisation et perspectives d\u00e9coloniales"},"content":{"rendered":"<p>Journ\u00e9e d\u2019\u00e9tude propos\u00e9e dans le cadre des journ\u00e9es <strong>La Recherche &amp; la Cit\u00e9<\/strong> de TELEMMe<br \/>\nAvec la participation du groupe <a href=\"https:\/\/telemme.mmsh.fr\/?post_type=axe_groupe&amp;p=13198\">Histoire de la sant\u00e9 : savoirs, acteurs, pratiques, Europe-M\u00e9diterran\u00e9e, du Moyen \u00c2ge \u00e0 nos jours<\/a><\/p>\n<p><u>Coordination : <\/u><strong>Karima<\/strong> <strong>Dir\u00e8che, <\/strong><strong>Delphine Peiretti-Courtis, historiennes (TELEMMe &#8211; AMU)\u00a0 <\/strong><\/p>\n<p><u>Co-organisation :\u00a0<\/u>TELEMMe et le P\u00f4le des Mus\u00e9es de Marseille<\/p>\n<p><a href=\"https:\/\/telemme.mmsh.fr\/?evenement=frantz-fanon-et-son-heritage-psychiatrie-colonisation-et-perspectives-decoloniales\"><strong>Programme en ligne<\/strong><\/a><\/p>\n","protected":false},"excerpt":{"rendered":"<p>Journ\u00e9e d\u2019\u00e9tude propos\u00e9e dans le cadre des journ\u00e9es La Recherche &amp; la Cit\u00e9 de TELEMMe Avec la participation du groupe Histoire de la sant\u00e9 : savoirs, acteurs, pratiques, Europe-M\u00e9diterran\u00e9e, du&hellip;&nbsp;<a href=\"https:\/\/telemme.mmsh.fr\/?tribe_events=hommage-a-fanon\" rel=\"bookmark\">Lire la suite &raquo;<span class=\"screen-reader-text\">Frantz Fanon et son h\u00e9ritage : psychiatrie, colonisation et perspectives d\u00e9coloniales<\/span><\/a><\/p>\n","protected":false},"author":6,"featured_media":16075,"template":"","meta":{"neve_meta_sidebar":"","neve_meta_container":"","neve_meta_enable_content_width":"","neve_meta_content_width":0,"neve_meta_title_alignment":"","neve_meta_author_avatar":"","neve_post_elements_order":"","neve_meta_disable_header":"","neve_meta_disable_footer":"","neve_meta_disable_title":"","_tribe_events_status":"","_tribe_events_status_reason":"","footnotes":""},"tags":[2844],"tribe_events_cat":[1950],"class_list":["post-15688","tribe_events","type-tribe_events","status-publish","has-post-thumbnail","hentry","tag-3-3-histoire-de-la-sante","tribe_events_cat-la-recherche-la-cite","cat_la-recherche-la-cite","tribe-ext-events-control-list-event--live"],"yoast_head":"<!-- This site is optimized with the Yoast SEO plugin v27.4 - https:\/\/yoast.com\/product\/yoast-seo-wordpress\/ -->\n<title>Frantz Fanon et son h\u00e9ritage : psychiatrie, colonisation et perspectives d\u00e9coloniales - TELEMMe - Temps, espaces, langages, Europe m\u00e9ridionale, M\u00e9diterran\u00e9e<\/title>\n<meta name=\"robots\" content=\"index, follow, max-snippet:-1, max-image-preview:large, max-video-preview:-1\" \/>\n<link rel=\"canonical\" href=\"https:\/\/telemme.mmsh.fr\/?tribe_events=hommage-a-fanon\" \/>\n<meta property=\"og:locale\" content=\"fr_FR\" \/>\n<meta property=\"og:type\" content=\"article\" \/>\n<meta property=\"og:title\" content=\"Frantz Fanon et son h\u00e9ritage : psychiatrie, colonisation et perspectives d\u00e9coloniales - TELEMMe - Temps, espaces, langages, Europe m\u00e9ridionale, M\u00e9diterran\u00e9e\" \/>\n<meta property=\"og:description\" content=\"Journ\u00e9e d\u2019\u00e9tude propos\u00e9e dans le cadre des journ\u00e9es La Recherche &amp; la Cit\u00e9 de TELEMMe Avec la participation du groupe Histoire de la sant\u00e9 : savoirs, acteurs, pratiques, Europe-M\u00e9diterran\u00e9e, du&hellip;&nbsp;Lire la suite &raquo;Frantz Fanon et son h\u00e9ritage : psychiatrie, colonisation et perspectives d\u00e9coloniales\" \/>\n<meta property=\"og:url\" content=\"https:\/\/telemme.mmsh.fr\/?tribe_events=hommage-a-fanon\" \/>\n<meta property=\"og:site_name\" content=\"TELEMMe - Temps, espaces, langages, Europe m\u00e9ridionale, M\u00e9diterran\u00e9e\" \/>\n<meta property=\"article:modified_time\" content=\"2025-12-01T14:26:04+00:00\" \/>\n<meta property=\"og:image\" content=\"https:\/\/telemme.mmsh.fr\/wp-content\/uploads\/2025\/11\/fanon.jpg\" \/>\n\t<meta property=\"og:image:width\" content=\"350\" \/>\n\t<meta property=\"og:image:height\" content=\"487\" \/>\n\t<meta property=\"og:image:type\" content=\"image\/jpeg\" \/>\n<meta name=\"twitter:card\" content=\"summary_large_image\" \/>\n<script type=\"application\/ld+json\" class=\"yoast-schema-graph\">{\"@context\":\"https:\\\/\\\/schema.org\",\"@graph\":[{\"@type\":\"WebPage\",\"@id\":\"https:\\\/\\\/telemme.mmsh.fr\\\/?tribe_events=hommage-a-fanon\",\"url\":\"https:\\\/\\\/telemme.mmsh.fr\\\/?tribe_events=hommage-a-fanon\",\"name\":\"Frantz Fanon et son h\u00e9ritage : psychiatrie, colonisation et perspectives d\u00e9coloniales - TELEMMe - Temps, espaces, langages, Europe m\u00e9ridionale, M\u00e9diterran\u00e9e\",\"isPartOf\":{\"@id\":\"https:\\\/\\\/telemme.mmsh.fr\\\/#website\"},\"primaryImageOfPage\":{\"@id\":\"https:\\\/\\\/telemme.mmsh.fr\\\/?tribe_events=hommage-a-fanon#primaryimage\"},\"image\":{\"@id\":\"https:\\\/\\\/telemme.mmsh.fr\\\/?tribe_events=hommage-a-fanon#primaryimage\"},\"thumbnailUrl\":\"https:\\\/\\\/telemme.mmsh.fr\\\/wp-content\\\/uploads\\\/2025\\\/11\\\/fanon.jpg\",\"datePublished\":\"2025-07-03T07:42:51+00:00\",\"dateModified\":\"2025-12-01T14:26:04+00:00\",\"breadcrumb\":{\"@id\":\"https:\\\/\\\/telemme.mmsh.fr\\\/?tribe_events=hommage-a-fanon#breadcrumb\"},\"inLanguage\":\"fr-FR\",\"potentialAction\":[{\"@type\":\"ReadAction\",\"target\":[\"https:\\\/\\\/telemme.mmsh.fr\\\/?tribe_events=hommage-a-fanon\"]}]},{\"@type\":\"ImageObject\",\"inLanguage\":\"fr-FR\",\"@id\":\"https:\\\/\\\/telemme.mmsh.fr\\\/?tribe_events=hommage-a-fanon#primaryimage\",\"url\":\"https:\\\/\\\/telemme.mmsh.fr\\\/wp-content\\\/uploads\\\/2025\\\/11\\\/fanon.jpg\",\"contentUrl\":\"https:\\\/\\\/telemme.mmsh.fr\\\/wp-content\\\/uploads\\\/2025\\\/11\\\/fanon.jpg\",\"width\":350,\"height\":487,\"caption\":\"Frantz Fanon\"},{\"@type\":\"BreadcrumbList\",\"@id\":\"https:\\\/\\\/telemme.mmsh.fr\\\/?tribe_events=hommage-a-fanon#breadcrumb\",\"itemListElement\":[{\"@type\":\"ListItem\",\"position\":1,\"name\":\"Accueil\",\"item\":\"https:\\\/\\\/telemme.mmsh.fr\\\/\"},{\"@type\":\"ListItem\",\"position\":2,\"name\":\"\u00c9v\u00e8nements\",\"item\":\"https:\\\/\\\/telemme.mmsh.fr\\\/?post_type=tribe_events\"},{\"@type\":\"ListItem\",\"position\":3,\"name\":\"La Recherche &amp; la Cit\u00e9\",\"item\":\"https:\\\/\\\/telemme.mmsh.fr\\\/?tribe_events_cat=la-recherche-la-cite\"},{\"@type\":\"ListItem\",\"position\":4,\"name\":\"Frantz Fanon et son h\u00e9ritage : psychiatrie, colonisation et perspectives d\u00e9coloniales\"}]},{\"@type\":\"WebSite\",\"@id\":\"https:\\\/\\\/telemme.mmsh.fr\\\/#website\",\"url\":\"https:\\\/\\\/telemme.mmsh.fr\\\/\",\"name\":\"TELEMMe - Temps, espaces, langages, Europe m\u00e9ridionale, M\u00e9diterran\u00e9e\",\"description\":\"\",\"publisher\":{\"@id\":\"https:\\\/\\\/telemme.mmsh.fr\\\/#organization\"},\"potentialAction\":[{\"@type\":\"SearchAction\",\"target\":{\"@type\":\"EntryPoint\",\"urlTemplate\":\"https:\\\/\\\/telemme.mmsh.fr\\\/?s={search_term_string}\"},\"query-input\":{\"@type\":\"PropertyValueSpecification\",\"valueRequired\":true,\"valueName\":\"search_term_string\"}}],\"inLanguage\":\"fr-FR\"},{\"@type\":\"Organization\",\"@id\":\"https:\\\/\\\/telemme.mmsh.fr\\\/#organization\",\"name\":\"TELEMMe\",\"url\":\"https:\\\/\\\/telemme.mmsh.fr\\\/\",\"logo\":{\"@type\":\"ImageObject\",\"inLanguage\":\"fr-FR\",\"@id\":\"https:\\\/\\\/telemme.mmsh.fr\\\/#\\\/schema\\\/logo\\\/image\\\/\",\"url\":\"https:\\\/\\\/telemme.mmsh.fr\\\/wp-content\\\/uploads\\\/2020\\\/03\\\/LogoTELEMMe-horizontal-fond-transparent.png\",\"contentUrl\":\"https:\\\/\\\/telemme.mmsh.fr\\\/wp-content\\\/uploads\\\/2020\\\/03\\\/LogoTELEMMe-horizontal-fond-transparent.png\",\"width\":1500,\"height\":437,\"caption\":\"TELEMMe\"},\"image\":{\"@id\":\"https:\\\/\\\/telemme.mmsh.fr\\\/#\\\/schema\\\/logo\\\/image\\\/\"}}]}<\/script>\n<!-- \/ Yoast SEO plugin. -->","yoast_head_json":{"title":"Frantz Fanon et son h\u00e9ritage : psychiatrie, colonisation et perspectives d\u00e9coloniales - TELEMMe - Temps, espaces, langages, Europe m\u00e9ridionale, M\u00e9diterran\u00e9e","robots":{"index":"index","follow":"follow","max-snippet":"max-snippet:-1","max-image-preview":"max-image-preview:large","max-video-preview":"max-video-preview:-1"},"canonical":"https:\/\/telemme.mmsh.fr\/?tribe_events=hommage-a-fanon","og_locale":"fr_FR","og_type":"article","og_title":"Frantz Fanon et son h\u00e9ritage : psychiatrie, colonisation et perspectives d\u00e9coloniales - TELEMMe - Temps, espaces, langages, Europe m\u00e9ridionale, M\u00e9diterran\u00e9e","og_description":"Journ\u00e9e d\u2019\u00e9tude propos\u00e9e dans le cadre des journ\u00e9es La Recherche &amp; la Cit\u00e9 de TELEMMe Avec la participation du groupe Histoire de la sant\u00e9 : savoirs, acteurs, pratiques, Europe-M\u00e9diterran\u00e9e, du&hellip;&nbsp;Lire la suite &raquo;Frantz Fanon et son h\u00e9ritage : psychiatrie, colonisation et perspectives d\u00e9coloniales","og_url":"https:\/\/telemme.mmsh.fr\/?tribe_events=hommage-a-fanon","og_site_name":"TELEMMe - Temps, espaces, langages, Europe m\u00e9ridionale, M\u00e9diterran\u00e9e","article_modified_time":"2025-12-01T14:26:04+00:00","og_image":[{"width":350,"height":487,"url":"https:\/\/telemme.mmsh.fr\/wp-content\/uploads\/2025\/11\/fanon.jpg","type":"image\/jpeg"}],"twitter_card":"summary_large_image","schema":{"@context":"https:\/\/schema.org","@graph":[{"@type":"WebPage","@id":"https:\/\/telemme.mmsh.fr\/?tribe_events=hommage-a-fanon","url":"https:\/\/telemme.mmsh.fr\/?tribe_events=hommage-a-fanon","name":"Frantz Fanon et son h\u00e9ritage : psychiatrie, colonisation et perspectives d\u00e9coloniales - TELEMMe - Temps, espaces, langages, Europe m\u00e9ridionale, M\u00e9diterran\u00e9e","isPartOf":{"@id":"https:\/\/telemme.mmsh.fr\/#website"},"primaryImageOfPage":{"@id":"https:\/\/telemme.mmsh.fr\/?tribe_events=hommage-a-fanon#primaryimage"},"image":{"@id":"https:\/\/telemme.mmsh.fr\/?tribe_events=hommage-a-fanon#primaryimage"},"thumbnailUrl":"https:\/\/telemme.mmsh.fr\/wp-content\/uploads\/2025\/11\/fanon.jpg","datePublished":"2025-07-03T07:42:51+00:00","dateModified":"2025-12-01T14:26:04+00:00","breadcrumb":{"@id":"https:\/\/telemme.mmsh.fr\/?tribe_events=hommage-a-fanon#breadcrumb"},"inLanguage":"fr-FR","potentialAction":[{"@type":"ReadAction","target":["https:\/\/telemme.mmsh.fr\/?tribe_events=hommage-a-fanon"]}]},{"@type":"ImageObject","inLanguage":"fr-FR","@id":"https:\/\/telemme.mmsh.fr\/?tribe_events=hommage-a-fanon#primaryimage","url":"https:\/\/telemme.mmsh.fr\/wp-content\/uploads\/2025\/11\/fanon.jpg","contentUrl":"https:\/\/telemme.mmsh.fr\/wp-content\/uploads\/2025\/11\/fanon.jpg","width":350,"height":487,"caption":"Frantz Fanon"},{"@type":"BreadcrumbList","@id":"https:\/\/telemme.mmsh.fr\/?tribe_events=hommage-a-fanon#breadcrumb","itemListElement":[{"@type":"ListItem","position":1,"name":"Accueil","item":"https:\/\/telemme.mmsh.fr\/"},{"@type":"ListItem","position":2,"name":"\u00c9v\u00e8nements","item":"https:\/\/telemme.mmsh.fr\/?post_type=tribe_events"},{"@type":"ListItem","position":3,"name":"La Recherche &amp; la Cit\u00e9","item":"https:\/\/telemme.mmsh.fr\/?tribe_events_cat=la-recherche-la-cite"},{"@type":"ListItem","position":4,"name":"Frantz Fanon et son h\u00e9ritage : psychiatrie, colonisation et perspectives d\u00e9coloniales"}]},{"@type":"WebSite","@id":"https:\/\/telemme.mmsh.fr\/#website","url":"https:\/\/telemme.mmsh.fr\/","name":"TELEMMe - Temps, espaces, langages, Europe m\u00e9ridionale, M\u00e9diterran\u00e9e","description":"","publisher":{"@id":"https:\/\/telemme.mmsh.fr\/#organization"},"potentialAction":[{"@type":"SearchAction","target":{"@type":"EntryPoint","urlTemplate":"https:\/\/telemme.mmsh.fr\/?s={search_term_string}"},"query-input":{"@type":"PropertyValueSpecification","valueRequired":true,"valueName":"search_term_string"}}],"inLanguage":"fr-FR"},{"@type":"Organization","@id":"https:\/\/telemme.mmsh.fr\/#organization","name":"TELEMMe","url":"https:\/\/telemme.mmsh.fr\/","logo":{"@type":"ImageObject","inLanguage":"fr-FR","@id":"https:\/\/telemme.mmsh.fr\/#\/schema\/logo\/image\/","url":"https:\/\/telemme.mmsh.fr\/wp-content\/uploads\/2020\/03\/LogoTELEMMe-horizontal-fond-transparent.png","contentUrl":"https:\/\/telemme.mmsh.fr\/wp-content\/uploads\/2020\/03\/LogoTELEMMe-horizontal-fond-transparent.png","width":1500,"height":437,"caption":"TELEMMe"},"image":{"@id":"https:\/\/telemme.mmsh.fr\/#\/schema\/logo\/image\/"}}]}},"_links":{"self":[{"href":"https:\/\/telemme.mmsh.fr\/index.php?rest_route=\/wp\/v2\/tribe_events\/15688","targetHints":{"allow":["GET"]}}],"collection":[{"href":"https:\/\/telemme.mmsh.fr\/index.php?rest_route=\/wp\/v2\/tribe_events"}],"about":[{"href":"https:\/\/telemme.mmsh.fr\/index.php?rest_route=\/wp\/v2\/types\/tribe_events"}],"author":[{"embeddable":true,"href":"https:\/\/telemme.mmsh.fr\/index.php?rest_route=\/wp\/v2\/users\/6"}],"version-history":[{"count":4,"href":"https:\/\/telemme.mmsh.fr\/index.php?rest_route=\/wp\/v2\/tribe_events\/15688\/revisions"}],"predecessor-version":[{"id":16080,"href":"https:\/\/telemme.mmsh.fr\/index.php?rest_route=\/wp\/v2\/tribe_events\/15688\/revisions\/16080"}],"wp:featuredmedia":[{"embeddable":true,"href":"https:\/\/telemme.mmsh.fr\/index.php?rest_route=\/wp\/v2\/media\/16075"}],"wp:attachment":[{"href":"https:\/\/telemme.mmsh.fr\/index.php?rest_route=%2Fwp%2Fv2%2Fmedia&parent=15688"}],"wp:term":[{"taxonomy":"post_tag","embeddable":true,"href":"https:\/\/telemme.mmsh.fr\/index.php?rest_route=%2Fwp%2Fv2%2Ftags&post=15688"},{"taxonomy":"tribe_events_cat","embeddable":true,"href":"https:\/\/telemme.mmsh.fr\/index.php?rest_route=%2Fwp%2Fv2%2Ftribe_events_cat&post=15688"}],"curies":[{"name":"wp","href":"https:\/\/api.w.org\/{rel}","templated":true}]}}