{"id":15684,"date":"2025-07-03T09:37:53","date_gmt":"2025-07-03T07:37:53","guid":{"rendered":"https:\/\/telemme.mmsh.fr\/?post_type=tribe_events&#038;p=15684"},"modified":"2025-11-19T12:38:27","modified_gmt":"2025-11-19T11:38:27","slug":"transition-energetique-et-reconfiguration-des-territoires","status":"publish","type":"tribe_events","link":"https:\/\/telemme.mmsh.fr\/?tribe_events=transition-energetique-et-reconfiguration-des-territoires","title":{"rendered":"Transition \u00e9nerg\u00e9tique et reconfiguration des territoires"},"content":{"rendered":"<p>Dans le contexte du changement climatique et de la volont\u00e9 de r\u00e9duire les \u00e9missions de GES issues d\u2019un syst\u00e8me largement domin\u00e9 par les \u00e9nergies fossiles, la transition \u00e9nerg\u00e9tique peut appara\u00eetre comme un discours relativement consensuel dans les sph\u00e8res politiques, \u00e9conomiques et m\u00e9diatiques en Europe. Mais elle est aussi un concept contest\u00e9 dans les sph\u00e8res climato-septiques, comme en atteste la sortie des \u00c9tats-Unis des accords de Paris. Des divergences persistent \u00e9galement quant \u00e0 la d\u00e9finition concr\u00e8te de son contenu\u00a0 (Hourcade et Van Neste, 2019). Ses objectifs diff\u00e8rent : allant du maintien de la soci\u00e9t\u00e9 d\u2019abondance actuelle, jusqu\u2019\u00e0 la d\u00e9croissance par la sobri\u00e9t\u00e9 \u00e9nerg\u00e9tique (Aykut et Evrard, 2017 ; Parrique, 2022). Par ailleurs, les approches sociotechniques qui entretiennent un rapport r\u00e9troactif entre dimension technique et sociale Simondon, 1958 ; Akrich, 1989) sont d\u00e9sormais insuffisantes pour prendre en compte les questions environnementales et la r\u00e9alit\u00e9 des socio-\u00e9cosyst\u00e8mes. Au-del\u00e0 des d\u00e9bats th\u00e9oriques, il nous semble essentiel d\u2019\u00eatre attentifs aux processus de territorialisation de la transition (Duran, 2020), \u00e0 savoir son inscription dans des territoires concrets (Mattina et al., 2023 ; Meyer et Weber, 2024), dans la mesure o\u00f9 elle met en tension \u00ab des enjeux globaux, dont les r\u00e9f\u00e9rences sont a-territoriales, et les enjeux locaux encastr\u00e9s dans des syst\u00e8mes d\u2019action \u00e9tablis \u00bb (Bombenger, Larrue, 2014).<\/p>\n<p>Le programme ENERGON soutenu par le labex DRIIHM de 2022 \u00e0 2024, nous a permis d\u2019interroger les reconfigurations territoriales de six Observatoires Hommes-Milieux en France et en Am\u00e9rique du Nord. Ces cas d\u2019\u00e9tude (Daviet, Barthelemy et al, 2024) ont constitu\u00e9 des laboratoires permettant de mettre \u00e0 l\u2019\u00e9preuve la notion de nexus entre soci\u00e9t\u00e9, technologie et environnement. A l\u2019image du \u00ab Water-Food-Energy nexus \u00bb (Urbinatti et al., 2020), envisager les transitions \u00e9nerg\u00e9tiques comme un nexus \u00ab Soci\u00e9t\u00e9-Technique-Environnement \u00bb am\u00e8ne \u00e0 accepter qu\u2019une action sur l\u2019une de ses composantes ait un impact sur les deux autres. En ce sens, l\u2019approche par les nexus (d\u00e9finis en tant que liens, interrelations) permet de \u00ab casser les silos disciplinaires \u00bb (Cairns et Krzywoszynka, 2016) pour \u00e9laborer une m\u00e9thodologie int\u00e9gr\u00e9e, adapt\u00e9e \u00e0 l\u2019\u00e9chelle territoriale, aux mat\u00e9rialit\u00e9s de la transition (Forget, Bos, Carrizo, 2021), et aux flux de ressources (m\u00e9tabolisme territorial). Cela permet d\u2019\u00e9valuer les cons\u00e9quences des transitions \u00e9nerg\u00e9tiques sur les socio-\u00e9cosyst\u00e8mes (Cumming et Collier, 2005 ; Ostrom, 2007).<\/p>\n<p>Les reconfigurations techniques renvoient aux mutations des syst\u00e8mes \u00e9nerg\u00e9tiques et aux processus de d\u00e9carbonation (dans un continuum production\/transport\/usage). Les reconfigurations soci\u00e9tales, au sens large, comprennent les r\u00e9seaux d\u2019acteurs publics et priv\u00e9s (Velut, Ghorra Gobin, 2006 ; Perrin &amp; Bouisset, 2022), les politiques publiques, les mod\u00e8les \u00e9conomiques. Les reconfigurations environnementales comprennent la redistribution des espaces et de leur usage, les mutations paysag\u00e8res, la pression sur les ressources et plus g\u00e9n\u00e9ralement la recomposition des milieux. Chaque composante (technique, soci\u00e9tale environnementale) a ses temporalit\u00e9s et rencontre des freins, des impulsions, des effets de seuil ; d\u2019o\u00f9 des crises qui sont des moments de tension et de d\u00e9s\u00e9quilibres.<\/p>\n<p>Le pr\u00e9sent colloque ambitionne l\u2019analyse d\u2019un large panel d\u2019exemples territoriaux afin de mieux appr\u00e9hender les modalit\u00e9s de leurs reconfigurations. Parmi ces modalit\u00e9s, quelques questions cl\u00e9s :<\/p>\n<ul>\n<li>Est-ce que ces reconfigurations s\u2019effectuent dans des contextes conflictuels ou consensuels, quelles sont les modalit\u00e9s de concertation et de d\u00e9bat public ?<\/li>\n<li>Ces reconfigurations manifestent-elles une d\u00e9pendance au sentier ou une capacit\u00e9 \u00e0 cr\u00e9er de nouveaux chemins via des dynamiques d\u2019innovation ?<\/li>\n<li>Les rapports entre enjeu climatique et biodiversit\u00e9 pr\u00e9sentent-ils des synergies ou s\u2019av\u00e8rent-ils plus complexes ? Comment se pose la question des ressources ?<\/li>\n<li>Quid de la reconfiguration de l\u2019\u00e9chelle de gouvernance et de fonctionnement des syst\u00e8mes \u00e9nerg\u00e9tiques ? Quelles articulations entre local et r\u00e9gional ?<\/li>\n<\/ul>\n<p>En explorant ces questions, le colloque cherche \u00e0 appr\u00e9hender la transformation des syst\u00e8mes \u00e9nerg\u00e9tiques, dans un contexte de territorialisation des politiques publiques et dans une perspective de durabilit\u00e9 r\u00e9aliste.<\/p>\n<ul>\n<li><strong>Inscription<\/strong> : https:\/\/energon2025.sciencesconf.org\/<\/li>\n<li><strong>Contact<\/strong> : energon2025@sciencesconf.org<\/li>\n<\/ul>\n<p><a href=\"https:\/\/telemme.mmsh.fr\/?evenement=transition-energetique-et-reconfiguration-des-territoires\"><strong>Programme d\u00e9taill\u00e9<\/strong> <\/a><\/p>\n","protected":false},"excerpt":{"rendered":"<p>Dans le contexte du changement climatique et de la volont\u00e9 de r\u00e9duire les \u00e9missions de GES issues d\u2019un syst\u00e8me largement domin\u00e9 par les \u00e9nergies fossiles, la transition \u00e9nerg\u00e9tique peut appara\u00eetre&hellip;&nbsp;<a href=\"https:\/\/telemme.mmsh.fr\/?tribe_events=transition-energetique-et-reconfiguration-des-territoires\" rel=\"bookmark\">Lire la suite &raquo;<span class=\"screen-reader-text\">Transition \u00e9nerg\u00e9tique et reconfiguration des territoires<\/span><\/a><\/p>\n","protected":false},"author":6,"featured_media":15949,"template":"","meta":{"neve_meta_sidebar":"","neve_meta_container":"","neve_meta_enable_content_width":"","neve_meta_content_width":0,"neve_meta_title_alignment":"","neve_meta_author_avatar":"","neve_post_elements_order":"","neve_meta_disable_header":"","neve_meta_disable_footer":"","neve_meta_disable_title":"","_tribe_events_status":"","_tribe_events_status_reason":"","footnotes":""},"tags":[2971],"tribe_events_cat":[2063],"class_list":["post-15684","tribe_events","type-tribe_events","status-publish","has-post-thumbnail","hentry","tag-energon","tribe_events_cat-colloque","cat_colloque"],"yoast_head":"<!-- This site is optimized with the Yoast SEO plugin v27.4 - https:\/\/yoast.com\/product\/yoast-seo-wordpress\/ -->\n<title>Transition \u00e9nerg\u00e9tique et reconfiguration des territoires - TELEMMe - Temps, espaces, langages, Europe m\u00e9ridionale, M\u00e9diterran\u00e9e<\/title>\n<meta name=\"robots\" content=\"index, follow, max-snippet:-1, max-image-preview:large, max-video-preview:-1\" \/>\n<link rel=\"canonical\" href=\"https:\/\/telemme.mmsh.fr\/?tribe_events=transition-energetique-et-reconfiguration-des-territoires\" \/>\n<meta property=\"og:locale\" content=\"fr_FR\" \/>\n<meta property=\"og:type\" content=\"article\" \/>\n<meta property=\"og:title\" content=\"Transition \u00e9nerg\u00e9tique et reconfiguration des territoires - TELEMMe - Temps, espaces, langages, Europe m\u00e9ridionale, M\u00e9diterran\u00e9e\" \/>\n<meta property=\"og:description\" content=\"Dans le contexte du changement climatique et de la volont\u00e9 de r\u00e9duire les \u00e9missions de GES issues d\u2019un syst\u00e8me largement domin\u00e9 par les \u00e9nergies fossiles, la transition \u00e9nerg\u00e9tique peut appara\u00eetre&hellip;&nbsp;Lire la suite &raquo;Transition \u00e9nerg\u00e9tique et reconfiguration des territoires\" \/>\n<meta property=\"og:url\" content=\"https:\/\/telemme.mmsh.fr\/?tribe_events=transition-energetique-et-reconfiguration-des-territoires\" \/>\n<meta property=\"og:site_name\" content=\"TELEMMe - Temps, espaces, langages, Europe m\u00e9ridionale, M\u00e9diterran\u00e9e\" \/>\n<meta property=\"article:modified_time\" content=\"2025-11-19T11:38:27+00:00\" \/>\n<meta property=\"og:image\" content=\"https:\/\/telemme.mmsh.fr\/wp-content\/uploads\/2025\/07\/2025.11.21_Energon_Bandeau_vert_sepia_72dpi.png\" \/>\n\t<meta property=\"og:image:width\" content=\"930\" \/>\n\t<meta property=\"og:image:height\" content=\"500\" \/>\n\t<meta property=\"og:image:type\" content=\"image\/png\" \/>\n<meta name=\"twitter:card\" content=\"summary_large_image\" \/>\n<meta name=\"twitter:label1\" content=\"Dur\u00e9e de lecture estim\u00e9e\" \/>\n\t<meta name=\"twitter:data1\" content=\"3 minutes\" \/>\n<script type=\"application\/ld+json\" class=\"yoast-schema-graph\">{\"@context\":\"https:\\\/\\\/schema.org\",\"@graph\":[{\"@type\":\"WebPage\",\"@id\":\"https:\\\/\\\/telemme.mmsh.fr\\\/?tribe_events=transition-energetique-et-reconfiguration-des-territoires\",\"url\":\"https:\\\/\\\/telemme.mmsh.fr\\\/?tribe_events=transition-energetique-et-reconfiguration-des-territoires\",\"name\":\"Transition \u00e9nerg\u00e9tique et reconfiguration des territoires - TELEMMe - Temps, espaces, langages, Europe m\u00e9ridionale, M\u00e9diterran\u00e9e\",\"isPartOf\":{\"@id\":\"https:\\\/\\\/telemme.mmsh.fr\\\/#website\"},\"primaryImageOfPage\":{\"@id\":\"https:\\\/\\\/telemme.mmsh.fr\\\/?tribe_events=transition-energetique-et-reconfiguration-des-territoires#primaryimage\"},\"image\":{\"@id\":\"https:\\\/\\\/telemme.mmsh.fr\\\/?tribe_events=transition-energetique-et-reconfiguration-des-territoires#primaryimage\"},\"thumbnailUrl\":\"https:\\\/\\\/telemme.mmsh.fr\\\/wp-content\\\/uploads\\\/2025\\\/07\\\/2025.11.21_Energon_Bandeau_vert_sepia_72dpi.png\",\"datePublished\":\"2025-07-03T07:37:53+00:00\",\"dateModified\":\"2025-11-19T11:38:27+00:00\",\"breadcrumb\":{\"@id\":\"https:\\\/\\\/telemme.mmsh.fr\\\/?tribe_events=transition-energetique-et-reconfiguration-des-territoires#breadcrumb\"},\"inLanguage\":\"fr-FR\",\"potentialAction\":[{\"@type\":\"ReadAction\",\"target\":[\"https:\\\/\\\/telemme.mmsh.fr\\\/?tribe_events=transition-energetique-et-reconfiguration-des-territoires\"]}]},{\"@type\":\"ImageObject\",\"inLanguage\":\"fr-FR\",\"@id\":\"https:\\\/\\\/telemme.mmsh.fr\\\/?tribe_events=transition-energetique-et-reconfiguration-des-territoires#primaryimage\",\"url\":\"https:\\\/\\\/telemme.mmsh.fr\\\/wp-content\\\/uploads\\\/2025\\\/07\\\/2025.11.21_Energon_Bandeau_vert_sepia_72dpi.png\",\"contentUrl\":\"https:\\\/\\\/telemme.mmsh.fr\\\/wp-content\\\/uploads\\\/2025\\\/07\\\/2025.11.21_Energon_Bandeau_vert_sepia_72dpi.png\",\"width\":930,\"height\":500,\"caption\":\"Transition \u00e9nerg\u00e9tique et reconfiguration des territoires\"},{\"@type\":\"BreadcrumbList\",\"@id\":\"https:\\\/\\\/telemme.mmsh.fr\\\/?tribe_events=transition-energetique-et-reconfiguration-des-territoires#breadcrumb\",\"itemListElement\":[{\"@type\":\"ListItem\",\"position\":1,\"name\":\"Accueil\",\"item\":\"https:\\\/\\\/telemme.mmsh.fr\\\/\"},{\"@type\":\"ListItem\",\"position\":2,\"name\":\"\u00c9v\u00e8nements\",\"item\":\"https:\\\/\\\/telemme.mmsh.fr\\\/?post_type=tribe_events\"},{\"@type\":\"ListItem\",\"position\":3,\"name\":\"Colloque\",\"item\":\"https:\\\/\\\/telemme.mmsh.fr\\\/?tribe_events_cat=colloque\"},{\"@type\":\"ListItem\",\"position\":4,\"name\":\"Transition \u00e9nerg\u00e9tique et reconfiguration des territoires\"}]},{\"@type\":\"WebSite\",\"@id\":\"https:\\\/\\\/telemme.mmsh.fr\\\/#website\",\"url\":\"https:\\\/\\\/telemme.mmsh.fr\\\/\",\"name\":\"TELEMMe - Temps, espaces, langages, Europe m\u00e9ridionale, M\u00e9diterran\u00e9e\",\"description\":\"\",\"publisher\":{\"@id\":\"https:\\\/\\\/telemme.mmsh.fr\\\/#organization\"},\"potentialAction\":[{\"@type\":\"SearchAction\",\"target\":{\"@type\":\"EntryPoint\",\"urlTemplate\":\"https:\\\/\\\/telemme.mmsh.fr\\\/?s={search_term_string}\"},\"query-input\":{\"@type\":\"PropertyValueSpecification\",\"valueRequired\":true,\"valueName\":\"search_term_string\"}}],\"inLanguage\":\"fr-FR\"},{\"@type\":\"Organization\",\"@id\":\"https:\\\/\\\/telemme.mmsh.fr\\\/#organization\",\"name\":\"TELEMMe\",\"url\":\"https:\\\/\\\/telemme.mmsh.fr\\\/\",\"logo\":{\"@type\":\"ImageObject\",\"inLanguage\":\"fr-FR\",\"@id\":\"https:\\\/\\\/telemme.mmsh.fr\\\/#\\\/schema\\\/logo\\\/image\\\/\",\"url\":\"https:\\\/\\\/telemme.mmsh.fr\\\/wp-content\\\/uploads\\\/2020\\\/03\\\/LogoTELEMMe-horizontal-fond-transparent.png\",\"contentUrl\":\"https:\\\/\\\/telemme.mmsh.fr\\\/wp-content\\\/uploads\\\/2020\\\/03\\\/LogoTELEMMe-horizontal-fond-transparent.png\",\"width\":1500,\"height\":437,\"caption\":\"TELEMMe\"},\"image\":{\"@id\":\"https:\\\/\\\/telemme.mmsh.fr\\\/#\\\/schema\\\/logo\\\/image\\\/\"}}]}<\/script>\n<!-- \/ Yoast SEO plugin. -->","yoast_head_json":{"title":"Transition \u00e9nerg\u00e9tique et reconfiguration des territoires - TELEMMe - Temps, espaces, langages, Europe m\u00e9ridionale, M\u00e9diterran\u00e9e","robots":{"index":"index","follow":"follow","max-snippet":"max-snippet:-1","max-image-preview":"max-image-preview:large","max-video-preview":"max-video-preview:-1"},"canonical":"https:\/\/telemme.mmsh.fr\/?tribe_events=transition-energetique-et-reconfiguration-des-territoires","og_locale":"fr_FR","og_type":"article","og_title":"Transition \u00e9nerg\u00e9tique et reconfiguration des territoires - TELEMMe - Temps, espaces, langages, Europe m\u00e9ridionale, M\u00e9diterran\u00e9e","og_description":"Dans le contexte du changement climatique et de la volont\u00e9 de r\u00e9duire les \u00e9missions de GES issues d\u2019un syst\u00e8me largement domin\u00e9 par les \u00e9nergies fossiles, la transition \u00e9nerg\u00e9tique peut appara\u00eetre&hellip;&nbsp;Lire la suite &raquo;Transition \u00e9nerg\u00e9tique et reconfiguration des territoires","og_url":"https:\/\/telemme.mmsh.fr\/?tribe_events=transition-energetique-et-reconfiguration-des-territoires","og_site_name":"TELEMMe - Temps, espaces, langages, Europe m\u00e9ridionale, M\u00e9diterran\u00e9e","article_modified_time":"2025-11-19T11:38:27+00:00","og_image":[{"width":930,"height":500,"url":"https:\/\/telemme.mmsh.fr\/wp-content\/uploads\/2025\/07\/2025.11.21_Energon_Bandeau_vert_sepia_72dpi.png","type":"image\/png"}],"twitter_card":"summary_large_image","twitter_misc":{"Dur\u00e9e de lecture estim\u00e9e":"3 minutes"},"schema":{"@context":"https:\/\/schema.org","@graph":[{"@type":"WebPage","@id":"https:\/\/telemme.mmsh.fr\/?tribe_events=transition-energetique-et-reconfiguration-des-territoires","url":"https:\/\/telemme.mmsh.fr\/?tribe_events=transition-energetique-et-reconfiguration-des-territoires","name":"Transition \u00e9nerg\u00e9tique et reconfiguration des territoires - TELEMMe - Temps, espaces, langages, Europe m\u00e9ridionale, M\u00e9diterran\u00e9e","isPartOf":{"@id":"https:\/\/telemme.mmsh.fr\/#website"},"primaryImageOfPage":{"@id":"https:\/\/telemme.mmsh.fr\/?tribe_events=transition-energetique-et-reconfiguration-des-territoires#primaryimage"},"image":{"@id":"https:\/\/telemme.mmsh.fr\/?tribe_events=transition-energetique-et-reconfiguration-des-territoires#primaryimage"},"thumbnailUrl":"https:\/\/telemme.mmsh.fr\/wp-content\/uploads\/2025\/07\/2025.11.21_Energon_Bandeau_vert_sepia_72dpi.png","datePublished":"2025-07-03T07:37:53+00:00","dateModified":"2025-11-19T11:38:27+00:00","breadcrumb":{"@id":"https:\/\/telemme.mmsh.fr\/?tribe_events=transition-energetique-et-reconfiguration-des-territoires#breadcrumb"},"inLanguage":"fr-FR","potentialAction":[{"@type":"ReadAction","target":["https:\/\/telemme.mmsh.fr\/?tribe_events=transition-energetique-et-reconfiguration-des-territoires"]}]},{"@type":"ImageObject","inLanguage":"fr-FR","@id":"https:\/\/telemme.mmsh.fr\/?tribe_events=transition-energetique-et-reconfiguration-des-territoires#primaryimage","url":"https:\/\/telemme.mmsh.fr\/wp-content\/uploads\/2025\/07\/2025.11.21_Energon_Bandeau_vert_sepia_72dpi.png","contentUrl":"https:\/\/telemme.mmsh.fr\/wp-content\/uploads\/2025\/07\/2025.11.21_Energon_Bandeau_vert_sepia_72dpi.png","width":930,"height":500,"caption":"Transition \u00e9nerg\u00e9tique et reconfiguration des territoires"},{"@type":"BreadcrumbList","@id":"https:\/\/telemme.mmsh.fr\/?tribe_events=transition-energetique-et-reconfiguration-des-territoires#breadcrumb","itemListElement":[{"@type":"ListItem","position":1,"name":"Accueil","item":"https:\/\/telemme.mmsh.fr\/"},{"@type":"ListItem","position":2,"name":"\u00c9v\u00e8nements","item":"https:\/\/telemme.mmsh.fr\/?post_type=tribe_events"},{"@type":"ListItem","position":3,"name":"Colloque","item":"https:\/\/telemme.mmsh.fr\/?tribe_events_cat=colloque"},{"@type":"ListItem","position":4,"name":"Transition \u00e9nerg\u00e9tique et reconfiguration des territoires"}]},{"@type":"WebSite","@id":"https:\/\/telemme.mmsh.fr\/#website","url":"https:\/\/telemme.mmsh.fr\/","name":"TELEMMe - Temps, espaces, langages, Europe m\u00e9ridionale, M\u00e9diterran\u00e9e","description":"","publisher":{"@id":"https:\/\/telemme.mmsh.fr\/#organization"},"potentialAction":[{"@type":"SearchAction","target":{"@type":"EntryPoint","urlTemplate":"https:\/\/telemme.mmsh.fr\/?s={search_term_string}"},"query-input":{"@type":"PropertyValueSpecification","valueRequired":true,"valueName":"search_term_string"}}],"inLanguage":"fr-FR"},{"@type":"Organization","@id":"https:\/\/telemme.mmsh.fr\/#organization","name":"TELEMMe","url":"https:\/\/telemme.mmsh.fr\/","logo":{"@type":"ImageObject","inLanguage":"fr-FR","@id":"https:\/\/telemme.mmsh.fr\/#\/schema\/logo\/image\/","url":"https:\/\/telemme.mmsh.fr\/wp-content\/uploads\/2020\/03\/LogoTELEMMe-horizontal-fond-transparent.png","contentUrl":"https:\/\/telemme.mmsh.fr\/wp-content\/uploads\/2020\/03\/LogoTELEMMe-horizontal-fond-transparent.png","width":1500,"height":437,"caption":"TELEMMe"},"image":{"@id":"https:\/\/telemme.mmsh.fr\/#\/schema\/logo\/image\/"}}]}},"_links":{"self":[{"href":"https:\/\/telemme.mmsh.fr\/index.php?rest_route=\/wp\/v2\/tribe_events\/15684","targetHints":{"allow":["GET"]}}],"collection":[{"href":"https:\/\/telemme.mmsh.fr\/index.php?rest_route=\/wp\/v2\/tribe_events"}],"about":[{"href":"https:\/\/telemme.mmsh.fr\/index.php?rest_route=\/wp\/v2\/types\/tribe_events"}],"author":[{"embeddable":true,"href":"https:\/\/telemme.mmsh.fr\/index.php?rest_route=\/wp\/v2\/users\/6"}],"version-history":[{"count":6,"href":"https:\/\/telemme.mmsh.fr\/index.php?rest_route=\/wp\/v2\/tribe_events\/15684\/revisions"}],"predecessor-version":[{"id":15957,"href":"https:\/\/telemme.mmsh.fr\/index.php?rest_route=\/wp\/v2\/tribe_events\/15684\/revisions\/15957"}],"wp:featuredmedia":[{"embeddable":true,"href":"https:\/\/telemme.mmsh.fr\/index.php?rest_route=\/wp\/v2\/media\/15949"}],"wp:attachment":[{"href":"https:\/\/telemme.mmsh.fr\/index.php?rest_route=%2Fwp%2Fv2%2Fmedia&parent=15684"}],"wp:term":[{"taxonomy":"post_tag","embeddable":true,"href":"https:\/\/telemme.mmsh.fr\/index.php?rest_route=%2Fwp%2Fv2%2Ftags&post=15684"},{"taxonomy":"tribe_events_cat","embeddable":true,"href":"https:\/\/telemme.mmsh.fr\/index.php?rest_route=%2Fwp%2Fv2%2Ftribe_events_cat&post=15684"}],"curies":[{"name":"wp","href":"https:\/\/api.w.org\/{rel}","templated":true}]}}