{"id":15680,"date":"2025-07-03T09:34:25","date_gmt":"2025-07-03T07:34:25","guid":{"rendered":"https:\/\/telemme.mmsh.fr\/?post_type=tribe_events&#038;p=15680"},"modified":"2025-11-17T10:01:12","modified_gmt":"2025-11-17T09:01:12","slug":"lhistoire-des-politiques-environnementales-europeennes","status":"publish","type":"tribe_events","link":"https:\/\/telemme.mmsh.fr\/?tribe_events=lhistoire-des-politiques-environnementales-europeennes","title":{"rendered":"L&rsquo;histoire des politiques environnementales europ\u00e9ennes"},"content":{"rendered":"<p>Intervention de <strong>Jan-Henrik MEYER, Max-Planck-Gesellschaft Frankfurt,<\/strong> discut\u00e9e par Mauve Carbonell :<\/p>\n<p>This contribution draws on my research on the origins and development of the early history of European Law and Policy, which started with the First Environmental Action Programme of 1973. It encompasses several case studies of policy and law-making projects ranging from common standards for bathing water to the protection of migrant birds, and from instruments like the polluter pays principle to environmental impact assessment. The goal of this paper is to draw out continuity and change, in terms of priorities and issues, the involvement of different actors within and beyond the European institutions, the borrowing of ideas and solutions from outside, and the growing challenge of making environmental law actually work. The paper will seek to explain why European-level environmental policy advanced despite a non-existent legal basis, and shapes the environmental laws in EU member states, but also why it remained fragmented, haphazard, and sometimes ineffective.<\/p>\n<p><a href=\"https:\/\/telemme.mmsh.fr\/?evenement=lhistoire-des-politiques-environnementales-europeennes\"><strong>Programme complet en ligne<\/strong><\/a><\/p>\n","protected":false},"excerpt":{"rendered":"<p>Intervention de Jan-Henrik MEYER, Max-Planck-Gesellschaft Frankfurt, discut\u00e9e par Mauve Carbonell : This contribution draws on my research on the origins and development of the early history of European Law and&hellip;&nbsp;<a href=\"https:\/\/telemme.mmsh.fr\/?tribe_events=lhistoire-des-politiques-environnementales-europeennes\" rel=\"bookmark\">Lire la suite &raquo;<span class=\"screen-reader-text\">L&rsquo;histoire des politiques environnementales europ\u00e9ennes<\/span><\/a><\/p>\n","protected":false},"author":6,"featured_media":16114,"template":"","meta":{"neve_meta_sidebar":"","neve_meta_container":"","neve_meta_enable_content_width":"","neve_meta_content_width":0,"neve_meta_title_alignment":"","neve_meta_author_avatar":"","neve_post_elements_order":"","neve_meta_disable_header":"","neve_meta_disable_footer":"","neve_meta_disable_title":"","_tribe_events_status":"","_tribe_events_status_reason":"","footnotes":""},"tags":[2849],"tribe_events_cat":[1831],"class_list":["post-15680","tribe_events","type-tribe_events","status-publish","has-post-thumbnail","hentry","tag-3-1-geo-histoire-de-lenvironnement-en-mediterranee","tribe_events_cat-seminaire","cat_seminaire"],"yoast_head":"<!-- This site is optimized with the Yoast SEO plugin v27.4 - https:\/\/yoast.com\/product\/yoast-seo-wordpress\/ -->\n<title>L&#039;histoire des politiques environnementales europ\u00e9ennes - TELEMMe - Temps, espaces, langages, Europe m\u00e9ridionale, M\u00e9diterran\u00e9e<\/title>\n<meta name=\"robots\" content=\"index, follow, max-snippet:-1, max-image-preview:large, max-video-preview:-1\" \/>\n<link rel=\"canonical\" href=\"https:\/\/telemme.mmsh.fr\/?tribe_events=lhistoire-des-politiques-environnementales-europeennes\" \/>\n<meta property=\"og:locale\" content=\"fr_FR\" \/>\n<meta property=\"og:type\" content=\"article\" \/>\n<meta property=\"og:title\" content=\"L&#039;histoire des politiques environnementales europ\u00e9ennes - TELEMMe - Temps, espaces, langages, Europe m\u00e9ridionale, M\u00e9diterran\u00e9e\" \/>\n<meta property=\"og:description\" content=\"Intervention de Jan-Henrik MEYER, Max-Planck-Gesellschaft Frankfurt, discut\u00e9e par Mauve Carbonell : This contribution draws on my research on the origins and development of the early history of European Law and&hellip;&nbsp;Lire la suite &raquo;L&rsquo;histoire des politiques environnementales europ\u00e9ennes\" \/>\n<meta property=\"og:url\" content=\"https:\/\/telemme.mmsh.fr\/?tribe_events=lhistoire-des-politiques-environnementales-europeennes\" \/>\n<meta property=\"og:site_name\" content=\"TELEMMe - Temps, espaces, langages, Europe m\u00e9ridionale, M\u00e9diterran\u00e9e\" \/>\n<meta property=\"article:modified_time\" content=\"2025-11-17T09:01:12+00:00\" \/>\n<meta property=\"og:image\" content=\"https:\/\/telemme.mmsh.fr\/wp-content\/uploads\/2025\/11\/meyer.png\" \/>\n\t<meta property=\"og:image:width\" content=\"245\" \/>\n\t<meta property=\"og:image:height\" content=\"183\" \/>\n\t<meta property=\"og:image:type\" content=\"image\/png\" \/>\n<meta name=\"twitter:card\" content=\"summary_large_image\" \/>\n<meta name=\"twitter:label1\" content=\"Dur\u00e9e de lecture estim\u00e9e\" \/>\n\t<meta name=\"twitter:data1\" content=\"1 minute\" \/>\n<script type=\"application\/ld+json\" class=\"yoast-schema-graph\">{\"@context\":\"https:\\\/\\\/schema.org\",\"@graph\":[{\"@type\":\"WebPage\",\"@id\":\"https:\\\/\\\/telemme.mmsh.fr\\\/?tribe_events=lhistoire-des-politiques-environnementales-europeennes\",\"url\":\"https:\\\/\\\/telemme.mmsh.fr\\\/?tribe_events=lhistoire-des-politiques-environnementales-europeennes\",\"name\":\"L'histoire des politiques environnementales europ\u00e9ennes - TELEMMe - Temps, espaces, langages, Europe m\u00e9ridionale, M\u00e9diterran\u00e9e\",\"isPartOf\":{\"@id\":\"https:\\\/\\\/telemme.mmsh.fr\\\/#website\"},\"primaryImageOfPage\":{\"@id\":\"https:\\\/\\\/telemme.mmsh.fr\\\/?tribe_events=lhistoire-des-politiques-environnementales-europeennes#primaryimage\"},\"image\":{\"@id\":\"https:\\\/\\\/telemme.mmsh.fr\\\/?tribe_events=lhistoire-des-politiques-environnementales-europeennes#primaryimage\"},\"thumbnailUrl\":\"https:\\\/\\\/telemme.mmsh.fr\\\/wp-content\\\/uploads\\\/2025\\\/11\\\/meyer.png\",\"datePublished\":\"2025-07-03T07:34:25+00:00\",\"dateModified\":\"2025-11-17T09:01:12+00:00\",\"breadcrumb\":{\"@id\":\"https:\\\/\\\/telemme.mmsh.fr\\\/?tribe_events=lhistoire-des-politiques-environnementales-europeennes#breadcrumb\"},\"inLanguage\":\"fr-FR\",\"potentialAction\":[{\"@type\":\"ReadAction\",\"target\":[\"https:\\\/\\\/telemme.mmsh.fr\\\/?tribe_events=lhistoire-des-politiques-environnementales-europeennes\"]}]},{\"@type\":\"ImageObject\",\"inLanguage\":\"fr-FR\",\"@id\":\"https:\\\/\\\/telemme.mmsh.fr\\\/?tribe_events=lhistoire-des-politiques-environnementales-europeennes#primaryimage\",\"url\":\"https:\\\/\\\/telemme.mmsh.fr\\\/wp-content\\\/uploads\\\/2025\\\/11\\\/meyer.png\",\"contentUrl\":\"https:\\\/\\\/telemme.mmsh.fr\\\/wp-content\\\/uploads\\\/2025\\\/11\\\/meyer.png\",\"width\":245,\"height\":183,\"caption\":\"Cr\u00e9dit \u2013 Jan-Henrik Meyer\"},{\"@type\":\"BreadcrumbList\",\"@id\":\"https:\\\/\\\/telemme.mmsh.fr\\\/?tribe_events=lhistoire-des-politiques-environnementales-europeennes#breadcrumb\",\"itemListElement\":[{\"@type\":\"ListItem\",\"position\":1,\"name\":\"Accueil\",\"item\":\"https:\\\/\\\/telemme.mmsh.fr\\\/\"},{\"@type\":\"ListItem\",\"position\":2,\"name\":\"\u00c9v\u00e8nements\",\"item\":\"https:\\\/\\\/telemme.mmsh.fr\\\/?post_type=tribe_events\"},{\"@type\":\"ListItem\",\"position\":3,\"name\":\"S\u00e9minaire\",\"item\":\"https:\\\/\\\/telemme.mmsh.fr\\\/?tribe_events_cat=seminaire\"},{\"@type\":\"ListItem\",\"position\":4,\"name\":\"L&rsquo;histoire des politiques environnementales europ\u00e9ennes\"}]},{\"@type\":\"WebSite\",\"@id\":\"https:\\\/\\\/telemme.mmsh.fr\\\/#website\",\"url\":\"https:\\\/\\\/telemme.mmsh.fr\\\/\",\"name\":\"TELEMMe - Temps, espaces, langages, Europe m\u00e9ridionale, M\u00e9diterran\u00e9e\",\"description\":\"\",\"publisher\":{\"@id\":\"https:\\\/\\\/telemme.mmsh.fr\\\/#organization\"},\"potentialAction\":[{\"@type\":\"SearchAction\",\"target\":{\"@type\":\"EntryPoint\",\"urlTemplate\":\"https:\\\/\\\/telemme.mmsh.fr\\\/?s={search_term_string}\"},\"query-input\":{\"@type\":\"PropertyValueSpecification\",\"valueRequired\":true,\"valueName\":\"search_term_string\"}}],\"inLanguage\":\"fr-FR\"},{\"@type\":\"Organization\",\"@id\":\"https:\\\/\\\/telemme.mmsh.fr\\\/#organization\",\"name\":\"TELEMMe\",\"url\":\"https:\\\/\\\/telemme.mmsh.fr\\\/\",\"logo\":{\"@type\":\"ImageObject\",\"inLanguage\":\"fr-FR\",\"@id\":\"https:\\\/\\\/telemme.mmsh.fr\\\/#\\\/schema\\\/logo\\\/image\\\/\",\"url\":\"https:\\\/\\\/telemme.mmsh.fr\\\/wp-content\\\/uploads\\\/2020\\\/03\\\/LogoTELEMMe-horizontal-fond-transparent.png\",\"contentUrl\":\"https:\\\/\\\/telemme.mmsh.fr\\\/wp-content\\\/uploads\\\/2020\\\/03\\\/LogoTELEMMe-horizontal-fond-transparent.png\",\"width\":1500,\"height\":437,\"caption\":\"TELEMMe\"},\"image\":{\"@id\":\"https:\\\/\\\/telemme.mmsh.fr\\\/#\\\/schema\\\/logo\\\/image\\\/\"}}]}<\/script>\n<!-- \/ Yoast SEO plugin. -->","yoast_head_json":{"title":"L'histoire des politiques environnementales europ\u00e9ennes - TELEMMe - Temps, espaces, langages, Europe m\u00e9ridionale, M\u00e9diterran\u00e9e","robots":{"index":"index","follow":"follow","max-snippet":"max-snippet:-1","max-image-preview":"max-image-preview:large","max-video-preview":"max-video-preview:-1"},"canonical":"https:\/\/telemme.mmsh.fr\/?tribe_events=lhistoire-des-politiques-environnementales-europeennes","og_locale":"fr_FR","og_type":"article","og_title":"L'histoire des politiques environnementales europ\u00e9ennes - TELEMMe - Temps, espaces, langages, Europe m\u00e9ridionale, M\u00e9diterran\u00e9e","og_description":"Intervention de Jan-Henrik MEYER, Max-Planck-Gesellschaft Frankfurt, discut\u00e9e par Mauve Carbonell : This contribution draws on my research on the origins and development of the early history of European Law and&hellip;&nbsp;Lire la suite &raquo;L&rsquo;histoire des politiques environnementales europ\u00e9ennes","og_url":"https:\/\/telemme.mmsh.fr\/?tribe_events=lhistoire-des-politiques-environnementales-europeennes","og_site_name":"TELEMMe - Temps, espaces, langages, Europe m\u00e9ridionale, M\u00e9diterran\u00e9e","article_modified_time":"2025-11-17T09:01:12+00:00","og_image":[{"width":245,"height":183,"url":"https:\/\/telemme.mmsh.fr\/wp-content\/uploads\/2025\/11\/meyer.png","type":"image\/png"}],"twitter_card":"summary_large_image","twitter_misc":{"Dur\u00e9e de lecture estim\u00e9e":"1 minute"},"schema":{"@context":"https:\/\/schema.org","@graph":[{"@type":"WebPage","@id":"https:\/\/telemme.mmsh.fr\/?tribe_events=lhistoire-des-politiques-environnementales-europeennes","url":"https:\/\/telemme.mmsh.fr\/?tribe_events=lhistoire-des-politiques-environnementales-europeennes","name":"L'histoire des politiques environnementales europ\u00e9ennes - TELEMMe - Temps, espaces, langages, Europe m\u00e9ridionale, M\u00e9diterran\u00e9e","isPartOf":{"@id":"https:\/\/telemme.mmsh.fr\/#website"},"primaryImageOfPage":{"@id":"https:\/\/telemme.mmsh.fr\/?tribe_events=lhistoire-des-politiques-environnementales-europeennes#primaryimage"},"image":{"@id":"https:\/\/telemme.mmsh.fr\/?tribe_events=lhistoire-des-politiques-environnementales-europeennes#primaryimage"},"thumbnailUrl":"https:\/\/telemme.mmsh.fr\/wp-content\/uploads\/2025\/11\/meyer.png","datePublished":"2025-07-03T07:34:25+00:00","dateModified":"2025-11-17T09:01:12+00:00","breadcrumb":{"@id":"https:\/\/telemme.mmsh.fr\/?tribe_events=lhistoire-des-politiques-environnementales-europeennes#breadcrumb"},"inLanguage":"fr-FR","potentialAction":[{"@type":"ReadAction","target":["https:\/\/telemme.mmsh.fr\/?tribe_events=lhistoire-des-politiques-environnementales-europeennes"]}]},{"@type":"ImageObject","inLanguage":"fr-FR","@id":"https:\/\/telemme.mmsh.fr\/?tribe_events=lhistoire-des-politiques-environnementales-europeennes#primaryimage","url":"https:\/\/telemme.mmsh.fr\/wp-content\/uploads\/2025\/11\/meyer.png","contentUrl":"https:\/\/telemme.mmsh.fr\/wp-content\/uploads\/2025\/11\/meyer.png","width":245,"height":183,"caption":"Cr\u00e9dit \u2013 Jan-Henrik Meyer"},{"@type":"BreadcrumbList","@id":"https:\/\/telemme.mmsh.fr\/?tribe_events=lhistoire-des-politiques-environnementales-europeennes#breadcrumb","itemListElement":[{"@type":"ListItem","position":1,"name":"Accueil","item":"https:\/\/telemme.mmsh.fr\/"},{"@type":"ListItem","position":2,"name":"\u00c9v\u00e8nements","item":"https:\/\/telemme.mmsh.fr\/?post_type=tribe_events"},{"@type":"ListItem","position":3,"name":"S\u00e9minaire","item":"https:\/\/telemme.mmsh.fr\/?tribe_events_cat=seminaire"},{"@type":"ListItem","position":4,"name":"L&rsquo;histoire des politiques environnementales europ\u00e9ennes"}]},{"@type":"WebSite","@id":"https:\/\/telemme.mmsh.fr\/#website","url":"https:\/\/telemme.mmsh.fr\/","name":"TELEMMe - Temps, espaces, langages, Europe m\u00e9ridionale, M\u00e9diterran\u00e9e","description":"","publisher":{"@id":"https:\/\/telemme.mmsh.fr\/#organization"},"potentialAction":[{"@type":"SearchAction","target":{"@type":"EntryPoint","urlTemplate":"https:\/\/telemme.mmsh.fr\/?s={search_term_string}"},"query-input":{"@type":"PropertyValueSpecification","valueRequired":true,"valueName":"search_term_string"}}],"inLanguage":"fr-FR"},{"@type":"Organization","@id":"https:\/\/telemme.mmsh.fr\/#organization","name":"TELEMMe","url":"https:\/\/telemme.mmsh.fr\/","logo":{"@type":"ImageObject","inLanguage":"fr-FR","@id":"https:\/\/telemme.mmsh.fr\/#\/schema\/logo\/image\/","url":"https:\/\/telemme.mmsh.fr\/wp-content\/uploads\/2020\/03\/LogoTELEMMe-horizontal-fond-transparent.png","contentUrl":"https:\/\/telemme.mmsh.fr\/wp-content\/uploads\/2020\/03\/LogoTELEMMe-horizontal-fond-transparent.png","width":1500,"height":437,"caption":"TELEMMe"},"image":{"@id":"https:\/\/telemme.mmsh.fr\/#\/schema\/logo\/image\/"}}]}},"_links":{"self":[{"href":"https:\/\/telemme.mmsh.fr\/index.php?rest_route=\/wp\/v2\/tribe_events\/15680","targetHints":{"allow":["GET"]}}],"collection":[{"href":"https:\/\/telemme.mmsh.fr\/index.php?rest_route=\/wp\/v2\/tribe_events"}],"about":[{"href":"https:\/\/telemme.mmsh.fr\/index.php?rest_route=\/wp\/v2\/types\/tribe_events"}],"author":[{"embeddable":true,"href":"https:\/\/telemme.mmsh.fr\/index.php?rest_route=\/wp\/v2\/users\/6"}],"version-history":[{"count":4,"href":"https:\/\/telemme.mmsh.fr\/index.php?rest_route=\/wp\/v2\/tribe_events\/15680\/revisions"}],"predecessor-version":[{"id":16116,"href":"https:\/\/telemme.mmsh.fr\/index.php?rest_route=\/wp\/v2\/tribe_events\/15680\/revisions\/16116"}],"wp:featuredmedia":[{"embeddable":true,"href":"https:\/\/telemme.mmsh.fr\/index.php?rest_route=\/wp\/v2\/media\/16114"}],"wp:attachment":[{"href":"https:\/\/telemme.mmsh.fr\/index.php?rest_route=%2Fwp%2Fv2%2Fmedia&parent=15680"}],"wp:term":[{"taxonomy":"post_tag","embeddable":true,"href":"https:\/\/telemme.mmsh.fr\/index.php?rest_route=%2Fwp%2Fv2%2Ftags&post=15680"},{"taxonomy":"tribe_events_cat","embeddable":true,"href":"https:\/\/telemme.mmsh.fr\/index.php?rest_route=%2Fwp%2Fv2%2Ftribe_events_cat&post=15680"}],"curies":[{"name":"wp","href":"https:\/\/api.w.org\/{rel}","templated":true}]}}