{"id":15671,"date":"2025-07-03T09:24:11","date_gmt":"2025-07-03T07:24:11","guid":{"rendered":"https:\/\/telemme.mmsh.fr\/?post_type=tribe_events&#038;p=15671"},"modified":"2025-11-05T09:30:19","modified_gmt":"2025-11-05T08:30:19","slug":"50e-anniversaire-de-la-mort-de-franco","status":"publish","type":"tribe_events","link":"https:\/\/telemme.mmsh.fr\/?tribe_events=50e-anniversaire-de-la-mort-de-franco","title":{"rendered":"Usages m\u00e9moriels de la mort de Franco et r\u00e9cits de la Transition : regards crois\u00e9s entre litt\u00e9rature et histoire (1975-2025)"},"content":{"rendered":"<p>Cette journ\u00e9e d\u2019\u00e9tude interroge la m\u00e9moire du franquisme et de la Transition \u00e0 travers <i><b>La ca\u00edda de Madrid<\/b><\/i><b> de Rafael Chirbes<\/b> (2000) et les d\u00e9bats suscit\u00e9s par <b>la comm\u00e9moration du cinquantenaire de la mort de Franco en 2025.<\/b> Elle r\u00e9unit <b>trois sp\u00e9cialistes de litt\u00e9rature et deux historiens<\/b> pour r\u00e9fl\u00e9chir aux usages politiques du pass\u00e9, entre contre-m\u00e9moire litt\u00e9raire au tournant des ann\u00e9es 2000 et pol\u00e9miques actuelles. Parmi celles-ci, le manifeste <b>\u00ab Contra Franco \u00bb<\/b>, sign\u00e9 par plusieurs romanciers et intellectuels espagnols dont l\u2019historien Jordi Canal, qui d\u00e9noncent la comm\u00e9moration officielle comme une \u201cpropagande <i>guerracivilista\u201d<\/i> et affirment que \u00ab la seule comm\u00e9moration possible est celle de la Constitution de 1978 \u00bb.<\/p>\n<p><a href=\"https:\/\/telemme.mmsh.fr\/?evenement=usages-memoriels-de-la-mort-de-franco-et-recits-de-la-transition\"><strong>Programme en ligne<\/strong><\/a><\/p>\n","protected":false},"excerpt":{"rendered":"<p>Cette journ\u00e9e d\u2019\u00e9tude interroge la m\u00e9moire du franquisme et de la Transition \u00e0 travers La ca\u00edda de Madrid de Rafael Chirbes (2000) et les d\u00e9bats suscit\u00e9s par la comm\u00e9moration du&hellip;&nbsp;<a href=\"https:\/\/telemme.mmsh.fr\/?tribe_events=50e-anniversaire-de-la-mort-de-franco\" rel=\"bookmark\">Lire la suite &raquo;<span class=\"screen-reader-text\">Usages m\u00e9moriels de la mort de Franco et r\u00e9cits de la Transition : regards crois\u00e9s entre litt\u00e9rature et histoire (1975-2025)<\/span><\/a><\/p>\n","protected":false},"author":6,"featured_media":16053,"template":"","meta":{"neve_meta_sidebar":"","neve_meta_container":"","neve_meta_enable_content_width":"","neve_meta_content_width":0,"neve_meta_title_alignment":"","neve_meta_author_avatar":"","neve_post_elements_order":"","neve_meta_disable_header":"","neve_meta_disable_footer":"","neve_meta_disable_title":"","_tribe_events_status":"","_tribe_events_status_reason":"","footnotes":""},"tags":[3012,2093],"tribe_events_cat":[1823],"class_list":["post-15671","tribe_events","type-tribe_events","status-publish","has-post-thumbnail","hentry","tag-dehlam","tag-histoire-contemporaine-de-lespagne","tribe_events_cat-journee-detudes","cat_journee-detudes"],"yoast_head":"<!-- This site is optimized with the Yoast SEO plugin v27.4 - https:\/\/yoast.com\/product\/yoast-seo-wordpress\/ -->\n<title>Usages m\u00e9moriels de la mort de Franco et r\u00e9cits de la Transition : regards crois\u00e9s entre litt\u00e9rature et histoire (1975-2025) - TELEMMe - Temps, espaces, langages, Europe m\u00e9ridionale, M\u00e9diterran\u00e9e<\/title>\n<meta name=\"robots\" content=\"index, follow, max-snippet:-1, max-image-preview:large, max-video-preview:-1\" \/>\n<link rel=\"canonical\" href=\"https:\/\/telemme.mmsh.fr\/?tribe_events=50e-anniversaire-de-la-mort-de-franco\" \/>\n<meta property=\"og:locale\" content=\"fr_FR\" \/>\n<meta property=\"og:type\" content=\"article\" \/>\n<meta property=\"og:title\" content=\"Usages m\u00e9moriels de la mort de Franco et r\u00e9cits de la Transition : regards crois\u00e9s entre litt\u00e9rature et histoire (1975-2025) - TELEMMe - Temps, espaces, langages, Europe m\u00e9ridionale, M\u00e9diterran\u00e9e\" \/>\n<meta property=\"og:description\" content=\"Cette journ\u00e9e d\u2019\u00e9tude interroge la m\u00e9moire du franquisme et de la Transition \u00e0 travers La ca\u00edda de Madrid de Rafael Chirbes (2000) et les d\u00e9bats suscit\u00e9s par la comm\u00e9moration du&hellip;&nbsp;Lire la suite &raquo;Usages m\u00e9moriels de la mort de Franco et r\u00e9cits de la Transition : regards crois\u00e9s entre litt\u00e9rature et histoire (1975-2025)\" \/>\n<meta property=\"og:url\" content=\"https:\/\/telemme.mmsh.fr\/?tribe_events=50e-anniversaire-de-la-mort-de-franco\" \/>\n<meta property=\"og:site_name\" content=\"TELEMMe - Temps, espaces, langages, Europe m\u00e9ridionale, M\u00e9diterran\u00e9e\" \/>\n<meta property=\"article:modified_time\" content=\"2025-11-05T08:30:19+00:00\" \/>\n<meta property=\"og:image\" content=\"https:\/\/telemme.mmsh.fr\/wp-content\/uploads\/2025\/10\/FrancoHaMuerto.png\" \/>\n\t<meta property=\"og:image:width\" content=\"500\" \/>\n\t<meta property=\"og:image:height\" content=\"431\" \/>\n\t<meta property=\"og:image:type\" content=\"image\/png\" \/>\n<meta name=\"twitter:card\" content=\"summary_large_image\" \/>\n<meta name=\"twitter:label1\" content=\"Dur\u00e9e de lecture estim\u00e9e\" \/>\n\t<meta name=\"twitter:data1\" content=\"1 minute\" \/>\n<script type=\"application\/ld+json\" class=\"yoast-schema-graph\">{\"@context\":\"https:\\\/\\\/schema.org\",\"@graph\":[{\"@type\":\"WebPage\",\"@id\":\"https:\\\/\\\/telemme.mmsh.fr\\\/?tribe_events=50e-anniversaire-de-la-mort-de-franco\",\"url\":\"https:\\\/\\\/telemme.mmsh.fr\\\/?tribe_events=50e-anniversaire-de-la-mort-de-franco\",\"name\":\"Usages m\u00e9moriels de la mort de Franco et r\u00e9cits de la Transition : regards crois\u00e9s entre litt\u00e9rature et histoire (1975-2025) - TELEMMe - Temps, espaces, langages, Europe m\u00e9ridionale, M\u00e9diterran\u00e9e\",\"isPartOf\":{\"@id\":\"https:\\\/\\\/telemme.mmsh.fr\\\/#website\"},\"primaryImageOfPage\":{\"@id\":\"https:\\\/\\\/telemme.mmsh.fr\\\/?tribe_events=50e-anniversaire-de-la-mort-de-franco#primaryimage\"},\"image\":{\"@id\":\"https:\\\/\\\/telemme.mmsh.fr\\\/?tribe_events=50e-anniversaire-de-la-mort-de-franco#primaryimage\"},\"thumbnailUrl\":\"https:\\\/\\\/telemme.mmsh.fr\\\/wp-content\\\/uploads\\\/2025\\\/10\\\/FrancoHaMuerto.png\",\"datePublished\":\"2025-07-03T07:24:11+00:00\",\"dateModified\":\"2025-11-05T08:30:19+00:00\",\"breadcrumb\":{\"@id\":\"https:\\\/\\\/telemme.mmsh.fr\\\/?tribe_events=50e-anniversaire-de-la-mort-de-franco#breadcrumb\"},\"inLanguage\":\"fr-FR\",\"potentialAction\":[{\"@type\":\"ReadAction\",\"target\":[\"https:\\\/\\\/telemme.mmsh.fr\\\/?tribe_events=50e-anniversaire-de-la-mort-de-franco\"]}]},{\"@type\":\"ImageObject\",\"inLanguage\":\"fr-FR\",\"@id\":\"https:\\\/\\\/telemme.mmsh.fr\\\/?tribe_events=50e-anniversaire-de-la-mort-de-franco#primaryimage\",\"url\":\"https:\\\/\\\/telemme.mmsh.fr\\\/wp-content\\\/uploads\\\/2025\\\/10\\\/FrancoHaMuerto.png\",\"contentUrl\":\"https:\\\/\\\/telemme.mmsh.fr\\\/wp-content\\\/uploads\\\/2025\\\/10\\\/FrancoHaMuerto.png\",\"width\":500,\"height\":431,\"caption\":\"Franco ha muerto : couvertures de presse\"},{\"@type\":\"BreadcrumbList\",\"@id\":\"https:\\\/\\\/telemme.mmsh.fr\\\/?tribe_events=50e-anniversaire-de-la-mort-de-franco#breadcrumb\",\"itemListElement\":[{\"@type\":\"ListItem\",\"position\":1,\"name\":\"Accueil\",\"item\":\"https:\\\/\\\/telemme.mmsh.fr\\\/\"},{\"@type\":\"ListItem\",\"position\":2,\"name\":\"\u00c9v\u00e8nements\",\"item\":\"https:\\\/\\\/telemme.mmsh.fr\\\/?post_type=tribe_events\"},{\"@type\":\"ListItem\",\"position\":3,\"name\":\"Journ\u00e9e d'\u00e9tudes\",\"item\":\"https:\\\/\\\/telemme.mmsh.fr\\\/?tribe_events_cat=journee-detudes\"},{\"@type\":\"ListItem\",\"position\":4,\"name\":\"Usages m\u00e9moriels de la mort de Franco et r\u00e9cits de la Transition : regards crois\u00e9s entre litt\u00e9rature et histoire (1975-2025)\"}]},{\"@type\":\"WebSite\",\"@id\":\"https:\\\/\\\/telemme.mmsh.fr\\\/#website\",\"url\":\"https:\\\/\\\/telemme.mmsh.fr\\\/\",\"name\":\"TELEMMe - Temps, espaces, langages, Europe m\u00e9ridionale, M\u00e9diterran\u00e9e\",\"description\":\"\",\"publisher\":{\"@id\":\"https:\\\/\\\/telemme.mmsh.fr\\\/#organization\"},\"potentialAction\":[{\"@type\":\"SearchAction\",\"target\":{\"@type\":\"EntryPoint\",\"urlTemplate\":\"https:\\\/\\\/telemme.mmsh.fr\\\/?s={search_term_string}\"},\"query-input\":{\"@type\":\"PropertyValueSpecification\",\"valueRequired\":true,\"valueName\":\"search_term_string\"}}],\"inLanguage\":\"fr-FR\"},{\"@type\":\"Organization\",\"@id\":\"https:\\\/\\\/telemme.mmsh.fr\\\/#organization\",\"name\":\"TELEMMe\",\"url\":\"https:\\\/\\\/telemme.mmsh.fr\\\/\",\"logo\":{\"@type\":\"ImageObject\",\"inLanguage\":\"fr-FR\",\"@id\":\"https:\\\/\\\/telemme.mmsh.fr\\\/#\\\/schema\\\/logo\\\/image\\\/\",\"url\":\"https:\\\/\\\/telemme.mmsh.fr\\\/wp-content\\\/uploads\\\/2020\\\/03\\\/LogoTELEMMe-horizontal-fond-transparent.png\",\"contentUrl\":\"https:\\\/\\\/telemme.mmsh.fr\\\/wp-content\\\/uploads\\\/2020\\\/03\\\/LogoTELEMMe-horizontal-fond-transparent.png\",\"width\":1500,\"height\":437,\"caption\":\"TELEMMe\"},\"image\":{\"@id\":\"https:\\\/\\\/telemme.mmsh.fr\\\/#\\\/schema\\\/logo\\\/image\\\/\"}}]}<\/script>\n<!-- \/ Yoast SEO plugin. -->","yoast_head_json":{"title":"Usages m\u00e9moriels de la mort de Franco et r\u00e9cits de la Transition : regards crois\u00e9s entre litt\u00e9rature et histoire (1975-2025) - TELEMMe - Temps, espaces, langages, Europe m\u00e9ridionale, M\u00e9diterran\u00e9e","robots":{"index":"index","follow":"follow","max-snippet":"max-snippet:-1","max-image-preview":"max-image-preview:large","max-video-preview":"max-video-preview:-1"},"canonical":"https:\/\/telemme.mmsh.fr\/?tribe_events=50e-anniversaire-de-la-mort-de-franco","og_locale":"fr_FR","og_type":"article","og_title":"Usages m\u00e9moriels de la mort de Franco et r\u00e9cits de la Transition : regards crois\u00e9s entre litt\u00e9rature et histoire (1975-2025) - TELEMMe - Temps, espaces, langages, Europe m\u00e9ridionale, M\u00e9diterran\u00e9e","og_description":"Cette journ\u00e9e d\u2019\u00e9tude interroge la m\u00e9moire du franquisme et de la Transition \u00e0 travers La ca\u00edda de Madrid de Rafael Chirbes (2000) et les d\u00e9bats suscit\u00e9s par la comm\u00e9moration du&hellip;&nbsp;Lire la suite &raquo;Usages m\u00e9moriels de la mort de Franco et r\u00e9cits de la Transition : regards crois\u00e9s entre litt\u00e9rature et histoire (1975-2025)","og_url":"https:\/\/telemme.mmsh.fr\/?tribe_events=50e-anniversaire-de-la-mort-de-franco","og_site_name":"TELEMMe - Temps, espaces, langages, Europe m\u00e9ridionale, M\u00e9diterran\u00e9e","article_modified_time":"2025-11-05T08:30:19+00:00","og_image":[{"width":500,"height":431,"url":"https:\/\/telemme.mmsh.fr\/wp-content\/uploads\/2025\/10\/FrancoHaMuerto.png","type":"image\/png"}],"twitter_card":"summary_large_image","twitter_misc":{"Dur\u00e9e de lecture estim\u00e9e":"1 minute"},"schema":{"@context":"https:\/\/schema.org","@graph":[{"@type":"WebPage","@id":"https:\/\/telemme.mmsh.fr\/?tribe_events=50e-anniversaire-de-la-mort-de-franco","url":"https:\/\/telemme.mmsh.fr\/?tribe_events=50e-anniversaire-de-la-mort-de-franco","name":"Usages m\u00e9moriels de la mort de Franco et r\u00e9cits de la Transition : regards crois\u00e9s entre litt\u00e9rature et histoire (1975-2025) - TELEMMe - Temps, espaces, langages, Europe m\u00e9ridionale, M\u00e9diterran\u00e9e","isPartOf":{"@id":"https:\/\/telemme.mmsh.fr\/#website"},"primaryImageOfPage":{"@id":"https:\/\/telemme.mmsh.fr\/?tribe_events=50e-anniversaire-de-la-mort-de-franco#primaryimage"},"image":{"@id":"https:\/\/telemme.mmsh.fr\/?tribe_events=50e-anniversaire-de-la-mort-de-franco#primaryimage"},"thumbnailUrl":"https:\/\/telemme.mmsh.fr\/wp-content\/uploads\/2025\/10\/FrancoHaMuerto.png","datePublished":"2025-07-03T07:24:11+00:00","dateModified":"2025-11-05T08:30:19+00:00","breadcrumb":{"@id":"https:\/\/telemme.mmsh.fr\/?tribe_events=50e-anniversaire-de-la-mort-de-franco#breadcrumb"},"inLanguage":"fr-FR","potentialAction":[{"@type":"ReadAction","target":["https:\/\/telemme.mmsh.fr\/?tribe_events=50e-anniversaire-de-la-mort-de-franco"]}]},{"@type":"ImageObject","inLanguage":"fr-FR","@id":"https:\/\/telemme.mmsh.fr\/?tribe_events=50e-anniversaire-de-la-mort-de-franco#primaryimage","url":"https:\/\/telemme.mmsh.fr\/wp-content\/uploads\/2025\/10\/FrancoHaMuerto.png","contentUrl":"https:\/\/telemme.mmsh.fr\/wp-content\/uploads\/2025\/10\/FrancoHaMuerto.png","width":500,"height":431,"caption":"Franco ha muerto : couvertures de presse"},{"@type":"BreadcrumbList","@id":"https:\/\/telemme.mmsh.fr\/?tribe_events=50e-anniversaire-de-la-mort-de-franco#breadcrumb","itemListElement":[{"@type":"ListItem","position":1,"name":"Accueil","item":"https:\/\/telemme.mmsh.fr\/"},{"@type":"ListItem","position":2,"name":"\u00c9v\u00e8nements","item":"https:\/\/telemme.mmsh.fr\/?post_type=tribe_events"},{"@type":"ListItem","position":3,"name":"Journ\u00e9e d'\u00e9tudes","item":"https:\/\/telemme.mmsh.fr\/?tribe_events_cat=journee-detudes"},{"@type":"ListItem","position":4,"name":"Usages m\u00e9moriels de la mort de Franco et r\u00e9cits de la Transition : regards crois\u00e9s entre litt\u00e9rature et histoire (1975-2025)"}]},{"@type":"WebSite","@id":"https:\/\/telemme.mmsh.fr\/#website","url":"https:\/\/telemme.mmsh.fr\/","name":"TELEMMe - Temps, espaces, langages, Europe m\u00e9ridionale, M\u00e9diterran\u00e9e","description":"","publisher":{"@id":"https:\/\/telemme.mmsh.fr\/#organization"},"potentialAction":[{"@type":"SearchAction","target":{"@type":"EntryPoint","urlTemplate":"https:\/\/telemme.mmsh.fr\/?s={search_term_string}"},"query-input":{"@type":"PropertyValueSpecification","valueRequired":true,"valueName":"search_term_string"}}],"inLanguage":"fr-FR"},{"@type":"Organization","@id":"https:\/\/telemme.mmsh.fr\/#organization","name":"TELEMMe","url":"https:\/\/telemme.mmsh.fr\/","logo":{"@type":"ImageObject","inLanguage":"fr-FR","@id":"https:\/\/telemme.mmsh.fr\/#\/schema\/logo\/image\/","url":"https:\/\/telemme.mmsh.fr\/wp-content\/uploads\/2020\/03\/LogoTELEMMe-horizontal-fond-transparent.png","contentUrl":"https:\/\/telemme.mmsh.fr\/wp-content\/uploads\/2020\/03\/LogoTELEMMe-horizontal-fond-transparent.png","width":1500,"height":437,"caption":"TELEMMe"},"image":{"@id":"https:\/\/telemme.mmsh.fr\/#\/schema\/logo\/image\/"}}]}},"_links":{"self":[{"href":"https:\/\/telemme.mmsh.fr\/index.php?rest_route=\/wp\/v2\/tribe_events\/15671","targetHints":{"allow":["GET"]}}],"collection":[{"href":"https:\/\/telemme.mmsh.fr\/index.php?rest_route=\/wp\/v2\/tribe_events"}],"about":[{"href":"https:\/\/telemme.mmsh.fr\/index.php?rest_route=\/wp\/v2\/types\/tribe_events"}],"author":[{"embeddable":true,"href":"https:\/\/telemme.mmsh.fr\/index.php?rest_route=\/wp\/v2\/users\/6"}],"version-history":[{"count":3,"href":"https:\/\/telemme.mmsh.fr\/index.php?rest_route=\/wp\/v2\/tribe_events\/15671\/revisions"}],"predecessor-version":[{"id":16056,"href":"https:\/\/telemme.mmsh.fr\/index.php?rest_route=\/wp\/v2\/tribe_events\/15671\/revisions\/16056"}],"wp:featuredmedia":[{"embeddable":true,"href":"https:\/\/telemme.mmsh.fr\/index.php?rest_route=\/wp\/v2\/media\/16053"}],"wp:attachment":[{"href":"https:\/\/telemme.mmsh.fr\/index.php?rest_route=%2Fwp%2Fv2%2Fmedia&parent=15671"}],"wp:term":[{"taxonomy":"post_tag","embeddable":true,"href":"https:\/\/telemme.mmsh.fr\/index.php?rest_route=%2Fwp%2Fv2%2Ftags&post=15671"},{"taxonomy":"tribe_events_cat","embeddable":true,"href":"https:\/\/telemme.mmsh.fr\/index.php?rest_route=%2Fwp%2Fv2%2Ftribe_events_cat&post=15671"}],"curies":[{"name":"wp","href":"https:\/\/api.w.org\/{rel}","templated":true}]}}