{"id":15665,"date":"2025-07-02T13:51:38","date_gmt":"2025-07-02T11:51:38","guid":{"rendered":"https:\/\/telemme.mmsh.fr\/?post_type=tribe_events&#038;p=15665"},"modified":"2025-10-08T16:25:30","modified_gmt":"2025-10-08T14:25:30","slug":"donnees-de-sante","status":"publish","type":"tribe_events","link":"https:\/\/telemme.mmsh.fr\/?tribe_events=donnees-de-sante","title":{"rendered":"Traiter les donn\u00e9es de sant\u00e9. Enjeux juridiques et de recherche"},"content":{"rendered":"<p>Le s\u00e9minaire de l\u2019atelier science ouverte \u00e0 TELEMMe est un espace de dialogue et d\u2019\u00e9change entre chercheur\u00b7es de TELEMMe et coll\u00e8gues sp\u00e9cialistes externes \u2013 expert\u00b7es, ing\u00e9nieur\u00b7es, sp\u00e9cialistes d\u2019autres disciplines \u2013 autour des probl\u00e9matiques pos\u00e9es aux recherches men\u00e9es \u00e0 TELEMMe par la politique de science ouverte.<\/p>\n<p><a href=\"https:\/\/telemme.mmsh.fr\/?evenement=traiter-les-donnees-de-sante-enjeux-juridiques-et-de-recherche\"><strong>Programme complet<\/strong><\/a><\/p>\n","protected":false},"excerpt":{"rendered":"<p>Le s\u00e9minaire de l\u2019atelier science ouverte \u00e0 TELEMMe est un espace de dialogue et d\u2019\u00e9change entre chercheur\u00b7es de TELEMMe et coll\u00e8gues sp\u00e9cialistes externes \u2013 expert\u00b7es, ing\u00e9nieur\u00b7es, sp\u00e9cialistes d\u2019autres disciplines \u2013&hellip;&nbsp;<a href=\"https:\/\/telemme.mmsh.fr\/?tribe_events=donnees-de-sante\" rel=\"bookmark\">Lire la suite &raquo;<span class=\"screen-reader-text\">Traiter les donn\u00e9es de sant\u00e9. Enjeux juridiques et de recherche<\/span><\/a><\/p>\n","protected":false},"author":6,"featured_media":16000,"template":"","meta":{"neve_meta_sidebar":"","neve_meta_container":"","neve_meta_enable_content_width":"","neve_meta_content_width":0,"neve_meta_title_alignment":"","neve_meta_author_avatar":"","neve_post_elements_order":"","neve_meta_disable_header":"","neve_meta_disable_footer":"","neve_meta_disable_title":"","_tribe_events_status":"","_tribe_events_status_reason":"","footnotes":""},"tags":[2969],"tribe_events_cat":[1831],"class_list":["post-15665","tribe_events","type-tribe_events","status-publish","has-post-thumbnail","hentry","tag-atelier-science-ouverte-a-telemme","tribe_events_cat-seminaire","cat_seminaire"],"yoast_head":"<!-- This site is optimized with the Yoast SEO plugin v27.4 - https:\/\/yoast.com\/product\/yoast-seo-wordpress\/ -->\n<title>Traiter les donn\u00e9es de sant\u00e9. Enjeux juridiques et de recherche - TELEMMe - Temps, espaces, langages, Europe m\u00e9ridionale, M\u00e9diterran\u00e9e<\/title>\n<meta name=\"robots\" content=\"index, follow, max-snippet:-1, max-image-preview:large, max-video-preview:-1\" \/>\n<link rel=\"canonical\" href=\"https:\/\/telemme.mmsh.fr\/?tribe_events=donnees-de-sante\" \/>\n<meta property=\"og:locale\" content=\"fr_FR\" \/>\n<meta property=\"og:type\" content=\"article\" \/>\n<meta property=\"og:title\" content=\"Traiter les donn\u00e9es de sant\u00e9. Enjeux juridiques et de recherche - TELEMMe - Temps, espaces, langages, Europe m\u00e9ridionale, M\u00e9diterran\u00e9e\" \/>\n<meta property=\"og:description\" content=\"Le s\u00e9minaire de l\u2019atelier science ouverte \u00e0 TELEMMe est un espace de dialogue et d\u2019\u00e9change entre chercheur\u00b7es de TELEMMe et coll\u00e8gues sp\u00e9cialistes externes \u2013 expert\u00b7es, ing\u00e9nieur\u00b7es, sp\u00e9cialistes d\u2019autres disciplines \u2013&hellip;&nbsp;Lire la suite &raquo;Traiter les donn\u00e9es de sant\u00e9. Enjeux juridiques et de recherche\" \/>\n<meta property=\"og:url\" content=\"https:\/\/telemme.mmsh.fr\/?tribe_events=donnees-de-sante\" \/>\n<meta property=\"og:site_name\" content=\"TELEMMe - Temps, espaces, langages, Europe m\u00e9ridionale, M\u00e9diterran\u00e9e\" \/>\n<meta property=\"article:modified_time\" content=\"2025-10-08T14:25:30+00:00\" \/>\n<meta property=\"og:image\" content=\"https:\/\/telemme.mmsh.fr\/wp-content\/uploads\/2025\/10\/Europeana.eu-2020601-https___1914_1918_europeana_eu_contributions_13440_attachments_137381-189e170294a3a8f2d3dfa642136a9ed8.jpeg\" \/>\n\t<meta property=\"og:image:width\" content=\"2000\" \/>\n\t<meta property=\"og:image:height\" content=\"1500\" \/>\n\t<meta property=\"og:image:type\" content=\"image\/jpeg\" \/>\n<meta name=\"twitter:card\" content=\"summary_large_image\" \/>\n<script type=\"application\/ld+json\" class=\"yoast-schema-graph\">{\"@context\":\"https:\\\/\\\/schema.org\",\"@graph\":[{\"@type\":\"WebPage\",\"@id\":\"https:\\\/\\\/telemme.mmsh.fr\\\/?tribe_events=donnees-de-sante\",\"url\":\"https:\\\/\\\/telemme.mmsh.fr\\\/?tribe_events=donnees-de-sante\",\"name\":\"Traiter les donn\u00e9es de sant\u00e9. Enjeux juridiques et de recherche - TELEMMe - Temps, espaces, langages, Europe m\u00e9ridionale, M\u00e9diterran\u00e9e\",\"isPartOf\":{\"@id\":\"https:\\\/\\\/telemme.mmsh.fr\\\/#website\"},\"primaryImageOfPage\":{\"@id\":\"https:\\\/\\\/telemme.mmsh.fr\\\/?tribe_events=donnees-de-sante#primaryimage\"},\"image\":{\"@id\":\"https:\\\/\\\/telemme.mmsh.fr\\\/?tribe_events=donnees-de-sante#primaryimage\"},\"thumbnailUrl\":\"https:\\\/\\\/telemme.mmsh.fr\\\/wp-content\\\/uploads\\\/2025\\\/10\\\/Europeana.eu-2020601-https___1914_1918_europeana_eu_contributions_13440_attachments_137381-189e170294a3a8f2d3dfa642136a9ed8.jpeg\",\"datePublished\":\"2025-07-02T11:51:38+00:00\",\"dateModified\":\"2025-10-08T14:25:30+00:00\",\"breadcrumb\":{\"@id\":\"https:\\\/\\\/telemme.mmsh.fr\\\/?tribe_events=donnees-de-sante#breadcrumb\"},\"inLanguage\":\"fr-FR\",\"potentialAction\":[{\"@type\":\"ReadAction\",\"target\":[\"https:\\\/\\\/telemme.mmsh.fr\\\/?tribe_events=donnees-de-sante\"]}]},{\"@type\":\"ImageObject\",\"inLanguage\":\"fr-FR\",\"@id\":\"https:\\\/\\\/telemme.mmsh.fr\\\/?tribe_events=donnees-de-sante#primaryimage\",\"url\":\"https:\\\/\\\/telemme.mmsh.fr\\\/wp-content\\\/uploads\\\/2025\\\/10\\\/Europeana.eu-2020601-https___1914_1918_europeana_eu_contributions_13440_attachments_137381-189e170294a3a8f2d3dfa642136a9ed8.jpeg\",\"contentUrl\":\"https:\\\/\\\/telemme.mmsh.fr\\\/wp-content\\\/uploads\\\/2025\\\/10\\\/Europeana.eu-2020601-https___1914_1918_europeana_eu_contributions_13440_attachments_137381-189e170294a3a8f2d3dfa642136a9ed8.jpeg\",\"width\":2000,\"height\":1500,\"caption\":\"Blessures de Louis Le Mentec - 1915 - Europeana 1914-1918, Europe - CC BY-SA.\"},{\"@type\":\"BreadcrumbList\",\"@id\":\"https:\\\/\\\/telemme.mmsh.fr\\\/?tribe_events=donnees-de-sante#breadcrumb\",\"itemListElement\":[{\"@type\":\"ListItem\",\"position\":1,\"name\":\"Accueil\",\"item\":\"https:\\\/\\\/telemme.mmsh.fr\\\/\"},{\"@type\":\"ListItem\",\"position\":2,\"name\":\"\u00c9v\u00e8nements\",\"item\":\"https:\\\/\\\/telemme.mmsh.fr\\\/?post_type=tribe_events\"},{\"@type\":\"ListItem\",\"position\":3,\"name\":\"S\u00e9minaire\",\"item\":\"https:\\\/\\\/telemme.mmsh.fr\\\/?tribe_events_cat=seminaire\"},{\"@type\":\"ListItem\",\"position\":4,\"name\":\"Traiter les donn\u00e9es de sant\u00e9. Enjeux juridiques et de recherche\"}]},{\"@type\":\"WebSite\",\"@id\":\"https:\\\/\\\/telemme.mmsh.fr\\\/#website\",\"url\":\"https:\\\/\\\/telemme.mmsh.fr\\\/\",\"name\":\"TELEMMe - Temps, espaces, langages, Europe m\u00e9ridionale, M\u00e9diterran\u00e9e\",\"description\":\"\",\"publisher\":{\"@id\":\"https:\\\/\\\/telemme.mmsh.fr\\\/#organization\"},\"potentialAction\":[{\"@type\":\"SearchAction\",\"target\":{\"@type\":\"EntryPoint\",\"urlTemplate\":\"https:\\\/\\\/telemme.mmsh.fr\\\/?s={search_term_string}\"},\"query-input\":{\"@type\":\"PropertyValueSpecification\",\"valueRequired\":true,\"valueName\":\"search_term_string\"}}],\"inLanguage\":\"fr-FR\"},{\"@type\":\"Organization\",\"@id\":\"https:\\\/\\\/telemme.mmsh.fr\\\/#organization\",\"name\":\"TELEMMe\",\"url\":\"https:\\\/\\\/telemme.mmsh.fr\\\/\",\"logo\":{\"@type\":\"ImageObject\",\"inLanguage\":\"fr-FR\",\"@id\":\"https:\\\/\\\/telemme.mmsh.fr\\\/#\\\/schema\\\/logo\\\/image\\\/\",\"url\":\"https:\\\/\\\/telemme.mmsh.fr\\\/wp-content\\\/uploads\\\/2020\\\/03\\\/LogoTELEMMe-horizontal-fond-transparent.png\",\"contentUrl\":\"https:\\\/\\\/telemme.mmsh.fr\\\/wp-content\\\/uploads\\\/2020\\\/03\\\/LogoTELEMMe-horizontal-fond-transparent.png\",\"width\":1500,\"height\":437,\"caption\":\"TELEMMe\"},\"image\":{\"@id\":\"https:\\\/\\\/telemme.mmsh.fr\\\/#\\\/schema\\\/logo\\\/image\\\/\"}}]}<\/script>\n<!-- \/ Yoast SEO plugin. -->","yoast_head_json":{"title":"Traiter les donn\u00e9es de sant\u00e9. Enjeux juridiques et de recherche - TELEMMe - Temps, espaces, langages, Europe m\u00e9ridionale, M\u00e9diterran\u00e9e","robots":{"index":"index","follow":"follow","max-snippet":"max-snippet:-1","max-image-preview":"max-image-preview:large","max-video-preview":"max-video-preview:-1"},"canonical":"https:\/\/telemme.mmsh.fr\/?tribe_events=donnees-de-sante","og_locale":"fr_FR","og_type":"article","og_title":"Traiter les donn\u00e9es de sant\u00e9. Enjeux juridiques et de recherche - TELEMMe - Temps, espaces, langages, Europe m\u00e9ridionale, M\u00e9diterran\u00e9e","og_description":"Le s\u00e9minaire de l\u2019atelier science ouverte \u00e0 TELEMMe est un espace de dialogue et d\u2019\u00e9change entre chercheur\u00b7es de TELEMMe et coll\u00e8gues sp\u00e9cialistes externes \u2013 expert\u00b7es, ing\u00e9nieur\u00b7es, sp\u00e9cialistes d\u2019autres disciplines \u2013&hellip;&nbsp;Lire la suite &raquo;Traiter les donn\u00e9es de sant\u00e9. Enjeux juridiques et de recherche","og_url":"https:\/\/telemme.mmsh.fr\/?tribe_events=donnees-de-sante","og_site_name":"TELEMMe - Temps, espaces, langages, Europe m\u00e9ridionale, M\u00e9diterran\u00e9e","article_modified_time":"2025-10-08T14:25:30+00:00","og_image":[{"width":2000,"height":1500,"url":"https:\/\/telemme.mmsh.fr\/wp-content\/uploads\/2025\/10\/Europeana.eu-2020601-https___1914_1918_europeana_eu_contributions_13440_attachments_137381-189e170294a3a8f2d3dfa642136a9ed8.jpeg","type":"image\/jpeg"}],"twitter_card":"summary_large_image","schema":{"@context":"https:\/\/schema.org","@graph":[{"@type":"WebPage","@id":"https:\/\/telemme.mmsh.fr\/?tribe_events=donnees-de-sante","url":"https:\/\/telemme.mmsh.fr\/?tribe_events=donnees-de-sante","name":"Traiter les donn\u00e9es de sant\u00e9. Enjeux juridiques et de recherche - TELEMMe - Temps, espaces, langages, Europe m\u00e9ridionale, M\u00e9diterran\u00e9e","isPartOf":{"@id":"https:\/\/telemme.mmsh.fr\/#website"},"primaryImageOfPage":{"@id":"https:\/\/telemme.mmsh.fr\/?tribe_events=donnees-de-sante#primaryimage"},"image":{"@id":"https:\/\/telemme.mmsh.fr\/?tribe_events=donnees-de-sante#primaryimage"},"thumbnailUrl":"https:\/\/telemme.mmsh.fr\/wp-content\/uploads\/2025\/10\/Europeana.eu-2020601-https___1914_1918_europeana_eu_contributions_13440_attachments_137381-189e170294a3a8f2d3dfa642136a9ed8.jpeg","datePublished":"2025-07-02T11:51:38+00:00","dateModified":"2025-10-08T14:25:30+00:00","breadcrumb":{"@id":"https:\/\/telemme.mmsh.fr\/?tribe_events=donnees-de-sante#breadcrumb"},"inLanguage":"fr-FR","potentialAction":[{"@type":"ReadAction","target":["https:\/\/telemme.mmsh.fr\/?tribe_events=donnees-de-sante"]}]},{"@type":"ImageObject","inLanguage":"fr-FR","@id":"https:\/\/telemme.mmsh.fr\/?tribe_events=donnees-de-sante#primaryimage","url":"https:\/\/telemme.mmsh.fr\/wp-content\/uploads\/2025\/10\/Europeana.eu-2020601-https___1914_1918_europeana_eu_contributions_13440_attachments_137381-189e170294a3a8f2d3dfa642136a9ed8.jpeg","contentUrl":"https:\/\/telemme.mmsh.fr\/wp-content\/uploads\/2025\/10\/Europeana.eu-2020601-https___1914_1918_europeana_eu_contributions_13440_attachments_137381-189e170294a3a8f2d3dfa642136a9ed8.jpeg","width":2000,"height":1500,"caption":"Blessures de Louis Le Mentec - 1915 - Europeana 1914-1918, Europe - CC BY-SA."},{"@type":"BreadcrumbList","@id":"https:\/\/telemme.mmsh.fr\/?tribe_events=donnees-de-sante#breadcrumb","itemListElement":[{"@type":"ListItem","position":1,"name":"Accueil","item":"https:\/\/telemme.mmsh.fr\/"},{"@type":"ListItem","position":2,"name":"\u00c9v\u00e8nements","item":"https:\/\/telemme.mmsh.fr\/?post_type=tribe_events"},{"@type":"ListItem","position":3,"name":"S\u00e9minaire","item":"https:\/\/telemme.mmsh.fr\/?tribe_events_cat=seminaire"},{"@type":"ListItem","position":4,"name":"Traiter les donn\u00e9es de sant\u00e9. Enjeux juridiques et de recherche"}]},{"@type":"WebSite","@id":"https:\/\/telemme.mmsh.fr\/#website","url":"https:\/\/telemme.mmsh.fr\/","name":"TELEMMe - Temps, espaces, langages, Europe m\u00e9ridionale, M\u00e9diterran\u00e9e","description":"","publisher":{"@id":"https:\/\/telemme.mmsh.fr\/#organization"},"potentialAction":[{"@type":"SearchAction","target":{"@type":"EntryPoint","urlTemplate":"https:\/\/telemme.mmsh.fr\/?s={search_term_string}"},"query-input":{"@type":"PropertyValueSpecification","valueRequired":true,"valueName":"search_term_string"}}],"inLanguage":"fr-FR"},{"@type":"Organization","@id":"https:\/\/telemme.mmsh.fr\/#organization","name":"TELEMMe","url":"https:\/\/telemme.mmsh.fr\/","logo":{"@type":"ImageObject","inLanguage":"fr-FR","@id":"https:\/\/telemme.mmsh.fr\/#\/schema\/logo\/image\/","url":"https:\/\/telemme.mmsh.fr\/wp-content\/uploads\/2020\/03\/LogoTELEMMe-horizontal-fond-transparent.png","contentUrl":"https:\/\/telemme.mmsh.fr\/wp-content\/uploads\/2020\/03\/LogoTELEMMe-horizontal-fond-transparent.png","width":1500,"height":437,"caption":"TELEMMe"},"image":{"@id":"https:\/\/telemme.mmsh.fr\/#\/schema\/logo\/image\/"}}]}},"_links":{"self":[{"href":"https:\/\/telemme.mmsh.fr\/index.php?rest_route=\/wp\/v2\/tribe_events\/15665","targetHints":{"allow":["GET"]}}],"collection":[{"href":"https:\/\/telemme.mmsh.fr\/index.php?rest_route=\/wp\/v2\/tribe_events"}],"about":[{"href":"https:\/\/telemme.mmsh.fr\/index.php?rest_route=\/wp\/v2\/types\/tribe_events"}],"author":[{"embeddable":true,"href":"https:\/\/telemme.mmsh.fr\/index.php?rest_route=\/wp\/v2\/users\/6"}],"version-history":[{"count":3,"href":"https:\/\/telemme.mmsh.fr\/index.php?rest_route=\/wp\/v2\/tribe_events\/15665\/revisions"}],"predecessor-version":[{"id":16001,"href":"https:\/\/telemme.mmsh.fr\/index.php?rest_route=\/wp\/v2\/tribe_events\/15665\/revisions\/16001"}],"wp:featuredmedia":[{"embeddable":true,"href":"https:\/\/telemme.mmsh.fr\/index.php?rest_route=\/wp\/v2\/media\/16000"}],"wp:attachment":[{"href":"https:\/\/telemme.mmsh.fr\/index.php?rest_route=%2Fwp%2Fv2%2Fmedia&parent=15665"}],"wp:term":[{"taxonomy":"post_tag","embeddable":true,"href":"https:\/\/telemme.mmsh.fr\/index.php?rest_route=%2Fwp%2Fv2%2Ftags&post=15665"},{"taxonomy":"tribe_events_cat","embeddable":true,"href":"https:\/\/telemme.mmsh.fr\/index.php?rest_route=%2Fwp%2Fv2%2Ftribe_events_cat&post=15665"}],"curies":[{"name":"wp","href":"https:\/\/api.w.org\/{rel}","templated":true}]}}