{"id":15660,"date":"2025-07-02T11:56:07","date_gmt":"2025-07-02T09:56:07","guid":{"rendered":"https:\/\/telemme.mmsh.fr\/?post_type=tribe_events&#038;p=15660"},"modified":"2025-09-12T11:59:42","modified_gmt":"2025-09-12T09:59:42","slug":"habitabilite-et-sobriete","status":"publish","type":"tribe_events","link":"https:\/\/telemme.mmsh.fr\/?tribe_events=habitabilite-et-sobriete","title":{"rendered":"Habitabilit\u00e9 et sobri\u00e9t\u00e9"},"content":{"rendered":"<p><strong>Sixi\u00e8me \u00e9dition de la journ\u00e9e d\u2019\u00e9tudes \u00ab\u00a0Une autre mani\u00e8re de fabriquer la ville\u00a0\u00bb (TELEMMe-MMSH-AMU-CNRS)<\/strong><\/p>\n<p>Depuis vingt ans, l\u2019encha\u00eenement des crises sociales, \u00e9conomiques, identitaires, technologiques, environnementales et aujourd\u2019hui sanitaires\u00a0 et g\u00e9opolitiques, transforme profond\u00e9ment la mani\u00e8re de fabriquer et de produire de la ville. Les limites de la m\u00e9tropolisation, des gouvernances locales et du capitalisme urbain imposent en ce sens de trouver des alternatives effectives et efficaces. Ces perspectives alternatives, que l\u2019on a appel\u00e9 par ailleurs alterm\u00e9tropolisation, se retrouvent dans de nouvelles mani\u00e8res d\u2019appr\u00e9hender les fonctions urbaines classiques que sont les transports, le logement, le gouvernement ou encore l\u2019environnement. Dans le m\u00eame temps l\u2019\u00e9mergence et l\u2019affirmation de ph\u00e9nom\u00e8nes comme l\u2019ub\u00e9risation territoriale ou la n\u00e9cessit\u00e9 de d\u00e9carboner les m\u00e9tropoles du Nord comme du Sud, constituent de nouveaux enjeux pour le d\u00e9veloppement et l\u2019am\u00e9nagement de nos villes. Les notions d\u2019habitabilit\u00e9, de sobri\u00e9t\u00e9 et d\u2019intensification apparaissent dans ce contexte comme essentielles pour mieux appr\u00e9hender les nouvelles mani\u00e8res de fabriquer la ville.<\/p>\n<p>Cette journ\u00e9e d\u2019\u00e9tude abordera toutes ces perspectives en confrontant approches th\u00e9oriques et op\u00e9rationnelles, analyses universitaires et exp\u00e9riences des acteurs locaux.<\/p>\n<p><a href=\"https:\/\/telemme.mmsh.fr\/?evenement=habitabilite-sobriete-intensification\"><strong>Programme complet<\/strong><\/a><\/p>\n","protected":false},"excerpt":{"rendered":"<p>Sixi\u00e8me \u00e9dition de la journ\u00e9e d\u2019\u00e9tudes \u00ab\u00a0Une autre mani\u00e8re de fabriquer la ville\u00a0\u00bb (TELEMMe-MMSH-AMU-CNRS) Depuis vingt ans, l\u2019encha\u00eenement des crises sociales, \u00e9conomiques, identitaires, technologiques, environnementales et aujourd\u2019hui sanitaires\u00a0 et g\u00e9opolitiques,&hellip;&nbsp;<a href=\"https:\/\/telemme.mmsh.fr\/?tribe_events=habitabilite-et-sobriete\" rel=\"bookmark\">Lire la suite &raquo;<span class=\"screen-reader-text\">Habitabilit\u00e9 et sobri\u00e9t\u00e9<\/span><\/a><\/p>\n","protected":false},"author":6,"featured_media":15899,"template":"","meta":{"neve_meta_sidebar":"","neve_meta_container":"","neve_meta_enable_content_width":"","neve_meta_content_width":0,"neve_meta_title_alignment":"","neve_meta_author_avatar":"","neve_post_elements_order":"","neve_meta_disable_header":"","neve_meta_disable_footer":"","neve_meta_disable_title":"","_tribe_events_status":"","_tribe_events_status_reason":"","footnotes":""},"tags":[2742],"tribe_events_cat":[1823],"class_list":["post-15660","tribe_events","type-tribe_events","status-publish","has-post-thumbnail","hentry","tag-3-2-altermetropolisation","tribe_events_cat-journee-detudes","cat_journee-detudes"],"yoast_head":"<!-- This site is optimized with the Yoast SEO plugin v27.4 - https:\/\/yoast.com\/product\/yoast-seo-wordpress\/ -->\n<title>Habitabilit\u00e9 et sobri\u00e9t\u00e9 - TELEMMe - Temps, espaces, langages, Europe m\u00e9ridionale, M\u00e9diterran\u00e9e<\/title>\n<meta name=\"robots\" content=\"index, follow, max-snippet:-1, max-image-preview:large, max-video-preview:-1\" \/>\n<link rel=\"canonical\" href=\"https:\/\/telemme.mmsh.fr\/?tribe_events=habitabilite-et-sobriete\" \/>\n<meta property=\"og:locale\" content=\"fr_FR\" \/>\n<meta property=\"og:type\" content=\"article\" \/>\n<meta property=\"og:title\" content=\"Habitabilit\u00e9 et sobri\u00e9t\u00e9 - TELEMMe - Temps, espaces, langages, Europe m\u00e9ridionale, M\u00e9diterran\u00e9e\" \/>\n<meta property=\"og:description\" content=\"Sixi\u00e8me \u00e9dition de la journ\u00e9e d\u2019\u00e9tudes \u00ab\u00a0Une autre mani\u00e8re de fabriquer la ville\u00a0\u00bb (TELEMMe-MMSH-AMU-CNRS) Depuis vingt ans, l\u2019encha\u00eenement des crises sociales, \u00e9conomiques, identitaires, technologiques, environnementales et aujourd\u2019hui sanitaires\u00a0 et g\u00e9opolitiques,&hellip;&nbsp;Lire la suite &raquo;Habitabilit\u00e9 et sobri\u00e9t\u00e9\" \/>\n<meta property=\"og:url\" content=\"https:\/\/telemme.mmsh.fr\/?tribe_events=habitabilite-et-sobriete\" \/>\n<meta property=\"og:site_name\" content=\"TELEMMe - Temps, espaces, langages, Europe m\u00e9ridionale, M\u00e9diterran\u00e9e\" \/>\n<meta property=\"article:modified_time\" content=\"2025-09-12T09:59:42+00:00\" \/>\n<meta property=\"og:image\" content=\"https:\/\/telemme.mmsh.fr\/wp-content\/uploads\/2025\/09\/2025.09.29_JE_Habiltabilite.jpg\" \/>\n\t<meta property=\"og:image:width\" content=\"1500\" \/>\n\t<meta property=\"og:image:height\" content=\"2097\" \/>\n\t<meta property=\"og:image:type\" content=\"image\/jpeg\" \/>\n<meta name=\"twitter:card\" content=\"summary_large_image\" \/>\n<meta name=\"twitter:label1\" content=\"Dur\u00e9e de lecture estim\u00e9e\" \/>\n\t<meta name=\"twitter:data1\" content=\"1 minute\" \/>\n<script type=\"application\/ld+json\" class=\"yoast-schema-graph\">{\"@context\":\"https:\\\/\\\/schema.org\",\"@graph\":[{\"@type\":\"WebPage\",\"@id\":\"https:\\\/\\\/telemme.mmsh.fr\\\/?tribe_events=habitabilite-et-sobriete\",\"url\":\"https:\\\/\\\/telemme.mmsh.fr\\\/?tribe_events=habitabilite-et-sobriete\",\"name\":\"Habitabilit\u00e9 et sobri\u00e9t\u00e9 - TELEMMe - Temps, espaces, langages, Europe m\u00e9ridionale, M\u00e9diterran\u00e9e\",\"isPartOf\":{\"@id\":\"https:\\\/\\\/telemme.mmsh.fr\\\/#website\"},\"primaryImageOfPage\":{\"@id\":\"https:\\\/\\\/telemme.mmsh.fr\\\/?tribe_events=habitabilite-et-sobriete#primaryimage\"},\"image\":{\"@id\":\"https:\\\/\\\/telemme.mmsh.fr\\\/?tribe_events=habitabilite-et-sobriete#primaryimage\"},\"thumbnailUrl\":\"https:\\\/\\\/telemme.mmsh.fr\\\/wp-content\\\/uploads\\\/2025\\\/09\\\/2025.09.29_JE_Habiltabilite.jpg\",\"datePublished\":\"2025-07-02T09:56:07+00:00\",\"dateModified\":\"2025-09-12T09:59:42+00:00\",\"breadcrumb\":{\"@id\":\"https:\\\/\\\/telemme.mmsh.fr\\\/?tribe_events=habitabilite-et-sobriete#breadcrumb\"},\"inLanguage\":\"fr-FR\",\"potentialAction\":[{\"@type\":\"ReadAction\",\"target\":[\"https:\\\/\\\/telemme.mmsh.fr\\\/?tribe_events=habitabilite-et-sobriete\"]}]},{\"@type\":\"ImageObject\",\"inLanguage\":\"fr-FR\",\"@id\":\"https:\\\/\\\/telemme.mmsh.fr\\\/?tribe_events=habitabilite-et-sobriete#primaryimage\",\"url\":\"https:\\\/\\\/telemme.mmsh.fr\\\/wp-content\\\/uploads\\\/2025\\\/09\\\/2025.09.29_JE_Habiltabilite.jpg\",\"contentUrl\":\"https:\\\/\\\/telemme.mmsh.fr\\\/wp-content\\\/uploads\\\/2025\\\/09\\\/2025.09.29_JE_Habiltabilite.jpg\",\"width\":1500,\"height\":2097,\"caption\":\"Affiche journ\u00e9e d'\u00e9tudes Habitabilit\u00e9\"},{\"@type\":\"BreadcrumbList\",\"@id\":\"https:\\\/\\\/telemme.mmsh.fr\\\/?tribe_events=habitabilite-et-sobriete#breadcrumb\",\"itemListElement\":[{\"@type\":\"ListItem\",\"position\":1,\"name\":\"Accueil\",\"item\":\"https:\\\/\\\/telemme.mmsh.fr\\\/\"},{\"@type\":\"ListItem\",\"position\":2,\"name\":\"\u00c9v\u00e8nements\",\"item\":\"https:\\\/\\\/telemme.mmsh.fr\\\/?post_type=tribe_events\"},{\"@type\":\"ListItem\",\"position\":3,\"name\":\"Journ\u00e9e d'\u00e9tudes\",\"item\":\"https:\\\/\\\/telemme.mmsh.fr\\\/?tribe_events_cat=journee-detudes\"},{\"@type\":\"ListItem\",\"position\":4,\"name\":\"Habitabilit\u00e9 et sobri\u00e9t\u00e9\"}]},{\"@type\":\"WebSite\",\"@id\":\"https:\\\/\\\/telemme.mmsh.fr\\\/#website\",\"url\":\"https:\\\/\\\/telemme.mmsh.fr\\\/\",\"name\":\"TELEMMe - Temps, espaces, langages, Europe m\u00e9ridionale, M\u00e9diterran\u00e9e\",\"description\":\"\",\"publisher\":{\"@id\":\"https:\\\/\\\/telemme.mmsh.fr\\\/#organization\"},\"potentialAction\":[{\"@type\":\"SearchAction\",\"target\":{\"@type\":\"EntryPoint\",\"urlTemplate\":\"https:\\\/\\\/telemme.mmsh.fr\\\/?s={search_term_string}\"},\"query-input\":{\"@type\":\"PropertyValueSpecification\",\"valueRequired\":true,\"valueName\":\"search_term_string\"}}],\"inLanguage\":\"fr-FR\"},{\"@type\":\"Organization\",\"@id\":\"https:\\\/\\\/telemme.mmsh.fr\\\/#organization\",\"name\":\"TELEMMe\",\"url\":\"https:\\\/\\\/telemme.mmsh.fr\\\/\",\"logo\":{\"@type\":\"ImageObject\",\"inLanguage\":\"fr-FR\",\"@id\":\"https:\\\/\\\/telemme.mmsh.fr\\\/#\\\/schema\\\/logo\\\/image\\\/\",\"url\":\"https:\\\/\\\/telemme.mmsh.fr\\\/wp-content\\\/uploads\\\/2020\\\/03\\\/LogoTELEMMe-horizontal-fond-transparent.png\",\"contentUrl\":\"https:\\\/\\\/telemme.mmsh.fr\\\/wp-content\\\/uploads\\\/2020\\\/03\\\/LogoTELEMMe-horizontal-fond-transparent.png\",\"width\":1500,\"height\":437,\"caption\":\"TELEMMe\"},\"image\":{\"@id\":\"https:\\\/\\\/telemme.mmsh.fr\\\/#\\\/schema\\\/logo\\\/image\\\/\"}}]}<\/script>\n<!-- \/ Yoast SEO plugin. -->","yoast_head_json":{"title":"Habitabilit\u00e9 et sobri\u00e9t\u00e9 - TELEMMe - Temps, espaces, langages, Europe m\u00e9ridionale, M\u00e9diterran\u00e9e","robots":{"index":"index","follow":"follow","max-snippet":"max-snippet:-1","max-image-preview":"max-image-preview:large","max-video-preview":"max-video-preview:-1"},"canonical":"https:\/\/telemme.mmsh.fr\/?tribe_events=habitabilite-et-sobriete","og_locale":"fr_FR","og_type":"article","og_title":"Habitabilit\u00e9 et sobri\u00e9t\u00e9 - TELEMMe - Temps, espaces, langages, Europe m\u00e9ridionale, M\u00e9diterran\u00e9e","og_description":"Sixi\u00e8me \u00e9dition de la journ\u00e9e d\u2019\u00e9tudes \u00ab\u00a0Une autre mani\u00e8re de fabriquer la ville\u00a0\u00bb (TELEMMe-MMSH-AMU-CNRS) Depuis vingt ans, l\u2019encha\u00eenement des crises sociales, \u00e9conomiques, identitaires, technologiques, environnementales et aujourd\u2019hui sanitaires\u00a0 et g\u00e9opolitiques,&hellip;&nbsp;Lire la suite &raquo;Habitabilit\u00e9 et sobri\u00e9t\u00e9","og_url":"https:\/\/telemme.mmsh.fr\/?tribe_events=habitabilite-et-sobriete","og_site_name":"TELEMMe - Temps, espaces, langages, Europe m\u00e9ridionale, M\u00e9diterran\u00e9e","article_modified_time":"2025-09-12T09:59:42+00:00","og_image":[{"width":1500,"height":2097,"url":"https:\/\/telemme.mmsh.fr\/wp-content\/uploads\/2025\/09\/2025.09.29_JE_Habiltabilite.jpg","type":"image\/jpeg"}],"twitter_card":"summary_large_image","twitter_misc":{"Dur\u00e9e de lecture estim\u00e9e":"1 minute"},"schema":{"@context":"https:\/\/schema.org","@graph":[{"@type":"WebPage","@id":"https:\/\/telemme.mmsh.fr\/?tribe_events=habitabilite-et-sobriete","url":"https:\/\/telemme.mmsh.fr\/?tribe_events=habitabilite-et-sobriete","name":"Habitabilit\u00e9 et sobri\u00e9t\u00e9 - TELEMMe - Temps, espaces, langages, Europe m\u00e9ridionale, M\u00e9diterran\u00e9e","isPartOf":{"@id":"https:\/\/telemme.mmsh.fr\/#website"},"primaryImageOfPage":{"@id":"https:\/\/telemme.mmsh.fr\/?tribe_events=habitabilite-et-sobriete#primaryimage"},"image":{"@id":"https:\/\/telemme.mmsh.fr\/?tribe_events=habitabilite-et-sobriete#primaryimage"},"thumbnailUrl":"https:\/\/telemme.mmsh.fr\/wp-content\/uploads\/2025\/09\/2025.09.29_JE_Habiltabilite.jpg","datePublished":"2025-07-02T09:56:07+00:00","dateModified":"2025-09-12T09:59:42+00:00","breadcrumb":{"@id":"https:\/\/telemme.mmsh.fr\/?tribe_events=habitabilite-et-sobriete#breadcrumb"},"inLanguage":"fr-FR","potentialAction":[{"@type":"ReadAction","target":["https:\/\/telemme.mmsh.fr\/?tribe_events=habitabilite-et-sobriete"]}]},{"@type":"ImageObject","inLanguage":"fr-FR","@id":"https:\/\/telemme.mmsh.fr\/?tribe_events=habitabilite-et-sobriete#primaryimage","url":"https:\/\/telemme.mmsh.fr\/wp-content\/uploads\/2025\/09\/2025.09.29_JE_Habiltabilite.jpg","contentUrl":"https:\/\/telemme.mmsh.fr\/wp-content\/uploads\/2025\/09\/2025.09.29_JE_Habiltabilite.jpg","width":1500,"height":2097,"caption":"Affiche journ\u00e9e d'\u00e9tudes Habitabilit\u00e9"},{"@type":"BreadcrumbList","@id":"https:\/\/telemme.mmsh.fr\/?tribe_events=habitabilite-et-sobriete#breadcrumb","itemListElement":[{"@type":"ListItem","position":1,"name":"Accueil","item":"https:\/\/telemme.mmsh.fr\/"},{"@type":"ListItem","position":2,"name":"\u00c9v\u00e8nements","item":"https:\/\/telemme.mmsh.fr\/?post_type=tribe_events"},{"@type":"ListItem","position":3,"name":"Journ\u00e9e d'\u00e9tudes","item":"https:\/\/telemme.mmsh.fr\/?tribe_events_cat=journee-detudes"},{"@type":"ListItem","position":4,"name":"Habitabilit\u00e9 et sobri\u00e9t\u00e9"}]},{"@type":"WebSite","@id":"https:\/\/telemme.mmsh.fr\/#website","url":"https:\/\/telemme.mmsh.fr\/","name":"TELEMMe - Temps, espaces, langages, Europe m\u00e9ridionale, M\u00e9diterran\u00e9e","description":"","publisher":{"@id":"https:\/\/telemme.mmsh.fr\/#organization"},"potentialAction":[{"@type":"SearchAction","target":{"@type":"EntryPoint","urlTemplate":"https:\/\/telemme.mmsh.fr\/?s={search_term_string}"},"query-input":{"@type":"PropertyValueSpecification","valueRequired":true,"valueName":"search_term_string"}}],"inLanguage":"fr-FR"},{"@type":"Organization","@id":"https:\/\/telemme.mmsh.fr\/#organization","name":"TELEMMe","url":"https:\/\/telemme.mmsh.fr\/","logo":{"@type":"ImageObject","inLanguage":"fr-FR","@id":"https:\/\/telemme.mmsh.fr\/#\/schema\/logo\/image\/","url":"https:\/\/telemme.mmsh.fr\/wp-content\/uploads\/2020\/03\/LogoTELEMMe-horizontal-fond-transparent.png","contentUrl":"https:\/\/telemme.mmsh.fr\/wp-content\/uploads\/2020\/03\/LogoTELEMMe-horizontal-fond-transparent.png","width":1500,"height":437,"caption":"TELEMMe"},"image":{"@id":"https:\/\/telemme.mmsh.fr\/#\/schema\/logo\/image\/"}}]}},"_links":{"self":[{"href":"https:\/\/telemme.mmsh.fr\/index.php?rest_route=\/wp\/v2\/tribe_events\/15660","targetHints":{"allow":["GET"]}}],"collection":[{"href":"https:\/\/telemme.mmsh.fr\/index.php?rest_route=\/wp\/v2\/tribe_events"}],"about":[{"href":"https:\/\/telemme.mmsh.fr\/index.php?rest_route=\/wp\/v2\/types\/tribe_events"}],"author":[{"embeddable":true,"href":"https:\/\/telemme.mmsh.fr\/index.php?rest_route=\/wp\/v2\/users\/6"}],"version-history":[{"count":3,"href":"https:\/\/telemme.mmsh.fr\/index.php?rest_route=\/wp\/v2\/tribe_events\/15660\/revisions"}],"predecessor-version":[{"id":15901,"href":"https:\/\/telemme.mmsh.fr\/index.php?rest_route=\/wp\/v2\/tribe_events\/15660\/revisions\/15901"}],"wp:featuredmedia":[{"embeddable":true,"href":"https:\/\/telemme.mmsh.fr\/index.php?rest_route=\/wp\/v2\/media\/15899"}],"wp:attachment":[{"href":"https:\/\/telemme.mmsh.fr\/index.php?rest_route=%2Fwp%2Fv2%2Fmedia&parent=15660"}],"wp:term":[{"taxonomy":"post_tag","embeddable":true,"href":"https:\/\/telemme.mmsh.fr\/index.php?rest_route=%2Fwp%2Fv2%2Ftags&post=15660"},{"taxonomy":"tribe_events_cat","embeddable":true,"href":"https:\/\/telemme.mmsh.fr\/index.php?rest_route=%2Fwp%2Fv2%2Ftribe_events_cat&post=15660"}],"curies":[{"name":"wp","href":"https:\/\/api.w.org\/{rel}","templated":true}]}}