{"id":15557,"date":"2025-05-20T09:18:48","date_gmt":"2025-05-20T07:18:48","guid":{"rendered":"https:\/\/telemme.mmsh.fr\/?post_type=tribe_events&#038;p=15557"},"modified":"2025-05-20T09:18:48","modified_gmt":"2025-05-20T07:18:48","slug":"grandes-conferences-de-brulau-ecole-doctorale-en-etudes-de-genre","status":"publish","type":"tribe_events","link":"https:\/\/telemme.mmsh.fr\/?tribe_events=grandes-conferences-de-brulau-ecole-doctorale-en-etudes-de-genre","title":{"rendered":"Grandes conf\u00e9rences de BruLau, \u00e9cole doctorale en \u00e9tudes de genre"},"content":{"rendered":"<p>Le <strong>BruLau <\/strong>est l\u2019\u00e9cole doctorale internationale francophone d\u2019\u00e9t\u00e9 en \u00e9tudes genre, cr\u00e9\u00e9e par le Centre d\u2019\u00e9tudes genre (<a href=\"https:\/\/www.gendercampus.ch\/fr\/hautes-ecoles\/institutions\/detail\/ceg-centre-en-etudes-genre\">CEG<\/a>) de l\u2019Universit\u00e9 de Lausanne (<a href=\"https:\/\/www.unil.ch\/unil\/fr\/home.html\">UNIL<\/a>) et la Structure de recherche interdisciplinaire sur le genre, l\u2019\u00e9galit\u00e9 et la sexualit\u00e9 <a href=\"https:\/\/msh.ulb.ac.be\/fr\/team\/striges\">(<\/a><a href=\"https:\/\/msh.ulb.ac.be\/fr\/team\/striges\">STRIGES<\/a><a href=\"https:\/\/msh.ulb.ac.be\/fr\/team\/striges\">)<\/a> de l\u2019Universit\u00e9 libre de Bruxelles (<a href=\"https:\/\/www.ulb.be\/\">ULB<\/a>). En 2024, la collaboration s\u2019est \u00e9largie \u00e0 la <a href=\"https:\/\/u-paris.fr\/cerilac\/la-cite-du-genre\/\">Cit\u00e9 du genre<\/a> (<a href=\"https:\/\/u-paris.fr\/\">Universit\u00e9 Paris Cit\u00e9<\/a>).<\/p>\n<p>Cette ann\u00e9e, le <strong>BruLau<\/strong> prend ses quartiers \u00e0 <strong>Aix-Marseille <\/strong><strong>Universit\u00e9 <\/strong>(<a href=\"https:\/\/www.univ-amu.fr\/\">AMU<\/a>) du<strong> 02 au 06 juin 2025<\/strong>.<\/p>\n<p>Il propose aux doctorant\u00b7es <strong>5<\/strong><strong> jours de formation<\/strong> interdisciplinaire, interactive et personnalis\u00e9e avec des enseignant\u00b7es et chercheur\/euses reconnu\u00b7es internationalement.<\/p>\n<p>Les activit\u00e9s se d\u00e9roulent <strong>en fran\u00e7ais<\/strong> et se d\u00e9clinent en <strong>4 formats<\/strong> :<\/p>\n<ul>\n<li>des <strong>conf\u00e9rences<\/strong> qui visent \u00e0 faire le point sur les th\u00e9matiques retenues<\/li>\n<li>des <strong>ateliers du genre<\/strong> qui visent \u00e0 discuter des textes soumis pr\u00e9alablement par les doctorant\u00b7es par des mentor\u00b7es<\/li>\n<li>des <strong>s\u00e9ances de mentorat<\/strong> \u00ab en t\u00eate \u00e0 t\u00eate \u00bb qui favorisent la rencontre entre mentor\u00b7es et doctorant\u00b7es<\/li>\n<li>et des <strong>ateliers m\u00e9thodologiques<\/strong> ou sessions professionnelles qui visent \u00e0 l\u2019approfondissement de r\u00e9flexions m\u00e9thodologiques ou de comp\u00e9tences pratiques relevant du m\u00e9tier de la recherche<\/li>\n<\/ul>\n<p>La participation aux grandes conf\u00e9rences est ouverte au public et gratuite sur inscription obligatoire en envoyant un e-mail \u00e0 cette adresse\u00a0:<strong> <a href=\"mailto:brulau2025@univ-amu.fr\" target=\"_blank\" rel=\"noopener\">brulau2025@univ-amu.fr<\/a><\/strong><\/p>\n<p><a href=\"https:\/\/telemme.mmsh.fr\/?evenement=grandes-conferences-de-brulau-ecole-doctorale-en-etudes-de-genre\"><strong>Programme complet des grandes conf\u00e9rences<\/strong><\/a><\/p>\n","protected":false},"excerpt":{"rendered":"<p>Le BruLau est l\u2019\u00e9cole doctorale internationale francophone d\u2019\u00e9t\u00e9 en \u00e9tudes genre, cr\u00e9\u00e9e par le Centre d\u2019\u00e9tudes genre (CEG) de l\u2019Universit\u00e9 de Lausanne (UNIL) et la Structure de recherche interdisciplinaire sur&hellip;&nbsp;<a href=\"https:\/\/telemme.mmsh.fr\/?tribe_events=grandes-conferences-de-brulau-ecole-doctorale-en-etudes-de-genre\" rel=\"bookmark\">Lire la suite &raquo;<span class=\"screen-reader-text\">Grandes conf\u00e9rences de BruLau, \u00e9cole doctorale en \u00e9tudes de genre<\/span><\/a><\/p>\n","protected":false},"author":6,"featured_media":15556,"template":"","meta":{"neve_meta_sidebar":"","neve_meta_container":"","neve_meta_enable_content_width":"","neve_meta_content_width":0,"neve_meta_title_alignment":"","neve_meta_author_avatar":"","neve_post_elements_order":"","neve_meta_disable_header":"","neve_meta_disable_footer":"","neve_meta_disable_title":"","_tribe_events_status":"","_tribe_events_status_reason":"","footnotes":""},"tags":[2886],"tribe_events_cat":[1975],"class_list":["post-15557","tribe_events","type-tribe_events","status-publish","has-post-thumbnail","hentry","tag-genre-dans-lespace-euro-mediterraneen-geem","tribe_events_cat-ecole-de-recherche","cat_ecole-de-recherche"],"yoast_head":"<!-- This site is optimized with the Yoast SEO plugin v27.4 - https:\/\/yoast.com\/product\/yoast-seo-wordpress\/ -->\n<title>Grandes conf\u00e9rences de BruLau, \u00e9cole doctorale en \u00e9tudes de genre - TELEMMe - Temps, espaces, langages, Europe m\u00e9ridionale, M\u00e9diterran\u00e9e<\/title>\n<meta name=\"description\" content=\"Conf\u00e9rences qui visent \u00e0 faire le point sur les th\u00e9matiques retenues par le BruLau est l\u2019\u00e9cole doctorale internationale francophone d\u2019\u00e9t\u00e9 en \u00e9tudes genre.\" \/>\n<meta name=\"robots\" content=\"index, follow, max-snippet:-1, max-image-preview:large, max-video-preview:-1\" \/>\n<link rel=\"canonical\" href=\"https:\/\/telemme.mmsh.fr\/?tribe_events=grandes-conferences-de-brulau-ecole-doctorale-en-etudes-de-genre\" \/>\n<meta property=\"og:locale\" content=\"fr_FR\" \/>\n<meta property=\"og:type\" content=\"article\" \/>\n<meta property=\"og:title\" content=\"Grandes conf\u00e9rences de BruLau, \u00e9cole doctorale en \u00e9tudes de genre - TELEMMe - Temps, espaces, langages, Europe m\u00e9ridionale, M\u00e9diterran\u00e9e\" \/>\n<meta property=\"og:description\" content=\"Conf\u00e9rences qui visent \u00e0 faire le point sur les th\u00e9matiques retenues par le BruLau est l\u2019\u00e9cole doctorale internationale francophone d\u2019\u00e9t\u00e9 en \u00e9tudes genre.\" \/>\n<meta property=\"og:url\" content=\"https:\/\/telemme.mmsh.fr\/?tribe_events=grandes-conferences-de-brulau-ecole-doctorale-en-etudes-de-genre\" \/>\n<meta property=\"og:site_name\" content=\"TELEMMe - Temps, espaces, langages, Europe m\u00e9ridionale, M\u00e9diterran\u00e9e\" \/>\n<meta property=\"og:image\" content=\"https:\/\/telemme.mmsh.fr\/wp-content\/uploads\/2025\/05\/BWEB_Brulau_2025_72dpi.jpg\" \/>\n\t<meta property=\"og:image:width\" content=\"980\" \/>\n\t<meta property=\"og:image:height\" content=\"500\" \/>\n\t<meta property=\"og:image:type\" content=\"image\/jpeg\" \/>\n<meta name=\"twitter:card\" content=\"summary_large_image\" \/>\n<meta name=\"twitter:label1\" content=\"Dur\u00e9e de lecture estim\u00e9e\" \/>\n\t<meta name=\"twitter:data1\" content=\"1 minute\" \/>\n<script type=\"application\/ld+json\" class=\"yoast-schema-graph\">{\"@context\":\"https:\\\/\\\/schema.org\",\"@graph\":[{\"@type\":\"WebPage\",\"@id\":\"https:\\\/\\\/telemme.mmsh.fr\\\/?tribe_events=grandes-conferences-de-brulau-ecole-doctorale-en-etudes-de-genre\",\"url\":\"https:\\\/\\\/telemme.mmsh.fr\\\/?tribe_events=grandes-conferences-de-brulau-ecole-doctorale-en-etudes-de-genre\",\"name\":\"Grandes conf\u00e9rences de BruLau, \u00e9cole doctorale en \u00e9tudes de genre - TELEMMe - Temps, espaces, langages, Europe m\u00e9ridionale, M\u00e9diterran\u00e9e\",\"isPartOf\":{\"@id\":\"https:\\\/\\\/telemme.mmsh.fr\\\/#website\"},\"primaryImageOfPage\":{\"@id\":\"https:\\\/\\\/telemme.mmsh.fr\\\/?tribe_events=grandes-conferences-de-brulau-ecole-doctorale-en-etudes-de-genre#primaryimage\"},\"image\":{\"@id\":\"https:\\\/\\\/telemme.mmsh.fr\\\/?tribe_events=grandes-conferences-de-brulau-ecole-doctorale-en-etudes-de-genre#primaryimage\"},\"thumbnailUrl\":\"https:\\\/\\\/telemme.mmsh.fr\\\/wp-content\\\/uploads\\\/2025\\\/05\\\/BWEB_Brulau_2025_72dpi.jpg\",\"datePublished\":\"2025-05-20T07:18:48+00:00\",\"description\":\"Conf\u00e9rences qui visent \u00e0 faire le point sur les th\u00e9matiques retenues par le BruLau est l\u2019\u00e9cole doctorale internationale francophone d\u2019\u00e9t\u00e9 en \u00e9tudes genre.\",\"breadcrumb\":{\"@id\":\"https:\\\/\\\/telemme.mmsh.fr\\\/?tribe_events=grandes-conferences-de-brulau-ecole-doctorale-en-etudes-de-genre#breadcrumb\"},\"inLanguage\":\"fr-FR\",\"potentialAction\":[{\"@type\":\"ReadAction\",\"target\":[\"https:\\\/\\\/telemme.mmsh.fr\\\/?tribe_events=grandes-conferences-de-brulau-ecole-doctorale-en-etudes-de-genre\"]}]},{\"@type\":\"ImageObject\",\"inLanguage\":\"fr-FR\",\"@id\":\"https:\\\/\\\/telemme.mmsh.fr\\\/?tribe_events=grandes-conferences-de-brulau-ecole-doctorale-en-etudes-de-genre#primaryimage\",\"url\":\"https:\\\/\\\/telemme.mmsh.fr\\\/wp-content\\\/uploads\\\/2025\\\/05\\\/BWEB_Brulau_2025_72dpi.jpg\",\"contentUrl\":\"https:\\\/\\\/telemme.mmsh.fr\\\/wp-content\\\/uploads\\\/2025\\\/05\\\/BWEB_Brulau_2025_72dpi.jpg\",\"width\":980,\"height\":500,\"caption\":\"BruLau, \u00e9cole doctorale internationale francophone d\u2019\u00e9t\u00e9 en \u00e9tudes genre\"},{\"@type\":\"BreadcrumbList\",\"@id\":\"https:\\\/\\\/telemme.mmsh.fr\\\/?tribe_events=grandes-conferences-de-brulau-ecole-doctorale-en-etudes-de-genre#breadcrumb\",\"itemListElement\":[{\"@type\":\"ListItem\",\"position\":1,\"name\":\"Accueil\",\"item\":\"https:\\\/\\\/telemme.mmsh.fr\\\/\"},{\"@type\":\"ListItem\",\"position\":2,\"name\":\"\u00c9v\u00e8nements\",\"item\":\"https:\\\/\\\/telemme.mmsh.fr\\\/?post_type=tribe_events\"},{\"@type\":\"ListItem\",\"position\":3,\"name\":\"\u00c9cole de recherche\",\"item\":\"https:\\\/\\\/telemme.mmsh.fr\\\/?tribe_events_cat=ecole-de-recherche\"},{\"@type\":\"ListItem\",\"position\":4,\"name\":\"Grandes conf\u00e9rences de BruLau, \u00e9cole doctorale en \u00e9tudes de genre\"}]},{\"@type\":\"WebSite\",\"@id\":\"https:\\\/\\\/telemme.mmsh.fr\\\/#website\",\"url\":\"https:\\\/\\\/telemme.mmsh.fr\\\/\",\"name\":\"TELEMMe - Temps, espaces, langages, Europe m\u00e9ridionale, M\u00e9diterran\u00e9e\",\"description\":\"\",\"publisher\":{\"@id\":\"https:\\\/\\\/telemme.mmsh.fr\\\/#organization\"},\"potentialAction\":[{\"@type\":\"SearchAction\",\"target\":{\"@type\":\"EntryPoint\",\"urlTemplate\":\"https:\\\/\\\/telemme.mmsh.fr\\\/?s={search_term_string}\"},\"query-input\":{\"@type\":\"PropertyValueSpecification\",\"valueRequired\":true,\"valueName\":\"search_term_string\"}}],\"inLanguage\":\"fr-FR\"},{\"@type\":\"Organization\",\"@id\":\"https:\\\/\\\/telemme.mmsh.fr\\\/#organization\",\"name\":\"TELEMMe\",\"url\":\"https:\\\/\\\/telemme.mmsh.fr\\\/\",\"logo\":{\"@type\":\"ImageObject\",\"inLanguage\":\"fr-FR\",\"@id\":\"https:\\\/\\\/telemme.mmsh.fr\\\/#\\\/schema\\\/logo\\\/image\\\/\",\"url\":\"https:\\\/\\\/telemme.mmsh.fr\\\/wp-content\\\/uploads\\\/2020\\\/03\\\/LogoTELEMMe-horizontal-fond-transparent.png\",\"contentUrl\":\"https:\\\/\\\/telemme.mmsh.fr\\\/wp-content\\\/uploads\\\/2020\\\/03\\\/LogoTELEMMe-horizontal-fond-transparent.png\",\"width\":1500,\"height\":437,\"caption\":\"TELEMMe\"},\"image\":{\"@id\":\"https:\\\/\\\/telemme.mmsh.fr\\\/#\\\/schema\\\/logo\\\/image\\\/\"}}]}<\/script>\n<!-- \/ Yoast SEO plugin. -->","yoast_head_json":{"title":"Grandes conf\u00e9rences de BruLau, \u00e9cole doctorale en \u00e9tudes de genre - TELEMMe - Temps, espaces, langages, Europe m\u00e9ridionale, M\u00e9diterran\u00e9e","description":"Conf\u00e9rences qui visent \u00e0 faire le point sur les th\u00e9matiques retenues par le BruLau est l\u2019\u00e9cole doctorale internationale francophone d\u2019\u00e9t\u00e9 en \u00e9tudes genre.","robots":{"index":"index","follow":"follow","max-snippet":"max-snippet:-1","max-image-preview":"max-image-preview:large","max-video-preview":"max-video-preview:-1"},"canonical":"https:\/\/telemme.mmsh.fr\/?tribe_events=grandes-conferences-de-brulau-ecole-doctorale-en-etudes-de-genre","og_locale":"fr_FR","og_type":"article","og_title":"Grandes conf\u00e9rences de BruLau, \u00e9cole doctorale en \u00e9tudes de genre - TELEMMe - Temps, espaces, langages, Europe m\u00e9ridionale, M\u00e9diterran\u00e9e","og_description":"Conf\u00e9rences qui visent \u00e0 faire le point sur les th\u00e9matiques retenues par le BruLau est l\u2019\u00e9cole doctorale internationale francophone d\u2019\u00e9t\u00e9 en \u00e9tudes genre.","og_url":"https:\/\/telemme.mmsh.fr\/?tribe_events=grandes-conferences-de-brulau-ecole-doctorale-en-etudes-de-genre","og_site_name":"TELEMMe - Temps, espaces, langages, Europe m\u00e9ridionale, M\u00e9diterran\u00e9e","og_image":[{"width":980,"height":500,"url":"https:\/\/telemme.mmsh.fr\/wp-content\/uploads\/2025\/05\/BWEB_Brulau_2025_72dpi.jpg","type":"image\/jpeg"}],"twitter_card":"summary_large_image","twitter_misc":{"Dur\u00e9e de lecture estim\u00e9e":"1 minute"},"schema":{"@context":"https:\/\/schema.org","@graph":[{"@type":"WebPage","@id":"https:\/\/telemme.mmsh.fr\/?tribe_events=grandes-conferences-de-brulau-ecole-doctorale-en-etudes-de-genre","url":"https:\/\/telemme.mmsh.fr\/?tribe_events=grandes-conferences-de-brulau-ecole-doctorale-en-etudes-de-genre","name":"Grandes conf\u00e9rences de BruLau, \u00e9cole doctorale en \u00e9tudes de genre - TELEMMe - Temps, espaces, langages, Europe m\u00e9ridionale, M\u00e9diterran\u00e9e","isPartOf":{"@id":"https:\/\/telemme.mmsh.fr\/#website"},"primaryImageOfPage":{"@id":"https:\/\/telemme.mmsh.fr\/?tribe_events=grandes-conferences-de-brulau-ecole-doctorale-en-etudes-de-genre#primaryimage"},"image":{"@id":"https:\/\/telemme.mmsh.fr\/?tribe_events=grandes-conferences-de-brulau-ecole-doctorale-en-etudes-de-genre#primaryimage"},"thumbnailUrl":"https:\/\/telemme.mmsh.fr\/wp-content\/uploads\/2025\/05\/BWEB_Brulau_2025_72dpi.jpg","datePublished":"2025-05-20T07:18:48+00:00","description":"Conf\u00e9rences qui visent \u00e0 faire le point sur les th\u00e9matiques retenues par le BruLau est l\u2019\u00e9cole doctorale internationale francophone d\u2019\u00e9t\u00e9 en \u00e9tudes genre.","breadcrumb":{"@id":"https:\/\/telemme.mmsh.fr\/?tribe_events=grandes-conferences-de-brulau-ecole-doctorale-en-etudes-de-genre#breadcrumb"},"inLanguage":"fr-FR","potentialAction":[{"@type":"ReadAction","target":["https:\/\/telemme.mmsh.fr\/?tribe_events=grandes-conferences-de-brulau-ecole-doctorale-en-etudes-de-genre"]}]},{"@type":"ImageObject","inLanguage":"fr-FR","@id":"https:\/\/telemme.mmsh.fr\/?tribe_events=grandes-conferences-de-brulau-ecole-doctorale-en-etudes-de-genre#primaryimage","url":"https:\/\/telemme.mmsh.fr\/wp-content\/uploads\/2025\/05\/BWEB_Brulau_2025_72dpi.jpg","contentUrl":"https:\/\/telemme.mmsh.fr\/wp-content\/uploads\/2025\/05\/BWEB_Brulau_2025_72dpi.jpg","width":980,"height":500,"caption":"BruLau, \u00e9cole doctorale internationale francophone d\u2019\u00e9t\u00e9 en \u00e9tudes genre"},{"@type":"BreadcrumbList","@id":"https:\/\/telemme.mmsh.fr\/?tribe_events=grandes-conferences-de-brulau-ecole-doctorale-en-etudes-de-genre#breadcrumb","itemListElement":[{"@type":"ListItem","position":1,"name":"Accueil","item":"https:\/\/telemme.mmsh.fr\/"},{"@type":"ListItem","position":2,"name":"\u00c9v\u00e8nements","item":"https:\/\/telemme.mmsh.fr\/?post_type=tribe_events"},{"@type":"ListItem","position":3,"name":"\u00c9cole de recherche","item":"https:\/\/telemme.mmsh.fr\/?tribe_events_cat=ecole-de-recherche"},{"@type":"ListItem","position":4,"name":"Grandes conf\u00e9rences de BruLau, \u00e9cole doctorale en \u00e9tudes de genre"}]},{"@type":"WebSite","@id":"https:\/\/telemme.mmsh.fr\/#website","url":"https:\/\/telemme.mmsh.fr\/","name":"TELEMMe - Temps, espaces, langages, Europe m\u00e9ridionale, M\u00e9diterran\u00e9e","description":"","publisher":{"@id":"https:\/\/telemme.mmsh.fr\/#organization"},"potentialAction":[{"@type":"SearchAction","target":{"@type":"EntryPoint","urlTemplate":"https:\/\/telemme.mmsh.fr\/?s={search_term_string}"},"query-input":{"@type":"PropertyValueSpecification","valueRequired":true,"valueName":"search_term_string"}}],"inLanguage":"fr-FR"},{"@type":"Organization","@id":"https:\/\/telemme.mmsh.fr\/#organization","name":"TELEMMe","url":"https:\/\/telemme.mmsh.fr\/","logo":{"@type":"ImageObject","inLanguage":"fr-FR","@id":"https:\/\/telemme.mmsh.fr\/#\/schema\/logo\/image\/","url":"https:\/\/telemme.mmsh.fr\/wp-content\/uploads\/2020\/03\/LogoTELEMMe-horizontal-fond-transparent.png","contentUrl":"https:\/\/telemme.mmsh.fr\/wp-content\/uploads\/2020\/03\/LogoTELEMMe-horizontal-fond-transparent.png","width":1500,"height":437,"caption":"TELEMMe"},"image":{"@id":"https:\/\/telemme.mmsh.fr\/#\/schema\/logo\/image\/"}}]}},"_links":{"self":[{"href":"https:\/\/telemme.mmsh.fr\/index.php?rest_route=\/wp\/v2\/tribe_events\/15557","targetHints":{"allow":["GET"]}}],"collection":[{"href":"https:\/\/telemme.mmsh.fr\/index.php?rest_route=\/wp\/v2\/tribe_events"}],"about":[{"href":"https:\/\/telemme.mmsh.fr\/index.php?rest_route=\/wp\/v2\/types\/tribe_events"}],"author":[{"embeddable":true,"href":"https:\/\/telemme.mmsh.fr\/index.php?rest_route=\/wp\/v2\/users\/6"}],"version-history":[{"count":1,"href":"https:\/\/telemme.mmsh.fr\/index.php?rest_route=\/wp\/v2\/tribe_events\/15557\/revisions"}],"predecessor-version":[{"id":15558,"href":"https:\/\/telemme.mmsh.fr\/index.php?rest_route=\/wp\/v2\/tribe_events\/15557\/revisions\/15558"}],"wp:featuredmedia":[{"embeddable":true,"href":"https:\/\/telemme.mmsh.fr\/index.php?rest_route=\/wp\/v2\/media\/15556"}],"wp:attachment":[{"href":"https:\/\/telemme.mmsh.fr\/index.php?rest_route=%2Fwp%2Fv2%2Fmedia&parent=15557"}],"wp:term":[{"taxonomy":"post_tag","embeddable":true,"href":"https:\/\/telemme.mmsh.fr\/index.php?rest_route=%2Fwp%2Fv2%2Ftags&post=15557"},{"taxonomy":"tribe_events_cat","embeddable":true,"href":"https:\/\/telemme.mmsh.fr\/index.php?rest_route=%2Fwp%2Fv2%2Ftribe_events_cat&post=15557"}],"curies":[{"name":"wp","href":"https:\/\/api.w.org\/{rel}","templated":true}]}}