{"id":15497,"date":"2025-05-05T17:17:36","date_gmt":"2025-05-05T15:17:36","guid":{"rendered":"https:\/\/telemme.mmsh.fr\/?post_type=tribe_events&#038;p=15497"},"modified":"2025-05-05T17:17:36","modified_gmt":"2025-05-05T15:17:36","slug":"psychiatrie-genre-et-race","status":"publish","type":"tribe_events","link":"https:\/\/telemme.mmsh.fr\/?tribe_events=psychiatrie-genre-et-race","title":{"rendered":"Psychiatrie, genre et race"},"content":{"rendered":"<p>La s\u00e9ance portera sur l\u2019histoire de la psychiatrie en contexte de domination, \u00e0 l\u2019aune des cat\u00e9gories de genre et de race. Il s\u2019agira d\u2019interroger la fabrique des savoirs et les pratiques de soin en sant\u00e9 mentale aupr\u00e8s d\u2019individus pathologis\u00e9s, racialis\u00e9s et soumis, en Afrique du Nord et en Am\u00e9rique du Nord aux XIX<sup>e<\/sup> et XX<sup>e<\/sup> si\u00e8cles. Cette question sera saisie \u00e0 partir des domaines de recherche des deux participantes : l\u2019histoire de la psychiatrie raciale dans un contexte d\u2019esclavage et de s\u00e9gr\u00e9gation raciale\u00a0; et la gen\u00e8se de la psychiatrie dans le contexte colonial nord-africain.<\/p>\n<p><a href=\"https:\/\/telemme.mmsh.fr\/?evenement=psychiatrie-genre-et-race\"><strong>Programme complet<\/strong><\/a><\/p>\n","protected":false},"excerpt":{"rendered":"<p>La s\u00e9ance portera sur l\u2019histoire de la psychiatrie en contexte de domination, \u00e0 l\u2019aune des cat\u00e9gories de genre et de race. Il s\u2019agira d\u2019interroger la fabrique des savoirs et les&hellip;&nbsp;<a href=\"https:\/\/telemme.mmsh.fr\/?tribe_events=psychiatrie-genre-et-race\" rel=\"bookmark\">Lire la suite &raquo;<span class=\"screen-reader-text\">Psychiatrie, genre et race<\/span><\/a><\/p>\n","protected":false},"author":6,"featured_media":15496,"template":"","meta":{"neve_meta_sidebar":"","neve_meta_container":"","neve_meta_enable_content_width":"","neve_meta_content_width":0,"neve_meta_title_alignment":"","neve_meta_author_avatar":"","neve_post_elements_order":"","neve_meta_disable_header":"","neve_meta_disable_footer":"","neve_meta_disable_title":"","_tribe_events_status":"","_tribe_events_status_reason":"","footnotes":""},"tags":[2844],"tribe_events_cat":[1831],"class_list":["post-15497","tribe_events","type-tribe_events","status-publish","has-post-thumbnail","hentry","tag-3-3-histoire-de-la-sante","tribe_events_cat-seminaire","cat_seminaire"],"yoast_head":"<!-- This site is optimized with the Yoast SEO plugin v27.4 - https:\/\/yoast.com\/product\/yoast-seo-wordpress\/ -->\n<title>Psychiatrie, genre et race - TELEMMe - Temps, espaces, langages, Europe m\u00e9ridionale, M\u00e9diterran\u00e9e<\/title>\n<meta name=\"description\" content=\"La s\u00e9ance portera sur l\u2019histoire de la psychiatrie en contexte de domination, \u00e0 l\u2019aune des cat\u00e9gories de genre et de race. Il s\u2019agira d\u2019interroger la fabrique des savoirs et les pratiques de soin en sant\u00e9 mentale aupr\u00e8s d\u2019individus pathologis\u00e9s, racialis\u00e9s et soumis, en Afrique du Nord et en Am\u00e9rique du Nord aux XIXe et XXe si\u00e8cles. Cette question sera saisie \u00e0 partir des domaines de recherche des deux participantes : l\u2019histoire de la psychiatrie raciale dans un contexte d\u2019esclavage et de s\u00e9gr\u00e9gation raciale\u00a0; et la gen\u00e8se de la psychiatrie dans le contexte colonial nord-africain.\" \/>\n<meta name=\"robots\" content=\"index, follow, max-snippet:-1, max-image-preview:large, max-video-preview:-1\" \/>\n<link rel=\"canonical\" href=\"https:\/\/telemme.mmsh.fr\/?tribe_events=psychiatrie-genre-et-race\" \/>\n<meta property=\"og:locale\" content=\"fr_FR\" \/>\n<meta property=\"og:type\" content=\"article\" \/>\n<meta property=\"og:title\" content=\"Psychiatrie, genre et race - TELEMMe - Temps, espaces, langages, Europe m\u00e9ridionale, M\u00e9diterran\u00e9e\" \/>\n<meta property=\"og:description\" content=\"La s\u00e9ance portera sur l\u2019histoire de la psychiatrie en contexte de domination, \u00e0 l\u2019aune des cat\u00e9gories de genre et de race. Il s\u2019agira d\u2019interroger la fabrique des savoirs et les pratiques de soin en sant\u00e9 mentale aupr\u00e8s d\u2019individus pathologis\u00e9s, racialis\u00e9s et soumis, en Afrique du Nord et en Am\u00e9rique du Nord aux XIXe et XXe si\u00e8cles. Cette question sera saisie \u00e0 partir des domaines de recherche des deux participantes : l\u2019histoire de la psychiatrie raciale dans un contexte d\u2019esclavage et de s\u00e9gr\u00e9gation raciale\u00a0; et la gen\u00e8se de la psychiatrie dans le contexte colonial nord-africain.\" \/>\n<meta property=\"og:url\" content=\"https:\/\/telemme.mmsh.fr\/?tribe_events=psychiatrie-genre-et-race\" \/>\n<meta property=\"og:site_name\" content=\"TELEMMe - Temps, espaces, langages, Europe m\u00e9ridionale, M\u00e9diterran\u00e9e\" \/>\n<meta property=\"og:image\" content=\"https:\/\/telemme.mmsh.fr\/wp-content\/uploads\/2025\/05\/Fanon_LaManouba_1958.jpg\" \/>\n\t<meta property=\"og:image:width\" content=\"871\" \/>\n\t<meta property=\"og:image:height\" content=\"605\" \/>\n\t<meta property=\"og:image:type\" content=\"image\/jpeg\" \/>\n<meta name=\"twitter:card\" content=\"summary_large_image\" \/>\n<meta name=\"twitter:label1\" content=\"Dur\u00e9e de lecture estim\u00e9e\" \/>\n\t<meta name=\"twitter:data1\" content=\"1 minute\" \/>\n<script type=\"application\/ld+json\" class=\"yoast-schema-graph\">{\"@context\":\"https:\\\/\\\/schema.org\",\"@graph\":[{\"@type\":\"WebPage\",\"@id\":\"https:\\\/\\\/telemme.mmsh.fr\\\/?tribe_events=psychiatrie-genre-et-race\",\"url\":\"https:\\\/\\\/telemme.mmsh.fr\\\/?tribe_events=psychiatrie-genre-et-race\",\"name\":\"Psychiatrie, genre et race - TELEMMe - Temps, espaces, langages, Europe m\u00e9ridionale, M\u00e9diterran\u00e9e\",\"isPartOf\":{\"@id\":\"https:\\\/\\\/telemme.mmsh.fr\\\/#website\"},\"primaryImageOfPage\":{\"@id\":\"https:\\\/\\\/telemme.mmsh.fr\\\/?tribe_events=psychiatrie-genre-et-race#primaryimage\"},\"image\":{\"@id\":\"https:\\\/\\\/telemme.mmsh.fr\\\/?tribe_events=psychiatrie-genre-et-race#primaryimage\"},\"thumbnailUrl\":\"https:\\\/\\\/telemme.mmsh.fr\\\/wp-content\\\/uploads\\\/2025\\\/05\\\/Fanon_LaManouba_1958.jpg\",\"datePublished\":\"2025-05-05T15:17:36+00:00\",\"description\":\"La s\u00e9ance portera sur l\u2019histoire de la psychiatrie en contexte de domination, \u00e0 l\u2019aune des cat\u00e9gories de genre et de race. Il s\u2019agira d\u2019interroger la fabrique des savoirs et les pratiques de soin en sant\u00e9 mentale aupr\u00e8s d\u2019individus pathologis\u00e9s, racialis\u00e9s et soumis, en Afrique du Nord et en Am\u00e9rique du Nord aux XIXe et XXe si\u00e8cles. Cette question sera saisie \u00e0 partir des domaines de recherche des deux participantes : l\u2019histoire de la psychiatrie raciale dans un contexte d\u2019esclavage et de s\u00e9gr\u00e9gation raciale\u00a0; et la gen\u00e8se de la psychiatrie dans le contexte colonial nord-africain.\",\"breadcrumb\":{\"@id\":\"https:\\\/\\\/telemme.mmsh.fr\\\/?tribe_events=psychiatrie-genre-et-race#breadcrumb\"},\"inLanguage\":\"fr-FR\",\"potentialAction\":[{\"@type\":\"ReadAction\",\"target\":[\"https:\\\/\\\/telemme.mmsh.fr\\\/?tribe_events=psychiatrie-genre-et-race\"]}]},{\"@type\":\"ImageObject\",\"inLanguage\":\"fr-FR\",\"@id\":\"https:\\\/\\\/telemme.mmsh.fr\\\/?tribe_events=psychiatrie-genre-et-race#primaryimage\",\"url\":\"https:\\\/\\\/telemme.mmsh.fr\\\/wp-content\\\/uploads\\\/2025\\\/05\\\/Fanon_LaManouba_1958.jpg\",\"contentUrl\":\"https:\\\/\\\/telemme.mmsh.fr\\\/wp-content\\\/uploads\\\/2025\\\/05\\\/Fanon_LaManouba_1958.jpg\",\"width\":871,\"height\":605,\"caption\":\"Frantz Fanon et son \u00e9quipe \u00e0 l\u2019h\u00f4pital psychiatrique de la Manouba \u00e0 Tunis, 1958\"},{\"@type\":\"BreadcrumbList\",\"@id\":\"https:\\\/\\\/telemme.mmsh.fr\\\/?tribe_events=psychiatrie-genre-et-race#breadcrumb\",\"itemListElement\":[{\"@type\":\"ListItem\",\"position\":1,\"name\":\"Accueil\",\"item\":\"https:\\\/\\\/telemme.mmsh.fr\\\/\"},{\"@type\":\"ListItem\",\"position\":2,\"name\":\"\u00c9v\u00e8nements\",\"item\":\"https:\\\/\\\/telemme.mmsh.fr\\\/?post_type=tribe_events\"},{\"@type\":\"ListItem\",\"position\":3,\"name\":\"S\u00e9minaire\",\"item\":\"https:\\\/\\\/telemme.mmsh.fr\\\/?tribe_events_cat=seminaire\"},{\"@type\":\"ListItem\",\"position\":4,\"name\":\"Psychiatrie, genre et race\"}]},{\"@type\":\"WebSite\",\"@id\":\"https:\\\/\\\/telemme.mmsh.fr\\\/#website\",\"url\":\"https:\\\/\\\/telemme.mmsh.fr\\\/\",\"name\":\"TELEMMe - Temps, espaces, langages, Europe m\u00e9ridionale, M\u00e9diterran\u00e9e\",\"description\":\"\",\"publisher\":{\"@id\":\"https:\\\/\\\/telemme.mmsh.fr\\\/#organization\"},\"potentialAction\":[{\"@type\":\"SearchAction\",\"target\":{\"@type\":\"EntryPoint\",\"urlTemplate\":\"https:\\\/\\\/telemme.mmsh.fr\\\/?s={search_term_string}\"},\"query-input\":{\"@type\":\"PropertyValueSpecification\",\"valueRequired\":true,\"valueName\":\"search_term_string\"}}],\"inLanguage\":\"fr-FR\"},{\"@type\":\"Organization\",\"@id\":\"https:\\\/\\\/telemme.mmsh.fr\\\/#organization\",\"name\":\"TELEMMe\",\"url\":\"https:\\\/\\\/telemme.mmsh.fr\\\/\",\"logo\":{\"@type\":\"ImageObject\",\"inLanguage\":\"fr-FR\",\"@id\":\"https:\\\/\\\/telemme.mmsh.fr\\\/#\\\/schema\\\/logo\\\/image\\\/\",\"url\":\"https:\\\/\\\/telemme.mmsh.fr\\\/wp-content\\\/uploads\\\/2020\\\/03\\\/LogoTELEMMe-horizontal-fond-transparent.png\",\"contentUrl\":\"https:\\\/\\\/telemme.mmsh.fr\\\/wp-content\\\/uploads\\\/2020\\\/03\\\/LogoTELEMMe-horizontal-fond-transparent.png\",\"width\":1500,\"height\":437,\"caption\":\"TELEMMe\"},\"image\":{\"@id\":\"https:\\\/\\\/telemme.mmsh.fr\\\/#\\\/schema\\\/logo\\\/image\\\/\"}}]}<\/script>\n<!-- \/ Yoast SEO plugin. -->","yoast_head_json":{"title":"Psychiatrie, genre et race - TELEMMe - Temps, espaces, langages, Europe m\u00e9ridionale, M\u00e9diterran\u00e9e","description":"La s\u00e9ance portera sur l\u2019histoire de la psychiatrie en contexte de domination, \u00e0 l\u2019aune des cat\u00e9gories de genre et de race. Il s\u2019agira d\u2019interroger la fabrique des savoirs et les pratiques de soin en sant\u00e9 mentale aupr\u00e8s d\u2019individus pathologis\u00e9s, racialis\u00e9s et soumis, en Afrique du Nord et en Am\u00e9rique du Nord aux XIXe et XXe si\u00e8cles. Cette question sera saisie \u00e0 partir des domaines de recherche des deux participantes : l\u2019histoire de la psychiatrie raciale dans un contexte d\u2019esclavage et de s\u00e9gr\u00e9gation raciale\u00a0; et la gen\u00e8se de la psychiatrie dans le contexte colonial nord-africain.","robots":{"index":"index","follow":"follow","max-snippet":"max-snippet:-1","max-image-preview":"max-image-preview:large","max-video-preview":"max-video-preview:-1"},"canonical":"https:\/\/telemme.mmsh.fr\/?tribe_events=psychiatrie-genre-et-race","og_locale":"fr_FR","og_type":"article","og_title":"Psychiatrie, genre et race - TELEMMe - Temps, espaces, langages, Europe m\u00e9ridionale, M\u00e9diterran\u00e9e","og_description":"La s\u00e9ance portera sur l\u2019histoire de la psychiatrie en contexte de domination, \u00e0 l\u2019aune des cat\u00e9gories de genre et de race. Il s\u2019agira d\u2019interroger la fabrique des savoirs et les pratiques de soin en sant\u00e9 mentale aupr\u00e8s d\u2019individus pathologis\u00e9s, racialis\u00e9s et soumis, en Afrique du Nord et en Am\u00e9rique du Nord aux XIXe et XXe si\u00e8cles. Cette question sera saisie \u00e0 partir des domaines de recherche des deux participantes : l\u2019histoire de la psychiatrie raciale dans un contexte d\u2019esclavage et de s\u00e9gr\u00e9gation raciale\u00a0; et la gen\u00e8se de la psychiatrie dans le contexte colonial nord-africain.","og_url":"https:\/\/telemme.mmsh.fr\/?tribe_events=psychiatrie-genre-et-race","og_site_name":"TELEMMe - Temps, espaces, langages, Europe m\u00e9ridionale, M\u00e9diterran\u00e9e","og_image":[{"width":871,"height":605,"url":"https:\/\/telemme.mmsh.fr\/wp-content\/uploads\/2025\/05\/Fanon_LaManouba_1958.jpg","type":"image\/jpeg"}],"twitter_card":"summary_large_image","twitter_misc":{"Dur\u00e9e de lecture estim\u00e9e":"1 minute"},"schema":{"@context":"https:\/\/schema.org","@graph":[{"@type":"WebPage","@id":"https:\/\/telemme.mmsh.fr\/?tribe_events=psychiatrie-genre-et-race","url":"https:\/\/telemme.mmsh.fr\/?tribe_events=psychiatrie-genre-et-race","name":"Psychiatrie, genre et race - TELEMMe - Temps, espaces, langages, Europe m\u00e9ridionale, M\u00e9diterran\u00e9e","isPartOf":{"@id":"https:\/\/telemme.mmsh.fr\/#website"},"primaryImageOfPage":{"@id":"https:\/\/telemme.mmsh.fr\/?tribe_events=psychiatrie-genre-et-race#primaryimage"},"image":{"@id":"https:\/\/telemme.mmsh.fr\/?tribe_events=psychiatrie-genre-et-race#primaryimage"},"thumbnailUrl":"https:\/\/telemme.mmsh.fr\/wp-content\/uploads\/2025\/05\/Fanon_LaManouba_1958.jpg","datePublished":"2025-05-05T15:17:36+00:00","description":"La s\u00e9ance portera sur l\u2019histoire de la psychiatrie en contexte de domination, \u00e0 l\u2019aune des cat\u00e9gories de genre et de race. Il s\u2019agira d\u2019interroger la fabrique des savoirs et les pratiques de soin en sant\u00e9 mentale aupr\u00e8s d\u2019individus pathologis\u00e9s, racialis\u00e9s et soumis, en Afrique du Nord et en Am\u00e9rique du Nord aux XIXe et XXe si\u00e8cles. Cette question sera saisie \u00e0 partir des domaines de recherche des deux participantes : l\u2019histoire de la psychiatrie raciale dans un contexte d\u2019esclavage et de s\u00e9gr\u00e9gation raciale\u00a0; et la gen\u00e8se de la psychiatrie dans le contexte colonial nord-africain.","breadcrumb":{"@id":"https:\/\/telemme.mmsh.fr\/?tribe_events=psychiatrie-genre-et-race#breadcrumb"},"inLanguage":"fr-FR","potentialAction":[{"@type":"ReadAction","target":["https:\/\/telemme.mmsh.fr\/?tribe_events=psychiatrie-genre-et-race"]}]},{"@type":"ImageObject","inLanguage":"fr-FR","@id":"https:\/\/telemme.mmsh.fr\/?tribe_events=psychiatrie-genre-et-race#primaryimage","url":"https:\/\/telemme.mmsh.fr\/wp-content\/uploads\/2025\/05\/Fanon_LaManouba_1958.jpg","contentUrl":"https:\/\/telemme.mmsh.fr\/wp-content\/uploads\/2025\/05\/Fanon_LaManouba_1958.jpg","width":871,"height":605,"caption":"Frantz Fanon et son \u00e9quipe \u00e0 l\u2019h\u00f4pital psychiatrique de la Manouba \u00e0 Tunis, 1958"},{"@type":"BreadcrumbList","@id":"https:\/\/telemme.mmsh.fr\/?tribe_events=psychiatrie-genre-et-race#breadcrumb","itemListElement":[{"@type":"ListItem","position":1,"name":"Accueil","item":"https:\/\/telemme.mmsh.fr\/"},{"@type":"ListItem","position":2,"name":"\u00c9v\u00e8nements","item":"https:\/\/telemme.mmsh.fr\/?post_type=tribe_events"},{"@type":"ListItem","position":3,"name":"S\u00e9minaire","item":"https:\/\/telemme.mmsh.fr\/?tribe_events_cat=seminaire"},{"@type":"ListItem","position":4,"name":"Psychiatrie, genre et race"}]},{"@type":"WebSite","@id":"https:\/\/telemme.mmsh.fr\/#website","url":"https:\/\/telemme.mmsh.fr\/","name":"TELEMMe - Temps, espaces, langages, Europe m\u00e9ridionale, M\u00e9diterran\u00e9e","description":"","publisher":{"@id":"https:\/\/telemme.mmsh.fr\/#organization"},"potentialAction":[{"@type":"SearchAction","target":{"@type":"EntryPoint","urlTemplate":"https:\/\/telemme.mmsh.fr\/?s={search_term_string}"},"query-input":{"@type":"PropertyValueSpecification","valueRequired":true,"valueName":"search_term_string"}}],"inLanguage":"fr-FR"},{"@type":"Organization","@id":"https:\/\/telemme.mmsh.fr\/#organization","name":"TELEMMe","url":"https:\/\/telemme.mmsh.fr\/","logo":{"@type":"ImageObject","inLanguage":"fr-FR","@id":"https:\/\/telemme.mmsh.fr\/#\/schema\/logo\/image\/","url":"https:\/\/telemme.mmsh.fr\/wp-content\/uploads\/2020\/03\/LogoTELEMMe-horizontal-fond-transparent.png","contentUrl":"https:\/\/telemme.mmsh.fr\/wp-content\/uploads\/2020\/03\/LogoTELEMMe-horizontal-fond-transparent.png","width":1500,"height":437,"caption":"TELEMMe"},"image":{"@id":"https:\/\/telemme.mmsh.fr\/#\/schema\/logo\/image\/"}}]}},"_links":{"self":[{"href":"https:\/\/telemme.mmsh.fr\/index.php?rest_route=\/wp\/v2\/tribe_events\/15497","targetHints":{"allow":["GET"]}}],"collection":[{"href":"https:\/\/telemme.mmsh.fr\/index.php?rest_route=\/wp\/v2\/tribe_events"}],"about":[{"href":"https:\/\/telemme.mmsh.fr\/index.php?rest_route=\/wp\/v2\/types\/tribe_events"}],"author":[{"embeddable":true,"href":"https:\/\/telemme.mmsh.fr\/index.php?rest_route=\/wp\/v2\/users\/6"}],"version-history":[{"count":1,"href":"https:\/\/telemme.mmsh.fr\/index.php?rest_route=\/wp\/v2\/tribe_events\/15497\/revisions"}],"predecessor-version":[{"id":15498,"href":"https:\/\/telemme.mmsh.fr\/index.php?rest_route=\/wp\/v2\/tribe_events\/15497\/revisions\/15498"}],"wp:featuredmedia":[{"embeddable":true,"href":"https:\/\/telemme.mmsh.fr\/index.php?rest_route=\/wp\/v2\/media\/15496"}],"wp:attachment":[{"href":"https:\/\/telemme.mmsh.fr\/index.php?rest_route=%2Fwp%2Fv2%2Fmedia&parent=15497"}],"wp:term":[{"taxonomy":"post_tag","embeddable":true,"href":"https:\/\/telemme.mmsh.fr\/index.php?rest_route=%2Fwp%2Fv2%2Ftags&post=15497"},{"taxonomy":"tribe_events_cat","embeddable":true,"href":"https:\/\/telemme.mmsh.fr\/index.php?rest_route=%2Fwp%2Fv2%2Ftribe_events_cat&post=15497"}],"curies":[{"name":"wp","href":"https:\/\/api.w.org\/{rel}","templated":true}]}}