{"id":15485,"date":"2025-04-30T16:12:55","date_gmt":"2025-04-30T14:12:55","guid":{"rendered":"https:\/\/telemme.mmsh.fr\/?post_type=tribe_events&#038;p=15485"},"modified":"2025-05-15T12:59:19","modified_gmt":"2025-05-15T10:59:19","slug":"cohabitations-espaces-acteurs-representations","status":"publish","type":"tribe_events","link":"https:\/\/telemme.mmsh.fr\/?tribe_events=cohabitations-espaces-acteurs-representations","title":{"rendered":"Cohabitations : espaces, acteurs, repr\u00e9sentations"},"content":{"rendered":"<p>La cohabitation \u2014 fait d\u2019habiter ensemble \u2014 g\u00e9n\u00e8re des dynamiques complexes entre individus, groupes humains et non humains, au sein d\u2019espaces partag\u00e9s. Ce concept invite \u00e0 une analyse multiscalaire qui mobilise une pluralit\u00e9 d\u2019acteurs et d\u2019actrices, porteurs de repr\u00e9sentations, de motivations, de strat\u00e9gies et d\u2019int\u00e9r\u00eats parfois divergents, qui influencent ces interactions. Les sciences humaines et sociales permettent d\u2019explorer la nature de ces cohabitations, qu\u2019elles soient pacifiques, solidaires ou conflictuelles, et d\u2019interroger les facteurs sociaux, culturels, politiques, \u00e9conomiques ou environnementaux qui les fa\u00e7onnent. Cette nouvelle journ\u00e9e d\u2019\u00e9tude des Jeunes Chercheur\u00b7se\u00b7s de TELEMMe propose d\u2019analyser ces m\u00e9canismes \u00e0 travers une approche transdisciplinaire.<\/p>\n<p><a href=\"https:\/\/telemme.mmsh.fr\/?post_type=evenement&amp;p=15484\"><strong>Programme complet<\/strong><\/a><\/p>\n","protected":false},"excerpt":{"rendered":"<p>La cohabitation \u2014 fait d\u2019habiter ensemble \u2014 g\u00e9n\u00e8re des dynamiques complexes entre individus, groupes humains et non humains, au sein d\u2019espaces partag\u00e9s. Ce concept invite \u00e0 une analyse multiscalaire qui&hellip;&nbsp;<a href=\"https:\/\/telemme.mmsh.fr\/?tribe_events=cohabitations-espaces-acteurs-representations\" rel=\"bookmark\">Lire la suite &raquo;<span class=\"screen-reader-text\">Cohabitations : espaces, acteurs, repr\u00e9sentations<\/span><\/a><\/p>\n","protected":false},"author":6,"featured_media":15157,"template":"","meta":{"neve_meta_sidebar":"","neve_meta_container":"","neve_meta_enable_content_width":"","neve_meta_content_width":0,"neve_meta_title_alignment":"","neve_meta_author_avatar":"","neve_post_elements_order":"","neve_meta_disable_header":"","neve_meta_disable_footer":"","neve_meta_disable_title":"","_tribe_events_status":"","_tribe_events_status_reason":"","footnotes":""},"tags":[2939],"tribe_events_cat":[1956],"class_list":["post-15485","tribe_events","type-tribe_events","status-publish","has-post-thumbnail","hentry","tag-cohabitations","tribe_events_cat-journee-jeunes-chercheureuses-telemme","cat_journee-jeunes-chercheureuses-telemme"],"yoast_head":"<!-- This site is optimized with the Yoast SEO plugin v27.4 - https:\/\/yoast.com\/product\/yoast-seo-wordpress\/ -->\n<title>Cohabitations : espaces, acteurs, repr\u00e9sentations - TELEMMe - Temps, espaces, langages, Europe m\u00e9ridionale, M\u00e9diterran\u00e9e<\/title>\n<meta name=\"robots\" content=\"index, follow, max-snippet:-1, max-image-preview:large, max-video-preview:-1\" \/>\n<link rel=\"canonical\" href=\"https:\/\/telemme.mmsh.fr\/?tribe_events=cohabitations-espaces-acteurs-representations\" \/>\n<meta property=\"og:locale\" content=\"fr_FR\" \/>\n<meta property=\"og:type\" content=\"article\" \/>\n<meta property=\"og:title\" content=\"Cohabitations : espaces, acteurs, repr\u00e9sentations - TELEMMe - Temps, espaces, langages, Europe m\u00e9ridionale, M\u00e9diterran\u00e9e\" \/>\n<meta property=\"og:description\" content=\"La cohabitation \u2014 fait d\u2019habiter ensemble \u2014 g\u00e9n\u00e8re des dynamiques complexes entre individus, groupes humains et non humains, au sein d\u2019espaces partag\u00e9s. Ce concept invite \u00e0 une analyse multiscalaire qui&hellip;&nbsp;Lire la suite &raquo;Cohabitations : espaces, acteurs, repr\u00e9sentations\" \/>\n<meta property=\"og:url\" content=\"https:\/\/telemme.mmsh.fr\/?tribe_events=cohabitations-espaces-acteurs-representations\" \/>\n<meta property=\"og:site_name\" content=\"TELEMMe - Temps, espaces, langages, Europe m\u00e9ridionale, M\u00e9diterran\u00e9e\" \/>\n<meta property=\"article:modified_time\" content=\"2025-05-15T10:59:19+00:00\" \/>\n<meta property=\"og:image\" content=\"https:\/\/telemme.mmsh.fr\/wp-content\/uploads\/2025\/01\/Brueghel_combatcarnaval.jpg\" \/>\n\t<meta property=\"og:image:width\" content=\"1024\" \/>\n\t<meta property=\"og:image:height\" content=\"731\" \/>\n\t<meta property=\"og:image:type\" content=\"image\/jpeg\" \/>\n<meta name=\"twitter:card\" content=\"summary_large_image\" \/>\n<meta name=\"twitter:label1\" content=\"Dur\u00e9e de lecture estim\u00e9e\" \/>\n\t<meta name=\"twitter:data1\" content=\"1 minute\" \/>\n<script type=\"application\/ld+json\" class=\"yoast-schema-graph\">{\"@context\":\"https:\\\/\\\/schema.org\",\"@graph\":[{\"@type\":\"WebPage\",\"@id\":\"https:\\\/\\\/telemme.mmsh.fr\\\/?tribe_events=cohabitations-espaces-acteurs-representations\",\"url\":\"https:\\\/\\\/telemme.mmsh.fr\\\/?tribe_events=cohabitations-espaces-acteurs-representations\",\"name\":\"Cohabitations : espaces, acteurs, repr\u00e9sentations - TELEMMe - Temps, espaces, langages, Europe m\u00e9ridionale, M\u00e9diterran\u00e9e\",\"isPartOf\":{\"@id\":\"https:\\\/\\\/telemme.mmsh.fr\\\/#website\"},\"primaryImageOfPage\":{\"@id\":\"https:\\\/\\\/telemme.mmsh.fr\\\/?tribe_events=cohabitations-espaces-acteurs-representations#primaryimage\"},\"image\":{\"@id\":\"https:\\\/\\\/telemme.mmsh.fr\\\/?tribe_events=cohabitations-espaces-acteurs-representations#primaryimage\"},\"thumbnailUrl\":\"https:\\\/\\\/telemme.mmsh.fr\\\/wp-content\\\/uploads\\\/2025\\\/01\\\/Brueghel_combatcarnaval.jpg\",\"datePublished\":\"2025-04-30T14:12:55+00:00\",\"dateModified\":\"2025-05-15T10:59:19+00:00\",\"breadcrumb\":{\"@id\":\"https:\\\/\\\/telemme.mmsh.fr\\\/?tribe_events=cohabitations-espaces-acteurs-representations#breadcrumb\"},\"inLanguage\":\"fr-FR\",\"potentialAction\":[{\"@type\":\"ReadAction\",\"target\":[\"https:\\\/\\\/telemme.mmsh.fr\\\/?tribe_events=cohabitations-espaces-acteurs-representations\"]}]},{\"@type\":\"ImageObject\",\"inLanguage\":\"fr-FR\",\"@id\":\"https:\\\/\\\/telemme.mmsh.fr\\\/?tribe_events=cohabitations-espaces-acteurs-representations#primaryimage\",\"url\":\"https:\\\/\\\/telemme.mmsh.fr\\\/wp-content\\\/uploads\\\/2025\\\/01\\\/Brueghel_combatcarnaval.jpg\",\"contentUrl\":\"https:\\\/\\\/telemme.mmsh.fr\\\/wp-content\\\/uploads\\\/2025\\\/01\\\/Brueghel_combatcarnaval.jpg\",\"width\":1024,\"height\":731,\"caption\":\"Pieter Brueghel l'Ancien, Le Combat de Carnaval et Car\u00eame, 1559, Kunsthistorisches Museum, Vienne. Domaine public\"},{\"@type\":\"BreadcrumbList\",\"@id\":\"https:\\\/\\\/telemme.mmsh.fr\\\/?tribe_events=cohabitations-espaces-acteurs-representations#breadcrumb\",\"itemListElement\":[{\"@type\":\"ListItem\",\"position\":1,\"name\":\"Accueil\",\"item\":\"https:\\\/\\\/telemme.mmsh.fr\\\/\"},{\"@type\":\"ListItem\",\"position\":2,\"name\":\"\u00c9v\u00e8nements\",\"item\":\"https:\\\/\\\/telemme.mmsh.fr\\\/?post_type=tribe_events\"},{\"@type\":\"ListItem\",\"position\":3,\"name\":\"Journ\u00e9e Jeunes chercheur\u00b7euses TELEMMe\",\"item\":\"https:\\\/\\\/telemme.mmsh.fr\\\/?tribe_events_cat=journee-jeunes-chercheur%c2%b7euses-telemme\"},{\"@type\":\"ListItem\",\"position\":4,\"name\":\"Cohabitations : espaces, acteurs, repr\u00e9sentations\"}]},{\"@type\":\"WebSite\",\"@id\":\"https:\\\/\\\/telemme.mmsh.fr\\\/#website\",\"url\":\"https:\\\/\\\/telemme.mmsh.fr\\\/\",\"name\":\"TELEMMe - Temps, espaces, langages, Europe m\u00e9ridionale, M\u00e9diterran\u00e9e\",\"description\":\"\",\"publisher\":{\"@id\":\"https:\\\/\\\/telemme.mmsh.fr\\\/#organization\"},\"potentialAction\":[{\"@type\":\"SearchAction\",\"target\":{\"@type\":\"EntryPoint\",\"urlTemplate\":\"https:\\\/\\\/telemme.mmsh.fr\\\/?s={search_term_string}\"},\"query-input\":{\"@type\":\"PropertyValueSpecification\",\"valueRequired\":true,\"valueName\":\"search_term_string\"}}],\"inLanguage\":\"fr-FR\"},{\"@type\":\"Organization\",\"@id\":\"https:\\\/\\\/telemme.mmsh.fr\\\/#organization\",\"name\":\"TELEMMe\",\"url\":\"https:\\\/\\\/telemme.mmsh.fr\\\/\",\"logo\":{\"@type\":\"ImageObject\",\"inLanguage\":\"fr-FR\",\"@id\":\"https:\\\/\\\/telemme.mmsh.fr\\\/#\\\/schema\\\/logo\\\/image\\\/\",\"url\":\"https:\\\/\\\/telemme.mmsh.fr\\\/wp-content\\\/uploads\\\/2020\\\/03\\\/LogoTELEMMe-horizontal-fond-transparent.png\",\"contentUrl\":\"https:\\\/\\\/telemme.mmsh.fr\\\/wp-content\\\/uploads\\\/2020\\\/03\\\/LogoTELEMMe-horizontal-fond-transparent.png\",\"width\":1500,\"height\":437,\"caption\":\"TELEMMe\"},\"image\":{\"@id\":\"https:\\\/\\\/telemme.mmsh.fr\\\/#\\\/schema\\\/logo\\\/image\\\/\"}}]}<\/script>\n<!-- \/ Yoast SEO plugin. -->","yoast_head_json":{"title":"Cohabitations : espaces, acteurs, repr\u00e9sentations - TELEMMe - Temps, espaces, langages, Europe m\u00e9ridionale, M\u00e9diterran\u00e9e","robots":{"index":"index","follow":"follow","max-snippet":"max-snippet:-1","max-image-preview":"max-image-preview:large","max-video-preview":"max-video-preview:-1"},"canonical":"https:\/\/telemme.mmsh.fr\/?tribe_events=cohabitations-espaces-acteurs-representations","og_locale":"fr_FR","og_type":"article","og_title":"Cohabitations : espaces, acteurs, repr\u00e9sentations - TELEMMe - Temps, espaces, langages, Europe m\u00e9ridionale, M\u00e9diterran\u00e9e","og_description":"La cohabitation \u2014 fait d\u2019habiter ensemble \u2014 g\u00e9n\u00e8re des dynamiques complexes entre individus, groupes humains et non humains, au sein d\u2019espaces partag\u00e9s. Ce concept invite \u00e0 une analyse multiscalaire qui&hellip;&nbsp;Lire la suite &raquo;Cohabitations : espaces, acteurs, repr\u00e9sentations","og_url":"https:\/\/telemme.mmsh.fr\/?tribe_events=cohabitations-espaces-acteurs-representations","og_site_name":"TELEMMe - Temps, espaces, langages, Europe m\u00e9ridionale, M\u00e9diterran\u00e9e","article_modified_time":"2025-05-15T10:59:19+00:00","og_image":[{"width":1024,"height":731,"url":"https:\/\/telemme.mmsh.fr\/wp-content\/uploads\/2025\/01\/Brueghel_combatcarnaval.jpg","type":"image\/jpeg"}],"twitter_card":"summary_large_image","twitter_misc":{"Dur\u00e9e de lecture estim\u00e9e":"1 minute"},"schema":{"@context":"https:\/\/schema.org","@graph":[{"@type":"WebPage","@id":"https:\/\/telemme.mmsh.fr\/?tribe_events=cohabitations-espaces-acteurs-representations","url":"https:\/\/telemme.mmsh.fr\/?tribe_events=cohabitations-espaces-acteurs-representations","name":"Cohabitations : espaces, acteurs, repr\u00e9sentations - TELEMMe - Temps, espaces, langages, Europe m\u00e9ridionale, M\u00e9diterran\u00e9e","isPartOf":{"@id":"https:\/\/telemme.mmsh.fr\/#website"},"primaryImageOfPage":{"@id":"https:\/\/telemme.mmsh.fr\/?tribe_events=cohabitations-espaces-acteurs-representations#primaryimage"},"image":{"@id":"https:\/\/telemme.mmsh.fr\/?tribe_events=cohabitations-espaces-acteurs-representations#primaryimage"},"thumbnailUrl":"https:\/\/telemme.mmsh.fr\/wp-content\/uploads\/2025\/01\/Brueghel_combatcarnaval.jpg","datePublished":"2025-04-30T14:12:55+00:00","dateModified":"2025-05-15T10:59:19+00:00","breadcrumb":{"@id":"https:\/\/telemme.mmsh.fr\/?tribe_events=cohabitations-espaces-acteurs-representations#breadcrumb"},"inLanguage":"fr-FR","potentialAction":[{"@type":"ReadAction","target":["https:\/\/telemme.mmsh.fr\/?tribe_events=cohabitations-espaces-acteurs-representations"]}]},{"@type":"ImageObject","inLanguage":"fr-FR","@id":"https:\/\/telemme.mmsh.fr\/?tribe_events=cohabitations-espaces-acteurs-representations#primaryimage","url":"https:\/\/telemme.mmsh.fr\/wp-content\/uploads\/2025\/01\/Brueghel_combatcarnaval.jpg","contentUrl":"https:\/\/telemme.mmsh.fr\/wp-content\/uploads\/2025\/01\/Brueghel_combatcarnaval.jpg","width":1024,"height":731,"caption":"Pieter Brueghel l'Ancien, Le Combat de Carnaval et Car\u00eame, 1559, Kunsthistorisches Museum, Vienne. Domaine public"},{"@type":"BreadcrumbList","@id":"https:\/\/telemme.mmsh.fr\/?tribe_events=cohabitations-espaces-acteurs-representations#breadcrumb","itemListElement":[{"@type":"ListItem","position":1,"name":"Accueil","item":"https:\/\/telemme.mmsh.fr\/"},{"@type":"ListItem","position":2,"name":"\u00c9v\u00e8nements","item":"https:\/\/telemme.mmsh.fr\/?post_type=tribe_events"},{"@type":"ListItem","position":3,"name":"Journ\u00e9e Jeunes chercheur\u00b7euses TELEMMe","item":"https:\/\/telemme.mmsh.fr\/?tribe_events_cat=journee-jeunes-chercheur%c2%b7euses-telemme"},{"@type":"ListItem","position":4,"name":"Cohabitations : espaces, acteurs, repr\u00e9sentations"}]},{"@type":"WebSite","@id":"https:\/\/telemme.mmsh.fr\/#website","url":"https:\/\/telemme.mmsh.fr\/","name":"TELEMMe - Temps, espaces, langages, Europe m\u00e9ridionale, M\u00e9diterran\u00e9e","description":"","publisher":{"@id":"https:\/\/telemme.mmsh.fr\/#organization"},"potentialAction":[{"@type":"SearchAction","target":{"@type":"EntryPoint","urlTemplate":"https:\/\/telemme.mmsh.fr\/?s={search_term_string}"},"query-input":{"@type":"PropertyValueSpecification","valueRequired":true,"valueName":"search_term_string"}}],"inLanguage":"fr-FR"},{"@type":"Organization","@id":"https:\/\/telemme.mmsh.fr\/#organization","name":"TELEMMe","url":"https:\/\/telemme.mmsh.fr\/","logo":{"@type":"ImageObject","inLanguage":"fr-FR","@id":"https:\/\/telemme.mmsh.fr\/#\/schema\/logo\/image\/","url":"https:\/\/telemme.mmsh.fr\/wp-content\/uploads\/2020\/03\/LogoTELEMMe-horizontal-fond-transparent.png","contentUrl":"https:\/\/telemme.mmsh.fr\/wp-content\/uploads\/2020\/03\/LogoTELEMMe-horizontal-fond-transparent.png","width":1500,"height":437,"caption":"TELEMMe"},"image":{"@id":"https:\/\/telemme.mmsh.fr\/#\/schema\/logo\/image\/"}}]}},"_links":{"self":[{"href":"https:\/\/telemme.mmsh.fr\/index.php?rest_route=\/wp\/v2\/tribe_events\/15485","targetHints":{"allow":["GET"]}}],"collection":[{"href":"https:\/\/telemme.mmsh.fr\/index.php?rest_route=\/wp\/v2\/tribe_events"}],"about":[{"href":"https:\/\/telemme.mmsh.fr\/index.php?rest_route=\/wp\/v2\/types\/tribe_events"}],"author":[{"embeddable":true,"href":"https:\/\/telemme.mmsh.fr\/index.php?rest_route=\/wp\/v2\/users\/6"}],"version-history":[{"count":3,"href":"https:\/\/telemme.mmsh.fr\/index.php?rest_route=\/wp\/v2\/tribe_events\/15485\/revisions"}],"predecessor-version":[{"id":15523,"href":"https:\/\/telemme.mmsh.fr\/index.php?rest_route=\/wp\/v2\/tribe_events\/15485\/revisions\/15523"}],"wp:featuredmedia":[{"embeddable":true,"href":"https:\/\/telemme.mmsh.fr\/index.php?rest_route=\/wp\/v2\/media\/15157"}],"wp:attachment":[{"href":"https:\/\/telemme.mmsh.fr\/index.php?rest_route=%2Fwp%2Fv2%2Fmedia&parent=15485"}],"wp:term":[{"taxonomy":"post_tag","embeddable":true,"href":"https:\/\/telemme.mmsh.fr\/index.php?rest_route=%2Fwp%2Fv2%2Ftags&post=15485"},{"taxonomy":"tribe_events_cat","embeddable":true,"href":"https:\/\/telemme.mmsh.fr\/index.php?rest_route=%2Fwp%2Fv2%2Ftribe_events_cat&post=15485"}],"curies":[{"name":"wp","href":"https:\/\/api.w.org\/{rel}","templated":true}]}}