{"id":15367,"date":"2025-03-18T11:37:31","date_gmt":"2025-03-18T10:37:31","guid":{"rendered":"https:\/\/telemme.mmsh.fr\/?post_type=tribe_events&#038;p=15367"},"modified":"2025-03-18T11:39:19","modified_gmt":"2025-03-18T10:39:19","slug":"corps-medecine-et-sante-en-contexte-colonial","status":"publish","type":"tribe_events","link":"https:\/\/telemme.mmsh.fr\/?tribe_events=corps-medecine-et-sante-en-contexte-colonial","title":{"rendered":"Corps, m\u00e9decine et sant\u00e9 en contexte colonial"},"content":{"rendered":"<p>La s\u00e9ance abordera la question du corps, de la m\u00e9decine et des pratiques de sant\u00e9 en contexte colonial. Cette question sera saisie \u00e0 partir des domaines de recherche des deux participant.es : l\u2019histoire de la m\u00e9decine et de la sant\u00e9 autochtones au Nord du Qu\u00e9bec dans la deuxi\u00e8me moiti\u00e9 du XIXe si\u00e8cle ; un contexte m\u00e9dical et colonial mis en perspective avec un autre, celui des colonies fran\u00e7aises d\u2019Afrique \u00e0 la m\u00eame p\u00e9riode. Il s\u2019agira de questionner les savoirs m\u00e9dicaux produits sur les corps et les pratiques de sant\u00e9 d\u00e9ploy\u00e9es dans des contextes coloniaux diff\u00e9rents, de r\u00e9fl\u00e9chir \u00e0 l\u2019usage de la contrainte dans le soin ainsi qu\u2019aux enjeux scientifiques, politiques et \u00e9conomiques de la sant\u00e9.<\/p>\n<p><a href=\"https:\/\/telemme.mmsh.fr\/?evenement=corps-medecine-et-sante-en-contexte-colonial\"><strong>Programme complet<\/strong><\/a><\/p>\n","protected":false},"excerpt":{"rendered":"<p>La s\u00e9ance abordera la question du corps, de la m\u00e9decine et des pratiques de sant\u00e9 en contexte colonial. Cette question sera saisie \u00e0 partir des domaines de recherche des deux&hellip;&nbsp;<a href=\"https:\/\/telemme.mmsh.fr\/?tribe_events=corps-medecine-et-sante-en-contexte-colonial\" rel=\"bookmark\">Lire la suite &raquo;<span class=\"screen-reader-text\">Corps, m\u00e9decine et sant\u00e9 en contexte colonial<\/span><\/a><\/p>\n","protected":false},"author":6,"featured_media":15366,"template":"","meta":{"neve_meta_sidebar":"","neve_meta_container":"","neve_meta_enable_content_width":"","neve_meta_content_width":0,"neve_meta_title_alignment":"","neve_meta_author_avatar":"","neve_post_elements_order":"","neve_meta_disable_header":"","neve_meta_disable_footer":"","neve_meta_disable_title":"","_tribe_events_status":"","_tribe_events_status_reason":"","footnotes":""},"tags":[2844],"tribe_events_cat":[1831],"class_list":["post-15367","tribe_events","type-tribe_events","status-publish","has-post-thumbnail","hentry","tag-3-3-histoire-de-la-sante","tribe_events_cat-seminaire","cat_seminaire"],"yoast_head":"<!-- This site is optimized with the Yoast SEO plugin v27.4 - https:\/\/yoast.com\/product\/yoast-seo-wordpress\/ -->\n<title>Corps, m\u00e9decine et sant\u00e9 en contexte colonial - TELEMMe - Temps, espaces, langages, Europe m\u00e9ridionale, M\u00e9diterran\u00e9e<\/title>\n<meta name=\"description\" content=\"La s\u00e9ance abordera la question du corps, de la m\u00e9decine et des pratiques de sant\u00e9 en contexte colonial. Cette question sera saisie \u00e0 partir des domaines de recherche des deux participant.es.\" \/>\n<meta name=\"robots\" content=\"index, follow, max-snippet:-1, max-image-preview:large, max-video-preview:-1\" \/>\n<link rel=\"canonical\" href=\"https:\/\/telemme.mmsh.fr\/?tribe_events=corps-medecine-et-sante-en-contexte-colonial\" \/>\n<meta property=\"og:locale\" content=\"fr_FR\" \/>\n<meta property=\"og:type\" content=\"article\" \/>\n<meta property=\"og:title\" content=\"Corps, m\u00e9decine et sant\u00e9 en contexte colonial - TELEMMe - Temps, espaces, langages, Europe m\u00e9ridionale, M\u00e9diterran\u00e9e\" \/>\n<meta property=\"og:description\" content=\"La s\u00e9ance abordera la question du corps, de la m\u00e9decine et des pratiques de sant\u00e9 en contexte colonial. Cette question sera saisie \u00e0 partir des domaines de recherche des deux participant.es.\" \/>\n<meta property=\"og:url\" content=\"https:\/\/telemme.mmsh.fr\/?tribe_events=corps-medecine-et-sante-en-contexte-colonial\" \/>\n<meta property=\"og:site_name\" content=\"TELEMMe - Temps, espaces, langages, Europe m\u00e9ridionale, M\u00e9diterran\u00e9e\" \/>\n<meta property=\"article:modified_time\" content=\"2025-03-18T10:39:19+00:00\" \/>\n<meta property=\"og:image\" content=\"https:\/\/telemme.mmsh.fr\/wp-content\/uploads\/2025\/03\/guerrebacteriologique.png\" \/>\n\t<meta property=\"og:image:width\" content=\"500\" \/>\n\t<meta property=\"og:image:height\" content=\"506\" \/>\n\t<meta property=\"og:image:type\" content=\"image\/png\" \/>\n<meta name=\"twitter:card\" content=\"summary_large_image\" \/>\n<meta name=\"twitter:label1\" content=\"Dur\u00e9e de lecture estim\u00e9e\" \/>\n\t<meta name=\"twitter:data1\" content=\"1 minute\" \/>\n<script type=\"application\/ld+json\" class=\"yoast-schema-graph\">{\"@context\":\"https:\\\/\\\/schema.org\",\"@graph\":[{\"@type\":\"WebPage\",\"@id\":\"https:\\\/\\\/telemme.mmsh.fr\\\/?tribe_events=corps-medecine-et-sante-en-contexte-colonial\",\"url\":\"https:\\\/\\\/telemme.mmsh.fr\\\/?tribe_events=corps-medecine-et-sante-en-contexte-colonial\",\"name\":\"Corps, m\u00e9decine et sant\u00e9 en contexte colonial - TELEMMe - Temps, espaces, langages, Europe m\u00e9ridionale, M\u00e9diterran\u00e9e\",\"isPartOf\":{\"@id\":\"https:\\\/\\\/telemme.mmsh.fr\\\/#website\"},\"primaryImageOfPage\":{\"@id\":\"https:\\\/\\\/telemme.mmsh.fr\\\/?tribe_events=corps-medecine-et-sante-en-contexte-colonial#primaryimage\"},\"image\":{\"@id\":\"https:\\\/\\\/telemme.mmsh.fr\\\/?tribe_events=corps-medecine-et-sante-en-contexte-colonial#primaryimage\"},\"thumbnailUrl\":\"https:\\\/\\\/telemme.mmsh.fr\\\/wp-content\\\/uploads\\\/2025\\\/03\\\/guerrebacteriologique.png\",\"datePublished\":\"2025-03-18T10:37:31+00:00\",\"dateModified\":\"2025-03-18T10:39:19+00:00\",\"description\":\"La s\u00e9ance abordera la question du corps, de la m\u00e9decine et des pratiques de sant\u00e9 en contexte colonial. Cette question sera saisie \u00e0 partir des domaines de recherche des deux participant.es.\",\"breadcrumb\":{\"@id\":\"https:\\\/\\\/telemme.mmsh.fr\\\/?tribe_events=corps-medecine-et-sante-en-contexte-colonial#breadcrumb\"},\"inLanguage\":\"fr-FR\",\"potentialAction\":[{\"@type\":\"ReadAction\",\"target\":[\"https:\\\/\\\/telemme.mmsh.fr\\\/?tribe_events=corps-medecine-et-sante-en-contexte-colonial\"]}]},{\"@type\":\"ImageObject\",\"inLanguage\":\"fr-FR\",\"@id\":\"https:\\\/\\\/telemme.mmsh.fr\\\/?tribe_events=corps-medecine-et-sante-en-contexte-colonial#primaryimage\",\"url\":\"https:\\\/\\\/telemme.mmsh.fr\\\/wp-content\\\/uploads\\\/2025\\\/03\\\/guerrebacteriologique.png\",\"contentUrl\":\"https:\\\/\\\/telemme.mmsh.fr\\\/wp-content\\\/uploads\\\/2025\\\/03\\\/guerrebacteriologique.png\",\"width\":500,\"height\":506,\"caption\":\"Teharihulen Michel Savard, Pr\u00e9mices \u00e0 une guerre bact\u00e9riologique et religieuse en terre d\u2019Am\u00e9rique, 2016\"},{\"@type\":\"BreadcrumbList\",\"@id\":\"https:\\\/\\\/telemme.mmsh.fr\\\/?tribe_events=corps-medecine-et-sante-en-contexte-colonial#breadcrumb\",\"itemListElement\":[{\"@type\":\"ListItem\",\"position\":1,\"name\":\"Accueil\",\"item\":\"https:\\\/\\\/telemme.mmsh.fr\\\/\"},{\"@type\":\"ListItem\",\"position\":2,\"name\":\"\u00c9v\u00e8nements\",\"item\":\"https:\\\/\\\/telemme.mmsh.fr\\\/?post_type=tribe_events\"},{\"@type\":\"ListItem\",\"position\":3,\"name\":\"S\u00e9minaire\",\"item\":\"https:\\\/\\\/telemme.mmsh.fr\\\/?tribe_events_cat=seminaire\"},{\"@type\":\"ListItem\",\"position\":4,\"name\":\"Corps, m\u00e9decine et sant\u00e9 en contexte colonial\"}]},{\"@type\":\"WebSite\",\"@id\":\"https:\\\/\\\/telemme.mmsh.fr\\\/#website\",\"url\":\"https:\\\/\\\/telemme.mmsh.fr\\\/\",\"name\":\"TELEMMe - Temps, espaces, langages, Europe m\u00e9ridionale, M\u00e9diterran\u00e9e\",\"description\":\"\",\"publisher\":{\"@id\":\"https:\\\/\\\/telemme.mmsh.fr\\\/#organization\"},\"potentialAction\":[{\"@type\":\"SearchAction\",\"target\":{\"@type\":\"EntryPoint\",\"urlTemplate\":\"https:\\\/\\\/telemme.mmsh.fr\\\/?s={search_term_string}\"},\"query-input\":{\"@type\":\"PropertyValueSpecification\",\"valueRequired\":true,\"valueName\":\"search_term_string\"}}],\"inLanguage\":\"fr-FR\"},{\"@type\":\"Organization\",\"@id\":\"https:\\\/\\\/telemme.mmsh.fr\\\/#organization\",\"name\":\"TELEMMe\",\"url\":\"https:\\\/\\\/telemme.mmsh.fr\\\/\",\"logo\":{\"@type\":\"ImageObject\",\"inLanguage\":\"fr-FR\",\"@id\":\"https:\\\/\\\/telemme.mmsh.fr\\\/#\\\/schema\\\/logo\\\/image\\\/\",\"url\":\"https:\\\/\\\/telemme.mmsh.fr\\\/wp-content\\\/uploads\\\/2020\\\/03\\\/LogoTELEMMe-horizontal-fond-transparent.png\",\"contentUrl\":\"https:\\\/\\\/telemme.mmsh.fr\\\/wp-content\\\/uploads\\\/2020\\\/03\\\/LogoTELEMMe-horizontal-fond-transparent.png\",\"width\":1500,\"height\":437,\"caption\":\"TELEMMe\"},\"image\":{\"@id\":\"https:\\\/\\\/telemme.mmsh.fr\\\/#\\\/schema\\\/logo\\\/image\\\/\"}}]}<\/script>\n<!-- \/ Yoast SEO plugin. -->","yoast_head_json":{"title":"Corps, m\u00e9decine et sant\u00e9 en contexte colonial - TELEMMe - Temps, espaces, langages, Europe m\u00e9ridionale, M\u00e9diterran\u00e9e","description":"La s\u00e9ance abordera la question du corps, de la m\u00e9decine et des pratiques de sant\u00e9 en contexte colonial. Cette question sera saisie \u00e0 partir des domaines de recherche des deux participant.es.","robots":{"index":"index","follow":"follow","max-snippet":"max-snippet:-1","max-image-preview":"max-image-preview:large","max-video-preview":"max-video-preview:-1"},"canonical":"https:\/\/telemme.mmsh.fr\/?tribe_events=corps-medecine-et-sante-en-contexte-colonial","og_locale":"fr_FR","og_type":"article","og_title":"Corps, m\u00e9decine et sant\u00e9 en contexte colonial - TELEMMe - Temps, espaces, langages, Europe m\u00e9ridionale, M\u00e9diterran\u00e9e","og_description":"La s\u00e9ance abordera la question du corps, de la m\u00e9decine et des pratiques de sant\u00e9 en contexte colonial. Cette question sera saisie \u00e0 partir des domaines de recherche des deux participant.es.","og_url":"https:\/\/telemme.mmsh.fr\/?tribe_events=corps-medecine-et-sante-en-contexte-colonial","og_site_name":"TELEMMe - Temps, espaces, langages, Europe m\u00e9ridionale, M\u00e9diterran\u00e9e","article_modified_time":"2025-03-18T10:39:19+00:00","og_image":[{"width":500,"height":506,"url":"https:\/\/telemme.mmsh.fr\/wp-content\/uploads\/2025\/03\/guerrebacteriologique.png","type":"image\/png"}],"twitter_card":"summary_large_image","twitter_misc":{"Dur\u00e9e de lecture estim\u00e9e":"1 minute"},"schema":{"@context":"https:\/\/schema.org","@graph":[{"@type":"WebPage","@id":"https:\/\/telemme.mmsh.fr\/?tribe_events=corps-medecine-et-sante-en-contexte-colonial","url":"https:\/\/telemme.mmsh.fr\/?tribe_events=corps-medecine-et-sante-en-contexte-colonial","name":"Corps, m\u00e9decine et sant\u00e9 en contexte colonial - TELEMMe - Temps, espaces, langages, Europe m\u00e9ridionale, M\u00e9diterran\u00e9e","isPartOf":{"@id":"https:\/\/telemme.mmsh.fr\/#website"},"primaryImageOfPage":{"@id":"https:\/\/telemme.mmsh.fr\/?tribe_events=corps-medecine-et-sante-en-contexte-colonial#primaryimage"},"image":{"@id":"https:\/\/telemme.mmsh.fr\/?tribe_events=corps-medecine-et-sante-en-contexte-colonial#primaryimage"},"thumbnailUrl":"https:\/\/telemme.mmsh.fr\/wp-content\/uploads\/2025\/03\/guerrebacteriologique.png","datePublished":"2025-03-18T10:37:31+00:00","dateModified":"2025-03-18T10:39:19+00:00","description":"La s\u00e9ance abordera la question du corps, de la m\u00e9decine et des pratiques de sant\u00e9 en contexte colonial. Cette question sera saisie \u00e0 partir des domaines de recherche des deux participant.es.","breadcrumb":{"@id":"https:\/\/telemme.mmsh.fr\/?tribe_events=corps-medecine-et-sante-en-contexte-colonial#breadcrumb"},"inLanguage":"fr-FR","potentialAction":[{"@type":"ReadAction","target":["https:\/\/telemme.mmsh.fr\/?tribe_events=corps-medecine-et-sante-en-contexte-colonial"]}]},{"@type":"ImageObject","inLanguage":"fr-FR","@id":"https:\/\/telemme.mmsh.fr\/?tribe_events=corps-medecine-et-sante-en-contexte-colonial#primaryimage","url":"https:\/\/telemme.mmsh.fr\/wp-content\/uploads\/2025\/03\/guerrebacteriologique.png","contentUrl":"https:\/\/telemme.mmsh.fr\/wp-content\/uploads\/2025\/03\/guerrebacteriologique.png","width":500,"height":506,"caption":"Teharihulen Michel Savard, Pr\u00e9mices \u00e0 une guerre bact\u00e9riologique et religieuse en terre d\u2019Am\u00e9rique, 2016"},{"@type":"BreadcrumbList","@id":"https:\/\/telemme.mmsh.fr\/?tribe_events=corps-medecine-et-sante-en-contexte-colonial#breadcrumb","itemListElement":[{"@type":"ListItem","position":1,"name":"Accueil","item":"https:\/\/telemme.mmsh.fr\/"},{"@type":"ListItem","position":2,"name":"\u00c9v\u00e8nements","item":"https:\/\/telemme.mmsh.fr\/?post_type=tribe_events"},{"@type":"ListItem","position":3,"name":"S\u00e9minaire","item":"https:\/\/telemme.mmsh.fr\/?tribe_events_cat=seminaire"},{"@type":"ListItem","position":4,"name":"Corps, m\u00e9decine et sant\u00e9 en contexte colonial"}]},{"@type":"WebSite","@id":"https:\/\/telemme.mmsh.fr\/#website","url":"https:\/\/telemme.mmsh.fr\/","name":"TELEMMe - Temps, espaces, langages, Europe m\u00e9ridionale, M\u00e9diterran\u00e9e","description":"","publisher":{"@id":"https:\/\/telemme.mmsh.fr\/#organization"},"potentialAction":[{"@type":"SearchAction","target":{"@type":"EntryPoint","urlTemplate":"https:\/\/telemme.mmsh.fr\/?s={search_term_string}"},"query-input":{"@type":"PropertyValueSpecification","valueRequired":true,"valueName":"search_term_string"}}],"inLanguage":"fr-FR"},{"@type":"Organization","@id":"https:\/\/telemme.mmsh.fr\/#organization","name":"TELEMMe","url":"https:\/\/telemme.mmsh.fr\/","logo":{"@type":"ImageObject","inLanguage":"fr-FR","@id":"https:\/\/telemme.mmsh.fr\/#\/schema\/logo\/image\/","url":"https:\/\/telemme.mmsh.fr\/wp-content\/uploads\/2020\/03\/LogoTELEMMe-horizontal-fond-transparent.png","contentUrl":"https:\/\/telemme.mmsh.fr\/wp-content\/uploads\/2020\/03\/LogoTELEMMe-horizontal-fond-transparent.png","width":1500,"height":437,"caption":"TELEMMe"},"image":{"@id":"https:\/\/telemme.mmsh.fr\/#\/schema\/logo\/image\/"}}]}},"_links":{"self":[{"href":"https:\/\/telemme.mmsh.fr\/index.php?rest_route=\/wp\/v2\/tribe_events\/15367","targetHints":{"allow":["GET"]}}],"collection":[{"href":"https:\/\/telemme.mmsh.fr\/index.php?rest_route=\/wp\/v2\/tribe_events"}],"about":[{"href":"https:\/\/telemme.mmsh.fr\/index.php?rest_route=\/wp\/v2\/types\/tribe_events"}],"author":[{"embeddable":true,"href":"https:\/\/telemme.mmsh.fr\/index.php?rest_route=\/wp\/v2\/users\/6"}],"version-history":[{"count":1,"href":"https:\/\/telemme.mmsh.fr\/index.php?rest_route=\/wp\/v2\/tribe_events\/15367\/revisions"}],"predecessor-version":[{"id":15368,"href":"https:\/\/telemme.mmsh.fr\/index.php?rest_route=\/wp\/v2\/tribe_events\/15367\/revisions\/15368"}],"wp:featuredmedia":[{"embeddable":true,"href":"https:\/\/telemme.mmsh.fr\/index.php?rest_route=\/wp\/v2\/media\/15366"}],"wp:attachment":[{"href":"https:\/\/telemme.mmsh.fr\/index.php?rest_route=%2Fwp%2Fv2%2Fmedia&parent=15367"}],"wp:term":[{"taxonomy":"post_tag","embeddable":true,"href":"https:\/\/telemme.mmsh.fr\/index.php?rest_route=%2Fwp%2Fv2%2Ftags&post=15367"},{"taxonomy":"tribe_events_cat","embeddable":true,"href":"https:\/\/telemme.mmsh.fr\/index.php?rest_route=%2Fwp%2Fv2%2Ftribe_events_cat&post=15367"}],"curies":[{"name":"wp","href":"https:\/\/api.w.org\/{rel}","templated":true}]}}