{"id":15118,"date":"2025-01-21T12:01:08","date_gmt":"2025-01-21T11:01:08","guid":{"rendered":"https:\/\/telemme.mmsh.fr\/?post_type=tribe_events&#038;p=15118"},"modified":"2025-01-21T12:01:08","modified_gmt":"2025-01-21T11:01:08","slug":"le-contentieux-de-lenvironnement","status":"publish","type":"tribe_events","link":"https:\/\/telemme.mmsh.fr\/?tribe_events=le-contentieux-de-lenvironnement","title":{"rendered":"Le contentieux de l\u2019environnement"},"content":{"rendered":"<p>\u00c0 valeur constitutionnelle en France, le droit de l\u2019environnement comprend l\u2019ensemble des normes et r\u00e8gles de protection de la nature, destin\u00e9 \u00e0 lutter contre les nuisances et les pollutions environnementales qui compromettent le pr\u00e9sent et l\u2019avenir du vivant en M\u00e9diterran\u00e9e, en d\u00e9gradant l\u2019air, la mer et la biodiversit\u00e9. La judiciarisation croissante des atteintes aux milieux -maritimes, littoraux, urbains- illustre la vigueur du contentieux de l\u2019environnement, qui concerne quelques \u00ab 20 000 infractions \u00bb ventil\u00e9es dans 15 codes.<\/p>\n<p>Ce s\u00e9minaire donne la parole aux acteurs -magistrat, avocat et juriste- de ce contentieux portant sur les pollutions chimique, atmosph\u00e9rique et maritime, celle des eaux de ballast et la destruction de la posidonie, qui sont diversement engag\u00e9s dans la qualification des infractions, la caract\u00e9risation des faits d\u00e9lictueux, la quantification des peines et la reconnaissance des dommages caus\u00e9s par les pollutions des navires.<\/p>\n<p><a href=\"https:\/\/telemme.mmsh.fr\/?evenement=le-contentieux-de-lenvironnement\"><strong>Programme complet<\/strong><\/a><\/p>\n","protected":false},"excerpt":{"rendered":"<p>\u00c0 valeur constitutionnelle en France, le droit de l\u2019environnement comprend l\u2019ensemble des normes et r\u00e8gles de protection de la nature, destin\u00e9 \u00e0 lutter contre les nuisances et les pollutions environnementales qui compromettent le pr\u00e9sent et l\u2019avenir du vivant en M\u00e9diterran\u00e9e, en d\u00e9gradant l\u2019air, la mer et la biodiversit\u00e9.<\/p>\n","protected":false},"author":6,"featured_media":15117,"template":"","meta":{"neve_meta_sidebar":"","neve_meta_container":"","neve_meta_enable_content_width":"","neve_meta_content_width":0,"neve_meta_title_alignment":"","neve_meta_author_avatar":"","neve_post_elements_order":"","neve_meta_disable_header":"","neve_meta_disable_footer":"","neve_meta_disable_title":"","_tribe_events_status":"","_tribe_events_status_reason":"","footnotes":""},"tags":[2849],"tribe_events_cat":[1831],"class_list":["post-15118","tribe_events","type-tribe_events","status-publish","has-post-thumbnail","hentry","tag-3-1-geo-histoire-de-lenvironnement-en-mediterranee","tribe_events_cat-seminaire","cat_seminaire"],"yoast_head":"<!-- This site is optimized with the Yoast SEO plugin v27.4 - https:\/\/yoast.com\/product\/yoast-seo-wordpress\/ -->\n<title>Le contentieux de l\u2019environnement - TELEMMe - Temps, espaces, langages, Europe m\u00e9ridionale, M\u00e9diterran\u00e9e<\/title>\n<meta name=\"description\" content=\"\u00c0 valeur constitutionnelle en France, le droit de l\u2019environnement comprend l\u2019ensemble des normes et r\u00e8gles de protection de la nature, destin\u00e9 \u00e0 lutter contre les nuisances et les pollutions environnementales qui compromettent le pr\u00e9sent et l\u2019avenir du vivant en M\u00e9diterran\u00e9e, en d\u00e9gradant l\u2019air, la mer et la biodiversit\u00e9. La judiciarisation croissante des atteintes aux milieux -maritimes, littoraux, urbains- illustre la vigueur du contentieux de l\u2019environnement, qui concerne quelques \u00ab 20 000 infractions \u00bb ventil\u00e9es dans 15 codes.\" \/>\n<meta name=\"robots\" content=\"index, follow, max-snippet:-1, max-image-preview:large, max-video-preview:-1\" \/>\n<link rel=\"canonical\" href=\"https:\/\/telemme.mmsh.fr\/?tribe_events=le-contentieux-de-lenvironnement\" \/>\n<meta property=\"og:locale\" content=\"fr_FR\" \/>\n<meta property=\"og:type\" content=\"article\" \/>\n<meta property=\"og:title\" content=\"Le contentieux de l\u2019environnement - TELEMMe - Temps, espaces, langages, Europe m\u00e9ridionale, M\u00e9diterran\u00e9e\" \/>\n<meta property=\"og:description\" content=\"\u00c0 valeur constitutionnelle en France, le droit de l\u2019environnement comprend l\u2019ensemble des normes et r\u00e8gles de protection de la nature, destin\u00e9 \u00e0 lutter contre les nuisances et les pollutions environnementales qui compromettent le pr\u00e9sent et l\u2019avenir du vivant en M\u00e9diterran\u00e9e, en d\u00e9gradant l\u2019air, la mer et la biodiversit\u00e9. La judiciarisation croissante des atteintes aux milieux -maritimes, littoraux, urbains- illustre la vigueur du contentieux de l\u2019environnement, qui concerne quelques \u00ab 20 000 infractions \u00bb ventil\u00e9es dans 15 codes.\" \/>\n<meta property=\"og:url\" content=\"https:\/\/telemme.mmsh.fr\/?tribe_events=le-contentieux-de-lenvironnement\" \/>\n<meta property=\"og:site_name\" content=\"TELEMMe - Temps, espaces, langages, Europe m\u00e9ridionale, M\u00e9diterran\u00e9e\" \/>\n<meta property=\"og:image\" content=\"https:\/\/telemme.mmsh.fr\/wp-content\/uploads\/2025\/01\/MatataGaelle_StopCroisieres.png\" \/>\n\t<meta property=\"og:image:width\" content=\"700\" \/>\n\t<meta property=\"og:image:height\" content=\"394\" \/>\n\t<meta property=\"og:image:type\" content=\"image\/png\" \/>\n<meta name=\"twitter:card\" content=\"summary_large_image\" \/>\n<meta name=\"twitter:label1\" content=\"Dur\u00e9e de lecture estim\u00e9e\" \/>\n\t<meta name=\"twitter:data1\" content=\"1 minute\" \/>\n<script type=\"application\/ld+json\" class=\"yoast-schema-graph\">{\"@context\":\"https:\\\/\\\/schema.org\",\"@graph\":[{\"@type\":\"WebPage\",\"@id\":\"https:\\\/\\\/telemme.mmsh.fr\\\/?tribe_events=le-contentieux-de-lenvironnement\",\"url\":\"https:\\\/\\\/telemme.mmsh.fr\\\/?tribe_events=le-contentieux-de-lenvironnement\",\"name\":\"Le contentieux de l\u2019environnement - TELEMMe - Temps, espaces, langages, Europe m\u00e9ridionale, M\u00e9diterran\u00e9e\",\"isPartOf\":{\"@id\":\"https:\\\/\\\/telemme.mmsh.fr\\\/#website\"},\"primaryImageOfPage\":{\"@id\":\"https:\\\/\\\/telemme.mmsh.fr\\\/?tribe_events=le-contentieux-de-lenvironnement#primaryimage\"},\"image\":{\"@id\":\"https:\\\/\\\/telemme.mmsh.fr\\\/?tribe_events=le-contentieux-de-lenvironnement#primaryimage\"},\"thumbnailUrl\":\"https:\\\/\\\/telemme.mmsh.fr\\\/wp-content\\\/uploads\\\/2025\\\/01\\\/MatataGaelle_StopCroisieres.png\",\"datePublished\":\"2025-01-21T11:01:08+00:00\",\"description\":\"\u00c0 valeur constitutionnelle en France, le droit de l\u2019environnement comprend l\u2019ensemble des normes et r\u00e8gles de protection de la nature, destin\u00e9 \u00e0 lutter contre les nuisances et les pollutions environnementales qui compromettent le pr\u00e9sent et l\u2019avenir du vivant en M\u00e9diterran\u00e9e, en d\u00e9gradant l\u2019air, la mer et la biodiversit\u00e9. La judiciarisation croissante des atteintes aux milieux -maritimes, littoraux, urbains- illustre la vigueur du contentieux de l\u2019environnement, qui concerne quelques \u00ab 20 000 infractions \u00bb ventil\u00e9es dans 15 codes.\",\"breadcrumb\":{\"@id\":\"https:\\\/\\\/telemme.mmsh.fr\\\/?tribe_events=le-contentieux-de-lenvironnement#breadcrumb\"},\"inLanguage\":\"fr-FR\",\"potentialAction\":[{\"@type\":\"ReadAction\",\"target\":[\"https:\\\/\\\/telemme.mmsh.fr\\\/?tribe_events=le-contentieux-de-lenvironnement\"]}]},{\"@type\":\"ImageObject\",\"inLanguage\":\"fr-FR\",\"@id\":\"https:\\\/\\\/telemme.mmsh.fr\\\/?tribe_events=le-contentieux-de-lenvironnement#primaryimage\",\"url\":\"https:\\\/\\\/telemme.mmsh.fr\\\/wp-content\\\/uploads\\\/2025\\\/01\\\/MatataGaelle_StopCroisieres.png\",\"contentUrl\":\"https:\\\/\\\/telemme.mmsh.fr\\\/wp-content\\\/uploads\\\/2025\\\/01\\\/MatataGaelle_StopCroisieres.png\",\"width\":700,\"height\":394,\"caption\":\"Cr\u00e9dit \u2013 Ga\u00eblle Matata \u2013 Galerie de photos du Collectif Stop croisi\u00e8res\"},{\"@type\":\"BreadcrumbList\",\"@id\":\"https:\\\/\\\/telemme.mmsh.fr\\\/?tribe_events=le-contentieux-de-lenvironnement#breadcrumb\",\"itemListElement\":[{\"@type\":\"ListItem\",\"position\":1,\"name\":\"Accueil\",\"item\":\"https:\\\/\\\/telemme.mmsh.fr\\\/\"},{\"@type\":\"ListItem\",\"position\":2,\"name\":\"\u00c9v\u00e8nements\",\"item\":\"https:\\\/\\\/telemme.mmsh.fr\\\/?post_type=tribe_events\"},{\"@type\":\"ListItem\",\"position\":3,\"name\":\"S\u00e9minaire\",\"item\":\"https:\\\/\\\/telemme.mmsh.fr\\\/?tribe_events_cat=seminaire\"},{\"@type\":\"ListItem\",\"position\":4,\"name\":\"Le contentieux de l\u2019environnement\"}]},{\"@type\":\"WebSite\",\"@id\":\"https:\\\/\\\/telemme.mmsh.fr\\\/#website\",\"url\":\"https:\\\/\\\/telemme.mmsh.fr\\\/\",\"name\":\"TELEMMe - Temps, espaces, langages, Europe m\u00e9ridionale, M\u00e9diterran\u00e9e\",\"description\":\"\",\"publisher\":{\"@id\":\"https:\\\/\\\/telemme.mmsh.fr\\\/#organization\"},\"potentialAction\":[{\"@type\":\"SearchAction\",\"target\":{\"@type\":\"EntryPoint\",\"urlTemplate\":\"https:\\\/\\\/telemme.mmsh.fr\\\/?s={search_term_string}\"},\"query-input\":{\"@type\":\"PropertyValueSpecification\",\"valueRequired\":true,\"valueName\":\"search_term_string\"}}],\"inLanguage\":\"fr-FR\"},{\"@type\":\"Organization\",\"@id\":\"https:\\\/\\\/telemme.mmsh.fr\\\/#organization\",\"name\":\"TELEMMe\",\"url\":\"https:\\\/\\\/telemme.mmsh.fr\\\/\",\"logo\":{\"@type\":\"ImageObject\",\"inLanguage\":\"fr-FR\",\"@id\":\"https:\\\/\\\/telemme.mmsh.fr\\\/#\\\/schema\\\/logo\\\/image\\\/\",\"url\":\"https:\\\/\\\/telemme.mmsh.fr\\\/wp-content\\\/uploads\\\/2020\\\/03\\\/LogoTELEMMe-horizontal-fond-transparent.png\",\"contentUrl\":\"https:\\\/\\\/telemme.mmsh.fr\\\/wp-content\\\/uploads\\\/2020\\\/03\\\/LogoTELEMMe-horizontal-fond-transparent.png\",\"width\":1500,\"height\":437,\"caption\":\"TELEMMe\"},\"image\":{\"@id\":\"https:\\\/\\\/telemme.mmsh.fr\\\/#\\\/schema\\\/logo\\\/image\\\/\"}}]}<\/script>\n<!-- \/ Yoast SEO plugin. -->","yoast_head_json":{"title":"Le contentieux de l\u2019environnement - TELEMMe - Temps, espaces, langages, Europe m\u00e9ridionale, M\u00e9diterran\u00e9e","description":"\u00c0 valeur constitutionnelle en France, le droit de l\u2019environnement comprend l\u2019ensemble des normes et r\u00e8gles de protection de la nature, destin\u00e9 \u00e0 lutter contre les nuisances et les pollutions environnementales qui compromettent le pr\u00e9sent et l\u2019avenir du vivant en M\u00e9diterran\u00e9e, en d\u00e9gradant l\u2019air, la mer et la biodiversit\u00e9. La judiciarisation croissante des atteintes aux milieux -maritimes, littoraux, urbains- illustre la vigueur du contentieux de l\u2019environnement, qui concerne quelques \u00ab 20 000 infractions \u00bb ventil\u00e9es dans 15 codes.","robots":{"index":"index","follow":"follow","max-snippet":"max-snippet:-1","max-image-preview":"max-image-preview:large","max-video-preview":"max-video-preview:-1"},"canonical":"https:\/\/telemme.mmsh.fr\/?tribe_events=le-contentieux-de-lenvironnement","og_locale":"fr_FR","og_type":"article","og_title":"Le contentieux de l\u2019environnement - TELEMMe - Temps, espaces, langages, Europe m\u00e9ridionale, M\u00e9diterran\u00e9e","og_description":"\u00c0 valeur constitutionnelle en France, le droit de l\u2019environnement comprend l\u2019ensemble des normes et r\u00e8gles de protection de la nature, destin\u00e9 \u00e0 lutter contre les nuisances et les pollutions environnementales qui compromettent le pr\u00e9sent et l\u2019avenir du vivant en M\u00e9diterran\u00e9e, en d\u00e9gradant l\u2019air, la mer et la biodiversit\u00e9. La judiciarisation croissante des atteintes aux milieux -maritimes, littoraux, urbains- illustre la vigueur du contentieux de l\u2019environnement, qui concerne quelques \u00ab 20 000 infractions \u00bb ventil\u00e9es dans 15 codes.","og_url":"https:\/\/telemme.mmsh.fr\/?tribe_events=le-contentieux-de-lenvironnement","og_site_name":"TELEMMe - Temps, espaces, langages, Europe m\u00e9ridionale, M\u00e9diterran\u00e9e","og_image":[{"width":700,"height":394,"url":"https:\/\/telemme.mmsh.fr\/wp-content\/uploads\/2025\/01\/MatataGaelle_StopCroisieres.png","type":"image\/png"}],"twitter_card":"summary_large_image","twitter_misc":{"Dur\u00e9e de lecture estim\u00e9e":"1 minute"},"schema":{"@context":"https:\/\/schema.org","@graph":[{"@type":"WebPage","@id":"https:\/\/telemme.mmsh.fr\/?tribe_events=le-contentieux-de-lenvironnement","url":"https:\/\/telemme.mmsh.fr\/?tribe_events=le-contentieux-de-lenvironnement","name":"Le contentieux de l\u2019environnement - TELEMMe - Temps, espaces, langages, Europe m\u00e9ridionale, M\u00e9diterran\u00e9e","isPartOf":{"@id":"https:\/\/telemme.mmsh.fr\/#website"},"primaryImageOfPage":{"@id":"https:\/\/telemme.mmsh.fr\/?tribe_events=le-contentieux-de-lenvironnement#primaryimage"},"image":{"@id":"https:\/\/telemme.mmsh.fr\/?tribe_events=le-contentieux-de-lenvironnement#primaryimage"},"thumbnailUrl":"https:\/\/telemme.mmsh.fr\/wp-content\/uploads\/2025\/01\/MatataGaelle_StopCroisieres.png","datePublished":"2025-01-21T11:01:08+00:00","description":"\u00c0 valeur constitutionnelle en France, le droit de l\u2019environnement comprend l\u2019ensemble des normes et r\u00e8gles de protection de la nature, destin\u00e9 \u00e0 lutter contre les nuisances et les pollutions environnementales qui compromettent le pr\u00e9sent et l\u2019avenir du vivant en M\u00e9diterran\u00e9e, en d\u00e9gradant l\u2019air, la mer et la biodiversit\u00e9. La judiciarisation croissante des atteintes aux milieux -maritimes, littoraux, urbains- illustre la vigueur du contentieux de l\u2019environnement, qui concerne quelques \u00ab 20 000 infractions \u00bb ventil\u00e9es dans 15 codes.","breadcrumb":{"@id":"https:\/\/telemme.mmsh.fr\/?tribe_events=le-contentieux-de-lenvironnement#breadcrumb"},"inLanguage":"fr-FR","potentialAction":[{"@type":"ReadAction","target":["https:\/\/telemme.mmsh.fr\/?tribe_events=le-contentieux-de-lenvironnement"]}]},{"@type":"ImageObject","inLanguage":"fr-FR","@id":"https:\/\/telemme.mmsh.fr\/?tribe_events=le-contentieux-de-lenvironnement#primaryimage","url":"https:\/\/telemme.mmsh.fr\/wp-content\/uploads\/2025\/01\/MatataGaelle_StopCroisieres.png","contentUrl":"https:\/\/telemme.mmsh.fr\/wp-content\/uploads\/2025\/01\/MatataGaelle_StopCroisieres.png","width":700,"height":394,"caption":"Cr\u00e9dit \u2013 Ga\u00eblle Matata \u2013 Galerie de photos du Collectif Stop croisi\u00e8res"},{"@type":"BreadcrumbList","@id":"https:\/\/telemme.mmsh.fr\/?tribe_events=le-contentieux-de-lenvironnement#breadcrumb","itemListElement":[{"@type":"ListItem","position":1,"name":"Accueil","item":"https:\/\/telemme.mmsh.fr\/"},{"@type":"ListItem","position":2,"name":"\u00c9v\u00e8nements","item":"https:\/\/telemme.mmsh.fr\/?post_type=tribe_events"},{"@type":"ListItem","position":3,"name":"S\u00e9minaire","item":"https:\/\/telemme.mmsh.fr\/?tribe_events_cat=seminaire"},{"@type":"ListItem","position":4,"name":"Le contentieux de l\u2019environnement"}]},{"@type":"WebSite","@id":"https:\/\/telemme.mmsh.fr\/#website","url":"https:\/\/telemme.mmsh.fr\/","name":"TELEMMe - Temps, espaces, langages, Europe m\u00e9ridionale, M\u00e9diterran\u00e9e","description":"","publisher":{"@id":"https:\/\/telemme.mmsh.fr\/#organization"},"potentialAction":[{"@type":"SearchAction","target":{"@type":"EntryPoint","urlTemplate":"https:\/\/telemme.mmsh.fr\/?s={search_term_string}"},"query-input":{"@type":"PropertyValueSpecification","valueRequired":true,"valueName":"search_term_string"}}],"inLanguage":"fr-FR"},{"@type":"Organization","@id":"https:\/\/telemme.mmsh.fr\/#organization","name":"TELEMMe","url":"https:\/\/telemme.mmsh.fr\/","logo":{"@type":"ImageObject","inLanguage":"fr-FR","@id":"https:\/\/telemme.mmsh.fr\/#\/schema\/logo\/image\/","url":"https:\/\/telemme.mmsh.fr\/wp-content\/uploads\/2020\/03\/LogoTELEMMe-horizontal-fond-transparent.png","contentUrl":"https:\/\/telemme.mmsh.fr\/wp-content\/uploads\/2020\/03\/LogoTELEMMe-horizontal-fond-transparent.png","width":1500,"height":437,"caption":"TELEMMe"},"image":{"@id":"https:\/\/telemme.mmsh.fr\/#\/schema\/logo\/image\/"}}]}},"_links":{"self":[{"href":"https:\/\/telemme.mmsh.fr\/index.php?rest_route=\/wp\/v2\/tribe_events\/15118","targetHints":{"allow":["GET"]}}],"collection":[{"href":"https:\/\/telemme.mmsh.fr\/index.php?rest_route=\/wp\/v2\/tribe_events"}],"about":[{"href":"https:\/\/telemme.mmsh.fr\/index.php?rest_route=\/wp\/v2\/types\/tribe_events"}],"author":[{"embeddable":true,"href":"https:\/\/telemme.mmsh.fr\/index.php?rest_route=\/wp\/v2\/users\/6"}],"version-history":[{"count":1,"href":"https:\/\/telemme.mmsh.fr\/index.php?rest_route=\/wp\/v2\/tribe_events\/15118\/revisions"}],"predecessor-version":[{"id":15120,"href":"https:\/\/telemme.mmsh.fr\/index.php?rest_route=\/wp\/v2\/tribe_events\/15118\/revisions\/15120"}],"wp:featuredmedia":[{"embeddable":true,"href":"https:\/\/telemme.mmsh.fr\/index.php?rest_route=\/wp\/v2\/media\/15117"}],"wp:attachment":[{"href":"https:\/\/telemme.mmsh.fr\/index.php?rest_route=%2Fwp%2Fv2%2Fmedia&parent=15118"}],"wp:term":[{"taxonomy":"post_tag","embeddable":true,"href":"https:\/\/telemme.mmsh.fr\/index.php?rest_route=%2Fwp%2Fv2%2Ftags&post=15118"},{"taxonomy":"tribe_events_cat","embeddable":true,"href":"https:\/\/telemme.mmsh.fr\/index.php?rest_route=%2Fwp%2Fv2%2Ftribe_events_cat&post=15118"}],"curies":[{"name":"wp","href":"https:\/\/api.w.org\/{rel}","templated":true}]}}