{"id":14893,"date":"2025-01-13T11:40:40","date_gmt":"2025-01-13T10:40:40","guid":{"rendered":"https:\/\/telemme.mmsh.fr\/?post_type=tribe_events&#038;p=14893"},"modified":"2025-01-13T11:43:26","modified_gmt":"2025-01-13T10:43:26","slug":"saimer-se-hair-au-moyen-age","status":"publish","type":"tribe_events","link":"https:\/\/telemme.mmsh.fr\/?tribe_events=saimer-se-hair-au-moyen-age","title":{"rendered":"S\u2019aimer, se ha\u00efr au Moyen \u00c2ge"},"content":{"rendered":"<p>Au Moyen \u00c2ge, l\u2019amiti\u00e9, l\u2019amour, l\u2019affectivit\u00e9 donnent sens \u00e0 toutes les relations interpersonnelles, comme un v\u00e9ritable id\u00e9al qui recoupe les notions d\u2019\u00e9galit\u00e9 dans un monde pourtant fortement hi\u00e9rarchis\u00e9. En m\u00eame temps, l\u2019incertitude sur la nature des relations, les fausses amiti\u00e9s, les trahisons adelphiques, les haines et les multiples engagements interrogent. Ces paradoxes seront explor\u00e9s par les autrices de deux ouvrages importants\u00a0: R\u00e9gine Le Jan, <a href=\"https:\/\/www.seuil.com\/ouvrage\/amis-ou-ennemis-regine-le-jan\/9782021539578\"><em>Amis ou ennemis ? \u00c9motions, relations, identit\u00e9s au Moyen \u00c2ge<\/em><\/a> (Seuil, 2024) et Justine Audebrand, <em><a href=\"https:\/\/www.brepols.net\/products\/IS-9782503604961-1\">Fr\u00e8res et s\u0153urs dans l&rsquo;Europe du haut Moyen \u00c2ge<\/a> (vers 650-vers 1000)<\/em>, Brepols, 2023.<\/p>\n<p><a href=\"https:\/\/telemme.mmsh.fr\/?evenement=saimer-se-hair-au-moyen-age\"><strong>Programme complet<\/strong> <\/a><\/p>\n","protected":false},"excerpt":{"rendered":"<p>Au Moyen \u00c2ge, l\u2019amiti\u00e9, l\u2019amour, l\u2019affectivit\u00e9 donnent sens \u00e0 toutes les relations interpersonnelles, comme un v\u00e9ritable id\u00e9al qui recoupe les notions d\u2019\u00e9galit\u00e9 dans un monde pourtant fortement hi\u00e9rarchis\u00e9. En m\u00eame&hellip;&nbsp;<a href=\"https:\/\/telemme.mmsh.fr\/?tribe_events=saimer-se-hair-au-moyen-age\" rel=\"bookmark\">Lire la suite &raquo;<span class=\"screen-reader-text\">S\u2019aimer, se ha\u00efr au Moyen \u00c2ge<\/span><\/a><\/p>\n","protected":false},"author":6,"featured_media":14892,"template":"","meta":{"neve_meta_sidebar":"","neve_meta_container":"","neve_meta_enable_content_width":"","neve_meta_content_width":0,"neve_meta_title_alignment":"","neve_meta_author_avatar":"","neve_post_elements_order":"","neve_meta_disable_header":"","neve_meta_disable_footer":"","neve_meta_disable_title":"","_tribe_events_status":"","_tribe_events_status_reason":"","footnotes":""},"tags":[2839],"tribe_events_cat":[1831],"class_list":["post-14893","tribe_events","type-tribe_events","status-publish","has-post-thumbnail","hentry","tag-1-2-histoire-des-emotions","tribe_events_cat-seminaire","cat_seminaire"],"yoast_head":"<!-- This site is optimized with the Yoast SEO plugin v27.4 - https:\/\/yoast.com\/product\/yoast-seo-wordpress\/ -->\n<title>S\u2019aimer, se ha\u00efr au Moyen \u00c2ge - TELEMMe - Temps, espaces, langages, Europe m\u00e9ridionale, M\u00e9diterran\u00e9e<\/title>\n<meta name=\"robots\" content=\"index, follow, max-snippet:-1, max-image-preview:large, max-video-preview:-1\" \/>\n<link rel=\"canonical\" href=\"https:\/\/telemme.mmsh.fr\/?tribe_events=saimer-se-hair-au-moyen-age\" \/>\n<meta property=\"og:locale\" content=\"fr_FR\" \/>\n<meta property=\"og:type\" content=\"article\" \/>\n<meta property=\"og:title\" content=\"S\u2019aimer, se ha\u00efr au Moyen \u00c2ge - TELEMMe - Temps, espaces, langages, Europe m\u00e9ridionale, M\u00e9diterran\u00e9e\" \/>\n<meta property=\"og:description\" content=\"Au Moyen \u00c2ge, l\u2019amiti\u00e9, l\u2019amour, l\u2019affectivit\u00e9 donnent sens \u00e0 toutes les relations interpersonnelles, comme un v\u00e9ritable id\u00e9al qui recoupe les notions d\u2019\u00e9galit\u00e9 dans un monde pourtant fortement hi\u00e9rarchis\u00e9. En m\u00eame&hellip;&nbsp;Lire la suite &raquo;S\u2019aimer, se ha\u00efr au Moyen \u00c2ge\" \/>\n<meta property=\"og:url\" content=\"https:\/\/telemme.mmsh.fr\/?tribe_events=saimer-se-hair-au-moyen-age\" \/>\n<meta property=\"og:site_name\" content=\"TELEMMe - Temps, espaces, langages, Europe m\u00e9ridionale, M\u00e9diterran\u00e9e\" \/>\n<meta property=\"article:modified_time\" content=\"2025-01-13T10:43:26+00:00\" \/>\n<meta property=\"og:image\" content=\"https:\/\/telemme.mmsh.fr\/wp-content\/uploads\/2025\/01\/2025.01.29_AimerHair.jpg\" \/>\n\t<meta property=\"og:image:width\" content=\"369\" \/>\n\t<meta property=\"og:image:height\" content=\"500\" \/>\n\t<meta property=\"og:image:type\" content=\"image\/jpeg\" \/>\n<meta name=\"twitter:card\" content=\"summary_large_image\" \/>\n<meta name=\"twitter:label1\" content=\"Dur\u00e9e de lecture estim\u00e9e\" \/>\n\t<meta name=\"twitter:data1\" content=\"1 minute\" \/>\n<script type=\"application\/ld+json\" class=\"yoast-schema-graph\">{\"@context\":\"https:\\\/\\\/schema.org\",\"@graph\":[{\"@type\":\"WebPage\",\"@id\":\"https:\\\/\\\/telemme.mmsh.fr\\\/?tribe_events=saimer-se-hair-au-moyen-age\",\"url\":\"https:\\\/\\\/telemme.mmsh.fr\\\/?tribe_events=saimer-se-hair-au-moyen-age\",\"name\":\"S\u2019aimer, se ha\u00efr au Moyen \u00c2ge - TELEMMe - Temps, espaces, langages, Europe m\u00e9ridionale, M\u00e9diterran\u00e9e\",\"isPartOf\":{\"@id\":\"https:\\\/\\\/telemme.mmsh.fr\\\/#website\"},\"primaryImageOfPage\":{\"@id\":\"https:\\\/\\\/telemme.mmsh.fr\\\/?tribe_events=saimer-se-hair-au-moyen-age#primaryimage\"},\"image\":{\"@id\":\"https:\\\/\\\/telemme.mmsh.fr\\\/?tribe_events=saimer-se-hair-au-moyen-age#primaryimage\"},\"thumbnailUrl\":\"https:\\\/\\\/telemme.mmsh.fr\\\/wp-content\\\/uploads\\\/2025\\\/01\\\/2025.01.29_AimerHair.jpg\",\"datePublished\":\"2025-01-13T10:40:40+00:00\",\"dateModified\":\"2025-01-13T10:43:26+00:00\",\"breadcrumb\":{\"@id\":\"https:\\\/\\\/telemme.mmsh.fr\\\/?tribe_events=saimer-se-hair-au-moyen-age#breadcrumb\"},\"inLanguage\":\"fr-FR\",\"potentialAction\":[{\"@type\":\"ReadAction\",\"target\":[\"https:\\\/\\\/telemme.mmsh.fr\\\/?tribe_events=saimer-se-hair-au-moyen-age\"]}]},{\"@type\":\"ImageObject\",\"inLanguage\":\"fr-FR\",\"@id\":\"https:\\\/\\\/telemme.mmsh.fr\\\/?tribe_events=saimer-se-hair-au-moyen-age#primaryimage\",\"url\":\"https:\\\/\\\/telemme.mmsh.fr\\\/wp-content\\\/uploads\\\/2025\\\/01\\\/2025.01.29_AimerHair.jpg\",\"contentUrl\":\"https:\\\/\\\/telemme.mmsh.fr\\\/wp-content\\\/uploads\\\/2025\\\/01\\\/2025.01.29_AimerHair.jpg\",\"width\":369,\"height\":500,\"caption\":\"Serment de fid\u00e9lit\u00e9. Paris, B.N., lat., f. 87\"},{\"@type\":\"BreadcrumbList\",\"@id\":\"https:\\\/\\\/telemme.mmsh.fr\\\/?tribe_events=saimer-se-hair-au-moyen-age#breadcrumb\",\"itemListElement\":[{\"@type\":\"ListItem\",\"position\":1,\"name\":\"Accueil\",\"item\":\"https:\\\/\\\/telemme.mmsh.fr\\\/\"},{\"@type\":\"ListItem\",\"position\":2,\"name\":\"\u00c9v\u00e8nements\",\"item\":\"https:\\\/\\\/telemme.mmsh.fr\\\/?post_type=tribe_events\"},{\"@type\":\"ListItem\",\"position\":3,\"name\":\"S\u00e9minaire\",\"item\":\"https:\\\/\\\/telemme.mmsh.fr\\\/?tribe_events_cat=seminaire\"},{\"@type\":\"ListItem\",\"position\":4,\"name\":\"S\u2019aimer, se ha\u00efr au Moyen \u00c2ge\"}]},{\"@type\":\"WebSite\",\"@id\":\"https:\\\/\\\/telemme.mmsh.fr\\\/#website\",\"url\":\"https:\\\/\\\/telemme.mmsh.fr\\\/\",\"name\":\"TELEMMe - Temps, espaces, langages, Europe m\u00e9ridionale, M\u00e9diterran\u00e9e\",\"description\":\"\",\"publisher\":{\"@id\":\"https:\\\/\\\/telemme.mmsh.fr\\\/#organization\"},\"potentialAction\":[{\"@type\":\"SearchAction\",\"target\":{\"@type\":\"EntryPoint\",\"urlTemplate\":\"https:\\\/\\\/telemme.mmsh.fr\\\/?s={search_term_string}\"},\"query-input\":{\"@type\":\"PropertyValueSpecification\",\"valueRequired\":true,\"valueName\":\"search_term_string\"}}],\"inLanguage\":\"fr-FR\"},{\"@type\":\"Organization\",\"@id\":\"https:\\\/\\\/telemme.mmsh.fr\\\/#organization\",\"name\":\"TELEMMe\",\"url\":\"https:\\\/\\\/telemme.mmsh.fr\\\/\",\"logo\":{\"@type\":\"ImageObject\",\"inLanguage\":\"fr-FR\",\"@id\":\"https:\\\/\\\/telemme.mmsh.fr\\\/#\\\/schema\\\/logo\\\/image\\\/\",\"url\":\"https:\\\/\\\/telemme.mmsh.fr\\\/wp-content\\\/uploads\\\/2020\\\/03\\\/LogoTELEMMe-horizontal-fond-transparent.png\",\"contentUrl\":\"https:\\\/\\\/telemme.mmsh.fr\\\/wp-content\\\/uploads\\\/2020\\\/03\\\/LogoTELEMMe-horizontal-fond-transparent.png\",\"width\":1500,\"height\":437,\"caption\":\"TELEMMe\"},\"image\":{\"@id\":\"https:\\\/\\\/telemme.mmsh.fr\\\/#\\\/schema\\\/logo\\\/image\\\/\"}}]}<\/script>\n<!-- \/ Yoast SEO plugin. -->","yoast_head_json":{"title":"S\u2019aimer, se ha\u00efr au Moyen \u00c2ge - TELEMMe - Temps, espaces, langages, Europe m\u00e9ridionale, M\u00e9diterran\u00e9e","robots":{"index":"index","follow":"follow","max-snippet":"max-snippet:-1","max-image-preview":"max-image-preview:large","max-video-preview":"max-video-preview:-1"},"canonical":"https:\/\/telemme.mmsh.fr\/?tribe_events=saimer-se-hair-au-moyen-age","og_locale":"fr_FR","og_type":"article","og_title":"S\u2019aimer, se ha\u00efr au Moyen \u00c2ge - TELEMMe - Temps, espaces, langages, Europe m\u00e9ridionale, M\u00e9diterran\u00e9e","og_description":"Au Moyen \u00c2ge, l\u2019amiti\u00e9, l\u2019amour, l\u2019affectivit\u00e9 donnent sens \u00e0 toutes les relations interpersonnelles, comme un v\u00e9ritable id\u00e9al qui recoupe les notions d\u2019\u00e9galit\u00e9 dans un monde pourtant fortement hi\u00e9rarchis\u00e9. En m\u00eame&hellip;&nbsp;Lire la suite &raquo;S\u2019aimer, se ha\u00efr au Moyen \u00c2ge","og_url":"https:\/\/telemme.mmsh.fr\/?tribe_events=saimer-se-hair-au-moyen-age","og_site_name":"TELEMMe - Temps, espaces, langages, Europe m\u00e9ridionale, M\u00e9diterran\u00e9e","article_modified_time":"2025-01-13T10:43:26+00:00","og_image":[{"width":369,"height":500,"url":"https:\/\/telemme.mmsh.fr\/wp-content\/uploads\/2025\/01\/2025.01.29_AimerHair.jpg","type":"image\/jpeg"}],"twitter_card":"summary_large_image","twitter_misc":{"Dur\u00e9e de lecture estim\u00e9e":"1 minute"},"schema":{"@context":"https:\/\/schema.org","@graph":[{"@type":"WebPage","@id":"https:\/\/telemme.mmsh.fr\/?tribe_events=saimer-se-hair-au-moyen-age","url":"https:\/\/telemme.mmsh.fr\/?tribe_events=saimer-se-hair-au-moyen-age","name":"S\u2019aimer, se ha\u00efr au Moyen \u00c2ge - TELEMMe - Temps, espaces, langages, Europe m\u00e9ridionale, M\u00e9diterran\u00e9e","isPartOf":{"@id":"https:\/\/telemme.mmsh.fr\/#website"},"primaryImageOfPage":{"@id":"https:\/\/telemme.mmsh.fr\/?tribe_events=saimer-se-hair-au-moyen-age#primaryimage"},"image":{"@id":"https:\/\/telemme.mmsh.fr\/?tribe_events=saimer-se-hair-au-moyen-age#primaryimage"},"thumbnailUrl":"https:\/\/telemme.mmsh.fr\/wp-content\/uploads\/2025\/01\/2025.01.29_AimerHair.jpg","datePublished":"2025-01-13T10:40:40+00:00","dateModified":"2025-01-13T10:43:26+00:00","breadcrumb":{"@id":"https:\/\/telemme.mmsh.fr\/?tribe_events=saimer-se-hair-au-moyen-age#breadcrumb"},"inLanguage":"fr-FR","potentialAction":[{"@type":"ReadAction","target":["https:\/\/telemme.mmsh.fr\/?tribe_events=saimer-se-hair-au-moyen-age"]}]},{"@type":"ImageObject","inLanguage":"fr-FR","@id":"https:\/\/telemme.mmsh.fr\/?tribe_events=saimer-se-hair-au-moyen-age#primaryimage","url":"https:\/\/telemme.mmsh.fr\/wp-content\/uploads\/2025\/01\/2025.01.29_AimerHair.jpg","contentUrl":"https:\/\/telemme.mmsh.fr\/wp-content\/uploads\/2025\/01\/2025.01.29_AimerHair.jpg","width":369,"height":500,"caption":"Serment de fid\u00e9lit\u00e9. Paris, B.N., lat., f. 87"},{"@type":"BreadcrumbList","@id":"https:\/\/telemme.mmsh.fr\/?tribe_events=saimer-se-hair-au-moyen-age#breadcrumb","itemListElement":[{"@type":"ListItem","position":1,"name":"Accueil","item":"https:\/\/telemme.mmsh.fr\/"},{"@type":"ListItem","position":2,"name":"\u00c9v\u00e8nements","item":"https:\/\/telemme.mmsh.fr\/?post_type=tribe_events"},{"@type":"ListItem","position":3,"name":"S\u00e9minaire","item":"https:\/\/telemme.mmsh.fr\/?tribe_events_cat=seminaire"},{"@type":"ListItem","position":4,"name":"S\u2019aimer, se ha\u00efr au Moyen \u00c2ge"}]},{"@type":"WebSite","@id":"https:\/\/telemme.mmsh.fr\/#website","url":"https:\/\/telemme.mmsh.fr\/","name":"TELEMMe - Temps, espaces, langages, Europe m\u00e9ridionale, M\u00e9diterran\u00e9e","description":"","publisher":{"@id":"https:\/\/telemme.mmsh.fr\/#organization"},"potentialAction":[{"@type":"SearchAction","target":{"@type":"EntryPoint","urlTemplate":"https:\/\/telemme.mmsh.fr\/?s={search_term_string}"},"query-input":{"@type":"PropertyValueSpecification","valueRequired":true,"valueName":"search_term_string"}}],"inLanguage":"fr-FR"},{"@type":"Organization","@id":"https:\/\/telemme.mmsh.fr\/#organization","name":"TELEMMe","url":"https:\/\/telemme.mmsh.fr\/","logo":{"@type":"ImageObject","inLanguage":"fr-FR","@id":"https:\/\/telemme.mmsh.fr\/#\/schema\/logo\/image\/","url":"https:\/\/telemme.mmsh.fr\/wp-content\/uploads\/2020\/03\/LogoTELEMMe-horizontal-fond-transparent.png","contentUrl":"https:\/\/telemme.mmsh.fr\/wp-content\/uploads\/2020\/03\/LogoTELEMMe-horizontal-fond-transparent.png","width":1500,"height":437,"caption":"TELEMMe"},"image":{"@id":"https:\/\/telemme.mmsh.fr\/#\/schema\/logo\/image\/"}}]}},"_links":{"self":[{"href":"https:\/\/telemme.mmsh.fr\/index.php?rest_route=\/wp\/v2\/tribe_events\/14893","targetHints":{"allow":["GET"]}}],"collection":[{"href":"https:\/\/telemme.mmsh.fr\/index.php?rest_route=\/wp\/v2\/tribe_events"}],"about":[{"href":"https:\/\/telemme.mmsh.fr\/index.php?rest_route=\/wp\/v2\/types\/tribe_events"}],"author":[{"embeddable":true,"href":"https:\/\/telemme.mmsh.fr\/index.php?rest_route=\/wp\/v2\/users\/6"}],"version-history":[{"count":2,"href":"https:\/\/telemme.mmsh.fr\/index.php?rest_route=\/wp\/v2\/tribe_events\/14893\/revisions"}],"predecessor-version":[{"id":14895,"href":"https:\/\/telemme.mmsh.fr\/index.php?rest_route=\/wp\/v2\/tribe_events\/14893\/revisions\/14895"}],"wp:featuredmedia":[{"embeddable":true,"href":"https:\/\/telemme.mmsh.fr\/index.php?rest_route=\/wp\/v2\/media\/14892"}],"wp:attachment":[{"href":"https:\/\/telemme.mmsh.fr\/index.php?rest_route=%2Fwp%2Fv2%2Fmedia&parent=14893"}],"wp:term":[{"taxonomy":"post_tag","embeddable":true,"href":"https:\/\/telemme.mmsh.fr\/index.php?rest_route=%2Fwp%2Fv2%2Ftags&post=14893"},{"taxonomy":"tribe_events_cat","embeddable":true,"href":"https:\/\/telemme.mmsh.fr\/index.php?rest_route=%2Fwp%2Fv2%2Ftribe_events_cat&post=14893"}],"curies":[{"name":"wp","href":"https:\/\/api.w.org\/{rel}","templated":true}]}}