{"id":14847,"date":"2025-01-06T17:37:52","date_gmt":"2025-01-06T16:37:52","guid":{"rendered":"https:\/\/telemme.mmsh.fr\/?post_type=tribe_events&#038;p=14847"},"modified":"2025-01-21T12:03:38","modified_gmt":"2025-01-21T11:03:38","slug":"art-et-sciences-au-service-dun-pedagogie-du-vivant","status":"publish","type":"tribe_events","link":"https:\/\/telemme.mmsh.fr\/?tribe_events=art-et-sciences-au-service-dun-pedagogie-du-vivant","title":{"rendered":"Art et sciences au service d\u2019une p\u00e9dagogie du vivant"},"content":{"rendered":"<p>Face aux p\u00e9rils qui p\u00e8sent sur la biodiversit\u00e9 mondiale, les politiques de recherche encouragent aujourd\u2019hui l\u2019essor des approches interdisciplinaires, seules \u00e0 m\u00eame d\u2019apporter des analyses complexes aux multiples d\u00e9fis pos\u00e9s par le changement global. Le laboratoire TELEMMe soutient ainsi depuis plus d\u2019une d\u00e9cennie le dialogue entre sciences humaines et sociales et sciences de la vie, sur des th\u00e9matiques diverses (biodiversit\u00e9 marine, pollutions, repr\u00e9sentations du vivant, p\u00eaches durables). Dans le cadre de ces orientations, l\u2019utilisation de la dimension esth\u00e9tique de la nature rev\u00eat deux objectifs principaux. Elle permet d\u2019une part de sensibiliser un large public \u00e0 la beaut\u00e9 et \u00e0 la fragilit\u00e9 des \u00e9cosyst\u00e8mes marins et continentaux et aux moyens de les prot\u00e9ger. Elle rend \u00e9galement possible une meilleure compr\u00e9hension des repr\u00e9sentations du vivant, qui font aujourd\u2019hui coexister dans nos perceptions figures de l\u2019effroi, de l\u2019indiff\u00e9rence ou de la sacralisation.<\/p>\n<p><a href=\"https:\/\/telemme.mmsh.fr\/?evenement=art-et-sciences-au-service-dun-pedagogie-du-vivant\"><strong>Programme complet<\/strong><\/a><\/p>\n","protected":false},"excerpt":{"rendered":"<p>Face aux p\u00e9rils qui p\u00e8sent sur la biodiversit\u00e9 mondiale, les politiques de recherche encouragent aujourd\u2019hui l\u2019essor des approches interdisciplinaires, seules \u00e0 m\u00eame d\u2019apporter des analyses complexes aux multiples d\u00e9fis pos\u00e9s&hellip;&nbsp;<a href=\"https:\/\/telemme.mmsh.fr\/?tribe_events=art-et-sciences-au-service-dun-pedagogie-du-vivant\" rel=\"bookmark\">Lire la suite &raquo;<span class=\"screen-reader-text\">Art et sciences au service d\u2019une p\u00e9dagogie du vivant<\/span><\/a><\/p>\n","protected":false},"author":6,"featured_media":14844,"template":"","meta":{"neve_meta_sidebar":"","neve_meta_container":"","neve_meta_enable_content_width":"","neve_meta_content_width":0,"neve_meta_title_alignment":"","neve_meta_author_avatar":"","neve_post_elements_order":"","neve_meta_disable_header":"","neve_meta_disable_footer":"","neve_meta_disable_title":"","_tribe_events_status":"","_tribe_events_status_reason":"","footnotes":""},"tags":[2849],"tribe_events_cat":[1828],"class_list":["post-14847","tribe_events","type-tribe_events","status-publish","has-post-thumbnail","hentry","tag-3-1-geo-histoire-de-lenvironnement-en-mediterranee","tribe_events_cat-journees-rectorat","cat_journees-rectorat"],"yoast_head":"<!-- This site is optimized with the Yoast SEO plugin v27.4 - https:\/\/yoast.com\/product\/yoast-seo-wordpress\/ -->\n<title>Art et sciences au service d\u2019une p\u00e9dagogie du vivant - TELEMMe - Temps, espaces, langages, Europe m\u00e9ridionale, M\u00e9diterran\u00e9e<\/title>\n<meta name=\"description\" content=\"Face aux p\u00e9rils qui p\u00e8sent sur la biodiversit\u00e9 mondiale, les politiques de recherche encouragent aujourd\u2019hui l\u2019essor des approches interdisciplinaires, seules \u00e0 m\u00eame d\u2019apporter des analyses complexes aux multiples d\u00e9fis pos\u00e9s par le changement global. Le laboratoire TELEMMe soutient ainsi depuis plus d\u2019une d\u00e9cennie le dialogue entre sciences humaines et sociales et sciences de la vie, sur des th\u00e9matiques diverses (biodiversit\u00e9 marine, pollutions, repr\u00e9sentations du vivant, p\u00eaches durables).\" \/>\n<meta name=\"robots\" content=\"index, follow, max-snippet:-1, max-image-preview:large, max-video-preview:-1\" \/>\n<link rel=\"canonical\" href=\"https:\/\/telemme.mmsh.fr\/?tribe_events=art-et-sciences-au-service-dun-pedagogie-du-vivant\" \/>\n<meta property=\"og:locale\" content=\"fr_FR\" \/>\n<meta property=\"og:type\" content=\"article\" \/>\n<meta property=\"og:title\" content=\"Art et sciences au service d\u2019une p\u00e9dagogie du vivant - TELEMMe - Temps, espaces, langages, Europe m\u00e9ridionale, M\u00e9diterran\u00e9e\" \/>\n<meta property=\"og:description\" content=\"Face aux p\u00e9rils qui p\u00e8sent sur la biodiversit\u00e9 mondiale, les politiques de recherche encouragent aujourd\u2019hui l\u2019essor des approches interdisciplinaires, seules \u00e0 m\u00eame d\u2019apporter des analyses complexes aux multiples d\u00e9fis pos\u00e9s par le changement global. Le laboratoire TELEMMe soutient ainsi depuis plus d\u2019une d\u00e9cennie le dialogue entre sciences humaines et sociales et sciences de la vie, sur des th\u00e9matiques diverses (biodiversit\u00e9 marine, pollutions, repr\u00e9sentations du vivant, p\u00eaches durables).\" \/>\n<meta property=\"og:url\" content=\"https:\/\/telemme.mmsh.fr\/?tribe_events=art-et-sciences-au-service-dun-pedagogie-du-vivant\" \/>\n<meta property=\"og:site_name\" content=\"TELEMMe - Temps, espaces, langages, Europe m\u00e9ridionale, M\u00e9diterran\u00e9e\" \/>\n<meta property=\"article:modified_time\" content=\"2025-01-21T11:03:38+00:00\" \/>\n<meta property=\"og:image\" content=\"https:\/\/telemme.mmsh.fr\/wp-content\/uploads\/2025\/01\/AlbertoValente_2017.jpg\" \/>\n\t<meta property=\"og:image:width\" content=\"1174\" \/>\n\t<meta property=\"og:image:height\" content=\"829\" \/>\n\t<meta property=\"og:image:type\" content=\"image\/jpeg\" \/>\n<meta name=\"twitter:card\" content=\"summary_large_image\" \/>\n<meta name=\"twitter:label1\" content=\"Dur\u00e9e de lecture estim\u00e9e\" \/>\n\t<meta name=\"twitter:data1\" content=\"1 minute\" \/>\n<script type=\"application\/ld+json\" class=\"yoast-schema-graph\">{\"@context\":\"https:\\\/\\\/schema.org\",\"@graph\":[{\"@type\":\"WebPage\",\"@id\":\"https:\\\/\\\/telemme.mmsh.fr\\\/?tribe_events=art-et-sciences-au-service-dun-pedagogie-du-vivant\",\"url\":\"https:\\\/\\\/telemme.mmsh.fr\\\/?tribe_events=art-et-sciences-au-service-dun-pedagogie-du-vivant\",\"name\":\"Art et sciences au service d\u2019une p\u00e9dagogie du vivant - TELEMMe - Temps, espaces, langages, Europe m\u00e9ridionale, M\u00e9diterran\u00e9e\",\"isPartOf\":{\"@id\":\"https:\\\/\\\/telemme.mmsh.fr\\\/#website\"},\"primaryImageOfPage\":{\"@id\":\"https:\\\/\\\/telemme.mmsh.fr\\\/?tribe_events=art-et-sciences-au-service-dun-pedagogie-du-vivant#primaryimage\"},\"image\":{\"@id\":\"https:\\\/\\\/telemme.mmsh.fr\\\/?tribe_events=art-et-sciences-au-service-dun-pedagogie-du-vivant#primaryimage\"},\"thumbnailUrl\":\"https:\\\/\\\/telemme.mmsh.fr\\\/wp-content\\\/uploads\\\/2025\\\/01\\\/AlbertoValente_2017.jpg\",\"datePublished\":\"2025-01-06T16:37:52+00:00\",\"dateModified\":\"2025-01-21T11:03:38+00:00\",\"description\":\"Face aux p\u00e9rils qui p\u00e8sent sur la biodiversit\u00e9 mondiale, les politiques de recherche encouragent aujourd\u2019hui l\u2019essor des approches interdisciplinaires, seules \u00e0 m\u00eame d\u2019apporter des analyses complexes aux multiples d\u00e9fis pos\u00e9s par le changement global. Le laboratoire TELEMMe soutient ainsi depuis plus d\u2019une d\u00e9cennie le dialogue entre sciences humaines et sociales et sciences de la vie, sur des th\u00e9matiques diverses (biodiversit\u00e9 marine, pollutions, repr\u00e9sentations du vivant, p\u00eaches durables).\",\"breadcrumb\":{\"@id\":\"https:\\\/\\\/telemme.mmsh.fr\\\/?tribe_events=art-et-sciences-au-service-dun-pedagogie-du-vivant#breadcrumb\"},\"inLanguage\":\"fr-FR\",\"potentialAction\":[{\"@type\":\"ReadAction\",\"target\":[\"https:\\\/\\\/telemme.mmsh.fr\\\/?tribe_events=art-et-sciences-au-service-dun-pedagogie-du-vivant\"]}]},{\"@type\":\"ImageObject\",\"inLanguage\":\"fr-FR\",\"@id\":\"https:\\\/\\\/telemme.mmsh.fr\\\/?tribe_events=art-et-sciences-au-service-dun-pedagogie-du-vivant#primaryimage\",\"url\":\"https:\\\/\\\/telemme.mmsh.fr\\\/wp-content\\\/uploads\\\/2025\\\/01\\\/AlbertoValente_2017.jpg\",\"contentUrl\":\"https:\\\/\\\/telemme.mmsh.fr\\\/wp-content\\\/uploads\\\/2025\\\/01\\\/AlbertoValente_2017.jpg\",\"width\":1174,\"height\":829,\"caption\":\"Alberto Valente 2017\"},{\"@type\":\"BreadcrumbList\",\"@id\":\"https:\\\/\\\/telemme.mmsh.fr\\\/?tribe_events=art-et-sciences-au-service-dun-pedagogie-du-vivant#breadcrumb\",\"itemListElement\":[{\"@type\":\"ListItem\",\"position\":1,\"name\":\"Accueil\",\"item\":\"https:\\\/\\\/telemme.mmsh.fr\\\/\"},{\"@type\":\"ListItem\",\"position\":2,\"name\":\"\u00c9v\u00e8nements\",\"item\":\"https:\\\/\\\/telemme.mmsh.fr\\\/?post_type=tribe_events\"},{\"@type\":\"ListItem\",\"position\":3,\"name\":\"Journ\u00e9es Rectorat\",\"item\":\"https:\\\/\\\/telemme.mmsh.fr\\\/?tribe_events_cat=journees-rectorat\"},{\"@type\":\"ListItem\",\"position\":4,\"name\":\"Art et sciences au service d\u2019une p\u00e9dagogie du vivant\"}]},{\"@type\":\"WebSite\",\"@id\":\"https:\\\/\\\/telemme.mmsh.fr\\\/#website\",\"url\":\"https:\\\/\\\/telemme.mmsh.fr\\\/\",\"name\":\"TELEMMe - Temps, espaces, langages, Europe m\u00e9ridionale, M\u00e9diterran\u00e9e\",\"description\":\"\",\"publisher\":{\"@id\":\"https:\\\/\\\/telemme.mmsh.fr\\\/#organization\"},\"potentialAction\":[{\"@type\":\"SearchAction\",\"target\":{\"@type\":\"EntryPoint\",\"urlTemplate\":\"https:\\\/\\\/telemme.mmsh.fr\\\/?s={search_term_string}\"},\"query-input\":{\"@type\":\"PropertyValueSpecification\",\"valueRequired\":true,\"valueName\":\"search_term_string\"}}],\"inLanguage\":\"fr-FR\"},{\"@type\":\"Organization\",\"@id\":\"https:\\\/\\\/telemme.mmsh.fr\\\/#organization\",\"name\":\"TELEMMe\",\"url\":\"https:\\\/\\\/telemme.mmsh.fr\\\/\",\"logo\":{\"@type\":\"ImageObject\",\"inLanguage\":\"fr-FR\",\"@id\":\"https:\\\/\\\/telemme.mmsh.fr\\\/#\\\/schema\\\/logo\\\/image\\\/\",\"url\":\"https:\\\/\\\/telemme.mmsh.fr\\\/wp-content\\\/uploads\\\/2020\\\/03\\\/LogoTELEMMe-horizontal-fond-transparent.png\",\"contentUrl\":\"https:\\\/\\\/telemme.mmsh.fr\\\/wp-content\\\/uploads\\\/2020\\\/03\\\/LogoTELEMMe-horizontal-fond-transparent.png\",\"width\":1500,\"height\":437,\"caption\":\"TELEMMe\"},\"image\":{\"@id\":\"https:\\\/\\\/telemme.mmsh.fr\\\/#\\\/schema\\\/logo\\\/image\\\/\"}}]}<\/script>\n<!-- \/ Yoast SEO plugin. -->","yoast_head_json":{"title":"Art et sciences au service d\u2019une p\u00e9dagogie du vivant - TELEMMe - Temps, espaces, langages, Europe m\u00e9ridionale, M\u00e9diterran\u00e9e","description":"Face aux p\u00e9rils qui p\u00e8sent sur la biodiversit\u00e9 mondiale, les politiques de recherche encouragent aujourd\u2019hui l\u2019essor des approches interdisciplinaires, seules \u00e0 m\u00eame d\u2019apporter des analyses complexes aux multiples d\u00e9fis pos\u00e9s par le changement global. Le laboratoire TELEMMe soutient ainsi depuis plus d\u2019une d\u00e9cennie le dialogue entre sciences humaines et sociales et sciences de la vie, sur des th\u00e9matiques diverses (biodiversit\u00e9 marine, pollutions, repr\u00e9sentations du vivant, p\u00eaches durables).","robots":{"index":"index","follow":"follow","max-snippet":"max-snippet:-1","max-image-preview":"max-image-preview:large","max-video-preview":"max-video-preview:-1"},"canonical":"https:\/\/telemme.mmsh.fr\/?tribe_events=art-et-sciences-au-service-dun-pedagogie-du-vivant","og_locale":"fr_FR","og_type":"article","og_title":"Art et sciences au service d\u2019une p\u00e9dagogie du vivant - TELEMMe - Temps, espaces, langages, Europe m\u00e9ridionale, M\u00e9diterran\u00e9e","og_description":"Face aux p\u00e9rils qui p\u00e8sent sur la biodiversit\u00e9 mondiale, les politiques de recherche encouragent aujourd\u2019hui l\u2019essor des approches interdisciplinaires, seules \u00e0 m\u00eame d\u2019apporter des analyses complexes aux multiples d\u00e9fis pos\u00e9s par le changement global. Le laboratoire TELEMMe soutient ainsi depuis plus d\u2019une d\u00e9cennie le dialogue entre sciences humaines et sociales et sciences de la vie, sur des th\u00e9matiques diverses (biodiversit\u00e9 marine, pollutions, repr\u00e9sentations du vivant, p\u00eaches durables).","og_url":"https:\/\/telemme.mmsh.fr\/?tribe_events=art-et-sciences-au-service-dun-pedagogie-du-vivant","og_site_name":"TELEMMe - Temps, espaces, langages, Europe m\u00e9ridionale, M\u00e9diterran\u00e9e","article_modified_time":"2025-01-21T11:03:38+00:00","og_image":[{"width":1174,"height":829,"url":"https:\/\/telemme.mmsh.fr\/wp-content\/uploads\/2025\/01\/AlbertoValente_2017.jpg","type":"image\/jpeg"}],"twitter_card":"summary_large_image","twitter_misc":{"Dur\u00e9e de lecture estim\u00e9e":"1 minute"},"schema":{"@context":"https:\/\/schema.org","@graph":[{"@type":"WebPage","@id":"https:\/\/telemme.mmsh.fr\/?tribe_events=art-et-sciences-au-service-dun-pedagogie-du-vivant","url":"https:\/\/telemme.mmsh.fr\/?tribe_events=art-et-sciences-au-service-dun-pedagogie-du-vivant","name":"Art et sciences au service d\u2019une p\u00e9dagogie du vivant - TELEMMe - Temps, espaces, langages, Europe m\u00e9ridionale, M\u00e9diterran\u00e9e","isPartOf":{"@id":"https:\/\/telemme.mmsh.fr\/#website"},"primaryImageOfPage":{"@id":"https:\/\/telemme.mmsh.fr\/?tribe_events=art-et-sciences-au-service-dun-pedagogie-du-vivant#primaryimage"},"image":{"@id":"https:\/\/telemme.mmsh.fr\/?tribe_events=art-et-sciences-au-service-dun-pedagogie-du-vivant#primaryimage"},"thumbnailUrl":"https:\/\/telemme.mmsh.fr\/wp-content\/uploads\/2025\/01\/AlbertoValente_2017.jpg","datePublished":"2025-01-06T16:37:52+00:00","dateModified":"2025-01-21T11:03:38+00:00","description":"Face aux p\u00e9rils qui p\u00e8sent sur la biodiversit\u00e9 mondiale, les politiques de recherche encouragent aujourd\u2019hui l\u2019essor des approches interdisciplinaires, seules \u00e0 m\u00eame d\u2019apporter des analyses complexes aux multiples d\u00e9fis pos\u00e9s par le changement global. Le laboratoire TELEMMe soutient ainsi depuis plus d\u2019une d\u00e9cennie le dialogue entre sciences humaines et sociales et sciences de la vie, sur des th\u00e9matiques diverses (biodiversit\u00e9 marine, pollutions, repr\u00e9sentations du vivant, p\u00eaches durables).","breadcrumb":{"@id":"https:\/\/telemme.mmsh.fr\/?tribe_events=art-et-sciences-au-service-dun-pedagogie-du-vivant#breadcrumb"},"inLanguage":"fr-FR","potentialAction":[{"@type":"ReadAction","target":["https:\/\/telemme.mmsh.fr\/?tribe_events=art-et-sciences-au-service-dun-pedagogie-du-vivant"]}]},{"@type":"ImageObject","inLanguage":"fr-FR","@id":"https:\/\/telemme.mmsh.fr\/?tribe_events=art-et-sciences-au-service-dun-pedagogie-du-vivant#primaryimage","url":"https:\/\/telemme.mmsh.fr\/wp-content\/uploads\/2025\/01\/AlbertoValente_2017.jpg","contentUrl":"https:\/\/telemme.mmsh.fr\/wp-content\/uploads\/2025\/01\/AlbertoValente_2017.jpg","width":1174,"height":829,"caption":"Alberto Valente 2017"},{"@type":"BreadcrumbList","@id":"https:\/\/telemme.mmsh.fr\/?tribe_events=art-et-sciences-au-service-dun-pedagogie-du-vivant#breadcrumb","itemListElement":[{"@type":"ListItem","position":1,"name":"Accueil","item":"https:\/\/telemme.mmsh.fr\/"},{"@type":"ListItem","position":2,"name":"\u00c9v\u00e8nements","item":"https:\/\/telemme.mmsh.fr\/?post_type=tribe_events"},{"@type":"ListItem","position":3,"name":"Journ\u00e9es Rectorat","item":"https:\/\/telemme.mmsh.fr\/?tribe_events_cat=journees-rectorat"},{"@type":"ListItem","position":4,"name":"Art et sciences au service d\u2019une p\u00e9dagogie du vivant"}]},{"@type":"WebSite","@id":"https:\/\/telemme.mmsh.fr\/#website","url":"https:\/\/telemme.mmsh.fr\/","name":"TELEMMe - Temps, espaces, langages, Europe m\u00e9ridionale, M\u00e9diterran\u00e9e","description":"","publisher":{"@id":"https:\/\/telemme.mmsh.fr\/#organization"},"potentialAction":[{"@type":"SearchAction","target":{"@type":"EntryPoint","urlTemplate":"https:\/\/telemme.mmsh.fr\/?s={search_term_string}"},"query-input":{"@type":"PropertyValueSpecification","valueRequired":true,"valueName":"search_term_string"}}],"inLanguage":"fr-FR"},{"@type":"Organization","@id":"https:\/\/telemme.mmsh.fr\/#organization","name":"TELEMMe","url":"https:\/\/telemme.mmsh.fr\/","logo":{"@type":"ImageObject","inLanguage":"fr-FR","@id":"https:\/\/telemme.mmsh.fr\/#\/schema\/logo\/image\/","url":"https:\/\/telemme.mmsh.fr\/wp-content\/uploads\/2020\/03\/LogoTELEMMe-horizontal-fond-transparent.png","contentUrl":"https:\/\/telemme.mmsh.fr\/wp-content\/uploads\/2020\/03\/LogoTELEMMe-horizontal-fond-transparent.png","width":1500,"height":437,"caption":"TELEMMe"},"image":{"@id":"https:\/\/telemme.mmsh.fr\/#\/schema\/logo\/image\/"}}]}},"_links":{"self":[{"href":"https:\/\/telemme.mmsh.fr\/index.php?rest_route=\/wp\/v2\/tribe_events\/14847","targetHints":{"allow":["GET"]}}],"collection":[{"href":"https:\/\/telemme.mmsh.fr\/index.php?rest_route=\/wp\/v2\/tribe_events"}],"about":[{"href":"https:\/\/telemme.mmsh.fr\/index.php?rest_route=\/wp\/v2\/types\/tribe_events"}],"author":[{"embeddable":true,"href":"https:\/\/telemme.mmsh.fr\/index.php?rest_route=\/wp\/v2\/users\/6"}],"version-history":[{"count":2,"href":"https:\/\/telemme.mmsh.fr\/index.php?rest_route=\/wp\/v2\/tribe_events\/14847\/revisions"}],"predecessor-version":[{"id":15121,"href":"https:\/\/telemme.mmsh.fr\/index.php?rest_route=\/wp\/v2\/tribe_events\/14847\/revisions\/15121"}],"wp:featuredmedia":[{"embeddable":true,"href":"https:\/\/telemme.mmsh.fr\/index.php?rest_route=\/wp\/v2\/media\/14844"}],"wp:attachment":[{"href":"https:\/\/telemme.mmsh.fr\/index.php?rest_route=%2Fwp%2Fv2%2Fmedia&parent=14847"}],"wp:term":[{"taxonomy":"post_tag","embeddable":true,"href":"https:\/\/telemme.mmsh.fr\/index.php?rest_route=%2Fwp%2Fv2%2Ftags&post=14847"},{"taxonomy":"tribe_events_cat","embeddable":true,"href":"https:\/\/telemme.mmsh.fr\/index.php?rest_route=%2Fwp%2Fv2%2Ftribe_events_cat&post=14847"}],"curies":[{"name":"wp","href":"https:\/\/api.w.org\/{rel}","templated":true}]}}