{"id":14733,"date":"2024-12-12T12:50:51","date_gmt":"2024-12-12T11:50:51","guid":{"rendered":"https:\/\/telemme.mmsh.fr\/?post_type=tribe_events&#038;p=14733"},"modified":"2024-12-12T12:52:15","modified_gmt":"2024-12-12T11:52:15","slug":"virtuel-mucem","status":"publish","type":"tribe_events","link":"https:\/\/telemme.mmsh.fr\/?tribe_events=virtuel-mucem","title":{"rendered":"Virtuel Mucem, journ\u00e9e de restitution"},"content":{"rendered":"<p>Avant l\u2019ouverture de ses portes au public en 2013, le Mucem \u00e9tait d\u00e9j\u00e0 actif. De 2005 \u00e0 2008, le mus\u00e9e a donn\u00e9 acc\u00e8s \u00e0 ses collections et ses enqu\u00eates, physiquement par des expositions de pr\u00e9figuration, et virtuellement par des sites internet th\u00e9matiques. Devenus<br \/>\ntechniquement obsol\u00e8tes, ces sites ont progressivement \u00e9t\u00e9 mis hors ligne, mais ils ont \u00e9t\u00e9 archiv\u00e9s par la Biblioth\u00e8que nationale de France, dans le cadre du d\u00e9p\u00f4t l\u00e9gal du web.<\/p>\n<p>Laur\u00e9at d\u2019un appel \u00e0 projet du Datalab de la BnF, en partenariat avec Aix Marseille Universit\u00e9, le Mucem a aujourd&rsquo;hui l\u2019opportunit\u00e9 de rendre \u00e0 nouveau ces sites accessibles au Centre de conservation et de ressources. Ils racontent une triple histoire : celle de leur contenu, mais aussi celle du Web, et celle d\u2019une institution alors en devenir.<br \/>\nCette journ\u00e9e permet une premi\u00e8re red\u00e9couverte de ces sites remis dans leur contexte, ainsi que des pr\u00e9sentations m\u00e9thodologiques et des t\u00e9moignages sur leur production, leur archivage et leur rem\u00e9diation.<\/p>\n<p><em>Entr\u00e9e libre sur r\u00e9servation par mail \u00e0 reservationccr@mucem.org ou par t\u00e9l\u00e9phone au 04<\/em><br \/>\n<em>84 35 14 23<\/em><\/p>\n<p><a href=\"https:\/\/telemme.mmsh.fr\/?evenement=virtuel-mucem\"><strong>Programme complet<\/strong><\/a><\/p>\n","protected":false},"excerpt":{"rendered":"<p>Avant l\u2019ouverture de ses portes au public en 2013, le Mucem \u00e9tait d\u00e9j\u00e0 actif. De 2005 \u00e0 2008, le mus\u00e9e a donn\u00e9 acc\u00e8s \u00e0 ses collections et ses enqu\u00eates, physiquement&hellip;&nbsp;<a href=\"https:\/\/telemme.mmsh.fr\/?tribe_events=virtuel-mucem\" rel=\"bookmark\">Lire la suite &raquo;<span class=\"screen-reader-text\">Virtuel Mucem, journ\u00e9e de restitution<\/span><\/a><\/p>\n","protected":false},"author":6,"featured_media":14732,"template":"","meta":{"neve_meta_sidebar":"","neve_meta_container":"","neve_meta_enable_content_width":"","neve_meta_content_width":0,"neve_meta_title_alignment":"","neve_meta_author_avatar":"","neve_post_elements_order":"","neve_meta_disable_header":"","neve_meta_disable_footer":"","neve_meta_disable_title":"","_tribe_events_status":"","_tribe_events_status_reason":"","footnotes":""},"tags":[2856,2173,2854],"tribe_events_cat":[1823],"class_list":["post-14733","tribe_events","type-tribe_events","status-publish","has-post-thumbnail","hentry","tag-bnf","tag-mucem","tag-visual-studies-et-humanites-numeriques","tribe_events_cat-journee-detudes","cat_journee-detudes"],"yoast_head":"<!-- This site is optimized with the Yoast SEO plugin v27.4 - https:\/\/yoast.com\/product\/yoast-seo-wordpress\/ -->\n<title>Virtuel Mucem, journ\u00e9e de restitution - TELEMMe - Temps, espaces, langages, Europe m\u00e9ridionale, M\u00e9diterran\u00e9e<\/title>\n<meta name=\"robots\" content=\"index, follow, max-snippet:-1, max-image-preview:large, max-video-preview:-1\" \/>\n<link rel=\"canonical\" href=\"https:\/\/telemme.mmsh.fr\/?tribe_events=virtuel-mucem\" \/>\n<meta property=\"og:locale\" content=\"fr_FR\" \/>\n<meta property=\"og:type\" content=\"article\" \/>\n<meta property=\"og:title\" content=\"Virtuel Mucem, journ\u00e9e de restitution - TELEMMe - Temps, espaces, langages, Europe m\u00e9ridionale, M\u00e9diterran\u00e9e\" \/>\n<meta property=\"og:description\" content=\"Avant l\u2019ouverture de ses portes au public en 2013, le Mucem \u00e9tait d\u00e9j\u00e0 actif. De 2005 \u00e0 2008, le mus\u00e9e a donn\u00e9 acc\u00e8s \u00e0 ses collections et ses enqu\u00eates, physiquement&hellip;&nbsp;Lire la suite &raquo;Virtuel Mucem, journ\u00e9e de restitution\" \/>\n<meta property=\"og:url\" content=\"https:\/\/telemme.mmsh.fr\/?tribe_events=virtuel-mucem\" \/>\n<meta property=\"og:site_name\" content=\"TELEMMe - Temps, espaces, langages, Europe m\u00e9ridionale, M\u00e9diterran\u00e9e\" \/>\n<meta property=\"article:modified_time\" content=\"2024-12-12T11:52:15+00:00\" \/>\n<meta property=\"og:image\" content=\"https:\/\/telemme.mmsh.fr\/wp-content\/uploads\/2024\/12\/visuel_Mucem_virtuel.png\" \/>\n\t<meta property=\"og:image:width\" content=\"774\" \/>\n\t<meta property=\"og:image:height\" content=\"477\" \/>\n\t<meta property=\"og:image:type\" content=\"image\/png\" \/>\n<meta name=\"twitter:card\" content=\"summary_large_image\" \/>\n<meta name=\"twitter:label1\" content=\"Dur\u00e9e de lecture estim\u00e9e\" \/>\n\t<meta name=\"twitter:data1\" content=\"1 minute\" \/>\n<script type=\"application\/ld+json\" class=\"yoast-schema-graph\">{\"@context\":\"https:\\\/\\\/schema.org\",\"@graph\":[{\"@type\":\"WebPage\",\"@id\":\"https:\\\/\\\/telemme.mmsh.fr\\\/?tribe_events=virtuel-mucem\",\"url\":\"https:\\\/\\\/telemme.mmsh.fr\\\/?tribe_events=virtuel-mucem\",\"name\":\"Virtuel Mucem, journ\u00e9e de restitution - TELEMMe - Temps, espaces, langages, Europe m\u00e9ridionale, M\u00e9diterran\u00e9e\",\"isPartOf\":{\"@id\":\"https:\\\/\\\/telemme.mmsh.fr\\\/#website\"},\"primaryImageOfPage\":{\"@id\":\"https:\\\/\\\/telemme.mmsh.fr\\\/?tribe_events=virtuel-mucem#primaryimage\"},\"image\":{\"@id\":\"https:\\\/\\\/telemme.mmsh.fr\\\/?tribe_events=virtuel-mucem#primaryimage\"},\"thumbnailUrl\":\"https:\\\/\\\/telemme.mmsh.fr\\\/wp-content\\\/uploads\\\/2024\\\/12\\\/visuel_Mucem_virtuel.png\",\"datePublished\":\"2024-12-12T11:50:51+00:00\",\"dateModified\":\"2024-12-12T11:52:15+00:00\",\"breadcrumb\":{\"@id\":\"https:\\\/\\\/telemme.mmsh.fr\\\/?tribe_events=virtuel-mucem#breadcrumb\"},\"inLanguage\":\"fr-FR\",\"potentialAction\":[{\"@type\":\"ReadAction\",\"target\":[\"https:\\\/\\\/telemme.mmsh.fr\\\/?tribe_events=virtuel-mucem\"]}]},{\"@type\":\"ImageObject\",\"inLanguage\":\"fr-FR\",\"@id\":\"https:\\\/\\\/telemme.mmsh.fr\\\/?tribe_events=virtuel-mucem#primaryimage\",\"url\":\"https:\\\/\\\/telemme.mmsh.fr\\\/wp-content\\\/uploads\\\/2024\\\/12\\\/visuel_Mucem_virtuel.png\",\"contentUrl\":\"https:\\\/\\\/telemme.mmsh.fr\\\/wp-content\\\/uploads\\\/2024\\\/12\\\/visuel_Mucem_virtuel.png\",\"width\":774,\"height\":477,\"caption\":\"Page d'accueil du site \\\"Cornemuses d'Europe et de M\u00e9diterran\u00e9e \u00a9 Mucem \\\/ Hyptique\"},{\"@type\":\"BreadcrumbList\",\"@id\":\"https:\\\/\\\/telemme.mmsh.fr\\\/?tribe_events=virtuel-mucem#breadcrumb\",\"itemListElement\":[{\"@type\":\"ListItem\",\"position\":1,\"name\":\"Accueil\",\"item\":\"https:\\\/\\\/telemme.mmsh.fr\\\/\"},{\"@type\":\"ListItem\",\"position\":2,\"name\":\"\u00c9v\u00e8nements\",\"item\":\"https:\\\/\\\/telemme.mmsh.fr\\\/?post_type=tribe_events\"},{\"@type\":\"ListItem\",\"position\":3,\"name\":\"Journ\u00e9e d'\u00e9tudes\",\"item\":\"https:\\\/\\\/telemme.mmsh.fr\\\/?tribe_events_cat=journee-detudes\"},{\"@type\":\"ListItem\",\"position\":4,\"name\":\"Virtuel Mucem, journ\u00e9e de restitution\"}]},{\"@type\":\"WebSite\",\"@id\":\"https:\\\/\\\/telemme.mmsh.fr\\\/#website\",\"url\":\"https:\\\/\\\/telemme.mmsh.fr\\\/\",\"name\":\"TELEMMe - Temps, espaces, langages, Europe m\u00e9ridionale, M\u00e9diterran\u00e9e\",\"description\":\"\",\"publisher\":{\"@id\":\"https:\\\/\\\/telemme.mmsh.fr\\\/#organization\"},\"potentialAction\":[{\"@type\":\"SearchAction\",\"target\":{\"@type\":\"EntryPoint\",\"urlTemplate\":\"https:\\\/\\\/telemme.mmsh.fr\\\/?s={search_term_string}\"},\"query-input\":{\"@type\":\"PropertyValueSpecification\",\"valueRequired\":true,\"valueName\":\"search_term_string\"}}],\"inLanguage\":\"fr-FR\"},{\"@type\":\"Organization\",\"@id\":\"https:\\\/\\\/telemme.mmsh.fr\\\/#organization\",\"name\":\"TELEMMe\",\"url\":\"https:\\\/\\\/telemme.mmsh.fr\\\/\",\"logo\":{\"@type\":\"ImageObject\",\"inLanguage\":\"fr-FR\",\"@id\":\"https:\\\/\\\/telemme.mmsh.fr\\\/#\\\/schema\\\/logo\\\/image\\\/\",\"url\":\"https:\\\/\\\/telemme.mmsh.fr\\\/wp-content\\\/uploads\\\/2020\\\/03\\\/LogoTELEMMe-horizontal-fond-transparent.png\",\"contentUrl\":\"https:\\\/\\\/telemme.mmsh.fr\\\/wp-content\\\/uploads\\\/2020\\\/03\\\/LogoTELEMMe-horizontal-fond-transparent.png\",\"width\":1500,\"height\":437,\"caption\":\"TELEMMe\"},\"image\":{\"@id\":\"https:\\\/\\\/telemme.mmsh.fr\\\/#\\\/schema\\\/logo\\\/image\\\/\"}}]}<\/script>\n<!-- \/ Yoast SEO plugin. -->","yoast_head_json":{"title":"Virtuel Mucem, journ\u00e9e de restitution - TELEMMe - Temps, espaces, langages, Europe m\u00e9ridionale, M\u00e9diterran\u00e9e","robots":{"index":"index","follow":"follow","max-snippet":"max-snippet:-1","max-image-preview":"max-image-preview:large","max-video-preview":"max-video-preview:-1"},"canonical":"https:\/\/telemme.mmsh.fr\/?tribe_events=virtuel-mucem","og_locale":"fr_FR","og_type":"article","og_title":"Virtuel Mucem, journ\u00e9e de restitution - TELEMMe - Temps, espaces, langages, Europe m\u00e9ridionale, M\u00e9diterran\u00e9e","og_description":"Avant l\u2019ouverture de ses portes au public en 2013, le Mucem \u00e9tait d\u00e9j\u00e0 actif. De 2005 \u00e0 2008, le mus\u00e9e a donn\u00e9 acc\u00e8s \u00e0 ses collections et ses enqu\u00eates, physiquement&hellip;&nbsp;Lire la suite &raquo;Virtuel Mucem, journ\u00e9e de restitution","og_url":"https:\/\/telemme.mmsh.fr\/?tribe_events=virtuel-mucem","og_site_name":"TELEMMe - Temps, espaces, langages, Europe m\u00e9ridionale, M\u00e9diterran\u00e9e","article_modified_time":"2024-12-12T11:52:15+00:00","og_image":[{"width":774,"height":477,"url":"https:\/\/telemme.mmsh.fr\/wp-content\/uploads\/2024\/12\/visuel_Mucem_virtuel.png","type":"image\/png"}],"twitter_card":"summary_large_image","twitter_misc":{"Dur\u00e9e de lecture estim\u00e9e":"1 minute"},"schema":{"@context":"https:\/\/schema.org","@graph":[{"@type":"WebPage","@id":"https:\/\/telemme.mmsh.fr\/?tribe_events=virtuel-mucem","url":"https:\/\/telemme.mmsh.fr\/?tribe_events=virtuel-mucem","name":"Virtuel Mucem, journ\u00e9e de restitution - TELEMMe - Temps, espaces, langages, Europe m\u00e9ridionale, M\u00e9diterran\u00e9e","isPartOf":{"@id":"https:\/\/telemme.mmsh.fr\/#website"},"primaryImageOfPage":{"@id":"https:\/\/telemme.mmsh.fr\/?tribe_events=virtuel-mucem#primaryimage"},"image":{"@id":"https:\/\/telemme.mmsh.fr\/?tribe_events=virtuel-mucem#primaryimage"},"thumbnailUrl":"https:\/\/telemme.mmsh.fr\/wp-content\/uploads\/2024\/12\/visuel_Mucem_virtuel.png","datePublished":"2024-12-12T11:50:51+00:00","dateModified":"2024-12-12T11:52:15+00:00","breadcrumb":{"@id":"https:\/\/telemme.mmsh.fr\/?tribe_events=virtuel-mucem#breadcrumb"},"inLanguage":"fr-FR","potentialAction":[{"@type":"ReadAction","target":["https:\/\/telemme.mmsh.fr\/?tribe_events=virtuel-mucem"]}]},{"@type":"ImageObject","inLanguage":"fr-FR","@id":"https:\/\/telemme.mmsh.fr\/?tribe_events=virtuel-mucem#primaryimage","url":"https:\/\/telemme.mmsh.fr\/wp-content\/uploads\/2024\/12\/visuel_Mucem_virtuel.png","contentUrl":"https:\/\/telemme.mmsh.fr\/wp-content\/uploads\/2024\/12\/visuel_Mucem_virtuel.png","width":774,"height":477,"caption":"Page d'accueil du site \"Cornemuses d'Europe et de M\u00e9diterran\u00e9e \u00a9 Mucem \/ Hyptique"},{"@type":"BreadcrumbList","@id":"https:\/\/telemme.mmsh.fr\/?tribe_events=virtuel-mucem#breadcrumb","itemListElement":[{"@type":"ListItem","position":1,"name":"Accueil","item":"https:\/\/telemme.mmsh.fr\/"},{"@type":"ListItem","position":2,"name":"\u00c9v\u00e8nements","item":"https:\/\/telemme.mmsh.fr\/?post_type=tribe_events"},{"@type":"ListItem","position":3,"name":"Journ\u00e9e d'\u00e9tudes","item":"https:\/\/telemme.mmsh.fr\/?tribe_events_cat=journee-detudes"},{"@type":"ListItem","position":4,"name":"Virtuel Mucem, journ\u00e9e de restitution"}]},{"@type":"WebSite","@id":"https:\/\/telemme.mmsh.fr\/#website","url":"https:\/\/telemme.mmsh.fr\/","name":"TELEMMe - Temps, espaces, langages, Europe m\u00e9ridionale, M\u00e9diterran\u00e9e","description":"","publisher":{"@id":"https:\/\/telemme.mmsh.fr\/#organization"},"potentialAction":[{"@type":"SearchAction","target":{"@type":"EntryPoint","urlTemplate":"https:\/\/telemme.mmsh.fr\/?s={search_term_string}"},"query-input":{"@type":"PropertyValueSpecification","valueRequired":true,"valueName":"search_term_string"}}],"inLanguage":"fr-FR"},{"@type":"Organization","@id":"https:\/\/telemme.mmsh.fr\/#organization","name":"TELEMMe","url":"https:\/\/telemme.mmsh.fr\/","logo":{"@type":"ImageObject","inLanguage":"fr-FR","@id":"https:\/\/telemme.mmsh.fr\/#\/schema\/logo\/image\/","url":"https:\/\/telemme.mmsh.fr\/wp-content\/uploads\/2020\/03\/LogoTELEMMe-horizontal-fond-transparent.png","contentUrl":"https:\/\/telemme.mmsh.fr\/wp-content\/uploads\/2020\/03\/LogoTELEMMe-horizontal-fond-transparent.png","width":1500,"height":437,"caption":"TELEMMe"},"image":{"@id":"https:\/\/telemme.mmsh.fr\/#\/schema\/logo\/image\/"}}]}},"_links":{"self":[{"href":"https:\/\/telemme.mmsh.fr\/index.php?rest_route=\/wp\/v2\/tribe_events\/14733","targetHints":{"allow":["GET"]}}],"collection":[{"href":"https:\/\/telemme.mmsh.fr\/index.php?rest_route=\/wp\/v2\/tribe_events"}],"about":[{"href":"https:\/\/telemme.mmsh.fr\/index.php?rest_route=\/wp\/v2\/types\/tribe_events"}],"author":[{"embeddable":true,"href":"https:\/\/telemme.mmsh.fr\/index.php?rest_route=\/wp\/v2\/users\/6"}],"version-history":[{"count":2,"href":"https:\/\/telemme.mmsh.fr\/index.php?rest_route=\/wp\/v2\/tribe_events\/14733\/revisions"}],"predecessor-version":[{"id":14737,"href":"https:\/\/telemme.mmsh.fr\/index.php?rest_route=\/wp\/v2\/tribe_events\/14733\/revisions\/14737"}],"wp:featuredmedia":[{"embeddable":true,"href":"https:\/\/telemme.mmsh.fr\/index.php?rest_route=\/wp\/v2\/media\/14732"}],"wp:attachment":[{"href":"https:\/\/telemme.mmsh.fr\/index.php?rest_route=%2Fwp%2Fv2%2Fmedia&parent=14733"}],"wp:term":[{"taxonomy":"post_tag","embeddable":true,"href":"https:\/\/telemme.mmsh.fr\/index.php?rest_route=%2Fwp%2Fv2%2Ftags&post=14733"},{"taxonomy":"tribe_events_cat","embeddable":true,"href":"https:\/\/telemme.mmsh.fr\/index.php?rest_route=%2Fwp%2Fv2%2Ftribe_events_cat&post=14733"}],"curies":[{"name":"wp","href":"https:\/\/api.w.org\/{rel}","templated":true}]}}