{"id":14682,"date":"2024-11-27T15:38:58","date_gmt":"2024-11-27T14:38:58","guid":{"rendered":"https:\/\/telemme.mmsh.fr\/?post_type=tribe_events&#038;p=14682"},"modified":"2024-11-27T15:41:08","modified_gmt":"2024-11-27T14:41:08","slug":"les-juifs-de-rhodes","status":"publish","type":"tribe_events","link":"https:\/\/telemme.mmsh.fr\/?tribe_events=les-juifs-de-rhodes","title":{"rendered":"Les juifs de Rhodes.  Histoire et m\u00e9moire d\u2019une communaut\u00e9 de M\u00e9diterran\u00e9e orientale"},"content":{"rendered":"<p>La communaut\u00e9 juive de Rhodes a \u00e9t\u00e9 une part int\u00e9grante du juda\u00efsme de M\u00e9diterran\u00e9e orientale pendant plusieurs si\u00e8cles. Son sort fut n\u00e9anmoins scell\u00e9 par les transformations radicales qui affect\u00e8rent les espaces ottomans au cours du 20e si\u00e8cle conduisant \u00e0 un puissant mouvement d\u2019\u00e9migration, et \u00e0 la formation d\u2019une diaspora nombreuse. Mais ce sont surtout les violences de la seconde Guerre Mondiale qui conduisirent \u00e0 la disparition durable de la communaut\u00e9 \u00e0 Rhodes suite \u00e0 la d\u00e9portation de pr\u00e8s de 2 000 personnes vers le camp d\u2019Auschwitz en juillet 1944. Alors que cette disparition semblait irr\u00e9m\u00e9diable, de nombreuses initiatives d\u00e9velopp\u00e9es au cours des ann\u00e9es 2000, ont conduit \u00e0 redonner une visibilit\u00e9 au pass\u00e9 juif de Rhodes.<\/p>\n<p>Organis\u00e9e dans le cadre de l\u2019exposition \u00ab Revenir. Retours migratoires en M\u00e9diterran\u00e9e \u00bb (octobre 2024-juin 2025), cette journ\u00e9e d\u2019\u00e9tudes permettra de pr\u00e9senter, pour la premi\u00e8re fois en France, le destin de cette communaut\u00e9 ainsi que les diff\u00e9rentes activit\u00e9s de m\u00e9moire qui ont \u00e9t\u00e9 men\u00e9es \u00e0 ce sujet par plusieurs institutions mus\u00e9ales.<\/p>\n<ul>\n<li>Journ\u00e9e d\u2019\u00e9tudes organis\u00e9e par Andreas Guidi (INALCO, CREE) et Pierre Sint\u00e8s (TELEMMe, AMU)<\/li>\n<li>Entre\u0301e gratuite sur inscription a\u0300 mucemlab@mucem.org<\/li>\n<li><a href=\"https:\/\/telemme.mmsh.fr\/?evenement=les-juifs-de-rhodes\"><strong>Programme complet<\/strong> <\/a><\/li>\n<\/ul>\n","protected":false},"excerpt":{"rendered":"<p>La communaut\u00e9 juive de Rhodes a \u00e9t\u00e9 une part int\u00e9grante du juda\u00efsme de M\u00e9diterran\u00e9e orientale pendant plusieurs si\u00e8cles. Son sort fut n\u00e9anmoins scell\u00e9 par les transformations radicales qui affect\u00e8rent les&hellip;&nbsp;<a href=\"https:\/\/telemme.mmsh.fr\/?tribe_events=les-juifs-de-rhodes\" rel=\"bookmark\">Lire la suite &raquo;<span class=\"screen-reader-text\">Les juifs de Rhodes.  Histoire et m\u00e9moire d\u2019une communaut\u00e9 de M\u00e9diterran\u00e9e orientale<\/span><\/a><\/p>\n","protected":false},"author":6,"featured_media":14681,"template":"","meta":{"neve_meta_sidebar":"","neve_meta_container":"","neve_meta_enable_content_width":"","neve_meta_content_width":0,"neve_meta_title_alignment":"","neve_meta_author_avatar":"","neve_post_elements_order":"","neve_meta_disable_header":"","neve_meta_disable_footer":"","neve_meta_disable_title":"","_tribe_events_status":"","_tribe_events_status_reason":"","footnotes":""},"tags":[],"tribe_events_cat":[1823],"class_list":["post-14682","tribe_events","type-tribe_events","status-publish","has-post-thumbnail","hentry","tribe_events_cat-journee-detudes","cat_journee-detudes"],"yoast_head":"<!-- This site is optimized with the Yoast SEO plugin v27.4 - https:\/\/yoast.com\/product\/yoast-seo-wordpress\/ -->\n<title>Les juifs de Rhodes. Histoire et m\u00e9moire d\u2019une communaut\u00e9 de M\u00e9diterran\u00e9e orientale - TELEMMe - Temps, espaces, langages, Europe m\u00e9ridionale, M\u00e9diterran\u00e9e<\/title>\n<meta name=\"description\" content=\"La communaut\u00e9 juive de Rhodes a \u00e9t\u00e9 une part int\u00e9grante du juda\u00efsme de M\u00e9diterran\u00e9e orientale pendant plusieurs si\u00e8cles. Son sort fut n\u00e9anmoins scell\u00e9 par les transformations radicales qui affect\u00e8rent les espaces ottomans au cours du 20e si\u00e8cle conduisant \u00e0 un puissant mouvement d\u2019\u00e9migration, et \u00e0 la formation d\u2019une diaspora nombreuse. Mais ce sont surtout les violences de la seconde Guerre Mondiale qui conduisirent \u00e0 la disparition durable de la communaut\u00e9 \u00e0 Rhodes suite \u00e0 la d\u00e9portation de pr\u00e8s de 2 000 personnes vers le camp d\u2019Auschwitz en juillet 1944. Alors que cette disparition semblait irr\u00e9m\u00e9diable, de nombreuses initiatives d\u00e9velopp\u00e9es au cours des ann\u00e9es 2000, ont conduit \u00e0 redonner une visibilit\u00e9 au pass\u00e9 juif de Rhodes.Organis\u00e9e dans le cadre de l\u2019exposition \u00ab Revenir. Retours migratoires en M\u00e9diterran\u00e9e \u00bb (octobre 2024-juin 2025), cette journ\u00e9e d\u2019\u00e9tudes permettra de pr\u00e9senter, pour la premi\u00e8re fois en France, le destin de cette communaut\u00e9 ainsi que les diff\u00e9rentes activit\u00e9s de m\u00e9moire qui ont \u00e9t\u00e9 men\u00e9es \u00e0 ce sujet par plusieurs institutions mus\u00e9ales.\" \/>\n<meta name=\"robots\" content=\"index, follow, max-snippet:-1, max-image-preview:large, max-video-preview:-1\" \/>\n<link rel=\"canonical\" href=\"https:\/\/telemme.mmsh.fr\/?tribe_events=les-juifs-de-rhodes\" \/>\n<meta property=\"og:locale\" content=\"fr_FR\" \/>\n<meta property=\"og:type\" content=\"article\" \/>\n<meta property=\"og:title\" content=\"Les juifs de Rhodes. Histoire et m\u00e9moire d\u2019une communaut\u00e9 de M\u00e9diterran\u00e9e orientale - TELEMMe - Temps, espaces, langages, Europe m\u00e9ridionale, M\u00e9diterran\u00e9e\" \/>\n<meta property=\"og:description\" content=\"La communaut\u00e9 juive de Rhodes a \u00e9t\u00e9 une part int\u00e9grante du juda\u00efsme de M\u00e9diterran\u00e9e orientale pendant plusieurs si\u00e8cles. Son sort fut n\u00e9anmoins scell\u00e9 par les transformations radicales qui affect\u00e8rent les espaces ottomans au cours du 20e si\u00e8cle conduisant \u00e0 un puissant mouvement d\u2019\u00e9migration, et \u00e0 la formation d\u2019une diaspora nombreuse. Mais ce sont surtout les violences de la seconde Guerre Mondiale qui conduisirent \u00e0 la disparition durable de la communaut\u00e9 \u00e0 Rhodes suite \u00e0 la d\u00e9portation de pr\u00e8s de 2 000 personnes vers le camp d\u2019Auschwitz en juillet 1944. Alors que cette disparition semblait irr\u00e9m\u00e9diable, de nombreuses initiatives d\u00e9velopp\u00e9es au cours des ann\u00e9es 2000, ont conduit \u00e0 redonner une visibilit\u00e9 au pass\u00e9 juif de Rhodes.Organis\u00e9e dans le cadre de l\u2019exposition \u00ab Revenir. Retours migratoires en M\u00e9diterran\u00e9e \u00bb (octobre 2024-juin 2025), cette journ\u00e9e d\u2019\u00e9tudes permettra de pr\u00e9senter, pour la premi\u00e8re fois en France, le destin de cette communaut\u00e9 ainsi que les diff\u00e9rentes activit\u00e9s de m\u00e9moire qui ont \u00e9t\u00e9 men\u00e9es \u00e0 ce sujet par plusieurs institutions mus\u00e9ales.\" \/>\n<meta property=\"og:url\" content=\"https:\/\/telemme.mmsh.fr\/?tribe_events=les-juifs-de-rhodes\" \/>\n<meta property=\"og:site_name\" content=\"TELEMMe - Temps, espaces, langages, Europe m\u00e9ridionale, M\u00e9diterran\u00e9e\" \/>\n<meta property=\"article:modified_time\" content=\"2024-11-27T14:41:08+00:00\" \/>\n<meta property=\"og:image\" content=\"https:\/\/telemme.mmsh.fr\/wp-content\/uploads\/2024\/11\/rhodes.png\" \/>\n\t<meta property=\"og:image:width\" content=\"700\" \/>\n\t<meta property=\"og:image:height\" content=\"525\" \/>\n\t<meta property=\"og:image:type\" content=\"image\/png\" \/>\n<meta name=\"twitter:card\" content=\"summary_large_image\" \/>\n<meta name=\"twitter:label1\" content=\"Dur\u00e9e de lecture estim\u00e9e\" \/>\n\t<meta name=\"twitter:data1\" content=\"1 minute\" \/>\n<script type=\"application\/ld+json\" class=\"yoast-schema-graph\">{\"@context\":\"https:\\\/\\\/schema.org\",\"@graph\":[{\"@type\":\"WebPage\",\"@id\":\"https:\\\/\\\/telemme.mmsh.fr\\\/?tribe_events=les-juifs-de-rhodes\",\"url\":\"https:\\\/\\\/telemme.mmsh.fr\\\/?tribe_events=les-juifs-de-rhodes\",\"name\":\"Les juifs de Rhodes. Histoire et m\u00e9moire d\u2019une communaut\u00e9 de M\u00e9diterran\u00e9e orientale - TELEMMe - Temps, espaces, langages, Europe m\u00e9ridionale, M\u00e9diterran\u00e9e\",\"isPartOf\":{\"@id\":\"https:\\\/\\\/telemme.mmsh.fr\\\/#website\"},\"primaryImageOfPage\":{\"@id\":\"https:\\\/\\\/telemme.mmsh.fr\\\/?tribe_events=les-juifs-de-rhodes#primaryimage\"},\"image\":{\"@id\":\"https:\\\/\\\/telemme.mmsh.fr\\\/?tribe_events=les-juifs-de-rhodes#primaryimage\"},\"thumbnailUrl\":\"https:\\\/\\\/telemme.mmsh.fr\\\/wp-content\\\/uploads\\\/2024\\\/11\\\/rhodes.png\",\"datePublished\":\"2024-11-27T14:38:58+00:00\",\"dateModified\":\"2024-11-27T14:41:08+00:00\",\"description\":\"La communaut\u00e9 juive de Rhodes a \u00e9t\u00e9 une part int\u00e9grante du juda\u00efsme de M\u00e9diterran\u00e9e orientale pendant plusieurs si\u00e8cles. Son sort fut n\u00e9anmoins scell\u00e9 par les transformations radicales qui affect\u00e8rent les espaces ottomans au cours du 20e si\u00e8cle conduisant \u00e0 un puissant mouvement d\u2019\u00e9migration, et \u00e0 la formation d\u2019une diaspora nombreuse. Mais ce sont surtout les violences de la seconde Guerre Mondiale qui conduisirent \u00e0 la disparition durable de la communaut\u00e9 \u00e0 Rhodes suite \u00e0 la d\u00e9portation de pr\u00e8s de 2 000 personnes vers le camp d\u2019Auschwitz en juillet 1944. Alors que cette disparition semblait irr\u00e9m\u00e9diable, de nombreuses initiatives d\u00e9velopp\u00e9es au cours des ann\u00e9es 2000, ont conduit \u00e0 redonner une visibilit\u00e9 au pass\u00e9 juif de Rhodes.Organis\u00e9e dans le cadre de l\u2019exposition \u00ab Revenir. Retours migratoires en M\u00e9diterran\u00e9e \u00bb (octobre 2024-juin 2025), cette journ\u00e9e d\u2019\u00e9tudes permettra de pr\u00e9senter, pour la premi\u00e8re fois en France, le destin de cette communaut\u00e9 ainsi que les diff\u00e9rentes activit\u00e9s de m\u00e9moire qui ont \u00e9t\u00e9 men\u00e9es \u00e0 ce sujet par plusieurs institutions mus\u00e9ales.\",\"breadcrumb\":{\"@id\":\"https:\\\/\\\/telemme.mmsh.fr\\\/?tribe_events=les-juifs-de-rhodes#breadcrumb\"},\"inLanguage\":\"fr-FR\",\"potentialAction\":[{\"@type\":\"ReadAction\",\"target\":[\"https:\\\/\\\/telemme.mmsh.fr\\\/?tribe_events=les-juifs-de-rhodes\"]}]},{\"@type\":\"ImageObject\",\"inLanguage\":\"fr-FR\",\"@id\":\"https:\\\/\\\/telemme.mmsh.fr\\\/?tribe_events=les-juifs-de-rhodes#primaryimage\",\"url\":\"https:\\\/\\\/telemme.mmsh.fr\\\/wp-content\\\/uploads\\\/2024\\\/11\\\/rhodes.png\",\"contentUrl\":\"https:\\\/\\\/telemme.mmsh.fr\\\/wp-content\\\/uploads\\\/2024\\\/11\\\/rhodes.png\",\"width\":700,\"height\":525,\"caption\":\"Sol orn\u00e9 d\u2019une \u00e9toile de David, quartier du Mandraki, Rhodes \u00a9 P. Sint\u00e8s 2006\"},{\"@type\":\"BreadcrumbList\",\"@id\":\"https:\\\/\\\/telemme.mmsh.fr\\\/?tribe_events=les-juifs-de-rhodes#breadcrumb\",\"itemListElement\":[{\"@type\":\"ListItem\",\"position\":1,\"name\":\"Accueil\",\"item\":\"https:\\\/\\\/telemme.mmsh.fr\\\/\"},{\"@type\":\"ListItem\",\"position\":2,\"name\":\"\u00c9v\u00e8nements\",\"item\":\"https:\\\/\\\/telemme.mmsh.fr\\\/?post_type=tribe_events\"},{\"@type\":\"ListItem\",\"position\":3,\"name\":\"Journ\u00e9e d'\u00e9tudes\",\"item\":\"https:\\\/\\\/telemme.mmsh.fr\\\/?tribe_events_cat=journee-detudes\"},{\"@type\":\"ListItem\",\"position\":4,\"name\":\"Les juifs de Rhodes. Histoire et m\u00e9moire d\u2019une communaut\u00e9 de M\u00e9diterran\u00e9e orientale\"}]},{\"@type\":\"WebSite\",\"@id\":\"https:\\\/\\\/telemme.mmsh.fr\\\/#website\",\"url\":\"https:\\\/\\\/telemme.mmsh.fr\\\/\",\"name\":\"TELEMMe - Temps, espaces, langages, Europe m\u00e9ridionale, M\u00e9diterran\u00e9e\",\"description\":\"\",\"publisher\":{\"@id\":\"https:\\\/\\\/telemme.mmsh.fr\\\/#organization\"},\"potentialAction\":[{\"@type\":\"SearchAction\",\"target\":{\"@type\":\"EntryPoint\",\"urlTemplate\":\"https:\\\/\\\/telemme.mmsh.fr\\\/?s={search_term_string}\"},\"query-input\":{\"@type\":\"PropertyValueSpecification\",\"valueRequired\":true,\"valueName\":\"search_term_string\"}}],\"inLanguage\":\"fr-FR\"},{\"@type\":\"Organization\",\"@id\":\"https:\\\/\\\/telemme.mmsh.fr\\\/#organization\",\"name\":\"TELEMMe\",\"url\":\"https:\\\/\\\/telemme.mmsh.fr\\\/\",\"logo\":{\"@type\":\"ImageObject\",\"inLanguage\":\"fr-FR\",\"@id\":\"https:\\\/\\\/telemme.mmsh.fr\\\/#\\\/schema\\\/logo\\\/image\\\/\",\"url\":\"https:\\\/\\\/telemme.mmsh.fr\\\/wp-content\\\/uploads\\\/2020\\\/03\\\/LogoTELEMMe-horizontal-fond-transparent.png\",\"contentUrl\":\"https:\\\/\\\/telemme.mmsh.fr\\\/wp-content\\\/uploads\\\/2020\\\/03\\\/LogoTELEMMe-horizontal-fond-transparent.png\",\"width\":1500,\"height\":437,\"caption\":\"TELEMMe\"},\"image\":{\"@id\":\"https:\\\/\\\/telemme.mmsh.fr\\\/#\\\/schema\\\/logo\\\/image\\\/\"}}]}<\/script>\n<!-- \/ Yoast SEO plugin. -->","yoast_head_json":{"title":"Les juifs de Rhodes. Histoire et m\u00e9moire d\u2019une communaut\u00e9 de M\u00e9diterran\u00e9e orientale - TELEMMe - Temps, espaces, langages, Europe m\u00e9ridionale, M\u00e9diterran\u00e9e","description":"La communaut\u00e9 juive de Rhodes a \u00e9t\u00e9 une part int\u00e9grante du juda\u00efsme de M\u00e9diterran\u00e9e orientale pendant plusieurs si\u00e8cles. Son sort fut n\u00e9anmoins scell\u00e9 par les transformations radicales qui affect\u00e8rent les espaces ottomans au cours du 20e si\u00e8cle conduisant \u00e0 un puissant mouvement d\u2019\u00e9migration, et \u00e0 la formation d\u2019une diaspora nombreuse. Mais ce sont surtout les violences de la seconde Guerre Mondiale qui conduisirent \u00e0 la disparition durable de la communaut\u00e9 \u00e0 Rhodes suite \u00e0 la d\u00e9portation de pr\u00e8s de 2 000 personnes vers le camp d\u2019Auschwitz en juillet 1944. Alors que cette disparition semblait irr\u00e9m\u00e9diable, de nombreuses initiatives d\u00e9velopp\u00e9es au cours des ann\u00e9es 2000, ont conduit \u00e0 redonner une visibilit\u00e9 au pass\u00e9 juif de Rhodes.Organis\u00e9e dans le cadre de l\u2019exposition \u00ab Revenir. Retours migratoires en M\u00e9diterran\u00e9e \u00bb (octobre 2024-juin 2025), cette journ\u00e9e d\u2019\u00e9tudes permettra de pr\u00e9senter, pour la premi\u00e8re fois en France, le destin de cette communaut\u00e9 ainsi que les diff\u00e9rentes activit\u00e9s de m\u00e9moire qui ont \u00e9t\u00e9 men\u00e9es \u00e0 ce sujet par plusieurs institutions mus\u00e9ales.","robots":{"index":"index","follow":"follow","max-snippet":"max-snippet:-1","max-image-preview":"max-image-preview:large","max-video-preview":"max-video-preview:-1"},"canonical":"https:\/\/telemme.mmsh.fr\/?tribe_events=les-juifs-de-rhodes","og_locale":"fr_FR","og_type":"article","og_title":"Les juifs de Rhodes. Histoire et m\u00e9moire d\u2019une communaut\u00e9 de M\u00e9diterran\u00e9e orientale - TELEMMe - Temps, espaces, langages, Europe m\u00e9ridionale, M\u00e9diterran\u00e9e","og_description":"La communaut\u00e9 juive de Rhodes a \u00e9t\u00e9 une part int\u00e9grante du juda\u00efsme de M\u00e9diterran\u00e9e orientale pendant plusieurs si\u00e8cles. Son sort fut n\u00e9anmoins scell\u00e9 par les transformations radicales qui affect\u00e8rent les espaces ottomans au cours du 20e si\u00e8cle conduisant \u00e0 un puissant mouvement d\u2019\u00e9migration, et \u00e0 la formation d\u2019une diaspora nombreuse. Mais ce sont surtout les violences de la seconde Guerre Mondiale qui conduisirent \u00e0 la disparition durable de la communaut\u00e9 \u00e0 Rhodes suite \u00e0 la d\u00e9portation de pr\u00e8s de 2 000 personnes vers le camp d\u2019Auschwitz en juillet 1944. Alors que cette disparition semblait irr\u00e9m\u00e9diable, de nombreuses initiatives d\u00e9velopp\u00e9es au cours des ann\u00e9es 2000, ont conduit \u00e0 redonner une visibilit\u00e9 au pass\u00e9 juif de Rhodes.Organis\u00e9e dans le cadre de l\u2019exposition \u00ab Revenir. Retours migratoires en M\u00e9diterran\u00e9e \u00bb (octobre 2024-juin 2025), cette journ\u00e9e d\u2019\u00e9tudes permettra de pr\u00e9senter, pour la premi\u00e8re fois en France, le destin de cette communaut\u00e9 ainsi que les diff\u00e9rentes activit\u00e9s de m\u00e9moire qui ont \u00e9t\u00e9 men\u00e9es \u00e0 ce sujet par plusieurs institutions mus\u00e9ales.","og_url":"https:\/\/telemme.mmsh.fr\/?tribe_events=les-juifs-de-rhodes","og_site_name":"TELEMMe - Temps, espaces, langages, Europe m\u00e9ridionale, M\u00e9diterran\u00e9e","article_modified_time":"2024-11-27T14:41:08+00:00","og_image":[{"width":700,"height":525,"url":"https:\/\/telemme.mmsh.fr\/wp-content\/uploads\/2024\/11\/rhodes.png","type":"image\/png"}],"twitter_card":"summary_large_image","twitter_misc":{"Dur\u00e9e de lecture estim\u00e9e":"1 minute"},"schema":{"@context":"https:\/\/schema.org","@graph":[{"@type":"WebPage","@id":"https:\/\/telemme.mmsh.fr\/?tribe_events=les-juifs-de-rhodes","url":"https:\/\/telemme.mmsh.fr\/?tribe_events=les-juifs-de-rhodes","name":"Les juifs de Rhodes. Histoire et m\u00e9moire d\u2019une communaut\u00e9 de M\u00e9diterran\u00e9e orientale - TELEMMe - Temps, espaces, langages, Europe m\u00e9ridionale, M\u00e9diterran\u00e9e","isPartOf":{"@id":"https:\/\/telemme.mmsh.fr\/#website"},"primaryImageOfPage":{"@id":"https:\/\/telemme.mmsh.fr\/?tribe_events=les-juifs-de-rhodes#primaryimage"},"image":{"@id":"https:\/\/telemme.mmsh.fr\/?tribe_events=les-juifs-de-rhodes#primaryimage"},"thumbnailUrl":"https:\/\/telemme.mmsh.fr\/wp-content\/uploads\/2024\/11\/rhodes.png","datePublished":"2024-11-27T14:38:58+00:00","dateModified":"2024-11-27T14:41:08+00:00","description":"La communaut\u00e9 juive de Rhodes a \u00e9t\u00e9 une part int\u00e9grante du juda\u00efsme de M\u00e9diterran\u00e9e orientale pendant plusieurs si\u00e8cles. Son sort fut n\u00e9anmoins scell\u00e9 par les transformations radicales qui affect\u00e8rent les espaces ottomans au cours du 20e si\u00e8cle conduisant \u00e0 un puissant mouvement d\u2019\u00e9migration, et \u00e0 la formation d\u2019une diaspora nombreuse. Mais ce sont surtout les violences de la seconde Guerre Mondiale qui conduisirent \u00e0 la disparition durable de la communaut\u00e9 \u00e0 Rhodes suite \u00e0 la d\u00e9portation de pr\u00e8s de 2 000 personnes vers le camp d\u2019Auschwitz en juillet 1944. Alors que cette disparition semblait irr\u00e9m\u00e9diable, de nombreuses initiatives d\u00e9velopp\u00e9es au cours des ann\u00e9es 2000, ont conduit \u00e0 redonner une visibilit\u00e9 au pass\u00e9 juif de Rhodes.Organis\u00e9e dans le cadre de l\u2019exposition \u00ab Revenir. Retours migratoires en M\u00e9diterran\u00e9e \u00bb (octobre 2024-juin 2025), cette journ\u00e9e d\u2019\u00e9tudes permettra de pr\u00e9senter, pour la premi\u00e8re fois en France, le destin de cette communaut\u00e9 ainsi que les diff\u00e9rentes activit\u00e9s de m\u00e9moire qui ont \u00e9t\u00e9 men\u00e9es \u00e0 ce sujet par plusieurs institutions mus\u00e9ales.","breadcrumb":{"@id":"https:\/\/telemme.mmsh.fr\/?tribe_events=les-juifs-de-rhodes#breadcrumb"},"inLanguage":"fr-FR","potentialAction":[{"@type":"ReadAction","target":["https:\/\/telemme.mmsh.fr\/?tribe_events=les-juifs-de-rhodes"]}]},{"@type":"ImageObject","inLanguage":"fr-FR","@id":"https:\/\/telemme.mmsh.fr\/?tribe_events=les-juifs-de-rhodes#primaryimage","url":"https:\/\/telemme.mmsh.fr\/wp-content\/uploads\/2024\/11\/rhodes.png","contentUrl":"https:\/\/telemme.mmsh.fr\/wp-content\/uploads\/2024\/11\/rhodes.png","width":700,"height":525,"caption":"Sol orn\u00e9 d\u2019une \u00e9toile de David, quartier du Mandraki, Rhodes \u00a9 P. Sint\u00e8s 2006"},{"@type":"BreadcrumbList","@id":"https:\/\/telemme.mmsh.fr\/?tribe_events=les-juifs-de-rhodes#breadcrumb","itemListElement":[{"@type":"ListItem","position":1,"name":"Accueil","item":"https:\/\/telemme.mmsh.fr\/"},{"@type":"ListItem","position":2,"name":"\u00c9v\u00e8nements","item":"https:\/\/telemme.mmsh.fr\/?post_type=tribe_events"},{"@type":"ListItem","position":3,"name":"Journ\u00e9e d'\u00e9tudes","item":"https:\/\/telemme.mmsh.fr\/?tribe_events_cat=journee-detudes"},{"@type":"ListItem","position":4,"name":"Les juifs de Rhodes. Histoire et m\u00e9moire d\u2019une communaut\u00e9 de M\u00e9diterran\u00e9e orientale"}]},{"@type":"WebSite","@id":"https:\/\/telemme.mmsh.fr\/#website","url":"https:\/\/telemme.mmsh.fr\/","name":"TELEMMe - Temps, espaces, langages, Europe m\u00e9ridionale, M\u00e9diterran\u00e9e","description":"","publisher":{"@id":"https:\/\/telemme.mmsh.fr\/#organization"},"potentialAction":[{"@type":"SearchAction","target":{"@type":"EntryPoint","urlTemplate":"https:\/\/telemme.mmsh.fr\/?s={search_term_string}"},"query-input":{"@type":"PropertyValueSpecification","valueRequired":true,"valueName":"search_term_string"}}],"inLanguage":"fr-FR"},{"@type":"Organization","@id":"https:\/\/telemme.mmsh.fr\/#organization","name":"TELEMMe","url":"https:\/\/telemme.mmsh.fr\/","logo":{"@type":"ImageObject","inLanguage":"fr-FR","@id":"https:\/\/telemme.mmsh.fr\/#\/schema\/logo\/image\/","url":"https:\/\/telemme.mmsh.fr\/wp-content\/uploads\/2020\/03\/LogoTELEMMe-horizontal-fond-transparent.png","contentUrl":"https:\/\/telemme.mmsh.fr\/wp-content\/uploads\/2020\/03\/LogoTELEMMe-horizontal-fond-transparent.png","width":1500,"height":437,"caption":"TELEMMe"},"image":{"@id":"https:\/\/telemme.mmsh.fr\/#\/schema\/logo\/image\/"}}]}},"_links":{"self":[{"href":"https:\/\/telemme.mmsh.fr\/index.php?rest_route=\/wp\/v2\/tribe_events\/14682","targetHints":{"allow":["GET"]}}],"collection":[{"href":"https:\/\/telemme.mmsh.fr\/index.php?rest_route=\/wp\/v2\/tribe_events"}],"about":[{"href":"https:\/\/telemme.mmsh.fr\/index.php?rest_route=\/wp\/v2\/types\/tribe_events"}],"author":[{"embeddable":true,"href":"https:\/\/telemme.mmsh.fr\/index.php?rest_route=\/wp\/v2\/users\/6"}],"version-history":[{"count":4,"href":"https:\/\/telemme.mmsh.fr\/index.php?rest_route=\/wp\/v2\/tribe_events\/14682\/revisions"}],"predecessor-version":[{"id":14687,"href":"https:\/\/telemme.mmsh.fr\/index.php?rest_route=\/wp\/v2\/tribe_events\/14682\/revisions\/14687"}],"wp:featuredmedia":[{"embeddable":true,"href":"https:\/\/telemme.mmsh.fr\/index.php?rest_route=\/wp\/v2\/media\/14681"}],"wp:attachment":[{"href":"https:\/\/telemme.mmsh.fr\/index.php?rest_route=%2Fwp%2Fv2%2Fmedia&parent=14682"}],"wp:term":[{"taxonomy":"post_tag","embeddable":true,"href":"https:\/\/telemme.mmsh.fr\/index.php?rest_route=%2Fwp%2Fv2%2Ftags&post=14682"},{"taxonomy":"tribe_events_cat","embeddable":true,"href":"https:\/\/telemme.mmsh.fr\/index.php?rest_route=%2Fwp%2Fv2%2Ftribe_events_cat&post=14682"}],"curies":[{"name":"wp","href":"https:\/\/api.w.org\/{rel}","templated":true}]}}