{"id":14621,"date":"2024-10-25T17:26:15","date_gmt":"2024-10-25T15:26:15","guid":{"rendered":"https:\/\/telemme.mmsh.fr\/?post_type=tribe_events&#038;p=14621"},"modified":"2024-11-08T15:28:12","modified_gmt":"2024-11-08T14:28:12","slug":"complexes-lagunaires-de-mediterranee-entre-peches-patrimoniales-et-defis-du-changement-global","status":"publish","type":"tribe_events","link":"https:\/\/telemme.mmsh.fr\/?tribe_events=complexes-lagunaires-de-mediterranee-entre-peches-patrimoniales-et-defis-du-changement-global","title":{"rendered":"Complexes lagunaires de M\u00e9diterran\u00e9e\u00a0: entre p\u00eaches patrimoniales et d\u00e9fis du changement global"},"content":{"rendered":"<p>Journ\u00e9e d\u2019\u00e9tudes interdisciplinaire<\/p>\n<p><a href=\"https:\/\/telemme.mmsh.fr\/?evenement=complexes-lagunaires-de-mediterranee-entre-peches-patrimoniales-et-defis-du-changement-global\"><strong>Programme complet<\/strong><\/a><\/p>\n<p>&nbsp;<\/p>\n","protected":false},"excerpt":{"rendered":"<p>Journ\u00e9e d\u2019\u00e9tudes interdisciplinaire Programme complet &nbsp;<\/p>\n","protected":false},"author":174,"featured_media":14640,"template":"","meta":{"neve_meta_sidebar":"","neve_meta_container":"","neve_meta_enable_content_width":"","neve_meta_content_width":0,"neve_meta_title_alignment":"","neve_meta_author_avatar":"","neve_post_elements_order":"","neve_meta_disable_header":"","neve_meta_disable_footer":"","neve_meta_disable_title":"","_tribe_events_status":"","_tribe_events_status_reason":"","footnotes":""},"tags":[2849],"tribe_events_cat":[1823],"class_list":["post-14621","tribe_events","type-tribe_events","status-publish","has-post-thumbnail","hentry","tag-3-1-geo-histoire-de-lenvironnement-en-mediterranee","tribe_events_cat-journee-detudes","cat_journee-detudes"],"yoast_head":"<!-- This site is optimized with the Yoast SEO plugin v27.4 - https:\/\/yoast.com\/product\/yoast-seo-wordpress\/ -->\n<title>Complexes lagunaires de M\u00e9diterran\u00e9e\u00a0: entre p\u00eaches patrimoniales et d\u00e9fis du changement global - TELEMMe - Temps, espaces, langages, Europe m\u00e9ridionale, M\u00e9diterran\u00e9e<\/title>\n<meta name=\"robots\" content=\"index, follow, max-snippet:-1, max-image-preview:large, max-video-preview:-1\" \/>\n<link rel=\"canonical\" href=\"https:\/\/telemme.mmsh.fr\/?tribe_events=complexes-lagunaires-de-mediterranee-entre-peches-patrimoniales-et-defis-du-changement-global\" \/>\n<meta property=\"og:locale\" content=\"fr_FR\" \/>\n<meta property=\"og:type\" content=\"article\" \/>\n<meta property=\"og:title\" content=\"Complexes lagunaires de M\u00e9diterran\u00e9e\u00a0: entre p\u00eaches patrimoniales et d\u00e9fis du changement global - TELEMMe - Temps, espaces, langages, Europe m\u00e9ridionale, M\u00e9diterran\u00e9e\" \/>\n<meta property=\"og:description\" content=\"Journ\u00e9e d\u2019\u00e9tudes interdisciplinaire Programme complet &nbsp;\" \/>\n<meta property=\"og:url\" content=\"https:\/\/telemme.mmsh.fr\/?tribe_events=complexes-lagunaires-de-mediterranee-entre-peches-patrimoniales-et-defis-du-changement-global\" \/>\n<meta property=\"og:site_name\" content=\"TELEMMe - Temps, espaces, langages, Europe m\u00e9ridionale, M\u00e9diterran\u00e9e\" \/>\n<meta property=\"article:modified_time\" content=\"2024-11-08T14:28:12+00:00\" \/>\n<meta property=\"og:image\" content=\"https:\/\/telemme.mmsh.fr\/wp-content\/uploads\/2024\/11\/Lagune_Faget.png\" \/>\n\t<meta property=\"og:image:width\" content=\"700\" \/>\n\t<meta property=\"og:image:height\" content=\"395\" \/>\n\t<meta property=\"og:image:type\" content=\"image\/png\" \/>\n<meta name=\"twitter:card\" content=\"summary_large_image\" \/>\n<script type=\"application\/ld+json\" class=\"yoast-schema-graph\">{\"@context\":\"https:\\\/\\\/schema.org\",\"@graph\":[{\"@type\":\"WebPage\",\"@id\":\"https:\\\/\\\/telemme.mmsh.fr\\\/?tribe_events=complexes-lagunaires-de-mediterranee-entre-peches-patrimoniales-et-defis-du-changement-global\",\"url\":\"https:\\\/\\\/telemme.mmsh.fr\\\/?tribe_events=complexes-lagunaires-de-mediterranee-entre-peches-patrimoniales-et-defis-du-changement-global\",\"name\":\"Complexes lagunaires de M\u00e9diterran\u00e9e\u00a0: entre p\u00eaches patrimoniales et d\u00e9fis du changement global - TELEMMe - Temps, espaces, langages, Europe m\u00e9ridionale, M\u00e9diterran\u00e9e\",\"isPartOf\":{\"@id\":\"https:\\\/\\\/telemme.mmsh.fr\\\/#website\"},\"primaryImageOfPage\":{\"@id\":\"https:\\\/\\\/telemme.mmsh.fr\\\/?tribe_events=complexes-lagunaires-de-mediterranee-entre-peches-patrimoniales-et-defis-du-changement-global#primaryimage\"},\"image\":{\"@id\":\"https:\\\/\\\/telemme.mmsh.fr\\\/?tribe_events=complexes-lagunaires-de-mediterranee-entre-peches-patrimoniales-et-defis-du-changement-global#primaryimage\"},\"thumbnailUrl\":\"https:\\\/\\\/telemme.mmsh.fr\\\/wp-content\\\/uploads\\\/2024\\\/11\\\/Lagune_Faget.png\",\"datePublished\":\"2024-10-25T15:26:15+00:00\",\"dateModified\":\"2024-11-08T14:28:12+00:00\",\"breadcrumb\":{\"@id\":\"https:\\\/\\\/telemme.mmsh.fr\\\/?tribe_events=complexes-lagunaires-de-mediterranee-entre-peches-patrimoniales-et-defis-du-changement-global#breadcrumb\"},\"inLanguage\":\"fr-FR\",\"potentialAction\":[{\"@type\":\"ReadAction\",\"target\":[\"https:\\\/\\\/telemme.mmsh.fr\\\/?tribe_events=complexes-lagunaires-de-mediterranee-entre-peches-patrimoniales-et-defis-du-changement-global\"]}]},{\"@type\":\"ImageObject\",\"inLanguage\":\"fr-FR\",\"@id\":\"https:\\\/\\\/telemme.mmsh.fr\\\/?tribe_events=complexes-lagunaires-de-mediterranee-entre-peches-patrimoniales-et-defis-du-changement-global#primaryimage\",\"url\":\"https:\\\/\\\/telemme.mmsh.fr\\\/wp-content\\\/uploads\\\/2024\\\/11\\\/Lagune_Faget.png\",\"contentUrl\":\"https:\\\/\\\/telemme.mmsh.fr\\\/wp-content\\\/uploads\\\/2024\\\/11\\\/Lagune_Faget.png\",\"width\":700,\"height\":395,\"caption\":\"Lagune Bahiret el bibane, par Daniel Faget\"},{\"@type\":\"BreadcrumbList\",\"@id\":\"https:\\\/\\\/telemme.mmsh.fr\\\/?tribe_events=complexes-lagunaires-de-mediterranee-entre-peches-patrimoniales-et-defis-du-changement-global#breadcrumb\",\"itemListElement\":[{\"@type\":\"ListItem\",\"position\":1,\"name\":\"Accueil\",\"item\":\"https:\\\/\\\/telemme.mmsh.fr\\\/\"},{\"@type\":\"ListItem\",\"position\":2,\"name\":\"\u00c9v\u00e8nements\",\"item\":\"https:\\\/\\\/telemme.mmsh.fr\\\/?post_type=tribe_events\"},{\"@type\":\"ListItem\",\"position\":3,\"name\":\"Journ\u00e9e d'\u00e9tudes\",\"item\":\"https:\\\/\\\/telemme.mmsh.fr\\\/?tribe_events_cat=journee-detudes\"},{\"@type\":\"ListItem\",\"position\":4,\"name\":\"Complexes lagunaires de M\u00e9diterran\u00e9e\u00a0: entre p\u00eaches patrimoniales et d\u00e9fis du changement global\"}]},{\"@type\":\"WebSite\",\"@id\":\"https:\\\/\\\/telemme.mmsh.fr\\\/#website\",\"url\":\"https:\\\/\\\/telemme.mmsh.fr\\\/\",\"name\":\"TELEMMe - Temps, espaces, langages, Europe m\u00e9ridionale, M\u00e9diterran\u00e9e\",\"description\":\"\",\"publisher\":{\"@id\":\"https:\\\/\\\/telemme.mmsh.fr\\\/#organization\"},\"potentialAction\":[{\"@type\":\"SearchAction\",\"target\":{\"@type\":\"EntryPoint\",\"urlTemplate\":\"https:\\\/\\\/telemme.mmsh.fr\\\/?s={search_term_string}\"},\"query-input\":{\"@type\":\"PropertyValueSpecification\",\"valueRequired\":true,\"valueName\":\"search_term_string\"}}],\"inLanguage\":\"fr-FR\"},{\"@type\":\"Organization\",\"@id\":\"https:\\\/\\\/telemme.mmsh.fr\\\/#organization\",\"name\":\"TELEMMe\",\"url\":\"https:\\\/\\\/telemme.mmsh.fr\\\/\",\"logo\":{\"@type\":\"ImageObject\",\"inLanguage\":\"fr-FR\",\"@id\":\"https:\\\/\\\/telemme.mmsh.fr\\\/#\\\/schema\\\/logo\\\/image\\\/\",\"url\":\"https:\\\/\\\/telemme.mmsh.fr\\\/wp-content\\\/uploads\\\/2020\\\/03\\\/LogoTELEMMe-horizontal-fond-transparent.png\",\"contentUrl\":\"https:\\\/\\\/telemme.mmsh.fr\\\/wp-content\\\/uploads\\\/2020\\\/03\\\/LogoTELEMMe-horizontal-fond-transparent.png\",\"width\":1500,\"height\":437,\"caption\":\"TELEMMe\"},\"image\":{\"@id\":\"https:\\\/\\\/telemme.mmsh.fr\\\/#\\\/schema\\\/logo\\\/image\\\/\"}}]}<\/script>\n<!-- \/ Yoast SEO plugin. -->","yoast_head_json":{"title":"Complexes lagunaires de M\u00e9diterran\u00e9e\u00a0: entre p\u00eaches patrimoniales et d\u00e9fis du changement global - TELEMMe - Temps, espaces, langages, Europe m\u00e9ridionale, M\u00e9diterran\u00e9e","robots":{"index":"index","follow":"follow","max-snippet":"max-snippet:-1","max-image-preview":"max-image-preview:large","max-video-preview":"max-video-preview:-1"},"canonical":"https:\/\/telemme.mmsh.fr\/?tribe_events=complexes-lagunaires-de-mediterranee-entre-peches-patrimoniales-et-defis-du-changement-global","og_locale":"fr_FR","og_type":"article","og_title":"Complexes lagunaires de M\u00e9diterran\u00e9e\u00a0: entre p\u00eaches patrimoniales et d\u00e9fis du changement global - TELEMMe - Temps, espaces, langages, Europe m\u00e9ridionale, M\u00e9diterran\u00e9e","og_description":"Journ\u00e9e d\u2019\u00e9tudes interdisciplinaire Programme complet &nbsp;","og_url":"https:\/\/telemme.mmsh.fr\/?tribe_events=complexes-lagunaires-de-mediterranee-entre-peches-patrimoniales-et-defis-du-changement-global","og_site_name":"TELEMMe - Temps, espaces, langages, Europe m\u00e9ridionale, M\u00e9diterran\u00e9e","article_modified_time":"2024-11-08T14:28:12+00:00","og_image":[{"width":700,"height":395,"url":"https:\/\/telemme.mmsh.fr\/wp-content\/uploads\/2024\/11\/Lagune_Faget.png","type":"image\/png"}],"twitter_card":"summary_large_image","schema":{"@context":"https:\/\/schema.org","@graph":[{"@type":"WebPage","@id":"https:\/\/telemme.mmsh.fr\/?tribe_events=complexes-lagunaires-de-mediterranee-entre-peches-patrimoniales-et-defis-du-changement-global","url":"https:\/\/telemme.mmsh.fr\/?tribe_events=complexes-lagunaires-de-mediterranee-entre-peches-patrimoniales-et-defis-du-changement-global","name":"Complexes lagunaires de M\u00e9diterran\u00e9e\u00a0: entre p\u00eaches patrimoniales et d\u00e9fis du changement global - TELEMMe - Temps, espaces, langages, Europe m\u00e9ridionale, M\u00e9diterran\u00e9e","isPartOf":{"@id":"https:\/\/telemme.mmsh.fr\/#website"},"primaryImageOfPage":{"@id":"https:\/\/telemme.mmsh.fr\/?tribe_events=complexes-lagunaires-de-mediterranee-entre-peches-patrimoniales-et-defis-du-changement-global#primaryimage"},"image":{"@id":"https:\/\/telemme.mmsh.fr\/?tribe_events=complexes-lagunaires-de-mediterranee-entre-peches-patrimoniales-et-defis-du-changement-global#primaryimage"},"thumbnailUrl":"https:\/\/telemme.mmsh.fr\/wp-content\/uploads\/2024\/11\/Lagune_Faget.png","datePublished":"2024-10-25T15:26:15+00:00","dateModified":"2024-11-08T14:28:12+00:00","breadcrumb":{"@id":"https:\/\/telemme.mmsh.fr\/?tribe_events=complexes-lagunaires-de-mediterranee-entre-peches-patrimoniales-et-defis-du-changement-global#breadcrumb"},"inLanguage":"fr-FR","potentialAction":[{"@type":"ReadAction","target":["https:\/\/telemme.mmsh.fr\/?tribe_events=complexes-lagunaires-de-mediterranee-entre-peches-patrimoniales-et-defis-du-changement-global"]}]},{"@type":"ImageObject","inLanguage":"fr-FR","@id":"https:\/\/telemme.mmsh.fr\/?tribe_events=complexes-lagunaires-de-mediterranee-entre-peches-patrimoniales-et-defis-du-changement-global#primaryimage","url":"https:\/\/telemme.mmsh.fr\/wp-content\/uploads\/2024\/11\/Lagune_Faget.png","contentUrl":"https:\/\/telemme.mmsh.fr\/wp-content\/uploads\/2024\/11\/Lagune_Faget.png","width":700,"height":395,"caption":"Lagune Bahiret el bibane, par Daniel Faget"},{"@type":"BreadcrumbList","@id":"https:\/\/telemme.mmsh.fr\/?tribe_events=complexes-lagunaires-de-mediterranee-entre-peches-patrimoniales-et-defis-du-changement-global#breadcrumb","itemListElement":[{"@type":"ListItem","position":1,"name":"Accueil","item":"https:\/\/telemme.mmsh.fr\/"},{"@type":"ListItem","position":2,"name":"\u00c9v\u00e8nements","item":"https:\/\/telemme.mmsh.fr\/?post_type=tribe_events"},{"@type":"ListItem","position":3,"name":"Journ\u00e9e d'\u00e9tudes","item":"https:\/\/telemme.mmsh.fr\/?tribe_events_cat=journee-detudes"},{"@type":"ListItem","position":4,"name":"Complexes lagunaires de M\u00e9diterran\u00e9e\u00a0: entre p\u00eaches patrimoniales et d\u00e9fis du changement global"}]},{"@type":"WebSite","@id":"https:\/\/telemme.mmsh.fr\/#website","url":"https:\/\/telemme.mmsh.fr\/","name":"TELEMMe - Temps, espaces, langages, Europe m\u00e9ridionale, M\u00e9diterran\u00e9e","description":"","publisher":{"@id":"https:\/\/telemme.mmsh.fr\/#organization"},"potentialAction":[{"@type":"SearchAction","target":{"@type":"EntryPoint","urlTemplate":"https:\/\/telemme.mmsh.fr\/?s={search_term_string}"},"query-input":{"@type":"PropertyValueSpecification","valueRequired":true,"valueName":"search_term_string"}}],"inLanguage":"fr-FR"},{"@type":"Organization","@id":"https:\/\/telemme.mmsh.fr\/#organization","name":"TELEMMe","url":"https:\/\/telemme.mmsh.fr\/","logo":{"@type":"ImageObject","inLanguage":"fr-FR","@id":"https:\/\/telemme.mmsh.fr\/#\/schema\/logo\/image\/","url":"https:\/\/telemme.mmsh.fr\/wp-content\/uploads\/2020\/03\/LogoTELEMMe-horizontal-fond-transparent.png","contentUrl":"https:\/\/telemme.mmsh.fr\/wp-content\/uploads\/2020\/03\/LogoTELEMMe-horizontal-fond-transparent.png","width":1500,"height":437,"caption":"TELEMMe"},"image":{"@id":"https:\/\/telemme.mmsh.fr\/#\/schema\/logo\/image\/"}}]}},"_links":{"self":[{"href":"https:\/\/telemme.mmsh.fr\/index.php?rest_route=\/wp\/v2\/tribe_events\/14621","targetHints":{"allow":["GET"]}}],"collection":[{"href":"https:\/\/telemme.mmsh.fr\/index.php?rest_route=\/wp\/v2\/tribe_events"}],"about":[{"href":"https:\/\/telemme.mmsh.fr\/index.php?rest_route=\/wp\/v2\/types\/tribe_events"}],"author":[{"embeddable":true,"href":"https:\/\/telemme.mmsh.fr\/index.php?rest_route=\/wp\/v2\/users\/174"}],"version-history":[{"count":11,"href":"https:\/\/telemme.mmsh.fr\/index.php?rest_route=\/wp\/v2\/tribe_events\/14621\/revisions"}],"predecessor-version":[{"id":14642,"href":"https:\/\/telemme.mmsh.fr\/index.php?rest_route=\/wp\/v2\/tribe_events\/14621\/revisions\/14642"}],"wp:featuredmedia":[{"embeddable":true,"href":"https:\/\/telemme.mmsh.fr\/index.php?rest_route=\/wp\/v2\/media\/14640"}],"wp:attachment":[{"href":"https:\/\/telemme.mmsh.fr\/index.php?rest_route=%2Fwp%2Fv2%2Fmedia&parent=14621"}],"wp:term":[{"taxonomy":"post_tag","embeddable":true,"href":"https:\/\/telemme.mmsh.fr\/index.php?rest_route=%2Fwp%2Fv2%2Ftags&post=14621"},{"taxonomy":"tribe_events_cat","embeddable":true,"href":"https:\/\/telemme.mmsh.fr\/index.php?rest_route=%2Fwp%2Fv2%2Ftribe_events_cat&post=14621"}],"curies":[{"name":"wp","href":"https:\/\/api.w.org\/{rel}","templated":true}]}}