{"id":14599,"date":"2024-10-21T18:16:28","date_gmt":"2024-10-21T16:16:28","guid":{"rendered":"https:\/\/telemme.mmsh.fr\/?post_type=tribe_events&#038;p=14599"},"modified":"2024-10-21T18:16:28","modified_gmt":"2024-10-21T16:16:28","slug":"eaux-thermales-eaux-fluviales-en-debat","status":"publish","type":"tribe_events","link":"https:\/\/telemme.mmsh.fr\/?tribe_events=eaux-thermales-eaux-fluviales-en-debat","title":{"rendered":"Eaux thermales, eaux fluviales en d\u00e9bat"},"content":{"rendered":"<p>La s\u00e9ance sera consacr\u00e9e aux usages des eaux entre m\u00e9decine thermale et savoirs sur la potabilit\u00e9 des eaux fluviales durant la premi\u00e8re modernit\u00e9. D\u2019Aix-en-Provence \u00e0 Rome, quels enjeux publics en termes sanitaires rec\u00e8lent les d\u00e9bats que les sources permettent de saisir\u00a0? Qu\u2019en retirent pour leur carri\u00e8re les m\u00e9decins qui y prennent part ?<\/p>\n<p><a href=\"https:\/\/telemme.mmsh.fr\/?evenement=eaux-thermales-eaux-fluviales-en-debat\"><strong>Programme complet<\/strong><\/a><\/p>\n","protected":false},"excerpt":{"rendered":"<p>La s\u00e9ance sera consacr\u00e9e aux usages des eaux entre m\u00e9decine thermale et savoirs sur la potabilit\u00e9 des eaux fluviales durant la premi\u00e8re modernit\u00e9. D\u2019Aix-en-Provence \u00e0 Rome, quels enjeux publics en&hellip;&nbsp;<a href=\"https:\/\/telemme.mmsh.fr\/?tribe_events=eaux-thermales-eaux-fluviales-en-debat\" rel=\"bookmark\">Lire la suite &raquo;<span class=\"screen-reader-text\">Eaux thermales, eaux fluviales en d\u00e9bat<\/span><\/a><\/p>\n","protected":false},"author":6,"featured_media":14604,"template":"","meta":{"neve_meta_sidebar":"","neve_meta_container":"","neve_meta_enable_content_width":"","neve_meta_content_width":0,"neve_meta_title_alignment":"","neve_meta_author_avatar":"","neve_post_elements_order":"","neve_meta_disable_header":"","neve_meta_disable_footer":"","neve_meta_disable_title":"","_tribe_events_status":"","_tribe_events_status_reason":"","footnotes":""},"tags":[2844],"tribe_events_cat":[1831],"class_list":["post-14599","tribe_events","type-tribe_events","status-publish","has-post-thumbnail","hentry","tag-3-3-histoire-de-la-sante","tribe_events_cat-seminaire","cat_seminaire"],"yoast_head":"<!-- This site is optimized with the Yoast SEO plugin v27.4 - https:\/\/yoast.com\/product\/yoast-seo-wordpress\/ -->\n<title>Eaux thermales, eaux fluviales en d\u00e9bat - TELEMMe - Temps, espaces, langages, Europe m\u00e9ridionale, M\u00e9diterran\u00e9e<\/title>\n<meta name=\"description\" content=\"La s\u00e9ance sera consacr\u00e9e aux usages des eaux entre m\u00e9decine thermale et savoirs sur la potabilit\u00e9 des eaux fluviales durant la premi\u00e8re modernit\u00e9. D\u2019Aix-en-Provence \u00e0 Rome, quels enjeux publics en termes sanitaires rec\u00e8lent les d\u00e9bats que les sources permettent de saisir\u00a0? Qu\u2019en retirent pour leur carri\u00e8re les m\u00e9decins qui y prennent part ?\" \/>\n<meta name=\"robots\" content=\"index, follow, max-snippet:-1, max-image-preview:large, max-video-preview:-1\" \/>\n<link rel=\"canonical\" href=\"https:\/\/telemme.mmsh.fr\/?tribe_events=eaux-thermales-eaux-fluviales-en-debat\" \/>\n<meta property=\"og:locale\" content=\"fr_FR\" \/>\n<meta property=\"og:type\" content=\"article\" \/>\n<meta property=\"og:title\" content=\"Eaux thermales, eaux fluviales en d\u00e9bat - TELEMMe - Temps, espaces, langages, Europe m\u00e9ridionale, M\u00e9diterran\u00e9e\" \/>\n<meta property=\"og:description\" content=\"La s\u00e9ance sera consacr\u00e9e aux usages des eaux entre m\u00e9decine thermale et savoirs sur la potabilit\u00e9 des eaux fluviales durant la premi\u00e8re modernit\u00e9. D\u2019Aix-en-Provence \u00e0 Rome, quels enjeux publics en termes sanitaires rec\u00e8lent les d\u00e9bats que les sources permettent de saisir\u00a0? Qu\u2019en retirent pour leur carri\u00e8re les m\u00e9decins qui y prennent part ?\" \/>\n<meta property=\"og:url\" content=\"https:\/\/telemme.mmsh.fr\/?tribe_events=eaux-thermales-eaux-fluviales-en-debat\" \/>\n<meta property=\"og:site_name\" content=\"TELEMMe - Temps, espaces, langages, Europe m\u00e9ridionale, M\u00e9diterran\u00e9e\" \/>\n<meta property=\"og:image\" content=\"https:\/\/telemme.mmsh.fr\/wp-content\/uploads\/2024\/10\/bagniers.png\" \/>\n\t<meta property=\"og:image:width\" content=\"300\" \/>\n\t<meta property=\"og:image:height\" content=\"232\" \/>\n\t<meta property=\"og:image:type\" content=\"image\/png\" \/>\n<meta name=\"twitter:card\" content=\"summary_large_image\" \/>\n<script type=\"application\/ld+json\" class=\"yoast-schema-graph\">{\"@context\":\"https:\\\/\\\/schema.org\",\"@graph\":[{\"@type\":\"WebPage\",\"@id\":\"https:\\\/\\\/telemme.mmsh.fr\\\/?tribe_events=eaux-thermales-eaux-fluviales-en-debat\",\"url\":\"https:\\\/\\\/telemme.mmsh.fr\\\/?tribe_events=eaux-thermales-eaux-fluviales-en-debat\",\"name\":\"Eaux thermales, eaux fluviales en d\u00e9bat - TELEMMe - Temps, espaces, langages, Europe m\u00e9ridionale, M\u00e9diterran\u00e9e\",\"isPartOf\":{\"@id\":\"https:\\\/\\\/telemme.mmsh.fr\\\/#website\"},\"primaryImageOfPage\":{\"@id\":\"https:\\\/\\\/telemme.mmsh.fr\\\/?tribe_events=eaux-thermales-eaux-fluviales-en-debat#primaryimage\"},\"image\":{\"@id\":\"https:\\\/\\\/telemme.mmsh.fr\\\/?tribe_events=eaux-thermales-eaux-fluviales-en-debat#primaryimage\"},\"thumbnailUrl\":\"https:\\\/\\\/telemme.mmsh.fr\\\/wp-content\\\/uploads\\\/2024\\\/10\\\/bagniers.png\",\"datePublished\":\"2024-10-21T16:16:28+00:00\",\"description\":\"La s\u00e9ance sera consacr\u00e9e aux usages des eaux entre m\u00e9decine thermale et savoirs sur la potabilit\u00e9 des eaux fluviales durant la premi\u00e8re modernit\u00e9. D\u2019Aix-en-Provence \u00e0 Rome, quels enjeux publics en termes sanitaires rec\u00e8lent les d\u00e9bats que les sources permettent de saisir\u00a0? Qu\u2019en retirent pour leur carri\u00e8re les m\u00e9decins qui y prennent part ?\",\"breadcrumb\":{\"@id\":\"https:\\\/\\\/telemme.mmsh.fr\\\/?tribe_events=eaux-thermales-eaux-fluviales-en-debat#breadcrumb\"},\"inLanguage\":\"fr-FR\",\"potentialAction\":[{\"@type\":\"ReadAction\",\"target\":[\"https:\\\/\\\/telemme.mmsh.fr\\\/?tribe_events=eaux-thermales-eaux-fluviales-en-debat\"]}]},{\"@type\":\"ImageObject\",\"inLanguage\":\"fr-FR\",\"@id\":\"https:\\\/\\\/telemme.mmsh.fr\\\/?tribe_events=eaux-thermales-eaux-fluviales-en-debat#primaryimage\",\"url\":\"https:\\\/\\\/telemme.mmsh.fr\\\/wp-content\\\/uploads\\\/2024\\\/10\\\/bagniers.png\",\"contentUrl\":\"https:\\\/\\\/telemme.mmsh.fr\\\/wp-content\\\/uploads\\\/2024\\\/10\\\/bagniers.png\",\"width\":300,\"height\":232,\"caption\":\"Fontaine des Bagniers, Aix-en-Provence, collection particuli\u00e8re\"},{\"@type\":\"BreadcrumbList\",\"@id\":\"https:\\\/\\\/telemme.mmsh.fr\\\/?tribe_events=eaux-thermales-eaux-fluviales-en-debat#breadcrumb\",\"itemListElement\":[{\"@type\":\"ListItem\",\"position\":1,\"name\":\"Accueil\",\"item\":\"https:\\\/\\\/telemme.mmsh.fr\\\/\"},{\"@type\":\"ListItem\",\"position\":2,\"name\":\"\u00c9v\u00e8nements\",\"item\":\"https:\\\/\\\/telemme.mmsh.fr\\\/?post_type=tribe_events\"},{\"@type\":\"ListItem\",\"position\":3,\"name\":\"S\u00e9minaire\",\"item\":\"https:\\\/\\\/telemme.mmsh.fr\\\/?tribe_events_cat=seminaire\"},{\"@type\":\"ListItem\",\"position\":4,\"name\":\"Eaux thermales, eaux fluviales en d\u00e9bat\"}]},{\"@type\":\"WebSite\",\"@id\":\"https:\\\/\\\/telemme.mmsh.fr\\\/#website\",\"url\":\"https:\\\/\\\/telemme.mmsh.fr\\\/\",\"name\":\"TELEMMe - Temps, espaces, langages, Europe m\u00e9ridionale, M\u00e9diterran\u00e9e\",\"description\":\"\",\"publisher\":{\"@id\":\"https:\\\/\\\/telemme.mmsh.fr\\\/#organization\"},\"potentialAction\":[{\"@type\":\"SearchAction\",\"target\":{\"@type\":\"EntryPoint\",\"urlTemplate\":\"https:\\\/\\\/telemme.mmsh.fr\\\/?s={search_term_string}\"},\"query-input\":{\"@type\":\"PropertyValueSpecification\",\"valueRequired\":true,\"valueName\":\"search_term_string\"}}],\"inLanguage\":\"fr-FR\"},{\"@type\":\"Organization\",\"@id\":\"https:\\\/\\\/telemme.mmsh.fr\\\/#organization\",\"name\":\"TELEMMe\",\"url\":\"https:\\\/\\\/telemme.mmsh.fr\\\/\",\"logo\":{\"@type\":\"ImageObject\",\"inLanguage\":\"fr-FR\",\"@id\":\"https:\\\/\\\/telemme.mmsh.fr\\\/#\\\/schema\\\/logo\\\/image\\\/\",\"url\":\"https:\\\/\\\/telemme.mmsh.fr\\\/wp-content\\\/uploads\\\/2020\\\/03\\\/LogoTELEMMe-horizontal-fond-transparent.png\",\"contentUrl\":\"https:\\\/\\\/telemme.mmsh.fr\\\/wp-content\\\/uploads\\\/2020\\\/03\\\/LogoTELEMMe-horizontal-fond-transparent.png\",\"width\":1500,\"height\":437,\"caption\":\"TELEMMe\"},\"image\":{\"@id\":\"https:\\\/\\\/telemme.mmsh.fr\\\/#\\\/schema\\\/logo\\\/image\\\/\"}}]}<\/script>\n<!-- \/ Yoast SEO plugin. -->","yoast_head_json":{"title":"Eaux thermales, eaux fluviales en d\u00e9bat - TELEMMe - Temps, espaces, langages, Europe m\u00e9ridionale, M\u00e9diterran\u00e9e","description":"La s\u00e9ance sera consacr\u00e9e aux usages des eaux entre m\u00e9decine thermale et savoirs sur la potabilit\u00e9 des eaux fluviales durant la premi\u00e8re modernit\u00e9. D\u2019Aix-en-Provence \u00e0 Rome, quels enjeux publics en termes sanitaires rec\u00e8lent les d\u00e9bats que les sources permettent de saisir\u00a0? Qu\u2019en retirent pour leur carri\u00e8re les m\u00e9decins qui y prennent part ?","robots":{"index":"index","follow":"follow","max-snippet":"max-snippet:-1","max-image-preview":"max-image-preview:large","max-video-preview":"max-video-preview:-1"},"canonical":"https:\/\/telemme.mmsh.fr\/?tribe_events=eaux-thermales-eaux-fluviales-en-debat","og_locale":"fr_FR","og_type":"article","og_title":"Eaux thermales, eaux fluviales en d\u00e9bat - TELEMMe - Temps, espaces, langages, Europe m\u00e9ridionale, M\u00e9diterran\u00e9e","og_description":"La s\u00e9ance sera consacr\u00e9e aux usages des eaux entre m\u00e9decine thermale et savoirs sur la potabilit\u00e9 des eaux fluviales durant la premi\u00e8re modernit\u00e9. D\u2019Aix-en-Provence \u00e0 Rome, quels enjeux publics en termes sanitaires rec\u00e8lent les d\u00e9bats que les sources permettent de saisir\u00a0? Qu\u2019en retirent pour leur carri\u00e8re les m\u00e9decins qui y prennent part ?","og_url":"https:\/\/telemme.mmsh.fr\/?tribe_events=eaux-thermales-eaux-fluviales-en-debat","og_site_name":"TELEMMe - Temps, espaces, langages, Europe m\u00e9ridionale, M\u00e9diterran\u00e9e","og_image":[{"width":300,"height":232,"url":"https:\/\/telemme.mmsh.fr\/wp-content\/uploads\/2024\/10\/bagniers.png","type":"image\/png"}],"twitter_card":"summary_large_image","schema":{"@context":"https:\/\/schema.org","@graph":[{"@type":"WebPage","@id":"https:\/\/telemme.mmsh.fr\/?tribe_events=eaux-thermales-eaux-fluviales-en-debat","url":"https:\/\/telemme.mmsh.fr\/?tribe_events=eaux-thermales-eaux-fluviales-en-debat","name":"Eaux thermales, eaux fluviales en d\u00e9bat - TELEMMe - Temps, espaces, langages, Europe m\u00e9ridionale, M\u00e9diterran\u00e9e","isPartOf":{"@id":"https:\/\/telemme.mmsh.fr\/#website"},"primaryImageOfPage":{"@id":"https:\/\/telemme.mmsh.fr\/?tribe_events=eaux-thermales-eaux-fluviales-en-debat#primaryimage"},"image":{"@id":"https:\/\/telemme.mmsh.fr\/?tribe_events=eaux-thermales-eaux-fluviales-en-debat#primaryimage"},"thumbnailUrl":"https:\/\/telemme.mmsh.fr\/wp-content\/uploads\/2024\/10\/bagniers.png","datePublished":"2024-10-21T16:16:28+00:00","description":"La s\u00e9ance sera consacr\u00e9e aux usages des eaux entre m\u00e9decine thermale et savoirs sur la potabilit\u00e9 des eaux fluviales durant la premi\u00e8re modernit\u00e9. D\u2019Aix-en-Provence \u00e0 Rome, quels enjeux publics en termes sanitaires rec\u00e8lent les d\u00e9bats que les sources permettent de saisir\u00a0? Qu\u2019en retirent pour leur carri\u00e8re les m\u00e9decins qui y prennent part ?","breadcrumb":{"@id":"https:\/\/telemme.mmsh.fr\/?tribe_events=eaux-thermales-eaux-fluviales-en-debat#breadcrumb"},"inLanguage":"fr-FR","potentialAction":[{"@type":"ReadAction","target":["https:\/\/telemme.mmsh.fr\/?tribe_events=eaux-thermales-eaux-fluviales-en-debat"]}]},{"@type":"ImageObject","inLanguage":"fr-FR","@id":"https:\/\/telemme.mmsh.fr\/?tribe_events=eaux-thermales-eaux-fluviales-en-debat#primaryimage","url":"https:\/\/telemme.mmsh.fr\/wp-content\/uploads\/2024\/10\/bagniers.png","contentUrl":"https:\/\/telemme.mmsh.fr\/wp-content\/uploads\/2024\/10\/bagniers.png","width":300,"height":232,"caption":"Fontaine des Bagniers, Aix-en-Provence, collection particuli\u00e8re"},{"@type":"BreadcrumbList","@id":"https:\/\/telemme.mmsh.fr\/?tribe_events=eaux-thermales-eaux-fluviales-en-debat#breadcrumb","itemListElement":[{"@type":"ListItem","position":1,"name":"Accueil","item":"https:\/\/telemme.mmsh.fr\/"},{"@type":"ListItem","position":2,"name":"\u00c9v\u00e8nements","item":"https:\/\/telemme.mmsh.fr\/?post_type=tribe_events"},{"@type":"ListItem","position":3,"name":"S\u00e9minaire","item":"https:\/\/telemme.mmsh.fr\/?tribe_events_cat=seminaire"},{"@type":"ListItem","position":4,"name":"Eaux thermales, eaux fluviales en d\u00e9bat"}]},{"@type":"WebSite","@id":"https:\/\/telemme.mmsh.fr\/#website","url":"https:\/\/telemme.mmsh.fr\/","name":"TELEMMe - Temps, espaces, langages, Europe m\u00e9ridionale, M\u00e9diterran\u00e9e","description":"","publisher":{"@id":"https:\/\/telemme.mmsh.fr\/#organization"},"potentialAction":[{"@type":"SearchAction","target":{"@type":"EntryPoint","urlTemplate":"https:\/\/telemme.mmsh.fr\/?s={search_term_string}"},"query-input":{"@type":"PropertyValueSpecification","valueRequired":true,"valueName":"search_term_string"}}],"inLanguage":"fr-FR"},{"@type":"Organization","@id":"https:\/\/telemme.mmsh.fr\/#organization","name":"TELEMMe","url":"https:\/\/telemme.mmsh.fr\/","logo":{"@type":"ImageObject","inLanguage":"fr-FR","@id":"https:\/\/telemme.mmsh.fr\/#\/schema\/logo\/image\/","url":"https:\/\/telemme.mmsh.fr\/wp-content\/uploads\/2020\/03\/LogoTELEMMe-horizontal-fond-transparent.png","contentUrl":"https:\/\/telemme.mmsh.fr\/wp-content\/uploads\/2020\/03\/LogoTELEMMe-horizontal-fond-transparent.png","width":1500,"height":437,"caption":"TELEMMe"},"image":{"@id":"https:\/\/telemme.mmsh.fr\/#\/schema\/logo\/image\/"}}]}},"_links":{"self":[{"href":"https:\/\/telemme.mmsh.fr\/index.php?rest_route=\/wp\/v2\/tribe_events\/14599","targetHints":{"allow":["GET"]}}],"collection":[{"href":"https:\/\/telemme.mmsh.fr\/index.php?rest_route=\/wp\/v2\/tribe_events"}],"about":[{"href":"https:\/\/telemme.mmsh.fr\/index.php?rest_route=\/wp\/v2\/types\/tribe_events"}],"author":[{"embeddable":true,"href":"https:\/\/telemme.mmsh.fr\/index.php?rest_route=\/wp\/v2\/users\/6"}],"version-history":[{"count":2,"href":"https:\/\/telemme.mmsh.fr\/index.php?rest_route=\/wp\/v2\/tribe_events\/14599\/revisions"}],"predecessor-version":[{"id":14606,"href":"https:\/\/telemme.mmsh.fr\/index.php?rest_route=\/wp\/v2\/tribe_events\/14599\/revisions\/14606"}],"wp:featuredmedia":[{"embeddable":true,"href":"https:\/\/telemme.mmsh.fr\/index.php?rest_route=\/wp\/v2\/media\/14604"}],"wp:attachment":[{"href":"https:\/\/telemme.mmsh.fr\/index.php?rest_route=%2Fwp%2Fv2%2Fmedia&parent=14599"}],"wp:term":[{"taxonomy":"post_tag","embeddable":true,"href":"https:\/\/telemme.mmsh.fr\/index.php?rest_route=%2Fwp%2Fv2%2Ftags&post=14599"},{"taxonomy":"tribe_events_cat","embeddable":true,"href":"https:\/\/telemme.mmsh.fr\/index.php?rest_route=%2Fwp%2Fv2%2Ftribe_events_cat&post=14599"}],"curies":[{"name":"wp","href":"https:\/\/api.w.org\/{rel}","templated":true}]}}