{"id":14588,"date":"2024-10-15T14:46:25","date_gmt":"2024-10-15T12:46:25","guid":{"rendered":"https:\/\/telemme.mmsh.fr\/?post_type=tribe_events&#038;p=14588"},"modified":"2024-10-15T14:47:28","modified_gmt":"2024-10-15T12:47:28","slug":"place-aux-enfants-parvis-decole-et-cours-decole","status":"publish","type":"tribe_events","link":"https:\/\/telemme.mmsh.fr\/?tribe_events=place-aux-enfants-parvis-decole-et-cours-decole","title":{"rendered":"Place aux enfants : parvis d\u2019\u00e9cole et cours d\u2019\u00e9cole"},"content":{"rendered":"<div>\n<p class=\"x_MsoNormal\">Journ\u00e9e du programme\u00a0<b> <em>Prendre place : enfances, adolescences et transformations urbaines en Europe m\u00e9ridionale et M\u00e9diterran\u00e9e<\/em><\/b> en trois temps :<\/p>\n<ul>\n<li class=\"x_MsoNormal\">Trois communications scientifiques le matin sur l&rsquo;am\u00e9nagement d&rsquo;espaces fr\u00e9quent\u00e9s par des enfants,<\/li>\n<li class=\"x_MsoNormal\">Une table-ronde en d\u00e9but d&rsquo;apr\u00e8s-midi, invitant des acteurs locaux prenant part \u00e0 ces am\u00e9nagements,<\/li>\n<li class=\"x_MsoNormal\">Une visite de terrain avec l&rsquo;association Hors-Gabarits sur le parvis d&rsquo;une \u00e9cole \u00e0 Encagnane.<\/li>\n<\/ul>\n<p class=\"x_MsoNormal\">L&rsquo;entr\u00e9e est libre.<\/p>\n<p class=\"x_MsoNormal\"><a href=\"https:\/\/telemme.mmsh.fr\/?evenement=place-aux-enfants-parvis-decole-et-cours-decole\"><strong>Programme complet<\/strong><\/a><\/p>\n<\/div>\n<div><\/div>\n","protected":false},"excerpt":{"rendered":"<p>Journ\u00e9e du programme\u00a0 Prendre place : enfances, adolescences et transformations urbaines en Europe m\u00e9ridionale et M\u00e9diterran\u00e9e en trois temps : Trois communications scientifiques le matin sur l&rsquo;am\u00e9nagement d&rsquo;espaces fr\u00e9quent\u00e9s par&hellip;&nbsp;<a href=\"https:\/\/telemme.mmsh.fr\/?tribe_events=place-aux-enfants-parvis-decole-et-cours-decole\" rel=\"bookmark\">Lire la suite &raquo;<span class=\"screen-reader-text\">Place aux enfants : parvis d\u2019\u00e9cole et cours d\u2019\u00e9cole<\/span><\/a><\/p>\n","protected":false},"author":6,"featured_media":14593,"template":"","meta":{"neve_meta_sidebar":"","neve_meta_container":"","neve_meta_enable_content_width":"","neve_meta_content_width":0,"neve_meta_title_alignment":"","neve_meta_author_avatar":"","neve_post_elements_order":"","neve_meta_disable_header":"","neve_meta_disable_footer":"","neve_meta_disable_title":"","_tribe_events_status":"","_tribe_events_status_reason":"","footnotes":""},"tags":[2786,2842],"tribe_events_cat":[1823],"class_list":["post-14588","tribe_events","type-tribe_events","status-publish","has-post-thumbnail","hentry","tag-2-3-educations-jeunesses-et-territoires","tag-prendre-place","tribe_events_cat-journee-detudes","cat_journee-detudes"],"yoast_head":"<!-- This site is optimized with the Yoast SEO plugin v27.4 - https:\/\/yoast.com\/product\/yoast-seo-wordpress\/ -->\n<title>Place aux enfants : parvis d\u2019\u00e9cole et cours d\u2019\u00e9cole - TELEMMe - Temps, espaces, langages, Europe m\u00e9ridionale, M\u00e9diterran\u00e9e<\/title>\n<meta name=\"robots\" content=\"index, follow, max-snippet:-1, max-image-preview:large, max-video-preview:-1\" \/>\n<link rel=\"canonical\" href=\"https:\/\/telemme.mmsh.fr\/?tribe_events=place-aux-enfants-parvis-decole-et-cours-decole\" \/>\n<meta property=\"og:locale\" content=\"fr_FR\" \/>\n<meta property=\"og:type\" content=\"article\" \/>\n<meta property=\"og:title\" content=\"Place aux enfants : parvis d\u2019\u00e9cole et cours d\u2019\u00e9cole - TELEMMe - Temps, espaces, langages, Europe m\u00e9ridionale, M\u00e9diterran\u00e9e\" \/>\n<meta property=\"og:description\" content=\"Journ\u00e9e du programme\u00a0 Prendre place : enfances, adolescences et transformations urbaines en Europe m\u00e9ridionale et M\u00e9diterran\u00e9e en trois temps : Trois communications scientifiques le matin sur l&rsquo;am\u00e9nagement d&rsquo;espaces fr\u00e9quent\u00e9s par&hellip;&nbsp;Lire la suite &raquo;Place aux enfants : parvis d\u2019\u00e9cole et cours d\u2019\u00e9cole\" \/>\n<meta property=\"og:url\" content=\"https:\/\/telemme.mmsh.fr\/?tribe_events=place-aux-enfants-parvis-decole-et-cours-decole\" \/>\n<meta property=\"og:site_name\" content=\"TELEMMe - Temps, espaces, langages, Europe m\u00e9ridionale, M\u00e9diterran\u00e9e\" \/>\n<meta property=\"article:modified_time\" content=\"2024-10-15T12:47:28+00:00\" \/>\n<meta property=\"og:image\" content=\"https:\/\/telemme.mmsh.fr\/wp-content\/uploads\/2024\/10\/hors-gabarit-Image.jpg\" \/>\n\t<meta property=\"og:image:width\" content=\"900\" \/>\n\t<meta property=\"og:image:height\" content=\"600\" \/>\n\t<meta property=\"og:image:type\" content=\"image\/jpeg\" \/>\n<meta name=\"twitter:card\" content=\"summary_large_image\" \/>\n<script type=\"application\/ld+json\" class=\"yoast-schema-graph\">{\"@context\":\"https:\\\/\\\/schema.org\",\"@graph\":[{\"@type\":\"WebPage\",\"@id\":\"https:\\\/\\\/telemme.mmsh.fr\\\/?tribe_events=place-aux-enfants-parvis-decole-et-cours-decole\",\"url\":\"https:\\\/\\\/telemme.mmsh.fr\\\/?tribe_events=place-aux-enfants-parvis-decole-et-cours-decole\",\"name\":\"Place aux enfants : parvis d\u2019\u00e9cole et cours d\u2019\u00e9cole - TELEMMe - Temps, espaces, langages, Europe m\u00e9ridionale, M\u00e9diterran\u00e9e\",\"isPartOf\":{\"@id\":\"https:\\\/\\\/telemme.mmsh.fr\\\/#website\"},\"primaryImageOfPage\":{\"@id\":\"https:\\\/\\\/telemme.mmsh.fr\\\/?tribe_events=place-aux-enfants-parvis-decole-et-cours-decole#primaryimage\"},\"image\":{\"@id\":\"https:\\\/\\\/telemme.mmsh.fr\\\/?tribe_events=place-aux-enfants-parvis-decole-et-cours-decole#primaryimage\"},\"thumbnailUrl\":\"https:\\\/\\\/telemme.mmsh.fr\\\/wp-content\\\/uploads\\\/2024\\\/10\\\/hors-gabarit-Image.jpg\",\"datePublished\":\"2024-10-15T12:46:25+00:00\",\"dateModified\":\"2024-10-15T12:47:28+00:00\",\"breadcrumb\":{\"@id\":\"https:\\\/\\\/telemme.mmsh.fr\\\/?tribe_events=place-aux-enfants-parvis-decole-et-cours-decole#breadcrumb\"},\"inLanguage\":\"fr-FR\",\"potentialAction\":[{\"@type\":\"ReadAction\",\"target\":[\"https:\\\/\\\/telemme.mmsh.fr\\\/?tribe_events=place-aux-enfants-parvis-decole-et-cours-decole\"]}]},{\"@type\":\"ImageObject\",\"inLanguage\":\"fr-FR\",\"@id\":\"https:\\\/\\\/telemme.mmsh.fr\\\/?tribe_events=place-aux-enfants-parvis-decole-et-cours-decole#primaryimage\",\"url\":\"https:\\\/\\\/telemme.mmsh.fr\\\/wp-content\\\/uploads\\\/2024\\\/10\\\/hors-gabarit-Image.jpg\",\"contentUrl\":\"https:\\\/\\\/telemme.mmsh.fr\\\/wp-content\\\/uploads\\\/2024\\\/10\\\/hors-gabarit-Image.jpg\",\"width\":900,\"height\":600,\"caption\":\"Inauguration du parvis de l\u2019\u00e9cole Giono, association Hors Gabarit\"},{\"@type\":\"BreadcrumbList\",\"@id\":\"https:\\\/\\\/telemme.mmsh.fr\\\/?tribe_events=place-aux-enfants-parvis-decole-et-cours-decole#breadcrumb\",\"itemListElement\":[{\"@type\":\"ListItem\",\"position\":1,\"name\":\"Accueil\",\"item\":\"https:\\\/\\\/telemme.mmsh.fr\\\/\"},{\"@type\":\"ListItem\",\"position\":2,\"name\":\"\u00c9v\u00e8nements\",\"item\":\"https:\\\/\\\/telemme.mmsh.fr\\\/?post_type=tribe_events\"},{\"@type\":\"ListItem\",\"position\":3,\"name\":\"Journ\u00e9e d'\u00e9tudes\",\"item\":\"https:\\\/\\\/telemme.mmsh.fr\\\/?tribe_events_cat=journee-detudes\"},{\"@type\":\"ListItem\",\"position\":4,\"name\":\"Place aux enfants : parvis d\u2019\u00e9cole et cours d\u2019\u00e9cole\"}]},{\"@type\":\"WebSite\",\"@id\":\"https:\\\/\\\/telemme.mmsh.fr\\\/#website\",\"url\":\"https:\\\/\\\/telemme.mmsh.fr\\\/\",\"name\":\"TELEMMe - Temps, espaces, langages, Europe m\u00e9ridionale, M\u00e9diterran\u00e9e\",\"description\":\"\",\"publisher\":{\"@id\":\"https:\\\/\\\/telemme.mmsh.fr\\\/#organization\"},\"potentialAction\":[{\"@type\":\"SearchAction\",\"target\":{\"@type\":\"EntryPoint\",\"urlTemplate\":\"https:\\\/\\\/telemme.mmsh.fr\\\/?s={search_term_string}\"},\"query-input\":{\"@type\":\"PropertyValueSpecification\",\"valueRequired\":true,\"valueName\":\"search_term_string\"}}],\"inLanguage\":\"fr-FR\"},{\"@type\":\"Organization\",\"@id\":\"https:\\\/\\\/telemme.mmsh.fr\\\/#organization\",\"name\":\"TELEMMe\",\"url\":\"https:\\\/\\\/telemme.mmsh.fr\\\/\",\"logo\":{\"@type\":\"ImageObject\",\"inLanguage\":\"fr-FR\",\"@id\":\"https:\\\/\\\/telemme.mmsh.fr\\\/#\\\/schema\\\/logo\\\/image\\\/\",\"url\":\"https:\\\/\\\/telemme.mmsh.fr\\\/wp-content\\\/uploads\\\/2020\\\/03\\\/LogoTELEMMe-horizontal-fond-transparent.png\",\"contentUrl\":\"https:\\\/\\\/telemme.mmsh.fr\\\/wp-content\\\/uploads\\\/2020\\\/03\\\/LogoTELEMMe-horizontal-fond-transparent.png\",\"width\":1500,\"height\":437,\"caption\":\"TELEMMe\"},\"image\":{\"@id\":\"https:\\\/\\\/telemme.mmsh.fr\\\/#\\\/schema\\\/logo\\\/image\\\/\"}}]}<\/script>\n<!-- \/ Yoast SEO plugin. -->","yoast_head_json":{"title":"Place aux enfants : parvis d\u2019\u00e9cole et cours d\u2019\u00e9cole - TELEMMe - Temps, espaces, langages, Europe m\u00e9ridionale, M\u00e9diterran\u00e9e","robots":{"index":"index","follow":"follow","max-snippet":"max-snippet:-1","max-image-preview":"max-image-preview:large","max-video-preview":"max-video-preview:-1"},"canonical":"https:\/\/telemme.mmsh.fr\/?tribe_events=place-aux-enfants-parvis-decole-et-cours-decole","og_locale":"fr_FR","og_type":"article","og_title":"Place aux enfants : parvis d\u2019\u00e9cole et cours d\u2019\u00e9cole - TELEMMe - Temps, espaces, langages, Europe m\u00e9ridionale, M\u00e9diterran\u00e9e","og_description":"Journ\u00e9e du programme\u00a0 Prendre place : enfances, adolescences et transformations urbaines en Europe m\u00e9ridionale et M\u00e9diterran\u00e9e en trois temps : Trois communications scientifiques le matin sur l&rsquo;am\u00e9nagement d&rsquo;espaces fr\u00e9quent\u00e9s par&hellip;&nbsp;Lire la suite &raquo;Place aux enfants : parvis d\u2019\u00e9cole et cours d\u2019\u00e9cole","og_url":"https:\/\/telemme.mmsh.fr\/?tribe_events=place-aux-enfants-parvis-decole-et-cours-decole","og_site_name":"TELEMMe - Temps, espaces, langages, Europe m\u00e9ridionale, M\u00e9diterran\u00e9e","article_modified_time":"2024-10-15T12:47:28+00:00","og_image":[{"width":900,"height":600,"url":"https:\/\/telemme.mmsh.fr\/wp-content\/uploads\/2024\/10\/hors-gabarit-Image.jpg","type":"image\/jpeg"}],"twitter_card":"summary_large_image","schema":{"@context":"https:\/\/schema.org","@graph":[{"@type":"WebPage","@id":"https:\/\/telemme.mmsh.fr\/?tribe_events=place-aux-enfants-parvis-decole-et-cours-decole","url":"https:\/\/telemme.mmsh.fr\/?tribe_events=place-aux-enfants-parvis-decole-et-cours-decole","name":"Place aux enfants : parvis d\u2019\u00e9cole et cours d\u2019\u00e9cole - TELEMMe - Temps, espaces, langages, Europe m\u00e9ridionale, M\u00e9diterran\u00e9e","isPartOf":{"@id":"https:\/\/telemme.mmsh.fr\/#website"},"primaryImageOfPage":{"@id":"https:\/\/telemme.mmsh.fr\/?tribe_events=place-aux-enfants-parvis-decole-et-cours-decole#primaryimage"},"image":{"@id":"https:\/\/telemme.mmsh.fr\/?tribe_events=place-aux-enfants-parvis-decole-et-cours-decole#primaryimage"},"thumbnailUrl":"https:\/\/telemme.mmsh.fr\/wp-content\/uploads\/2024\/10\/hors-gabarit-Image.jpg","datePublished":"2024-10-15T12:46:25+00:00","dateModified":"2024-10-15T12:47:28+00:00","breadcrumb":{"@id":"https:\/\/telemme.mmsh.fr\/?tribe_events=place-aux-enfants-parvis-decole-et-cours-decole#breadcrumb"},"inLanguage":"fr-FR","potentialAction":[{"@type":"ReadAction","target":["https:\/\/telemme.mmsh.fr\/?tribe_events=place-aux-enfants-parvis-decole-et-cours-decole"]}]},{"@type":"ImageObject","inLanguage":"fr-FR","@id":"https:\/\/telemme.mmsh.fr\/?tribe_events=place-aux-enfants-parvis-decole-et-cours-decole#primaryimage","url":"https:\/\/telemme.mmsh.fr\/wp-content\/uploads\/2024\/10\/hors-gabarit-Image.jpg","contentUrl":"https:\/\/telemme.mmsh.fr\/wp-content\/uploads\/2024\/10\/hors-gabarit-Image.jpg","width":900,"height":600,"caption":"Inauguration du parvis de l\u2019\u00e9cole Giono, association Hors Gabarit"},{"@type":"BreadcrumbList","@id":"https:\/\/telemme.mmsh.fr\/?tribe_events=place-aux-enfants-parvis-decole-et-cours-decole#breadcrumb","itemListElement":[{"@type":"ListItem","position":1,"name":"Accueil","item":"https:\/\/telemme.mmsh.fr\/"},{"@type":"ListItem","position":2,"name":"\u00c9v\u00e8nements","item":"https:\/\/telemme.mmsh.fr\/?post_type=tribe_events"},{"@type":"ListItem","position":3,"name":"Journ\u00e9e d'\u00e9tudes","item":"https:\/\/telemme.mmsh.fr\/?tribe_events_cat=journee-detudes"},{"@type":"ListItem","position":4,"name":"Place aux enfants : parvis d\u2019\u00e9cole et cours d\u2019\u00e9cole"}]},{"@type":"WebSite","@id":"https:\/\/telemme.mmsh.fr\/#website","url":"https:\/\/telemme.mmsh.fr\/","name":"TELEMMe - Temps, espaces, langages, Europe m\u00e9ridionale, M\u00e9diterran\u00e9e","description":"","publisher":{"@id":"https:\/\/telemme.mmsh.fr\/#organization"},"potentialAction":[{"@type":"SearchAction","target":{"@type":"EntryPoint","urlTemplate":"https:\/\/telemme.mmsh.fr\/?s={search_term_string}"},"query-input":{"@type":"PropertyValueSpecification","valueRequired":true,"valueName":"search_term_string"}}],"inLanguage":"fr-FR"},{"@type":"Organization","@id":"https:\/\/telemme.mmsh.fr\/#organization","name":"TELEMMe","url":"https:\/\/telemme.mmsh.fr\/","logo":{"@type":"ImageObject","inLanguage":"fr-FR","@id":"https:\/\/telemme.mmsh.fr\/#\/schema\/logo\/image\/","url":"https:\/\/telemme.mmsh.fr\/wp-content\/uploads\/2020\/03\/LogoTELEMMe-horizontal-fond-transparent.png","contentUrl":"https:\/\/telemme.mmsh.fr\/wp-content\/uploads\/2020\/03\/LogoTELEMMe-horizontal-fond-transparent.png","width":1500,"height":437,"caption":"TELEMMe"},"image":{"@id":"https:\/\/telemme.mmsh.fr\/#\/schema\/logo\/image\/"}}]}},"_links":{"self":[{"href":"https:\/\/telemme.mmsh.fr\/index.php?rest_route=\/wp\/v2\/tribe_events\/14588","targetHints":{"allow":["GET"]}}],"collection":[{"href":"https:\/\/telemme.mmsh.fr\/index.php?rest_route=\/wp\/v2\/tribe_events"}],"about":[{"href":"https:\/\/telemme.mmsh.fr\/index.php?rest_route=\/wp\/v2\/types\/tribe_events"}],"author":[{"embeddable":true,"href":"https:\/\/telemme.mmsh.fr\/index.php?rest_route=\/wp\/v2\/users\/6"}],"version-history":[{"count":3,"href":"https:\/\/telemme.mmsh.fr\/index.php?rest_route=\/wp\/v2\/tribe_events\/14588\/revisions"}],"predecessor-version":[{"id":14597,"href":"https:\/\/telemme.mmsh.fr\/index.php?rest_route=\/wp\/v2\/tribe_events\/14588\/revisions\/14597"}],"wp:featuredmedia":[{"embeddable":true,"href":"https:\/\/telemme.mmsh.fr\/index.php?rest_route=\/wp\/v2\/media\/14593"}],"wp:attachment":[{"href":"https:\/\/telemme.mmsh.fr\/index.php?rest_route=%2Fwp%2Fv2%2Fmedia&parent=14588"}],"wp:term":[{"taxonomy":"post_tag","embeddable":true,"href":"https:\/\/telemme.mmsh.fr\/index.php?rest_route=%2Fwp%2Fv2%2Ftags&post=14588"},{"taxonomy":"tribe_events_cat","embeddable":true,"href":"https:\/\/telemme.mmsh.fr\/index.php?rest_route=%2Fwp%2Fv2%2Ftribe_events_cat&post=14588"}],"curies":[{"name":"wp","href":"https:\/\/api.w.org\/{rel}","templated":true}]}}