{"id":14537,"date":"2024-09-30T17:23:26","date_gmt":"2024-09-30T15:23:26","guid":{"rendered":"https:\/\/telemme.mmsh.fr\/?post_type=tribe_events&#038;p=14537"},"modified":"2024-10-04T14:36:01","modified_gmt":"2024-10-04T12:36:01","slug":"les-usages-publics-de-lhistoire-dans-lespagne-du-temps-present","status":"publish","type":"tribe_events","link":"https:\/\/telemme.mmsh.fr\/?tribe_events=les-usages-publics-de-lhistoire-dans-lespagne-du-temps-present","title":{"rendered":"Les usages publics de l&rsquo;histoire dans l&rsquo;Espagne du temps pr\u00e9sent"},"content":{"rendered":"<p>Ce s\u00e9minaire propose donc d\u2019analyser les nouveaux usages publics de l\u2019histoire et de la contre-histoire dans l\u2019Espagne du temps pr\u00e9sent, ainsi que les modalit\u00e9s les plus r\u00e9centes de remise en cause ou de d\u00e9fense orthodoxe du \u00ab roman national de l\u2019\u00c9tat-nation \u00bb, et ce, aussi bien au sein de la sph\u00e8re acad\u00e9mique que dans l\u2019espace public.<\/p>\n<p>S\u00e9minaire d&rsquo;histoire contemporaine de l&rsquo;Espagne, avec Severiano ROJO HERN\u00c1NDEZ, Nicolas SESMA et Nicolas MORALES.<\/p>\n<p><a href=\"https:\/\/telemme.mmsh.fr\/?evenement=les-usages-publics-de-lhistoire-dans-lespagne-du-temps-present\"><strong>Programme complet<\/strong><\/a><\/p>\n","protected":false},"excerpt":{"rendered":"<p>Ce s\u00e9minaire propose donc d\u2019analyser les nouveaux usages publics de l\u2019histoire et de la contre-histoire dans l\u2019Espagne du temps pr\u00e9sent, ainsi que les modalit\u00e9s les plus r\u00e9centes de remise en&hellip;&nbsp;<a href=\"https:\/\/telemme.mmsh.fr\/?tribe_events=les-usages-publics-de-lhistoire-dans-lespagne-du-temps-present\" rel=\"bookmark\">Lire la suite &raquo;<span class=\"screen-reader-text\">Les usages publics de l&rsquo;histoire dans l&rsquo;Espagne du temps pr\u00e9sent<\/span><\/a><\/p>\n","protected":false},"author":174,"featured_media":14544,"template":"","meta":{"neve_meta_sidebar":"","neve_meta_container":"","neve_meta_enable_content_width":"","neve_meta_content_width":0,"neve_meta_title_alignment":"","neve_meta_author_avatar":"","neve_post_elements_order":"","neve_meta_disable_header":"","neve_meta_disable_footer":"","neve_meta_disable_title":"","_tribe_events_status":"","_tribe_events_status_reason":"","footnotes":""},"tags":[2513,2093],"tribe_events_cat":[1947],"class_list":["post-14537","tribe_events","type-tribe_events","status-publish","has-post-thumbnail","hentry","tag-espagne","tag-histoire-contemporaine-de-lespagne","tribe_events_cat-seminaire-dhistoire-contemporaine-de-lespagne","cat_seminaire-dhistoire-contemporaine-de-lespagne"],"yoast_head":"<!-- This site is optimized with the Yoast SEO plugin v27.4 - https:\/\/yoast.com\/product\/yoast-seo-wordpress\/ -->\n<title>Les usages publics de l&#039;histoire dans l&#039;Espagne du temps pr\u00e9sent - TELEMMe - Temps, espaces, langages, Europe m\u00e9ridionale, M\u00e9diterran\u00e9e<\/title>\n<meta name=\"robots\" content=\"index, follow, max-snippet:-1, max-image-preview:large, max-video-preview:-1\" \/>\n<link rel=\"canonical\" href=\"https:\/\/telemme.mmsh.fr\/?tribe_events=les-usages-publics-de-lhistoire-dans-lespagne-du-temps-present\" \/>\n<meta property=\"og:locale\" content=\"fr_FR\" \/>\n<meta property=\"og:type\" content=\"article\" \/>\n<meta property=\"og:title\" content=\"Les usages publics de l&#039;histoire dans l&#039;Espagne du temps pr\u00e9sent - TELEMMe - Temps, espaces, langages, Europe m\u00e9ridionale, M\u00e9diterran\u00e9e\" \/>\n<meta property=\"og:description\" content=\"Ce s\u00e9minaire propose donc d\u2019analyser les nouveaux usages publics de l\u2019histoire et de la contre-histoire dans l\u2019Espagne du temps pr\u00e9sent, ainsi que les modalit\u00e9s les plus r\u00e9centes de remise en&hellip;&nbsp;Lire la suite &raquo;Les usages publics de l&rsquo;histoire dans l&rsquo;Espagne du temps pr\u00e9sent\" \/>\n<meta property=\"og:url\" content=\"https:\/\/telemme.mmsh.fr\/?tribe_events=les-usages-publics-de-lhistoire-dans-lespagne-du-temps-present\" \/>\n<meta property=\"og:site_name\" content=\"TELEMMe - Temps, espaces, langages, Europe m\u00e9ridionale, M\u00e9diterran\u00e9e\" \/>\n<meta property=\"article:modified_time\" content=\"2024-10-04T12:36:01+00:00\" \/>\n<meta property=\"og:image\" content=\"https:\/\/telemme.mmsh.fr\/wp-content\/uploads\/2024\/10\/LosEncargados.png\" \/>\n\t<meta property=\"og:image:width\" content=\"992\" \/>\n\t<meta property=\"og:image:height\" content=\"558\" \/>\n\t<meta property=\"og:image:type\" content=\"image\/png\" \/>\n<meta name=\"twitter:card\" content=\"summary_large_image\" \/>\n<script type=\"application\/ld+json\" class=\"yoast-schema-graph\">{\"@context\":\"https:\\\/\\\/schema.org\",\"@graph\":[{\"@type\":\"WebPage\",\"@id\":\"https:\\\/\\\/telemme.mmsh.fr\\\/?tribe_events=les-usages-publics-de-lhistoire-dans-lespagne-du-temps-present\",\"url\":\"https:\\\/\\\/telemme.mmsh.fr\\\/?tribe_events=les-usages-publics-de-lhistoire-dans-lespagne-du-temps-present\",\"name\":\"Les usages publics de l'histoire dans l'Espagne du temps pr\u00e9sent - TELEMMe - Temps, espaces, langages, Europe m\u00e9ridionale, M\u00e9diterran\u00e9e\",\"isPartOf\":{\"@id\":\"https:\\\/\\\/telemme.mmsh.fr\\\/#website\"},\"primaryImageOfPage\":{\"@id\":\"https:\\\/\\\/telemme.mmsh.fr\\\/?tribe_events=les-usages-publics-de-lhistoire-dans-lespagne-du-temps-present#primaryimage\"},\"image\":{\"@id\":\"https:\\\/\\\/telemme.mmsh.fr\\\/?tribe_events=les-usages-publics-de-lhistoire-dans-lespagne-du-temps-present#primaryimage\"},\"thumbnailUrl\":\"https:\\\/\\\/telemme.mmsh.fr\\\/wp-content\\\/uploads\\\/2024\\\/10\\\/LosEncargados.png\",\"datePublished\":\"2024-09-30T15:23:26+00:00\",\"dateModified\":\"2024-10-04T12:36:01+00:00\",\"breadcrumb\":{\"@id\":\"https:\\\/\\\/telemme.mmsh.fr\\\/?tribe_events=les-usages-publics-de-lhistoire-dans-lespagne-du-temps-present#breadcrumb\"},\"inLanguage\":\"fr-FR\",\"potentialAction\":[{\"@type\":\"ReadAction\",\"target\":[\"https:\\\/\\\/telemme.mmsh.fr\\\/?tribe_events=les-usages-publics-de-lhistoire-dans-lespagne-du-temps-present\"]}]},{\"@type\":\"ImageObject\",\"inLanguage\":\"fr-FR\",\"@id\":\"https:\\\/\\\/telemme.mmsh.fr\\\/?tribe_events=les-usages-publics-de-lhistoire-dans-lespagne-du-temps-present#primaryimage\",\"url\":\"https:\\\/\\\/telemme.mmsh.fr\\\/wp-content\\\/uploads\\\/2024\\\/10\\\/LosEncargados.png\",\"contentUrl\":\"https:\\\/\\\/telemme.mmsh.fr\\\/wp-content\\\/uploads\\\/2024\\\/10\\\/LosEncargados.png\",\"width\":992,\"height\":558,\"caption\":\"Jorge Galindo,\u00a0Santiago Sierra,\u00a0Los Encargados, 2012, Madrid. Avec l'aimable autorisation de Jorge Galindo, Santiago Sierra & Galer\u00eda Helga de Alvear. Tous droits r\u00e9serv\u00e9s\"},{\"@type\":\"BreadcrumbList\",\"@id\":\"https:\\\/\\\/telemme.mmsh.fr\\\/?tribe_events=les-usages-publics-de-lhistoire-dans-lespagne-du-temps-present#breadcrumb\",\"itemListElement\":[{\"@type\":\"ListItem\",\"position\":1,\"name\":\"Accueil\",\"item\":\"https:\\\/\\\/telemme.mmsh.fr\\\/\"},{\"@type\":\"ListItem\",\"position\":2,\"name\":\"\u00c9v\u00e8nements\",\"item\":\"https:\\\/\\\/telemme.mmsh.fr\\\/?post_type=tribe_events\"},{\"@type\":\"ListItem\",\"position\":3,\"name\":\"S\u00e9minaire d'histoire contemporaine de l'Espagne\",\"item\":\"https:\\\/\\\/telemme.mmsh.fr\\\/?tribe_events_cat=seminaire-dhistoire-contemporaine-de-lespagne\"},{\"@type\":\"ListItem\",\"position\":4,\"name\":\"Les usages publics de l&#8217;histoire dans l&#8217;Espagne du temps pr\u00e9sent\"}]},{\"@type\":\"WebSite\",\"@id\":\"https:\\\/\\\/telemme.mmsh.fr\\\/#website\",\"url\":\"https:\\\/\\\/telemme.mmsh.fr\\\/\",\"name\":\"TELEMMe - Temps, espaces, langages, Europe m\u00e9ridionale, M\u00e9diterran\u00e9e\",\"description\":\"\",\"publisher\":{\"@id\":\"https:\\\/\\\/telemme.mmsh.fr\\\/#organization\"},\"potentialAction\":[{\"@type\":\"SearchAction\",\"target\":{\"@type\":\"EntryPoint\",\"urlTemplate\":\"https:\\\/\\\/telemme.mmsh.fr\\\/?s={search_term_string}\"},\"query-input\":{\"@type\":\"PropertyValueSpecification\",\"valueRequired\":true,\"valueName\":\"search_term_string\"}}],\"inLanguage\":\"fr-FR\"},{\"@type\":\"Organization\",\"@id\":\"https:\\\/\\\/telemme.mmsh.fr\\\/#organization\",\"name\":\"TELEMMe\",\"url\":\"https:\\\/\\\/telemme.mmsh.fr\\\/\",\"logo\":{\"@type\":\"ImageObject\",\"inLanguage\":\"fr-FR\",\"@id\":\"https:\\\/\\\/telemme.mmsh.fr\\\/#\\\/schema\\\/logo\\\/image\\\/\",\"url\":\"https:\\\/\\\/telemme.mmsh.fr\\\/wp-content\\\/uploads\\\/2020\\\/03\\\/LogoTELEMMe-horizontal-fond-transparent.png\",\"contentUrl\":\"https:\\\/\\\/telemme.mmsh.fr\\\/wp-content\\\/uploads\\\/2020\\\/03\\\/LogoTELEMMe-horizontal-fond-transparent.png\",\"width\":1500,\"height\":437,\"caption\":\"TELEMMe\"},\"image\":{\"@id\":\"https:\\\/\\\/telemme.mmsh.fr\\\/#\\\/schema\\\/logo\\\/image\\\/\"}}]}<\/script>\n<!-- \/ Yoast SEO plugin. -->","yoast_head_json":{"title":"Les usages publics de l'histoire dans l'Espagne du temps pr\u00e9sent - TELEMMe - Temps, espaces, langages, Europe m\u00e9ridionale, M\u00e9diterran\u00e9e","robots":{"index":"index","follow":"follow","max-snippet":"max-snippet:-1","max-image-preview":"max-image-preview:large","max-video-preview":"max-video-preview:-1"},"canonical":"https:\/\/telemme.mmsh.fr\/?tribe_events=les-usages-publics-de-lhistoire-dans-lespagne-du-temps-present","og_locale":"fr_FR","og_type":"article","og_title":"Les usages publics de l'histoire dans l'Espagne du temps pr\u00e9sent - TELEMMe - Temps, espaces, langages, Europe m\u00e9ridionale, M\u00e9diterran\u00e9e","og_description":"Ce s\u00e9minaire propose donc d\u2019analyser les nouveaux usages publics de l\u2019histoire et de la contre-histoire dans l\u2019Espagne du temps pr\u00e9sent, ainsi que les modalit\u00e9s les plus r\u00e9centes de remise en&hellip;&nbsp;Lire la suite &raquo;Les usages publics de l&rsquo;histoire dans l&rsquo;Espagne du temps pr\u00e9sent","og_url":"https:\/\/telemme.mmsh.fr\/?tribe_events=les-usages-publics-de-lhistoire-dans-lespagne-du-temps-present","og_site_name":"TELEMMe - Temps, espaces, langages, Europe m\u00e9ridionale, M\u00e9diterran\u00e9e","article_modified_time":"2024-10-04T12:36:01+00:00","og_image":[{"width":992,"height":558,"url":"https:\/\/telemme.mmsh.fr\/wp-content\/uploads\/2024\/10\/LosEncargados.png","type":"image\/png"}],"twitter_card":"summary_large_image","schema":{"@context":"https:\/\/schema.org","@graph":[{"@type":"WebPage","@id":"https:\/\/telemme.mmsh.fr\/?tribe_events=les-usages-publics-de-lhistoire-dans-lespagne-du-temps-present","url":"https:\/\/telemme.mmsh.fr\/?tribe_events=les-usages-publics-de-lhistoire-dans-lespagne-du-temps-present","name":"Les usages publics de l'histoire dans l'Espagne du temps pr\u00e9sent - TELEMMe - Temps, espaces, langages, Europe m\u00e9ridionale, M\u00e9diterran\u00e9e","isPartOf":{"@id":"https:\/\/telemme.mmsh.fr\/#website"},"primaryImageOfPage":{"@id":"https:\/\/telemme.mmsh.fr\/?tribe_events=les-usages-publics-de-lhistoire-dans-lespagne-du-temps-present#primaryimage"},"image":{"@id":"https:\/\/telemme.mmsh.fr\/?tribe_events=les-usages-publics-de-lhistoire-dans-lespagne-du-temps-present#primaryimage"},"thumbnailUrl":"https:\/\/telemme.mmsh.fr\/wp-content\/uploads\/2024\/10\/LosEncargados.png","datePublished":"2024-09-30T15:23:26+00:00","dateModified":"2024-10-04T12:36:01+00:00","breadcrumb":{"@id":"https:\/\/telemme.mmsh.fr\/?tribe_events=les-usages-publics-de-lhistoire-dans-lespagne-du-temps-present#breadcrumb"},"inLanguage":"fr-FR","potentialAction":[{"@type":"ReadAction","target":["https:\/\/telemme.mmsh.fr\/?tribe_events=les-usages-publics-de-lhistoire-dans-lespagne-du-temps-present"]}]},{"@type":"ImageObject","inLanguage":"fr-FR","@id":"https:\/\/telemme.mmsh.fr\/?tribe_events=les-usages-publics-de-lhistoire-dans-lespagne-du-temps-present#primaryimage","url":"https:\/\/telemme.mmsh.fr\/wp-content\/uploads\/2024\/10\/LosEncargados.png","contentUrl":"https:\/\/telemme.mmsh.fr\/wp-content\/uploads\/2024\/10\/LosEncargados.png","width":992,"height":558,"caption":"Jorge Galindo,\u00a0Santiago Sierra,\u00a0Los Encargados, 2012, Madrid. Avec l'aimable autorisation de Jorge Galindo, Santiago Sierra & Galer\u00eda Helga de Alvear. Tous droits r\u00e9serv\u00e9s"},{"@type":"BreadcrumbList","@id":"https:\/\/telemme.mmsh.fr\/?tribe_events=les-usages-publics-de-lhistoire-dans-lespagne-du-temps-present#breadcrumb","itemListElement":[{"@type":"ListItem","position":1,"name":"Accueil","item":"https:\/\/telemme.mmsh.fr\/"},{"@type":"ListItem","position":2,"name":"\u00c9v\u00e8nements","item":"https:\/\/telemme.mmsh.fr\/?post_type=tribe_events"},{"@type":"ListItem","position":3,"name":"S\u00e9minaire d'histoire contemporaine de l'Espagne","item":"https:\/\/telemme.mmsh.fr\/?tribe_events_cat=seminaire-dhistoire-contemporaine-de-lespagne"},{"@type":"ListItem","position":4,"name":"Les usages publics de l&#8217;histoire dans l&#8217;Espagne du temps pr\u00e9sent"}]},{"@type":"WebSite","@id":"https:\/\/telemme.mmsh.fr\/#website","url":"https:\/\/telemme.mmsh.fr\/","name":"TELEMMe - Temps, espaces, langages, Europe m\u00e9ridionale, M\u00e9diterran\u00e9e","description":"","publisher":{"@id":"https:\/\/telemme.mmsh.fr\/#organization"},"potentialAction":[{"@type":"SearchAction","target":{"@type":"EntryPoint","urlTemplate":"https:\/\/telemme.mmsh.fr\/?s={search_term_string}"},"query-input":{"@type":"PropertyValueSpecification","valueRequired":true,"valueName":"search_term_string"}}],"inLanguage":"fr-FR"},{"@type":"Organization","@id":"https:\/\/telemme.mmsh.fr\/#organization","name":"TELEMMe","url":"https:\/\/telemme.mmsh.fr\/","logo":{"@type":"ImageObject","inLanguage":"fr-FR","@id":"https:\/\/telemme.mmsh.fr\/#\/schema\/logo\/image\/","url":"https:\/\/telemme.mmsh.fr\/wp-content\/uploads\/2020\/03\/LogoTELEMMe-horizontal-fond-transparent.png","contentUrl":"https:\/\/telemme.mmsh.fr\/wp-content\/uploads\/2020\/03\/LogoTELEMMe-horizontal-fond-transparent.png","width":1500,"height":437,"caption":"TELEMMe"},"image":{"@id":"https:\/\/telemme.mmsh.fr\/#\/schema\/logo\/image\/"}}]}},"_links":{"self":[{"href":"https:\/\/telemme.mmsh.fr\/index.php?rest_route=\/wp\/v2\/tribe_events\/14537","targetHints":{"allow":["GET"]}}],"collection":[{"href":"https:\/\/telemme.mmsh.fr\/index.php?rest_route=\/wp\/v2\/tribe_events"}],"about":[{"href":"https:\/\/telemme.mmsh.fr\/index.php?rest_route=\/wp\/v2\/types\/tribe_events"}],"author":[{"embeddable":true,"href":"https:\/\/telemme.mmsh.fr\/index.php?rest_route=\/wp\/v2\/users\/174"}],"version-history":[{"count":5,"href":"https:\/\/telemme.mmsh.fr\/index.php?rest_route=\/wp\/v2\/tribe_events\/14537\/revisions"}],"predecessor-version":[{"id":14547,"href":"https:\/\/telemme.mmsh.fr\/index.php?rest_route=\/wp\/v2\/tribe_events\/14537\/revisions\/14547"}],"wp:featuredmedia":[{"embeddable":true,"href":"https:\/\/telemme.mmsh.fr\/index.php?rest_route=\/wp\/v2\/media\/14544"}],"wp:attachment":[{"href":"https:\/\/telemme.mmsh.fr\/index.php?rest_route=%2Fwp%2Fv2%2Fmedia&parent=14537"}],"wp:term":[{"taxonomy":"post_tag","embeddable":true,"href":"https:\/\/telemme.mmsh.fr\/index.php?rest_route=%2Fwp%2Fv2%2Ftags&post=14537"},{"taxonomy":"tribe_events_cat","embeddable":true,"href":"https:\/\/telemme.mmsh.fr\/index.php?rest_route=%2Fwp%2Fv2%2Ftribe_events_cat&post=14537"}],"curies":[{"name":"wp","href":"https:\/\/api.w.org\/{rel}","templated":true}]}}